{"id":639587,"date":"2026-04-21T20:17:39","date_gmt":"2026-04-21T18:17:39","guid":{"rendered":"https:\/\/kohenavocats.com\/jurisprudences\/tribunal-darrondissement-17-decembre-2024-n-2024-06084\/"},"modified":"2026-04-21T20:17:43","modified_gmt":"2026-04-21T18:17:43","slug":"tribunal-darrondissement-17-decembre-2024-n-2024-06084","status":"publish","type":"kji_decision","link":"https:\/\/kohenavocats.com\/ru\/jurisprudences\/tribunal-darrondissement-17-decembre-2024-n-2024-06084\/","title":{"rendered":"Tribunal d&#8217;arrondissement, 17 d\u00e9cembre 2024, n\u00b0 2024-06084"},"content":{"rendered":"<div class=\"kji-decision\">\n<div class=\"kji-full-text\">\n<p>No. r\u00f4le:TAL-2024-06084 No.2024TALREFO\/00544 du17 d\u00e9cembre 2024 Audience publique extraordinaire des r\u00e9f\u00e9r\u00e9s dumardi,17 d\u00e9cembre2024, tenue par Nous Fr\u00e9d\u00e9ric MERSCH, Vice-Pr\u00e9sident au Tribunal d\u2019arrondissement de et \u00e0 Luxembourg, si\u00e9geant comme juge des r\u00e9f\u00e9r\u00e9s, en remplacementduPr\u00e9sidentdu Tribunal d\u2019arrondissement de et \u00e0 Luxembourg, assist\u00e9 du greffier Lo\u00efc PAVANT. DANS LA CAUSE E N T R E la soci\u00e9t\u00e9 anonymeSOCIETE1.)S.A.,\u00e9tablie et ayant son si\u00e8ge social \u00e0L- ADRESSE1.), inscrite au registre de commerce et des soci\u00e9t\u00e9s de Luxembourg sous le num\u00e9roNUMERO1.), repr\u00e9sent\u00e9e par son conseil d\u2019administration actuellement en fonctions, pour laquelle est constitu\u00e9e et occuperaAlma LEDS.\u00e0r.l.,une soci\u00e9t\u00e9 \u00e0 responsabilit\u00e9 limit\u00e9e,\u00e9tablie et ayant son si\u00e8ge social \u00e0 L-ADRESSE2.), immatricul\u00e9e au Registre de Commerce et des Soci\u00e9t\u00e9s de Luxembourg, sous le num\u00e9roNUMERO2.), inscrite \u00e0 la liste V du Tableau de l&#039;Ordre des avocats du Barreau de Luxembourget en l\u2019\u00e9tude de laquelle domicile est \u00e9lu,repr\u00e9sent\u00e9e aux finsdespr\u00e9sentes par Ma\u00eetre Federico VENTURINI, avocat \u00e0 la Cour,demeurant professionnellement \u00e0 la m\u00eame adresse, assist\u00e9 de Ma\u00eetre StefanoTESONE, avocat \u00e0 la Courdemeurant professionnellement \u00e0 la m\u00eame adresse, partie demanderessecomparant parla soci\u00e9t\u00e9Alma LED S.\u00e0r.l, repr\u00e9sent\u00e9e par Ma\u00eetreFederico VENTURINI, avocat,assist\u00e9 deMa\u00eetreStefano TESONE,avocat, les deux demeurant \u00e0 Luxembourg, E T PERSONNE1.), demeurant \u00e0ADRESSE3.), partie d\u00e9fenderessecomparant parlasoci\u00e9t\u00e9 en commandite simple BONN STEICHEN &amp; PARTNERS,repr\u00e9sent\u00e9e par Ma\u00eetreCarolina VASSELLI, avocat, en<\/p>\n<p>remplacement deMa\u00eetre Fabio TREVISAN,avocat,les deuxdemeurant \u00e0 Leudelange. F A I T S :<\/p>\n<p>A l\u2019appel de la cause \u00e0 l&#039;audience publique ordinaire des r\u00e9f\u00e9r\u00e9s du lundiapr\u00e8s-midi, 25 novembre 2024,Ma\u00eetreFederico VENTURINIdonna lecture del\u2019assignation ci- avant transcrite et exposa ses moyens. Ma\u00eetreCarolina VASSELLIr\u00e9pliqua. Sur ce le juge des r\u00e9f\u00e9r\u00e9s prit l\u2019affaire en d\u00e9lib\u00e9r\u00e9 et rendit \u00e0 l\u2019audience publique extraordinaire des r\u00e9f\u00e9r\u00e9s de ce jour l\u2019 O R D O N N A N CE qui suit: Vu l\u2019assignation du12 juillet 2024,la soci\u00e9t\u00e9 anonymeSOCIETE1.)S.A. afait assigner PERSONNE1.), \u00e0 compara\u00eetre devant juge des r\u00e9f\u00e9r\u00e9s pour voir ordonner une mesure d\u2019instruction. Au vu des \u00e9l\u00e9ments du dossier, la partie demanderesse justifie d\u2019un int\u00e9r\u00eat probatoire l\u00e9gitimeau sens de l\u2019article 350 du nouveau code de proc\u00e9dure civile, de sorte qu\u2019il y a lieu de faire droit \u00e0 la demande d\u2019expertise judiciaire et de nommer un homme de l\u2019art avec la mission plus amplement d\u00e9taill\u00e9e au dispositif de la pr\u00e9sente ordonnance. Eu \u00e9gard \u00e0 la nature probatoire du pr\u00e9sent litige en r\u00e9f\u00e9r\u00e9,l\u2019indemnit\u00e9 de proc\u00e9dure demand\u00e9e par les parties requ\u00e9rantes sur base de l\u2019article 240 du nouveau code de proc\u00e9dure civile est \u00e0 r\u00e9server tout comme les frais de l\u2019instance P A R C E S M O T I F S Nous Fr\u00e9d\u00e9ric MERSCH, Vice-Pr\u00e9sidentau Tribunal d\u2019arrondissement de et \u00e0 Luxembourg, si\u00e9geant comme juge des r\u00e9f\u00e9r\u00e9s, en remplacement du Pr\u00e9sident du Tribunal d\u2019arrondissement de et \u00e0 Luxembourg, statuant contradictoirement, recevons la demande en la forme ; Nous d\u00e9clarons comp\u00e9tent pour enconna\u00eetre ; au principal renvoyons les parties \u00e0 se pourvoir devant qui de droit, mais d\u00e8s \u00e0 pr\u00e9sent et par provision ; vu l\u2019article 350 du Nouveau Code de Proc\u00e9dure Civile; ordonnons une expertise et commettons pour y proc\u00e9der l\u2019expertBenoit d\u2019Udekem, demeurant professionnellement \u00e0 B-ADRESSE4.); avec la mission de concilier les parties si faire se peut sinon dans un rapport \u00e9crit d\u00e9taill\u00e9 et motiv\u00e9 de :<\/p>\n<p>d\u00e9terminer selon les principes comptables applicables ainsi que les dispositions applicables aux assurances (y compris, mais sans y \u00eatre limit\u00e9s, les articles 79-1 et 79- 3 de la Loi de 1994 ainsi que l\u2019article 99 de la Loi de 2015) la valeur des actions de (\u2026)deSOCIETE2.), afin que cette valeur puisse s\u2019imposer aux parties dans le cadre de la proc\u00e9dure de rachat du contrat d\u2019assurance-vie n\u00b0NUMERO3.) initi\u00e9e parPERSONNE1.)en tant que preneur d\u2019assurance. disons que l\u2019expert pourra s&#039;entourer detous renseignements utiles \u00e0 l\u2019accomplissement de la mission lui confi\u00e9e et entendre m\u00eame des tierces personnes; disons qu\u2019en cas de difficult\u00e9 d\u2019ex\u00e9cution de la mission d\u2019expertise, il Nous en sera fait rapport; ordonnons\u00e0 la soci\u00e9t\u00e9 anonymeSOCIETE1.)S.A.de payer \u00e0 l\u2019expert la somme de 2.000 eurosau plus tard le17 janvier 2025\u00e0 titre de provision \u00e0 faire valoir sur la r\u00e9mun\u00e9ration de l\u2019expert ou \u00e0 un \u00e9tablissement de cr\u00e9dit \u00e0 convenir entre parties au litige, et d&#039;en justifier au greffe du tribunal; disons que si ses honoraires devaient d\u00e9passer le montant de la provision vers\u00e9e, l\u2019expert devra Nous en avertir; disons qu\u2019en cas d\u2019emp\u00eachement de l\u2019expert commis, il sera proc\u00e9d\u00e9 \u00e0 son remplacement par simple ordonnance prise en Notre cabinet; disons que l&#039;expert devra d\u00e9poser son rapport au greffe du tribunal le14 ao\u00fbt 2025au plus tard; ordonnons l\u2019ex\u00e9cution provisoire de la pr\u00e9sente ordonnance nonobstant appel et sans caution ; r\u00e9servons les droits des parties ainsi que les frais et d\u00e9pens,y compris les demandes respectives en allocation d\u2019une indemnit\u00e9 de proc\u00e9dure.<\/p>\n<\/div>\n<hr class=\"kji-sep\" \/>\n<p class=\"kji-source-links\"><strong>Sources officielles :<\/strong> <a class=\"kji-source-link\" href=\"https:\/\/data.public.lu\/fr\/datasets\/tribunal-darrondissement-luxembourg-refere\/\" target=\"_blank\" rel=\"noopener noreferrer\">consulter la page source<\/a> &middot; <a class=\"kji-pdf-link\" href=\"https:\/\/download.data.public.lu\/resources\/tribunal-darrondissement-luxembourg-refere\/20250120-024028\/20241217-talref-tal-2024-06084-pseudonymise-accessible.pdf\" target=\"_blank\" rel=\"noopener noreferrer\">PDF officiel<\/a><\/p>\n<p class=\"kji-license-note\"><em>Licence CC BY-ND 4.0 (Administration judiciaire, data.public.lu). Republication autorisee avec attribution, sans modification editoriale du texte integral.<\/em><\/p>\n<\/div>\n","protected":false},"excerpt":{"rendered":"<p>No. r\u00f4le:TAL-2024-06084 No.2024TALREFO\/00544 du17 d\u00e9cembre 2024 Audience publique extraordinaire des r\u00e9f\u00e9r\u00e9s dumardi,17 d\u00e9cembre2024, tenue par Nous Fr\u00e9d\u00e9ric MERSCH, Vice-Pr\u00e9sident au Tribunal d\u2019arrondissement de et \u00e0 Luxembourg, si\u00e9geant comme juge des r\u00e9f\u00e9r\u00e9s, en remplacementduPr\u00e9sidentdu Tribunal d\u2019arrondissement de et \u00e0 Luxembourg, assist\u00e9 du greffier Lo\u00efc PAVANT. DANS\u2026<\/p>\n","protected":false},"featured_media":0,"template":"","meta":{"_crdt_document":""},"kji_country":[8418],"kji_court":[23583],"kji_chamber":[18768],"kji_year":[8677],"kji_subject":[7646],"kji_keyword":[23584,8464,7636],"kji_language":[7733],"class_list":["post-639587","kji_decision","type-kji_decision","status-publish","hentry","kji_country-luxembourg","kji_court-tribunal-darrondissement","kji_chamber-refere","kji_year-8677","kji_subject-divers","kji_keyword-arrondissement","kji_keyword-decembre","kji_keyword-tribunal","kji_language-francais"],"yoast_head":"<!-- This site is optimized with the Yoast SEO Premium plugin v27.5 (Yoast SEO v27.5) - https:\/\/yoast.com\/product\/yoast-seo-premium-wordpress\/ -->\n<title>Tribunal d&#039;arrondissement, 17 d\u00e9cembre 2024, n\u00b0 2024-06084 - Ma\u00eetre Hassan Kohen, avocat en droit p\u00e9nal \u00e0 Paris<\/title>\n<meta name=\"robots\" content=\"index, follow, max-snippet:-1, max-image-preview:large, max-video-preview:-1\" \/>\n<link rel=\"canonical\" href=\"https:\/\/kohenavocats.com\/ru\/jurisprudences\/tribunal-darrondissement-17-decembre-2024-n-2024-06084\/\" \/>\n<meta property=\"og:locale\" content=\"ru_RU\" \/>\n<meta property=\"og:type\" content=\"article\" \/>\n<meta property=\"og:title\" content=\"Tribunal d&#039;arrondissement, 17 d\u00e9cembre 2024, n\u00b0 2024-06084\" \/>\n<meta property=\"og:description\" content=\"No. r\u00f4le:TAL-2024-06084 No.2024TALREFO\/00544 du17 d\u00e9cembre 2024 Audience publique extraordinaire des r\u00e9f\u00e9r\u00e9s dumardi,17 d\u00e9cembre2024, tenue par Nous Fr\u00e9d\u00e9ric MERSCH, Vice-Pr\u00e9sident au Tribunal d\u2019arrondissement de et \u00e0 Luxembourg, si\u00e9geant comme juge des r\u00e9f\u00e9r\u00e9s, en remplacementduPr\u00e9sidentdu Tribunal d\u2019arrondissement de et \u00e0 Luxembourg, assist\u00e9 du greffier Lo\u00efc PAVANT. DANS\u2026\" \/>\n<meta property=\"og:url\" content=\"https:\/\/kohenavocats.com\/ru\/jurisprudences\/tribunal-darrondissement-17-decembre-2024-n-2024-06084\/\" \/>\n<meta property=\"og:site_name\" content=\"Ma\u00eetre Hassan Kohen, avocat en droit p\u00e9nal \u00e0 Paris\" \/>\n<meta property=\"article:modified_time\" content=\"2026-04-21T18:17:43+00:00\" \/>\n<meta name=\"twitter:card\" content=\"summary_large_image\" \/>\n<meta name=\"twitter:label1\" content=\"\u041f\u0440\u0438\u043c\u0435\u0440\u043d\u043e\u0435 \u0432\u0440\u0435\u043c\u044f \u0434\u043b\u044f \u0447\u0442\u0435\u043d\u0438\u044f\" \/>\n\t<meta name=\"twitter:data1\" content=\"5 \u043c\u0438\u043d\u0443\u0442\" \/>\n<script type=\"application\/ld+json\" class=\"yoast-schema-graph\">{\"@context\":\"https:\\\/\\\/schema.org\",\"@graph\":[{\"@type\":\"WebPage\",\"@id\":\"https:\\\/\\\/kohenavocats.com\\\/ru\\\/jurisprudences\\\/tribunal-darrondissement-17-decembre-2024-n-2024-06084\\\/\",\"url\":\"https:\\\/\\\/kohenavocats.com\\\/ru\\\/jurisprudences\\\/tribunal-darrondissement-17-decembre-2024-n-2024-06084\\\/\",\"name\":\"Tribunal d'arrondissement, 17 d\u00e9cembre 2024, n\u00b0 2024-06084 - Ma\u00eetre Hassan Kohen, avocat en droit p\u00e9nal \u00e0 Paris\",\"isPartOf\":{\"@id\":\"https:\\\/\\\/kohenavocats.com\\\/ru\\\/#website\"},\"datePublished\":\"2026-04-21T18:17:39+00:00\",\"dateModified\":\"2026-04-21T18:17:43+00:00\",\"breadcrumb\":{\"@id\":\"https:\\\/\\\/kohenavocats.com\\\/ru\\\/jurisprudences\\\/tribunal-darrondissement-17-decembre-2024-n-2024-06084\\\/#breadcrumb\"},\"inLanguage\":\"ru-RU\",\"potentialAction\":[{\"@type\":\"ReadAction\",\"target\":[\"https:\\\/\\\/kohenavocats.com\\\/ru\\\/jurisprudences\\\/tribunal-darrondissement-17-decembre-2024-n-2024-06084\\\/\"]}]},{\"@type\":\"BreadcrumbList\",\"@id\":\"https:\\\/\\\/kohenavocats.com\\\/ru\\\/jurisprudences\\\/tribunal-darrondissement-17-decembre-2024-n-2024-06084\\\/#breadcrumb\",\"itemListElement\":[{\"@type\":\"ListItem\",\"position\":1,\"name\":\"Home\",\"item\":\"https:\\\/\\\/kohenavocats.com\\\/ru\\\/avocats-en-droit-penal-a-paris-conseil-et-defense-strategique\\\/\"},{\"@type\":\"ListItem\",\"position\":2,\"name\":\"Jurisprudences\",\"item\":\"https:\\\/\\\/kohenavocats.com\\\/ru\\\/jurisprudences\\\/\"},{\"@type\":\"ListItem\",\"position\":3,\"name\":\"Tribunal d&rsquo;arrondissement, 17 d\u00e9cembre 2024, n\u00b0 2024-06084\"}]},{\"@type\":\"WebSite\",\"@id\":\"https:\\\/\\\/kohenavocats.com\\\/ru\\\/#website\",\"url\":\"https:\\\/\\\/kohenavocats.com\\\/ru\\\/\",\"name\":\"Kohen Avocats\",\"description\":\"Ma\u00eetre Hassan Kohen, avocat p\u00e9naliste \u00e0 Paris, intervient exclusivement en droit p\u00e9nal pour la d\u00e9fense des particuliers, notamment en mati\u00e8re d\u2019accusations de viol. Il assure un accompagnement rigoureux d\u00e8s la garde \u00e0 vue jusqu\u2019\u00e0 la Cour d\u2019assises, veillant au strict respect des garanties proc\u00e9durales.\",\"publisher\":{\"@id\":\"https:\\\/\\\/kohenavocats.com\\\/ru\\\/#organization\"},\"potentialAction\":[{\"@type\":\"SearchAction\",\"target\":{\"@type\":\"EntryPoint\",\"urlTemplate\":\"https:\\\/\\\/kohenavocats.com\\\/ru\\\/?s={search_term_string}\"},\"query-input\":{\"@type\":\"PropertyValueSpecification\",\"valueRequired\":true,\"valueName\":\"search_term_string\"}}],\"inLanguage\":\"ru-RU\"},{\"@type\":\"Organization\",\"@id\":\"https:\\\/\\\/kohenavocats.com\\\/ru\\\/#organization\",\"name\":\"Kohen Avocats\",\"url\":\"https:\\\/\\\/kohenavocats.com\\\/ru\\\/\",\"logo\":{\"@type\":\"ImageObject\",\"inLanguage\":\"ru-RU\",\"@id\":\"https:\\\/\\\/kohenavocats.com\\\/ru\\\/#\\\/schema\\\/logo\\\/image\\\/\",\"url\":\"https:\\\/\\\/kohenavocats.com\\\/wp-content\\\/uploads\\\/2026\\\/01\\\/Logo-2-1.webp\",\"contentUrl\":\"https:\\\/\\\/kohenavocats.com\\\/wp-content\\\/uploads\\\/2026\\\/01\\\/Logo-2-1.webp\",\"width\":2114,\"height\":1253,\"caption\":\"Kohen Avocats\"},\"image\":{\"@id\":\"https:\\\/\\\/kohenavocats.com\\\/ru\\\/#\\\/schema\\\/logo\\\/image\\\/\"}}]}<\/script>\n<!-- \/ Yoast SEO Premium plugin. -->","yoast_head_json":{"title":"Tribunal d'arrondissement, 17 d\u00e9cembre 2024, n\u00b0 2024-06084 - Ma\u00eetre Hassan Kohen, avocat en droit p\u00e9nal \u00e0 Paris","robots":{"index":"index","follow":"follow","max-snippet":"max-snippet:-1","max-image-preview":"max-image-preview:large","max-video-preview":"max-video-preview:-1"},"canonical":"https:\/\/kohenavocats.com\/ru\/jurisprudences\/tribunal-darrondissement-17-decembre-2024-n-2024-06084\/","og_locale":"ru_RU","og_type":"article","og_title":"Tribunal d'arrondissement, 17 d\u00e9cembre 2024, n\u00b0 2024-06084","og_description":"No. r\u00f4le:TAL-2024-06084 No.2024TALREFO\/00544 du17 d\u00e9cembre 2024 Audience publique extraordinaire des r\u00e9f\u00e9r\u00e9s dumardi,17 d\u00e9cembre2024, tenue par Nous Fr\u00e9d\u00e9ric MERSCH, Vice-Pr\u00e9sident au Tribunal d\u2019arrondissement de et \u00e0 Luxembourg, si\u00e9geant comme juge des r\u00e9f\u00e9r\u00e9s, en remplacementduPr\u00e9sidentdu Tribunal d\u2019arrondissement de et \u00e0 Luxembourg, assist\u00e9 du greffier Lo\u00efc PAVANT. DANS\u2026","og_url":"https:\/\/kohenavocats.com\/ru\/jurisprudences\/tribunal-darrondissement-17-decembre-2024-n-2024-06084\/","og_site_name":"Ma\u00eetre Hassan Kohen, avocat en droit p\u00e9nal \u00e0 Paris","article_modified_time":"2026-04-21T18:17:43+00:00","twitter_card":"summary_large_image","twitter_misc":{"\u041f\u0440\u0438\u043c\u0435\u0440\u043d\u043e\u0435 \u0432\u0440\u0435\u043c\u044f \u0434\u043b\u044f \u0447\u0442\u0435\u043d\u0438\u044f":"5 \u043c\u0438\u043d\u0443\u0442"},"schema":{"@context":"https:\/\/schema.org","@graph":[{"@type":"WebPage","@id":"https:\/\/kohenavocats.com\/ru\/jurisprudences\/tribunal-darrondissement-17-decembre-2024-n-2024-06084\/","url":"https:\/\/kohenavocats.com\/ru\/jurisprudences\/tribunal-darrondissement-17-decembre-2024-n-2024-06084\/","name":"Tribunal d'arrondissement, 17 d\u00e9cembre 2024, n\u00b0 2024-06084 - Ma\u00eetre Hassan Kohen, avocat en droit p\u00e9nal \u00e0 Paris","isPartOf":{"@id":"https:\/\/kohenavocats.com\/ru\/#website"},"datePublished":"2026-04-21T18:17:39+00:00","dateModified":"2026-04-21T18:17:43+00:00","breadcrumb":{"@id":"https:\/\/kohenavocats.com\/ru\/jurisprudences\/tribunal-darrondissement-17-decembre-2024-n-2024-06084\/#breadcrumb"},"inLanguage":"ru-RU","potentialAction":[{"@type":"ReadAction","target":["https:\/\/kohenavocats.com\/ru\/jurisprudences\/tribunal-darrondissement-17-decembre-2024-n-2024-06084\/"]}]},{"@type":"BreadcrumbList","@id":"https:\/\/kohenavocats.com\/ru\/jurisprudences\/tribunal-darrondissement-17-decembre-2024-n-2024-06084\/#breadcrumb","itemListElement":[{"@type":"ListItem","position":1,"name":"Home","item":"https:\/\/kohenavocats.com\/ru\/avocats-en-droit-penal-a-paris-conseil-et-defense-strategique\/"},{"@type":"ListItem","position":2,"name":"Jurisprudences","item":"https:\/\/kohenavocats.com\/ru\/jurisprudences\/"},{"@type":"ListItem","position":3,"name":"Tribunal d&rsquo;arrondissement, 17 d\u00e9cembre 2024, n\u00b0 2024-06084"}]},{"@type":"WebSite","@id":"https:\/\/kohenavocats.com\/ru\/#website","url":"https:\/\/kohenavocats.com\/ru\/","name":"Kohen Avocats","description":"Ma\u00eetre Hassan Kohen, avocat p\u00e9naliste \u00e0 Paris, intervient exclusivement en droit p\u00e9nal pour la d\u00e9fense des particuliers, notamment en mati\u00e8re d\u2019accusations de viol. Il assure un accompagnement rigoureux d\u00e8s la garde \u00e0 vue jusqu\u2019\u00e0 la Cour d\u2019assises, veillant au strict respect des garanties proc\u00e9durales.","publisher":{"@id":"https:\/\/kohenavocats.com\/ru\/#organization"},"potentialAction":[{"@type":"SearchAction","target":{"@type":"EntryPoint","urlTemplate":"https:\/\/kohenavocats.com\/ru\/?s={search_term_string}"},"query-input":{"@type":"PropertyValueSpecification","valueRequired":true,"valueName":"search_term_string"}}],"inLanguage":"ru-RU"},{"@type":"Organization","@id":"https:\/\/kohenavocats.com\/ru\/#organization","name":"Kohen Avocats","url":"https:\/\/kohenavocats.com\/ru\/","logo":{"@type":"ImageObject","inLanguage":"ru-RU","@id":"https:\/\/kohenavocats.com\/ru\/#\/schema\/logo\/image\/","url":"https:\/\/kohenavocats.com\/wp-content\/uploads\/2026\/01\/Logo-2-1.webp","contentUrl":"https:\/\/kohenavocats.com\/wp-content\/uploads\/2026\/01\/Logo-2-1.webp","width":2114,"height":1253,"caption":"Kohen Avocats"},"image":{"@id":"https:\/\/kohenavocats.com\/ru\/#\/schema\/logo\/image\/"}}]}},"jetpack_likes_enabled":false,"jetpack_sharing_enabled":true,"_links":{"self":[{"href":"https:\/\/kohenavocats.com\/ru\/wp-json\/wp\/v2\/kji_decision\/639587","targetHints":{"allow":["GET"]}}],"collection":[{"href":"https:\/\/kohenavocats.com\/ru\/wp-json\/wp\/v2\/kji_decision"}],"about":[{"href":"https:\/\/kohenavocats.com\/ru\/wp-json\/wp\/v2\/types\/kji_decision"}],"wp:attachment":[{"href":"https:\/\/kohenavocats.com\/ru\/wp-json\/wp\/v2\/media?parent=639587"}],"wp:term":[{"taxonomy":"kji_country","embeddable":true,"href":"https:\/\/kohenavocats.com\/ru\/wp-json\/wp\/v2\/kji_country?post=639587"},{"taxonomy":"kji_court","embeddable":true,"href":"https:\/\/kohenavocats.com\/ru\/wp-json\/wp\/v2\/kji_court?post=639587"},{"taxonomy":"kji_chamber","embeddable":true,"href":"https:\/\/kohenavocats.com\/ru\/wp-json\/wp\/v2\/kji_chamber?post=639587"},{"taxonomy":"kji_year","embeddable":true,"href":"https:\/\/kohenavocats.com\/ru\/wp-json\/wp\/v2\/kji_year?post=639587"},{"taxonomy":"kji_subject","embeddable":true,"href":"https:\/\/kohenavocats.com\/ru\/wp-json\/wp\/v2\/kji_subject?post=639587"},{"taxonomy":"kji_keyword","embeddable":true,"href":"https:\/\/kohenavocats.com\/ru\/wp-json\/wp\/v2\/kji_keyword?post=639587"},{"taxonomy":"kji_language","embeddable":true,"href":"https:\/\/kohenavocats.com\/ru\/wp-json\/wp\/v2\/kji_language?post=639587"}],"curies":[{"name":"wp","href":"https:\/\/api.w.org\/{rel}","templated":true}]}}