{"id":639621,"date":"2026-04-21T20:18:45","date_gmt":"2026-04-21T18:18:45","guid":{"rendered":"https:\/\/kohenavocats.com\/jurisprudences\/tribunal-darrondissement-10-mai-2024-n-2024-02241\/"},"modified":"2026-04-21T20:18:49","modified_gmt":"2026-04-21T18:18:49","slug":"tribunal-darrondissement-10-mai-2024-n-2024-02241","status":"publish","type":"kji_decision","link":"https:\/\/kohenavocats.com\/ru\/jurisprudences\/tribunal-darrondissement-10-mai-2024-n-2024-02241\/","title":{"rendered":"Tribunal d&#8217;arrondissement, 10 mai 2024, n\u00b0 2024-02241"},"content":{"rendered":"<div class=\"kji-decision\">\n<div class=\"kji-full-text\">\n<p>No. R\u00f4le: TAL-2024-02241 No.2024TALREFO\/00206 du 10 mai 2024 Audience publique extraordinaire des r\u00e9f\u00e9r\u00e9s du vendredi, 10 mai 2024, tenue par Nous Philippe WADL\u00c9, premier juge auTribunal d\u2019arrondissement deet \u00e0Luxembourg, si\u00e9geant comme juge des r\u00e9f\u00e9r\u00e9s, en remplacement du Pr\u00e9sident duTribunal d\u2019arrondissement deet \u00e0Luxembourg, assist\u00e9 du greffier Lo\u00efc PAVANT. DANS LA CAUSE E N T R E la soci\u00e9t\u00e9 \u00e0 responsabilit\u00e9 limit\u00e9eSOCIETE1.)S.\u00e0r.l., \u00e9tablie et ayantson si\u00e8ge social \u00e0 L-ADRESSE1.), inscrite au registre de commerce et des soci\u00e9t\u00e9s de Luxembourg sous le num\u00e9roNUMERO1.), repr\u00e9sent\u00e9e par son g\u00e9rant actuellement en fonctions, partie demanderesse originaire partie d\u00e9fenderesse sur contreditcomparant par Ma\u00eetre Jean-Fran\u00e7ois STEICHEN, avocat, demeurant \u00e0 Luxembourg, E T la soci\u00e9t\u00e9 anonymeSOCIETE2.)S.A., \u00e9tablie et ayant son si\u00e8ge social \u00e0 L-ADRESSE2.), inscrite au registre de commerce et des soci\u00e9t\u00e9s de Luxembourg sous le num\u00e9ro NUMERO2.), repr\u00e9sent\u00e9e par sonrepr\u00e9sentant l\u00e9galactuellement en fonctions, partie d\u00e9fenderesse originaire partie demanderesse par contreditd\u00e9faillante. F A IT S :<\/p>\n<p>Suite au contredit form\u00e9 le 8 mars 2024 parla soci\u00e9t\u00e9 anonymeSOCIETE2.)S.A.contre l\u2019ordonnance conditionnelle de paiementnum\u00e9ro2024TALORDP\/00143, d\u00e9livr\u00e9ele27 f\u00e9vrier 2024 etluinotifi\u00e9e en date du 1 er mars 2024, les parties furent convoqu\u00e9es \u00e0 l\u2019audience publique ordinaire des r\u00e9f\u00e9r\u00e9s du lundi matin, 15 avril 2024. Apr\u00e8s une remise, l\u2019affaire fut utilement retenue \u00e0 l\u2019audience publique ordinaire des r\u00e9f\u00e9r\u00e9s du lundi matin, 6 mai 2024, lors de laquelle Jean-Fran\u00e7oisSTEICHEN fut entendu en ses moyens et explications. La soci\u00e9t\u00e9 anonymeSOCIETE2.)S.A.ne comparut pas \u00e0 l\u2019audience. Sur ce le juge des r\u00e9f\u00e9r\u00e9s prit l\u2019affaire en d\u00e9lib\u00e9r\u00e9 et rendit \u00e0 l\u2019audience publique extraordinaire des r\u00e9f\u00e9r\u00e9s de ce jour l\u2019 O R DO N N A N C E qui suit: Par requ\u00eatedu21 f\u00e9vrier 2024,d\u00e9pos\u00e9ele22 f\u00e9vrier 2024au greffe du tribunal,la soci\u00e9t\u00e9 \u00e0 responsabilit\u00e9 limit\u00e9eSOCIETE1.)S.\u00e0 r.l. (ci-apr\u00e8s \u00abla soci\u00e9t\u00e9SOCIETE1.)\u00bb)a requis la d\u00e9livrance d\u2019une ordonnance conditionnelle de paiement \u00e0 l\u2019\u00e9gard dela soci\u00e9t\u00e9 anonyme SOCIETE2.)S.A. (ci-apr\u00e8s \u00abla soci\u00e9t\u00e9SOCIETE2.)\u00bb) pour le montant de238.131,29.- euros, augment\u00e9 des int\u00e9r\u00eats de retard l\u00e9gaux \u00e0 compter du 18 janvier 2024, date d\u2019une mise en demeure, jusqu\u2019\u00e0 solde, ainsi que pour un montant de 1.500,-euros \u00e0 titre d\u2019indemnit\u00e9 de proc\u00e9dure surle fondementde l\u2019article 240 du Nouveau Code de proc\u00e9dure civile. Suivant ordonnance conditionnelle de paiementnum\u00e9roNUMERO3.),d\u00e9livr\u00e9ele27 f\u00e9vrier 2024etnotifi\u00e9e\u00e0la soci\u00e9t\u00e9SOCIETE2.)en date du 1 er mars 2024, il a \u00e9t\u00e9 fait droit \u00e0la susditerequ\u00eate et, partant,enjoint \u00e0cette derni\u00e8rede payer\u00e0la soci\u00e9t\u00e9SOCIETE1.)la somme de238.131,29.-euros, avec les int\u00e9r\u00eats l\u00e9gaux \u00e0 partirde la mise en demeure du18 janvier 2024jusqu\u2019\u00e0 solde, ainsi qu\u2019une indemnit\u00e9 de proc\u00e9dure de 150,-euros. Par lettre du7 mars 2024, d\u00e9pos\u00e9e le8 mars 2024au greffedu tribunal,la soci\u00e9t\u00e9 SOCIETE2.)a form\u00e9 contredit contre cetteordonnance conditionnelle de paiement. A l\u2019audience publique du 6 mai 2024, la soci\u00e9t\u00e9SOCIETE1.)a inform\u00e9 le tribunal que, suite \u00e0 un paiement de 50.000,-euros intervenu en date du 21 mars 2024, la soci\u00e9t\u00e9 SOCIETE2.)lui redoit encore actuellement un solde de 188.131,29.-euros, montant au paiement duquel elledemande \u00e0 voir condamnerla soci\u00e9t\u00e9SOCIETE2.). Pour le surplus, elleconclut \u00e0 la confirmationl\u2019ordonnance conditionnelle de paiement entreprise. La requ\u00eate initiale est bas\u00e9e sur l\u2019article 919 duNouveauCode de proc\u00e9dure civile, qui dispose que le juge peut accorder une provision au cr\u00e9ancier dans les cas o\u00f9 l\u2019existence de<\/p>\n<p>l\u2019obligation n\u2019est pas s\u00e9rieusement contestable. Cette disposition rejoint celle qui figure \u00e0 l\u2019article 933,alin\u00e9a 2 du m\u00eame code. L\u2019ordonnance sur requ\u00eate \u00e9tant rendue sans d\u00e9bat contradictoire pr\u00e9alable, le contredit a pour effet de soumettre la demande en obtention d\u2019une provision \u00e0 un d\u00e9bat contradictoire. Il appartient au juge saisi d\u2019appr\u00e9cierdans le cadre du d\u00e9bat contradictoiresi les contestationsavanc\u00e9es parla soci\u00e9t\u00e9SOCIETE2.)sont s\u00e9rieuses, de nature \u00e0 faire \u00e9chec \u00e0 la demande en provision dela soci\u00e9t\u00e9SOCIETE1.). La soci\u00e9t\u00e9SOCIETE2.)n\u2019a comparuni\u00e0 l\u2019audiencedu15 avril 2024, ni \u00e0 celle du 6 mai 2024pour soutenir son contredit.Ellen\u2019a pas non plus vers\u00e9 \u00e0 l\u2019appui de son contreditdes pi\u00e8ces de nature \u00e0 contredire les pi\u00e8cesqui ont \u00e9t\u00e9vers\u00e9es parla soci\u00e9t\u00e9SOCIETE1.)et qui ont permisde retenir comme non s\u00e9rieusement contestable la cr\u00e9ance invoqu\u00e9e par cette derni\u00e8re. Dans ces conditions, le contredit est \u00e0 rejeter etla demande en paiement dela soci\u00e9t\u00e9 SOCIETE1.)est\u00e0 d\u00e9clarerfond\u00e9e sur base de l\u2019article 919 duNouveauCode de proc\u00e9dure civile. La soci\u00e9t\u00e9SOCIETE2.)sera par cons\u00e9quent condamn\u00e9e \u00e0 payer \u00e0 la soci\u00e9t\u00e9SOCIETE1.) la somme de 188.131,29.-euros avec les int\u00e9r\u00eats l\u00e9gaux \u00e0 partir du 18 janvier 2024 jusqu\u2019\u00e0 solde. Il y a encore lieu de confirmer l\u2019ordonnance conditionnelle de paiement intervenueen ce qu\u2019elle a condamn\u00e9la soci\u00e9t\u00e9SOCIETE2.)au paiement d\u2019une indemnit\u00e9 de 150,-euros sur le fondement de l\u2019article 240 du Nouveau Code de proc\u00e9dure civile. Du fait de son contredit d\u00e9pos\u00e9 le 8 mars 2024,la soci\u00e9t\u00e9SOCIETE2.)a comparu dans la proc\u00e9dure. En application des articles 74 et 76 du Nouveau Code de proc\u00e9dure civile, la pr\u00e9sente ordonnance est en cons\u00e9quence contradictoire \u00e0 son \u00e9gard. P A R C E S M O T I F S Nous Philippe WADL\u00c9, premier juge auTribunal d\u2019arrondissement de et \u00e0 Luxembourg, si\u00e9geant comme juge des r\u00e9f\u00e9r\u00e9s, en remplacement du Pr\u00e9sident du Tribunal d\u2019arrondissement de et \u00e0 Luxembourg, statuant contradictoirement, recevons le contredit en la forme; au principal renvoyons lesparties \u00e0 se pourvoir devant qui de droit,mais d\u00e8s \u00e0 pr\u00e9sent et par provision,<\/p>\n<p>rejetons le contredit ; partant, condamnonsla soci\u00e9t\u00e9 anonymeSOCIETE2.)S.A.\u00e0 payer \u00e0la soci\u00e9t\u00e9 \u00e0 responsabilit\u00e9 limit\u00e9eSOCIETE1.)S.\u00e0 r.l.la somme de 188.131,29.-euros avec les int\u00e9r\u00eats l\u00e9gaux \u00e0 partir du 18 janvier 2024 jusqu\u2019\u00e0 solde; condamnonsla soci\u00e9t\u00e9 anonymeSOCIETE2.)S.A.\u00e0 payer \u00e0la soci\u00e9t\u00e9 \u00e0 responsabilit\u00e9 limit\u00e9eSOCIETE1.)S.\u00e0 r.l.une indemnit\u00e9 de proc\u00e9dure de 150,-euros; ordonnons l\u2019ex\u00e9cution provisoire de la pr\u00e9sente ordonnance nonobstanttoute voie de recours et sans caution; condamnonsla soci\u00e9t\u00e9 anonymeSOCIETE2.)S.A.auxfrais et d\u00e9pensde l\u2019instance.<\/p>\n<\/div>\n<hr class=\"kji-sep\" \/>\n<p class=\"kji-source-links\"><strong>Sources officielles :<\/strong> <a class=\"kji-source-link\" href=\"https:\/\/data.public.lu\/fr\/datasets\/tribunal-darrondissement-luxembourg-refere\/\" target=\"_blank\" rel=\"noopener noreferrer\">consulter la page source<\/a> &middot; <a class=\"kji-pdf-link\" href=\"https:\/\/download.data.public.lu\/resources\/tribunal-darrondissement-luxembourg-refere\/20250120-024005\/20240510-talref-tal-2024-02241-pseudonymise-accessible.pdf\" target=\"_blank\" rel=\"noopener noreferrer\">PDF officiel<\/a><\/p>\n<p class=\"kji-license-note\"><em>Licence CC BY-ND 4.0 (Administration judiciaire, data.public.lu). Republication autorisee avec attribution, sans modification editoriale du texte integral.<\/em><\/p>\n<\/div>\n","protected":false},"excerpt":{"rendered":"<p>No. R\u00f4le: TAL-2024-02241 No.2024TALREFO\/00206 du 10 mai 2024 Audience publique extraordinaire des r\u00e9f\u00e9r\u00e9s du vendredi, 10 mai 2024, tenue par Nous Philippe WADL\u00c9, premier juge auTribunal d\u2019arrondissement deet \u00e0Luxembourg, si\u00e9geant comme juge des r\u00e9f\u00e9r\u00e9s, en remplacement du Pr\u00e9sident duTribunal d\u2019arrondissement deet \u00e0Luxembourg, assist\u00e9 du greffier\u2026<\/p>\n","protected":false},"featured_media":0,"template":"","meta":{"_crdt_document":""},"kji_country":[8418],"kji_court":[23583],"kji_chamber":[18768],"kji_year":[8677],"kji_subject":[7646],"kji_keyword":[23584,7636],"kji_language":[7733],"class_list":["post-639621","kji_decision","type-kji_decision","status-publish","hentry","kji_country-luxembourg","kji_court-tribunal-darrondissement","kji_chamber-refere","kji_year-8677","kji_subject-divers","kji_keyword-arrondissement","kji_keyword-tribunal","kji_language-francais"],"yoast_head":"<!-- This site is optimized with the Yoast SEO Premium plugin v27.5 (Yoast SEO v27.5) - https:\/\/yoast.com\/product\/yoast-seo-premium-wordpress\/ -->\n<title>Tribunal d&#039;arrondissement, 10 mai 2024, n\u00b0 2024-02241 - Ma\u00eetre Hassan Kohen, avocat en droit p\u00e9nal \u00e0 Paris<\/title>\n<meta name=\"robots\" content=\"index, follow, max-snippet:-1, max-image-preview:large, max-video-preview:-1\" \/>\n<link rel=\"canonical\" href=\"https:\/\/kohenavocats.com\/ru\/jurisprudences\/tribunal-darrondissement-10-mai-2024-n-2024-02241\/\" \/>\n<meta property=\"og:locale\" content=\"ru_RU\" \/>\n<meta property=\"og:type\" content=\"article\" \/>\n<meta property=\"og:title\" content=\"Tribunal d&#039;arrondissement, 10 mai 2024, n\u00b0 2024-02241\" \/>\n<meta property=\"og:description\" content=\"No. R\u00f4le: TAL-2024-02241 No.2024TALREFO\/00206 du 10 mai 2024 Audience publique extraordinaire des r\u00e9f\u00e9r\u00e9s du vendredi, 10 mai 2024, tenue par Nous Philippe WADL\u00c9, premier juge auTribunal d\u2019arrondissement deet \u00e0Luxembourg, si\u00e9geant comme juge des r\u00e9f\u00e9r\u00e9s, en remplacement du Pr\u00e9sident duTribunal d\u2019arrondissement deet \u00e0Luxembourg, assist\u00e9 du greffier\u2026\" \/>\n<meta property=\"og:url\" content=\"https:\/\/kohenavocats.com\/ru\/jurisprudences\/tribunal-darrondissement-10-mai-2024-n-2024-02241\/\" \/>\n<meta property=\"og:site_name\" content=\"Ma\u00eetre Hassan Kohen, avocat en droit p\u00e9nal \u00e0 Paris\" \/>\n<meta property=\"article:modified_time\" content=\"2026-04-21T18:18:49+00:00\" \/>\n<meta name=\"twitter:card\" content=\"summary_large_image\" \/>\n<meta name=\"twitter:label1\" content=\"\u041f\u0440\u0438\u043c\u0435\u0440\u043d\u043e\u0435 \u0432\u0440\u0435\u043c\u044f \u0434\u043b\u044f \u0447\u0442\u0435\u043d\u0438\u044f\" \/>\n\t<meta name=\"twitter:data1\" content=\"5 \u043c\u0438\u043d\u0443\u0442\" \/>\n<script type=\"application\/ld+json\" class=\"yoast-schema-graph\">{\"@context\":\"https:\\\/\\\/schema.org\",\"@graph\":[{\"@type\":\"WebPage\",\"@id\":\"https:\\\/\\\/kohenavocats.com\\\/ru\\\/jurisprudences\\\/tribunal-darrondissement-10-mai-2024-n-2024-02241\\\/\",\"url\":\"https:\\\/\\\/kohenavocats.com\\\/ru\\\/jurisprudences\\\/tribunal-darrondissement-10-mai-2024-n-2024-02241\\\/\",\"name\":\"Tribunal d'arrondissement, 10 mai 2024, n\u00b0 2024-02241 - Ma\u00eetre Hassan Kohen, avocat en droit p\u00e9nal \u00e0 Paris\",\"isPartOf\":{\"@id\":\"https:\\\/\\\/kohenavocats.com\\\/ru\\\/#website\"},\"datePublished\":\"2026-04-21T18:18:45+00:00\",\"dateModified\":\"2026-04-21T18:18:49+00:00\",\"breadcrumb\":{\"@id\":\"https:\\\/\\\/kohenavocats.com\\\/ru\\\/jurisprudences\\\/tribunal-darrondissement-10-mai-2024-n-2024-02241\\\/#breadcrumb\"},\"inLanguage\":\"ru-RU\",\"potentialAction\":[{\"@type\":\"ReadAction\",\"target\":[\"https:\\\/\\\/kohenavocats.com\\\/ru\\\/jurisprudences\\\/tribunal-darrondissement-10-mai-2024-n-2024-02241\\\/\"]}]},{\"@type\":\"BreadcrumbList\",\"@id\":\"https:\\\/\\\/kohenavocats.com\\\/ru\\\/jurisprudences\\\/tribunal-darrondissement-10-mai-2024-n-2024-02241\\\/#breadcrumb\",\"itemListElement\":[{\"@type\":\"ListItem\",\"position\":1,\"name\":\"Home\",\"item\":\"https:\\\/\\\/kohenavocats.com\\\/ru\\\/avocats-en-droit-penal-a-paris-conseil-et-defense-strategique\\\/\"},{\"@type\":\"ListItem\",\"position\":2,\"name\":\"Jurisprudences\",\"item\":\"https:\\\/\\\/kohenavocats.com\\\/ru\\\/jurisprudences\\\/\"},{\"@type\":\"ListItem\",\"position\":3,\"name\":\"Tribunal d&rsquo;arrondissement, 10 mai 2024, n\u00b0 2024-02241\"}]},{\"@type\":\"WebSite\",\"@id\":\"https:\\\/\\\/kohenavocats.com\\\/ru\\\/#website\",\"url\":\"https:\\\/\\\/kohenavocats.com\\\/ru\\\/\",\"name\":\"Kohen Avocats\",\"description\":\"Ma\u00eetre Hassan Kohen, avocat p\u00e9naliste \u00e0 Paris, intervient exclusivement en droit p\u00e9nal pour la d\u00e9fense des particuliers, notamment en mati\u00e8re d\u2019accusations de viol. Il assure un accompagnement rigoureux d\u00e8s la garde \u00e0 vue jusqu\u2019\u00e0 la Cour d\u2019assises, veillant au strict respect des garanties proc\u00e9durales.\",\"publisher\":{\"@id\":\"https:\\\/\\\/kohenavocats.com\\\/ru\\\/#organization\"},\"potentialAction\":[{\"@type\":\"SearchAction\",\"target\":{\"@type\":\"EntryPoint\",\"urlTemplate\":\"https:\\\/\\\/kohenavocats.com\\\/ru\\\/?s={search_term_string}\"},\"query-input\":{\"@type\":\"PropertyValueSpecification\",\"valueRequired\":true,\"valueName\":\"search_term_string\"}}],\"inLanguage\":\"ru-RU\"},{\"@type\":\"Organization\",\"@id\":\"https:\\\/\\\/kohenavocats.com\\\/ru\\\/#organization\",\"name\":\"Kohen Avocats\",\"url\":\"https:\\\/\\\/kohenavocats.com\\\/ru\\\/\",\"logo\":{\"@type\":\"ImageObject\",\"inLanguage\":\"ru-RU\",\"@id\":\"https:\\\/\\\/kohenavocats.com\\\/ru\\\/#\\\/schema\\\/logo\\\/image\\\/\",\"url\":\"https:\\\/\\\/kohenavocats.com\\\/wp-content\\\/uploads\\\/2026\\\/01\\\/Logo-2-1.webp\",\"contentUrl\":\"https:\\\/\\\/kohenavocats.com\\\/wp-content\\\/uploads\\\/2026\\\/01\\\/Logo-2-1.webp\",\"width\":2114,\"height\":1253,\"caption\":\"Kohen Avocats\"},\"image\":{\"@id\":\"https:\\\/\\\/kohenavocats.com\\\/ru\\\/#\\\/schema\\\/logo\\\/image\\\/\"}}]}<\/script>\n<!-- \/ Yoast SEO Premium plugin. -->","yoast_head_json":{"title":"Tribunal d'arrondissement, 10 mai 2024, n\u00b0 2024-02241 - Ma\u00eetre Hassan Kohen, avocat en droit p\u00e9nal \u00e0 Paris","robots":{"index":"index","follow":"follow","max-snippet":"max-snippet:-1","max-image-preview":"max-image-preview:large","max-video-preview":"max-video-preview:-1"},"canonical":"https:\/\/kohenavocats.com\/ru\/jurisprudences\/tribunal-darrondissement-10-mai-2024-n-2024-02241\/","og_locale":"ru_RU","og_type":"article","og_title":"Tribunal d'arrondissement, 10 mai 2024, n\u00b0 2024-02241","og_description":"No. R\u00f4le: TAL-2024-02241 No.2024TALREFO\/00206 du 10 mai 2024 Audience publique extraordinaire des r\u00e9f\u00e9r\u00e9s du vendredi, 10 mai 2024, tenue par Nous Philippe WADL\u00c9, premier juge auTribunal d\u2019arrondissement deet \u00e0Luxembourg, si\u00e9geant comme juge des r\u00e9f\u00e9r\u00e9s, en remplacement du Pr\u00e9sident duTribunal d\u2019arrondissement deet \u00e0Luxembourg, assist\u00e9 du greffier\u2026","og_url":"https:\/\/kohenavocats.com\/ru\/jurisprudences\/tribunal-darrondissement-10-mai-2024-n-2024-02241\/","og_site_name":"Ma\u00eetre Hassan Kohen, avocat en droit p\u00e9nal \u00e0 Paris","article_modified_time":"2026-04-21T18:18:49+00:00","twitter_card":"summary_large_image","twitter_misc":{"\u041f\u0440\u0438\u043c\u0435\u0440\u043d\u043e\u0435 \u0432\u0440\u0435\u043c\u044f \u0434\u043b\u044f \u0447\u0442\u0435\u043d\u0438\u044f":"5 \u043c\u0438\u043d\u0443\u0442"},"schema":{"@context":"https:\/\/schema.org","@graph":[{"@type":"WebPage","@id":"https:\/\/kohenavocats.com\/ru\/jurisprudences\/tribunal-darrondissement-10-mai-2024-n-2024-02241\/","url":"https:\/\/kohenavocats.com\/ru\/jurisprudences\/tribunal-darrondissement-10-mai-2024-n-2024-02241\/","name":"Tribunal d'arrondissement, 10 mai 2024, n\u00b0 2024-02241 - Ma\u00eetre Hassan Kohen, avocat en droit p\u00e9nal \u00e0 Paris","isPartOf":{"@id":"https:\/\/kohenavocats.com\/ru\/#website"},"datePublished":"2026-04-21T18:18:45+00:00","dateModified":"2026-04-21T18:18:49+00:00","breadcrumb":{"@id":"https:\/\/kohenavocats.com\/ru\/jurisprudences\/tribunal-darrondissement-10-mai-2024-n-2024-02241\/#breadcrumb"},"inLanguage":"ru-RU","potentialAction":[{"@type":"ReadAction","target":["https:\/\/kohenavocats.com\/ru\/jurisprudences\/tribunal-darrondissement-10-mai-2024-n-2024-02241\/"]}]},{"@type":"BreadcrumbList","@id":"https:\/\/kohenavocats.com\/ru\/jurisprudences\/tribunal-darrondissement-10-mai-2024-n-2024-02241\/#breadcrumb","itemListElement":[{"@type":"ListItem","position":1,"name":"Home","item":"https:\/\/kohenavocats.com\/ru\/avocats-en-droit-penal-a-paris-conseil-et-defense-strategique\/"},{"@type":"ListItem","position":2,"name":"Jurisprudences","item":"https:\/\/kohenavocats.com\/ru\/jurisprudences\/"},{"@type":"ListItem","position":3,"name":"Tribunal d&rsquo;arrondissement, 10 mai 2024, n\u00b0 2024-02241"}]},{"@type":"WebSite","@id":"https:\/\/kohenavocats.com\/ru\/#website","url":"https:\/\/kohenavocats.com\/ru\/","name":"Kohen Avocats","description":"Ma\u00eetre Hassan Kohen, avocat p\u00e9naliste \u00e0 Paris, intervient exclusivement en droit p\u00e9nal pour la d\u00e9fense des particuliers, notamment en mati\u00e8re d\u2019accusations de viol. Il assure un accompagnement rigoureux d\u00e8s la garde \u00e0 vue jusqu\u2019\u00e0 la Cour d\u2019assises, veillant au strict respect des garanties proc\u00e9durales.","publisher":{"@id":"https:\/\/kohenavocats.com\/ru\/#organization"},"potentialAction":[{"@type":"SearchAction","target":{"@type":"EntryPoint","urlTemplate":"https:\/\/kohenavocats.com\/ru\/?s={search_term_string}"},"query-input":{"@type":"PropertyValueSpecification","valueRequired":true,"valueName":"search_term_string"}}],"inLanguage":"ru-RU"},{"@type":"Organization","@id":"https:\/\/kohenavocats.com\/ru\/#organization","name":"Kohen Avocats","url":"https:\/\/kohenavocats.com\/ru\/","logo":{"@type":"ImageObject","inLanguage":"ru-RU","@id":"https:\/\/kohenavocats.com\/ru\/#\/schema\/logo\/image\/","url":"https:\/\/kohenavocats.com\/wp-content\/uploads\/2026\/01\/Logo-2-1.webp","contentUrl":"https:\/\/kohenavocats.com\/wp-content\/uploads\/2026\/01\/Logo-2-1.webp","width":2114,"height":1253,"caption":"Kohen Avocats"},"image":{"@id":"https:\/\/kohenavocats.com\/ru\/#\/schema\/logo\/image\/"}}]}},"jetpack_likes_enabled":false,"jetpack_sharing_enabled":true,"_links":{"self":[{"href":"https:\/\/kohenavocats.com\/ru\/wp-json\/wp\/v2\/kji_decision\/639621","targetHints":{"allow":["GET"]}}],"collection":[{"href":"https:\/\/kohenavocats.com\/ru\/wp-json\/wp\/v2\/kji_decision"}],"about":[{"href":"https:\/\/kohenavocats.com\/ru\/wp-json\/wp\/v2\/types\/kji_decision"}],"wp:attachment":[{"href":"https:\/\/kohenavocats.com\/ru\/wp-json\/wp\/v2\/media?parent=639621"}],"wp:term":[{"taxonomy":"kji_country","embeddable":true,"href":"https:\/\/kohenavocats.com\/ru\/wp-json\/wp\/v2\/kji_country?post=639621"},{"taxonomy":"kji_court","embeddable":true,"href":"https:\/\/kohenavocats.com\/ru\/wp-json\/wp\/v2\/kji_court?post=639621"},{"taxonomy":"kji_chamber","embeddable":true,"href":"https:\/\/kohenavocats.com\/ru\/wp-json\/wp\/v2\/kji_chamber?post=639621"},{"taxonomy":"kji_year","embeddable":true,"href":"https:\/\/kohenavocats.com\/ru\/wp-json\/wp\/v2\/kji_year?post=639621"},{"taxonomy":"kji_subject","embeddable":true,"href":"https:\/\/kohenavocats.com\/ru\/wp-json\/wp\/v2\/kji_subject?post=639621"},{"taxonomy":"kji_keyword","embeddable":true,"href":"https:\/\/kohenavocats.com\/ru\/wp-json\/wp\/v2\/kji_keyword?post=639621"},{"taxonomy":"kji_language","embeddable":true,"href":"https:\/\/kohenavocats.com\/ru\/wp-json\/wp\/v2\/kji_language?post=639621"}],"curies":[{"name":"wp","href":"https:\/\/api.w.org\/{rel}","templated":true}]}}