{"id":639724,"date":"2026-04-21T20:30:45","date_gmt":"2026-04-21T18:30:45","guid":{"rendered":"https:\/\/kohenavocats.com\/jurisprudences\/tribunal-darrondissement-23-decembre-2024-n-2024-08081\/"},"modified":"2026-04-21T20:30:50","modified_gmt":"2026-04-21T18:30:50","slug":"tribunal-darrondissement-23-decembre-2024-n-2024-08081","status":"publish","type":"kji_decision","link":"https:\/\/kohenavocats.com\/ru\/jurisprudences\/tribunal-darrondissement-23-decembre-2024-n-2024-08081\/","title":{"rendered":"Tribunal d&#8217;arrondissement, 23 d\u00e9cembre 2024, n\u00b0 2024-08081"},"content":{"rendered":"<div class=\"kji-decision\">\n<div class=\"kji-full-text\">\n<p>No. R\u00f4le:TAL-2024-08081 No.2024TALREFO\/00556 du23 d\u00e9cembre2024 Audience publique extraordinaire des r\u00e9f\u00e9r\u00e9s dulundi,23 d\u00e9cembre2024, tenue par Nous Fr\u00e9d\u00e9ric MERSCH, Vice-Pr\u00e9sident au Tribunal d\u2019arrondissement de et \u00e0 Luxembourg, si\u00e9geant comme juge des r\u00e9f\u00e9r\u00e9s, en remplacementduPr\u00e9sidentdu Tribunal d\u2019arrondissement de et \u00e0 Luxembourg, assist\u00e9 du greffier Lo\u00efc PAVANT. DANS LA CAUSE E N T R E PERSONNE1.), demeurant \u00e0 L-ADRESSE1.), \u00e9lisant domicile en l\u2019\u00e9tude de Ma\u00eetreBernard FELTEN, avocat, demeurant \u00e0 Luxembourg, partie demanderessecomparant par Ma\u00eetreAgathe SEKROUN, avocat, en remplacement de Ma\u00eetreBernard FELTEN, avocat, les deux demeurant \u00e0 Luxembourg, E T la soci\u00e9t\u00e9 anonymeSOCIETE1.)S.A., \u00e9tablie et ayant son si\u00e8ge social \u00e0 L- ADRESSE2.), inscrite au registre de commerce et des soci\u00e9t\u00e9s de Luxembourg sous le num\u00e9roNUMERO1.), repr\u00e9sent\u00e9e par son conseil d\u2019administration actuellement en fonctions, partie d\u00e9fenderessecomparant par Ma\u00eetreR\u00e9gis SANTINI, avocat, demeurant \u00e0 Esch-sur-Alzette. F A I T S :<\/p>\n<p>A l\u2019appel de la cause \u00e0 l\u2019audience publique ordinaire des r\u00e9f\u00e9r\u00e9s dulundiapr\u00e8s-midi, 25 novembre 2024,Ma\u00eetre Agathe SEKROUN donna lecture de l\u2019assignation ci-avant transcrite et fut entendue en ses moyens. Ma\u00eetre R\u00e9gis SANTINI r\u00e9pliqua. Le juge des r\u00e9f\u00e9r\u00e9s prit l&#039;affaire en d\u00e9lib\u00e9r\u00e9 et rendit \u00e0 l\u2019audience publique extraordinaire des r\u00e9f\u00e9r\u00e9s de ce jour l\u2019 O R D O N N A N C E qui suit: Par exploit d\u2019huissier du 24 septembre 2024PERSONNE1.)a fait assigner la soci\u00e9t\u00e9 anonymeSOCIETE1.)S.A. \u00e0 compara\u00eetre devant le juge des r\u00e9f\u00e9r\u00e9s pour voir statuer conform\u00e9ment au dispositif de l\u2019assignation ci-avant transcrite. Il est constant en cause que par jugement du 14 juin 2022, confirm\u00e9 en instance d\u2019appel le 20 d\u00e9cembre 2023, la soci\u00e9t\u00e9 anonymeSOCIETE1.)S.A. a \u00e9t\u00e9 condamn\u00e9e \u00e0 recalculer le nombre de milli\u00e8me dans la copropri\u00e9t\u00e9 de l\u2019immeuble r\u00e9sidentiel d\u00e9nomm\u00e9 \u00abALIAS1.)\u00bb \u00e9tabli \u00e0 L-ADRESSE4.)\u00e0 compter de la signification de l\u2019ordonnance \u00e0 intervenir, le tout sous peine d\u2019astreinte de 1.500,-euros par jour de retard. Soutenant que la soci\u00e9t\u00e9 anonymeSOCIETE1.)S.A. n\u2019a pas ex\u00e9cut\u00e9 ledit jugement \u00e0 son encontre,PERSONNE1.)demande en r\u00e9f\u00e9r\u00e9,\u00e0 voir condamner la soci\u00e9t\u00e9 anonyme SOCIETE1.)S.A. \u00e0 s\u2019ex\u00e9cuter, \u00e0 savoir, recalculer le nombre de milli\u00e8me dans la copropri\u00e9t\u00e9 de l\u2019immeuble r\u00e9sidentiel d\u00e9nomm\u00e9 \u00abALIAS1.)\u00bb \u00e9tabli \u00e0 L-ADRESSE4.) \u00e0 compter de la signification de l\u2019ordonnance \u00e0 intervenir, le tout sous peine d\u2019astreinte de 1.500,-euros par jour de retard. Il est d\u2019abord \u00e0 relever que le juge des r\u00e9f\u00e9r\u00e9s n\u2019a pas pour mission de pr\u00eater main forte \u00e0 l\u2019ex\u00e9cution de la d\u00e9cision du 14 juin 2022. Par ailleurs, le simple refus par la soci\u00e9t\u00e9 anonymeSOCIETE1.)S.A. de s\u2019ex\u00e9cuter ne constitue pas une difficult\u00e9 d\u2019ex\u00e9cution au sens de l\u2019article 932 alin\u00e9a 2 du Nouveau code de proc\u00e9dure civile. La demande est partant \u00e0 d\u00e9clarer non fond\u00e9e. Eu \u00e9gard aux \u00e9l\u00e9ments de la cause il y a lieu de d\u00e9clarer la demande dePERSONNE1.) introduite sur base de l\u2019article 240 du NCPC non fond\u00e9e. P A R C E S M O T I F S<\/p>\n<p>Nous Fr\u00e9d\u00e9ric MERSCH, Vice-Pr\u00e9sident au Tribunal d&#039;arrondissement de et \u00e0 Luxembourg, si\u00e9geant comme juge des r\u00e9f\u00e9r\u00e9s, en remplacement du Pr\u00e9sident du Tribunal d&#039;arrondissement de et \u00e0 Luxembourg, statuant contradictoirement ; Nous d\u00e9clarons comp\u00e9tent pour en conna\u00eetre de la demande ; d\u00e9clarons la demande dePERSONNE1.)recevable mais non fond\u00e9e; partant, rejetons la demande dePERSONNE1.)en obtention d\u2019une indemnit\u00e9 de proc\u00e9dure; mettons les frais de l\u2019instance \u00e0 charge dePERSONNE1.); ordonnons l\u2019ex\u00e9cution provisoire de la pr\u00e9sente ordonnance nonobstant toute voie de recours.<\/p>\n<\/div>\n<hr class=\"kji-sep\" \/>\n<p class=\"kji-source-links\"><strong>Sources officielles :<\/strong> <a class=\"kji-source-link\" href=\"https:\/\/data.public.lu\/fr\/datasets\/tribunal-darrondissement-luxembourg-refere\/\" target=\"_blank\" rel=\"noopener noreferrer\">consulter la page source<\/a> &middot; <a class=\"kji-pdf-link\" href=\"https:\/\/download.data.public.lu\/resources\/tribunal-darrondissement-luxembourg-refere\/20250120-024230\/20241223-talref-tal-2024-08081-pseudonymise-accessible.pdf\" target=\"_blank\" rel=\"noopener noreferrer\">PDF officiel<\/a><\/p>\n<p class=\"kji-license-note\"><em>Licence CC BY-ND 4.0 (Administration judiciaire, data.public.lu). Republication autorisee avec attribution, sans modification editoriale du texte integral.<\/em><\/p>\n<\/div>\n","protected":false},"excerpt":{"rendered":"<p>No. R\u00f4le:TAL-2024-08081 No.2024TALREFO\/00556 du23 d\u00e9cembre2024 Audience publique extraordinaire des r\u00e9f\u00e9r\u00e9s dulundi,23 d\u00e9cembre2024, tenue par Nous Fr\u00e9d\u00e9ric MERSCH, Vice-Pr\u00e9sident au Tribunal d\u2019arrondissement de et \u00e0 Luxembourg, si\u00e9geant comme juge des r\u00e9f\u00e9r\u00e9s, en remplacementduPr\u00e9sidentdu Tribunal d\u2019arrondissement de et \u00e0 Luxembourg, assist\u00e9 du greffier Lo\u00efc PAVANT. DANS LA\u2026<\/p>\n","protected":false},"featured_media":0,"template":"","meta":{"_crdt_document":""},"kji_country":[8418],"kji_court":[23583],"kji_chamber":[18768],"kji_year":[8677],"kji_subject":[7646],"kji_keyword":[23584,8464,7636],"kji_language":[7733],"class_list":["post-639724","kji_decision","type-kji_decision","status-publish","hentry","kji_country-luxembourg","kji_court-tribunal-darrondissement","kji_chamber-refere","kji_year-8677","kji_subject-divers","kji_keyword-arrondissement","kji_keyword-decembre","kji_keyword-tribunal","kji_language-francais"],"yoast_head":"<!-- This site is optimized with the Yoast SEO Premium plugin v27.5 (Yoast SEO v27.5) - https:\/\/yoast.com\/product\/yoast-seo-premium-wordpress\/ -->\n<title>Tribunal d&#039;arrondissement, 23 d\u00e9cembre 2024, n\u00b0 2024-08081 - Ma\u00eetre Hassan Kohen, avocat en droit p\u00e9nal \u00e0 Paris<\/title>\n<meta name=\"robots\" content=\"index, follow, max-snippet:-1, max-image-preview:large, max-video-preview:-1\" \/>\n<link rel=\"canonical\" href=\"https:\/\/kohenavocats.com\/ru\/jurisprudences\/tribunal-darrondissement-23-decembre-2024-n-2024-08081\/\" \/>\n<meta property=\"og:locale\" content=\"ru_RU\" \/>\n<meta property=\"og:type\" content=\"article\" \/>\n<meta property=\"og:title\" content=\"Tribunal d&#039;arrondissement, 23 d\u00e9cembre 2024, n\u00b0 2024-08081\" \/>\n<meta property=\"og:description\" content=\"No. R\u00f4le:TAL-2024-08081 No.2024TALREFO\/00556 du23 d\u00e9cembre2024 Audience publique extraordinaire des r\u00e9f\u00e9r\u00e9s dulundi,23 d\u00e9cembre2024, tenue par Nous Fr\u00e9d\u00e9ric MERSCH, Vice-Pr\u00e9sident au Tribunal d\u2019arrondissement de et \u00e0 Luxembourg, si\u00e9geant comme juge des r\u00e9f\u00e9r\u00e9s, en remplacementduPr\u00e9sidentdu Tribunal d\u2019arrondissement de et \u00e0 Luxembourg, assist\u00e9 du greffier Lo\u00efc PAVANT. DANS LA\u2026\" \/>\n<meta property=\"og:url\" content=\"https:\/\/kohenavocats.com\/ru\/jurisprudences\/tribunal-darrondissement-23-decembre-2024-n-2024-08081\/\" \/>\n<meta property=\"og:site_name\" content=\"Ma\u00eetre Hassan Kohen, avocat en droit p\u00e9nal \u00e0 Paris\" \/>\n<meta property=\"article:modified_time\" content=\"2026-04-21T18:30:50+00:00\" \/>\n<meta name=\"twitter:card\" content=\"summary_large_image\" \/>\n<meta name=\"twitter:label1\" content=\"\u041f\u0440\u0438\u043c\u0435\u0440\u043d\u043e\u0435 \u0432\u0440\u0435\u043c\u044f \u0434\u043b\u044f \u0447\u0442\u0435\u043d\u0438\u044f\" \/>\n\t<meta name=\"twitter:data1\" content=\"3 \u043c\u0438\u043d\u0443\u0442\u044b\" \/>\n<script type=\"application\/ld+json\" class=\"yoast-schema-graph\">{\"@context\":\"https:\\\/\\\/schema.org\",\"@graph\":[{\"@type\":\"WebPage\",\"@id\":\"https:\\\/\\\/kohenavocats.com\\\/ru\\\/jurisprudences\\\/tribunal-darrondissement-23-decembre-2024-n-2024-08081\\\/\",\"url\":\"https:\\\/\\\/kohenavocats.com\\\/ru\\\/jurisprudences\\\/tribunal-darrondissement-23-decembre-2024-n-2024-08081\\\/\",\"name\":\"Tribunal d'arrondissement, 23 d\u00e9cembre 2024, n\u00b0 2024-08081 - Ma\u00eetre Hassan Kohen, avocat en droit p\u00e9nal \u00e0 Paris\",\"isPartOf\":{\"@id\":\"https:\\\/\\\/kohenavocats.com\\\/ru\\\/#website\"},\"datePublished\":\"2026-04-21T18:30:45+00:00\",\"dateModified\":\"2026-04-21T18:30:50+00:00\",\"breadcrumb\":{\"@id\":\"https:\\\/\\\/kohenavocats.com\\\/ru\\\/jurisprudences\\\/tribunal-darrondissement-23-decembre-2024-n-2024-08081\\\/#breadcrumb\"},\"inLanguage\":\"ru-RU\",\"potentialAction\":[{\"@type\":\"ReadAction\",\"target\":[\"https:\\\/\\\/kohenavocats.com\\\/ru\\\/jurisprudences\\\/tribunal-darrondissement-23-decembre-2024-n-2024-08081\\\/\"]}]},{\"@type\":\"BreadcrumbList\",\"@id\":\"https:\\\/\\\/kohenavocats.com\\\/ru\\\/jurisprudences\\\/tribunal-darrondissement-23-decembre-2024-n-2024-08081\\\/#breadcrumb\",\"itemListElement\":[{\"@type\":\"ListItem\",\"position\":1,\"name\":\"Home\",\"item\":\"https:\\\/\\\/kohenavocats.com\\\/ru\\\/avocats-en-droit-penal-a-paris-conseil-et-defense-strategique\\\/\"},{\"@type\":\"ListItem\",\"position\":2,\"name\":\"Jurisprudences\",\"item\":\"https:\\\/\\\/kohenavocats.com\\\/ru\\\/jurisprudences\\\/\"},{\"@type\":\"ListItem\",\"position\":3,\"name\":\"Tribunal d&rsquo;arrondissement, 23 d\u00e9cembre 2024, n\u00b0 2024-08081\"}]},{\"@type\":\"WebSite\",\"@id\":\"https:\\\/\\\/kohenavocats.com\\\/ru\\\/#website\",\"url\":\"https:\\\/\\\/kohenavocats.com\\\/ru\\\/\",\"name\":\"Kohen Avocats\",\"description\":\"Ma\u00eetre Hassan Kohen, avocat p\u00e9naliste \u00e0 Paris, intervient exclusivement en droit p\u00e9nal pour la d\u00e9fense des particuliers, notamment en mati\u00e8re d\u2019accusations de viol. Il assure un accompagnement rigoureux d\u00e8s la garde \u00e0 vue jusqu\u2019\u00e0 la Cour d\u2019assises, veillant au strict respect des garanties proc\u00e9durales.\",\"publisher\":{\"@id\":\"https:\\\/\\\/kohenavocats.com\\\/ru\\\/#organization\"},\"potentialAction\":[{\"@type\":\"SearchAction\",\"target\":{\"@type\":\"EntryPoint\",\"urlTemplate\":\"https:\\\/\\\/kohenavocats.com\\\/ru\\\/?s={search_term_string}\"},\"query-input\":{\"@type\":\"PropertyValueSpecification\",\"valueRequired\":true,\"valueName\":\"search_term_string\"}}],\"inLanguage\":\"ru-RU\"},{\"@type\":\"Organization\",\"@id\":\"https:\\\/\\\/kohenavocats.com\\\/ru\\\/#organization\",\"name\":\"Kohen Avocats\",\"url\":\"https:\\\/\\\/kohenavocats.com\\\/ru\\\/\",\"logo\":{\"@type\":\"ImageObject\",\"inLanguage\":\"ru-RU\",\"@id\":\"https:\\\/\\\/kohenavocats.com\\\/ru\\\/#\\\/schema\\\/logo\\\/image\\\/\",\"url\":\"https:\\\/\\\/kohenavocats.com\\\/wp-content\\\/uploads\\\/2026\\\/01\\\/Logo-2-1.webp\",\"contentUrl\":\"https:\\\/\\\/kohenavocats.com\\\/wp-content\\\/uploads\\\/2026\\\/01\\\/Logo-2-1.webp\",\"width\":2114,\"height\":1253,\"caption\":\"Kohen Avocats\"},\"image\":{\"@id\":\"https:\\\/\\\/kohenavocats.com\\\/ru\\\/#\\\/schema\\\/logo\\\/image\\\/\"}}]}<\/script>\n<!-- \/ Yoast SEO Premium plugin. -->","yoast_head_json":{"title":"Tribunal d'arrondissement, 23 d\u00e9cembre 2024, n\u00b0 2024-08081 - Ma\u00eetre Hassan Kohen, avocat en droit p\u00e9nal \u00e0 Paris","robots":{"index":"index","follow":"follow","max-snippet":"max-snippet:-1","max-image-preview":"max-image-preview:large","max-video-preview":"max-video-preview:-1"},"canonical":"https:\/\/kohenavocats.com\/ru\/jurisprudences\/tribunal-darrondissement-23-decembre-2024-n-2024-08081\/","og_locale":"ru_RU","og_type":"article","og_title":"Tribunal d'arrondissement, 23 d\u00e9cembre 2024, n\u00b0 2024-08081","og_description":"No. R\u00f4le:TAL-2024-08081 No.2024TALREFO\/00556 du23 d\u00e9cembre2024 Audience publique extraordinaire des r\u00e9f\u00e9r\u00e9s dulundi,23 d\u00e9cembre2024, tenue par Nous Fr\u00e9d\u00e9ric MERSCH, Vice-Pr\u00e9sident au Tribunal d\u2019arrondissement de et \u00e0 Luxembourg, si\u00e9geant comme juge des r\u00e9f\u00e9r\u00e9s, en remplacementduPr\u00e9sidentdu Tribunal d\u2019arrondissement de et \u00e0 Luxembourg, assist\u00e9 du greffier Lo\u00efc PAVANT. DANS LA\u2026","og_url":"https:\/\/kohenavocats.com\/ru\/jurisprudences\/tribunal-darrondissement-23-decembre-2024-n-2024-08081\/","og_site_name":"Ma\u00eetre Hassan Kohen, avocat en droit p\u00e9nal \u00e0 Paris","article_modified_time":"2026-04-21T18:30:50+00:00","twitter_card":"summary_large_image","twitter_misc":{"\u041f\u0440\u0438\u043c\u0435\u0440\u043d\u043e\u0435 \u0432\u0440\u0435\u043c\u044f \u0434\u043b\u044f \u0447\u0442\u0435\u043d\u0438\u044f":"3 \u043c\u0438\u043d\u0443\u0442\u044b"},"schema":{"@context":"https:\/\/schema.org","@graph":[{"@type":"WebPage","@id":"https:\/\/kohenavocats.com\/ru\/jurisprudences\/tribunal-darrondissement-23-decembre-2024-n-2024-08081\/","url":"https:\/\/kohenavocats.com\/ru\/jurisprudences\/tribunal-darrondissement-23-decembre-2024-n-2024-08081\/","name":"Tribunal d'arrondissement, 23 d\u00e9cembre 2024, n\u00b0 2024-08081 - Ma\u00eetre Hassan Kohen, avocat en droit p\u00e9nal \u00e0 Paris","isPartOf":{"@id":"https:\/\/kohenavocats.com\/ru\/#website"},"datePublished":"2026-04-21T18:30:45+00:00","dateModified":"2026-04-21T18:30:50+00:00","breadcrumb":{"@id":"https:\/\/kohenavocats.com\/ru\/jurisprudences\/tribunal-darrondissement-23-decembre-2024-n-2024-08081\/#breadcrumb"},"inLanguage":"ru-RU","potentialAction":[{"@type":"ReadAction","target":["https:\/\/kohenavocats.com\/ru\/jurisprudences\/tribunal-darrondissement-23-decembre-2024-n-2024-08081\/"]}]},{"@type":"BreadcrumbList","@id":"https:\/\/kohenavocats.com\/ru\/jurisprudences\/tribunal-darrondissement-23-decembre-2024-n-2024-08081\/#breadcrumb","itemListElement":[{"@type":"ListItem","position":1,"name":"Home","item":"https:\/\/kohenavocats.com\/ru\/avocats-en-droit-penal-a-paris-conseil-et-defense-strategique\/"},{"@type":"ListItem","position":2,"name":"Jurisprudences","item":"https:\/\/kohenavocats.com\/ru\/jurisprudences\/"},{"@type":"ListItem","position":3,"name":"Tribunal d&rsquo;arrondissement, 23 d\u00e9cembre 2024, n\u00b0 2024-08081"}]},{"@type":"WebSite","@id":"https:\/\/kohenavocats.com\/ru\/#website","url":"https:\/\/kohenavocats.com\/ru\/","name":"Kohen Avocats","description":"Ma\u00eetre Hassan Kohen, avocat p\u00e9naliste \u00e0 Paris, intervient exclusivement en droit p\u00e9nal pour la d\u00e9fense des particuliers, notamment en mati\u00e8re d\u2019accusations de viol. Il assure un accompagnement rigoureux d\u00e8s la garde \u00e0 vue jusqu\u2019\u00e0 la Cour d\u2019assises, veillant au strict respect des garanties proc\u00e9durales.","publisher":{"@id":"https:\/\/kohenavocats.com\/ru\/#organization"},"potentialAction":[{"@type":"SearchAction","target":{"@type":"EntryPoint","urlTemplate":"https:\/\/kohenavocats.com\/ru\/?s={search_term_string}"},"query-input":{"@type":"PropertyValueSpecification","valueRequired":true,"valueName":"search_term_string"}}],"inLanguage":"ru-RU"},{"@type":"Organization","@id":"https:\/\/kohenavocats.com\/ru\/#organization","name":"Kohen Avocats","url":"https:\/\/kohenavocats.com\/ru\/","logo":{"@type":"ImageObject","inLanguage":"ru-RU","@id":"https:\/\/kohenavocats.com\/ru\/#\/schema\/logo\/image\/","url":"https:\/\/kohenavocats.com\/wp-content\/uploads\/2026\/01\/Logo-2-1.webp","contentUrl":"https:\/\/kohenavocats.com\/wp-content\/uploads\/2026\/01\/Logo-2-1.webp","width":2114,"height":1253,"caption":"Kohen Avocats"},"image":{"@id":"https:\/\/kohenavocats.com\/ru\/#\/schema\/logo\/image\/"}}]}},"jetpack_likes_enabled":false,"jetpack_sharing_enabled":true,"_links":{"self":[{"href":"https:\/\/kohenavocats.com\/ru\/wp-json\/wp\/v2\/kji_decision\/639724","targetHints":{"allow":["GET"]}}],"collection":[{"href":"https:\/\/kohenavocats.com\/ru\/wp-json\/wp\/v2\/kji_decision"}],"about":[{"href":"https:\/\/kohenavocats.com\/ru\/wp-json\/wp\/v2\/types\/kji_decision"}],"wp:attachment":[{"href":"https:\/\/kohenavocats.com\/ru\/wp-json\/wp\/v2\/media?parent=639724"}],"wp:term":[{"taxonomy":"kji_country","embeddable":true,"href":"https:\/\/kohenavocats.com\/ru\/wp-json\/wp\/v2\/kji_country?post=639724"},{"taxonomy":"kji_court","embeddable":true,"href":"https:\/\/kohenavocats.com\/ru\/wp-json\/wp\/v2\/kji_court?post=639724"},{"taxonomy":"kji_chamber","embeddable":true,"href":"https:\/\/kohenavocats.com\/ru\/wp-json\/wp\/v2\/kji_chamber?post=639724"},{"taxonomy":"kji_year","embeddable":true,"href":"https:\/\/kohenavocats.com\/ru\/wp-json\/wp\/v2\/kji_year?post=639724"},{"taxonomy":"kji_subject","embeddable":true,"href":"https:\/\/kohenavocats.com\/ru\/wp-json\/wp\/v2\/kji_subject?post=639724"},{"taxonomy":"kji_keyword","embeddable":true,"href":"https:\/\/kohenavocats.com\/ru\/wp-json\/wp\/v2\/kji_keyword?post=639724"},{"taxonomy":"kji_language","embeddable":true,"href":"https:\/\/kohenavocats.com\/ru\/wp-json\/wp\/v2\/kji_language?post=639724"}],"curies":[{"name":"wp","href":"https:\/\/api.w.org\/{rel}","templated":true}]}}