{"id":640065,"date":"2026-04-21T21:09:24","date_gmt":"2026-04-21T19:09:24","guid":{"rendered":"https:\/\/kohenavocats.com\/jurisprudences\/tribunal-darrondissement-13-septembre-2024-n-2024-04738\/"},"modified":"2026-04-21T21:09:28","modified_gmt":"2026-04-21T19:09:28","slug":"tribunal-darrondissement-13-septembre-2024-n-2024-04738","status":"publish","type":"kji_decision","link":"https:\/\/kohenavocats.com\/ru\/jurisprudences\/tribunal-darrondissement-13-septembre-2024-n-2024-04738\/","title":{"rendered":"Tribunal d&#8217;arrondissement, 13 septembre 2024, n\u00b0 2024-04738"},"content":{"rendered":"<div class=\"kji-decision\">\n<div class=\"kji-full-text\">\n<p>No. R\u00f4le:TAL-2024-04738 No.2024TALREFO\/00400 du13 septembre2024 Audience publique extraordinairede vacationdes r\u00e9f\u00e9r\u00e9s duvendredi, 13 septembre 2024, tenue par NousPhilippe WADL\u00c9,premierjuge au Tribunal d\u2019arrondissement de et \u00e0 Luxembourg, si\u00e9geant comme juge des r\u00e9f\u00e9r\u00e9s, en remplacementduPr\u00e9sident du Tribunal d\u2019arrondissement de et \u00e0 Luxembourg, assist\u00e9 de la greffi\u00e8re assum\u00e9e Carole STARCK. DANS LA CAUSE E N T R E la soci\u00e9t\u00e9 anonymeSOCIETE1.)S.A., \u00e9tablie et ayant son si\u00e8ge social \u00e0 L-ADRESSE1.),inscrite au registre de commerce et des soci\u00e9t\u00e9s de Luxembourg sous le num\u00e9roNUMERO1.), repr\u00e9sent\u00e9e par son conseil d\u2019administration actuellement en fonctions, \u00e9lisant domicile en l\u2019\u00e9tude de Ma\u00eetreMathias PONCIN, avocat, demeurant professionnellement\u00e0L-1470Luxembourg,7-11, route d\u2019Esch, partie demanderessecomparant parMa\u00eetreAssiaBEHAT,avocat, en remplacement de Ma\u00eetre Mathias PONCIN, avocat, les deux demeurant \u00e0 Luxembourg, E T PERSONNE1.),demeurant \u00e0L-ADRESSE2.), partie d\u00e9fenderessecomparant par la soci\u00e9t\u00e9 GROSS &amp; ASSOCIES S.\u00e0 r.l., repr\u00e9sent\u00e9e parMa\u00eetreJ\u00e9r\u00e9my BERNARD, avocat, en remplacement de Ma\u00eetreDavid GROSS,avocat, les deux demeurant \u00e0Luxembourg. F A I T S :<\/p>\n<p>A l\u2019appel de la cause \u00e0 l\u2019audience publiquede vacation des r\u00e9f\u00e9r\u00e9sordinairesdulundi matin,9 septembre 2024, Ma\u00eetreAssiaBEHATdonna lecture de l\u2019assignation ci-avant transcrite et exposa ses moyens. Ma\u00eetreJ\u00e9r\u00e9my BERNARDfut entendu en sesmoyens et explications. Sur ce le juge prit l\u2019affaire en d\u00e9lib\u00e9r\u00e9 et rendit \u00e0 l\u2019audience publique extraordinairede vacationdes r\u00e9f\u00e9r\u00e9s de ce jour l\u2019 O R D O N N A N C E qui suit: Par exploit d\u2019huissier de justice du 10 juin 2024,la soci\u00e9t\u00e9 anonymeSOCIETE1.)S.A. (ci-apr\u00e8s \u00abla soci\u00e9t\u00e9SOCIETE1.)\u00bb)a fait donner assignation \u00e0PERSONNE1.)\u00e0 compara\u00eetre devant le Pr\u00e9sident du Tribunal d\u2019arrondissement de et \u00e0 Luxembourg, si\u00e9geant comme juge des r\u00e9f\u00e9r\u00e9s,aux fins devoir condamner ce dernier, en sa qualit\u00e9 de caution solidaire et indivisible de la soci\u00e9t\u00e9\u00e0 responsabilit\u00e9 limit\u00e9eSOCIETE2.)S.\u00e0 r.l.(anciennementSOCIETE3.)S.\u00e0 r.l.) (ci-apr\u00e8s \u00abla soci\u00e9t\u00e9SOCIETE2.)\u00bb), au paiement du montant de16.697,35.-eurosavec les int\u00e9r\u00eats conventionnels au taux annuel de 14,25% \u00e0 compter du 1 er janvier 2024, sinonavec les int\u00e9r\u00eats l\u00e9gaux \u00e0 compter du 1 er janvier 2024,sinonavec les int\u00e9r\u00eats l\u00e9gaux\u00e0 compter de l\u2019assignation en justice, etjusqu\u2019\u00e0 solde. A l\u2019appui de sa demande, la soci\u00e9t\u00e9SOCIETE1.)se pr\u00e9vaut d\u2019une ouverture de cr\u00e9dit, d\u2019unmontant principal de 15.000,-euros et portant des int\u00e9r\u00eats d\u00e9biteurs de 4,20%, consentie le22 septembre 2021\u00e0la soci\u00e9t\u00e9SOCIETE2.), etpour laquelle PERSONNE1.)s\u2019est port\u00e9 caution solidaire et indivisible.La soci\u00e9t\u00e9SOCIETE2.)ayant \u00e9t\u00e9 d\u00e9clar\u00e9e en \u00e9tat de faillite par jugement du 12 juin 2023 etPERSONNE1.)\u00e9tantrest\u00e9 en d\u00e9faut de rembourser le pr\u00eat,malgr\u00e9 mise en demeure,la soci\u00e9t\u00e9SOCIETE1.) souhaite actuellement proc\u00e9der au recouvrement judiciaire de sa cr\u00e9ance. Aux termes de l\u2019article 933, alin\u00e9a 2 du Nouveau Code de proc\u00e9dure civilele juge des r\u00e9f\u00e9r\u00e9s peut accorder une provision au cr\u00e9ancier dans le cas o\u00f9 l\u2019existence de l\u2019obligation n\u2019est pas s\u00e9rieusement contestable. La contestation s\u00e9rieuse fait obstacle au pouvoir du juge des r\u00e9f\u00e9r\u00e9s. Celle-ci existe d\u00e8s lors que l\u2019un des moyens de d\u00e9fense oppos\u00e9 \u00e0 la pr\u00e9tention de celui qui s\u2019appuie sur un droit n\u2019est pas manifestement vain, d\u00e8s lors autrement dit qu\u2019il existe une incertitude, si faible soit elle, sur le sens dans lequel trancherait le juge du fond, s\u2019il venait \u00e0 en \u00eatre saisi. La contestation s\u00e9rieuse est partant celle que le juge ne peut pas rejeter sans h\u00e9sitations en quelques mots. A l\u2019audience publique du 9 septembre 2024, les parties ontfait savoirqu\u2019elles onttrouv\u00e9 un accord concernant les modalit\u00e9s de paiement de la dette dePERSONNE1.). Ce<\/p>\n<p>dernier a d\u00e9clar\u00e9 qu\u2019il ne conteste pas la cr\u00e9ance invoqu\u00e9e par la soci\u00e9t\u00e9SOCIETE1.)et qu\u2019il ne s\u2019opposepartant pas \u00e0 la demande en condamnation dirig\u00e9e \u00e0 son encontre. Les parties ont encore d\u00e9clar\u00e9 qu\u2019elles sont tomb\u00e9es d\u2019accord \u00e0 ce que la somme r\u00e9clam\u00e9e par la soci\u00e9t\u00e9SOCIETE1.)porte des int\u00e9r\u00eats de retard au taux l\u00e9gal\u00e0 compter du10 juin 2024, date de signification de l\u2019assignation introductive d\u2019instance,jusqu\u2019\u00e0 solde. Au vu des pi\u00e8cesvers\u00e9espar la soci\u00e9t\u00e9SOCIETE1.)et\u00e0 d\u00e9fautde toute contestation \u00e9mise parPERSONNE1.), il y a lieu de faire droit \u00e0 la demande en obtentiond\u2019une provision. P A R C E S M O T I F S Nous Philippe WADL\u00c9, premier juge au Tribunal d\u2019arrondissement de et \u00e0 Luxembourg, si\u00e9geant comme juge des r\u00e9f\u00e9r\u00e9s, en remplacement du Pr\u00e9sident du Tribunal d\u2019arrondissement de et \u00e0 Luxembourg,statuant contradictoirement, recevons la demande en la forme ; Nous d\u00e9clarons comp\u00e9tent pour en conna\u00eetre ; au principal renvoyons les parties \u00e0 se pourvoir devant qui de droit, mais d\u00e8s \u00e0 pr\u00e9sent et par provision, condamnonsPERSONNE1.)\u00e0 payer \u00e0 la soci\u00e9t\u00e9 anonymeSOCIETE1.)S.A. le montant de16.697,35.-eurosavec les int\u00e9r\u00eats l\u00e9gaux \u00e0 partir du 10 juin 2024 jusqu\u2019\u00e0 solde; ordonnonsl\u2019ex\u00e9cution provisoire de la pr\u00e9sente ordonnance nonobstant toute voie de recours et sans caution ; condamnonsPERSONNE1.)aux frais et d\u00e9pens de l\u2019instance.<\/p>\n<\/div>\n<hr class=\"kji-sep\" \/>\n<p class=\"kji-source-links\"><strong>Sources officielles :<\/strong> <a class=\"kji-source-link\" href=\"https:\/\/data.public.lu\/fr\/datasets\/tribunal-darrondissement-luxembourg-refere\/\" target=\"_blank\" rel=\"noopener noreferrer\">consulter la page source<\/a> &middot; <a class=\"kji-pdf-link\" href=\"https:\/\/download.data.public.lu\/resources\/tribunal-darrondissement-luxembourg-refere\/20241007-094016\/20240913-talref-tal-2024-04738-pseudonymise-accessible.pdf\" target=\"_blank\" rel=\"noopener noreferrer\">PDF officiel<\/a><\/p>\n<p class=\"kji-license-note\"><em>Licence CC BY-ND 4.0 (Administration judiciaire, data.public.lu). Republication autorisee avec attribution, sans modification editoriale du texte integral.<\/em><\/p>\n<\/div>\n","protected":false},"excerpt":{"rendered":"<p>No. R\u00f4le:TAL-2024-04738 No.2024TALREFO\/00400 du13 septembre2024 Audience publique extraordinairede vacationdes r\u00e9f\u00e9r\u00e9s duvendredi, 13 septembre 2024, tenue par NousPhilippe WADL\u00c9,premierjuge au Tribunal d\u2019arrondissement de et \u00e0 Luxembourg, si\u00e9geant comme juge des r\u00e9f\u00e9r\u00e9s, en remplacementduPr\u00e9sident du Tribunal d\u2019arrondissement de et \u00e0 Luxembourg, assist\u00e9 de la greffi\u00e8re assum\u00e9e Carole\u2026<\/p>\n","protected":false},"featured_media":0,"template":"","meta":{"_crdt_document":""},"kji_country":[8418],"kji_court":[23583],"kji_chamber":[18768],"kji_year":[8677],"kji_subject":[7646],"kji_keyword":[23584,15227,7636],"kji_language":[7733],"class_list":["post-640065","kji_decision","type-kji_decision","status-publish","hentry","kji_country-luxembourg","kji_court-tribunal-darrondissement","kji_chamber-refere","kji_year-8677","kji_subject-divers","kji_keyword-arrondissement","kji_keyword-septembre","kji_keyword-tribunal","kji_language-francais"],"yoast_head":"<!-- This site is optimized with the Yoast SEO Premium plugin v27.5 (Yoast SEO v27.5) - https:\/\/yoast.com\/product\/yoast-seo-premium-wordpress\/ -->\n<title>Tribunal d&#039;arrondissement, 13 septembre 2024, n\u00b0 2024-04738 - Ma\u00eetre Hassan Kohen, avocat en droit p\u00e9nal \u00e0 Paris<\/title>\n<meta name=\"robots\" content=\"index, follow, max-snippet:-1, max-image-preview:large, max-video-preview:-1\" \/>\n<link rel=\"canonical\" href=\"https:\/\/kohenavocats.com\/ru\/jurisprudences\/tribunal-darrondissement-13-septembre-2024-n-2024-04738\/\" \/>\n<meta property=\"og:locale\" content=\"ru_RU\" \/>\n<meta property=\"og:type\" content=\"article\" \/>\n<meta property=\"og:title\" content=\"Tribunal d&#039;arrondissement, 13 septembre 2024, n\u00b0 2024-04738\" \/>\n<meta property=\"og:description\" content=\"No. R\u00f4le:TAL-2024-04738 No.2024TALREFO\/00400 du13 septembre2024 Audience publique extraordinairede vacationdes r\u00e9f\u00e9r\u00e9s duvendredi, 13 septembre 2024, tenue par NousPhilippe WADL\u00c9,premierjuge au Tribunal d\u2019arrondissement de et \u00e0 Luxembourg, si\u00e9geant comme juge des r\u00e9f\u00e9r\u00e9s, en remplacementduPr\u00e9sident du Tribunal d\u2019arrondissement de et \u00e0 Luxembourg, assist\u00e9 de la greffi\u00e8re assum\u00e9e Carole\u2026\" \/>\n<meta property=\"og:url\" content=\"https:\/\/kohenavocats.com\/ru\/jurisprudences\/tribunal-darrondissement-13-septembre-2024-n-2024-04738\/\" \/>\n<meta property=\"og:site_name\" content=\"Ma\u00eetre Hassan Kohen, avocat en droit p\u00e9nal \u00e0 Paris\" \/>\n<meta property=\"article:modified_time\" content=\"2026-04-21T19:09:28+00:00\" \/>\n<meta name=\"twitter:card\" content=\"summary_large_image\" \/>\n<meta name=\"twitter:label1\" content=\"\u041f\u0440\u0438\u043c\u0435\u0440\u043d\u043e\u0435 \u0432\u0440\u0435\u043c\u044f \u0434\u043b\u044f \u0447\u0442\u0435\u043d\u0438\u044f\" \/>\n\t<meta name=\"twitter:data1\" content=\"5 \u043c\u0438\u043d\u0443\u0442\" \/>\n<script type=\"application\/ld+json\" class=\"yoast-schema-graph\">{\"@context\":\"https:\\\/\\\/schema.org\",\"@graph\":[{\"@type\":\"WebPage\",\"@id\":\"https:\\\/\\\/kohenavocats.com\\\/ru\\\/jurisprudences\\\/tribunal-darrondissement-13-septembre-2024-n-2024-04738\\\/\",\"url\":\"https:\\\/\\\/kohenavocats.com\\\/ru\\\/jurisprudences\\\/tribunal-darrondissement-13-septembre-2024-n-2024-04738\\\/\",\"name\":\"Tribunal d'arrondissement, 13 septembre 2024, n\u00b0 2024-04738 - Ma\u00eetre Hassan Kohen, avocat en droit p\u00e9nal \u00e0 Paris\",\"isPartOf\":{\"@id\":\"https:\\\/\\\/kohenavocats.com\\\/ru\\\/#website\"},\"datePublished\":\"2026-04-21T19:09:24+00:00\",\"dateModified\":\"2026-04-21T19:09:28+00:00\",\"breadcrumb\":{\"@id\":\"https:\\\/\\\/kohenavocats.com\\\/ru\\\/jurisprudences\\\/tribunal-darrondissement-13-septembre-2024-n-2024-04738\\\/#breadcrumb\"},\"inLanguage\":\"ru-RU\",\"potentialAction\":[{\"@type\":\"ReadAction\",\"target\":[\"https:\\\/\\\/kohenavocats.com\\\/ru\\\/jurisprudences\\\/tribunal-darrondissement-13-septembre-2024-n-2024-04738\\\/\"]}]},{\"@type\":\"BreadcrumbList\",\"@id\":\"https:\\\/\\\/kohenavocats.com\\\/ru\\\/jurisprudences\\\/tribunal-darrondissement-13-septembre-2024-n-2024-04738\\\/#breadcrumb\",\"itemListElement\":[{\"@type\":\"ListItem\",\"position\":1,\"name\":\"Home\",\"item\":\"https:\\\/\\\/kohenavocats.com\\\/ru\\\/avocats-en-droit-penal-a-paris-conseil-et-defense-strategique\\\/\"},{\"@type\":\"ListItem\",\"position\":2,\"name\":\"Jurisprudences\",\"item\":\"https:\\\/\\\/kohenavocats.com\\\/ru\\\/jurisprudences\\\/\"},{\"@type\":\"ListItem\",\"position\":3,\"name\":\"Tribunal d&rsquo;arrondissement, 13 septembre 2024, n\u00b0 2024-04738\"}]},{\"@type\":\"WebSite\",\"@id\":\"https:\\\/\\\/kohenavocats.com\\\/ru\\\/#website\",\"url\":\"https:\\\/\\\/kohenavocats.com\\\/ru\\\/\",\"name\":\"Kohen Avocats\",\"description\":\"Ma\u00eetre Hassan Kohen, avocat p\u00e9naliste \u00e0 Paris, intervient exclusivement en droit p\u00e9nal pour la d\u00e9fense des particuliers, notamment en mati\u00e8re d\u2019accusations de viol. Il assure un accompagnement rigoureux d\u00e8s la garde \u00e0 vue jusqu\u2019\u00e0 la Cour d\u2019assises, veillant au strict respect des garanties proc\u00e9durales.\",\"publisher\":{\"@id\":\"https:\\\/\\\/kohenavocats.com\\\/ru\\\/#organization\"},\"potentialAction\":[{\"@type\":\"SearchAction\",\"target\":{\"@type\":\"EntryPoint\",\"urlTemplate\":\"https:\\\/\\\/kohenavocats.com\\\/ru\\\/?s={search_term_string}\"},\"query-input\":{\"@type\":\"PropertyValueSpecification\",\"valueRequired\":true,\"valueName\":\"search_term_string\"}}],\"inLanguage\":\"ru-RU\"},{\"@type\":\"Organization\",\"@id\":\"https:\\\/\\\/kohenavocats.com\\\/ru\\\/#organization\",\"name\":\"Kohen Avocats\",\"url\":\"https:\\\/\\\/kohenavocats.com\\\/ru\\\/\",\"logo\":{\"@type\":\"ImageObject\",\"inLanguage\":\"ru-RU\",\"@id\":\"https:\\\/\\\/kohenavocats.com\\\/ru\\\/#\\\/schema\\\/logo\\\/image\\\/\",\"url\":\"https:\\\/\\\/kohenavocats.com\\\/wp-content\\\/uploads\\\/2026\\\/01\\\/Logo-2-1.webp\",\"contentUrl\":\"https:\\\/\\\/kohenavocats.com\\\/wp-content\\\/uploads\\\/2026\\\/01\\\/Logo-2-1.webp\",\"width\":2114,\"height\":1253,\"caption\":\"Kohen Avocats\"},\"image\":{\"@id\":\"https:\\\/\\\/kohenavocats.com\\\/ru\\\/#\\\/schema\\\/logo\\\/image\\\/\"}}]}<\/script>\n<!-- \/ Yoast SEO Premium plugin. -->","yoast_head_json":{"title":"Tribunal d'arrondissement, 13 septembre 2024, n\u00b0 2024-04738 - Ma\u00eetre Hassan Kohen, avocat en droit p\u00e9nal \u00e0 Paris","robots":{"index":"index","follow":"follow","max-snippet":"max-snippet:-1","max-image-preview":"max-image-preview:large","max-video-preview":"max-video-preview:-1"},"canonical":"https:\/\/kohenavocats.com\/ru\/jurisprudences\/tribunal-darrondissement-13-septembre-2024-n-2024-04738\/","og_locale":"ru_RU","og_type":"article","og_title":"Tribunal d'arrondissement, 13 septembre 2024, n\u00b0 2024-04738","og_description":"No. R\u00f4le:TAL-2024-04738 No.2024TALREFO\/00400 du13 septembre2024 Audience publique extraordinairede vacationdes r\u00e9f\u00e9r\u00e9s duvendredi, 13 septembre 2024, tenue par NousPhilippe WADL\u00c9,premierjuge au Tribunal d\u2019arrondissement de et \u00e0 Luxembourg, si\u00e9geant comme juge des r\u00e9f\u00e9r\u00e9s, en remplacementduPr\u00e9sident du Tribunal d\u2019arrondissement de et \u00e0 Luxembourg, assist\u00e9 de la greffi\u00e8re assum\u00e9e Carole\u2026","og_url":"https:\/\/kohenavocats.com\/ru\/jurisprudences\/tribunal-darrondissement-13-septembre-2024-n-2024-04738\/","og_site_name":"Ma\u00eetre Hassan Kohen, avocat en droit p\u00e9nal \u00e0 Paris","article_modified_time":"2026-04-21T19:09:28+00:00","twitter_card":"summary_large_image","twitter_misc":{"\u041f\u0440\u0438\u043c\u0435\u0440\u043d\u043e\u0435 \u0432\u0440\u0435\u043c\u044f \u0434\u043b\u044f \u0447\u0442\u0435\u043d\u0438\u044f":"5 \u043c\u0438\u043d\u0443\u0442"},"schema":{"@context":"https:\/\/schema.org","@graph":[{"@type":"WebPage","@id":"https:\/\/kohenavocats.com\/ru\/jurisprudences\/tribunal-darrondissement-13-septembre-2024-n-2024-04738\/","url":"https:\/\/kohenavocats.com\/ru\/jurisprudences\/tribunal-darrondissement-13-septembre-2024-n-2024-04738\/","name":"Tribunal d'arrondissement, 13 septembre 2024, n\u00b0 2024-04738 - Ma\u00eetre Hassan Kohen, avocat en droit p\u00e9nal \u00e0 Paris","isPartOf":{"@id":"https:\/\/kohenavocats.com\/ru\/#website"},"datePublished":"2026-04-21T19:09:24+00:00","dateModified":"2026-04-21T19:09:28+00:00","breadcrumb":{"@id":"https:\/\/kohenavocats.com\/ru\/jurisprudences\/tribunal-darrondissement-13-septembre-2024-n-2024-04738\/#breadcrumb"},"inLanguage":"ru-RU","potentialAction":[{"@type":"ReadAction","target":["https:\/\/kohenavocats.com\/ru\/jurisprudences\/tribunal-darrondissement-13-septembre-2024-n-2024-04738\/"]}]},{"@type":"BreadcrumbList","@id":"https:\/\/kohenavocats.com\/ru\/jurisprudences\/tribunal-darrondissement-13-septembre-2024-n-2024-04738\/#breadcrumb","itemListElement":[{"@type":"ListItem","position":1,"name":"Home","item":"https:\/\/kohenavocats.com\/ru\/avocats-en-droit-penal-a-paris-conseil-et-defense-strategique\/"},{"@type":"ListItem","position":2,"name":"Jurisprudences","item":"https:\/\/kohenavocats.com\/ru\/jurisprudences\/"},{"@type":"ListItem","position":3,"name":"Tribunal d&rsquo;arrondissement, 13 septembre 2024, n\u00b0 2024-04738"}]},{"@type":"WebSite","@id":"https:\/\/kohenavocats.com\/ru\/#website","url":"https:\/\/kohenavocats.com\/ru\/","name":"Kohen Avocats","description":"Ma\u00eetre Hassan Kohen, avocat p\u00e9naliste \u00e0 Paris, intervient exclusivement en droit p\u00e9nal pour la d\u00e9fense des particuliers, notamment en mati\u00e8re d\u2019accusations de viol. Il assure un accompagnement rigoureux d\u00e8s la garde \u00e0 vue jusqu\u2019\u00e0 la Cour d\u2019assises, veillant au strict respect des garanties proc\u00e9durales.","publisher":{"@id":"https:\/\/kohenavocats.com\/ru\/#organization"},"potentialAction":[{"@type":"SearchAction","target":{"@type":"EntryPoint","urlTemplate":"https:\/\/kohenavocats.com\/ru\/?s={search_term_string}"},"query-input":{"@type":"PropertyValueSpecification","valueRequired":true,"valueName":"search_term_string"}}],"inLanguage":"ru-RU"},{"@type":"Organization","@id":"https:\/\/kohenavocats.com\/ru\/#organization","name":"Kohen Avocats","url":"https:\/\/kohenavocats.com\/ru\/","logo":{"@type":"ImageObject","inLanguage":"ru-RU","@id":"https:\/\/kohenavocats.com\/ru\/#\/schema\/logo\/image\/","url":"https:\/\/kohenavocats.com\/wp-content\/uploads\/2026\/01\/Logo-2-1.webp","contentUrl":"https:\/\/kohenavocats.com\/wp-content\/uploads\/2026\/01\/Logo-2-1.webp","width":2114,"height":1253,"caption":"Kohen Avocats"},"image":{"@id":"https:\/\/kohenavocats.com\/ru\/#\/schema\/logo\/image\/"}}]}},"jetpack_likes_enabled":false,"jetpack_sharing_enabled":true,"_links":{"self":[{"href":"https:\/\/kohenavocats.com\/ru\/wp-json\/wp\/v2\/kji_decision\/640065","targetHints":{"allow":["GET"]}}],"collection":[{"href":"https:\/\/kohenavocats.com\/ru\/wp-json\/wp\/v2\/kji_decision"}],"about":[{"href":"https:\/\/kohenavocats.com\/ru\/wp-json\/wp\/v2\/types\/kji_decision"}],"wp:attachment":[{"href":"https:\/\/kohenavocats.com\/ru\/wp-json\/wp\/v2\/media?parent=640065"}],"wp:term":[{"taxonomy":"kji_country","embeddable":true,"href":"https:\/\/kohenavocats.com\/ru\/wp-json\/wp\/v2\/kji_country?post=640065"},{"taxonomy":"kji_court","embeddable":true,"href":"https:\/\/kohenavocats.com\/ru\/wp-json\/wp\/v2\/kji_court?post=640065"},{"taxonomy":"kji_chamber","embeddable":true,"href":"https:\/\/kohenavocats.com\/ru\/wp-json\/wp\/v2\/kji_chamber?post=640065"},{"taxonomy":"kji_year","embeddable":true,"href":"https:\/\/kohenavocats.com\/ru\/wp-json\/wp\/v2\/kji_year?post=640065"},{"taxonomy":"kji_subject","embeddable":true,"href":"https:\/\/kohenavocats.com\/ru\/wp-json\/wp\/v2\/kji_subject?post=640065"},{"taxonomy":"kji_keyword","embeddable":true,"href":"https:\/\/kohenavocats.com\/ru\/wp-json\/wp\/v2\/kji_keyword?post=640065"},{"taxonomy":"kji_language","embeddable":true,"href":"https:\/\/kohenavocats.com\/ru\/wp-json\/wp\/v2\/kji_language?post=640065"}],"curies":[{"name":"wp","href":"https:\/\/api.w.org\/{rel}","templated":true}]}}