{"id":640113,"date":"2026-04-21T21:11:54","date_gmt":"2026-04-21T19:11:54","guid":{"rendered":"https:\/\/kohenavocats.com\/jurisprudences\/tribunal-darrondissement-7-juin-2024-n-2024-03041\/"},"modified":"2026-04-21T21:11:58","modified_gmt":"2026-04-21T19:11:58","slug":"tribunal-darrondissement-7-juin-2024-n-2024-03041","status":"publish","type":"kji_decision","link":"https:\/\/kohenavocats.com\/ru\/jurisprudences\/tribunal-darrondissement-7-juin-2024-n-2024-03041\/","title":{"rendered":"Tribunal d&#8217;arrondissement, 7 juin 2024, n\u00b0 2024-03041"},"content":{"rendered":"<div class=\"kji-decision\">\n<div class=\"kji-full-text\">\n<p>1 No. R\u00f4le: TAL-2024-03041 No.2024TALREFO\/00266 du 7 juin 2024 Audience publique extraordinaire des r\u00e9f\u00e9r\u00e9s du vendredi, 7 juin 2024, tenue par Nous Christina LAPLUME, Vice-Pr\u00e9sident au Tribunal d\u2019arrondissement de et \u00e0 Luxembourg, si\u00e9geant commejuge des r\u00e9f\u00e9r\u00e9s, en remplacement du Pr\u00e9sident du Tribunal d\u2019arrondissement de et \u00e0 Luxembourg, assist\u00e9e du greffier Lo\u00efc PAVANT. DANS LA CAUSE E N T R E PERSONNE1.), demeurant \u00e0 L-ADRESSE1.), \u00e9lisant domicile en l\u2019\u00e9tude de la soci\u00e9t\u00e9 \u00e0 responsabilit\u00e9 limit\u00e9e d\u2019avocats Mayer, Avocats \u00e0 la Cour, repr\u00e9sent\u00e9e par sa g\u00e9rante en fonctions, avec si\u00e8ge social au ADRESSE2.), L-ADRESSE3.), immatricul\u00e9e au Registre de commerce et des soci\u00e9t\u00e9s de Luxembourg sous le num\u00e9roNUMERO1.), soci\u00e9t\u00e9 d\u2019avocats inscrite sur la liste V du Tableau de l\u2019Ordre des Avocats du Barreau de Luxembourg, laquelle est constitu\u00e9 et occupera et repr\u00e9sent\u00e9e aux fins de la pr\u00e9sente proc\u00e9dure par Ma\u00eetre Juliette MAYER, avocat \u00e0 la Cour, demeurant professionnellement \u00e0 la m\u00eame adresse, partie demanderessecomparant par la soci\u00e9t\u00e9 \u00e0 responsabilit\u00e9 limit\u00e9e d\u2019avocats Mayer, Avocats \u00e0 la Cour, repr\u00e9sent\u00e9e par Ma\u00eetre Juliette MAYER, avocat, demeurant \u00e0 Luxembourg, E T PERSONNE2.), demeurant \u00e0 L-ADRESSE4.), partie d\u00e9fenderessecomparant par Ma\u00eetre Marguerite RIES, avocat, en remplacement de Ma\u00eetre Maximilien WANDERSCHEID, avocat, les deux demeurant \u00e0 Luxembourg.<\/p>\n<p>2 F A I T S :<\/p>\n<p>3 A l\u2019appel de la cause \u00e0 l\u2019audience publique des r\u00e9f\u00e9r\u00e9s ordinaires du jeudi matin, 30 mai 2024, Ma\u00eetre Juliette MAYER donna lecture de l\u2019assignation ci-avant transcrite et exposa ses moyens. Ma\u00eetre Marguerite RIES fut entendueen ses explications. Sur ce le juge prit l\u2019affaire en d\u00e9lib\u00e9r\u00e9 et rendit \u00e0 l\u2019audience publique extraordinaire des r\u00e9f\u00e9r\u00e9s de ce jour l\u2019 O R D O N N A N C E qui suit: Par exploit d\u2019huissierdu12 avril 2024,PERSONNE1.)a fait donner assignation \u00e0 PERSONNE2.)\u00e0 compara\u00eetre devant le Pr\u00e9sident du Tribunal d\u2019arrondissement de et \u00e0 Luxembourg, si\u00e9geant comme juge des r\u00e9f\u00e9r\u00e9s, pour voir nommer,sur base de l\u2019article 350 du nouveau code de proc\u00e9dure civile, sinonsur base de l\u2019article932 alin\u00e9a 1 er sinon encore sur base de l\u2019article 933 alin\u00e9a 1erdu m\u00eame code,un expertavec la mission telle que plus amplement sp\u00e9cifi\u00e9eau dispositif de son assignation. Au vu des pi\u00e8ces vers\u00e9es, des renseignements fournis et compte tenu du fait que PERSONNE2.)ne s\u2019est pas autrement oppos\u00e9e \u00e0 la demande en expertise, il y a lieu de faire droit\u00e0cette demandesur base de l\u2019article 350 du nouveau code de proc\u00e9dure civile et denommer un homme de l\u2019art avec la missionpropos\u00e9e parPERSONNE1.)ettelle quereprise au dispositif de la pr\u00e9sente ordonnance. L\u2019expertise sollicit\u00e9e sur base de l\u2019article 350 du nouveau code de proc\u00e9dure civile ayant un caract\u00e8reprobatoire dans l\u2019int\u00e9r\u00eat de la partie demanderessePERSONNE1.), il lui appartient de faire l\u2019avance des frais d\u2019expertise. P A R C E S M O T I F S Nous Christina LAPLUME,Vice-pr\u00e9sidentau Tribunal d\u2019arrondissement de et \u00e0 Luxembourg, si\u00e9geant comme juge des r\u00e9f\u00e9r\u00e9s, en remplacementduPr\u00e9sident du Tribunal d\u2019Arrondissement de et \u00e0 Luxembourg, statuant contradictoirement; recevonsla demande en la forme; Nous d\u00e9clarons comp\u00e9tent pour en conna\u00eetre; d\u00e9claronsla demande recevable;<\/p>\n<p>4 au principal,renvoyons les parties \u00e0 se pourvoir devant qui de droit, mais d\u00e8s \u00e0 pr\u00e9sent et par provision, sur base de l\u2019article 350 du nouveau code de proc\u00e9dure civile; ordonnonsune expertise et commettons pour y proc\u00e9der l\u2019expertMatthieu ZEIMET, \u00e9tabli professionnellement \u00e0ADRESSE5.), L-ADRESSE6.); avec la mission de concilier les parties si faire se peut, sinon dans un rapport \u00e9crit, motiv\u00e9 et d\u00e9taill\u00e9 de: 1.constater les d\u00e9g\u00e2ts\/d\u00e9sordres caus\u00e9s par les travaux de r\u00e9novation et de transformation effectu\u00e9s parPERSONNE2.)et affectant la maison de la requ\u00e9rante, sise\u00e0 L-ADRESSE1.), 2.rechercher les causes des d\u00e9g\u00e2ts\/d\u00e9sordres et proposer les travaux pour y rem\u00e9dier, 3.\u00e9valuer le co\u00fbt desdits travaux ainsi que les moins-values \u00e9ventuelles affectant la maison de la requ\u00e9rante, 4.d\u00e9terminer la perte de jouissance ainsi que les pr\u00e9judices subis par la requ\u00e9rante en rapport avec les pr\u00e9ditsd\u00e9g\u00e2ts\/d\u00e9sordres disons que l\u2019expert pourra s\u2019entourer de tous renseignements utiles \u00e0 l\u2019accomplissement de la mission lui confi\u00e9e et entendre m\u00eame des tierces personnes; disonsqu\u2019en cas de difficult\u00e9s d\u2019ex\u00e9cution de la mission d\u2019expertise, il Nousen sera fait rapport; ordonnons\u00e0 la partie demanderessede payer \u00e0 l\u2019expert la somme de2.000eurosau plus tard le7juillet 2024\u00e0 titre de provision \u00e0 faire valoir sur la r\u00e9mun\u00e9ration de l\u2019expert ou \u00e0 un \u00e9tablissement de cr\u00e9dit \u00e0 convenirentre parties au litige, et d\u2019en justifier au greffe du Tribunal; disonsque si ses honoraires devaient d\u00e9passer le montant de la provision vers\u00e9e, l\u2019expert devra Nous en avertir; disonsque l\u2019expert devra d\u00e9poser son rapport au greffe du Tribunalle7 f\u00e9vrier 2025 au plus tard; disons qu\u2019en cas d\u2019emp\u00eachement de l\u2019expert commis, il sera proc\u00e9d\u00e9 \u00e0 son remplacement par simple ordonnance prise en Notre cabinet; r\u00e9servonsles frais de l\u2019instance; ordonnonsl\u2019ex\u00e9cution provisoire de la pr\u00e9sente ordonnance nonobstant toutes voies de recours et sans caution.<\/p>\n<\/div>\n<hr class=\"kji-sep\" \/>\n<p class=\"kji-source-links\"><strong>Sources officielles :<\/strong> <a class=\"kji-source-link\" href=\"https:\/\/data.public.lu\/fr\/datasets\/tribunal-darrondissement-luxembourg-refere\/\" target=\"_blank\" rel=\"noopener noreferrer\">consulter la page source<\/a> &middot; <a class=\"kji-pdf-link\" href=\"https:\/\/download.data.public.lu\/resources\/tribunal-darrondissement-luxembourg-refere\/20241021-023228\/20240607-talref-tal-2024-03041-pseudonymise-accessible.pdf\" target=\"_blank\" rel=\"noopener noreferrer\">PDF officiel<\/a><\/p>\n<p class=\"kji-license-note\"><em>Licence CC BY-ND 4.0 (Administration judiciaire, data.public.lu). Republication autorisee avec attribution, sans modification editoriale du texte integral.<\/em><\/p>\n<\/div>\n","protected":false},"excerpt":{"rendered":"<p>1 No. R\u00f4le: TAL-2024-03041 No.2024TALREFO\/00266 du 7 juin 2024 Audience publique extraordinaire des r\u00e9f\u00e9r\u00e9s du vendredi, 7 juin 2024, tenue par Nous Christina LAPLUME, Vice-Pr\u00e9sident au Tribunal d\u2019arrondissement de et \u00e0 Luxembourg, si\u00e9geant commejuge des r\u00e9f\u00e9r\u00e9s, en remplacement du Pr\u00e9sident du Tribunal d\u2019arrondissement de et\u2026<\/p>\n","protected":false},"featured_media":0,"template":"","meta":{"_crdt_document":""},"kji_country":[8418],"kji_court":[23583],"kji_chamber":[18768],"kji_year":[8677],"kji_subject":[7646],"kji_keyword":[23584,7636],"kji_language":[7733],"class_list":["post-640113","kji_decision","type-kji_decision","status-publish","hentry","kji_country-luxembourg","kji_court-tribunal-darrondissement","kji_chamber-refere","kji_year-8677","kji_subject-divers","kji_keyword-arrondissement","kji_keyword-tribunal","kji_language-francais"],"yoast_head":"<!-- This site is optimized with the Yoast SEO Premium plugin v27.5 (Yoast SEO v27.5) - https:\/\/yoast.com\/product\/yoast-seo-premium-wordpress\/ -->\n<title>Tribunal d&#039;arrondissement, 7 juin 2024, n\u00b0 2024-03041 - Ma\u00eetre Hassan Kohen, avocat en droit p\u00e9nal \u00e0 Paris<\/title>\n<meta name=\"robots\" content=\"index, follow, max-snippet:-1, max-image-preview:large, max-video-preview:-1\" \/>\n<link rel=\"canonical\" href=\"https:\/\/kohenavocats.com\/ru\/jurisprudences\/tribunal-darrondissement-7-juin-2024-n-2024-03041\/\" \/>\n<meta property=\"og:locale\" content=\"ru_RU\" \/>\n<meta property=\"og:type\" content=\"article\" \/>\n<meta property=\"og:title\" content=\"Tribunal d&#039;arrondissement, 7 juin 2024, n\u00b0 2024-03041\" \/>\n<meta property=\"og:description\" content=\"1 No. R\u00f4le: TAL-2024-03041 No.2024TALREFO\/00266 du 7 juin 2024 Audience publique extraordinaire des r\u00e9f\u00e9r\u00e9s du vendredi, 7 juin 2024, tenue par Nous Christina LAPLUME, Vice-Pr\u00e9sident au Tribunal d\u2019arrondissement de et \u00e0 Luxembourg, si\u00e9geant commejuge des r\u00e9f\u00e9r\u00e9s, en remplacement du Pr\u00e9sident du Tribunal d\u2019arrondissement de et\u2026\" \/>\n<meta property=\"og:url\" content=\"https:\/\/kohenavocats.com\/ru\/jurisprudences\/tribunal-darrondissement-7-juin-2024-n-2024-03041\/\" \/>\n<meta property=\"og:site_name\" content=\"Ma\u00eetre Hassan Kohen, avocat en droit p\u00e9nal \u00e0 Paris\" \/>\n<meta property=\"article:modified_time\" content=\"2026-04-21T19:11:58+00:00\" \/>\n<meta name=\"twitter:card\" content=\"summary_large_image\" \/>\n<meta name=\"twitter:label1\" content=\"\u041f\u0440\u0438\u043c\u0435\u0440\u043d\u043e\u0435 \u0432\u0440\u0435\u043c\u044f \u0434\u043b\u044f \u0447\u0442\u0435\u043d\u0438\u044f\" \/>\n\t<meta name=\"twitter:data1\" content=\"5 \u043c\u0438\u043d\u0443\u0442\" \/>\n<script type=\"application\/ld+json\" class=\"yoast-schema-graph\">{\"@context\":\"https:\\\/\\\/schema.org\",\"@graph\":[{\"@type\":\"WebPage\",\"@id\":\"https:\\\/\\\/kohenavocats.com\\\/ru\\\/jurisprudences\\\/tribunal-darrondissement-7-juin-2024-n-2024-03041\\\/\",\"url\":\"https:\\\/\\\/kohenavocats.com\\\/ru\\\/jurisprudences\\\/tribunal-darrondissement-7-juin-2024-n-2024-03041\\\/\",\"name\":\"Tribunal d'arrondissement, 7 juin 2024, n\u00b0 2024-03041 - Ma\u00eetre Hassan Kohen, avocat en droit p\u00e9nal \u00e0 Paris\",\"isPartOf\":{\"@id\":\"https:\\\/\\\/kohenavocats.com\\\/ru\\\/#website\"},\"datePublished\":\"2026-04-21T19:11:54+00:00\",\"dateModified\":\"2026-04-21T19:11:58+00:00\",\"breadcrumb\":{\"@id\":\"https:\\\/\\\/kohenavocats.com\\\/ru\\\/jurisprudences\\\/tribunal-darrondissement-7-juin-2024-n-2024-03041\\\/#breadcrumb\"},\"inLanguage\":\"ru-RU\",\"potentialAction\":[{\"@type\":\"ReadAction\",\"target\":[\"https:\\\/\\\/kohenavocats.com\\\/ru\\\/jurisprudences\\\/tribunal-darrondissement-7-juin-2024-n-2024-03041\\\/\"]}]},{\"@type\":\"BreadcrumbList\",\"@id\":\"https:\\\/\\\/kohenavocats.com\\\/ru\\\/jurisprudences\\\/tribunal-darrondissement-7-juin-2024-n-2024-03041\\\/#breadcrumb\",\"itemListElement\":[{\"@type\":\"ListItem\",\"position\":1,\"name\":\"Home\",\"item\":\"https:\\\/\\\/kohenavocats.com\\\/ru\\\/avocats-en-droit-penal-a-paris-conseil-et-defense-strategique\\\/\"},{\"@type\":\"ListItem\",\"position\":2,\"name\":\"Jurisprudences\",\"item\":\"https:\\\/\\\/kohenavocats.com\\\/ru\\\/jurisprudences\\\/\"},{\"@type\":\"ListItem\",\"position\":3,\"name\":\"Tribunal d&rsquo;arrondissement, 7 juin 2024, n\u00b0 2024-03041\"}]},{\"@type\":\"WebSite\",\"@id\":\"https:\\\/\\\/kohenavocats.com\\\/ru\\\/#website\",\"url\":\"https:\\\/\\\/kohenavocats.com\\\/ru\\\/\",\"name\":\"Kohen Avocats\",\"description\":\"Ma\u00eetre Hassan Kohen, avocat p\u00e9naliste \u00e0 Paris, intervient exclusivement en droit p\u00e9nal pour la d\u00e9fense des particuliers, notamment en mati\u00e8re d\u2019accusations de viol. Il assure un accompagnement rigoureux d\u00e8s la garde \u00e0 vue jusqu\u2019\u00e0 la Cour d\u2019assises, veillant au strict respect des garanties proc\u00e9durales.\",\"publisher\":{\"@id\":\"https:\\\/\\\/kohenavocats.com\\\/ru\\\/#organization\"},\"potentialAction\":[{\"@type\":\"SearchAction\",\"target\":{\"@type\":\"EntryPoint\",\"urlTemplate\":\"https:\\\/\\\/kohenavocats.com\\\/ru\\\/?s={search_term_string}\"},\"query-input\":{\"@type\":\"PropertyValueSpecification\",\"valueRequired\":true,\"valueName\":\"search_term_string\"}}],\"inLanguage\":\"ru-RU\"},{\"@type\":\"Organization\",\"@id\":\"https:\\\/\\\/kohenavocats.com\\\/ru\\\/#organization\",\"name\":\"Kohen Avocats\",\"url\":\"https:\\\/\\\/kohenavocats.com\\\/ru\\\/\",\"logo\":{\"@type\":\"ImageObject\",\"inLanguage\":\"ru-RU\",\"@id\":\"https:\\\/\\\/kohenavocats.com\\\/ru\\\/#\\\/schema\\\/logo\\\/image\\\/\",\"url\":\"https:\\\/\\\/kohenavocats.com\\\/wp-content\\\/uploads\\\/2026\\\/01\\\/Logo-2-1.webp\",\"contentUrl\":\"https:\\\/\\\/kohenavocats.com\\\/wp-content\\\/uploads\\\/2026\\\/01\\\/Logo-2-1.webp\",\"width\":2114,\"height\":1253,\"caption\":\"Kohen Avocats\"},\"image\":{\"@id\":\"https:\\\/\\\/kohenavocats.com\\\/ru\\\/#\\\/schema\\\/logo\\\/image\\\/\"}}]}<\/script>\n<!-- \/ Yoast SEO Premium plugin. -->","yoast_head_json":{"title":"Tribunal d'arrondissement, 7 juin 2024, n\u00b0 2024-03041 - Ma\u00eetre Hassan Kohen, avocat en droit p\u00e9nal \u00e0 Paris","robots":{"index":"index","follow":"follow","max-snippet":"max-snippet:-1","max-image-preview":"max-image-preview:large","max-video-preview":"max-video-preview:-1"},"canonical":"https:\/\/kohenavocats.com\/ru\/jurisprudences\/tribunal-darrondissement-7-juin-2024-n-2024-03041\/","og_locale":"ru_RU","og_type":"article","og_title":"Tribunal d'arrondissement, 7 juin 2024, n\u00b0 2024-03041","og_description":"1 No. R\u00f4le: TAL-2024-03041 No.2024TALREFO\/00266 du 7 juin 2024 Audience publique extraordinaire des r\u00e9f\u00e9r\u00e9s du vendredi, 7 juin 2024, tenue par Nous Christina LAPLUME, Vice-Pr\u00e9sident au Tribunal d\u2019arrondissement de et \u00e0 Luxembourg, si\u00e9geant commejuge des r\u00e9f\u00e9r\u00e9s, en remplacement du Pr\u00e9sident du Tribunal d\u2019arrondissement de et\u2026","og_url":"https:\/\/kohenavocats.com\/ru\/jurisprudences\/tribunal-darrondissement-7-juin-2024-n-2024-03041\/","og_site_name":"Ma\u00eetre Hassan Kohen, avocat en droit p\u00e9nal \u00e0 Paris","article_modified_time":"2026-04-21T19:11:58+00:00","twitter_card":"summary_large_image","twitter_misc":{"\u041f\u0440\u0438\u043c\u0435\u0440\u043d\u043e\u0435 \u0432\u0440\u0435\u043c\u044f \u0434\u043b\u044f \u0447\u0442\u0435\u043d\u0438\u044f":"5 \u043c\u0438\u043d\u0443\u0442"},"schema":{"@context":"https:\/\/schema.org","@graph":[{"@type":"WebPage","@id":"https:\/\/kohenavocats.com\/ru\/jurisprudences\/tribunal-darrondissement-7-juin-2024-n-2024-03041\/","url":"https:\/\/kohenavocats.com\/ru\/jurisprudences\/tribunal-darrondissement-7-juin-2024-n-2024-03041\/","name":"Tribunal d'arrondissement, 7 juin 2024, n\u00b0 2024-03041 - Ma\u00eetre Hassan Kohen, avocat en droit p\u00e9nal \u00e0 Paris","isPartOf":{"@id":"https:\/\/kohenavocats.com\/ru\/#website"},"datePublished":"2026-04-21T19:11:54+00:00","dateModified":"2026-04-21T19:11:58+00:00","breadcrumb":{"@id":"https:\/\/kohenavocats.com\/ru\/jurisprudences\/tribunal-darrondissement-7-juin-2024-n-2024-03041\/#breadcrumb"},"inLanguage":"ru-RU","potentialAction":[{"@type":"ReadAction","target":["https:\/\/kohenavocats.com\/ru\/jurisprudences\/tribunal-darrondissement-7-juin-2024-n-2024-03041\/"]}]},{"@type":"BreadcrumbList","@id":"https:\/\/kohenavocats.com\/ru\/jurisprudences\/tribunal-darrondissement-7-juin-2024-n-2024-03041\/#breadcrumb","itemListElement":[{"@type":"ListItem","position":1,"name":"Home","item":"https:\/\/kohenavocats.com\/ru\/avocats-en-droit-penal-a-paris-conseil-et-defense-strategique\/"},{"@type":"ListItem","position":2,"name":"Jurisprudences","item":"https:\/\/kohenavocats.com\/ru\/jurisprudences\/"},{"@type":"ListItem","position":3,"name":"Tribunal d&rsquo;arrondissement, 7 juin 2024, n\u00b0 2024-03041"}]},{"@type":"WebSite","@id":"https:\/\/kohenavocats.com\/ru\/#website","url":"https:\/\/kohenavocats.com\/ru\/","name":"Kohen Avocats","description":"Ma\u00eetre Hassan Kohen, avocat p\u00e9naliste \u00e0 Paris, intervient exclusivement en droit p\u00e9nal pour la d\u00e9fense des particuliers, notamment en mati\u00e8re d\u2019accusations de viol. Il assure un accompagnement rigoureux d\u00e8s la garde \u00e0 vue jusqu\u2019\u00e0 la Cour d\u2019assises, veillant au strict respect des garanties proc\u00e9durales.","publisher":{"@id":"https:\/\/kohenavocats.com\/ru\/#organization"},"potentialAction":[{"@type":"SearchAction","target":{"@type":"EntryPoint","urlTemplate":"https:\/\/kohenavocats.com\/ru\/?s={search_term_string}"},"query-input":{"@type":"PropertyValueSpecification","valueRequired":true,"valueName":"search_term_string"}}],"inLanguage":"ru-RU"},{"@type":"Organization","@id":"https:\/\/kohenavocats.com\/ru\/#organization","name":"Kohen Avocats","url":"https:\/\/kohenavocats.com\/ru\/","logo":{"@type":"ImageObject","inLanguage":"ru-RU","@id":"https:\/\/kohenavocats.com\/ru\/#\/schema\/logo\/image\/","url":"https:\/\/kohenavocats.com\/wp-content\/uploads\/2026\/01\/Logo-2-1.webp","contentUrl":"https:\/\/kohenavocats.com\/wp-content\/uploads\/2026\/01\/Logo-2-1.webp","width":2114,"height":1253,"caption":"Kohen Avocats"},"image":{"@id":"https:\/\/kohenavocats.com\/ru\/#\/schema\/logo\/image\/"}}]}},"jetpack_likes_enabled":false,"jetpack_sharing_enabled":true,"_links":{"self":[{"href":"https:\/\/kohenavocats.com\/ru\/wp-json\/wp\/v2\/kji_decision\/640113","targetHints":{"allow":["GET"]}}],"collection":[{"href":"https:\/\/kohenavocats.com\/ru\/wp-json\/wp\/v2\/kji_decision"}],"about":[{"href":"https:\/\/kohenavocats.com\/ru\/wp-json\/wp\/v2\/types\/kji_decision"}],"wp:attachment":[{"href":"https:\/\/kohenavocats.com\/ru\/wp-json\/wp\/v2\/media?parent=640113"}],"wp:term":[{"taxonomy":"kji_country","embeddable":true,"href":"https:\/\/kohenavocats.com\/ru\/wp-json\/wp\/v2\/kji_country?post=640113"},{"taxonomy":"kji_court","embeddable":true,"href":"https:\/\/kohenavocats.com\/ru\/wp-json\/wp\/v2\/kji_court?post=640113"},{"taxonomy":"kji_chamber","embeddable":true,"href":"https:\/\/kohenavocats.com\/ru\/wp-json\/wp\/v2\/kji_chamber?post=640113"},{"taxonomy":"kji_year","embeddable":true,"href":"https:\/\/kohenavocats.com\/ru\/wp-json\/wp\/v2\/kji_year?post=640113"},{"taxonomy":"kji_subject","embeddable":true,"href":"https:\/\/kohenavocats.com\/ru\/wp-json\/wp\/v2\/kji_subject?post=640113"},{"taxonomy":"kji_keyword","embeddable":true,"href":"https:\/\/kohenavocats.com\/ru\/wp-json\/wp\/v2\/kji_keyword?post=640113"},{"taxonomy":"kji_language","embeddable":true,"href":"https:\/\/kohenavocats.com\/ru\/wp-json\/wp\/v2\/kji_language?post=640113"}],"curies":[{"name":"wp","href":"https:\/\/api.w.org\/{rel}","templated":true}]}}