{"id":640173,"date":"2026-04-21T21:16:36","date_gmt":"2026-04-21T19:16:36","guid":{"rendered":"https:\/\/kohenavocats.com\/jurisprudences\/tribunal-darrondissement-25-janvier-2024-n-2023-09385\/"},"modified":"2026-04-21T21:16:39","modified_gmt":"2026-04-21T19:16:39","slug":"tribunal-darrondissement-25-janvier-2024-n-2023-09385","status":"publish","type":"kji_decision","link":"https:\/\/kohenavocats.com\/ru\/jurisprudences\/tribunal-darrondissement-25-janvier-2024-n-2023-09385\/","title":{"rendered":"Tribunal d&#8217;arrondissement, 25 janvier 2024, n\u00b0 2023-09385"},"content":{"rendered":"<div class=\"kji-decision\">\n<div class=\"kji-full-text\">\n<p>No. r\u00f4le:TAL-2023-09385 No.2024TALREFO\/00032 du25 janvier2024 Audience publique extraordinaire des r\u00e9f\u00e9r\u00e9s du25 janvier 2024, tenue par Nous Fr\u00e9d\u00e9ric MERSCH, Vice-Pr\u00e9sident au Tribunal d\u2019arrondissement de et \u00e0 Luxembourg, si\u00e9geant comme juge des r\u00e9f\u00e9r\u00e9s, en remplacement deMonsieur lePr\u00e9sidentdu Tribunal d\u2019arrondissement de et \u00e0 Luxembourg, assist\u00e9de la greffi\u00e8re assum\u00e9e Carole STARCK. DANS LA CAUSE E N T R E PERSONNE1.), agent decabine, demeurant \u00e0 L-ADRESSE1.), \u00e9lisant domicile en l\u2019\u00e9tude de Ma\u00eetreChristiane GABBANA, avocat, demeurant \u00e0 Luxembourg, partie demanderessecomparant par Ma\u00eetreChristiane GABBANA, avocat, demeurant \u00e0 Luxembourg, E T lasoci\u00e9t\u00e9 \u00e0 responsabilit\u00e9 limit\u00e9eSOCIETE1.)., \u00e9tablie et ayant sonsi\u00e8ge social \u00e0 L- ADRESSE2.), inscrite au registre de commerce et des soci\u00e9t\u00e9s de Luxembourg sous le num\u00e9roNUMERO1.), repr\u00e9sent\u00e9e par son (ses) g\u00e9rant(s) actuellement en fonctions, partied\u00e9fenderessecomparant parJean Xavier MANGA, avocat, demeurant \u00e0 Luxembourg, F A I T S :<\/p>\n<p>A l\u2019appel de la cause \u00e0 l&#039;audience publique ordinaire des r\u00e9f\u00e9r\u00e9s du lundiapr\u00e8s-midi, 27 novembre 2023,Ma\u00eetreChristiane GABBANAdonna lecture de l\u2019assignation ci- avant transcrite et exposa ses moyens. Ma\u00eetreJean Xavier MANGAr\u00e9pliqua. Sur ce le juge prit l\u2019affaire en d\u00e9lib\u00e9r\u00e9, pronon\u00e7a la rupture du d\u00e9lib\u00e9r\u00e9 et fixa l\u2019affaire \u00e0 l\u2019audience publique ordinaire des r\u00e9f\u00e9r\u00e9s du 11d\u00e9cembre 2023. Apr\u00e8s une remise, l\u2019affaire fut utilement retenue \u00e0 l\u2019audience publique ordinaire des r\u00e9f\u00e9r\u00e9, 15 janvier 2024, lors de laquelle Ma\u00eetre Christiane GABBANA fut entendu en ses moyens et explications. Ma\u00eetre Jean Xavier MANGA r\u00e9pliqua. Sur ce lejuge des r\u00e9f\u00e9r\u00e9s prit l\u2019affaire en d\u00e9lib\u00e9r\u00e9 et rendit \u00e0 l\u2019audience publique extraordinaire des r\u00e9f\u00e9r\u00e9s de ce jour l\u2019 O R D O N N A N C E qui suit: Vu l\u2019assignation du 21 novembre 2023. Compte tenu des \u00e9l\u00e9ments du dossier il y a lieu de faire droit \u00e0 la demande en expertise sur base de l\u2019article 350 du NCPC, demande \u00e0 laquelle la soci\u00e9t\u00e9SOCIETE1.)SARL ne s\u2019est d\u2019ailleurs pas oppos\u00e9e. Il y a partant lieu de nommer un homme de l\u2019art avecla mission telle que libell\u00e9e au dispositif de la pr\u00e9sente ordonnance. Il \u00e9ch\u00e9tde donner acte\u00e0 la partie d\u00e9fenderesse qu\u2019elle assisteraaux op\u00e9rations d\u2019expertise sous toutes r\u00e9serves et sans reconnaissance de responsabilit\u00e9 pr\u00e9judiciable dansson chef. P A R C E S M O T I F S Nous Fr\u00e9d\u00e9ric MERSCH, Vice-Pr\u00e9sident au Tribunal d\u2019arrondissement de et \u00e0 Luxembourg, si\u00e9geant comme juge des r\u00e9f\u00e9r\u00e9s, en remplacementduPr\u00e9sident du Tribunal d\u2019arrondissement de et \u00e0 Luxembourg, statuant contradictoirement, au principal renvoyons les parties \u00e0 se pourvoir devant qui de droit, mais d\u00e8s \u00e0 pr\u00e9sent et par provision ; vu l\u2019article 350 du Nouveau Code de Proc\u00e9dure Civile;<\/p>\n<p>ordonnons une expertise et commettons pour y proc\u00e9der l\u2019expertFernand ZEUTZIUS, demeurant \u00e0L-2177 Luxembourg, 10, rue Nic MAJERUS avec la mission de concilier les parties si faire se peut sinon dans un rapport \u00e9crit d\u00e9taill\u00e9 et motiv\u00e9 de : 1.dresser un \u00e9tat des lieux relatif aux vices, malfa\u00e7ons, non-conformit\u00e9s aux r\u00e8gles de l&#039;art et autresd\u00e9sordres affectant les travaux ex\u00e9cut\u00e9s par la soci\u00e9t\u00e9 SOCIETE1.)S.\u00e0r.l. et aux endommagements engendr\u00e9s par ces travaux dans la maison de MadamePERSONNE1.)sise \u00e0 L-ADRESSE1.), 2.d\u00e9terminer les causes et les origines des vices, malfa\u00e7ons et d\u00e9sordres et se prononcer sur les non-conformit\u00e9s aux r\u00e8gles de l&#039;art et manquements professionnels constat\u00e9s, 3.proposer les mesures propres \u00e0 y rem\u00e9dier et en \u00e9valuer le co\u00fbt ainsi que celui de toute moins-value et de tout pr\u00e9judice. disons quel\u2019expert pourra s&#039;entourer detous renseignements utiles \u00e0 l\u2019accomplissement de la mission lui confi\u00e9e et entendre m\u00eame des tierces personnes; disons qu\u2019en cas de difficult\u00e9 d\u2019ex\u00e9cution de la mission d\u2019expertise, il Nous en sera fait rapport; ordonnons\u00e0 la partie demanderessede payer \u00e0 l\u2019expert la somme de2000eurosau plus tard le26 f\u00e9vrier 2024\u00e0 titrede provision \u00e0 faire valoir sur la r\u00e9mun\u00e9ration de l\u2019expert ou \u00e0 un \u00e9tablissement de cr\u00e9dit \u00e0 convenir entre parties au litige, et d&#039;en justifier au greffe dutribunal; disons que si ses honoraires devaient d\u00e9passer le montant de la provision vers\u00e9e, l\u2019expert devra Nous en avertir; disonsqu\u2019en cas d\u2019emp\u00eachement de l\u2019expert commis, il sera proc\u00e9d\u00e9 \u00e0 son remplacement par simple ordonnance prise en Notre cabinet; disons que l&#039;expert devrad\u00e9poser son rapport au greffe du tribunal le26 septembre 2024au plus tard; donnonsacte\u00e0 la partied\u00e9fenderesse qu\u2019elle assisteraaux op\u00e9rationsd\u2019expertise sous toutes r\u00e9serves et sans reconnaissance de responsabilit\u00e9 pr\u00e9judiciable dansson chef, ordonnons l\u2019ex\u00e9cution provisoire de la pr\u00e9sente ordonnance nonobstant appel et sans caution ; r\u00e9servons les droits des parties et les d\u00e9pens,ainsi que les frais d\u2019instance.<\/p>\n<\/div>\n<hr class=\"kji-sep\" \/>\n<p class=\"kji-source-links\"><strong>Sources officielles :<\/strong> <a class=\"kji-source-link\" href=\"https:\/\/data.public.lu\/fr\/datasets\/tribunal-darrondissement-luxembourg-refere\/\" target=\"_blank\" rel=\"noopener noreferrer\">consulter la page source<\/a> &middot; <a class=\"kji-pdf-link\" href=\"https:\/\/download.data.public.lu\/resources\/tribunal-darrondissement-luxembourg-refere\/20240828-034233\/20240125-talref-tal-2023-09385-pseudonymise-accessible.pdf\" target=\"_blank\" rel=\"noopener noreferrer\">PDF officiel<\/a><\/p>\n<p class=\"kji-license-note\"><em>Licence CC BY-ND 4.0 (Administration judiciaire, data.public.lu). Republication autorisee avec attribution, sans modification editoriale du texte integral.<\/em><\/p>\n<\/div>\n","protected":false},"excerpt":{"rendered":"<p>No. r\u00f4le:TAL-2023-09385 No.2024TALREFO\/00032 du25 janvier2024 Audience publique extraordinaire des r\u00e9f\u00e9r\u00e9s du25 janvier 2024, tenue par Nous Fr\u00e9d\u00e9ric MERSCH, Vice-Pr\u00e9sident au Tribunal d\u2019arrondissement de et \u00e0 Luxembourg, si\u00e9geant comme juge des r\u00e9f\u00e9r\u00e9s, en remplacement deMonsieur lePr\u00e9sidentdu Tribunal d\u2019arrondissement de et \u00e0 Luxembourg, assist\u00e9de la greffi\u00e8re assum\u00e9e\u2026<\/p>\n","protected":false},"featured_media":0,"template":"","meta":{"_crdt_document":""},"kji_country":[8418],"kji_court":[23583],"kji_chamber":[18768],"kji_year":[8677],"kji_subject":[7646],"kji_keyword":[23584,8460,7636],"kji_language":[7733],"class_list":["post-640173","kji_decision","type-kji_decision","status-publish","hentry","kji_country-luxembourg","kji_court-tribunal-darrondissement","kji_chamber-refere","kji_year-8677","kji_subject-divers","kji_keyword-arrondissement","kji_keyword-janvier","kji_keyword-tribunal","kji_language-francais"],"yoast_head":"<!-- This site is optimized with the Yoast SEO Premium plugin v27.5 (Yoast SEO v27.5) - https:\/\/yoast.com\/product\/yoast-seo-premium-wordpress\/ -->\n<title>Tribunal d&#039;arrondissement, 25 janvier 2024, n\u00b0 2023-09385 - Ma\u00eetre Hassan Kohen, avocat en droit p\u00e9nal \u00e0 Paris<\/title>\n<meta name=\"robots\" content=\"index, follow, max-snippet:-1, max-image-preview:large, max-video-preview:-1\" \/>\n<link rel=\"canonical\" href=\"https:\/\/kohenavocats.com\/ru\/jurisprudences\/tribunal-darrondissement-25-janvier-2024-n-2023-09385\/\" \/>\n<meta property=\"og:locale\" content=\"ru_RU\" \/>\n<meta property=\"og:type\" content=\"article\" \/>\n<meta property=\"og:title\" content=\"Tribunal d&#039;arrondissement, 25 janvier 2024, n\u00b0 2023-09385\" \/>\n<meta property=\"og:description\" content=\"No. r\u00f4le:TAL-2023-09385 No.2024TALREFO\/00032 du25 janvier2024 Audience publique extraordinaire des r\u00e9f\u00e9r\u00e9s du25 janvier 2024, tenue par Nous Fr\u00e9d\u00e9ric MERSCH, Vice-Pr\u00e9sident au Tribunal d\u2019arrondissement de et \u00e0 Luxembourg, si\u00e9geant comme juge des r\u00e9f\u00e9r\u00e9s, en remplacement deMonsieur lePr\u00e9sidentdu Tribunal d\u2019arrondissement de et \u00e0 Luxembourg, assist\u00e9de la greffi\u00e8re assum\u00e9e\u2026\" \/>\n<meta property=\"og:url\" content=\"https:\/\/kohenavocats.com\/ru\/jurisprudences\/tribunal-darrondissement-25-janvier-2024-n-2023-09385\/\" \/>\n<meta property=\"og:site_name\" content=\"Ma\u00eetre Hassan Kohen, avocat en droit p\u00e9nal \u00e0 Paris\" \/>\n<meta property=\"article:modified_time\" content=\"2026-04-21T19:16:39+00:00\" \/>\n<meta name=\"twitter:card\" content=\"summary_large_image\" \/>\n<meta name=\"twitter:label1\" content=\"\u041f\u0440\u0438\u043c\u0435\u0440\u043d\u043e\u0435 \u0432\u0440\u0435\u043c\u044f \u0434\u043b\u044f \u0447\u0442\u0435\u043d\u0438\u044f\" \/>\n\t<meta name=\"twitter:data1\" content=\"4 \u043c\u0438\u043d\u0443\u0442\u044b\" \/>\n<script type=\"application\/ld+json\" class=\"yoast-schema-graph\">{\"@context\":\"https:\\\/\\\/schema.org\",\"@graph\":[{\"@type\":\"WebPage\",\"@id\":\"https:\\\/\\\/kohenavocats.com\\\/ru\\\/jurisprudences\\\/tribunal-darrondissement-25-janvier-2024-n-2023-09385\\\/\",\"url\":\"https:\\\/\\\/kohenavocats.com\\\/ru\\\/jurisprudences\\\/tribunal-darrondissement-25-janvier-2024-n-2023-09385\\\/\",\"name\":\"Tribunal d'arrondissement, 25 janvier 2024, n\u00b0 2023-09385 - Ma\u00eetre Hassan Kohen, avocat en droit p\u00e9nal \u00e0 Paris\",\"isPartOf\":{\"@id\":\"https:\\\/\\\/kohenavocats.com\\\/ru\\\/#website\"},\"datePublished\":\"2026-04-21T19:16:36+00:00\",\"dateModified\":\"2026-04-21T19:16:39+00:00\",\"breadcrumb\":{\"@id\":\"https:\\\/\\\/kohenavocats.com\\\/ru\\\/jurisprudences\\\/tribunal-darrondissement-25-janvier-2024-n-2023-09385\\\/#breadcrumb\"},\"inLanguage\":\"ru-RU\",\"potentialAction\":[{\"@type\":\"ReadAction\",\"target\":[\"https:\\\/\\\/kohenavocats.com\\\/ru\\\/jurisprudences\\\/tribunal-darrondissement-25-janvier-2024-n-2023-09385\\\/\"]}]},{\"@type\":\"BreadcrumbList\",\"@id\":\"https:\\\/\\\/kohenavocats.com\\\/ru\\\/jurisprudences\\\/tribunal-darrondissement-25-janvier-2024-n-2023-09385\\\/#breadcrumb\",\"itemListElement\":[{\"@type\":\"ListItem\",\"position\":1,\"name\":\"Home\",\"item\":\"https:\\\/\\\/kohenavocats.com\\\/ru\\\/avocats-en-droit-penal-a-paris-conseil-et-defense-strategique\\\/\"},{\"@type\":\"ListItem\",\"position\":2,\"name\":\"Jurisprudences\",\"item\":\"https:\\\/\\\/kohenavocats.com\\\/ru\\\/jurisprudences\\\/\"},{\"@type\":\"ListItem\",\"position\":3,\"name\":\"Tribunal d&rsquo;arrondissement, 25 janvier 2024, n\u00b0 2023-09385\"}]},{\"@type\":\"WebSite\",\"@id\":\"https:\\\/\\\/kohenavocats.com\\\/ru\\\/#website\",\"url\":\"https:\\\/\\\/kohenavocats.com\\\/ru\\\/\",\"name\":\"Kohen Avocats\",\"description\":\"Ma\u00eetre Hassan Kohen, avocat p\u00e9naliste \u00e0 Paris, intervient exclusivement en droit p\u00e9nal pour la d\u00e9fense des particuliers, notamment en mati\u00e8re d\u2019accusations de viol. Il assure un accompagnement rigoureux d\u00e8s la garde \u00e0 vue jusqu\u2019\u00e0 la Cour d\u2019assises, veillant au strict respect des garanties proc\u00e9durales.\",\"publisher\":{\"@id\":\"https:\\\/\\\/kohenavocats.com\\\/ru\\\/#organization\"},\"potentialAction\":[{\"@type\":\"SearchAction\",\"target\":{\"@type\":\"EntryPoint\",\"urlTemplate\":\"https:\\\/\\\/kohenavocats.com\\\/ru\\\/?s={search_term_string}\"},\"query-input\":{\"@type\":\"PropertyValueSpecification\",\"valueRequired\":true,\"valueName\":\"search_term_string\"}}],\"inLanguage\":\"ru-RU\"},{\"@type\":\"Organization\",\"@id\":\"https:\\\/\\\/kohenavocats.com\\\/ru\\\/#organization\",\"name\":\"Kohen Avocats\",\"url\":\"https:\\\/\\\/kohenavocats.com\\\/ru\\\/\",\"logo\":{\"@type\":\"ImageObject\",\"inLanguage\":\"ru-RU\",\"@id\":\"https:\\\/\\\/kohenavocats.com\\\/ru\\\/#\\\/schema\\\/logo\\\/image\\\/\",\"url\":\"https:\\\/\\\/kohenavocats.com\\\/wp-content\\\/uploads\\\/2026\\\/01\\\/Logo-2-1.webp\",\"contentUrl\":\"https:\\\/\\\/kohenavocats.com\\\/wp-content\\\/uploads\\\/2026\\\/01\\\/Logo-2-1.webp\",\"width\":2114,\"height\":1253,\"caption\":\"Kohen Avocats\"},\"image\":{\"@id\":\"https:\\\/\\\/kohenavocats.com\\\/ru\\\/#\\\/schema\\\/logo\\\/image\\\/\"}}]}<\/script>\n<!-- \/ Yoast SEO Premium plugin. -->","yoast_head_json":{"title":"Tribunal d'arrondissement, 25 janvier 2024, n\u00b0 2023-09385 - Ma\u00eetre Hassan Kohen, avocat en droit p\u00e9nal \u00e0 Paris","robots":{"index":"index","follow":"follow","max-snippet":"max-snippet:-1","max-image-preview":"max-image-preview:large","max-video-preview":"max-video-preview:-1"},"canonical":"https:\/\/kohenavocats.com\/ru\/jurisprudences\/tribunal-darrondissement-25-janvier-2024-n-2023-09385\/","og_locale":"ru_RU","og_type":"article","og_title":"Tribunal d'arrondissement, 25 janvier 2024, n\u00b0 2023-09385","og_description":"No. r\u00f4le:TAL-2023-09385 No.2024TALREFO\/00032 du25 janvier2024 Audience publique extraordinaire des r\u00e9f\u00e9r\u00e9s du25 janvier 2024, tenue par Nous Fr\u00e9d\u00e9ric MERSCH, Vice-Pr\u00e9sident au Tribunal d\u2019arrondissement de et \u00e0 Luxembourg, si\u00e9geant comme juge des r\u00e9f\u00e9r\u00e9s, en remplacement deMonsieur lePr\u00e9sidentdu Tribunal d\u2019arrondissement de et \u00e0 Luxembourg, assist\u00e9de la greffi\u00e8re assum\u00e9e\u2026","og_url":"https:\/\/kohenavocats.com\/ru\/jurisprudences\/tribunal-darrondissement-25-janvier-2024-n-2023-09385\/","og_site_name":"Ma\u00eetre Hassan Kohen, avocat en droit p\u00e9nal \u00e0 Paris","article_modified_time":"2026-04-21T19:16:39+00:00","twitter_card":"summary_large_image","twitter_misc":{"\u041f\u0440\u0438\u043c\u0435\u0440\u043d\u043e\u0435 \u0432\u0440\u0435\u043c\u044f \u0434\u043b\u044f \u0447\u0442\u0435\u043d\u0438\u044f":"4 \u043c\u0438\u043d\u0443\u0442\u044b"},"schema":{"@context":"https:\/\/schema.org","@graph":[{"@type":"WebPage","@id":"https:\/\/kohenavocats.com\/ru\/jurisprudences\/tribunal-darrondissement-25-janvier-2024-n-2023-09385\/","url":"https:\/\/kohenavocats.com\/ru\/jurisprudences\/tribunal-darrondissement-25-janvier-2024-n-2023-09385\/","name":"Tribunal d'arrondissement, 25 janvier 2024, n\u00b0 2023-09385 - Ma\u00eetre Hassan Kohen, avocat en droit p\u00e9nal \u00e0 Paris","isPartOf":{"@id":"https:\/\/kohenavocats.com\/ru\/#website"},"datePublished":"2026-04-21T19:16:36+00:00","dateModified":"2026-04-21T19:16:39+00:00","breadcrumb":{"@id":"https:\/\/kohenavocats.com\/ru\/jurisprudences\/tribunal-darrondissement-25-janvier-2024-n-2023-09385\/#breadcrumb"},"inLanguage":"ru-RU","potentialAction":[{"@type":"ReadAction","target":["https:\/\/kohenavocats.com\/ru\/jurisprudences\/tribunal-darrondissement-25-janvier-2024-n-2023-09385\/"]}]},{"@type":"BreadcrumbList","@id":"https:\/\/kohenavocats.com\/ru\/jurisprudences\/tribunal-darrondissement-25-janvier-2024-n-2023-09385\/#breadcrumb","itemListElement":[{"@type":"ListItem","position":1,"name":"Home","item":"https:\/\/kohenavocats.com\/ru\/avocats-en-droit-penal-a-paris-conseil-et-defense-strategique\/"},{"@type":"ListItem","position":2,"name":"Jurisprudences","item":"https:\/\/kohenavocats.com\/ru\/jurisprudences\/"},{"@type":"ListItem","position":3,"name":"Tribunal d&rsquo;arrondissement, 25 janvier 2024, n\u00b0 2023-09385"}]},{"@type":"WebSite","@id":"https:\/\/kohenavocats.com\/ru\/#website","url":"https:\/\/kohenavocats.com\/ru\/","name":"Kohen Avocats","description":"Ma\u00eetre Hassan Kohen, avocat p\u00e9naliste \u00e0 Paris, intervient exclusivement en droit p\u00e9nal pour la d\u00e9fense des particuliers, notamment en mati\u00e8re d\u2019accusations de viol. Il assure un accompagnement rigoureux d\u00e8s la garde \u00e0 vue jusqu\u2019\u00e0 la Cour d\u2019assises, veillant au strict respect des garanties proc\u00e9durales.","publisher":{"@id":"https:\/\/kohenavocats.com\/ru\/#organization"},"potentialAction":[{"@type":"SearchAction","target":{"@type":"EntryPoint","urlTemplate":"https:\/\/kohenavocats.com\/ru\/?s={search_term_string}"},"query-input":{"@type":"PropertyValueSpecification","valueRequired":true,"valueName":"search_term_string"}}],"inLanguage":"ru-RU"},{"@type":"Organization","@id":"https:\/\/kohenavocats.com\/ru\/#organization","name":"Kohen Avocats","url":"https:\/\/kohenavocats.com\/ru\/","logo":{"@type":"ImageObject","inLanguage":"ru-RU","@id":"https:\/\/kohenavocats.com\/ru\/#\/schema\/logo\/image\/","url":"https:\/\/kohenavocats.com\/wp-content\/uploads\/2026\/01\/Logo-2-1.webp","contentUrl":"https:\/\/kohenavocats.com\/wp-content\/uploads\/2026\/01\/Logo-2-1.webp","width":2114,"height":1253,"caption":"Kohen Avocats"},"image":{"@id":"https:\/\/kohenavocats.com\/ru\/#\/schema\/logo\/image\/"}}]}},"jetpack_likes_enabled":false,"jetpack_sharing_enabled":true,"_links":{"self":[{"href":"https:\/\/kohenavocats.com\/ru\/wp-json\/wp\/v2\/kji_decision\/640173","targetHints":{"allow":["GET"]}}],"collection":[{"href":"https:\/\/kohenavocats.com\/ru\/wp-json\/wp\/v2\/kji_decision"}],"about":[{"href":"https:\/\/kohenavocats.com\/ru\/wp-json\/wp\/v2\/types\/kji_decision"}],"wp:attachment":[{"href":"https:\/\/kohenavocats.com\/ru\/wp-json\/wp\/v2\/media?parent=640173"}],"wp:term":[{"taxonomy":"kji_country","embeddable":true,"href":"https:\/\/kohenavocats.com\/ru\/wp-json\/wp\/v2\/kji_country?post=640173"},{"taxonomy":"kji_court","embeddable":true,"href":"https:\/\/kohenavocats.com\/ru\/wp-json\/wp\/v2\/kji_court?post=640173"},{"taxonomy":"kji_chamber","embeddable":true,"href":"https:\/\/kohenavocats.com\/ru\/wp-json\/wp\/v2\/kji_chamber?post=640173"},{"taxonomy":"kji_year","embeddable":true,"href":"https:\/\/kohenavocats.com\/ru\/wp-json\/wp\/v2\/kji_year?post=640173"},{"taxonomy":"kji_subject","embeddable":true,"href":"https:\/\/kohenavocats.com\/ru\/wp-json\/wp\/v2\/kji_subject?post=640173"},{"taxonomy":"kji_keyword","embeddable":true,"href":"https:\/\/kohenavocats.com\/ru\/wp-json\/wp\/v2\/kji_keyword?post=640173"},{"taxonomy":"kji_language","embeddable":true,"href":"https:\/\/kohenavocats.com\/ru\/wp-json\/wp\/v2\/kji_language?post=640173"}],"curies":[{"name":"wp","href":"https:\/\/api.w.org\/{rel}","templated":true}]}}