{"id":640238,"date":"2026-04-21T21:26:37","date_gmt":"2026-04-21T19:26:37","guid":{"rendered":"https:\/\/kohenavocats.com\/jurisprudences\/tribunal-darrondissement-5-janvier-2024-n-2023-08483\/"},"modified":"2026-04-21T21:26:41","modified_gmt":"2026-04-21T19:26:41","slug":"tribunal-darrondissement-5-janvier-2024-n-2023-08483-2","status":"publish","type":"kji_decision","link":"https:\/\/kohenavocats.com\/ru\/jurisprudences\/tribunal-darrondissement-5-janvier-2024-n-2023-08483-2\/","title":{"rendered":"Tribunal d&#8217;arrondissement, 5 janvier 2024, n\u00b0 2023-08483"},"content":{"rendered":"<div class=\"kji-decision\">\n<div class=\"kji-full-text\">\n<p>No. R\u00f4le:TAL-2023-08483 No.2024TALREFO\/00004 du5 janvier2024 Audience publique extraordinaire desr\u00e9f\u00e9r\u00e9s duvendredi,5 janvier2024, tenue par NousPhilippe WADL\u00c9, premier jugeau Tribunal d\u2019arrondissement de et \u00e0 Luxembourg, si\u00e9geant comme juge des r\u00e9f\u00e9r\u00e9s, en remplacementduPr\u00e9sident du Tribunal d\u2019arrondissement de et \u00e0 Luxembourg, assist\u00e9de la greffi\u00e8re assum\u00e9e Carole STARCK. DANS LA CAUSE E N T R E PERSONNE1.), sans \u00e9tat particulier,n\u00e9e leDATE1.)\u00e0ADRESSE1.)en Italie, deumeurant \u00e0 L-ADRESSE2.), \u00e9lisant domicile en l\u2019\u00e9tude dela soci\u00e9t\u00e9 \u00e0 responsabilit\u00e9 limit\u00e9SOCIETE1.)S.\u00e0r.l., \u00e9tablie \u00e0 L-ADRESSE3.), inscritesur la liste V du Tableau de l\u2019Ordre des Avocats du Barreau de Luxembourg, immatricul\u00e9e au registre de commerce et des soci\u00e9t\u00e9s de Luxembourg sous le num\u00e9roNUMERO1.), repr\u00e9sent\u00e9e aux fins de la pr\u00e9sente proc\u00e9durepar Ma\u00eetre Gaston VOGEL, avocat,demeurant professionnellement \u00e0 la m\u00eameadresse, partie demanderessecomparant parla soci\u00e9t\u00e9 \u00e0 responsabilit\u00e9 limit\u00e9SOCIETE1.) S.\u00e0 r.l., repr\u00e9sent\u00e9e parMa\u00eetreJuliette ADDOU, avocat, en remplacement de Ma\u00eetre Gaston VOGEL, avocat, les deux demeurant \u00e0 Luxembourg, E T 1)ledocteurPERSONNE2.), chirurgien orthop\u00e9dique et traumatologique,p.a. au HRS\u2013H\u00f4pitaux Robert Schuman S.A., \u00e9tablie et ayant son si\u00e8ge social \u00e0 L-ADRESSE4.),inscrit au registre de commerce et des soci\u00e9t\u00e9s de et \u00e0 Luxembourg sous le num\u00e9roNUMERO2.),repr\u00e9sent\u00e9e par son conseil d\u2019administration actuellement en fonctions,<\/p>\n<p>2)l\u2019\u00e9tablissement publicSOCIETE2.),\u00e9tabli et ayant son si\u00e8ge social \u00e0 L- ADRESSE5.),inscrit au registre de commerce et des soci\u00e9t\u00e9s de et \u00e0Luxembourg sous le num\u00e9roNUMERO3.),repr\u00e9sent\u00e9par ses organes statutaires actuellement en fonctions, partie d\u00e9fenderessesub 1)comparant parla soci\u00e9t\u00e9 anonymeSOCIETE3.)S.A., repr\u00e9sent\u00e9e par Ma\u00eetreSandrine SIGWALT, avocat, demeurant \u00e0Luxembourg, partied\u00e9fenderessesub2)ne comparant pas. F A I T S :<\/p>\n<p>A l\u2019appel de la cause \u00e0 l\u2019audience publique des r\u00e9f\u00e9r\u00e9s ordinaires du lundimatin, 18 d\u00e9cembre 2023, Ma\u00eetreJuliette ADDOUdonna lecture de l\u2019assignation ci-avant transcrite et exposa ses moyens. Ma\u00eetreSandrine SIGWALTfut entendueen sesmoyen etexplications. La partie d\u00e9fenderesse sub 2) ne comparut pas \u00e0 l\u2019audience. Sur ce le juge prit l\u2019affaire en d\u00e9lib\u00e9r\u00e9 et rendit \u00e0 l\u2019audience publique extraordinaire des r\u00e9f\u00e9r\u00e9s de ce jour l\u2019 O R D O N N A N C E qui suit: Par exploit d\u2019huissier de justice du17 octobre 2023,PERSONNE1.)a fait donner assignation audocteurPERSONNE2.)et \u00e0 l\u2019\u00e9tablissement publicSOCIETE2.)(ci- apr\u00e8s \u00abla CNS\u00bb)\u00e0 compara\u00eetre devant le Pr\u00e9sident du Tribunal d\u2019arrondissement de et \u00e0 Luxembourg, si\u00e9geant comme juge des r\u00e9f\u00e9r\u00e9s, pour voir nommer un expert m\u00e9dical ainsi qu\u2019un expert calculateur avec la mission telle que sp\u00e9cifi\u00e9e au dispositif de son assignation, sur base de l\u2019article 350 du Nouveau Code de proc\u00e9dure civile, sinon subsidiairementsur le fondement de l\u2019article 932, alin\u00e9a 1 er du Nouveau Code de proc\u00e9dure civile, sinonplus subsidiairementsur base de l\u2019article 933, alin\u00e9a 1 er du m\u00eame code. A l\u2019audience publique du18 d\u00e9cembre 2023,le docteurPERSONNE2.),tout en contestant toute faute, n\u00e9gligence ou autre faitg\u00e9n\u00e9rateur de responsabilit\u00e9 dans son chef, s\u2019est d\u00e9clar\u00e9 d\u2019accord, sous toutes r\u00e9serves et sans reconnaissance ni renonciation pr\u00e9judiciable aucune dans sonchef, avec le principe de l\u2019expertise sollicit\u00e9e. La mesure d\u2019instruction sollicit\u00e9e n\u2019\u00e9tant pas contest\u00e9e dans son principe et les conditions d\u2019application de l\u2019article 350 du Nouveau Code de Proc\u00e9dure Civile \u00e9tant donn\u00e9es en l\u2019esp\u00e8ce, il y a lieu de faire droit \u00e0 la demande d\u2019expertise judiciaire. Les parties s\u2019\u00e9tant en outre accord\u00e9es sur le libell\u00e9 de la mission d\u2019expertise, il y a lieu de nommer un expert m\u00e9dical ainsi qu\u2019un expert calculateur avec la mission plus amplement d\u00e9taill\u00e9e au dispositif de la pr\u00e9sente ordonnance. PERSONNE1.)demande \u00e0 voir nommercomme expert m\u00e9dicalledocteur Steve HANSEN,chirurgien orthop\u00e9dique, demeurant \u00e0 L-ADRESSE6.). Le docteurPERSONNE2.)propose de d\u00e9signer comme expertm\u00e9dicalledocteur Jacques HUMMER, expert asserment\u00e9 aupr\u00e8s de la Courd\u2019appel de Nancy.Il insiste \u00e0 voir d\u00e9signer unexpert \u00e9tranger au motif que l\u2019\u00e9loignement g\u00e9ographique de l\u2019expert m\u00e9dicalconstituerait un gage desonind\u00e9pendance et desonimpartialit\u00e9. Il s\u2019oppose formellement \u00e0 la d\u00e9signation d\u2019un expert r\u00e9sidant auLuxembourg.<\/p>\n<p>PERSONNE1.)refuse de se d\u00e9placer \u00e0 l\u2019\u00e9tranger en raison de son \u00e9tat de sant\u00e9, qui ne lui permet pas de marcher sans d\u00e9ambulateur et sans attelles. Il convient de rappeler qu\u2019en cas de d\u00e9saccord des parties quant au choix de l\u2019expert, le jugedes r\u00e9f\u00e9r\u00e9s dispose d\u2019un pouvoir d\u2019appr\u00e9ciation discr\u00e9tionnaire. Sansremettre en cause l\u2019objectivit\u00e9 et l\u2019impartialit\u00e9 des experts r\u00e9sidants au Luxembourg, il para\u00eet pr\u00e9f\u00e9rablede pr\u00e9server aux yeux de la partied\u00e9fenderessetoutes les apparences d\u2019objectivit\u00e9 et d\u2019impartialit\u00e9. Or, cette pr\u00e9servation requiert la conservation d\u2019une distance appropri\u00e9e entre les activit\u00e9s professionnelles delapartie d\u00e9fenderesse et de l\u2019expert m\u00e9dical, distance qui risque de ne pas \u00eatre assur\u00e9e si l\u2019expert m\u00e9dical devait intervenir au Luxembourg dans le m\u00eame domaine de sp\u00e9cialisation que led\u00e9fendeur.Par ailleurs,si l\u2019\u00e9tat actuel de la partie demanderesserend les d\u00e9placements \u00e0 l\u2019\u00e9tranger plus difficiles,ces difficult\u00e9s ne sont cependant pas insurmontables. Le tribunal d\u00e9cide partant de nommerle docteur Jacques HUMMER,demeurant professionnellement \u00e0 F-ADRESSE7.), comme expert m\u00e9dical. Conform\u00e9ment \u00e0 la proposition dePERSONNE1.), Ma\u00eetreNicolas FRAN\u00c7OIS, demeurant professionnellement \u00e0 L-ADRESSE8.), sera nomm\u00e9 comme expert calculateur. Le r\u00e9f\u00e9r\u00e9 probatoire \u00e9tant institu\u00e9 dans l\u2019int\u00e9r\u00eat essentiellement probatoire du (ou des) demandeur(s), il appartient \u00e0PERSONNE1.)de faire l\u2019avance des frais d\u2019expertise, de sorte que la demande de cette derni\u00e8re tendant \u00e0 voir condamner le docteur PERSONNE2.)au paiement de la provision desexpertsest \u00e0 rejeter. La CNS, valablement assign\u00e9e en d\u00e9claration d\u2019ordonnance commune, n\u2019a pas comparu \u00e0 l\u2019audience. L\u2019exploit d\u2019assignation du 17 octobre 2023 lui ayant \u00e9t\u00e9 signifi\u00e9 \u00e0 personne pour avoir \u00e9t\u00e9 r\u00e9ceptionn\u00e9 par un fonctionnaire qui a accept\u00e9 copie de l\u2019exploit et qui a affirm\u00e9 \u00eatre habilit\u00e9 \u00e0 la recevoir, il y a lieu de statuer par une ordonnance r\u00e9put\u00e9e contradictoire\u00e0 son \u00e9gard, en application de l\u2019article 79, alin\u00e9a 2 du Nouveau Code de proc\u00e9dure civile. P A R C E S M O T I F S Nous Philippe WADL\u00c9, premier juge au Tribunal d\u2019arrondissement de et \u00e0 Luxembourg, si\u00e9geant comme juge desr\u00e9f\u00e9r\u00e9s, en remplacement du Pr\u00e9sident du Tribunal d\u2019arrondissement de et \u00e0 Luxembourg, statuant contradictoirement, recevons la demande en la forme;<\/p>\n<p>Nous d\u00e9clarons comp\u00e9tent pour en conna\u00eetre; au principal renvoyons les parties \u00e0 se pourvoir devant qui de droit, mais d\u00e8s \u00e0 pr\u00e9sent et par provision, sur base de l\u2019article 350 du Nouveau Code de proc\u00e9dure civile, ordonnons une expertise et commettons pour y proc\u00e9der -Docteur Jacques HUMMER,expert m\u00e9dical, demeurant professionnellement \u00e0 F- ADRESSE9.), et -Ma\u00eetre Nicolas FRAN\u00c7OIS, expert calculateur, demeurant professionnellement \u00e0 L-ADRESSE8.), avecla mission de concilier les parties si faire se peut, sinon dans un rapport \u00e9crit, d\u00e9taill\u00e9 et motiv\u00e9 de : -Convoquerles parties \u00e0 une expertise m\u00e9dicale contradictoire ; -Se faire communiquer et examiner le dossier m\u00e9dical dePERSONNE1.)ainsi que tous les documents utiles relatifs aux examens et soins m\u00e9dicaux re\u00e7us par PERSONNE1.)par ledocteurPERSONNE2.)et par tout autre m\u00e9decin ant\u00e9rieurement, concomitamment et post\u00e9rieurement \u00e0 la p\u00e9riode de prise en charge dudocteurPERSONNE2.); -Proc\u00e9der \u00e0 l\u2019examen clinique dePERSONNE1.)et d\u00e9crire les constatations effectu\u00e9es ; -D\u00e9crire les ant\u00e9c\u00e9dents m\u00e9dicaux dePERSONNE1.)ant\u00e9rieurs \u00e0 l\u2019intervention chirurgicale du 10 janvier 2018 ; -Constater la situation m\u00e9dicale dePERSONNE1.)au d\u00e9but de sa prise en charge par ledocteurPERSONNE2.); -D\u00e9crire l\u2019intervention chirurgicale du 10 Janvier 2018 r\u00e9alis\u00e9e par ledocteur PERSONNE2.)ainsi que les suites op\u00e9ratoires, les examenset autres suivis post\u00e9rieurement \u00e0 cette intervention chirurgicale jusqu\u2019au jour de l\u2019expertise; -Dire si, dans la prise en charge dePERSONNE1.), ledocteurPERSONNE2.)a agi de mani\u00e8re consciencieuse, prudente, attentive et conforme aux donn\u00e9esacquises de la science et aux r\u00e8gles consacr\u00e9es \u00e0 la pratique m\u00e9dicale de cette \u00e9poque ; -D\u00e9crire de fa\u00e7on chronologique et d\u00e9taill\u00e9e les soins, traitements, analyses et autres interventions pratiqu\u00e9s par d\u2019autres m\u00e9decins intervenus ant\u00e9rieurement, concomitamment et post\u00e9rieurement audocteurPERSONNE2.);<\/p>\n<p>-En cas de constatation d\u2019un manquement aux r\u00e9gies de l\u2019art et des donn\u00e9es acquises de la science, d\u00e9terminer le pr\u00e9judice mat\u00e9riel et corporel \u00e9ventuel en r\u00e9sultant pour PERSONNE1.)en stricte relation causale avec l\u2019intervention dudocteur PERSONNE2.)et en tenant compte d\u2019\u00e9ventuels ant\u00e9c\u00e9dents de m\u00eame que d\u2019\u00e9ventuels \u00e9v\u00e9nements intervenus post\u00e9rieurement, et en particulier : od\u00e9terminer et fixer la dur\u00e9e et le(s) pourcentages de l\u2019incapacit\u00e9temporaire, en tenantcompte de la mesure dans laquelle les l\u00e9sions traumatiques ont, durant les p\u00e9riodesd\u2019incapacit\u00e9 temporaire, emp\u00each\u00e9PERSONNE1.)d\u2019exercer normalement sonactivit\u00e9 quotidienne, od\u00e9terminer s\u2019il persistera \u00e0 la date de consolidation \u00e0d\u00e9terminer, une invalidit\u00e9 ouincapacit\u00e9 permanente, en pr\u00e9ciser la gravit\u00e9 et le pourcentage au point de vuem\u00e9dical et physique, od\u00e9terminer siPERSONNE1.)a eu recours \u00e0 l\u2019aide d\u2019une tierce personne et indiquer le cas \u00e9ch\u00e9ant, la qualit\u00e9 decelle-ci, sa qualification professionnelle, la fr\u00e9quence et la dur\u00e9e d\u2019intervention, od\u00e9crire, s\u2019il \u00e9chet, le dommage esth\u00e9tique et le pretium doloris et en fixer l\u2019importancesur la base de l\u2019\u00e9chelle suivante : 1: tr\u00e8s l\u00e9ger5 : important 2 : l\u00e9ger 6: tr\u00e8s important 3 : mod\u00e9r\u00e9 7 : consid\u00e9rable 4 : moyen od\u00e9terminer s\u2019il existe un pr\u00e9judice d\u2019agr\u00e9ment ; odire si une intervention chirurgicale est n\u00e9cessaire pour rem\u00e9dier \u00e0 l\u2019\u00e9tat de PERSONNE1.), d\u00e9crire cette intervention et en chiffrer le co\u00fbt ; -Chiffrerle pr\u00e9judice moral et mat\u00e9riel dePERSONNE1.)en stricte relation causale avecle(s) manquement(s) \u00e9ventuellement constat\u00e9(s) dans le chef dudocteur PERSONNE2.), entenant compte des recours des organismes de s\u00e9curit\u00e9 sociale ; -Etablir un projetde rapport d\u2019expertise et le transmettre aux parties pour leur permettrede faire valoir, dans un d\u00e9lai raisonnable, leurs dires et observations avant la finalisationet le d\u00e9p\u00f4t du rapport d\u2019expertise; disons que les experts pourronts\u2019entourer de tousrenseignements utiles \u00e0 l\u2019accomplissement de leur mission et entendre m\u00eame des tierces personnes ; disonsqu\u2019en cas de difficult\u00e9 d\u2019ex\u00e9cution de la mission d\u2019expertise, il Nous en sera fait rapport;<\/p>\n<p>rejetons la demande dePERSONNE1.)tendant \u00e0 voir condamner le docteur PERSONNE2.)au paiement de la provision des experts; ordonnons\u00e0PERSONNE1.)de payer \u00e0 chacun des experts la somme de1.500,-euros au plus tard le26 janvier 2024\u00e0 titre de provision \u00e0 valoir sur la r\u00e9mun\u00e9ration des experts, ou \u00e0 un \u00e9tablissement de cr\u00e9dit \u00e0 convenir entre parties au litige, et d\u2019en justifier au greffe du tribunal ; disons que si leurs honoraires devaient d\u00e9passer le montant de la provision vers\u00e9e, les experts devront Nous en avertir ; disons qu\u2019en cas d\u2019emp\u00eachement d\u2019un expert commis, il seraproc\u00e9d\u00e9 \u00e0 son remplacement par simple ordonnance prise en Notre cabinet ; disons que les experts devront d\u00e9poser leur rapport au greffe du tribunal le30ao\u00fbt 2024 au plus tard ; d\u00e9claronsla pr\u00e9sente ordonnance commune \u00e0 l\u2019\u00e9tablissement publicSOCIETE2.); ordonnons l\u2019ex\u00e9cution provisoire de la pr\u00e9sente ordonnance nonobstant toute voie de recours et sans caution; r\u00e9servons les droits des partiesainsi que les frais et d\u00e9pensde l\u2019instance.<\/p>\n<\/div>\n<hr class=\"kji-sep\" \/>\n<p class=\"kji-source-links\"><strong>Sources officielles :<\/strong> <a class=\"kji-source-link\" href=\"https:\/\/data.public.lu\/fr\/datasets\/tribunal-darrondissement-luxembourg-refere\/\" target=\"_blank\" rel=\"noopener noreferrer\">consulter la page source<\/a> &middot; <a class=\"kji-pdf-link\" href=\"https:\/\/download.data.public.lu\/resources\/tribunal-darrondissement-luxembourg-refere\/20240828-034201\/20240105-talref-tal-2023-08483-pseudonymise-accessible.pdf\" target=\"_blank\" rel=\"noopener noreferrer\">PDF officiel<\/a><\/p>\n<p class=\"kji-license-note\"><em>Licence CC BY-ND 4.0 (Administration judiciaire, data.public.lu). Republication autorisee avec attribution, sans modification editoriale du texte integral.<\/em><\/p>\n<\/div>\n","protected":false},"excerpt":{"rendered":"<p>No. R\u00f4le:TAL-2023-08483 No.2024TALREFO\/00004 du5 janvier2024 Audience publique extraordinaire desr\u00e9f\u00e9r\u00e9s duvendredi,5 janvier2024, tenue par NousPhilippe WADL\u00c9, premier jugeau Tribunal d\u2019arrondissement de et \u00e0 Luxembourg, si\u00e9geant comme juge des r\u00e9f\u00e9r\u00e9s, en remplacementduPr\u00e9sident du Tribunal d\u2019arrondissement de et \u00e0 Luxembourg, assist\u00e9de la greffi\u00e8re assum\u00e9e Carole STARCK. DANS LA\u2026<\/p>\n","protected":false},"featured_media":0,"template":"","meta":{"_crdt_document":""},"kji_country":[8418],"kji_court":[23583],"kji_chamber":[18768],"kji_year":[8677],"kji_subject":[7646],"kji_keyword":[23584,8460,7636],"kji_language":[7733],"class_list":["post-640238","kji_decision","type-kji_decision","status-publish","hentry","kji_country-luxembourg","kji_court-tribunal-darrondissement","kji_chamber-refere","kji_year-8677","kji_subject-divers","kji_keyword-arrondissement","kji_keyword-janvier","kji_keyword-tribunal","kji_language-francais"],"yoast_head":"<!-- This site is optimized with the Yoast SEO Premium plugin v27.4 (Yoast SEO v27.4) - https:\/\/yoast.com\/product\/yoast-seo-premium-wordpress\/ -->\n<title>Tribunal d&#039;arrondissement, 5 janvier 2024, n\u00b0 2023-08483 - Ma\u00eetre Hassan Kohen, avocat en droit p\u00e9nal \u00e0 Paris<\/title>\n<meta name=\"robots\" content=\"index, follow, max-snippet:-1, max-image-preview:large, max-video-preview:-1\" \/>\n<link rel=\"canonical\" href=\"https:\/\/kohenavocats.com\/ru\/jurisprudences\/tribunal-darrondissement-5-janvier-2024-n-2023-08483-2\/\" \/>\n<meta property=\"og:locale\" content=\"ru_RU\" \/>\n<meta property=\"og:type\" content=\"article\" \/>\n<meta property=\"og:title\" content=\"Tribunal d&#039;arrondissement, 5 janvier 2024, n\u00b0 2023-08483\" \/>\n<meta property=\"og:description\" content=\"No. R\u00f4le:TAL-2023-08483 No.2024TALREFO\/00004 du5 janvier2024 Audience publique extraordinaire desr\u00e9f\u00e9r\u00e9s duvendredi,5 janvier2024, tenue par NousPhilippe WADL\u00c9, premier jugeau Tribunal d\u2019arrondissement de et \u00e0 Luxembourg, si\u00e9geant comme juge des r\u00e9f\u00e9r\u00e9s, en remplacementduPr\u00e9sident du Tribunal d\u2019arrondissement de et \u00e0 Luxembourg, assist\u00e9de la greffi\u00e8re assum\u00e9e Carole STARCK. DANS LA\u2026\" \/>\n<meta property=\"og:url\" content=\"https:\/\/kohenavocats.com\/ru\/jurisprudences\/tribunal-darrondissement-5-janvier-2024-n-2023-08483-2\/\" \/>\n<meta property=\"og:site_name\" content=\"Ma\u00eetre Hassan Kohen, avocat en droit p\u00e9nal \u00e0 Paris\" \/>\n<meta property=\"article:modified_time\" content=\"2026-04-21T19:26:41+00:00\" \/>\n<meta name=\"twitter:card\" content=\"summary_large_image\" \/>\n<meta name=\"twitter:label1\" content=\"\u041f\u0440\u0438\u043c\u0435\u0440\u043d\u043e\u0435 \u0432\u0440\u0435\u043c\u044f \u0434\u043b\u044f \u0447\u0442\u0435\u043d\u0438\u044f\" \/>\n\t<meta name=\"twitter:data1\" content=\"10 \u043c\u0438\u043d\u0443\u0442\" \/>\n<script type=\"application\/ld+json\" class=\"yoast-schema-graph\">{\"@context\":\"https:\\\/\\\/schema.org\",\"@graph\":[{\"@type\":\"WebPage\",\"@id\":\"https:\\\/\\\/kohenavocats.com\\\/ru\\\/jurisprudences\\\/tribunal-darrondissement-5-janvier-2024-n-2023-08483-2\\\/\",\"url\":\"https:\\\/\\\/kohenavocats.com\\\/ru\\\/jurisprudences\\\/tribunal-darrondissement-5-janvier-2024-n-2023-08483-2\\\/\",\"name\":\"Tribunal d'arrondissement, 5 janvier 2024, n\u00b0 2023-08483 - Ma\u00eetre Hassan Kohen, avocat en droit p\u00e9nal \u00e0 Paris\",\"isPartOf\":{\"@id\":\"https:\\\/\\\/kohenavocats.com\\\/ru\\\/#website\"},\"datePublished\":\"2026-04-21T19:26:37+00:00\",\"dateModified\":\"2026-04-21T19:26:41+00:00\",\"breadcrumb\":{\"@id\":\"https:\\\/\\\/kohenavocats.com\\\/ru\\\/jurisprudences\\\/tribunal-darrondissement-5-janvier-2024-n-2023-08483-2\\\/#breadcrumb\"},\"inLanguage\":\"ru-RU\",\"potentialAction\":[{\"@type\":\"ReadAction\",\"target\":[\"https:\\\/\\\/kohenavocats.com\\\/ru\\\/jurisprudences\\\/tribunal-darrondissement-5-janvier-2024-n-2023-08483-2\\\/\"]}]},{\"@type\":\"BreadcrumbList\",\"@id\":\"https:\\\/\\\/kohenavocats.com\\\/ru\\\/jurisprudences\\\/tribunal-darrondissement-5-janvier-2024-n-2023-08483-2\\\/#breadcrumb\",\"itemListElement\":[{\"@type\":\"ListItem\",\"position\":1,\"name\":\"Home\",\"item\":\"https:\\\/\\\/kohenavocats.com\\\/ru\\\/avocats-en-droit-penal-a-paris-conseil-et-defense-strategique\\\/\"},{\"@type\":\"ListItem\",\"position\":2,\"name\":\"Jurisprudences\",\"item\":\"https:\\\/\\\/kohenavocats.com\\\/ru\\\/jurisprudences\\\/\"},{\"@type\":\"ListItem\",\"position\":3,\"name\":\"Tribunal d&rsquo;arrondissement, 5 janvier 2024, n\u00b0 2023-08483\"}]},{\"@type\":\"WebSite\",\"@id\":\"https:\\\/\\\/kohenavocats.com\\\/ru\\\/#website\",\"url\":\"https:\\\/\\\/kohenavocats.com\\\/ru\\\/\",\"name\":\"Kohen Avocats\",\"description\":\"Ma\u00eetre Hassan Kohen, avocat p\u00e9naliste \u00e0 Paris, intervient exclusivement en droit p\u00e9nal pour la d\u00e9fense des particuliers, notamment en mati\u00e8re d\u2019accusations de viol. Il assure un accompagnement rigoureux d\u00e8s la garde \u00e0 vue jusqu\u2019\u00e0 la Cour d\u2019assises, veillant au strict respect des garanties proc\u00e9durales.\",\"publisher\":{\"@id\":\"https:\\\/\\\/kohenavocats.com\\\/ru\\\/#organization\"},\"potentialAction\":[{\"@type\":\"SearchAction\",\"target\":{\"@type\":\"EntryPoint\",\"urlTemplate\":\"https:\\\/\\\/kohenavocats.com\\\/ru\\\/?s={search_term_string}\"},\"query-input\":{\"@type\":\"PropertyValueSpecification\",\"valueRequired\":true,\"valueName\":\"search_term_string\"}}],\"inLanguage\":\"ru-RU\"},{\"@type\":\"Organization\",\"@id\":\"https:\\\/\\\/kohenavocats.com\\\/ru\\\/#organization\",\"name\":\"Kohen Avocats\",\"url\":\"https:\\\/\\\/kohenavocats.com\\\/ru\\\/\",\"logo\":{\"@type\":\"ImageObject\",\"inLanguage\":\"ru-RU\",\"@id\":\"https:\\\/\\\/kohenavocats.com\\\/ru\\\/#\\\/schema\\\/logo\\\/image\\\/\",\"url\":\"https:\\\/\\\/kohenavocats.com\\\/wp-content\\\/uploads\\\/2026\\\/01\\\/Logo-2-1.webp\",\"contentUrl\":\"https:\\\/\\\/kohenavocats.com\\\/wp-content\\\/uploads\\\/2026\\\/01\\\/Logo-2-1.webp\",\"width\":2114,\"height\":1253,\"caption\":\"Kohen Avocats\"},\"image\":{\"@id\":\"https:\\\/\\\/kohenavocats.com\\\/ru\\\/#\\\/schema\\\/logo\\\/image\\\/\"}}]}<\/script>\n<!-- \/ Yoast SEO Premium plugin. -->","yoast_head_json":{"title":"Tribunal d'arrondissement, 5 janvier 2024, n\u00b0 2023-08483 - Ma\u00eetre Hassan Kohen, avocat en droit p\u00e9nal \u00e0 Paris","robots":{"index":"index","follow":"follow","max-snippet":"max-snippet:-1","max-image-preview":"max-image-preview:large","max-video-preview":"max-video-preview:-1"},"canonical":"https:\/\/kohenavocats.com\/ru\/jurisprudences\/tribunal-darrondissement-5-janvier-2024-n-2023-08483-2\/","og_locale":"ru_RU","og_type":"article","og_title":"Tribunal d'arrondissement, 5 janvier 2024, n\u00b0 2023-08483","og_description":"No. R\u00f4le:TAL-2023-08483 No.2024TALREFO\/00004 du5 janvier2024 Audience publique extraordinaire desr\u00e9f\u00e9r\u00e9s duvendredi,5 janvier2024, tenue par NousPhilippe WADL\u00c9, premier jugeau Tribunal d\u2019arrondissement de et \u00e0 Luxembourg, si\u00e9geant comme juge des r\u00e9f\u00e9r\u00e9s, en remplacementduPr\u00e9sident du Tribunal d\u2019arrondissement de et \u00e0 Luxembourg, assist\u00e9de la greffi\u00e8re assum\u00e9e Carole STARCK. DANS LA\u2026","og_url":"https:\/\/kohenavocats.com\/ru\/jurisprudences\/tribunal-darrondissement-5-janvier-2024-n-2023-08483-2\/","og_site_name":"Ma\u00eetre Hassan Kohen, avocat en droit p\u00e9nal \u00e0 Paris","article_modified_time":"2026-04-21T19:26:41+00:00","twitter_card":"summary_large_image","twitter_misc":{"\u041f\u0440\u0438\u043c\u0435\u0440\u043d\u043e\u0435 \u0432\u0440\u0435\u043c\u044f \u0434\u043b\u044f \u0447\u0442\u0435\u043d\u0438\u044f":"10 \u043c\u0438\u043d\u0443\u0442"},"schema":{"@context":"https:\/\/schema.org","@graph":[{"@type":"WebPage","@id":"https:\/\/kohenavocats.com\/ru\/jurisprudences\/tribunal-darrondissement-5-janvier-2024-n-2023-08483-2\/","url":"https:\/\/kohenavocats.com\/ru\/jurisprudences\/tribunal-darrondissement-5-janvier-2024-n-2023-08483-2\/","name":"Tribunal d'arrondissement, 5 janvier 2024, n\u00b0 2023-08483 - Ma\u00eetre Hassan Kohen, avocat en droit p\u00e9nal \u00e0 Paris","isPartOf":{"@id":"https:\/\/kohenavocats.com\/ru\/#website"},"datePublished":"2026-04-21T19:26:37+00:00","dateModified":"2026-04-21T19:26:41+00:00","breadcrumb":{"@id":"https:\/\/kohenavocats.com\/ru\/jurisprudences\/tribunal-darrondissement-5-janvier-2024-n-2023-08483-2\/#breadcrumb"},"inLanguage":"ru-RU","potentialAction":[{"@type":"ReadAction","target":["https:\/\/kohenavocats.com\/ru\/jurisprudences\/tribunal-darrondissement-5-janvier-2024-n-2023-08483-2\/"]}]},{"@type":"BreadcrumbList","@id":"https:\/\/kohenavocats.com\/ru\/jurisprudences\/tribunal-darrondissement-5-janvier-2024-n-2023-08483-2\/#breadcrumb","itemListElement":[{"@type":"ListItem","position":1,"name":"Home","item":"https:\/\/kohenavocats.com\/ru\/avocats-en-droit-penal-a-paris-conseil-et-defense-strategique\/"},{"@type":"ListItem","position":2,"name":"Jurisprudences","item":"https:\/\/kohenavocats.com\/ru\/jurisprudences\/"},{"@type":"ListItem","position":3,"name":"Tribunal d&rsquo;arrondissement, 5 janvier 2024, n\u00b0 2023-08483"}]},{"@type":"WebSite","@id":"https:\/\/kohenavocats.com\/ru\/#website","url":"https:\/\/kohenavocats.com\/ru\/","name":"Kohen Avocats","description":"Ma\u00eetre Hassan Kohen, avocat p\u00e9naliste \u00e0 Paris, intervient exclusivement en droit p\u00e9nal pour la d\u00e9fense des particuliers, notamment en mati\u00e8re d\u2019accusations de viol. Il assure un accompagnement rigoureux d\u00e8s la garde \u00e0 vue jusqu\u2019\u00e0 la Cour d\u2019assises, veillant au strict respect des garanties proc\u00e9durales.","publisher":{"@id":"https:\/\/kohenavocats.com\/ru\/#organization"},"potentialAction":[{"@type":"SearchAction","target":{"@type":"EntryPoint","urlTemplate":"https:\/\/kohenavocats.com\/ru\/?s={search_term_string}"},"query-input":{"@type":"PropertyValueSpecification","valueRequired":true,"valueName":"search_term_string"}}],"inLanguage":"ru-RU"},{"@type":"Organization","@id":"https:\/\/kohenavocats.com\/ru\/#organization","name":"Kohen Avocats","url":"https:\/\/kohenavocats.com\/ru\/","logo":{"@type":"ImageObject","inLanguage":"ru-RU","@id":"https:\/\/kohenavocats.com\/ru\/#\/schema\/logo\/image\/","url":"https:\/\/kohenavocats.com\/wp-content\/uploads\/2026\/01\/Logo-2-1.webp","contentUrl":"https:\/\/kohenavocats.com\/wp-content\/uploads\/2026\/01\/Logo-2-1.webp","width":2114,"height":1253,"caption":"Kohen Avocats"},"image":{"@id":"https:\/\/kohenavocats.com\/ru\/#\/schema\/logo\/image\/"}}]}},"jetpack_likes_enabled":false,"jetpack_sharing_enabled":true,"_links":{"self":[{"href":"https:\/\/kohenavocats.com\/ru\/wp-json\/wp\/v2\/kji_decision\/640238","targetHints":{"allow":["GET"]}}],"collection":[{"href":"https:\/\/kohenavocats.com\/ru\/wp-json\/wp\/v2\/kji_decision"}],"about":[{"href":"https:\/\/kohenavocats.com\/ru\/wp-json\/wp\/v2\/types\/kji_decision"}],"wp:attachment":[{"href":"https:\/\/kohenavocats.com\/ru\/wp-json\/wp\/v2\/media?parent=640238"}],"wp:term":[{"taxonomy":"kji_country","embeddable":true,"href":"https:\/\/kohenavocats.com\/ru\/wp-json\/wp\/v2\/kji_country?post=640238"},{"taxonomy":"kji_court","embeddable":true,"href":"https:\/\/kohenavocats.com\/ru\/wp-json\/wp\/v2\/kji_court?post=640238"},{"taxonomy":"kji_chamber","embeddable":true,"href":"https:\/\/kohenavocats.com\/ru\/wp-json\/wp\/v2\/kji_chamber?post=640238"},{"taxonomy":"kji_year","embeddable":true,"href":"https:\/\/kohenavocats.com\/ru\/wp-json\/wp\/v2\/kji_year?post=640238"},{"taxonomy":"kji_subject","embeddable":true,"href":"https:\/\/kohenavocats.com\/ru\/wp-json\/wp\/v2\/kji_subject?post=640238"},{"taxonomy":"kji_keyword","embeddable":true,"href":"https:\/\/kohenavocats.com\/ru\/wp-json\/wp\/v2\/kji_keyword?post=640238"},{"taxonomy":"kji_language","embeddable":true,"href":"https:\/\/kohenavocats.com\/ru\/wp-json\/wp\/v2\/kji_language?post=640238"}],"curies":[{"name":"wp","href":"https:\/\/api.w.org\/{rel}","templated":true}]}}