{"id":640392,"date":"2026-04-21T21:40:00","date_gmt":"2026-04-21T19:40:00","guid":{"rendered":"https:\/\/kohenavocats.com\/jurisprudences\/tribunal-darrondissement-20-octobre-2023-n-2023-03649\/"},"modified":"2026-04-21T21:40:07","modified_gmt":"2026-04-21T19:40:07","slug":"tribunal-darrondissement-20-octobre-2023-n-2023-03649","status":"publish","type":"kji_decision","link":"https:\/\/kohenavocats.com\/ru\/jurisprudences\/tribunal-darrondissement-20-octobre-2023-n-2023-03649\/","title":{"rendered":"Tribunal d&#8217;arrondissement, 20 octobre 2023, n\u00b0 2023-03649"},"content":{"rendered":"<div class=\"kji-decision\">\n<div class=\"kji-full-text\">\n<p>1 No. R\u00f4le: TAL-2023-03649 No.2023TALREFO\/00386 du 20 octobre 2023 Audience publique extraordinaire pr\u00e9sidentielle du vendredi, 20 octobre 2023, tenue par Nous Christina LAPLUME, Vice-Pr\u00e9sident au Tribunal d\u2019arrondissement de et \u00e0 Luxembourg,si\u00e9geanten remplacementduPr\u00e9sident du Tribunal d&#039;arrondissement de Luxembourg, statuant en la forme des r\u00e9f\u00e9r\u00e9ssur base de l\u2019article 815-11 du code civil, assist\u00e9e du greffier Lo\u00efc PAVANT. DANS LA CAUSE E N T R E LaSOCIETE1.), fondation d\u2019utilit\u00e9publique, \u00e9tablie et ayant son si\u00e8ge \u00e0 L- ADRESSE1.), inscrite au registre de commerce et des soci\u00e9t\u00e9s de Luxembourg sous le num\u00e9roNUMERO1.), repr\u00e9sent\u00e9e par ses organes statutaires actuellement en fonctions, \u00e9lisant domicile en l\u2019\u00e9tude de Ma\u00eetre Annick WURTH, avocat, demeurant \u00e0 Luxembourg, partie demanderessecomparant par Ma\u00eetre Annick WURTH, avocat, demeurant \u00e0 Luxembourg, E T 1)PERSONNE1.), \u00e9pouse dePERSONNE2.), demeurant \u00e0 L-ADRESSE2.) 2)PERSONNE3.), demeurant \u00e0 L-ADRESSE3.), 3)PERSONNE4.), \u00e9pouse dePERSONNE5.), demeurant \u00e0 L-ADRESSE4.), 4)PERSONNE6.), \u00e9pouse dePERSONNE7.), demeurant \u00e0 L-ADRESSE5.), 5)PERSONNE8.), demeurant \u00e0 L-ADRESSE6.),<\/p>\n<p>2 partie d\u00e9fenderesse sub1)comparant par Ma\u00eetre Monique WIRION, avocat, demeurant \u00e0 Luxembourg, partie d\u00e9fenderesse sub2)comparant par Ma\u00eetre Nathalie BOSQUET, avocat, en remplacement de Ma\u00eetre Fran\u00e7ois KAUFFMAN, avocat, les deux demeurant \u00e0 Luxembourg, partiesd\u00e9fenderessessub3) \u00e0 sub5)comparant par Ma\u00eetre Ren\u00e9 WEBER, avocat, demeurant \u00e0Luxembourg. F A I T S :<\/p>\n<p>3 A l\u2019appel de la cause \u00e0 l\u2019audience publique pr\u00e9sidentielle du mardi, 10 octobre 2023, Ma\u00eetre Annick WURTH donna lecture de l\u2019assignation ci-avant transcrite et exposa ses moyens. Ma\u00eetre Monique WIRION,Ma\u00eetre Nathalie BOSQUET et Ma\u00eetre Ren\u00e9 WEBER furent entendus en leurs explications. Sur ce le juge prit l\u2019affaire en d\u00e9lib\u00e9r\u00e9 et rendit \u00e0 l\u2019audience publique pr\u00e9sidentielle extraordinaire de ce jour l\u2019 O R D O N N A N C E qui suit: Par exploit d\u2019huissierMax GLODE, huissier de justice suppl\u00e9ant rempla\u00e7ant Pierre BIEL,\u00e9tabli\u00e0 Luxembourg,du21 avril 2023,laSOCIETE1.), fondation d\u2019utilit\u00e9 publique,a fait compara\u00eetrePERSONNE9.)\u00e9pousePERSONNE2.),PERSONNE3.), PERSONNE4.),PERSONNE6.)\u00e9pousePERSONNE7.)etPERSONNE8.)devant le Pr\u00e9sident duTribunal d\u2019arrondissement de Luxembourg,statuant en la formedes r\u00e9f\u00e9r\u00e9s,comme juge du fond dans le cadre des pouvoirssp\u00e9cifiques lui attribu\u00e9s par l\u2019article 815-114\u00b0du code civil en mati\u00e8red\u2019indivision,pourvoir: -entendre direPERSONNE9.)que le legs \u00e0 titre universel dont le d\u00e9funt PERSONNE10.)a gratifi\u00e9 laSOCIETE1.)lui sera d\u00e9livr\u00e9 en entier sinon en partie -entendre dire que laSOCIETE1.)sera tenue d\u2019acquitter les legsparticuliers aux assign\u00e9sPERSONNE3.),PERSONNE4.),PERSONNE6.)etPERSONNE8.) -entendre dire que l\u2019ordonnance \u00e0 intervenir sera commune aux assign\u00e9es PERSONNE3.),PERSONNE4.),PERSONNE6.)etPERSONNE8.) A l\u2019appui de sa demande, laSOCIETE1.)fait exposerque suivant testament authentique du 15 janvier 2016,enregistr\u00e9par devant le notaire Carlo WERSANDT,feu PERSONNE10.)a r\u00e9voqu\u00e9 tous ses testaments ant\u00e9rieurs et l\u00e9gu\u00e9 \u00e0 sa fille unique PERSONNE9.)sa part r\u00e9servataire soit la moiti\u00e9 indivise de sa succession tant immobili\u00e8re que mobili\u00e8re. Par le m\u00eame testament,PERSONNE10.)a institu\u00e9 comme l\u00e9gataires particuliers: -sa petite-fillePERSONNE3.)pour la somme de 350.000 euros -PERSONNE4.)pour la somme de 350.000 euros -PERSONNE6.)pour la somme de 200.000 euros -PERSONNE8.)pour la somme de 2,5 millions d\u2019euros -laSOCIETE1.)pourle solde de la quotit\u00e9 disponible dela successionde PERSONNE10.), soit la moiti\u00e9 indivise, apr\u00e8s d\u00e9duction des quatre legs particuliers<\/p>\n<p>4 LaSOCIETE1.)donne encore \u00e0 consid\u00e9rerque le31 mai 2017,elle a accept\u00e9,sous b\u00e9n\u00e9fice d\u2019inventaire, le legs \u00e0 titre universel quefeuPERSONNE10.)a institu\u00e9 en sa faveur; que l\u2019actif net de la successions\u2019\u00e9levait,au 9 novembre 2018,\u00e0 quelque 17 millions,auxquels se sont venuss\u2019ajouterquelque4 millions d\u2019euros,obtenus \u00e0 la suite d\u2019un proc\u00e8s gagn\u00e9 \u00e0 l\u2019encontre de la soci\u00e9t\u00e9SOCIETE2.). LaSOCIETE1.)soutientqu\u2019au regard du fait quePERSONNE9.)refuse delui d\u00e9livrer le legs \u00e0 titre universeldevant lui revenir suivant le testament du 15 janvier 2016 pr\u00e9cit\u00e9, elle a introduit une assignation \u00e0 l\u2019encontre dePERSONNE9.)devant le Tribunalcivil en vued\u2019obtenirla d\u00e9livrance de son legs conform\u00e9ment \u00e0 l\u2019article 1011 du code civil. LaSOCIETE1.)d\u2019ajouterque suivant jugement du 3 avril 2020, la onzi\u00e8me chambre du Tribunal d\u2019arrondissement, si\u00e9geant en mati\u00e8re civile,devant laquelle est actuellementpendante l\u2019instancepr\u00e9d\u00e9crite,ad\u00e9cid\u00e9 de surseoir\u00e0 statuer en attendant l\u2019issuede l\u2019instructiondela plainte avec constitution de partie civile d\u00e9pos\u00e9epar PERSONNE9.)et sa fillePERSONNE3.)entre les mains du juge d\u2019instruction \u00e0 l\u2019encontre dePERSONNE8.)auquel elles reprochentd\u2019\u00eatre l\u2019auteur d\u2019unabus de faiblesse\u00e0 l\u2019\u00e9gard defeuPERSONNE10.); queparm\u00eame jugement, le Tribunal aurait retenuque sil\u2019infraction d\u2019abus de faiblesse devait \u00eatre retenue, le testament du 15 janvier 2016 serait nul et de nul effet. LaSOCIETE1.),estimantque le testament defeuPERSONNE10.)ne serapas annul\u00e9, demande,sur base de l\u2019article 815-11 4\u00b0 du code civil,etau vu des lenteurs de l\u2019instruction de la plainte p\u00e9nale, une avance en capital sur les fonds bloqu\u00e9s entre les mains du notaire Cosita DELVAUX qui s\u2019\u00e9l\u00e8vent, d\u2019apr\u00e8s les renseignementsobtenus, \u00e0quelque 10 millions d\u2019euros. PERSONNE9.)soul\u00e8vein limine litisl\u2019incomp\u00e9tence de la pr\u00e9sente juridiction \u00e0 conna\u00eetre de la demandede laSOCIETE1.)au motifque les demandes,telles que formul\u00e9es dans ledispositif de l\u2019acte introductif d\u2019intance, rel\u00e8vent dela comp\u00e9tence exclusivede lachambre coll\u00e9giale du Tribunal d\u2019arrondissement; qu\u2019on pourrait d\u2019ailleursais\u00e9mentconstater que le dispositif de l\u2019acte introductifsaisissant la pr\u00e9sente juridiqueest identique \u00e0 celuipar lequel les juges du fond, si\u00e9geant en mati\u00e8re civile, ont \u00e9t\u00e9 saisissuivant exploit d\u2019assignation du 13 d\u00e9cembre 2018. PERSONNE3.)se rallie aux conclusions dePERSONNE9.). Les parties d\u00e9fenderessesPERSONNE4.),PERSONNE6.)etPERSONNE8.)concluent \u00e0 la comp\u00e9tence de la pr\u00e9sente juridiction \u00e0 conna\u00eetre de la demande de laSOCIETE1.). Aux termes de l\u2019article 815-11, 4\u00b0 du code civil, lePr\u00e9sident duTribunal d\u2019arrondissement peut, \u00e0 concurrence des fonds disponibles, ordonner une avance en capital sur les droits de l\u2019indivisaire dans le partage \u00e0 intervenir.<\/p>\n<p>5 En l\u2019esp\u00e8ce, laSOCIETE1.)expose,danslapartie relative \u00e0 lamotivation de son exploit introductif d\u2019instance,les faits \u00e0 la basedu litigeetelledemande\u00e0 se voir allouerune avance en capital dontellene pr\u00e9cise pas autrementle montant. Dans ledispositif de sonacte introductif d&#039;instance,laSOCIETE1.)demande \u00e0 voir dire quePERSONNE9.)soit tenuederespecter les dispositionsdulegs \u00e0 titre universel dont le d\u00e9funtPERSONNE10.)a gratifi\u00e9 laSOCIETE1.)etque la fondation soit tenue de s\u2019acquitter des legs particuliers aux assign\u00e9sPERSONNE3.),PERSONNE4.), PERSONNE6.)etPERSONNE8.)tel que souhait\u00e9 par le d\u00e9funt. Force esttout d\u2019abordde rappeler quele dispositif de toutacte introductif d\u2019instance, contrairement \u00e0 la motivation de celui-ci,lie d\u00e9finitivement le jugenon seulementquant aux demandes formul\u00e9es par la partie demanderessemais \u00e9galementquant \u00e0 l\u2019objet de celles-ci. En l\u2019esp\u00e8ce, laSOCIETE1.)formule, dans le dispositif de l\u2019exploit d\u2019assignation du 21 avril 2023, des demandes qui, mis \u00e0 part le fait qu\u2019elles sont actuellement d\u00e9j\u00e0 pendantes devant la onzi\u00e8me chambre du Tribunal d\u2019arrondissement,am\u00e8neraientla pr\u00e9sente juridiction \u00e0 dire le droit. Or, un tel pouvoirnerel\u00e8vepasde la comp\u00e9tencede la pr\u00e9sente juridiction qui doit, part cons\u00e9quent, se d\u00e9clarer incomp\u00e9tentepour en conna\u00eetre. Indemnit\u00e9sde proc\u00e9dure LaSOCIETE1.)demande \u00e0 se voir attribuer une indemnit\u00e9 de proc\u00e9dure de5.000 euros sur base de l\u2019article 240 du nouveau code de proc\u00e9dure civile. Au vu des \u00e9l\u00e9ments du dossier, ilnepara\u00eetpasin\u00e9quitable de laisser \u00e0 la seule charge delaSOCIETE1.)tous les frais d\u2019avocat qu\u2019elle a d\u00fb exposer pour assurer sa d\u00e9fense. LaSOCIETE1.)est partant \u00e0 d\u00e9bouter de sa demande. PERSONNE9.), pour sa part, demande \u00e0 se voir allouer une indemnit\u00e9 de proc\u00e9dure de 5.000 euros sur base de l\u2019article 240 du nouveau code de proc\u00e9dure civile. Au vude l\u2019issue du litige, il para\u00eet in\u00e9quitablede laisser \u00e0 la seule charge de PERSONNE9.)tous les frais d\u2019avocat qu\u2019elle a d\u00fb exposer pour assurer sa d\u00e9fense de sorte qu\u2019il y a lieude lui allouer le montant de 850euros. La pr\u00e9sente ordonnance quoique rendue en la forme desr\u00e9f\u00e9r\u00e9s a autorit\u00e9 de chose jug\u00e9e au principal, de sorte que l\u2019article 938 du nouveau code de proc\u00e9dure civile disposant que l\u2019ordonnance de r\u00e9f\u00e9r\u00e9 est de droit ex\u00e9cutoire par provision n\u2019est pas applicable. Le courrier du litis-mandataire de laSOCIETE1.)adress\u00e9 \u00e0 la pr\u00e9sente juridiction en cours de d\u00e9lib\u00e9r\u00e9, le 19 octobre 2023, n\u2019est pas \u00e0 prendre en consid\u00e9ration \u00e9tant donn\u00e9 qu\u2019en application du principe du contradictoire, du respect des droits de la d\u00e9fense et en<\/p>\n<p>6 application de l\u2019article 282 du nouveau code de proc\u00e9dure civile, les courriers et pi\u00e8ces doivent \u00eatre communiqu\u00e9s aux parties en cause en temps utile. P A R C E S M O T I F S: NousChristina LAPLUME, Vice-Pr\u00e9sident au Tribunal d&#039;arrondissement de Luxembourg, si\u00e9geanten remplacementduPr\u00e9sident du Tribunal d&#039;arrondissement de Luxembourg, statuant en la forme des r\u00e9f\u00e9r\u00e9ssur base de l\u2019article 815-11 du code civil, statuant contradictoirement, d\u00e9claronslesdemandesrecevablesen la forme; Nous d\u00e9claronsincomp\u00e9tent pourenconna\u00eetre; d\u00e9boutons laSOCIETE1.), fondation d\u2019utilit\u00e9 publique,de sa demande en obtention d\u2019une indemnit\u00e9 de proc\u00e9dure sur base de l\u2019article 240 du nouveau code de proc\u00e9dure civile; condamnonslaSOCIETE1.), fondation d\u2019utilit\u00e9 publique, de payer \u00e0PERSONNE1.) le montant de 850euros sur base de l\u2019article 240 du nouveau code de proc\u00e9dure civile; laissons les frais et d\u00e9pens del\u2019instance\u00e0 charge de laSOCIETE1.), fondation d\u2019utilit\u00e9 publique.<\/p>\n<\/div>\n<hr class=\"kji-sep\" \/>\n<p class=\"kji-source-links\"><strong>Sources officielles :<\/strong> <a class=\"kji-source-link\" href=\"https:\/\/data.public.lu\/fr\/datasets\/tribunal-darrondissement-luxembourg-refere\/\" target=\"_blank\" rel=\"noopener noreferrer\">consulter la page source<\/a> &middot; <a class=\"kji-pdf-link\" href=\"https:\/\/download.data.public.lu\/resources\/tribunal-darrondissement-luxembourg-refere\/20240828-034015\/20231020-talref-tal-2023-03649-pseudonymise-accessible.pdf\" target=\"_blank\" rel=\"noopener noreferrer\">PDF officiel<\/a><\/p>\n<p class=\"kji-license-note\"><em>Licence CC BY-ND 4.0 (Administration judiciaire, data.public.lu). Republication autorisee avec attribution, sans modification editoriale du texte integral.<\/em><\/p>\n<\/div>\n","protected":false},"excerpt":{"rendered":"<p>1 No. R\u00f4le: TAL-2023-03649 No.2023TALREFO\/00386 du 20 octobre 2023 Audience publique extraordinaire pr\u00e9sidentielle du vendredi, 20 octobre 2023, tenue par Nous Christina LAPLUME, Vice-Pr\u00e9sident au Tribunal d\u2019arrondissement de et \u00e0 Luxembourg,si\u00e9geanten remplacementduPr\u00e9sident du Tribunal d&#8217;arrondissement de Luxembourg, statuant en la forme des r\u00e9f\u00e9r\u00e9ssur base de\u2026<\/p>\n","protected":false},"featured_media":0,"template":"","meta":{"_crdt_document":""},"kji_country":[8418],"kji_court":[23583],"kji_chamber":[18768],"kji_year":[24566],"kji_subject":[7646],"kji_keyword":[23584,8598,7636],"kji_language":[7733],"class_list":["post-640392","kji_decision","type-kji_decision","status-publish","hentry","kji_country-luxembourg","kji_court-tribunal-darrondissement","kji_chamber-refere","kji_year-24566","kji_subject-divers","kji_keyword-arrondissement","kji_keyword-octobre","kji_keyword-tribunal","kji_language-francais"],"yoast_head":"<!-- This site is optimized with the Yoast SEO Premium plugin v27.4 (Yoast SEO v27.4) - https:\/\/yoast.com\/product\/yoast-seo-premium-wordpress\/ -->\n<title>Tribunal d&#039;arrondissement, 20 octobre 2023, n\u00b0 2023-03649 - Ma\u00eetre Hassan Kohen, avocat en droit p\u00e9nal \u00e0 Paris<\/title>\n<meta name=\"robots\" content=\"index, follow, max-snippet:-1, max-image-preview:large, max-video-preview:-1\" \/>\n<link rel=\"canonical\" href=\"https:\/\/kohenavocats.com\/ru\/jurisprudences\/tribunal-darrondissement-20-octobre-2023-n-2023-03649\/\" \/>\n<meta property=\"og:locale\" content=\"ru_RU\" \/>\n<meta property=\"og:type\" content=\"article\" \/>\n<meta property=\"og:title\" content=\"Tribunal d&#039;arrondissement, 20 octobre 2023, n\u00b0 2023-03649\" \/>\n<meta property=\"og:description\" content=\"1 No. R\u00f4le: TAL-2023-03649 No.2023TALREFO\/00386 du 20 octobre 2023 Audience publique extraordinaire pr\u00e9sidentielle du vendredi, 20 octobre 2023, tenue par Nous Christina LAPLUME, Vice-Pr\u00e9sident au Tribunal d\u2019arrondissement de et \u00e0 Luxembourg,si\u00e9geanten remplacementduPr\u00e9sident du Tribunal d&#039;arrondissement de Luxembourg, statuant en la forme des r\u00e9f\u00e9r\u00e9ssur base de\u2026\" \/>\n<meta property=\"og:url\" content=\"https:\/\/kohenavocats.com\/ru\/jurisprudences\/tribunal-darrondissement-20-octobre-2023-n-2023-03649\/\" \/>\n<meta property=\"og:site_name\" content=\"Ma\u00eetre Hassan Kohen, avocat en droit p\u00e9nal \u00e0 Paris\" \/>\n<meta property=\"article:modified_time\" content=\"2026-04-21T19:40:07+00:00\" \/>\n<meta name=\"twitter:card\" content=\"summary_large_image\" \/>\n<meta name=\"twitter:label1\" content=\"\u041f\u0440\u0438\u043c\u0435\u0440\u043d\u043e\u0435 \u0432\u0440\u0435\u043c\u044f \u0434\u043b\u044f \u0447\u0442\u0435\u043d\u0438\u044f\" \/>\n\t<meta name=\"twitter:data1\" content=\"8 \u043c\u0438\u043d\u0443\u0442\" \/>\n<script type=\"application\/ld+json\" class=\"yoast-schema-graph\">{\"@context\":\"https:\\\/\\\/schema.org\",\"@graph\":[{\"@type\":\"WebPage\",\"@id\":\"https:\\\/\\\/kohenavocats.com\\\/ru\\\/jurisprudences\\\/tribunal-darrondissement-20-octobre-2023-n-2023-03649\\\/\",\"url\":\"https:\\\/\\\/kohenavocats.com\\\/ru\\\/jurisprudences\\\/tribunal-darrondissement-20-octobre-2023-n-2023-03649\\\/\",\"name\":\"Tribunal d'arrondissement, 20 octobre 2023, n\u00b0 2023-03649 - Ma\u00eetre Hassan Kohen, avocat en droit p\u00e9nal \u00e0 Paris\",\"isPartOf\":{\"@id\":\"https:\\\/\\\/kohenavocats.com\\\/ru\\\/#website\"},\"datePublished\":\"2026-04-21T19:40:00+00:00\",\"dateModified\":\"2026-04-21T19:40:07+00:00\",\"breadcrumb\":{\"@id\":\"https:\\\/\\\/kohenavocats.com\\\/ru\\\/jurisprudences\\\/tribunal-darrondissement-20-octobre-2023-n-2023-03649\\\/#breadcrumb\"},\"inLanguage\":\"ru-RU\",\"potentialAction\":[{\"@type\":\"ReadAction\",\"target\":[\"https:\\\/\\\/kohenavocats.com\\\/ru\\\/jurisprudences\\\/tribunal-darrondissement-20-octobre-2023-n-2023-03649\\\/\"]}]},{\"@type\":\"BreadcrumbList\",\"@id\":\"https:\\\/\\\/kohenavocats.com\\\/ru\\\/jurisprudences\\\/tribunal-darrondissement-20-octobre-2023-n-2023-03649\\\/#breadcrumb\",\"itemListElement\":[{\"@type\":\"ListItem\",\"position\":1,\"name\":\"Home\",\"item\":\"https:\\\/\\\/kohenavocats.com\\\/ru\\\/avocats-en-droit-penal-a-paris-conseil-et-defense-strategique\\\/\"},{\"@type\":\"ListItem\",\"position\":2,\"name\":\"Jurisprudences\",\"item\":\"https:\\\/\\\/kohenavocats.com\\\/ru\\\/jurisprudences\\\/\"},{\"@type\":\"ListItem\",\"position\":3,\"name\":\"Tribunal d&rsquo;arrondissement, 20 octobre 2023, n\u00b0 2023-03649\"}]},{\"@type\":\"WebSite\",\"@id\":\"https:\\\/\\\/kohenavocats.com\\\/ru\\\/#website\",\"url\":\"https:\\\/\\\/kohenavocats.com\\\/ru\\\/\",\"name\":\"Kohen Avocats\",\"description\":\"Ma\u00eetre Hassan Kohen, avocat p\u00e9naliste \u00e0 Paris, intervient exclusivement en droit p\u00e9nal pour la d\u00e9fense des particuliers, notamment en mati\u00e8re d\u2019accusations de viol. Il assure un accompagnement rigoureux d\u00e8s la garde \u00e0 vue jusqu\u2019\u00e0 la Cour d\u2019assises, veillant au strict respect des garanties proc\u00e9durales.\",\"publisher\":{\"@id\":\"https:\\\/\\\/kohenavocats.com\\\/ru\\\/#organization\"},\"potentialAction\":[{\"@type\":\"SearchAction\",\"target\":{\"@type\":\"EntryPoint\",\"urlTemplate\":\"https:\\\/\\\/kohenavocats.com\\\/ru\\\/?s={search_term_string}\"},\"query-input\":{\"@type\":\"PropertyValueSpecification\",\"valueRequired\":true,\"valueName\":\"search_term_string\"}}],\"inLanguage\":\"ru-RU\"},{\"@type\":\"Organization\",\"@id\":\"https:\\\/\\\/kohenavocats.com\\\/ru\\\/#organization\",\"name\":\"Kohen Avocats\",\"url\":\"https:\\\/\\\/kohenavocats.com\\\/ru\\\/\",\"logo\":{\"@type\":\"ImageObject\",\"inLanguage\":\"ru-RU\",\"@id\":\"https:\\\/\\\/kohenavocats.com\\\/ru\\\/#\\\/schema\\\/logo\\\/image\\\/\",\"url\":\"https:\\\/\\\/kohenavocats.com\\\/wp-content\\\/uploads\\\/2026\\\/01\\\/Logo-2-1.webp\",\"contentUrl\":\"https:\\\/\\\/kohenavocats.com\\\/wp-content\\\/uploads\\\/2026\\\/01\\\/Logo-2-1.webp\",\"width\":2114,\"height\":1253,\"caption\":\"Kohen Avocats\"},\"image\":{\"@id\":\"https:\\\/\\\/kohenavocats.com\\\/ru\\\/#\\\/schema\\\/logo\\\/image\\\/\"}}]}<\/script>\n<!-- \/ Yoast SEO Premium plugin. -->","yoast_head_json":{"title":"Tribunal d'arrondissement, 20 octobre 2023, n\u00b0 2023-03649 - Ma\u00eetre Hassan Kohen, avocat en droit p\u00e9nal \u00e0 Paris","robots":{"index":"index","follow":"follow","max-snippet":"max-snippet:-1","max-image-preview":"max-image-preview:large","max-video-preview":"max-video-preview:-1"},"canonical":"https:\/\/kohenavocats.com\/ru\/jurisprudences\/tribunal-darrondissement-20-octobre-2023-n-2023-03649\/","og_locale":"ru_RU","og_type":"article","og_title":"Tribunal d'arrondissement, 20 octobre 2023, n\u00b0 2023-03649","og_description":"1 No. R\u00f4le: TAL-2023-03649 No.2023TALREFO\/00386 du 20 octobre 2023 Audience publique extraordinaire pr\u00e9sidentielle du vendredi, 20 octobre 2023, tenue par Nous Christina LAPLUME, Vice-Pr\u00e9sident au Tribunal d\u2019arrondissement de et \u00e0 Luxembourg,si\u00e9geanten remplacementduPr\u00e9sident du Tribunal d'arrondissement de Luxembourg, statuant en la forme des r\u00e9f\u00e9r\u00e9ssur base de\u2026","og_url":"https:\/\/kohenavocats.com\/ru\/jurisprudences\/tribunal-darrondissement-20-octobre-2023-n-2023-03649\/","og_site_name":"Ma\u00eetre Hassan Kohen, avocat en droit p\u00e9nal \u00e0 Paris","article_modified_time":"2026-04-21T19:40:07+00:00","twitter_card":"summary_large_image","twitter_misc":{"\u041f\u0440\u0438\u043c\u0435\u0440\u043d\u043e\u0435 \u0432\u0440\u0435\u043c\u044f \u0434\u043b\u044f \u0447\u0442\u0435\u043d\u0438\u044f":"8 \u043c\u0438\u043d\u0443\u0442"},"schema":{"@context":"https:\/\/schema.org","@graph":[{"@type":"WebPage","@id":"https:\/\/kohenavocats.com\/ru\/jurisprudences\/tribunal-darrondissement-20-octobre-2023-n-2023-03649\/","url":"https:\/\/kohenavocats.com\/ru\/jurisprudences\/tribunal-darrondissement-20-octobre-2023-n-2023-03649\/","name":"Tribunal d'arrondissement, 20 octobre 2023, n\u00b0 2023-03649 - Ma\u00eetre Hassan Kohen, avocat en droit p\u00e9nal \u00e0 Paris","isPartOf":{"@id":"https:\/\/kohenavocats.com\/ru\/#website"},"datePublished":"2026-04-21T19:40:00+00:00","dateModified":"2026-04-21T19:40:07+00:00","breadcrumb":{"@id":"https:\/\/kohenavocats.com\/ru\/jurisprudences\/tribunal-darrondissement-20-octobre-2023-n-2023-03649\/#breadcrumb"},"inLanguage":"ru-RU","potentialAction":[{"@type":"ReadAction","target":["https:\/\/kohenavocats.com\/ru\/jurisprudences\/tribunal-darrondissement-20-octobre-2023-n-2023-03649\/"]}]},{"@type":"BreadcrumbList","@id":"https:\/\/kohenavocats.com\/ru\/jurisprudences\/tribunal-darrondissement-20-octobre-2023-n-2023-03649\/#breadcrumb","itemListElement":[{"@type":"ListItem","position":1,"name":"Home","item":"https:\/\/kohenavocats.com\/ru\/avocats-en-droit-penal-a-paris-conseil-et-defense-strategique\/"},{"@type":"ListItem","position":2,"name":"Jurisprudences","item":"https:\/\/kohenavocats.com\/ru\/jurisprudences\/"},{"@type":"ListItem","position":3,"name":"Tribunal d&rsquo;arrondissement, 20 octobre 2023, n\u00b0 2023-03649"}]},{"@type":"WebSite","@id":"https:\/\/kohenavocats.com\/ru\/#website","url":"https:\/\/kohenavocats.com\/ru\/","name":"Kohen Avocats","description":"Ma\u00eetre Hassan Kohen, avocat p\u00e9naliste \u00e0 Paris, intervient exclusivement en droit p\u00e9nal pour la d\u00e9fense des particuliers, notamment en mati\u00e8re d\u2019accusations de viol. Il assure un accompagnement rigoureux d\u00e8s la garde \u00e0 vue jusqu\u2019\u00e0 la Cour d\u2019assises, veillant au strict respect des garanties proc\u00e9durales.","publisher":{"@id":"https:\/\/kohenavocats.com\/ru\/#organization"},"potentialAction":[{"@type":"SearchAction","target":{"@type":"EntryPoint","urlTemplate":"https:\/\/kohenavocats.com\/ru\/?s={search_term_string}"},"query-input":{"@type":"PropertyValueSpecification","valueRequired":true,"valueName":"search_term_string"}}],"inLanguage":"ru-RU"},{"@type":"Organization","@id":"https:\/\/kohenavocats.com\/ru\/#organization","name":"Kohen Avocats","url":"https:\/\/kohenavocats.com\/ru\/","logo":{"@type":"ImageObject","inLanguage":"ru-RU","@id":"https:\/\/kohenavocats.com\/ru\/#\/schema\/logo\/image\/","url":"https:\/\/kohenavocats.com\/wp-content\/uploads\/2026\/01\/Logo-2-1.webp","contentUrl":"https:\/\/kohenavocats.com\/wp-content\/uploads\/2026\/01\/Logo-2-1.webp","width":2114,"height":1253,"caption":"Kohen Avocats"},"image":{"@id":"https:\/\/kohenavocats.com\/ru\/#\/schema\/logo\/image\/"}}]}},"jetpack_likes_enabled":false,"jetpack_sharing_enabled":true,"_links":{"self":[{"href":"https:\/\/kohenavocats.com\/ru\/wp-json\/wp\/v2\/kji_decision\/640392","targetHints":{"allow":["GET"]}}],"collection":[{"href":"https:\/\/kohenavocats.com\/ru\/wp-json\/wp\/v2\/kji_decision"}],"about":[{"href":"https:\/\/kohenavocats.com\/ru\/wp-json\/wp\/v2\/types\/kji_decision"}],"wp:attachment":[{"href":"https:\/\/kohenavocats.com\/ru\/wp-json\/wp\/v2\/media?parent=640392"}],"wp:term":[{"taxonomy":"kji_country","embeddable":true,"href":"https:\/\/kohenavocats.com\/ru\/wp-json\/wp\/v2\/kji_country?post=640392"},{"taxonomy":"kji_court","embeddable":true,"href":"https:\/\/kohenavocats.com\/ru\/wp-json\/wp\/v2\/kji_court?post=640392"},{"taxonomy":"kji_chamber","embeddable":true,"href":"https:\/\/kohenavocats.com\/ru\/wp-json\/wp\/v2\/kji_chamber?post=640392"},{"taxonomy":"kji_year","embeddable":true,"href":"https:\/\/kohenavocats.com\/ru\/wp-json\/wp\/v2\/kji_year?post=640392"},{"taxonomy":"kji_subject","embeddable":true,"href":"https:\/\/kohenavocats.com\/ru\/wp-json\/wp\/v2\/kji_subject?post=640392"},{"taxonomy":"kji_keyword","embeddable":true,"href":"https:\/\/kohenavocats.com\/ru\/wp-json\/wp\/v2\/kji_keyword?post=640392"},{"taxonomy":"kji_language","embeddable":true,"href":"https:\/\/kohenavocats.com\/ru\/wp-json\/wp\/v2\/kji_language?post=640392"}],"curies":[{"name":"wp","href":"https:\/\/api.w.org\/{rel}","templated":true}]}}