{"id":640406,"date":"2026-04-21T21:40:26","date_gmt":"2026-04-21T19:40:26","guid":{"rendered":"https:\/\/kohenavocats.com\/jurisprudences\/tribunal-darrondissement-18-aout-2023-n-2023-05371\/"},"modified":"2026-04-21T21:40:29","modified_gmt":"2026-04-21T19:40:29","slug":"tribunal-darrondissement-18-aout-2023-n-2023-05371","status":"publish","type":"kji_decision","link":"https:\/\/kohenavocats.com\/ru\/jurisprudences\/tribunal-darrondissement-18-aout-2023-n-2023-05371\/","title":{"rendered":"Tribunal d&#8217;arrondissement, 18 ao\u00fbt 2023, n\u00b0 2023-05371"},"content":{"rendered":"<div class=\"kji-decision\">\n<div class=\"kji-full-text\">\n<p>Nos. R\u00f4le:TAL-2023-05386+ TAL-2023-05371 No.2023TALREFO\/00328 du18 ao\u00fbt2023 Audience publique extraordinairede vacation des r\u00e9f\u00e9r\u00e9s du vendredi, 18 ao\u00fbt 2023, tenue par Nous Christina LAPLUME, Vice-Pr\u00e9sident au Tribunal d\u2019arrondissement de et \u00e0 Luxembourg, si\u00e9geant comme juge des r\u00e9f\u00e9r\u00e9s, en remplacement du Pr\u00e9sident du Tribunal d\u2019arrondissement de et \u00e0 Luxembourg, assist\u00e9e du greffier Lo\u00efc PAVANT. I. DANS LA CAUSE E N T R E PERSONNE1.), demeurant \u00e0 L-ADRESSE1.), \u00e9lisant domicile en l\u2019\u00e9tudede Ma\u00eetre Jean LUTGEN, avocat, demeurant \u00e0 Luxembourg, partie demanderessecomparant parMa\u00eetreNathalie DE SOUSA LOPES, avocat, en remplacement deMa\u00eetre Jean LUTGEN, avocat,les deuxdemeurant \u00e0 Luxembourg, E T 1)PERSONNE2.), demeurant \u00e0 L-ADRESSE2.), 2)PERSONNE3.), demeurant \u00e0 L-ADRESSE2.), parties d\u00e9fenderessescomparant parMa\u00eetreSt\u00e9phanie MAKOUMBOU, avocat,en remplacement de Ma\u00eetre Lex THIELEN, avocat, lesdeuxdemeurant \u00e0 Luxembourg, II. DANS LA CAUSE<\/p>\n<p>E N T R E 1)PERSONNE2.), demeurant \u00e0 L-ADRESSE2.), 2)PERSONNE3.), demeurant \u00e0 L-ADRESSE2.), \u00e9lisant domicile en l\u2019\u00e9tude de Ma\u00eetre Lex THIELEN, avocat, demeurant \u00e0 Luxembourg, parties demanderesses en interventioncomparant par Ma\u00eetreSt\u00e9phanie MAKOUMBOU, avocat, en remplacement de Ma\u00eetre Lex THIELEN, avocat, lesdeux demeurant \u00e0 Luxembourg, E T la soci\u00e9t\u00e9 \u00e0 responsabilit\u00e9 limit\u00e9eSOCIETE1.)S.\u00e0r.l., \u00e9tablie et ayant son si\u00e8ge social \u00e0 L- ADRESSE3.), inscrite au registre de commerce et des soci\u00e9t\u00e9s de Luxembourg sous le num\u00e9roNUMERO1.), repr\u00e9sent\u00e9e par son g\u00e9rant actuellement en fonctions, partie d\u00e9fenderesse en interventionne comparant pas \u00e0 l\u2019audience. F A I T S :<\/p>\n<p>A l\u2019appel de la cause \u00e0 l\u2019audience publique des r\u00e9f\u00e9r\u00e9s ordinaires du jeudi matin, 6 juillet 2023, Ma\u00eetre Jean LUTGEN donna lecture de l\u2019assignation ci-avant transcrite et exposa ses moyens. Ma\u00eetre Cyril CHAPON donna lecture de l\u2019assignation en intervention ci-avant transcrite fut entendu en ses explications. La soci\u00e9t\u00e9SOCIETE1.)S.\u00e0r.l. ne comparut pas \u00e0 l\u2019audience. Sur ce le juge prit l\u2019affaire en d\u00e9lib\u00e9r\u00e9 etpronon\u00e7a la rupture du d\u00e9lib\u00e9r\u00e9. L\u2019affaire fut r\u00e9appel\u00e9e \u00e0 l\u2019audience publique de vacationdes r\u00e9f\u00e9r\u00e9s ordinairesdu lundi matin, 18 ao\u00fbt 2023, lors de laquelleMa\u00eetre Nathalie DE SOUSA LOPESetMa\u00eetre St\u00e9phanie MAKOUMBOUfurent entenduesen leurs explications. La soci\u00e9t\u00e9SOCIETE1.)S.\u00e0r.l. ne comparut pas \u00e0 l\u2019audience. Sur ce le juge prit l\u2019affaire en d\u00e9lib\u00e9r\u00e9 et rendit \u00e0 l\u2019audience publique extraordinairede vacationdes r\u00e9f\u00e9r\u00e9s de ce jour l\u2019 O R D O N N A N C E qui suit: Par exploit de l\u2019huissierCarlos CALVO, huissier de justice\u00e9tabli \u00e0 Luxembourg,du 21 juin 2023,PERSONNE1.)afait donner assignation \u00e0PERSONNE2.)etPERSONNE3.)\u00e0 compara\u00eetre devant le Pr\u00e9sident du Tribunal d\u2019arrondissementde et \u00e0 Luxembourg, si\u00e9geant comme juge des r\u00e9f\u00e9r\u00e9s, pour voir nommer un expert avec la mission telle que reprise au dispositif deleurassignation, principalement sur base de l\u2019article 350 du nouveau code de proc\u00e9dure civile,sinon sur base de l\u2019article 933alin\u00e9a 1 er sinonencore sur base de l\u2019article 932alin\u00e9a 1 er du m\u00eame code. Cette affaire a \u00e9t\u00e9inscrite sous le num\u00e9ro TAL-2023-05386du r\u00f4le. Par exploitsd\u2019assignationen interventionet de r\u00e9assignationen interventionde l\u2019huissier Martine LISE, huissier de justice\u00e9tabli \u00e0Luxembourg, des27 juinet 25 juillet 2023, PERSONNE2.)etPERSONNE3.)ontfait donner assignation \u00e0 la soci\u00e9t\u00e9SOCIETE1.) S.\u00e0r.l.\u00e0 compara\u00eetre devant le Pr\u00e9sident du Tribunal d\u2019arrondissement de et \u00e0 Luxembourg, si\u00e9geant comme juge des r\u00e9f\u00e9r\u00e9s, pour voir dire quecette derni\u00e8re esttenued\u2019intervenir dans l\u2019instance pendante entrePERSONNE1.)d\u2019une part etPERSONNE2.)et PERSONNE3.)d\u2019autre part et tendant \u00e0 voir nommer un expert avec la mission telle que reprise au dispositif de ladite assignation.<\/p>\n<p>Cette affaire a \u00e9t\u00e9 inscrite sous le num\u00e9ro TAL-2023-05371du r\u00f4le. Dans l\u2019int\u00e9r\u00eat d\u2019une bonne administration de la justice, il y a lieu de joindre les affaires num\u00e9rosTAL-2023-05386etTAL-2023-05371pour y statuer par une seule et m\u00eame ordonnance. Il y a lieu de donner acteaux parties d\u00e9fenderessesau principalPERSONNE2.)et PERSONNE3.)qu\u2019elles ne s\u2019opposentpas aux op\u00e9rations d\u2019expertise \u00e0 intervenir, sous toutes r\u00e9serves g\u00e9n\u00e9ralement quelconques et sans reconnaissance pr\u00e9judiciable aucune dans leur chef. Dans le cadre de leur assignation en interventiondirig\u00e9e \u00e0 l\u2019encontre de la soci\u00e9t\u00e9 SOCIETE1.)S.\u00e0r.l., les parties demanderesses en interventionPERSONNE2.)et PERSONNE3.)font plaiderqu\u2019aucourant de l\u2019ann\u00e9e 2019,la soci\u00e9t\u00e9SOCIETE1.)S.\u00e0r.l. a r\u00e9alis\u00e9 les travaux de fa\u00e7ade et de pl\u00e2tre int\u00e9rieursdeleur maisonunifamiliale sise \u00e0 ADRESSE1.)de sorte qu\u2019il yalieu de faire intervenir cette soci\u00e9t\u00e9 dans la pr\u00e9sente instance. Au vu des pi\u00e8ces vers\u00e9es et des renseignements fournis, il y a lieu de faire droit \u00e0 la demande en expertisedirig\u00e9eparPERSONNE1.)\u00e0 l\u2019encontredePERSONNE2.), PERSONNE3.)et la soci\u00e9t\u00e9SOCIETE1.)S.\u00e0r.l.sur base de l\u2019article 350 du nouveau code de proc\u00e9durecivile. Il y a partant lieu de nommer un homme de l\u2019art avec la mission telle quepropos\u00e9e parla partie demanderesseau principalPERSONNE1.)et telle que reprise dans le dispositif de la pr\u00e9sente ordonnance. Ily a lieu de r\u00e9serverla demande dePERSONNE1.)dirig\u00e9e \u00e0 l\u2019encontre dePERSONNE2.) etPERSONNE3.)tendant \u00e0 les voir condamner au paiement d\u2019une indemnit\u00e9 de proc\u00e9dure de 2.500 eurossur base de l\u2019article 240 du nouveau code de proc\u00e9dure civile. L\u2019expertise sollicit\u00e9e sur base de l\u2019article 350 du nouveau code de proc\u00e9dure civile ayant un caract\u00e8re probatoire dans l\u2019int\u00e9r\u00eat de la partie demanderesseau principal PERSONNE1.), il luiappartient de faire l\u2019avance des frais d\u2019expertise. En application de l\u2019article 79 alin\u00e9a 1 er du nouveau code de proc\u00e9dure civile, il y a lieu de statuerpar d\u00e9faut\u00e0 l\u2019\u00e9gard de la soci\u00e9t\u00e9SOCIETE1.)S.\u00e0r.l.<\/p>\n<p>P A RC E S M O T I F S Nous Christina LAPLUME, Vice-Pr\u00e9sident au Tribunal d\u2019arrondissement de et \u00e0 Luxembourg, si\u00e9geant comme juge des r\u00e9f\u00e9r\u00e9s, en remplacement du Pr\u00e9sident du Tribunal d\u2019arrondissement de et \u00e0 Luxembourg,statuantpar d\u00e9faut \u00e0 l\u2019\u00e9gard de la soci\u00e9t\u00e9 SOCIETE1.)S.\u00e0r.l.; recevonslesdemandes principale et en interventionen la forme; Nousd\u00e9clarons comp\u00e9tent pour en conna\u00eetre; d\u00e9clarons lesdemandesrecevables; au principal, renvoyons les parties \u00e0 se pourvoir devant qui de droit, mais d\u00e8s \u00e0 pr\u00e9sent et par provision, sur base de l\u2019article 350 du nouveau code de proc\u00e9dure civile; ordonnons la jonction des affaires inscrites sous les num\u00e9rosTAL-2023-05386etTAL- 2023-05371du r\u00f4le ; donnons acteauxparties d\u00e9fenderessesau principalPERSONNE2.)etPERSONNE3.) qu\u2019elles ne s\u2019opposent pas aux op\u00e9rations d\u2019expertise \u00e0 intervenir, sous toutes r\u00e9serves g\u00e9n\u00e9ralement quelconques et sans reconnaissance pr\u00e9judiciable aucune dans leur chef; ordonnons une expertise et commettons pour y proc\u00e9der l\u2019expertDanielleGHERADI- KLEIN,demeurantprofessionnellement \u00e0L-7670 Reuland 14, um Bechelchen; avec la mission de concilier les parties si faire se peut, sinon dans un rapport \u00e9crit, motiv\u00e9 et d\u00e9taill\u00e9 de: 1.se d\u00e9placer \u00e0 L-ADRESSE1.)pour prendre inspection, en pr\u00e9sence des parties, de la maison, et plus particuli\u00e8rement des 2 salles de bains ainsi que du WC situ\u00e9 au rez-de-chauss\u00e9e 2.dresser un \u00e9tat des lieuxlitigieux, un constat d\u00e9taill\u00e9des vices, d\u00e9g\u00e2ts, pr\u00e9judices, d\u00e9t\u00e9riorations, malfa\u00e7ons, non-conformit\u00e9s, sans pr\u00e9judice quant \u00e0 la qualification exacte 3.se prononcer sur la question de savoir si les travaux ont \u00e9t\u00e9 ex\u00e9cut\u00e9s suivant les r\u00e8gles de l\u2019art, les normes professionnelles applicables et les autorisations accord\u00e9es 4.\u00e9tablir les causes et origines des vices, d\u00e9g\u00e2ts, pr\u00e9judices, d\u00e9t\u00e9riorations, malfa\u00e7ons, non-conformit\u00e9s, sans pr\u00e9judice quant \u00e0 la qualification exacte 5.d\u00e9terminer les moyens pour y rem\u00e9dier et leurs co\u00fbts<\/p>\n<p>6.d\u00e9terminer l\u2019\u00e9ventuel pr\u00e9judice et l\u2019\u00e9ventuelle moins-value disons que l\u2019expert pourra s\u2019entourer de tous renseignements utiles \u00e0 l\u2019accomplissement de la mission lui confi\u00e9e et entendre m\u00eame des tierces personnes ; disons qu\u2019en cas de difficult\u00e9s d\u2019ex\u00e9cution de la mission d\u2019expertise, il Nous en sera fait rapport ; ordonnons\u00e0 la partie demanderesseau principalde payer \u00e0 l\u2019expert la somme de 2.000eurosau plus tard le31 ao\u00fbt2023\u00e0 titre de provision \u00e0 faire valoir sur la r\u00e9mun\u00e9ration de l\u2019expert ou \u00e0 un\u00e9tablissement de cr\u00e9dit \u00e0 convenir entre parties au litige, et d\u2019en justifier au greffe du Tribunal ; disons que si ses honoraires devaient d\u00e9passer le montant de la provision vers\u00e9e, l\u2019expert devra Nous en avertir ; disons que l\u2019expert devra d\u00e9poser son rapport au greffe du Tribunal le29 mars2024au plus tard ; disons qu\u2019en cas d\u2019emp\u00eachement de l\u2019expert commis, il sera proc\u00e9d\u00e9 \u00e0 son remplacement par simple ordonnance prise en Notre cabinet ; r\u00e9servons la demande dePERSONNE1.)en obtention d\u2019uneindemnit\u00e9 de proc\u00e9dure sur base de l\u2019article 240 du nouveau code de proc\u00e9dure civile\u00e0 l\u2019encontre dePERSONNE2.) etPERSONNE3.); r\u00e9servons les frais de l\u2019instance ; ordonnons l\u2019ex\u00e9cution provisoire de la pr\u00e9sente ordonnance nonobstant toutes voies de recours et sans caution.<\/p>\n<\/div>\n<hr class=\"kji-sep\" \/>\n<p class=\"kji-source-links\"><strong>Sources officielles :<\/strong> <a class=\"kji-source-link\" href=\"https:\/\/data.public.lu\/fr\/datasets\/tribunal-darrondissement-luxembourg-refere\/\" target=\"_blank\" rel=\"noopener noreferrer\">consulter la page source<\/a> &middot; <a class=\"kji-pdf-link\" href=\"https:\/\/download.data.public.lu\/resources\/tribunal-darrondissement-luxembourg-refere\/20240828-033954\/20230818-talref-tal-2023-05371-tal-2023-05386-pseudonymise-accessible.pdf\" target=\"_blank\" rel=\"noopener noreferrer\">PDF officiel<\/a><\/p>\n<p class=\"kji-license-note\"><em>Licence CC BY-ND 4.0 (Administration judiciaire, data.public.lu). Republication autorisee avec attribution, sans modification editoriale du texte integral.<\/em><\/p>\n<\/div>\n","protected":false},"excerpt":{"rendered":"<p>Nos. R\u00f4le:TAL-2023-05386+ TAL-2023-05371 No.2023TALREFO\/00328 du18 ao\u00fbt2023 Audience publique extraordinairede vacation des r\u00e9f\u00e9r\u00e9s du vendredi, 18 ao\u00fbt 2023, tenue par Nous Christina LAPLUME, Vice-Pr\u00e9sident au Tribunal d\u2019arrondissement de et \u00e0 Luxembourg, si\u00e9geant comme juge des r\u00e9f\u00e9r\u00e9s, en remplacement du Pr\u00e9sident du Tribunal d\u2019arrondissement de et \u00e0\u2026<\/p>\n","protected":false},"featured_media":0,"template":"","meta":{"_crdt_document":""},"kji_country":[8418],"kji_court":[23583],"kji_chamber":[18768],"kji_year":[24566],"kji_subject":[7646],"kji_keyword":[23584,7636],"kji_language":[7733],"class_list":["post-640406","kji_decision","type-kji_decision","status-publish","hentry","kji_country-luxembourg","kji_court-tribunal-darrondissement","kji_chamber-refere","kji_year-24566","kji_subject-divers","kji_keyword-arrondissement","kji_keyword-tribunal","kji_language-francais"],"yoast_head":"<!-- This site is optimized with the Yoast SEO Premium plugin v27.4 (Yoast SEO v27.4) - https:\/\/yoast.com\/product\/yoast-seo-premium-wordpress\/ -->\n<title>Tribunal d&#039;arrondissement, 18 ao\u00fbt 2023, n\u00b0 2023-05371 - Ma\u00eetre Hassan Kohen, avocat en droit p\u00e9nal \u00e0 Paris<\/title>\n<meta name=\"robots\" content=\"index, follow, max-snippet:-1, max-image-preview:large, max-video-preview:-1\" \/>\n<link rel=\"canonical\" href=\"https:\/\/kohenavocats.com\/ru\/jurisprudences\/tribunal-darrondissement-18-aout-2023-n-2023-05371\/\" \/>\n<meta property=\"og:locale\" content=\"ru_RU\" \/>\n<meta property=\"og:type\" content=\"article\" \/>\n<meta property=\"og:title\" content=\"Tribunal d&#039;arrondissement, 18 ao\u00fbt 2023, n\u00b0 2023-05371\" \/>\n<meta property=\"og:description\" content=\"Nos. R\u00f4le:TAL-2023-05386+ TAL-2023-05371 No.2023TALREFO\/00328 du18 ao\u00fbt2023 Audience publique extraordinairede vacation des r\u00e9f\u00e9r\u00e9s du vendredi, 18 ao\u00fbt 2023, tenue par Nous Christina LAPLUME, Vice-Pr\u00e9sident au Tribunal d\u2019arrondissement de et \u00e0 Luxembourg, si\u00e9geant comme juge des r\u00e9f\u00e9r\u00e9s, en remplacement du Pr\u00e9sident du Tribunal d\u2019arrondissement de et \u00e0\u2026\" \/>\n<meta property=\"og:url\" content=\"https:\/\/kohenavocats.com\/ru\/jurisprudences\/tribunal-darrondissement-18-aout-2023-n-2023-05371\/\" \/>\n<meta property=\"og:site_name\" content=\"Ma\u00eetre Hassan Kohen, avocat en droit p\u00e9nal \u00e0 Paris\" \/>\n<meta property=\"article:modified_time\" content=\"2026-04-21T19:40:29+00:00\" \/>\n<meta name=\"twitter:card\" content=\"summary_large_image\" \/>\n<meta name=\"twitter:label1\" content=\"\u041f\u0440\u0438\u043c\u0435\u0440\u043d\u043e\u0435 \u0432\u0440\u0435\u043c\u044f \u0434\u043b\u044f \u0447\u0442\u0435\u043d\u0438\u044f\" \/>\n\t<meta name=\"twitter:data1\" content=\"8 \u043c\u0438\u043d\u0443\u0442\" \/>\n<script type=\"application\/ld+json\" class=\"yoast-schema-graph\">{\"@context\":\"https:\\\/\\\/schema.org\",\"@graph\":[{\"@type\":\"WebPage\",\"@id\":\"https:\\\/\\\/kohenavocats.com\\\/ru\\\/jurisprudences\\\/tribunal-darrondissement-18-aout-2023-n-2023-05371\\\/\",\"url\":\"https:\\\/\\\/kohenavocats.com\\\/ru\\\/jurisprudences\\\/tribunal-darrondissement-18-aout-2023-n-2023-05371\\\/\",\"name\":\"Tribunal d'arrondissement, 18 ao\u00fbt 2023, n\u00b0 2023-05371 - Ma\u00eetre Hassan Kohen, avocat en droit p\u00e9nal \u00e0 Paris\",\"isPartOf\":{\"@id\":\"https:\\\/\\\/kohenavocats.com\\\/ru\\\/#website\"},\"datePublished\":\"2026-04-21T19:40:26+00:00\",\"dateModified\":\"2026-04-21T19:40:29+00:00\",\"breadcrumb\":{\"@id\":\"https:\\\/\\\/kohenavocats.com\\\/ru\\\/jurisprudences\\\/tribunal-darrondissement-18-aout-2023-n-2023-05371\\\/#breadcrumb\"},\"inLanguage\":\"ru-RU\",\"potentialAction\":[{\"@type\":\"ReadAction\",\"target\":[\"https:\\\/\\\/kohenavocats.com\\\/ru\\\/jurisprudences\\\/tribunal-darrondissement-18-aout-2023-n-2023-05371\\\/\"]}]},{\"@type\":\"BreadcrumbList\",\"@id\":\"https:\\\/\\\/kohenavocats.com\\\/ru\\\/jurisprudences\\\/tribunal-darrondissement-18-aout-2023-n-2023-05371\\\/#breadcrumb\",\"itemListElement\":[{\"@type\":\"ListItem\",\"position\":1,\"name\":\"Home\",\"item\":\"https:\\\/\\\/kohenavocats.com\\\/ru\\\/avocats-en-droit-penal-a-paris-conseil-et-defense-strategique\\\/\"},{\"@type\":\"ListItem\",\"position\":2,\"name\":\"Jurisprudences\",\"item\":\"https:\\\/\\\/kohenavocats.com\\\/ru\\\/jurisprudences\\\/\"},{\"@type\":\"ListItem\",\"position\":3,\"name\":\"Tribunal d&rsquo;arrondissement, 18 ao\u00fbt 2023, n\u00b0 2023-05371\"}]},{\"@type\":\"WebSite\",\"@id\":\"https:\\\/\\\/kohenavocats.com\\\/ru\\\/#website\",\"url\":\"https:\\\/\\\/kohenavocats.com\\\/ru\\\/\",\"name\":\"Kohen Avocats\",\"description\":\"Ma\u00eetre Hassan Kohen, avocat p\u00e9naliste \u00e0 Paris, intervient exclusivement en droit p\u00e9nal pour la d\u00e9fense des particuliers, notamment en mati\u00e8re d\u2019accusations de viol. Il assure un accompagnement rigoureux d\u00e8s la garde \u00e0 vue jusqu\u2019\u00e0 la Cour d\u2019assises, veillant au strict respect des garanties proc\u00e9durales.\",\"publisher\":{\"@id\":\"https:\\\/\\\/kohenavocats.com\\\/ru\\\/#organization\"},\"potentialAction\":[{\"@type\":\"SearchAction\",\"target\":{\"@type\":\"EntryPoint\",\"urlTemplate\":\"https:\\\/\\\/kohenavocats.com\\\/ru\\\/?s={search_term_string}\"},\"query-input\":{\"@type\":\"PropertyValueSpecification\",\"valueRequired\":true,\"valueName\":\"search_term_string\"}}],\"inLanguage\":\"ru-RU\"},{\"@type\":\"Organization\",\"@id\":\"https:\\\/\\\/kohenavocats.com\\\/ru\\\/#organization\",\"name\":\"Kohen Avocats\",\"url\":\"https:\\\/\\\/kohenavocats.com\\\/ru\\\/\",\"logo\":{\"@type\":\"ImageObject\",\"inLanguage\":\"ru-RU\",\"@id\":\"https:\\\/\\\/kohenavocats.com\\\/ru\\\/#\\\/schema\\\/logo\\\/image\\\/\",\"url\":\"https:\\\/\\\/kohenavocats.com\\\/wp-content\\\/uploads\\\/2026\\\/01\\\/Logo-2-1.webp\",\"contentUrl\":\"https:\\\/\\\/kohenavocats.com\\\/wp-content\\\/uploads\\\/2026\\\/01\\\/Logo-2-1.webp\",\"width\":2114,\"height\":1253,\"caption\":\"Kohen Avocats\"},\"image\":{\"@id\":\"https:\\\/\\\/kohenavocats.com\\\/ru\\\/#\\\/schema\\\/logo\\\/image\\\/\"}}]}<\/script>\n<!-- \/ Yoast SEO Premium plugin. -->","yoast_head_json":{"title":"Tribunal d'arrondissement, 18 ao\u00fbt 2023, n\u00b0 2023-05371 - Ma\u00eetre Hassan Kohen, avocat en droit p\u00e9nal \u00e0 Paris","robots":{"index":"index","follow":"follow","max-snippet":"max-snippet:-1","max-image-preview":"max-image-preview:large","max-video-preview":"max-video-preview:-1"},"canonical":"https:\/\/kohenavocats.com\/ru\/jurisprudences\/tribunal-darrondissement-18-aout-2023-n-2023-05371\/","og_locale":"ru_RU","og_type":"article","og_title":"Tribunal d'arrondissement, 18 ao\u00fbt 2023, n\u00b0 2023-05371","og_description":"Nos. R\u00f4le:TAL-2023-05386+ TAL-2023-05371 No.2023TALREFO\/00328 du18 ao\u00fbt2023 Audience publique extraordinairede vacation des r\u00e9f\u00e9r\u00e9s du vendredi, 18 ao\u00fbt 2023, tenue par Nous Christina LAPLUME, Vice-Pr\u00e9sident au Tribunal d\u2019arrondissement de et \u00e0 Luxembourg, si\u00e9geant comme juge des r\u00e9f\u00e9r\u00e9s, en remplacement du Pr\u00e9sident du Tribunal d\u2019arrondissement de et \u00e0\u2026","og_url":"https:\/\/kohenavocats.com\/ru\/jurisprudences\/tribunal-darrondissement-18-aout-2023-n-2023-05371\/","og_site_name":"Ma\u00eetre Hassan Kohen, avocat en droit p\u00e9nal \u00e0 Paris","article_modified_time":"2026-04-21T19:40:29+00:00","twitter_card":"summary_large_image","twitter_misc":{"\u041f\u0440\u0438\u043c\u0435\u0440\u043d\u043e\u0435 \u0432\u0440\u0435\u043c\u044f \u0434\u043b\u044f \u0447\u0442\u0435\u043d\u0438\u044f":"8 \u043c\u0438\u043d\u0443\u0442"},"schema":{"@context":"https:\/\/schema.org","@graph":[{"@type":"WebPage","@id":"https:\/\/kohenavocats.com\/ru\/jurisprudences\/tribunal-darrondissement-18-aout-2023-n-2023-05371\/","url":"https:\/\/kohenavocats.com\/ru\/jurisprudences\/tribunal-darrondissement-18-aout-2023-n-2023-05371\/","name":"Tribunal d'arrondissement, 18 ao\u00fbt 2023, n\u00b0 2023-05371 - Ma\u00eetre Hassan Kohen, avocat en droit p\u00e9nal \u00e0 Paris","isPartOf":{"@id":"https:\/\/kohenavocats.com\/ru\/#website"},"datePublished":"2026-04-21T19:40:26+00:00","dateModified":"2026-04-21T19:40:29+00:00","breadcrumb":{"@id":"https:\/\/kohenavocats.com\/ru\/jurisprudences\/tribunal-darrondissement-18-aout-2023-n-2023-05371\/#breadcrumb"},"inLanguage":"ru-RU","potentialAction":[{"@type":"ReadAction","target":["https:\/\/kohenavocats.com\/ru\/jurisprudences\/tribunal-darrondissement-18-aout-2023-n-2023-05371\/"]}]},{"@type":"BreadcrumbList","@id":"https:\/\/kohenavocats.com\/ru\/jurisprudences\/tribunal-darrondissement-18-aout-2023-n-2023-05371\/#breadcrumb","itemListElement":[{"@type":"ListItem","position":1,"name":"Home","item":"https:\/\/kohenavocats.com\/ru\/avocats-en-droit-penal-a-paris-conseil-et-defense-strategique\/"},{"@type":"ListItem","position":2,"name":"Jurisprudences","item":"https:\/\/kohenavocats.com\/ru\/jurisprudences\/"},{"@type":"ListItem","position":3,"name":"Tribunal d&rsquo;arrondissement, 18 ao\u00fbt 2023, n\u00b0 2023-05371"}]},{"@type":"WebSite","@id":"https:\/\/kohenavocats.com\/ru\/#website","url":"https:\/\/kohenavocats.com\/ru\/","name":"Kohen Avocats","description":"Ma\u00eetre Hassan Kohen, avocat p\u00e9naliste \u00e0 Paris, intervient exclusivement en droit p\u00e9nal pour la d\u00e9fense des particuliers, notamment en mati\u00e8re d\u2019accusations de viol. Il assure un accompagnement rigoureux d\u00e8s la garde \u00e0 vue jusqu\u2019\u00e0 la Cour d\u2019assises, veillant au strict respect des garanties proc\u00e9durales.","publisher":{"@id":"https:\/\/kohenavocats.com\/ru\/#organization"},"potentialAction":[{"@type":"SearchAction","target":{"@type":"EntryPoint","urlTemplate":"https:\/\/kohenavocats.com\/ru\/?s={search_term_string}"},"query-input":{"@type":"PropertyValueSpecification","valueRequired":true,"valueName":"search_term_string"}}],"inLanguage":"ru-RU"},{"@type":"Organization","@id":"https:\/\/kohenavocats.com\/ru\/#organization","name":"Kohen Avocats","url":"https:\/\/kohenavocats.com\/ru\/","logo":{"@type":"ImageObject","inLanguage":"ru-RU","@id":"https:\/\/kohenavocats.com\/ru\/#\/schema\/logo\/image\/","url":"https:\/\/kohenavocats.com\/wp-content\/uploads\/2026\/01\/Logo-2-1.webp","contentUrl":"https:\/\/kohenavocats.com\/wp-content\/uploads\/2026\/01\/Logo-2-1.webp","width":2114,"height":1253,"caption":"Kohen Avocats"},"image":{"@id":"https:\/\/kohenavocats.com\/ru\/#\/schema\/logo\/image\/"}}]}},"jetpack_likes_enabled":false,"jetpack_sharing_enabled":true,"_links":{"self":[{"href":"https:\/\/kohenavocats.com\/ru\/wp-json\/wp\/v2\/kji_decision\/640406","targetHints":{"allow":["GET"]}}],"collection":[{"href":"https:\/\/kohenavocats.com\/ru\/wp-json\/wp\/v2\/kji_decision"}],"about":[{"href":"https:\/\/kohenavocats.com\/ru\/wp-json\/wp\/v2\/types\/kji_decision"}],"wp:attachment":[{"href":"https:\/\/kohenavocats.com\/ru\/wp-json\/wp\/v2\/media?parent=640406"}],"wp:term":[{"taxonomy":"kji_country","embeddable":true,"href":"https:\/\/kohenavocats.com\/ru\/wp-json\/wp\/v2\/kji_country?post=640406"},{"taxonomy":"kji_court","embeddable":true,"href":"https:\/\/kohenavocats.com\/ru\/wp-json\/wp\/v2\/kji_court?post=640406"},{"taxonomy":"kji_chamber","embeddable":true,"href":"https:\/\/kohenavocats.com\/ru\/wp-json\/wp\/v2\/kji_chamber?post=640406"},{"taxonomy":"kji_year","embeddable":true,"href":"https:\/\/kohenavocats.com\/ru\/wp-json\/wp\/v2\/kji_year?post=640406"},{"taxonomy":"kji_subject","embeddable":true,"href":"https:\/\/kohenavocats.com\/ru\/wp-json\/wp\/v2\/kji_subject?post=640406"},{"taxonomy":"kji_keyword","embeddable":true,"href":"https:\/\/kohenavocats.com\/ru\/wp-json\/wp\/v2\/kji_keyword?post=640406"},{"taxonomy":"kji_language","embeddable":true,"href":"https:\/\/kohenavocats.com\/ru\/wp-json\/wp\/v2\/kji_language?post=640406"}],"curies":[{"name":"wp","href":"https:\/\/api.w.org\/{rel}","templated":true}]}}