{"id":640436,"date":"2026-04-21T21:41:24","date_gmt":"2026-04-21T19:41:24","guid":{"rendered":"https:\/\/kohenavocats.com\/jurisprudences\/tribunal-darrondissement-22-juin-2023-31\/"},"modified":"2026-04-21T21:41:28","modified_gmt":"2026-04-21T19:41:28","slug":"tribunal-darrondissement-22-juin-2023-31","status":"publish","type":"kji_decision","link":"https:\/\/kohenavocats.com\/ru\/jurisprudences\/tribunal-darrondissement-22-juin-2023-31\/","title":{"rendered":"Tribunal d&#8217;arrondissement, 22 juin 2023"},"content":{"rendered":"<div class=\"kji-decision\">\n<div class=\"kji-full-text\">\n<p>No. R\u00f4le: 176227 No. 2023TALREFO\/00238 du22 juin 2023 Audience publique extraordinaire des r\u00e9f\u00e9r\u00e9s dujeudi,22 juin 2023, tenue par Nous Philippe WADL\u00c9, premier juge au Tribunal d\u2019arrondissement de et \u00e0 Luxembourg, si\u00e9geant comme juge des r\u00e9f\u00e9r\u00e9s,en remplacement du Pr\u00e9sident du Tribunal d\u2019arrondissement de et \u00e0 Luxembourg, assist\u00e9 du greffierLo\u00efc PAVANT. DANS LA CAUSE E N T R E 1)PERSONNE1.), demeurant \u00e0 F-ADRESSE1.), 2)PERSONNE2.), demeurant \u00e0 F-ADRESSE2.), 3)la soci\u00e9t\u00e9 \u00e0 responsabilit\u00e9 limit\u00e9eSOCIETE1.)S.\u00e0r.l., \u00e9tablie et ayant son si\u00e8ge social \u00e0 F-ADRESSE3.), inscrite au Registre de Commerce et des Soci\u00e9t\u00e9s de Marseille sous le num\u00e9roNUMERO1.), repr\u00e9sent\u00e9e par ses g\u00e9rants actuellement en fonctions, sinon par tout autre organe autoris\u00e9 \u00e0 la repr\u00e9senter l\u00e9galement, \u00e9lisant domicile en l\u2019\u00e9tude de Ma\u00eetreMarie BENA, avocat, demeurant \u00e0 Luxembourg, parties demanderessescomparant parMa\u00eetreMarie BENA, avocat,demeurant \u00e0 Luxembourg, E T 1)PERSONNE3.), demeurant \u00e0 L-ADRESSE4.), 2)la soci\u00e9t\u00e9 anonymeSOCIETE2.)SA, \u00e9tablie et ayant son si\u00e8ge social \u00e0 L- ADRESSE5.), inscrite au Registre de Commerce et des Soci\u00e9t\u00e9s de Luxembourg sous le num\u00e9roNUMERO2.), repr\u00e9sent\u00e9e par son conseil d\u2019administration actuellement en fonctions, sinon parttout autre organe autoris\u00e9 \u00e0 la repr\u00e9senter l\u00e9galement,<\/p>\n<p>3)PERSONNE4.), demeurant \u00e0 F-ADRESSE6.), 4)la soci\u00e9t\u00e9 civileSOCIETE3.)S.C., \u00e9tablie et ayant son si\u00e8ge social \u00e0 F- ADRESSE3.), inscrite au Registre de Commerce et des Soci\u00e9t\u00e9s de Marseille sous le num\u00e9roNUMERO3.), repr\u00e9sent\u00e9e par son associ\u00e9-g\u00e9rant actuellement en fonctions, sinon par tout autre organe autoris\u00e9 \u00e0 la repr\u00e9senter l\u00e9galement, 5)la soci\u00e9t\u00e9 anonymeSOCIETE4.)SA, \u00e9tablie et ayant son si\u00e8ge social \u00e0 L- ADRESSE5.), inscrite au Registre de Commerce et des Soci\u00e9t\u00e9s de Luxembourg sous le num\u00e9roNUMERO4.), repr\u00e9sent\u00e9e par son administrateur provisoire Ma\u00eetre Yann BADEN, avocat, demeurant \u00e0 Luxembourg, parties d\u00e9fenderesses sub 1) et sub 2)comparant par Ma\u00eetreVirginie HEIB, avocat, en remplacementde Ma\u00eetre Esbelta DE FREITAS, avocat, les deux demeurant \u00e0 Luxembourg, parties d\u00e9fenderesses sub 3) et sub 4)ayant comparu parMa\u00eetre Marc PETIT, avocat, demeurant \u00e0 Luxembourg,ne comparant pas\u00e0 l\u2019audience du19 juin 2023, partie d\u00e9fenderesse sub 5)comparant par Ma\u00eetreBruno VIER, avocat, en remplacement de Ma\u00eetreYann BADEN, avocat,les deuxdemeurant \u00e0Gonderange. F A I T S : Suite au courrier de Ma\u00eetre Marie BENA du 26 mai 2023, l\u2019affaire fut r\u00e9appel\u00e9e \u00e0 l\u2019audience publique ordinaire du lundi matin, 19 juin 2023, lors de laquelle Ma\u00eetre Marie BENA, Ma\u00eetreVirginie HEIBet Ma\u00eetre Bruno VIER furent entendus en leurs explications. PERSONNE4.)et lasoci\u00e9t\u00e9 civileSOCIETE3.)S.C.ne comparurent pas\u00e0 cette audience. Sur cele juge des r\u00e9f\u00e9r\u00e9s prit l\u2019affaire en d\u00e9lib\u00e9r\u00e9 et rendit \u00e0 l\u2019audience publique extraordinaire des r\u00e9f\u00e9r\u00e9s de ce jour l\u2019 O R D O N N A N C E qui suit: Vu l\u2019ordonnance de r\u00e9f\u00e9r\u00e9 num\u00e9ro365\/2016 du 8 juillet 2016 ayant nomm\u00e9Ma\u00eetre Yann BADENadministrateur provisoire de la soci\u00e9t\u00e9 anonymeSOCIETE4.)S.A.<\/p>\n<p>pendant une dur\u00e9e de douze mois, renouvelable le cas \u00e9ch\u00e9ant, avec la mission de g\u00e9rer et d\u2019administrer la soci\u00e9t\u00e9 avec les pouvoirs les plus \u00e9tendus selon les lois et usages du commerce, et notamment ceux plus amplement repris au dispositif de l\u2019ordonnance pr\u00e9cit\u00e9e. Vu l\u2019ordonnance de r\u00e9f\u00e9r\u00e9 num\u00e9ro 359\/2017 du 16 juin 2017 ayant prolong\u00e9 le mandat de l\u2019administrateur provisoire pour une nouvelle p\u00e9riode de douze mois. Vu l\u2019ordonnance de r\u00e9f\u00e9r\u00e9 num\u00e9ro 2018TALREFO\/330 du 4 juillet 2018 ayant prolong\u00e9 le mandat de l\u2019administrateur provisoire pour une nouvelle p\u00e9riode de douze mois. Vu l\u2019ordonnance de r\u00e9f\u00e9r\u00e9 num\u00e9ro 2019TALREFO\/00310 du 5 juillet 2019 ayant prolong\u00e9 le mandat de l\u2019administrateur provisoire pour une nouvelle p\u00e9riode de douze mois. Vul\u2019ordonnance de r\u00e9f\u00e9r\u00e9 num\u00e9ro 2020TALREFO\/00269 du 3 juillet 2020 ayant prolong\u00e9 le mandat de l\u2019administrateur provisoire pour une nouvelle p\u00e9riode de douze mois. Vu l\u2019ordonnance de r\u00e9f\u00e9r\u00e9 num\u00e9ro 2021TALREFO\/00348 du 2 juillet 2021 ayant prolong\u00e9 le mandat de l\u2019administrateur provisoire pour une nouvelle p\u00e9riode de douze mois. Vu l\u2019ordonnance de r\u00e9f\u00e9r\u00e9 num\u00e9ro2022TALREFO\/00269 du 8 juillet 2022 ayant prolong\u00e9le mandat de l\u2019administrateur provisoirepour une nouvelle p\u00e9riode se terminant le 31 octobre 2022, renouvelable le cas \u00e9ch\u00e9ant, et ayant fix\u00e9 l\u2019affaire pour plaidoiries \u00e0 l\u2019audience publique ordinaire des r\u00e9f\u00e9r\u00e9s du lundi matin, 3 octobre 2022. Vu l\u2019ordonnance de r\u00e9f\u00e9r\u00e9 num\u00e9ro 2022TALREFO\/00384 du 7 octobre 2022 ayant prolong\u00e9 le mandat del\u2019administrateur provisoire \u00e0 partir du 31 octobre 2022 pour une nouvelle p\u00e9riode se terminant le 8 juillet 2023. Le mandat de l\u2019administrateur provisoire\u00e9tantlimit\u00e9 dans le temps et venant \u00e0 expiration le 8 juillet prochain, il convient de statuer sur\u00e0 la demande de PERSONNE1.), dePERSONNE2.)et de la soci\u00e9t\u00e9 \u00e0 responsabilit\u00e9 limit\u00e9eSOCIETE1.) S.\u00e0r.ld\u00e9pos\u00e9e le 26 mai 2023 au greffe du tribunal et tendant \u00e0 voir prolonger le mandat de l\u2019administrateur provisoire pour une dur\u00e9e suppl\u00e9mentaire d\u2019une ann\u00e9e. Il r\u00e9sulte des renseignements fournis \u00e0 l\u2019audience publique du 19 juin 2023 quela soci\u00e9t\u00e9 anonymeSOCIETE4.)S.A.n\u2019estactuellement toujourspas en mesure de fonctionner normalement sans administrateur provisoire, dans la mesure o\u00f9 quatre instancesau fond opposant les actionnaires de ladite soci\u00e9t\u00e9, dont trois pendantes devant le Tribunal d\u2019arrondissement de ce si\u00e8ge et inscrites au r\u00f4le sous les num\u00e9ros TAL- 2021-00199, TAL-2022-03423 et TAL-2022-05046, et une pendante devant la deuxi\u00e8me chambre dela Cour d\u2019appel et inscrite sous le num\u00e9ro CAL-2021-00580 du<\/p>\n<p>r\u00f4le,sont en cours.En outre, les proc\u00e9dures p\u00e9nales faisant suite \u00e0 deux plaintes avec constitution de partie civile, d\u00e9pos\u00e9esen date des 13 mai 2016 et 9 juin 2020,nesont toujours pas termin\u00e9es. Il en suit que lademande deprolongation du mandat de l\u2019administrateur provisoire de la soci\u00e9t\u00e9 anonymeSOCIETE4.)S.A., qui a rencontr\u00e9 l\u2019assentiment de toutes les parties repr\u00e9sent\u00e9es \u00e0l\u2019audience publique du19juin 2023, est dans l\u2019int\u00e9r\u00eat dela soci\u00e9t\u00e9, de sorte qu\u2019il y a lieu de retenir que le mandat de Ma\u00eetre Yann BADEN est prolong\u00e9 \u00e0 partir du 8 juillet 2023pour une nouvelle p\u00e9riode de douze mois, renouvelable le cas \u00e9ch\u00e9ant. En vertu des articles 13 et 14 de la loi modifi\u00e9e du 19d\u00e9cembre 2002 concernant le registre du commerce et des soci\u00e9t\u00e9s ainsi que la comptabilit\u00e9 et les comptes annuels des entreprises, un extrait de la pr\u00e9sente ordonnance est \u00e0 publier au registre du commerce et des soci\u00e9t\u00e9s. P A R C E S M O T I F S NousPhilippe WADL\u00c9,premier jugeau Tribunal d\u2019arrondissement de et \u00e0 Luxembourg, si\u00e9geant comme juge des r\u00e9f\u00e9r\u00e9s, en remplacement duPr\u00e9sident du Tribunal d\u2019arrondissement de et \u00e0 Luxembourg, statuant contradictoirement, disons que le mandat de Ma\u00eetre Yann BADEN commeadministrateur provisoire de la soci\u00e9t\u00e9 anonymeSOCIETE4.)S.A., avec si\u00e8ge social \u00e0 L-ADRESSE5.), inscrite au registre de commerce et des soci\u00e9t\u00e9s de Luxembourg sous le num\u00e9roNUMERO5.),est prolong\u00e9 \u00e0 partir du8 juillet 2023pour une nouvelle p\u00e9riodese terminant le 8 juillet 2024, renouvelable le cas \u00e9ch\u00e9ant; disons qu\u2019un extrait de la pr\u00e9sente ordonnance sera publi\u00e9 au registre decommerce et des soci\u00e9t\u00e9s; ordonnons l\u2019ex\u00e9cution provisoire de lapr\u00e9sente ordonnance nonobstant toute voie de recours; mettons les frais de l\u2019instance \u00e0 charge dela soci\u00e9t\u00e9 anonymeSOCIETE4.)S.A.<\/p>\n<\/div>\n<hr class=\"kji-sep\" \/>\n<p class=\"kji-source-links\"><strong>Sources officielles :<\/strong> <a class=\"kji-source-link\" href=\"https:\/\/data.public.lu\/fr\/datasets\/tribunal-darrondissement-luxembourg-refere\/\" target=\"_blank\" rel=\"noopener noreferrer\">consulter la page source<\/a> &middot; <a class=\"kji-pdf-link\" href=\"https:\/\/download.data.public.lu\/resources\/tribunal-darrondissement-luxembourg-refere\/20240828-033926\/20230622-talref-176227-pseudonymise-accessible.pdf\" target=\"_blank\" rel=\"noopener noreferrer\">PDF officiel<\/a><\/p>\n<p class=\"kji-license-note\"><em>Licence CC BY-ND 4.0 (Administration judiciaire, data.public.lu). Republication autorisee avec attribution, sans modification editoriale du texte integral.<\/em><\/p>\n<\/div>\n","protected":false},"excerpt":{"rendered":"<p>No. R\u00f4le: 176227 No. 2023TALREFO\/00238 du22 juin 2023 Audience publique extraordinaire des r\u00e9f\u00e9r\u00e9s dujeudi,22 juin 2023, tenue par Nous Philippe WADL\u00c9, premier juge au Tribunal d\u2019arrondissement de et \u00e0 Luxembourg, si\u00e9geant comme juge des r\u00e9f\u00e9r\u00e9s,en remplacement du Pr\u00e9sident du Tribunal d\u2019arrondissement de et \u00e0 Luxembourg,\u2026<\/p>\n","protected":false},"featured_media":0,"template":"","meta":{"_crdt_document":""},"kji_country":[8418],"kji_court":[23583],"kji_chamber":[18768],"kji_year":[24566],"kji_subject":[7646],"kji_keyword":[23584,7636],"kji_language":[7733],"class_list":["post-640436","kji_decision","type-kji_decision","status-publish","hentry","kji_country-luxembourg","kji_court-tribunal-darrondissement","kji_chamber-refere","kji_year-24566","kji_subject-divers","kji_keyword-arrondissement","kji_keyword-tribunal","kji_language-francais"],"yoast_head":"<!-- This site is optimized with the Yoast SEO Premium plugin v27.5 (Yoast SEO v27.5) - https:\/\/yoast.com\/product\/yoast-seo-premium-wordpress\/ -->\n<title>Tribunal d&#039;arrondissement, 22 juin 2023 - Ma\u00eetre Hassan Kohen, avocat en droit p\u00e9nal \u00e0 Paris<\/title>\n<meta name=\"robots\" content=\"index, follow, max-snippet:-1, max-image-preview:large, max-video-preview:-1\" \/>\n<link rel=\"canonical\" href=\"https:\/\/kohenavocats.com\/ru\/jurisprudences\/tribunal-darrondissement-22-juin-2023-31\/\" \/>\n<meta property=\"og:locale\" content=\"ru_RU\" \/>\n<meta property=\"og:type\" content=\"article\" \/>\n<meta property=\"og:title\" content=\"Tribunal d&#039;arrondissement, 22 juin 2023\" \/>\n<meta property=\"og:description\" content=\"No. R\u00f4le: 176227 No. 2023TALREFO\/00238 du22 juin 2023 Audience publique extraordinaire des r\u00e9f\u00e9r\u00e9s dujeudi,22 juin 2023, tenue par Nous Philippe WADL\u00c9, premier juge au Tribunal d\u2019arrondissement de et \u00e0 Luxembourg, si\u00e9geant comme juge des r\u00e9f\u00e9r\u00e9s,en remplacement du Pr\u00e9sident du Tribunal d\u2019arrondissement de et \u00e0 Luxembourg,\u2026\" \/>\n<meta property=\"og:url\" content=\"https:\/\/kohenavocats.com\/ru\/jurisprudences\/tribunal-darrondissement-22-juin-2023-31\/\" \/>\n<meta property=\"og:site_name\" content=\"Ma\u00eetre Hassan Kohen, avocat en droit p\u00e9nal \u00e0 Paris\" \/>\n<meta property=\"article:modified_time\" content=\"2026-04-21T19:41:28+00:00\" \/>\n<meta name=\"twitter:card\" content=\"summary_large_image\" \/>\n<meta name=\"twitter:label1\" content=\"\u041f\u0440\u0438\u043c\u0435\u0440\u043d\u043e\u0435 \u0432\u0440\u0435\u043c\u044f \u0434\u043b\u044f \u0447\u0442\u0435\u043d\u0438\u044f\" \/>\n\t<meta name=\"twitter:data1\" content=\"6 \u043c\u0438\u043d\u0443\u0442\" \/>\n<script type=\"application\/ld+json\" class=\"yoast-schema-graph\">{\"@context\":\"https:\\\/\\\/schema.org\",\"@graph\":[{\"@type\":\"WebPage\",\"@id\":\"https:\\\/\\\/kohenavocats.com\\\/ru\\\/jurisprudences\\\/tribunal-darrondissement-22-juin-2023-31\\\/\",\"url\":\"https:\\\/\\\/kohenavocats.com\\\/ru\\\/jurisprudences\\\/tribunal-darrondissement-22-juin-2023-31\\\/\",\"name\":\"Tribunal d'arrondissement, 22 juin 2023 - Ma\u00eetre Hassan Kohen, avocat en droit p\u00e9nal \u00e0 Paris\",\"isPartOf\":{\"@id\":\"https:\\\/\\\/kohenavocats.com\\\/ru\\\/#website\"},\"datePublished\":\"2026-04-21T19:41:24+00:00\",\"dateModified\":\"2026-04-21T19:41:28+00:00\",\"breadcrumb\":{\"@id\":\"https:\\\/\\\/kohenavocats.com\\\/ru\\\/jurisprudences\\\/tribunal-darrondissement-22-juin-2023-31\\\/#breadcrumb\"},\"inLanguage\":\"ru-RU\",\"potentialAction\":[{\"@type\":\"ReadAction\",\"target\":[\"https:\\\/\\\/kohenavocats.com\\\/ru\\\/jurisprudences\\\/tribunal-darrondissement-22-juin-2023-31\\\/\"]}]},{\"@type\":\"BreadcrumbList\",\"@id\":\"https:\\\/\\\/kohenavocats.com\\\/ru\\\/jurisprudences\\\/tribunal-darrondissement-22-juin-2023-31\\\/#breadcrumb\",\"itemListElement\":[{\"@type\":\"ListItem\",\"position\":1,\"name\":\"Home\",\"item\":\"https:\\\/\\\/kohenavocats.com\\\/ru\\\/avocats-en-droit-penal-a-paris-conseil-et-defense-strategique\\\/\"},{\"@type\":\"ListItem\",\"position\":2,\"name\":\"Jurisprudences\",\"item\":\"https:\\\/\\\/kohenavocats.com\\\/ru\\\/jurisprudences\\\/\"},{\"@type\":\"ListItem\",\"position\":3,\"name\":\"Tribunal d&rsquo;arrondissement, 22 juin 2023\"}]},{\"@type\":\"WebSite\",\"@id\":\"https:\\\/\\\/kohenavocats.com\\\/ru\\\/#website\",\"url\":\"https:\\\/\\\/kohenavocats.com\\\/ru\\\/\",\"name\":\"Kohen Avocats\",\"description\":\"Ma\u00eetre Hassan Kohen, avocat p\u00e9naliste \u00e0 Paris, intervient exclusivement en droit p\u00e9nal pour la d\u00e9fense des particuliers, notamment en mati\u00e8re d\u2019accusations de viol. Il assure un accompagnement rigoureux d\u00e8s la garde \u00e0 vue jusqu\u2019\u00e0 la Cour d\u2019assises, veillant au strict respect des garanties proc\u00e9durales.\",\"publisher\":{\"@id\":\"https:\\\/\\\/kohenavocats.com\\\/ru\\\/#organization\"},\"potentialAction\":[{\"@type\":\"SearchAction\",\"target\":{\"@type\":\"EntryPoint\",\"urlTemplate\":\"https:\\\/\\\/kohenavocats.com\\\/ru\\\/?s={search_term_string}\"},\"query-input\":{\"@type\":\"PropertyValueSpecification\",\"valueRequired\":true,\"valueName\":\"search_term_string\"}}],\"inLanguage\":\"ru-RU\"},{\"@type\":\"Organization\",\"@id\":\"https:\\\/\\\/kohenavocats.com\\\/ru\\\/#organization\",\"name\":\"Kohen Avocats\",\"url\":\"https:\\\/\\\/kohenavocats.com\\\/ru\\\/\",\"logo\":{\"@type\":\"ImageObject\",\"inLanguage\":\"ru-RU\",\"@id\":\"https:\\\/\\\/kohenavocats.com\\\/ru\\\/#\\\/schema\\\/logo\\\/image\\\/\",\"url\":\"https:\\\/\\\/kohenavocats.com\\\/wp-content\\\/uploads\\\/2026\\\/01\\\/Logo-2-1.webp\",\"contentUrl\":\"https:\\\/\\\/kohenavocats.com\\\/wp-content\\\/uploads\\\/2026\\\/01\\\/Logo-2-1.webp\",\"width\":2114,\"height\":1253,\"caption\":\"Kohen Avocats\"},\"image\":{\"@id\":\"https:\\\/\\\/kohenavocats.com\\\/ru\\\/#\\\/schema\\\/logo\\\/image\\\/\"}}]}<\/script>\n<!-- \/ Yoast SEO Premium plugin. -->","yoast_head_json":{"title":"Tribunal d'arrondissement, 22 juin 2023 - Ma\u00eetre Hassan Kohen, avocat en droit p\u00e9nal \u00e0 Paris","robots":{"index":"index","follow":"follow","max-snippet":"max-snippet:-1","max-image-preview":"max-image-preview:large","max-video-preview":"max-video-preview:-1"},"canonical":"https:\/\/kohenavocats.com\/ru\/jurisprudences\/tribunal-darrondissement-22-juin-2023-31\/","og_locale":"ru_RU","og_type":"article","og_title":"Tribunal d'arrondissement, 22 juin 2023","og_description":"No. R\u00f4le: 176227 No. 2023TALREFO\/00238 du22 juin 2023 Audience publique extraordinaire des r\u00e9f\u00e9r\u00e9s dujeudi,22 juin 2023, tenue par Nous Philippe WADL\u00c9, premier juge au Tribunal d\u2019arrondissement de et \u00e0 Luxembourg, si\u00e9geant comme juge des r\u00e9f\u00e9r\u00e9s,en remplacement du Pr\u00e9sident du Tribunal d\u2019arrondissement de et \u00e0 Luxembourg,\u2026","og_url":"https:\/\/kohenavocats.com\/ru\/jurisprudences\/tribunal-darrondissement-22-juin-2023-31\/","og_site_name":"Ma\u00eetre Hassan Kohen, avocat en droit p\u00e9nal \u00e0 Paris","article_modified_time":"2026-04-21T19:41:28+00:00","twitter_card":"summary_large_image","twitter_misc":{"\u041f\u0440\u0438\u043c\u0435\u0440\u043d\u043e\u0435 \u0432\u0440\u0435\u043c\u044f \u0434\u043b\u044f \u0447\u0442\u0435\u043d\u0438\u044f":"6 \u043c\u0438\u043d\u0443\u0442"},"schema":{"@context":"https:\/\/schema.org","@graph":[{"@type":"WebPage","@id":"https:\/\/kohenavocats.com\/ru\/jurisprudences\/tribunal-darrondissement-22-juin-2023-31\/","url":"https:\/\/kohenavocats.com\/ru\/jurisprudences\/tribunal-darrondissement-22-juin-2023-31\/","name":"Tribunal d'arrondissement, 22 juin 2023 - Ma\u00eetre Hassan Kohen, avocat en droit p\u00e9nal \u00e0 Paris","isPartOf":{"@id":"https:\/\/kohenavocats.com\/ru\/#website"},"datePublished":"2026-04-21T19:41:24+00:00","dateModified":"2026-04-21T19:41:28+00:00","breadcrumb":{"@id":"https:\/\/kohenavocats.com\/ru\/jurisprudences\/tribunal-darrondissement-22-juin-2023-31\/#breadcrumb"},"inLanguage":"ru-RU","potentialAction":[{"@type":"ReadAction","target":["https:\/\/kohenavocats.com\/ru\/jurisprudences\/tribunal-darrondissement-22-juin-2023-31\/"]}]},{"@type":"BreadcrumbList","@id":"https:\/\/kohenavocats.com\/ru\/jurisprudences\/tribunal-darrondissement-22-juin-2023-31\/#breadcrumb","itemListElement":[{"@type":"ListItem","position":1,"name":"Home","item":"https:\/\/kohenavocats.com\/ru\/avocats-en-droit-penal-a-paris-conseil-et-defense-strategique\/"},{"@type":"ListItem","position":2,"name":"Jurisprudences","item":"https:\/\/kohenavocats.com\/ru\/jurisprudences\/"},{"@type":"ListItem","position":3,"name":"Tribunal d&rsquo;arrondissement, 22 juin 2023"}]},{"@type":"WebSite","@id":"https:\/\/kohenavocats.com\/ru\/#website","url":"https:\/\/kohenavocats.com\/ru\/","name":"Kohen Avocats","description":"Ma\u00eetre Hassan Kohen, avocat p\u00e9naliste \u00e0 Paris, intervient exclusivement en droit p\u00e9nal pour la d\u00e9fense des particuliers, notamment en mati\u00e8re d\u2019accusations de viol. Il assure un accompagnement rigoureux d\u00e8s la garde \u00e0 vue jusqu\u2019\u00e0 la Cour d\u2019assises, veillant au strict respect des garanties proc\u00e9durales.","publisher":{"@id":"https:\/\/kohenavocats.com\/ru\/#organization"},"potentialAction":[{"@type":"SearchAction","target":{"@type":"EntryPoint","urlTemplate":"https:\/\/kohenavocats.com\/ru\/?s={search_term_string}"},"query-input":{"@type":"PropertyValueSpecification","valueRequired":true,"valueName":"search_term_string"}}],"inLanguage":"ru-RU"},{"@type":"Organization","@id":"https:\/\/kohenavocats.com\/ru\/#organization","name":"Kohen Avocats","url":"https:\/\/kohenavocats.com\/ru\/","logo":{"@type":"ImageObject","inLanguage":"ru-RU","@id":"https:\/\/kohenavocats.com\/ru\/#\/schema\/logo\/image\/","url":"https:\/\/kohenavocats.com\/wp-content\/uploads\/2026\/01\/Logo-2-1.webp","contentUrl":"https:\/\/kohenavocats.com\/wp-content\/uploads\/2026\/01\/Logo-2-1.webp","width":2114,"height":1253,"caption":"Kohen Avocats"},"image":{"@id":"https:\/\/kohenavocats.com\/ru\/#\/schema\/logo\/image\/"}}]}},"jetpack_likes_enabled":false,"jetpack_sharing_enabled":true,"_links":{"self":[{"href":"https:\/\/kohenavocats.com\/ru\/wp-json\/wp\/v2\/kji_decision\/640436","targetHints":{"allow":["GET"]}}],"collection":[{"href":"https:\/\/kohenavocats.com\/ru\/wp-json\/wp\/v2\/kji_decision"}],"about":[{"href":"https:\/\/kohenavocats.com\/ru\/wp-json\/wp\/v2\/types\/kji_decision"}],"wp:attachment":[{"href":"https:\/\/kohenavocats.com\/ru\/wp-json\/wp\/v2\/media?parent=640436"}],"wp:term":[{"taxonomy":"kji_country","embeddable":true,"href":"https:\/\/kohenavocats.com\/ru\/wp-json\/wp\/v2\/kji_country?post=640436"},{"taxonomy":"kji_court","embeddable":true,"href":"https:\/\/kohenavocats.com\/ru\/wp-json\/wp\/v2\/kji_court?post=640436"},{"taxonomy":"kji_chamber","embeddable":true,"href":"https:\/\/kohenavocats.com\/ru\/wp-json\/wp\/v2\/kji_chamber?post=640436"},{"taxonomy":"kji_year","embeddable":true,"href":"https:\/\/kohenavocats.com\/ru\/wp-json\/wp\/v2\/kji_year?post=640436"},{"taxonomy":"kji_subject","embeddable":true,"href":"https:\/\/kohenavocats.com\/ru\/wp-json\/wp\/v2\/kji_subject?post=640436"},{"taxonomy":"kji_keyword","embeddable":true,"href":"https:\/\/kohenavocats.com\/ru\/wp-json\/wp\/v2\/kji_keyword?post=640436"},{"taxonomy":"kji_language","embeddable":true,"href":"https:\/\/kohenavocats.com\/ru\/wp-json\/wp\/v2\/kji_language?post=640436"}],"curies":[{"name":"wp","href":"https:\/\/api.w.org\/{rel}","templated":true}]}}