{"id":640613,"date":"2026-04-21T21:59:14","date_gmt":"2026-04-21T19:59:14","guid":{"rendered":"https:\/\/kohenavocats.com\/jurisprudences\/eclinlghshe20253002-gerechtshof-s-hertogenbosch-29-10-2025-24-286\/"},"modified":"2026-04-21T21:59:14","modified_gmt":"2026-04-21T19:59:14","slug":"eclinlghshe20253002-gerechtshof-s-hertogenbosch-29-10-2025-24-286","status":"publish","type":"kji_decision","link":"https:\/\/kohenavocats.com\/ru\/jurisprudences\/eclinlghshe20253002-gerechtshof-s-hertogenbosch-29-10-2025-24-286\/","title":{"rendered":"ECLI:NL:GHSHE:2025:3002 Gerechtshof &#8216;s-Hertogenbosch , 29-10-2025 \/ 24\/286"},"content":{"rendered":"<div class=\"kji-decision\">\n<div class=\"kji-full-text\">\n<p><strong>Inhoudsindicatie.<\/strong> Aanslag IB\/PVV. Uitgaven voor specifieke zorgkosten. Uitgaven voor hulpmiddel (airconditioner) komen niet voor aftrek in aanmerking, omdat dit hulpmiddel niet hoofdzakelijk door zieke of invalide personen wordt gebruikt. Uitgaven voor vervoer in verband met ziekte komen gedeeltelijk voor aftrek in aanmerking, omdat het beroep van belanghebbende op het vertrouwensbeginsel slaagt.<\/p>\n<h3>GERECHTSHOF \u2019s-HERTOGENBOSCH<\/h3>\n<p>Team belastingrecht<\/p>\n<p>Meervoudige Belastingkamer<\/p>\n<p>Nummer: 24\/286<\/p>\n<p>Uitspraak op het hoger beroep van<\/p>\n<p>[belanghebbende] ,<\/p>\n<p>wonend in [woonplaats] ,<\/p>\n<p>hierna: belanghebbende,<\/p>\n<p>tegen de uitspraak van de rechtbank Zeeland-West-Brabant (hierna: de rechtbank) van 12 januari 2024, nummer BRE 22\/4316, in het geding tussen belanghebbende en<\/p>\n<p>de inspecteur van de Belastingdienst,<\/p>\n<p>hierna: de inspecteur.<\/p>\n<h3>1<\/p>\n<p>1. Ontstaan en loop van het geding<\/h3>\n<p>De inspecteur heeft de aanslag inkomstenbelasting en premie volksverzekeringen (IB\/PVV) 2018 opgelegd. Tevens is bij beschikking belastingrente in rekening gebracht.<\/p>\n<p>Belanghebbende heeft bezwaar gemaakt. De inspecteur heeft uitspraak op bezwaar gedaan en het bezwaar ongegrond verklaard.<\/p>\n<p>Belanghebbende heeft tegen deze uitspraak beroep ingesteld bij de rechtbank.<\/p>\n<p>De rechtbank heeft het beroep ongegrond verklaard.<\/p>\n<p>Belanghebbende heeft tegen de uitspraak van de rechtbank hoger beroep ingesteld bij het hof. De inspecteur heeft een verweerschrift ingediend.<\/p>\n<p>Belanghebbende heeft v\u00f3\u00f3r de zitting nadere stukken ingediend. Deze stukken zijn doorgestuurd naar de inspecteur.<\/p>\n<p>Partijen hebben ieder voor de zitting pleitnota\u2019s toegezonden aan het hof. De griffier heeft deze pleitnota\u2019s doorgestuurd naar de andere partij. Deze pleitnota\u2019s worden met instemming van partijen geacht ter zitting te zijn voorgelezen.<\/p>\n<p>De zitting heeft plaatsgevonden op 14 augustus 2025 in \u2019s-Hertogenbosch. Daar zijn verschenen belanghebbende en zijn gemachtigden [gemachtigde 1] en [gemachtigde 2] , en, namens de inspecteur, [inspecteur 1] en [inspecteur 2] .<\/p>\n<p>Het hof heeft aan het einde van de zitting het onderzoek gesloten.<\/p>\n<h3>2Feiten<\/h3>\n<p>Belanghebbende is in 2015 getroffen door een zware hersenbloeding. Hij is toen enige tijd in het ziekenhuis en vervolgens in een revalidatiekliniek opgenomen. In 2018 was belanghebbende nog steeds aan het revalideren. Die revalidatie vond bij hem thuis plaats. Zijn ouders hebben hem in 2018 veelvuldig ondersteund in het revalidatieproces.<\/p>\n<p>Belanghebbende had in 2018 geen fiscale partner. Hij had de gedeeltelijke zorg voor zijn kinderen. De kinderen stonden niet op zijn adres ingeschreven.<\/p>\n<p>In de aangifte IB\/PVV 2018 heeft belanghebbende een aftrekbaar bedrag aan uitgaven voor specifieke zorgkosten van \u20ac 6.803 aangegeven. Dit bedrag is als volgt gespecificeerd:<\/p>\n<p>Uitgaven voor hulpmiddelen \u20ac 2.165<\/p>\n<p>Uitgaven voor vervoer in verband met ziekte + \u20ac 5.550<\/p>\n<p>Drempel uitgaven specifieke zorgkosten -\/- \u20ac 912<\/p>\n<p>Aftrekbaar bedrag specifieke zorgkosten \u20ac 6.803<\/p>\n<p>De uitgaven voor hulpmiddelen bestaan uit de kosten voor de aanschaf van een airconditioner ten bedrage van \u20ac 1.719 en de aanschaf van een bril ten bedrage van \u20ac 447.<\/p>\n<p>Volgens een door belanghebbende opgestelde specificatie zijn in 2018 12.322 kilometers gereden (0,40 cent per km = \u20ac 4.928,80). Tot de opgegeven uitgaven voor vervoer behoren ook externe vervoerskosten (taxi e.d.) (\u20ac 275,40) en kosten voor rijlessen (\u20ac 233).<\/p>\n<p>De inspecteur heeft de aftrek uitgaven voor specifieke zorgkosten niet verleend. De aanslag is vastgesteld naar een belastbaar inkomen uit werk en woning van \u20ac 44.836. Tevens is bij beschikking \u20ac 271 belastingrente in rekening gebracht.<\/p>\n<p>De inspecteur heeft de aanslag en de rentebeschikking bij uitspraak op bezwaar gehandhaafd.<\/p>\n<p>De rechtbank heeft het beroep ongegrond verklaard en de inspecteur veroordeeld tot het vergoeden van immateri\u00eble schade tot een bedrag van \u20ac 500 aan belanghebbende vanwege overschrijding van de redelijke termijn.<\/p>\n<h3>3Geschil en conclusies van partijen<\/h3>\n<p>Het geschil betreft het antwoord op de vraag of belanghebbende recht heeft op aftrek van specifieke zorgkosten.<\/p>\n<p>Niet meer in geschil is dat de kosten van de bril niet aftrekbaar zijn en, bij een gegrond hoger beroep, de kilometervergoeding \u20ac 0,35 zou moeten bedragen. Op de zitting bij het hof heeft belanghebbende zijn beroep op het vertrouwensbeginsel ten aanzien van het hulpmiddel (airconditioner) ingetrokken.<\/p>\n<p>Belanghebbende concludeert tot vernietiging van de uitspraak van de rechtbank, vernietiging van de uitspraak op bezwaar en vermindering van de aanslag IB\/PVV 2018. De inspecteur concludeert tot bevestiging van de uitspraak van de rechtbank.<\/p>\n<h3>4Gronden<\/h3>\n<p>Ten aanzien van het geschil<\/p>\n<p>Uitgaven voor hulpmiddel<\/p>\n<p>Een hulpmiddel kan op grond van artikel 6.17 Wet inkomstenbelasting 2001 (hierna: Wet IB 2001) voor aftrek in aanmerking komen. Een hulpmiddel komt alleen voor aftrek in aanmerking indien het hoofdzakelijk door zieke of invalide personen wordt gebruikt. Hoofdzakelijk wil zeggen voor 70% of meer.<\/p>\n<p>De airconditioner die belanghebbende heeft aangeschaft wordt ook gebruikt door personen die niet ziek of invalide zijn. Belanghebbende heeft niet aannemelijk gemaakt dat de airconditioner die is aangeschaft hoofdzakelijk (&gt;70%) gebruikt wordt door zieke en\/of invalide personen. De airconditioner komt reeds daarom niet voor de aftrek specifieke zorgkosten in aanmerking. Het is, anders dan belanghebbende meent, dus niet voldoende dat de airconditioner door belanghebbende uitsluitend wordt gebruikt vanwege zijn invaliditeit en dat de airconditioner uitsluitend door belanghebbende zelf wordt gebruikt.<\/p>\n<p>Uitgaven voor vervoer in verband met ziekte<\/p>\n<p>Op grond van artikel 6.17, lid 1, aanhef en letter b, Wet IB 2001 kunnen vervoerskosten wegens ziekte in aanmerking komen voor aftrek. Vervoerskosten zijn uitgaven voor bezoek aan medische hulpverleners of voor het ondergaan van een medische handeling en ook de overige op belastingplichtige drukkende kosten van vervoer voor zover zij meer bedragen dan de vervoerskosten van andere belastingplichtigen die niet ziek of invalide zijn maar overigens in dezelfde financi\u00eble en maatschappelijke positie verkeren als belanghebbende.<\/p>\n<p>Het hof is van oordeel dat belanghebbende niet aannemelijk heeft gemaakt dat de in aftrek gebrachte vervoerskosten zijn gemaakt voor het ondergaan van een medische behandeling of bezoek aan medische hulpverleners. De door belanghebbende opgestelde specificatie (zie 2.3) is daarvoor onvoldoende, omdat daaruit niet blijkt dat op deze data medische behandelingen hebben plaatsgevonden. Ook met betrekking tot de externe vervoerskosten (zie 2.3) is niet aannemelijk gemaakt dat deze kosten zijn gemaakt om een medische behandeling te ondergaan of een medische behandelaar te bezoeken.<\/p>\n<p>Uitgaven voor extra rijlessen kunnen slechts in aanmerking komen als uitgaven voor ziekte of invaliditeit als deze lessen bedoeld zijn om de bediening van een hulpmiddel, in dit geval zou dat een aangepast voertuig zijn, bij te brengen. Niet gesteld of gebleken is dat belanghebbende gebruik maakt van een aangepast voertuig. Volgens de factuur is sprake van opfrislessen in een automaat.<\/p>\n<p>Om voor aftrek voor \u201cleefkilometers\u201d in aanmerking te komen moet belanghebbende aannemelijk maken dat hij meer kosten maakt dan de \u201cmaatman\u201d. Dat is de persoon die niet ziek\/invalide is, maar overigens wat inkomen, vermogen en gezinsomstandigheden in gelijke positie verkeert. Het hof is van oordeel dat belanghebbende niet aan deze bewijslast heeft voldaan.<\/p>\n<p>Uit het vorenstaande volgt dat belanghebbende niet in aanmerking komt voor aftrek van uitgaven voor vervoer vanwege ziekte of invaliditeit, omdat niet aan de voorwaarden is voldaan.<\/p>\n<p>Vertrouwensbeginsel<\/p>\n<p>Voor een geslaagd beroep op het vertrouwensbeginsel dient belanghebbende aannemelijk te maken dat door de inspecteur toezeggingen of andere uitlatingen zijn gedaan of gedragingen zijn verricht waaruit belanghebbende in de gegeven omstandigheden redelijkerwijs kon en mocht afleiden of en zo ja, hoe de inspecteur in een concreet geval zijn bevoegdheden zou uitoefenen.<\/p>\n<p>Belanghebbende heeft gewezen op het met de inspecteur plaatsgevonden overleg in mei 2018, naar aanleiding van de aangifte IB\/PVV 2015. Dit overleg heeft geleid tot de acceptatie van de aftrek voor vervoerskosten in 2015, 2016 en 2017, aldus belanghebbende, ook al betroffen deze kosten niet slechts vervoer naar artsen, maar hingen deze kosten samen met begeleiding van het herstelproces door de ouders van belanghebbende. Belanghebbende stelt dat de omstandigheden in die jaren identiek waren, zodat hij erop mocht vertrouwen dat deze kosten, voor zover deze samenhangen met zijn revalidatie ook in 2018 in aftrek mochten worden gebracht.<\/p>\n<p>Naar het oordeel van het hof heeft belanghebbende aannemelijk gemaakt dat het vertrouwensbeginsel is geschonden. Uit de brieven van 16 mei 2018 en 21 juni 2018, waarin een weergave van het overleg in mei 2018 is opgenomen, blijkt dat de inspecteur van mening is dat belanghebbende aannemelijk heeft gemaakt dat in 2015 vervoerskosten zijn gemaakt voor medische behandelingen. Belanghebbende heeft aannemelijk gemaakt dat met de inspecteur destijds is besproken dat de vervoerskosten in 2015 naar de medische instellingen zijn gemaakt door de ouders om hem in het revalidatieproces te ondersteunen en dat de inspecteur dus wist dat belanghebbende niet zelf werd vervoerd naar een medische behandelaar. Naar het oordeel van het hof heeft belanghebbende dit zo mogen begrijpen dat ook de kosten in latere jaren, voor zover die betrekking hebben op het vervoer van de ouders naar belanghebbende om het revalidatieproces te ondersteunen in aftrek mogen worden gebracht.<\/p>\n<p>Belanghebbende heeft een overzicht verstrekt van alle gemaakte vervoerskosten. Het hof acht echter niet aannemelijk gemaakt dat alle door belanghebbende in aftrek gebrachte vervoerskosten zijn gemaakt om het revalidatieproces te ondersteunen en ziet aanleiding om de vervoerskosten die in aftrek kunnen worden gebracht in goede justitie vast te stellen op \u20ac 3.000.<\/p>\n<p>Voor dat geval heeft de inspecteur op de zitting verklaard akkoord te gaan met een aftrek in 2018, ook al hebben de kosten in een later jaar op belanghebbende gedrukt.<\/p>\n<p>Al hetgeen belanghebbende overigens heeft aangevoerd kan niet leiden tot een verdere vermindering van de aanslag IB\/PVV 2018.<\/p>\n<p>Tussenconclusie<\/p>\n<p>De slotsom is dat het hoger beroep gegrond is en dat de aanslag IB\/PVV 2018 moet worden verminderd met een bedrag van \u20ac 2.088 (\u20ac 3.000 -\/- \u20ac 912 (drempel uitgaven specifieke zorgkosten) tot een belastbaar inkomen uit werk en woning van \u20ac 42.748.<\/p>\n<p>Ten aanzien van het verzoek om vergoeding van immateri\u00eble schade<\/p>\n<p>Belanghebbende heeft op 22 februari 2024 hoger beroep ingesteld tegen de uitspraak van de rechtbank. Voor het hof geldt als uitgangspunt dat uitspraak moet worden gedaan binnen twee jaar nadat het hoger beroep is ingesteld. Deze termijn is nog niet verstreken en daarom komt belanghebbende niet in aanmerking voor een vergoeding van immateri\u00eble schade.<\/p>\n<p>Ten aanzien van het griffierecht<\/p>\n<p>De inspecteur dient aan belanghebbende het bij het hof betaalde griffierecht van \u20ac 138 te vergoeden, omdat de uitspraak van de rechtbank wordt vernietigd.<\/p>\n<p>Ten aanzien van de kosten van het bezwaar<\/p>\n<p>Uit 4.10 volgt dat de inspecteur het vertrouwensbeginsel heeft geschonden. Dit levert een aan de inspecteur te wijten onrechtmatigheid op. Het hof veroordeelt daarom de inspecteur in de kosten die belanghebbende in verband met de behandeling van het bezwaar redelijkerwijs heeft moeten maken. Het hof stelt deze kosten vast op \u20ac 13,06 voor reiskosten van de gemachtigde (vader) van belanghebbende naar de hoorzitting.<\/p>\n<p>Ten aanzien van de proceskosten<\/p>\n<p>Het hof veroordeelt de inspecteur tot vergoeding van de kosten die belanghebbende redelijkerwijs heeft moeten maken in verband met de behandeling van het beroep bij de rechtbank en het hoger beroep bij het hof, omdat het door belanghebbende ingestelde hoger beroep gegrond is en het beroep bij de rechtbank gegrond is.<\/p>\n<p>Het hof stelt deze tegemoetkoming op 1 punt x \u20ac 907 (waarde per punt) x 1 (factor gewicht van de zaak) is \u20ac 907, voor beroepsmatig verleende rechtsbijstand op de zitting bij het hof.<\/p>\n<p>Dit bedrag wordt vermeerderd met een bedrag aan reiskosten van belanghebbende zelf voor het bijwonen van de zitting bij het hof van \u20ac 21,20 en een bedrag aan reiskosten van de gemachtigde (vader) van belanghebbende voor het bijwonen van de zitting bij de rechtbank van \u20ac 13,06.<\/p>\n<p>Gesteld noch gebleken is dat belanghebbende overige voor vergoeding in aanmerking komende kosten als bedoeld in artikel 1 van het Besluit proceskosten bestuursrecht heeft gemaakt.<\/p>\n<h3>5Beslissing<\/h3>\n<p>Het hof:<\/p>\n<p>verklaart het hoger beroep gegrond;<\/p>\n<p>vernietigt de uitspraak van de rechtbank, met uitzondering van de beslissingen over de vergoeding van immateri\u00eble schade en het griffierecht;<\/p>\n<p>verklaart het tegen de uitspraak op bezwaar bij de rechtbank ingestelde beroep gegrond;<\/p>\n<p>vernietigt de uitspraak op bezwaar;<\/p>\n<p>vermindert de aanslag IB\/PVV 2018 naar een belastbaar inkomen uit werk en woning van \u20ac 42.748;<\/p>\n<p>vermindert de beschikking belastingrente evenredig;<\/p>\n<p>bepaalt dat de inspecteur aan belanghebbende het betaalde griffierecht voor de behandeling van het hoger beroep bij het hof van \u20ac 138 vergoedt;<\/p>\n<p>veroordeelt de inspecteur in de kosten van het bezwaar van \u20ac 13,06;<\/p>\n<p>veroordeelt de inspecteur in de kosten van het geding bij de rechtbank en het hof van \u20ac 941,26.<\/p>\n<p>De uitspraak is gedaan door L.B.M. Klein Tank, voorzitter, T.A. Gladpootjes en M.E. Smorenburg, in tegenwoordigheid van E. Royakkers, als griffier.<\/p>\n<p>De beslissing is in het openbaar uitgesproken op 29 oktober 2025 en een afschrift van de uitspraak is op die datum in Mijn Rechtspraak geplaatst. Aan de partij die niet digitaal procedeert, is een afschrift op die datum aangetekend per post verzonden.<\/p>\n<p>De griffier, De voorzitter,<\/p>\n<p>E. Royakkers L.B.M. Klein Tank<\/p>\n<p>Het aanwenden van een rechtsmiddel<\/p>\n<p>Tegen deze uitspraak kunnen beide partijen binnen zes weken na de verzenddatum beroep in cassatie instellen bij de Hoge Raad der Nederlanden via het webportaal van de Hoge Raad <a href=\"http:\/\/www.hogeraad.nl\" rel=\"nofollow\">http:\/\/www.hogeraad.nl<\/a>.<\/p>\n<p>Bepaalde personen die niet worden vertegenwoordigd door een gemachtigde die beroepsmatig rechtsbijstand verleent, mogen per post beroep in cassatie instellen. Dit zijn natuurlijke personen en verenigingen waarvan de statuten niet zijn opgenomen in een notari\u00eble akte. Als zij geen gebruik willen maken van digitaal procederen kunnen deze personen het beroepschrift in cassatie sturen aan de Hoge Raad der Nederlanden (belastingkamer), postbus 20303, 2500 EH Den Haag. Alle andere personen en gemachtigden die beroepsmatig rechtsbijstand verlenen, zijn in beginsel verplicht digitaal te procederen (zie <a href=\"http:\/\/www.hogeraad.nl\" rel=\"nofollow\">http:\/\/www.hogeraad.nl<\/a>).<\/p>\n<p>Bij het instellen van beroep in cassatie moet het volgende in acht worden genomen:<\/p>\n<p>Bij het beroepschrift wordt een afschrift van deze uitspraak overgelegd.<\/p>\n<p>(Alleen bij procederen op papier) het beroepschrift moet ondertekend zijn;<\/p>\n<p>Het beroepschrift moet ondertekend zijn en ten minste het volgende vermelden:<\/p>\n<p>de naam en het adres van de indiener;<\/p>\n<p>de dagtekening;<\/p>\n<p>een omschrijving van de uitspraak waartegen het beroep in cassatie is gericht;<\/p>\n<p>e gronden van het beroep in cassatie.<\/p>\n<p>Voor het instellen van beroep in cassatie is griffierecht verschuldigd. Na het instellen van beroep in cassatie ontvangt de indiener een nota griffierecht van de griffier van de Hoge Raad.<\/p>\n<p>In het cassatieberoepschrift kan de Hoge Raad verzocht worden om de andere partij te veroordelen in de proceskosten.<\/p>\n<h3>Voetnoten<\/h3>\n<ol>\n<li>Zie Hoge Raad 15 december 1999, ECLI:NL:HR:1999:AA3847.<\/li>\n<li>Vgl. Hoge Raad 19 juni 2020, ECLI:NL:HR:2020:1069.<\/li>\n<li>1 punt voor het verschijnen op de zitting, zie Besluit proceskosten bestuursrecht<\/li>\n<\/ol>\n<\/div>\n<hr class=\"kji-sep\" \/>\n<p class=\"kji-source-links\"><strong>Sources officielles :<\/strong> <a class=\"kji-source-link\" href=\"http:\/\/deeplink.rechtspraak.nl\/uitspraak?id=ECLI:NL:GHSHE:2025:3002\" target=\"_blank\" rel=\"noopener noreferrer\">consulter la page source<\/a><\/p>\n<p class=\"kji-license-note\"><em>Rechtspraak.nl open data, Creative Commons Zero. Volume cible 1.8M decisions.<\/em><\/p>\n<\/div>\n","protected":false},"excerpt":{"rendered":"<p>Aanslag IB\/PVV. Uitgaven voor specifieke zorgkosten. Uitgaven voor hulpmiddel (airconditioner) komen niet voor aftrek in aanmerking, omdat dit hulpmiddel niet hoofdzakelijk door zieke of invalide personen wordt gebruikt. Uitgaven voor vervoer in verband met ziekte komen gedeeltelijk voor aftrek in aanmerking, omdat het beroep van belanghebbende op het vertrouwensbeginsel slaagt.<\/p>\n","protected":false},"featured_media":0,"template":"","meta":{"_crdt_document":""},"kji_country":[7669],"kji_court":[8088],"kji_chamber":[],"kji_year":[8463],"kji_subject":[7646],"kji_keyword":[11822,8184,27804,16278,9619],"kji_language":[7671],"class_list":["post-640613","kji_decision","type-kji_decision","status-publish","hentry","kji_country-pays-bas","kji_court-gerechtshof-s-hertogenbosch","kji_year-8463","kji_subject-divers","kji_keyword-aanmerking","kji_keyword-aftrek","kji_keyword-hulpmiddel","kji_keyword-komen","kji_keyword-uitgaven","kji_language-nl"],"yoast_head":"<!-- This site is optimized with the Yoast SEO Premium plugin v27.5 (Yoast SEO v27.5) - https:\/\/yoast.com\/product\/yoast-seo-premium-wordpress\/ -->\n<title>ECLI:NL:GHSHE:2025:3002 Gerechtshof &#039;s-Hertogenbosch , 29-10-2025 \/ 24\/286 - Ma\u00eetre Hassan Kohen, avocat en droit p\u00e9nal \u00e0 Paris<\/title>\n<meta name=\"robots\" content=\"index, follow, max-snippet:-1, max-image-preview:large, max-video-preview:-1\" \/>\n<link rel=\"canonical\" href=\"https:\/\/kohenavocats.com\/ru\/jurisprudences\/eclinlghshe20253002-gerechtshof-s-hertogenbosch-29-10-2025-24-286\/\" \/>\n<meta property=\"og:locale\" content=\"ru_RU\" \/>\n<meta property=\"og:type\" content=\"article\" \/>\n<meta property=\"og:title\" content=\"ECLI:NL:GHSHE:2025:3002 Gerechtshof &#039;s-Hertogenbosch , 29-10-2025 \/ 24\/286\" \/>\n<meta property=\"og:description\" content=\"Aanslag IB\/PVV. Uitgaven voor specifieke zorgkosten. Uitgaven voor hulpmiddel (airconditioner) komen niet voor aftrek in aanmerking, omdat dit hulpmiddel niet hoofdzakelijk door zieke of invalide personen wordt gebruikt. Uitgaven voor vervoer in verband met ziekte komen gedeeltelijk voor aftrek in aanmerking, omdat het beroep van belanghebbende op het vertrouwensbeginsel slaagt.\" \/>\n<meta property=\"og:url\" content=\"https:\/\/kohenavocats.com\/ru\/jurisprudences\/eclinlghshe20253002-gerechtshof-s-hertogenbosch-29-10-2025-24-286\/\" \/>\n<meta property=\"og:site_name\" content=\"Ma\u00eetre Hassan Kohen, avocat en droit p\u00e9nal \u00e0 Paris\" \/>\n<meta name=\"twitter:card\" content=\"summary_large_image\" \/>\n<meta name=\"twitter:label1\" content=\"\u041f\u0440\u0438\u043c\u0435\u0440\u043d\u043e\u0435 \u0432\u0440\u0435\u043c\u044f \u0434\u043b\u044f \u0447\u0442\u0435\u043d\u0438\u044f\" \/>\n\t<meta name=\"twitter:data1\" content=\"11 \u043c\u0438\u043d\u0443\u0442\" \/>\n<script type=\"application\/ld+json\" class=\"yoast-schema-graph\">{\"@context\":\"https:\\\/\\\/schema.org\",\"@graph\":[{\"@type\":\"WebPage\",\"@id\":\"https:\\\/\\\/kohenavocats.com\\\/ru\\\/jurisprudences\\\/eclinlghshe20253002-gerechtshof-s-hertogenbosch-29-10-2025-24-286\\\/\",\"url\":\"https:\\\/\\\/kohenavocats.com\\\/ru\\\/jurisprudences\\\/eclinlghshe20253002-gerechtshof-s-hertogenbosch-29-10-2025-24-286\\\/\",\"name\":\"ECLI:NL:GHSHE:2025:3002 Gerechtshof 's-Hertogenbosch , 29-10-2025 \\\/ 24\\\/286 - Ma\u00eetre Hassan Kohen, avocat en droit p\u00e9nal \u00e0 Paris\",\"isPartOf\":{\"@id\":\"https:\\\/\\\/kohenavocats.com\\\/ru\\\/#website\"},\"datePublished\":\"2026-04-21T19:59:14+00:00\",\"breadcrumb\":{\"@id\":\"https:\\\/\\\/kohenavocats.com\\\/ru\\\/jurisprudences\\\/eclinlghshe20253002-gerechtshof-s-hertogenbosch-29-10-2025-24-286\\\/#breadcrumb\"},\"inLanguage\":\"ru-RU\",\"potentialAction\":[{\"@type\":\"ReadAction\",\"target\":[\"https:\\\/\\\/kohenavocats.com\\\/ru\\\/jurisprudences\\\/eclinlghshe20253002-gerechtshof-s-hertogenbosch-29-10-2025-24-286\\\/\"]}]},{\"@type\":\"BreadcrumbList\",\"@id\":\"https:\\\/\\\/kohenavocats.com\\\/ru\\\/jurisprudences\\\/eclinlghshe20253002-gerechtshof-s-hertogenbosch-29-10-2025-24-286\\\/#breadcrumb\",\"itemListElement\":[{\"@type\":\"ListItem\",\"position\":1,\"name\":\"Home\",\"item\":\"https:\\\/\\\/kohenavocats.com\\\/ru\\\/avocats-en-droit-penal-a-paris-conseil-et-defense-strategique\\\/\"},{\"@type\":\"ListItem\",\"position\":2,\"name\":\"Jurisprudences\",\"item\":\"https:\\\/\\\/kohenavocats.com\\\/ru\\\/jurisprudences\\\/\"},{\"@type\":\"ListItem\",\"position\":3,\"name\":\"ECLI:NL:GHSHE:2025:3002 Gerechtshof &lsquo;s-Hertogenbosch , 29-10-2025 \\\/ 24\\\/286\"}]},{\"@type\":\"WebSite\",\"@id\":\"https:\\\/\\\/kohenavocats.com\\\/ru\\\/#website\",\"url\":\"https:\\\/\\\/kohenavocats.com\\\/ru\\\/\",\"name\":\"Kohen Avocats\",\"description\":\"Ma\u00eetre Hassan Kohen, avocat p\u00e9naliste \u00e0 Paris, intervient exclusivement en droit p\u00e9nal pour la d\u00e9fense des particuliers, notamment en mati\u00e8re d\u2019accusations de viol. Il assure un accompagnement rigoureux d\u00e8s la garde \u00e0 vue jusqu\u2019\u00e0 la Cour d\u2019assises, veillant au strict respect des garanties proc\u00e9durales.\",\"publisher\":{\"@id\":\"https:\\\/\\\/kohenavocats.com\\\/ru\\\/#organization\"},\"potentialAction\":[{\"@type\":\"SearchAction\",\"target\":{\"@type\":\"EntryPoint\",\"urlTemplate\":\"https:\\\/\\\/kohenavocats.com\\\/ru\\\/?s={search_term_string}\"},\"query-input\":{\"@type\":\"PropertyValueSpecification\",\"valueRequired\":true,\"valueName\":\"search_term_string\"}}],\"inLanguage\":\"ru-RU\"},{\"@type\":\"Organization\",\"@id\":\"https:\\\/\\\/kohenavocats.com\\\/ru\\\/#organization\",\"name\":\"Kohen Avocats\",\"url\":\"https:\\\/\\\/kohenavocats.com\\\/ru\\\/\",\"logo\":{\"@type\":\"ImageObject\",\"inLanguage\":\"ru-RU\",\"@id\":\"https:\\\/\\\/kohenavocats.com\\\/ru\\\/#\\\/schema\\\/logo\\\/image\\\/\",\"url\":\"https:\\\/\\\/kohenavocats.com\\\/wp-content\\\/uploads\\\/2026\\\/01\\\/Logo-2-1.webp\",\"contentUrl\":\"https:\\\/\\\/kohenavocats.com\\\/wp-content\\\/uploads\\\/2026\\\/01\\\/Logo-2-1.webp\",\"width\":2114,\"height\":1253,\"caption\":\"Kohen Avocats\"},\"image\":{\"@id\":\"https:\\\/\\\/kohenavocats.com\\\/ru\\\/#\\\/schema\\\/logo\\\/image\\\/\"}}]}<\/script>\n<!-- \/ Yoast SEO Premium plugin. -->","yoast_head_json":{"title":"ECLI:NL:GHSHE:2025:3002 Gerechtshof 's-Hertogenbosch , 29-10-2025 \/ 24\/286 - Ma\u00eetre Hassan Kohen, avocat en droit p\u00e9nal \u00e0 Paris","robots":{"index":"index","follow":"follow","max-snippet":"max-snippet:-1","max-image-preview":"max-image-preview:large","max-video-preview":"max-video-preview:-1"},"canonical":"https:\/\/kohenavocats.com\/ru\/jurisprudences\/eclinlghshe20253002-gerechtshof-s-hertogenbosch-29-10-2025-24-286\/","og_locale":"ru_RU","og_type":"article","og_title":"ECLI:NL:GHSHE:2025:3002 Gerechtshof 's-Hertogenbosch , 29-10-2025 \/ 24\/286","og_description":"Aanslag IB\/PVV. Uitgaven voor specifieke zorgkosten. Uitgaven voor hulpmiddel (airconditioner) komen niet voor aftrek in aanmerking, omdat dit hulpmiddel niet hoofdzakelijk door zieke of invalide personen wordt gebruikt. Uitgaven voor vervoer in verband met ziekte komen gedeeltelijk voor aftrek in aanmerking, omdat het beroep van belanghebbende op het vertrouwensbeginsel slaagt.","og_url":"https:\/\/kohenavocats.com\/ru\/jurisprudences\/eclinlghshe20253002-gerechtshof-s-hertogenbosch-29-10-2025-24-286\/","og_site_name":"Ma\u00eetre Hassan Kohen, avocat en droit p\u00e9nal \u00e0 Paris","twitter_card":"summary_large_image","twitter_misc":{"\u041f\u0440\u0438\u043c\u0435\u0440\u043d\u043e\u0435 \u0432\u0440\u0435\u043c\u044f \u0434\u043b\u044f \u0447\u0442\u0435\u043d\u0438\u044f":"11 \u043c\u0438\u043d\u0443\u0442"},"schema":{"@context":"https:\/\/schema.org","@graph":[{"@type":"WebPage","@id":"https:\/\/kohenavocats.com\/ru\/jurisprudences\/eclinlghshe20253002-gerechtshof-s-hertogenbosch-29-10-2025-24-286\/","url":"https:\/\/kohenavocats.com\/ru\/jurisprudences\/eclinlghshe20253002-gerechtshof-s-hertogenbosch-29-10-2025-24-286\/","name":"ECLI:NL:GHSHE:2025:3002 Gerechtshof 's-Hertogenbosch , 29-10-2025 \/ 24\/286 - Ma\u00eetre Hassan Kohen, avocat en droit p\u00e9nal \u00e0 Paris","isPartOf":{"@id":"https:\/\/kohenavocats.com\/ru\/#website"},"datePublished":"2026-04-21T19:59:14+00:00","breadcrumb":{"@id":"https:\/\/kohenavocats.com\/ru\/jurisprudences\/eclinlghshe20253002-gerechtshof-s-hertogenbosch-29-10-2025-24-286\/#breadcrumb"},"inLanguage":"ru-RU","potentialAction":[{"@type":"ReadAction","target":["https:\/\/kohenavocats.com\/ru\/jurisprudences\/eclinlghshe20253002-gerechtshof-s-hertogenbosch-29-10-2025-24-286\/"]}]},{"@type":"BreadcrumbList","@id":"https:\/\/kohenavocats.com\/ru\/jurisprudences\/eclinlghshe20253002-gerechtshof-s-hertogenbosch-29-10-2025-24-286\/#breadcrumb","itemListElement":[{"@type":"ListItem","position":1,"name":"Home","item":"https:\/\/kohenavocats.com\/ru\/avocats-en-droit-penal-a-paris-conseil-et-defense-strategique\/"},{"@type":"ListItem","position":2,"name":"Jurisprudences","item":"https:\/\/kohenavocats.com\/ru\/jurisprudences\/"},{"@type":"ListItem","position":3,"name":"ECLI:NL:GHSHE:2025:3002 Gerechtshof &lsquo;s-Hertogenbosch , 29-10-2025 \/ 24\/286"}]},{"@type":"WebSite","@id":"https:\/\/kohenavocats.com\/ru\/#website","url":"https:\/\/kohenavocats.com\/ru\/","name":"Kohen Avocats","description":"Ma\u00eetre Hassan Kohen, avocat p\u00e9naliste \u00e0 Paris, intervient exclusivement en droit p\u00e9nal pour la d\u00e9fense des particuliers, notamment en mati\u00e8re d\u2019accusations de viol. Il assure un accompagnement rigoureux d\u00e8s la garde \u00e0 vue jusqu\u2019\u00e0 la Cour d\u2019assises, veillant au strict respect des garanties proc\u00e9durales.","publisher":{"@id":"https:\/\/kohenavocats.com\/ru\/#organization"},"potentialAction":[{"@type":"SearchAction","target":{"@type":"EntryPoint","urlTemplate":"https:\/\/kohenavocats.com\/ru\/?s={search_term_string}"},"query-input":{"@type":"PropertyValueSpecification","valueRequired":true,"valueName":"search_term_string"}}],"inLanguage":"ru-RU"},{"@type":"Organization","@id":"https:\/\/kohenavocats.com\/ru\/#organization","name":"Kohen Avocats","url":"https:\/\/kohenavocats.com\/ru\/","logo":{"@type":"ImageObject","inLanguage":"ru-RU","@id":"https:\/\/kohenavocats.com\/ru\/#\/schema\/logo\/image\/","url":"https:\/\/kohenavocats.com\/wp-content\/uploads\/2026\/01\/Logo-2-1.webp","contentUrl":"https:\/\/kohenavocats.com\/wp-content\/uploads\/2026\/01\/Logo-2-1.webp","width":2114,"height":1253,"caption":"Kohen Avocats"},"image":{"@id":"https:\/\/kohenavocats.com\/ru\/#\/schema\/logo\/image\/"}}]}},"jetpack_likes_enabled":false,"jetpack_sharing_enabled":true,"_links":{"self":[{"href":"https:\/\/kohenavocats.com\/ru\/wp-json\/wp\/v2\/kji_decision\/640613","targetHints":{"allow":["GET"]}}],"collection":[{"href":"https:\/\/kohenavocats.com\/ru\/wp-json\/wp\/v2\/kji_decision"}],"about":[{"href":"https:\/\/kohenavocats.com\/ru\/wp-json\/wp\/v2\/types\/kji_decision"}],"wp:attachment":[{"href":"https:\/\/kohenavocats.com\/ru\/wp-json\/wp\/v2\/media?parent=640613"}],"wp:term":[{"taxonomy":"kji_country","embeddable":true,"href":"https:\/\/kohenavocats.com\/ru\/wp-json\/wp\/v2\/kji_country?post=640613"},{"taxonomy":"kji_court","embeddable":true,"href":"https:\/\/kohenavocats.com\/ru\/wp-json\/wp\/v2\/kji_court?post=640613"},{"taxonomy":"kji_chamber","embeddable":true,"href":"https:\/\/kohenavocats.com\/ru\/wp-json\/wp\/v2\/kji_chamber?post=640613"},{"taxonomy":"kji_year","embeddable":true,"href":"https:\/\/kohenavocats.com\/ru\/wp-json\/wp\/v2\/kji_year?post=640613"},{"taxonomy":"kji_subject","embeddable":true,"href":"https:\/\/kohenavocats.com\/ru\/wp-json\/wp\/v2\/kji_subject?post=640613"},{"taxonomy":"kji_keyword","embeddable":true,"href":"https:\/\/kohenavocats.com\/ru\/wp-json\/wp\/v2\/kji_keyword?post=640613"},{"taxonomy":"kji_language","embeddable":true,"href":"https:\/\/kohenavocats.com\/ru\/wp-json\/wp\/v2\/kji_language?post=640613"}],"curies":[{"name":"wp","href":"https:\/\/api.w.org\/{rel}","templated":true}]}}