{"id":640942,"date":"2026-04-21T22:46:20","date_gmt":"2026-04-21T20:46:20","guid":{"rendered":"https:\/\/kohenavocats.com\/jurisprudences\/acordao-supremo-tribunal-de-justica-processo-19096-19-5t8lsb-l1-s1-2023-04-27\/"},"modified":"2026-04-21T22:46:20","modified_gmt":"2026-04-21T20:46:20","slug":"acordao-supremo-tribunal-de-justica-processo-19096-19-5t8lsb-l1-s1-2023-04-27","status":"publish","type":"kji_decision","link":"https:\/\/kohenavocats.com\/ru\/jurisprudences\/acordao-supremo-tribunal-de-justica-processo-19096-19-5t8lsb-l1-s1-2023-04-27\/","title":{"rendered":"Ac\u00f3rd\u00e3o Supremo Tribunal de Justi\u00e7a \u2013 Processo 19096\/19.5T8LSB.L1.S1 \u2013 2023-04-27"},"content":{"rendered":"<div class=\"kji-decision\">\n<p class=\"kji-summary\">Relator: JO?O CURA MARIANO. I. Tendo-se verificado uma obstru??o das vias respirat?rias de um menor de 20 meses de idade, quando na creche que aquele frequentava lhe deram um peda?o de banana para comer, incidia sobre as funcion?rias dessa creche que na altura se encontrassem presentes, o dever de prestar assist?ncia ao menor de acordo com as regras t?cnicas recomendadas para este tipo de situa??es, designadamente o recurso urgente a uma interven??o m?dica. II. As R?s, perante a gravidade da ocorr?ncia e a urg?ncia de uma interven??o m?dica, desde o in?cio que n?o souberam e tinham obriga??o de saber, pelas fun??es que desempenhavam, articular-se, de modo a que, sem preju?zo de procederem ?s manobras f?sicas recomendadas, enquanto o menor esteve consciente, acionarem de imediato o contacto com o INEM e com o Centro de Sa?de que se encontrava muito pr?ximo da creche, de modo a tentarem obter, no mais curto per?odo de tempo poss?vel, uma interven??o m?dica. III. Estamos perante uma situa??o em que, apesar de se verificar uma probabilidade significativa da hip?tese do cumprimento do dever omitido n?o evitar o dano ocorrido, o incumprimento das leges artis pelas R?s agravou o risco de verifica??o do resultado ocorrido, n?o sendo por isso leg?timo concluir pela total inexist?ncia de um nexo de causalidade entre o ato il?cito e o dano. IV. Ocorre antes um caso em que o risco que a exig?ncia do dever inobservado pretendia prevenir ? agravado pelo incumprimento desse dever, pelo que n?o deixa de existir um nexo causal, embora atenuado, entre o il?cito e o dano constitu?do por esse agravamento, o qual diminuiu as possibilidades de o dano em causa ser evitado. V. Nestas situa??es, em que o nexo causal assume esta peculiar configura??o, o princ?pio constitucional da repara??o dos danos injustificados, por um lado, e a ideia de uma justi?a comutativa, por outro, devem-nos impedir de obter uma conclus?o sobre o dever de indemnizar que resulte num ?tudo ou nada?, sendo antes desej?vel uma solu??o que concilie aqueles dois princ?pios, optando-se por uma indemniza??o que procure obter uma repara??o na medida do agravamento do risco de dano resultante do incumprimento do dever inobservado, aceitando-se uma ?causalidade poss?vel?, com a correspondente responsabilidade proporcional, num direito da responsabilidade civil perspetivado como um sistema m?vel, em que, no caso, o insustent?vel peso da gravidade do dano exige menor exig?ncia na consist?ncia da textura do nexo causal. VI. Neste caso, justifica-se a atribui??o de uma indemniza??o, a cargo dos inadimplentes desse dever, em valor correspondente ao agravamento do risco causado, reduzindo-se o valor indemnizat?rio, nos termos permitidos pelo artigo 494.? do C?digo Civil.<\/p>\n<hr class=\"kji-sep\" \/>\n<p class=\"kji-source-links\"><strong>Sources officielles :<\/strong> <a class=\"kji-source-link\" href=\"https:\/\/www.dgsi.pt\/jstj.nsf\/954f0ce6ad9dd8b980256b5f003fa814\/e8c0cfb67318a0f98025899f00555a3f?OpenDocument&#038;ExpandSection=1\" target=\"_blank\" rel=\"noopener noreferrer\">consulter la page source<\/a><\/p>\n<p class=\"kji-license-note\"><em>Portails officiels portugais (DGSI \/ Tribunal Constitucional). Republication en metadata_only par prudence licencielle ; consulter la source officielle pour le texte authentique.<\/em><\/p>\n<\/div>\n","protected":false},"excerpt":{"rendered":"<p>Relator: JO?O CURA MARIANO. I. Tendo-se verificado uma obstru??o das vias respirat?rias de um menor de 20 meses de idade, quando na creche que aquele frequentava lhe deram um peda?o de banana para comer, incidia sobre as funcion?rias dessa creche que na altura se encontrassem presentes, o dever de prestar assist?ncia ao menor de acordo com as regras t?cnicas recomendadas para este tipo de situa??es, designadamente o recurso urgente a uma interven??o m?dica. II. As R?s, perante a gravidade da ocorr?ncia e a urg?ncia de uma interven??o m?dica, desde o in?cio que n?o souberam e tinham obriga??o de saber, pelas fun??es que desempenhavam, articular-se, de modo a que, sem preju?zo de procederem ?s manobras f?sicas recomendadas, enquanto o menor esteve consciente, acionarem de imediato o contacto com o INEM e com o Centro de Sa?de que se encontrava muito pr?ximo da creche, de modo a tentarem obter, no mais curto per?odo de tempo poss?vel, uma interven??o m?dica. III. Estamos perante uma situa??o em que, apesar de se verificar uma probabilidade significativa da hip?tese do cumprimento do dever omitido n?o evitar o dano ocorrido, o incumprimento das leges artis pelas R?s agravou o risco de verifica??o do resultado ocorrido, n?o sendo por isso leg?timo concluir pela total inexist?ncia de um nexo de causalidade entre o ato il?cito e o dano. IV. Ocorre antes um caso em que o risco que a exig?ncia do dever inobservado pretendia prevenir ? agravado pelo incumprimento desse dever, pelo que n?o deixa de existir um nexo causal, embora atenuado, entre o il?cito e o dano constitu?do por esse agravamento, o qual diminuiu as possibilidades de o dano em causa ser evitado. V. Nestas situa??es, em que o nexo causal assume esta peculiar configura??o, o princ?pio constitucional da repara??o dos danos injustificados, por um lado, e a ideia de uma justi?a comutativa, por outro, devem-nos impedir de obter uma conclus?o sobre o dever de indemnizar que resulte num ?tudo ou nada?, sendo antes desej?vel uma solu??o que concilie aqueles dois princ?pios, optando-se por uma indemniza??o que procure obter uma repara??o na medida do agravamento do risco de dano resultante do incumprimento do dever inobservado, aceitando-se uma ?causalidade poss?vel?, com a correspondente responsabilidade proporcional, num direito da responsabilidade civil perspetivado como um sistema m?vel, em que, no caso, o insustent?vel peso da gravidade do dano exige menor exig?ncia na consist?ncia da textura do nexo causal. VI. Neste caso, justifica-se a atribui??o de uma indemniza??o, a cargo dos inadimplentes desse dever, em valor correspondente ao agravamento do risco causado, reduzindo-se o valor indemnizat?rio, nos termos permitidos pelo artigo 494.? do C?digo Civil.<\/p>\n","protected":false},"featured_media":0,"template":"","meta":{"_crdt_document":""},"kji_country":[7762],"kji_court":[7763],"kji_chamber":[8784],"kji_year":[24566],"kji_subject":[7660],"kji_keyword":[7772,7774,7771,7773,7636],"kji_language":[7770],"class_list":["post-640942","kji_decision","type-kji_decision","status-publish","hentry","kji_country-portugal","kji_court-supremo-tribunal-de-justica","kji_chamber-2-seco","kji_year-24566","kji_subject-constitutionnel","kji_keyword-acordao","kji_keyword-justica","kji_keyword-processo","kji_keyword-supremo","kji_keyword-tribunal","kji_language-pt"],"yoast_head":"<!-- This site is optimized with the Yoast SEO Premium plugin v27.5 (Yoast SEO v27.5) - https:\/\/yoast.com\/product\/yoast-seo-premium-wordpress\/ -->\n<title>Ac\u00f3rd\u00e3o Supremo Tribunal de Justi\u00e7a \u2013 Processo 19096\/19.5T8LSB.L1.S1 \u2013 2023-04-27 - Ma\u00eetre Hassan Kohen, avocat en droit p\u00e9nal \u00e0 Paris<\/title>\n<meta name=\"robots\" content=\"index, follow, max-snippet:-1, max-image-preview:large, max-video-preview:-1\" \/>\n<link rel=\"canonical\" href=\"https:\/\/kohenavocats.com\/ru\/jurisprudences\/acordao-supremo-tribunal-de-justica-processo-19096-19-5t8lsb-l1-s1-2023-04-27\/\" \/>\n<meta property=\"og:locale\" content=\"ru_RU\" \/>\n<meta property=\"og:type\" content=\"article\" \/>\n<meta property=\"og:title\" content=\"Ac\u00f3rd\u00e3o Supremo Tribunal de Justi\u00e7a \u2013 Processo 19096\/19.5T8LSB.L1.S1 \u2013 2023-04-27\" \/>\n<meta property=\"og:description\" content=\"Relator: JO?O CURA MARIANO. I. Tendo-se verificado uma obstru??o das vias respirat?rias de um menor de 20 meses de idade, quando na creche que aquele frequentava lhe deram um peda?o de banana para comer, incidia sobre as funcion?rias dessa creche que na altura se encontrassem presentes, o dever de prestar assist?ncia ao menor de acordo com as regras t?cnicas recomendadas para este tipo de situa??es, designadamente o recurso urgente a uma interven??o m?dica. II. As R?s, perante a gravidade da ocorr?ncia e a urg?ncia de uma interven??o m?dica, desde o in?cio que n?o souberam e tinham obriga??o de saber, pelas fun??es que desempenhavam, articular-se, de modo a que, sem preju?zo de procederem ?s manobras f?sicas recomendadas, enquanto o menor esteve consciente, acionarem de imediato o contacto com o INEM e com o Centro de Sa?de que se encontrava muito pr?ximo da creche, de modo a tentarem obter, no mais curto per?odo de tempo poss?vel, uma interven??o m?dica. III. Estamos perante uma situa??o em que, apesar de se verificar uma probabilidade significativa da hip?tese do cumprimento do dever omitido n?o evitar o dano ocorrido, o incumprimento das leges artis pelas R?s agravou o risco de verifica??o do resultado ocorrido, n?o sendo por isso leg?timo concluir pela total inexist?ncia de um nexo de causalidade entre o ato il?cito e o dano. IV. Ocorre antes um caso em que o risco que a exig?ncia do dever inobservado pretendia prevenir ? agravado pelo incumprimento desse dever, pelo que n?o deixa de existir um nexo causal, embora atenuado, entre o il?cito e o dano constitu?do por esse agravamento, o qual diminuiu as possibilidades de o dano em causa ser evitado. V. Nestas situa??es, em que o nexo causal assume esta peculiar configura??o, o princ?pio constitucional da repara??o dos danos injustificados, por um lado, e a ideia de uma justi?a comutativa, por outro, devem-nos impedir de obter uma conclus?o sobre o dever de indemnizar que resulte num ?tudo ou nada?, sendo antes desej?vel uma solu??o que concilie aqueles dois princ?pios, optando-se por uma indemniza??o que procure obter uma repara??o na medida do agravamento do risco de dano resultante do incumprimento do dever inobservado, aceitando-se uma ?causalidade poss?vel?, com a correspondente responsabilidade proporcional, num direito da responsabilidade civil perspetivado como um sistema m?vel, em que, no caso, o insustent?vel peso da gravidade do dano exige menor exig?ncia na consist?ncia da textura do nexo causal. VI. Neste caso, justifica-se a atribui??o de uma indemniza??o, a cargo dos inadimplentes desse dever, em valor correspondente ao agravamento do risco causado, reduzindo-se o valor indemnizat?rio, nos termos permitidos pelo artigo 494.? do C?digo Civil.\" \/>\n<meta property=\"og:url\" content=\"https:\/\/kohenavocats.com\/ru\/jurisprudences\/acordao-supremo-tribunal-de-justica-processo-19096-19-5t8lsb-l1-s1-2023-04-27\/\" \/>\n<meta property=\"og:site_name\" content=\"Ma\u00eetre Hassan Kohen, avocat en droit p\u00e9nal \u00e0 Paris\" \/>\n<meta name=\"twitter:card\" content=\"summary_large_image\" \/>\n<meta name=\"twitter:label1\" content=\"\u041f\u0440\u0438\u043c\u0435\u0440\u043d\u043e\u0435 \u0432\u0440\u0435\u043c\u044f \u0434\u043b\u044f \u0447\u0442\u0435\u043d\u0438\u044f\" \/>\n\t<meta name=\"twitter:data1\" content=\"3 \u043c\u0438\u043d\u0443\u0442\u044b\" \/>\n<script type=\"application\/ld+json\" class=\"yoast-schema-graph\">{\"@context\":\"https:\\\/\\\/schema.org\",\"@graph\":[{\"@type\":\"WebPage\",\"@id\":\"https:\\\/\\\/kohenavocats.com\\\/ru\\\/jurisprudences\\\/acordao-supremo-tribunal-de-justica-processo-19096-19-5t8lsb-l1-s1-2023-04-27\\\/\",\"url\":\"https:\\\/\\\/kohenavocats.com\\\/ru\\\/jurisprudences\\\/acordao-supremo-tribunal-de-justica-processo-19096-19-5t8lsb-l1-s1-2023-04-27\\\/\",\"name\":\"Ac\u00f3rd\u00e3o Supremo Tribunal de Justi\u00e7a \u2013 Processo 19096\\\/19.5T8LSB.L1.S1 \u2013 2023-04-27 - Ma\u00eetre Hassan Kohen, avocat en droit p\u00e9nal \u00e0 Paris\",\"isPartOf\":{\"@id\":\"https:\\\/\\\/kohenavocats.com\\\/ru\\\/#website\"},\"datePublished\":\"2026-04-21T20:46:20+00:00\",\"breadcrumb\":{\"@id\":\"https:\\\/\\\/kohenavocats.com\\\/ru\\\/jurisprudences\\\/acordao-supremo-tribunal-de-justica-processo-19096-19-5t8lsb-l1-s1-2023-04-27\\\/#breadcrumb\"},\"inLanguage\":\"ru-RU\",\"potentialAction\":[{\"@type\":\"ReadAction\",\"target\":[\"https:\\\/\\\/kohenavocats.com\\\/ru\\\/jurisprudences\\\/acordao-supremo-tribunal-de-justica-processo-19096-19-5t8lsb-l1-s1-2023-04-27\\\/\"]}]},{\"@type\":\"BreadcrumbList\",\"@id\":\"https:\\\/\\\/kohenavocats.com\\\/ru\\\/jurisprudences\\\/acordao-supremo-tribunal-de-justica-processo-19096-19-5t8lsb-l1-s1-2023-04-27\\\/#breadcrumb\",\"itemListElement\":[{\"@type\":\"ListItem\",\"position\":1,\"name\":\"Home\",\"item\":\"https:\\\/\\\/kohenavocats.com\\\/ru\\\/avocats-en-droit-penal-a-paris-conseil-et-defense-strategique\\\/\"},{\"@type\":\"ListItem\",\"position\":2,\"name\":\"Jurisprudences\",\"item\":\"https:\\\/\\\/kohenavocats.com\\\/ru\\\/jurisprudences\\\/\"},{\"@type\":\"ListItem\",\"position\":3,\"name\":\"Ac\u00f3rd\u00e3o Supremo Tribunal de Justi\u00e7a \u2013 Processo 19096\\\/19.5T8LSB.L1.S1 \u2013 2023-04-27\"}]},{\"@type\":\"WebSite\",\"@id\":\"https:\\\/\\\/kohenavocats.com\\\/ru\\\/#website\",\"url\":\"https:\\\/\\\/kohenavocats.com\\\/ru\\\/\",\"name\":\"Kohen Avocats\",\"description\":\"Ma\u00eetre Hassan Kohen, avocat p\u00e9naliste \u00e0 Paris, intervient exclusivement en droit p\u00e9nal pour la d\u00e9fense des particuliers, notamment en mati\u00e8re d\u2019accusations de viol. Il assure un accompagnement rigoureux d\u00e8s la garde \u00e0 vue jusqu\u2019\u00e0 la Cour d\u2019assises, veillant au strict respect des garanties proc\u00e9durales.\",\"publisher\":{\"@id\":\"https:\\\/\\\/kohenavocats.com\\\/ru\\\/#organization\"},\"potentialAction\":[{\"@type\":\"SearchAction\",\"target\":{\"@type\":\"EntryPoint\",\"urlTemplate\":\"https:\\\/\\\/kohenavocats.com\\\/ru\\\/?s={search_term_string}\"},\"query-input\":{\"@type\":\"PropertyValueSpecification\",\"valueRequired\":true,\"valueName\":\"search_term_string\"}}],\"inLanguage\":\"ru-RU\"},{\"@type\":\"Organization\",\"@id\":\"https:\\\/\\\/kohenavocats.com\\\/ru\\\/#organization\",\"name\":\"Kohen Avocats\",\"url\":\"https:\\\/\\\/kohenavocats.com\\\/ru\\\/\",\"logo\":{\"@type\":\"ImageObject\",\"inLanguage\":\"ru-RU\",\"@id\":\"https:\\\/\\\/kohenavocats.com\\\/ru\\\/#\\\/schema\\\/logo\\\/image\\\/\",\"url\":\"https:\\\/\\\/kohenavocats.com\\\/wp-content\\\/uploads\\\/2026\\\/01\\\/Logo-2-1.webp\",\"contentUrl\":\"https:\\\/\\\/kohenavocats.com\\\/wp-content\\\/uploads\\\/2026\\\/01\\\/Logo-2-1.webp\",\"width\":2114,\"height\":1253,\"caption\":\"Kohen Avocats\"},\"image\":{\"@id\":\"https:\\\/\\\/kohenavocats.com\\\/ru\\\/#\\\/schema\\\/logo\\\/image\\\/\"}}]}<\/script>\n<!-- \/ Yoast SEO Premium plugin. -->","yoast_head_json":{"title":"Ac\u00f3rd\u00e3o Supremo Tribunal de Justi\u00e7a \u2013 Processo 19096\/19.5T8LSB.L1.S1 \u2013 2023-04-27 - Ma\u00eetre Hassan Kohen, avocat en droit p\u00e9nal \u00e0 Paris","robots":{"index":"index","follow":"follow","max-snippet":"max-snippet:-1","max-image-preview":"max-image-preview:large","max-video-preview":"max-video-preview:-1"},"canonical":"https:\/\/kohenavocats.com\/ru\/jurisprudences\/acordao-supremo-tribunal-de-justica-processo-19096-19-5t8lsb-l1-s1-2023-04-27\/","og_locale":"ru_RU","og_type":"article","og_title":"Ac\u00f3rd\u00e3o Supremo Tribunal de Justi\u00e7a \u2013 Processo 19096\/19.5T8LSB.L1.S1 \u2013 2023-04-27","og_description":"Relator: JO?O CURA MARIANO. I. Tendo-se verificado uma obstru??o das vias respirat?rias de um menor de 20 meses de idade, quando na creche que aquele frequentava lhe deram um peda?o de banana para comer, incidia sobre as funcion?rias dessa creche que na altura se encontrassem presentes, o dever de prestar assist?ncia ao menor de acordo com as regras t?cnicas recomendadas para este tipo de situa??es, designadamente o recurso urgente a uma interven??o m?dica. II. As R?s, perante a gravidade da ocorr?ncia e a urg?ncia de uma interven??o m?dica, desde o in?cio que n?o souberam e tinham obriga??o de saber, pelas fun??es que desempenhavam, articular-se, de modo a que, sem preju?zo de procederem ?s manobras f?sicas recomendadas, enquanto o menor esteve consciente, acionarem de imediato o contacto com o INEM e com o Centro de Sa?de que se encontrava muito pr?ximo da creche, de modo a tentarem obter, no mais curto per?odo de tempo poss?vel, uma interven??o m?dica. III. Estamos perante uma situa??o em que, apesar de se verificar uma probabilidade significativa da hip?tese do cumprimento do dever omitido n?o evitar o dano ocorrido, o incumprimento das leges artis pelas R?s agravou o risco de verifica??o do resultado ocorrido, n?o sendo por isso leg?timo concluir pela total inexist?ncia de um nexo de causalidade entre o ato il?cito e o dano. IV. Ocorre antes um caso em que o risco que a exig?ncia do dever inobservado pretendia prevenir ? agravado pelo incumprimento desse dever, pelo que n?o deixa de existir um nexo causal, embora atenuado, entre o il?cito e o dano constitu?do por esse agravamento, o qual diminuiu as possibilidades de o dano em causa ser evitado. V. Nestas situa??es, em que o nexo causal assume esta peculiar configura??o, o princ?pio constitucional da repara??o dos danos injustificados, por um lado, e a ideia de uma justi?a comutativa, por outro, devem-nos impedir de obter uma conclus?o sobre o dever de indemnizar que resulte num ?tudo ou nada?, sendo antes desej?vel uma solu??o que concilie aqueles dois princ?pios, optando-se por uma indemniza??o que procure obter uma repara??o na medida do agravamento do risco de dano resultante do incumprimento do dever inobservado, aceitando-se uma ?causalidade poss?vel?, com a correspondente responsabilidade proporcional, num direito da responsabilidade civil perspetivado como um sistema m?vel, em que, no caso, o insustent?vel peso da gravidade do dano exige menor exig?ncia na consist?ncia da textura do nexo causal. VI. Neste caso, justifica-se a atribui??o de uma indemniza??o, a cargo dos inadimplentes desse dever, em valor correspondente ao agravamento do risco causado, reduzindo-se o valor indemnizat?rio, nos termos permitidos pelo artigo 494.? do C?digo Civil.","og_url":"https:\/\/kohenavocats.com\/ru\/jurisprudences\/acordao-supremo-tribunal-de-justica-processo-19096-19-5t8lsb-l1-s1-2023-04-27\/","og_site_name":"Ma\u00eetre Hassan Kohen, avocat en droit p\u00e9nal \u00e0 Paris","twitter_card":"summary_large_image","twitter_misc":{"\u041f\u0440\u0438\u043c\u0435\u0440\u043d\u043e\u0435 \u0432\u0440\u0435\u043c\u044f \u0434\u043b\u044f \u0447\u0442\u0435\u043d\u0438\u044f":"3 \u043c\u0438\u043d\u0443\u0442\u044b"},"schema":{"@context":"https:\/\/schema.org","@graph":[{"@type":"WebPage","@id":"https:\/\/kohenavocats.com\/ru\/jurisprudences\/acordao-supremo-tribunal-de-justica-processo-19096-19-5t8lsb-l1-s1-2023-04-27\/","url":"https:\/\/kohenavocats.com\/ru\/jurisprudences\/acordao-supremo-tribunal-de-justica-processo-19096-19-5t8lsb-l1-s1-2023-04-27\/","name":"Ac\u00f3rd\u00e3o Supremo Tribunal de Justi\u00e7a \u2013 Processo 19096\/19.5T8LSB.L1.S1 \u2013 2023-04-27 - Ma\u00eetre Hassan Kohen, avocat en droit p\u00e9nal \u00e0 Paris","isPartOf":{"@id":"https:\/\/kohenavocats.com\/ru\/#website"},"datePublished":"2026-04-21T20:46:20+00:00","breadcrumb":{"@id":"https:\/\/kohenavocats.com\/ru\/jurisprudences\/acordao-supremo-tribunal-de-justica-processo-19096-19-5t8lsb-l1-s1-2023-04-27\/#breadcrumb"},"inLanguage":"ru-RU","potentialAction":[{"@type":"ReadAction","target":["https:\/\/kohenavocats.com\/ru\/jurisprudences\/acordao-supremo-tribunal-de-justica-processo-19096-19-5t8lsb-l1-s1-2023-04-27\/"]}]},{"@type":"BreadcrumbList","@id":"https:\/\/kohenavocats.com\/ru\/jurisprudences\/acordao-supremo-tribunal-de-justica-processo-19096-19-5t8lsb-l1-s1-2023-04-27\/#breadcrumb","itemListElement":[{"@type":"ListItem","position":1,"name":"Home","item":"https:\/\/kohenavocats.com\/ru\/avocats-en-droit-penal-a-paris-conseil-et-defense-strategique\/"},{"@type":"ListItem","position":2,"name":"Jurisprudences","item":"https:\/\/kohenavocats.com\/ru\/jurisprudences\/"},{"@type":"ListItem","position":3,"name":"Ac\u00f3rd\u00e3o Supremo Tribunal de Justi\u00e7a \u2013 Processo 19096\/19.5T8LSB.L1.S1 \u2013 2023-04-27"}]},{"@type":"WebSite","@id":"https:\/\/kohenavocats.com\/ru\/#website","url":"https:\/\/kohenavocats.com\/ru\/","name":"Kohen Avocats","description":"Ma\u00eetre Hassan Kohen, avocat p\u00e9naliste \u00e0 Paris, intervient exclusivement en droit p\u00e9nal pour la d\u00e9fense des particuliers, notamment en mati\u00e8re d\u2019accusations de viol. Il assure un accompagnement rigoureux d\u00e8s la garde \u00e0 vue jusqu\u2019\u00e0 la Cour d\u2019assises, veillant au strict respect des garanties proc\u00e9durales.","publisher":{"@id":"https:\/\/kohenavocats.com\/ru\/#organization"},"potentialAction":[{"@type":"SearchAction","target":{"@type":"EntryPoint","urlTemplate":"https:\/\/kohenavocats.com\/ru\/?s={search_term_string}"},"query-input":{"@type":"PropertyValueSpecification","valueRequired":true,"valueName":"search_term_string"}}],"inLanguage":"ru-RU"},{"@type":"Organization","@id":"https:\/\/kohenavocats.com\/ru\/#organization","name":"Kohen Avocats","url":"https:\/\/kohenavocats.com\/ru\/","logo":{"@type":"ImageObject","inLanguage":"ru-RU","@id":"https:\/\/kohenavocats.com\/ru\/#\/schema\/logo\/image\/","url":"https:\/\/kohenavocats.com\/wp-content\/uploads\/2026\/01\/Logo-2-1.webp","contentUrl":"https:\/\/kohenavocats.com\/wp-content\/uploads\/2026\/01\/Logo-2-1.webp","width":2114,"height":1253,"caption":"Kohen Avocats"},"image":{"@id":"https:\/\/kohenavocats.com\/ru\/#\/schema\/logo\/image\/"}}]}},"jetpack_likes_enabled":false,"jetpack_sharing_enabled":true,"_links":{"self":[{"href":"https:\/\/kohenavocats.com\/ru\/wp-json\/wp\/v2\/kji_decision\/640942","targetHints":{"allow":["GET"]}}],"collection":[{"href":"https:\/\/kohenavocats.com\/ru\/wp-json\/wp\/v2\/kji_decision"}],"about":[{"href":"https:\/\/kohenavocats.com\/ru\/wp-json\/wp\/v2\/types\/kji_decision"}],"wp:attachment":[{"href":"https:\/\/kohenavocats.com\/ru\/wp-json\/wp\/v2\/media?parent=640942"}],"wp:term":[{"taxonomy":"kji_country","embeddable":true,"href":"https:\/\/kohenavocats.com\/ru\/wp-json\/wp\/v2\/kji_country?post=640942"},{"taxonomy":"kji_court","embeddable":true,"href":"https:\/\/kohenavocats.com\/ru\/wp-json\/wp\/v2\/kji_court?post=640942"},{"taxonomy":"kji_chamber","embeddable":true,"href":"https:\/\/kohenavocats.com\/ru\/wp-json\/wp\/v2\/kji_chamber?post=640942"},{"taxonomy":"kji_year","embeddable":true,"href":"https:\/\/kohenavocats.com\/ru\/wp-json\/wp\/v2\/kji_year?post=640942"},{"taxonomy":"kji_subject","embeddable":true,"href":"https:\/\/kohenavocats.com\/ru\/wp-json\/wp\/v2\/kji_subject?post=640942"},{"taxonomy":"kji_keyword","embeddable":true,"href":"https:\/\/kohenavocats.com\/ru\/wp-json\/wp\/v2\/kji_keyword?post=640942"},{"taxonomy":"kji_language","embeddable":true,"href":"https:\/\/kohenavocats.com\/ru\/wp-json\/wp\/v2\/kji_language?post=640942"}],"curies":[{"name":"wp","href":"https:\/\/api.w.org\/{rel}","templated":true}]}}