{"id":641918,"date":"2026-04-21T23:45:52","date_gmt":"2026-04-21T21:45:52","guid":{"rendered":"https:\/\/kohenavocats.com\/jurisprudences\/acordao-supremo-tribunal-de-justica-processo-8417-18-8t8snt-l1-s1-2023-04-26\/"},"modified":"2026-04-21T23:45:52","modified_gmt":"2026-04-21T21:45:52","slug":"acordao-supremo-tribunal-de-justica-processo-8417-18-8t8snt-l1-s1-2023-04-26","status":"publish","type":"kji_decision","link":"https:\/\/kohenavocats.com\/ru\/jurisprudences\/acordao-supremo-tribunal-de-justica-processo-8417-18-8t8snt-l1-s1-2023-04-26\/","title":{"rendered":"Ac\u00f3rd\u00e3o Supremo Tribunal de Justi\u00e7a \u2013 Processo 8417\/18.8T8SNT.L1.S1 \u2013 2023-04-26"},"content":{"rendered":"<div class=\"kji-decision\">\n<p class=\"kji-summary\">Relator: MARIA JO?O VAZ TOM?. I &#8212; Conforme jurisprud?ncia consolidada do STJ, as nulidades da senten?a\/ac?rd?o encontram-se previstas no art. 615.? do CPC e reportam-se a defici?ncias estruturais da pr?pria decis?o, n?o se confundindo com os erros de julgamento, de facto ou de direito. II &#8212; A nulidade por excesso de pron?ncia traduz-se no conhecimento de quest?es n?o suscitadas pelas partes, estranhas ? causa de pedir e ao pedido, e que tamb?m n?o s?o de conhecimento oficioso. III &#8212; A redu??o do pedido pelo autor (ou pelo r?u\/reconvinte) ? livre em qualquer momento do processo, i.e., tanto no tribunal de 1.? inst?ncia como em sede de recurso. IV &#8212; A fun??o desempenhada pela loca??o financeira ? a de financiamento ? garantido pela propriedade do bem ? da utiliza??o (e da eventual aquisi??o) de um bem. V &#8212; O locador financeiro n?o responde pelos v?cios da coisa locada ou pela sua inadequa??o aos fins a que se destina (art. 12.? do DL n.? 149\/95). VI &#8212; Embora o bem locado perten?a ao locador (que o adquiriu), o locat?rio pode exercer perante o vendedor (ou o empreiteiro) ?todos os direitos? relativos a esse bem ou decorrentes do contrato de compra e venda (ou de empreitada) ? art. 13.? do DL n.? 149\/95. VII &#8212; Verificando-se a exist?ncia de uma coliga??o negocial ? que encontra o seu fundamento no DL n.? 149\/95 ? entre os contratos de compra e venda e de loca??o financeira em sentido estrito, parece que se imp?e reconhecer o direito de resolu??o do primeiro ao locat?rio. O locat?rio, apesar de n?o intervir diretamente no contrato de compra e venda, desempenha nele um papel importante, porquanto concorre para a sua celebra??o e para a estipula??o do seu conte?do. VIII &#8212; Mediante a resolu??o do contrato de compra e venda, fica irremediavelmente afetado o contrato de loca??o financeira em sentido estrito, por falta de objeto. IX &#8212; N?o pode falar-se de venire contra factum proprium da locat?ria quando esta resolve o contrato de compra e venda, com fundamento em incumprimento definitivo da vendedora, apesar de ter conhecimento dos v?cios do equipamento j? antes da celebra??o da compra e venda pela locadora, se mantinha a expectativa s?ria de que este viesse a funcionar corretamente no futuro, atendendo ? assist?ncia t?cnica que sempre lhe foi prestada pela vendedora.<\/p>\n<hr class=\"kji-sep\" \/>\n<p class=\"kji-source-links\"><strong>Sources officielles :<\/strong> <a class=\"kji-source-link\" href=\"https:\/\/www.dgsi.pt\/jstj.nsf\/954f0ce6ad9dd8b980256b5f003fa814\/7afdca42d036fbcb8025899e002d611b?OpenDocument&#038;ExpandSection=1\" target=\"_blank\" rel=\"noopener noreferrer\">consulter la page source<\/a><\/p>\n<p class=\"kji-license-note\"><em>Portails officiels portugais (DGSI \/ Tribunal Constitucional). Republication en metadata_only par prudence licencielle ; consulter la source officielle pour le texte authentique.<\/em><\/p>\n<\/div>\n","protected":false},"excerpt":{"rendered":"<p>Relator: MARIA JO?O VAZ TOM?. I &#8212; Conforme jurisprud?ncia consolidada do STJ, as nulidades da senten?a\/ac?rd?o encontram-se previstas no art. 615.? do CPC e reportam-se a defici?ncias estruturais da pr?pria decis?o, n?o se confundindo com os erros de julgamento, de facto ou de direito. II &#8212; A nulidade por excesso de pron?ncia traduz-se no conhecimento de quest?es n?o suscitadas pelas partes, estranhas ? causa de pedir e ao pedido, e que tamb?m n?o s?o de conhecimento oficioso. III &#8212; A redu??o do pedido pelo autor (ou pelo r?u\/reconvinte) ? livre em qualquer momento do processo, i.e., tanto no tribunal de 1.? inst?ncia como em sede de recurso. IV &#8212; A fun??o desempenhada pela loca??o financeira ? a de financiamento ? garantido pela propriedade do bem ? da utiliza??o (e da eventual aquisi??o) de um bem. V &#8212; O locador financeiro n?o responde pelos v?cios da coisa locada ou pela sua inadequa??o aos fins a que se destina (art. 12.? do DL n.? 149\/95). VI &#8212; Embora o bem locado perten?a ao locador (que o adquiriu), o locat?rio pode exercer perante o vendedor (ou o empreiteiro) ?todos os direitos? relativos a esse bem ou decorrentes do contrato de compra e venda (ou de empreitada) ? art. 13.? do DL n.? 149\/95. VII &#8212; Verificando-se a exist?ncia de uma coliga??o negocial ? que encontra o seu fundamento no DL n.? 149\/95 ? entre os contratos de compra e venda e de loca??o financeira em sentido estrito, parece que se imp?e reconhecer o direito de resolu??o do primeiro ao locat?rio. O locat?rio, apesar de n?o intervir diretamente no contrato de compra e venda, desempenha nele um papel importante, porquanto concorre para a sua celebra??o e para a estipula??o do seu conte?do. VIII &#8212; Mediante a resolu??o do contrato de compra e venda, fica irremediavelmente afetado o contrato de loca??o financeira em sentido estrito, por falta de objeto. IX &#8212; N?o pode falar-se de venire contra factum proprium da locat?ria quando esta resolve o contrato de compra e venda, com fundamento em incumprimento definitivo da vendedora, apesar de ter conhecimento dos v?cios do equipamento j? antes da celebra??o da compra e venda pela locadora, se mantinha a expectativa s?ria de que este viesse a funcionar corretamente no futuro, atendendo ? assist?ncia t?cnica que sempre lhe foi prestada pela vendedora.<\/p>\n","protected":false},"featured_media":0,"template":"","meta":{"_crdt_document":""},"kji_country":[7762],"kji_court":[7763],"kji_chamber":[9174],"kji_year":[24566],"kji_subject":[7724],"kji_keyword":[7772,7774,7771,7773,7636],"kji_language":[7770],"class_list":["post-641918","kji_decision","type-kji_decision","status-publish","hentry","kji_country-portugal","kji_court-supremo-tribunal-de-justica","kji_chamber-1-seco","kji_year-24566","kji_subject-civil","kji_keyword-acordao","kji_keyword-justica","kji_keyword-processo","kji_keyword-supremo","kji_keyword-tribunal","kji_language-pt"],"yoast_head":"<!-- This site is optimized with the Yoast SEO Premium plugin v27.4 (Yoast SEO v27.4) - https:\/\/yoast.com\/product\/yoast-seo-premium-wordpress\/ -->\n<title>Ac\u00f3rd\u00e3o Supremo Tribunal de Justi\u00e7a \u2013 Processo 8417\/18.8T8SNT.L1.S1 \u2013 2023-04-26 - Ma\u00eetre Hassan Kohen, avocat en droit p\u00e9nal \u00e0 Paris<\/title>\n<meta name=\"robots\" content=\"index, follow, max-snippet:-1, max-image-preview:large, max-video-preview:-1\" \/>\n<link rel=\"canonical\" href=\"https:\/\/kohenavocats.com\/ru\/jurisprudences\/acordao-supremo-tribunal-de-justica-processo-8417-18-8t8snt-l1-s1-2023-04-26\/\" \/>\n<meta property=\"og:locale\" content=\"ru_RU\" \/>\n<meta property=\"og:type\" content=\"article\" \/>\n<meta property=\"og:title\" content=\"Ac\u00f3rd\u00e3o Supremo Tribunal de Justi\u00e7a \u2013 Processo 8417\/18.8T8SNT.L1.S1 \u2013 2023-04-26\" \/>\n<meta property=\"og:description\" content=\"Relator: MARIA JO?O VAZ TOM?. I - Conforme jurisprud?ncia consolidada do STJ, as nulidades da senten?a\/ac?rd?o encontram-se previstas no art. 615.? do CPC e reportam-se a defici?ncias estruturais da pr?pria decis?o, n?o se confundindo com os erros de julgamento, de facto ou de direito. II - A nulidade por excesso de pron?ncia traduz-se no conhecimento de quest?es n?o suscitadas pelas partes, estranhas ? causa de pedir e ao pedido, e que tamb?m n?o s?o de conhecimento oficioso. III - A redu??o do pedido pelo autor (ou pelo r?u\/reconvinte) ? livre em qualquer momento do processo, i.e., tanto no tribunal de 1.? inst?ncia como em sede de recurso. IV - A fun??o desempenhada pela loca??o financeira ? a de financiamento ? garantido pela propriedade do bem ? da utiliza??o (e da eventual aquisi??o) de um bem. V - O locador financeiro n?o responde pelos v?cios da coisa locada ou pela sua inadequa??o aos fins a que se destina (art. 12.? do DL n.? 149\/95). VI - Embora o bem locado perten?a ao locador (que o adquiriu), o locat?rio pode exercer perante o vendedor (ou o empreiteiro) ?todos os direitos? relativos a esse bem ou decorrentes do contrato de compra e venda (ou de empreitada) ? art. 13.? do DL n.? 149\/95. VII - Verificando-se a exist?ncia de uma coliga??o negocial ? que encontra o seu fundamento no DL n.? 149\/95 ? entre os contratos de compra e venda e de loca??o financeira em sentido estrito, parece que se imp?e reconhecer o direito de resolu??o do primeiro ao locat?rio. O locat?rio, apesar de n?o intervir diretamente no contrato de compra e venda, desempenha nele um papel importante, porquanto concorre para a sua celebra??o e para a estipula??o do seu conte?do. VIII - Mediante a resolu??o do contrato de compra e venda, fica irremediavelmente afetado o contrato de loca??o financeira em sentido estrito, por falta de objeto. IX - N?o pode falar-se de venire contra factum proprium da locat?ria quando esta resolve o contrato de compra e venda, com fundamento em incumprimento definitivo da vendedora, apesar de ter conhecimento dos v?cios do equipamento j? antes da celebra??o da compra e venda pela locadora, se mantinha a expectativa s?ria de que este viesse a funcionar corretamente no futuro, atendendo ? assist?ncia t?cnica que sempre lhe foi prestada pela vendedora.\" \/>\n<meta property=\"og:url\" content=\"https:\/\/kohenavocats.com\/ru\/jurisprudences\/acordao-supremo-tribunal-de-justica-processo-8417-18-8t8snt-l1-s1-2023-04-26\/\" \/>\n<meta property=\"og:site_name\" content=\"Ma\u00eetre Hassan Kohen, avocat en droit p\u00e9nal \u00e0 Paris\" \/>\n<meta name=\"twitter:card\" content=\"summary_large_image\" \/>\n<meta name=\"twitter:label1\" content=\"\u041f\u0440\u0438\u043c\u0435\u0440\u043d\u043e\u0435 \u0432\u0440\u0435\u043c\u044f \u0434\u043b\u044f \u0447\u0442\u0435\u043d\u0438\u044f\" \/>\n\t<meta name=\"twitter:data1\" content=\"2 \u043c\u0438\u043d\u0443\u0442\u044b\" \/>\n<script type=\"application\/ld+json\" class=\"yoast-schema-graph\">{\"@context\":\"https:\\\/\\\/schema.org\",\"@graph\":[{\"@type\":\"WebPage\",\"@id\":\"https:\\\/\\\/kohenavocats.com\\\/ru\\\/jurisprudences\\\/acordao-supremo-tribunal-de-justica-processo-8417-18-8t8snt-l1-s1-2023-04-26\\\/\",\"url\":\"https:\\\/\\\/kohenavocats.com\\\/ru\\\/jurisprudences\\\/acordao-supremo-tribunal-de-justica-processo-8417-18-8t8snt-l1-s1-2023-04-26\\\/\",\"name\":\"Ac\u00f3rd\u00e3o Supremo Tribunal de Justi\u00e7a \u2013 Processo 8417\\\/18.8T8SNT.L1.S1 \u2013 2023-04-26 - Ma\u00eetre Hassan Kohen, avocat en droit p\u00e9nal \u00e0 Paris\",\"isPartOf\":{\"@id\":\"https:\\\/\\\/kohenavocats.com\\\/ru\\\/#website\"},\"datePublished\":\"2026-04-21T21:45:52+00:00\",\"breadcrumb\":{\"@id\":\"https:\\\/\\\/kohenavocats.com\\\/ru\\\/jurisprudences\\\/acordao-supremo-tribunal-de-justica-processo-8417-18-8t8snt-l1-s1-2023-04-26\\\/#breadcrumb\"},\"inLanguage\":\"ru-RU\",\"potentialAction\":[{\"@type\":\"ReadAction\",\"target\":[\"https:\\\/\\\/kohenavocats.com\\\/ru\\\/jurisprudences\\\/acordao-supremo-tribunal-de-justica-processo-8417-18-8t8snt-l1-s1-2023-04-26\\\/\"]}]},{\"@type\":\"BreadcrumbList\",\"@id\":\"https:\\\/\\\/kohenavocats.com\\\/ru\\\/jurisprudences\\\/acordao-supremo-tribunal-de-justica-processo-8417-18-8t8snt-l1-s1-2023-04-26\\\/#breadcrumb\",\"itemListElement\":[{\"@type\":\"ListItem\",\"position\":1,\"name\":\"Home\",\"item\":\"https:\\\/\\\/kohenavocats.com\\\/ru\\\/avocats-en-droit-penal-a-paris-conseil-et-defense-strategique\\\/\"},{\"@type\":\"ListItem\",\"position\":2,\"name\":\"Jurisprudences\",\"item\":\"https:\\\/\\\/kohenavocats.com\\\/ru\\\/jurisprudences\\\/\"},{\"@type\":\"ListItem\",\"position\":3,\"name\":\"Ac\u00f3rd\u00e3o Supremo Tribunal de Justi\u00e7a \u2013 Processo 8417\\\/18.8T8SNT.L1.S1 \u2013 2023-04-26\"}]},{\"@type\":\"WebSite\",\"@id\":\"https:\\\/\\\/kohenavocats.com\\\/ru\\\/#website\",\"url\":\"https:\\\/\\\/kohenavocats.com\\\/ru\\\/\",\"name\":\"Kohen Avocats\",\"description\":\"Ma\u00eetre Hassan Kohen, avocat p\u00e9naliste \u00e0 Paris, intervient exclusivement en droit p\u00e9nal pour la d\u00e9fense des particuliers, notamment en mati\u00e8re d\u2019accusations de viol. Il assure un accompagnement rigoureux d\u00e8s la garde \u00e0 vue jusqu\u2019\u00e0 la Cour d\u2019assises, veillant au strict respect des garanties proc\u00e9durales.\",\"publisher\":{\"@id\":\"https:\\\/\\\/kohenavocats.com\\\/ru\\\/#organization\"},\"potentialAction\":[{\"@type\":\"SearchAction\",\"target\":{\"@type\":\"EntryPoint\",\"urlTemplate\":\"https:\\\/\\\/kohenavocats.com\\\/ru\\\/?s={search_term_string}\"},\"query-input\":{\"@type\":\"PropertyValueSpecification\",\"valueRequired\":true,\"valueName\":\"search_term_string\"}}],\"inLanguage\":\"ru-RU\"},{\"@type\":\"Organization\",\"@id\":\"https:\\\/\\\/kohenavocats.com\\\/ru\\\/#organization\",\"name\":\"Kohen Avocats\",\"url\":\"https:\\\/\\\/kohenavocats.com\\\/ru\\\/\",\"logo\":{\"@type\":\"ImageObject\",\"inLanguage\":\"ru-RU\",\"@id\":\"https:\\\/\\\/kohenavocats.com\\\/ru\\\/#\\\/schema\\\/logo\\\/image\\\/\",\"url\":\"https:\\\/\\\/kohenavocats.com\\\/wp-content\\\/uploads\\\/2026\\\/01\\\/Logo-2-1.webp\",\"contentUrl\":\"https:\\\/\\\/kohenavocats.com\\\/wp-content\\\/uploads\\\/2026\\\/01\\\/Logo-2-1.webp\",\"width\":2114,\"height\":1253,\"caption\":\"Kohen Avocats\"},\"image\":{\"@id\":\"https:\\\/\\\/kohenavocats.com\\\/ru\\\/#\\\/schema\\\/logo\\\/image\\\/\"}}]}<\/script>\n<!-- \/ Yoast SEO Premium plugin. -->","yoast_head_json":{"title":"Ac\u00f3rd\u00e3o Supremo Tribunal de Justi\u00e7a \u2013 Processo 8417\/18.8T8SNT.L1.S1 \u2013 2023-04-26 - Ma\u00eetre Hassan Kohen, avocat en droit p\u00e9nal \u00e0 Paris","robots":{"index":"index","follow":"follow","max-snippet":"max-snippet:-1","max-image-preview":"max-image-preview:large","max-video-preview":"max-video-preview:-1"},"canonical":"https:\/\/kohenavocats.com\/ru\/jurisprudences\/acordao-supremo-tribunal-de-justica-processo-8417-18-8t8snt-l1-s1-2023-04-26\/","og_locale":"ru_RU","og_type":"article","og_title":"Ac\u00f3rd\u00e3o Supremo Tribunal de Justi\u00e7a \u2013 Processo 8417\/18.8T8SNT.L1.S1 \u2013 2023-04-26","og_description":"Relator: MARIA JO?O VAZ TOM?. I - Conforme jurisprud?ncia consolidada do STJ, as nulidades da senten?a\/ac?rd?o encontram-se previstas no art. 615.? do CPC e reportam-se a defici?ncias estruturais da pr?pria decis?o, n?o se confundindo com os erros de julgamento, de facto ou de direito. II - A nulidade por excesso de pron?ncia traduz-se no conhecimento de quest?es n?o suscitadas pelas partes, estranhas ? causa de pedir e ao pedido, e que tamb?m n?o s?o de conhecimento oficioso. III - A redu??o do pedido pelo autor (ou pelo r?u\/reconvinte) ? livre em qualquer momento do processo, i.e., tanto no tribunal de 1.? inst?ncia como em sede de recurso. IV - A fun??o desempenhada pela loca??o financeira ? a de financiamento ? garantido pela propriedade do bem ? da utiliza??o (e da eventual aquisi??o) de um bem. V - O locador financeiro n?o responde pelos v?cios da coisa locada ou pela sua inadequa??o aos fins a que se destina (art. 12.? do DL n.? 149\/95). VI - Embora o bem locado perten?a ao locador (que o adquiriu), o locat?rio pode exercer perante o vendedor (ou o empreiteiro) ?todos os direitos? relativos a esse bem ou decorrentes do contrato de compra e venda (ou de empreitada) ? art. 13.? do DL n.? 149\/95. VII - Verificando-se a exist?ncia de uma coliga??o negocial ? que encontra o seu fundamento no DL n.? 149\/95 ? entre os contratos de compra e venda e de loca??o financeira em sentido estrito, parece que se imp?e reconhecer o direito de resolu??o do primeiro ao locat?rio. O locat?rio, apesar de n?o intervir diretamente no contrato de compra e venda, desempenha nele um papel importante, porquanto concorre para a sua celebra??o e para a estipula??o do seu conte?do. VIII - Mediante a resolu??o do contrato de compra e venda, fica irremediavelmente afetado o contrato de loca??o financeira em sentido estrito, por falta de objeto. IX - N?o pode falar-se de venire contra factum proprium da locat?ria quando esta resolve o contrato de compra e venda, com fundamento em incumprimento definitivo da vendedora, apesar de ter conhecimento dos v?cios do equipamento j? antes da celebra??o da compra e venda pela locadora, se mantinha a expectativa s?ria de que este viesse a funcionar corretamente no futuro, atendendo ? assist?ncia t?cnica que sempre lhe foi prestada pela vendedora.","og_url":"https:\/\/kohenavocats.com\/ru\/jurisprudences\/acordao-supremo-tribunal-de-justica-processo-8417-18-8t8snt-l1-s1-2023-04-26\/","og_site_name":"Ma\u00eetre Hassan Kohen, avocat en droit p\u00e9nal \u00e0 Paris","twitter_card":"summary_large_image","twitter_misc":{"\u041f\u0440\u0438\u043c\u0435\u0440\u043d\u043e\u0435 \u0432\u0440\u0435\u043c\u044f \u0434\u043b\u044f \u0447\u0442\u0435\u043d\u0438\u044f":"2 \u043c\u0438\u043d\u0443\u0442\u044b"},"schema":{"@context":"https:\/\/schema.org","@graph":[{"@type":"WebPage","@id":"https:\/\/kohenavocats.com\/ru\/jurisprudences\/acordao-supremo-tribunal-de-justica-processo-8417-18-8t8snt-l1-s1-2023-04-26\/","url":"https:\/\/kohenavocats.com\/ru\/jurisprudences\/acordao-supremo-tribunal-de-justica-processo-8417-18-8t8snt-l1-s1-2023-04-26\/","name":"Ac\u00f3rd\u00e3o Supremo Tribunal de Justi\u00e7a \u2013 Processo 8417\/18.8T8SNT.L1.S1 \u2013 2023-04-26 - Ma\u00eetre Hassan Kohen, avocat en droit p\u00e9nal \u00e0 Paris","isPartOf":{"@id":"https:\/\/kohenavocats.com\/ru\/#website"},"datePublished":"2026-04-21T21:45:52+00:00","breadcrumb":{"@id":"https:\/\/kohenavocats.com\/ru\/jurisprudences\/acordao-supremo-tribunal-de-justica-processo-8417-18-8t8snt-l1-s1-2023-04-26\/#breadcrumb"},"inLanguage":"ru-RU","potentialAction":[{"@type":"ReadAction","target":["https:\/\/kohenavocats.com\/ru\/jurisprudences\/acordao-supremo-tribunal-de-justica-processo-8417-18-8t8snt-l1-s1-2023-04-26\/"]}]},{"@type":"BreadcrumbList","@id":"https:\/\/kohenavocats.com\/ru\/jurisprudences\/acordao-supremo-tribunal-de-justica-processo-8417-18-8t8snt-l1-s1-2023-04-26\/#breadcrumb","itemListElement":[{"@type":"ListItem","position":1,"name":"Home","item":"https:\/\/kohenavocats.com\/ru\/avocats-en-droit-penal-a-paris-conseil-et-defense-strategique\/"},{"@type":"ListItem","position":2,"name":"Jurisprudences","item":"https:\/\/kohenavocats.com\/ru\/jurisprudences\/"},{"@type":"ListItem","position":3,"name":"Ac\u00f3rd\u00e3o Supremo Tribunal de Justi\u00e7a \u2013 Processo 8417\/18.8T8SNT.L1.S1 \u2013 2023-04-26"}]},{"@type":"WebSite","@id":"https:\/\/kohenavocats.com\/ru\/#website","url":"https:\/\/kohenavocats.com\/ru\/","name":"Kohen Avocats","description":"Ma\u00eetre Hassan Kohen, avocat p\u00e9naliste \u00e0 Paris, intervient exclusivement en droit p\u00e9nal pour la d\u00e9fense des particuliers, notamment en mati\u00e8re d\u2019accusations de viol. Il assure un accompagnement rigoureux d\u00e8s la garde \u00e0 vue jusqu\u2019\u00e0 la Cour d\u2019assises, veillant au strict respect des garanties proc\u00e9durales.","publisher":{"@id":"https:\/\/kohenavocats.com\/ru\/#organization"},"potentialAction":[{"@type":"SearchAction","target":{"@type":"EntryPoint","urlTemplate":"https:\/\/kohenavocats.com\/ru\/?s={search_term_string}"},"query-input":{"@type":"PropertyValueSpecification","valueRequired":true,"valueName":"search_term_string"}}],"inLanguage":"ru-RU"},{"@type":"Organization","@id":"https:\/\/kohenavocats.com\/ru\/#organization","name":"Kohen Avocats","url":"https:\/\/kohenavocats.com\/ru\/","logo":{"@type":"ImageObject","inLanguage":"ru-RU","@id":"https:\/\/kohenavocats.com\/ru\/#\/schema\/logo\/image\/","url":"https:\/\/kohenavocats.com\/wp-content\/uploads\/2026\/01\/Logo-2-1.webp","contentUrl":"https:\/\/kohenavocats.com\/wp-content\/uploads\/2026\/01\/Logo-2-1.webp","width":2114,"height":1253,"caption":"Kohen Avocats"},"image":{"@id":"https:\/\/kohenavocats.com\/ru\/#\/schema\/logo\/image\/"}}]}},"jetpack_likes_enabled":false,"jetpack_sharing_enabled":true,"_links":{"self":[{"href":"https:\/\/kohenavocats.com\/ru\/wp-json\/wp\/v2\/kji_decision\/641918","targetHints":{"allow":["GET"]}}],"collection":[{"href":"https:\/\/kohenavocats.com\/ru\/wp-json\/wp\/v2\/kji_decision"}],"about":[{"href":"https:\/\/kohenavocats.com\/ru\/wp-json\/wp\/v2\/types\/kji_decision"}],"wp:attachment":[{"href":"https:\/\/kohenavocats.com\/ru\/wp-json\/wp\/v2\/media?parent=641918"}],"wp:term":[{"taxonomy":"kji_country","embeddable":true,"href":"https:\/\/kohenavocats.com\/ru\/wp-json\/wp\/v2\/kji_country?post=641918"},{"taxonomy":"kji_court","embeddable":true,"href":"https:\/\/kohenavocats.com\/ru\/wp-json\/wp\/v2\/kji_court?post=641918"},{"taxonomy":"kji_chamber","embeddable":true,"href":"https:\/\/kohenavocats.com\/ru\/wp-json\/wp\/v2\/kji_chamber?post=641918"},{"taxonomy":"kji_year","embeddable":true,"href":"https:\/\/kohenavocats.com\/ru\/wp-json\/wp\/v2\/kji_year?post=641918"},{"taxonomy":"kji_subject","embeddable":true,"href":"https:\/\/kohenavocats.com\/ru\/wp-json\/wp\/v2\/kji_subject?post=641918"},{"taxonomy":"kji_keyword","embeddable":true,"href":"https:\/\/kohenavocats.com\/ru\/wp-json\/wp\/v2\/kji_keyword?post=641918"},{"taxonomy":"kji_language","embeddable":true,"href":"https:\/\/kohenavocats.com\/ru\/wp-json\/wp\/v2\/kji_language?post=641918"}],"curies":[{"name":"wp","href":"https:\/\/api.w.org\/{rel}","templated":true}]}}