{"id":642052,"date":"2026-04-22T00:14:01","date_gmt":"2026-04-21T22:14:01","guid":{"rendered":"https:\/\/kohenavocats.com\/jurisprudences\/acordao-supremo-tribunal-de-justica-processo-9333-21-1t8snt-l1-s1-2023-04-18\/"},"modified":"2026-04-22T00:14:01","modified_gmt":"2026-04-21T22:14:01","slug":"acordao-supremo-tribunal-de-justica-processo-9333-21-1t8snt-l1-s1-2023-04-18","status":"publish","type":"kji_decision","link":"https:\/\/kohenavocats.com\/ru\/jurisprudences\/acordao-supremo-tribunal-de-justica-processo-9333-21-1t8snt-l1-s1-2023-04-18\/","title":{"rendered":"Ac\u00f3rd\u00e3o Supremo Tribunal de Justi\u00e7a \u2013 Processo 9333\/21.1T8SNT.L1.S1 \u2013 2023-04-18"},"content":{"rendered":"<div class=\"kji-decision\">\n<p class=\"kji-summary\">Relator: ANT?NIO BARATEIRO MARTINS. I &#8212; A lei admite (como resulta dos arts. 384.?, n.? 2, al. a), e 379.?, n.? 2, do CSC) que, nas An?nimas, possa haver s?cios\/acionistas que ficam, por for?a dos estatutos, sem poder exercer qualquer um dos direitos de participa??o em assembleia geral (o direito de estar presente, o direito de apresentar propostas, o direito de discuss?o e o direito de votar). II &#8212; A ratio de tais limita??es justifica-se pela pr?pria natureza das coisas: um elevad?ssimo n?mero de acionistas coloca dificuldades log?sticas\/f?sicas para permitir a participa??o de todos os acionistas nas assembleias gerais; e n?o ? sequer aconselh?vel ou realista uma assembleia geral com a participa??o de milhares de acionistas. III &#8212; Sendo esta a ratio, n?o foi pensada para uma An?nima (cujos estatutos n?o continham, originariamente, aquando da constitui??o da sociedade, qualquer estipula??o sobre restri??es ? participa??o em assembleia geral) constitu?da por apenas 5 acionistas, sendo os 4 acionistas minorit?rios o pai, um irm?o, a ex-mulher e um parceiro de neg?cios do acionista fortemente maiorit?rio (com 99,992% do capital). IV &#8212; Assim, uma cl?usula limitativa (? participa??o em assembleia geral) superveniente, apresentada sem qualquer ?justifica??o material? e aprovada\/deliberada com os votos do acionista fortemente maiorit?rio, embora formalmente l?cita, ? substancialmente il?cita: a delibera??o que introduziu tal cl?usula\/limita??o (segundo a qual apenas o acionista maiorit?rio passa a ter direitos de participa??o) deve ser considerada uma delibera??o abusiva (emulativa). V &#8212; Hoje, os poderes dos s?cios na sociedade encontram-se vinculados a deveres de lealdade, sendo poss?vel formular um princ?pio geral de sujei??o das delibera??es sociais a um controlo material de conformidade com os deveres de lealdade, ou seja, quando a medida a deliberar possa provocar o sacrif?cio dos interesses das minorias deve tal sacrif?cio ser objetivamente justificado, necess?rio e proporcional. VI &#8212; A lei tem em vista evitar que um n?mero incomport?vel de acionistas participe e torne inger?veis assembleias gerais de sociedades an?nimas, ou seja, n?o tem em vista permitir que, atrav?s da introdu??o de limita??es ? participa??o dos acionistas minorit?rios, apenas o acionista maiorit?rio possa estar presente e participar nas assembleias gerais. VII &#8212; Uma delibera??o social que conduz a tal desiderato, que retira a todos os acionistas, com exce??o do acionista maiorit?rio, o direito de participar nas assembleias gerais, n?o tem ?justifica??o material?, ? desproporcional e desleal (para com os acionistas minorit?rios que est?o contra tal delibera??o) ou, mais corretamente, a ?justifica??o material? e a proporcionalidade duma tal delibera??o, a existir, haveria de ter sido invocada\/explicada\/demonstrada por quem faz tal proposta de delibera??o, pelo que, perante uma proposta ?seca? e sem qualquer justifica??o, apenas fica e subsiste a desproporcionalidade.<\/p>\n<hr class=\"kji-sep\" \/>\n<p class=\"kji-source-links\"><strong>Sources officielles :<\/strong> <a class=\"kji-source-link\" href=\"https:\/\/www.dgsi.pt\/jstj.nsf\/954f0ce6ad9dd8b980256b5f003fa814\/de8974ba1e5a6bf980258996002afbf1?OpenDocument&#038;ExpandSection=1\" target=\"_blank\" rel=\"noopener noreferrer\">consulter la page source<\/a><\/p>\n<p class=\"kji-license-note\"><em>Portails officiels portugais (DGSI \/ Tribunal Constitucional). Republication en metadata_only par prudence licencielle ; consulter la source officielle pour le texte authentique.<\/em><\/p>\n<\/div>\n","protected":false},"excerpt":{"rendered":"<p>Relator: ANT?NIO BARATEIRO MARTINS. I &#8212; A lei admite (como resulta dos arts. 384.?, n.? 2, al. a), e 379.?, n.? 2, do CSC) que, nas An?nimas, possa haver s?cios\/acionistas que ficam, por for?a dos estatutos, sem poder exercer qualquer um dos direitos de participa??o em assembleia geral (o direito de estar presente, o direito de apresentar propostas, o direito de discuss?o e o direito de votar). II &#8212; A ratio de tais limita??es justifica-se pela pr?pria natureza das coisas: um elevad?ssimo n?mero de acionistas coloca dificuldades log?sticas\/f?sicas para permitir a participa??o de todos os acionistas nas assembleias gerais; e n?o ? sequer aconselh?vel ou realista uma assembleia geral com a participa??o de milhares de acionistas. III &#8212; Sendo esta a ratio, n?o foi pensada para uma An?nima (cujos estatutos n?o continham, originariamente, aquando da constitui??o da sociedade, qualquer estipula??o sobre restri??es ? participa??o em assembleia geral) constitu?da por apenas 5 acionistas, sendo os 4 acionistas minorit?rios o pai, um irm?o, a ex-mulher e um parceiro de neg?cios do acionista fortemente maiorit?rio (com 99,992% do capital). IV &#8212; Assim, uma cl?usula limitativa (? participa??o em assembleia geral) superveniente, apresentada sem qualquer ?justifica??o material? e aprovada\/deliberada com os votos do acionista fortemente maiorit?rio, embora formalmente l?cita, ? substancialmente il?cita: a delibera??o que introduziu tal cl?usula\/limita??o (segundo a qual apenas o acionista maiorit?rio passa a ter direitos de participa??o) deve ser considerada uma delibera??o abusiva (emulativa). V &#8212; Hoje, os poderes dos s?cios na sociedade encontram-se vinculados a deveres de lealdade, sendo poss?vel formular um princ?pio geral de sujei??o das delibera??es sociais a um controlo material de conformidade com os deveres de lealdade, ou seja, quando a medida a deliberar possa provocar o sacrif?cio dos interesses das minorias deve tal sacrif?cio ser objetivamente justificado, necess?rio e proporcional. VI &#8212; A lei tem em vista evitar que um n?mero incomport?vel de acionistas participe e torne inger?veis assembleias gerais de sociedades an?nimas, ou seja, n?o tem em vista permitir que, atrav?s da introdu??o de limita??es ? participa??o dos acionistas minorit?rios, apenas o acionista maiorit?rio possa estar presente e participar nas assembleias gerais. VII &#8212; Uma delibera??o social que conduz a tal desiderato, que retira a todos os acionistas, com exce??o do acionista maiorit?rio, o direito de participar nas assembleias gerais, n?o tem ?justifica??o material?, ? desproporcional e desleal (para com os acionistas minorit?rios que est?o contra tal delibera??o) ou, mais corretamente, a ?justifica??o material? e a proporcionalidade duma tal delibera??o, a existir, haveria de ter sido invocada\/explicada\/demonstrada por quem faz tal proposta de delibera??o, pelo que, perante uma proposta ?seca? e sem qualquer justifica??o, apenas fica e subsiste a desproporcionalidade.<\/p>\n","protected":false},"featured_media":0,"template":"","meta":{"_crdt_document":""},"kji_country":[7762],"kji_court":[7763],"kji_chamber":[8887],"kji_year":[24566],"kji_subject":[7724],"kji_keyword":[7772,7774,7771,7773,7636],"kji_language":[7770],"class_list":["post-642052","kji_decision","type-kji_decision","status-publish","hentry","kji_country-portugal","kji_court-supremo-tribunal-de-justica","kji_chamber-6-seco","kji_year-24566","kji_subject-civil","kji_keyword-acordao","kji_keyword-justica","kji_keyword-processo","kji_keyword-supremo","kji_keyword-tribunal","kji_language-pt"],"yoast_head":"<!-- This site is optimized with the Yoast SEO Premium plugin v27.5 (Yoast SEO v27.5) - https:\/\/yoast.com\/product\/yoast-seo-premium-wordpress\/ -->\n<title>Ac\u00f3rd\u00e3o Supremo Tribunal de Justi\u00e7a \u2013 Processo 9333\/21.1T8SNT.L1.S1 \u2013 2023-04-18 - Ma\u00eetre Hassan Kohen, avocat en droit p\u00e9nal \u00e0 Paris<\/title>\n<meta name=\"robots\" content=\"index, follow, max-snippet:-1, max-image-preview:large, max-video-preview:-1\" \/>\n<link rel=\"canonical\" href=\"https:\/\/kohenavocats.com\/ru\/jurisprudences\/acordao-supremo-tribunal-de-justica-processo-9333-21-1t8snt-l1-s1-2023-04-18\/\" \/>\n<meta property=\"og:locale\" content=\"ru_RU\" \/>\n<meta property=\"og:type\" content=\"article\" \/>\n<meta property=\"og:title\" content=\"Ac\u00f3rd\u00e3o Supremo Tribunal de Justi\u00e7a \u2013 Processo 9333\/21.1T8SNT.L1.S1 \u2013 2023-04-18\" \/>\n<meta property=\"og:description\" content=\"Relator: ANT?NIO BARATEIRO MARTINS. I - A lei admite (como resulta dos arts. 384.?, n.? 2, al. a), e 379.?, n.? 2, do CSC) que, nas An?nimas, possa haver s?cios\/acionistas que ficam, por for?a dos estatutos, sem poder exercer qualquer um dos direitos de participa??o em assembleia geral (o direito de estar presente, o direito de apresentar propostas, o direito de discuss?o e o direito de votar). II - A ratio de tais limita??es justifica-se pela pr?pria natureza das coisas: um elevad?ssimo n?mero de acionistas coloca dificuldades log?sticas\/f?sicas para permitir a participa??o de todos os acionistas nas assembleias gerais; e n?o ? sequer aconselh?vel ou realista uma assembleia geral com a participa??o de milhares de acionistas. III - Sendo esta a ratio, n?o foi pensada para uma An?nima (cujos estatutos n?o continham, originariamente, aquando da constitui??o da sociedade, qualquer estipula??o sobre restri??es ? participa??o em assembleia geral) constitu?da por apenas 5 acionistas, sendo os 4 acionistas minorit?rios o pai, um irm?o, a ex-mulher e um parceiro de neg?cios do acionista fortemente maiorit?rio (com 99,992% do capital). IV - Assim, uma cl?usula limitativa (? participa??o em assembleia geral) superveniente, apresentada sem qualquer ?justifica??o material? e aprovada\/deliberada com os votos do acionista fortemente maiorit?rio, embora formalmente l?cita, ? substancialmente il?cita: a delibera??o que introduziu tal cl?usula\/limita??o (segundo a qual apenas o acionista maiorit?rio passa a ter direitos de participa??o) deve ser considerada uma delibera??o abusiva (emulativa). V - Hoje, os poderes dos s?cios na sociedade encontram-se vinculados a deveres de lealdade, sendo poss?vel formular um princ?pio geral de sujei??o das delibera??es sociais a um controlo material de conformidade com os deveres de lealdade, ou seja, quando a medida a deliberar possa provocar o sacrif?cio dos interesses das minorias deve tal sacrif?cio ser objetivamente justificado, necess?rio e proporcional. VI - A lei tem em vista evitar que um n?mero incomport?vel de acionistas participe e torne inger?veis assembleias gerais de sociedades an?nimas, ou seja, n?o tem em vista permitir que, atrav?s da introdu??o de limita??es ? participa??o dos acionistas minorit?rios, apenas o acionista maiorit?rio possa estar presente e participar nas assembleias gerais. VII - Uma delibera??o social que conduz a tal desiderato, que retira a todos os acionistas, com exce??o do acionista maiorit?rio, o direito de participar nas assembleias gerais, n?o tem ?justifica??o material?, ? desproporcional e desleal (para com os acionistas minorit?rios que est?o contra tal delibera??o) ou, mais corretamente, a ?justifica??o material? e a proporcionalidade duma tal delibera??o, a existir, haveria de ter sido invocada\/explicada\/demonstrada por quem faz tal proposta de delibera??o, pelo que, perante uma proposta ?seca? e sem qualquer justifica??o, apenas fica e subsiste a desproporcionalidade.\" \/>\n<meta property=\"og:url\" content=\"https:\/\/kohenavocats.com\/ru\/jurisprudences\/acordao-supremo-tribunal-de-justica-processo-9333-21-1t8snt-l1-s1-2023-04-18\/\" \/>\n<meta property=\"og:site_name\" content=\"Ma\u00eetre Hassan Kohen, avocat en droit p\u00e9nal \u00e0 Paris\" \/>\n<meta name=\"twitter:card\" content=\"summary_large_image\" \/>\n<meta name=\"twitter:label1\" content=\"\u041f\u0440\u0438\u043c\u0435\u0440\u043d\u043e\u0435 \u0432\u0440\u0435\u043c\u044f \u0434\u043b\u044f \u0447\u0442\u0435\u043d\u0438\u044f\" \/>\n\t<meta name=\"twitter:data1\" content=\"3 \u043c\u0438\u043d\u0443\u0442\u044b\" \/>\n<script type=\"application\/ld+json\" class=\"yoast-schema-graph\">{\"@context\":\"https:\\\/\\\/schema.org\",\"@graph\":[{\"@type\":\"WebPage\",\"@id\":\"https:\\\/\\\/kohenavocats.com\\\/ru\\\/jurisprudences\\\/acordao-supremo-tribunal-de-justica-processo-9333-21-1t8snt-l1-s1-2023-04-18\\\/\",\"url\":\"https:\\\/\\\/kohenavocats.com\\\/ru\\\/jurisprudences\\\/acordao-supremo-tribunal-de-justica-processo-9333-21-1t8snt-l1-s1-2023-04-18\\\/\",\"name\":\"Ac\u00f3rd\u00e3o Supremo Tribunal de Justi\u00e7a \u2013 Processo 9333\\\/21.1T8SNT.L1.S1 \u2013 2023-04-18 - Ma\u00eetre Hassan Kohen, avocat en droit p\u00e9nal \u00e0 Paris\",\"isPartOf\":{\"@id\":\"https:\\\/\\\/kohenavocats.com\\\/ru\\\/#website\"},\"datePublished\":\"2026-04-21T22:14:01+00:00\",\"breadcrumb\":{\"@id\":\"https:\\\/\\\/kohenavocats.com\\\/ru\\\/jurisprudences\\\/acordao-supremo-tribunal-de-justica-processo-9333-21-1t8snt-l1-s1-2023-04-18\\\/#breadcrumb\"},\"inLanguage\":\"ru-RU\",\"potentialAction\":[{\"@type\":\"ReadAction\",\"target\":[\"https:\\\/\\\/kohenavocats.com\\\/ru\\\/jurisprudences\\\/acordao-supremo-tribunal-de-justica-processo-9333-21-1t8snt-l1-s1-2023-04-18\\\/\"]}]},{\"@type\":\"BreadcrumbList\",\"@id\":\"https:\\\/\\\/kohenavocats.com\\\/ru\\\/jurisprudences\\\/acordao-supremo-tribunal-de-justica-processo-9333-21-1t8snt-l1-s1-2023-04-18\\\/#breadcrumb\",\"itemListElement\":[{\"@type\":\"ListItem\",\"position\":1,\"name\":\"Home\",\"item\":\"https:\\\/\\\/kohenavocats.com\\\/ru\\\/avocats-en-droit-penal-a-paris-conseil-et-defense-strategique\\\/\"},{\"@type\":\"ListItem\",\"position\":2,\"name\":\"Jurisprudences\",\"item\":\"https:\\\/\\\/kohenavocats.com\\\/ru\\\/jurisprudences\\\/\"},{\"@type\":\"ListItem\",\"position\":3,\"name\":\"Ac\u00f3rd\u00e3o Supremo Tribunal de Justi\u00e7a \u2013 Processo 9333\\\/21.1T8SNT.L1.S1 \u2013 2023-04-18\"}]},{\"@type\":\"WebSite\",\"@id\":\"https:\\\/\\\/kohenavocats.com\\\/ru\\\/#website\",\"url\":\"https:\\\/\\\/kohenavocats.com\\\/ru\\\/\",\"name\":\"Kohen Avocats\",\"description\":\"Ma\u00eetre Hassan Kohen, avocat p\u00e9naliste \u00e0 Paris, intervient exclusivement en droit p\u00e9nal pour la d\u00e9fense des particuliers, notamment en mati\u00e8re d\u2019accusations de viol. Il assure un accompagnement rigoureux d\u00e8s la garde \u00e0 vue jusqu\u2019\u00e0 la Cour d\u2019assises, veillant au strict respect des garanties proc\u00e9durales.\",\"publisher\":{\"@id\":\"https:\\\/\\\/kohenavocats.com\\\/ru\\\/#organization\"},\"potentialAction\":[{\"@type\":\"SearchAction\",\"target\":{\"@type\":\"EntryPoint\",\"urlTemplate\":\"https:\\\/\\\/kohenavocats.com\\\/ru\\\/?s={search_term_string}\"},\"query-input\":{\"@type\":\"PropertyValueSpecification\",\"valueRequired\":true,\"valueName\":\"search_term_string\"}}],\"inLanguage\":\"ru-RU\"},{\"@type\":\"Organization\",\"@id\":\"https:\\\/\\\/kohenavocats.com\\\/ru\\\/#organization\",\"name\":\"Kohen Avocats\",\"url\":\"https:\\\/\\\/kohenavocats.com\\\/ru\\\/\",\"logo\":{\"@type\":\"ImageObject\",\"inLanguage\":\"ru-RU\",\"@id\":\"https:\\\/\\\/kohenavocats.com\\\/ru\\\/#\\\/schema\\\/logo\\\/image\\\/\",\"url\":\"https:\\\/\\\/kohenavocats.com\\\/wp-content\\\/uploads\\\/2026\\\/01\\\/Logo-2-1.webp\",\"contentUrl\":\"https:\\\/\\\/kohenavocats.com\\\/wp-content\\\/uploads\\\/2026\\\/01\\\/Logo-2-1.webp\",\"width\":2114,\"height\":1253,\"caption\":\"Kohen Avocats\"},\"image\":{\"@id\":\"https:\\\/\\\/kohenavocats.com\\\/ru\\\/#\\\/schema\\\/logo\\\/image\\\/\"}}]}<\/script>\n<!-- \/ Yoast SEO Premium plugin. -->","yoast_head_json":{"title":"Ac\u00f3rd\u00e3o Supremo Tribunal de Justi\u00e7a \u2013 Processo 9333\/21.1T8SNT.L1.S1 \u2013 2023-04-18 - Ma\u00eetre Hassan Kohen, avocat en droit p\u00e9nal \u00e0 Paris","robots":{"index":"index","follow":"follow","max-snippet":"max-snippet:-1","max-image-preview":"max-image-preview:large","max-video-preview":"max-video-preview:-1"},"canonical":"https:\/\/kohenavocats.com\/ru\/jurisprudences\/acordao-supremo-tribunal-de-justica-processo-9333-21-1t8snt-l1-s1-2023-04-18\/","og_locale":"ru_RU","og_type":"article","og_title":"Ac\u00f3rd\u00e3o Supremo Tribunal de Justi\u00e7a \u2013 Processo 9333\/21.1T8SNT.L1.S1 \u2013 2023-04-18","og_description":"Relator: ANT?NIO BARATEIRO MARTINS. I - A lei admite (como resulta dos arts. 384.?, n.? 2, al. a), e 379.?, n.? 2, do CSC) que, nas An?nimas, possa haver s?cios\/acionistas que ficam, por for?a dos estatutos, sem poder exercer qualquer um dos direitos de participa??o em assembleia geral (o direito de estar presente, o direito de apresentar propostas, o direito de discuss?o e o direito de votar). II - A ratio de tais limita??es justifica-se pela pr?pria natureza das coisas: um elevad?ssimo n?mero de acionistas coloca dificuldades log?sticas\/f?sicas para permitir a participa??o de todos os acionistas nas assembleias gerais; e n?o ? sequer aconselh?vel ou realista uma assembleia geral com a participa??o de milhares de acionistas. III - Sendo esta a ratio, n?o foi pensada para uma An?nima (cujos estatutos n?o continham, originariamente, aquando da constitui??o da sociedade, qualquer estipula??o sobre restri??es ? participa??o em assembleia geral) constitu?da por apenas 5 acionistas, sendo os 4 acionistas minorit?rios o pai, um irm?o, a ex-mulher e um parceiro de neg?cios do acionista fortemente maiorit?rio (com 99,992% do capital). IV - Assim, uma cl?usula limitativa (? participa??o em assembleia geral) superveniente, apresentada sem qualquer ?justifica??o material? e aprovada\/deliberada com os votos do acionista fortemente maiorit?rio, embora formalmente l?cita, ? substancialmente il?cita: a delibera??o que introduziu tal cl?usula\/limita??o (segundo a qual apenas o acionista maiorit?rio passa a ter direitos de participa??o) deve ser considerada uma delibera??o abusiva (emulativa). V - Hoje, os poderes dos s?cios na sociedade encontram-se vinculados a deveres de lealdade, sendo poss?vel formular um princ?pio geral de sujei??o das delibera??es sociais a um controlo material de conformidade com os deveres de lealdade, ou seja, quando a medida a deliberar possa provocar o sacrif?cio dos interesses das minorias deve tal sacrif?cio ser objetivamente justificado, necess?rio e proporcional. VI - A lei tem em vista evitar que um n?mero incomport?vel de acionistas participe e torne inger?veis assembleias gerais de sociedades an?nimas, ou seja, n?o tem em vista permitir que, atrav?s da introdu??o de limita??es ? participa??o dos acionistas minorit?rios, apenas o acionista maiorit?rio possa estar presente e participar nas assembleias gerais. VII - Uma delibera??o social que conduz a tal desiderato, que retira a todos os acionistas, com exce??o do acionista maiorit?rio, o direito de participar nas assembleias gerais, n?o tem ?justifica??o material?, ? desproporcional e desleal (para com os acionistas minorit?rios que est?o contra tal delibera??o) ou, mais corretamente, a ?justifica??o material? e a proporcionalidade duma tal delibera??o, a existir, haveria de ter sido invocada\/explicada\/demonstrada por quem faz tal proposta de delibera??o, pelo que, perante uma proposta ?seca? e sem qualquer justifica??o, apenas fica e subsiste a desproporcionalidade.","og_url":"https:\/\/kohenavocats.com\/ru\/jurisprudences\/acordao-supremo-tribunal-de-justica-processo-9333-21-1t8snt-l1-s1-2023-04-18\/","og_site_name":"Ma\u00eetre Hassan Kohen, avocat en droit p\u00e9nal \u00e0 Paris","twitter_card":"summary_large_image","twitter_misc":{"\u041f\u0440\u0438\u043c\u0435\u0440\u043d\u043e\u0435 \u0432\u0440\u0435\u043c\u044f \u0434\u043b\u044f \u0447\u0442\u0435\u043d\u0438\u044f":"3 \u043c\u0438\u043d\u0443\u0442\u044b"},"schema":{"@context":"https:\/\/schema.org","@graph":[{"@type":"WebPage","@id":"https:\/\/kohenavocats.com\/ru\/jurisprudences\/acordao-supremo-tribunal-de-justica-processo-9333-21-1t8snt-l1-s1-2023-04-18\/","url":"https:\/\/kohenavocats.com\/ru\/jurisprudences\/acordao-supremo-tribunal-de-justica-processo-9333-21-1t8snt-l1-s1-2023-04-18\/","name":"Ac\u00f3rd\u00e3o Supremo Tribunal de Justi\u00e7a \u2013 Processo 9333\/21.1T8SNT.L1.S1 \u2013 2023-04-18 - Ma\u00eetre Hassan Kohen, avocat en droit p\u00e9nal \u00e0 Paris","isPartOf":{"@id":"https:\/\/kohenavocats.com\/ru\/#website"},"datePublished":"2026-04-21T22:14:01+00:00","breadcrumb":{"@id":"https:\/\/kohenavocats.com\/ru\/jurisprudences\/acordao-supremo-tribunal-de-justica-processo-9333-21-1t8snt-l1-s1-2023-04-18\/#breadcrumb"},"inLanguage":"ru-RU","potentialAction":[{"@type":"ReadAction","target":["https:\/\/kohenavocats.com\/ru\/jurisprudences\/acordao-supremo-tribunal-de-justica-processo-9333-21-1t8snt-l1-s1-2023-04-18\/"]}]},{"@type":"BreadcrumbList","@id":"https:\/\/kohenavocats.com\/ru\/jurisprudences\/acordao-supremo-tribunal-de-justica-processo-9333-21-1t8snt-l1-s1-2023-04-18\/#breadcrumb","itemListElement":[{"@type":"ListItem","position":1,"name":"Home","item":"https:\/\/kohenavocats.com\/ru\/avocats-en-droit-penal-a-paris-conseil-et-defense-strategique\/"},{"@type":"ListItem","position":2,"name":"Jurisprudences","item":"https:\/\/kohenavocats.com\/ru\/jurisprudences\/"},{"@type":"ListItem","position":3,"name":"Ac\u00f3rd\u00e3o Supremo Tribunal de Justi\u00e7a \u2013 Processo 9333\/21.1T8SNT.L1.S1 \u2013 2023-04-18"}]},{"@type":"WebSite","@id":"https:\/\/kohenavocats.com\/ru\/#website","url":"https:\/\/kohenavocats.com\/ru\/","name":"Kohen Avocats","description":"Ma\u00eetre Hassan Kohen, avocat p\u00e9naliste \u00e0 Paris, intervient exclusivement en droit p\u00e9nal pour la d\u00e9fense des particuliers, notamment en mati\u00e8re d\u2019accusations de viol. Il assure un accompagnement rigoureux d\u00e8s la garde \u00e0 vue jusqu\u2019\u00e0 la Cour d\u2019assises, veillant au strict respect des garanties proc\u00e9durales.","publisher":{"@id":"https:\/\/kohenavocats.com\/ru\/#organization"},"potentialAction":[{"@type":"SearchAction","target":{"@type":"EntryPoint","urlTemplate":"https:\/\/kohenavocats.com\/ru\/?s={search_term_string}"},"query-input":{"@type":"PropertyValueSpecification","valueRequired":true,"valueName":"search_term_string"}}],"inLanguage":"ru-RU"},{"@type":"Organization","@id":"https:\/\/kohenavocats.com\/ru\/#organization","name":"Kohen Avocats","url":"https:\/\/kohenavocats.com\/ru\/","logo":{"@type":"ImageObject","inLanguage":"ru-RU","@id":"https:\/\/kohenavocats.com\/ru\/#\/schema\/logo\/image\/","url":"https:\/\/kohenavocats.com\/wp-content\/uploads\/2026\/01\/Logo-2-1.webp","contentUrl":"https:\/\/kohenavocats.com\/wp-content\/uploads\/2026\/01\/Logo-2-1.webp","width":2114,"height":1253,"caption":"Kohen Avocats"},"image":{"@id":"https:\/\/kohenavocats.com\/ru\/#\/schema\/logo\/image\/"}}]}},"jetpack_likes_enabled":false,"jetpack_sharing_enabled":true,"_links":{"self":[{"href":"https:\/\/kohenavocats.com\/ru\/wp-json\/wp\/v2\/kji_decision\/642052","targetHints":{"allow":["GET"]}}],"collection":[{"href":"https:\/\/kohenavocats.com\/ru\/wp-json\/wp\/v2\/kji_decision"}],"about":[{"href":"https:\/\/kohenavocats.com\/ru\/wp-json\/wp\/v2\/types\/kji_decision"}],"wp:attachment":[{"href":"https:\/\/kohenavocats.com\/ru\/wp-json\/wp\/v2\/media?parent=642052"}],"wp:term":[{"taxonomy":"kji_country","embeddable":true,"href":"https:\/\/kohenavocats.com\/ru\/wp-json\/wp\/v2\/kji_country?post=642052"},{"taxonomy":"kji_court","embeddable":true,"href":"https:\/\/kohenavocats.com\/ru\/wp-json\/wp\/v2\/kji_court?post=642052"},{"taxonomy":"kji_chamber","embeddable":true,"href":"https:\/\/kohenavocats.com\/ru\/wp-json\/wp\/v2\/kji_chamber?post=642052"},{"taxonomy":"kji_year","embeddable":true,"href":"https:\/\/kohenavocats.com\/ru\/wp-json\/wp\/v2\/kji_year?post=642052"},{"taxonomy":"kji_subject","embeddable":true,"href":"https:\/\/kohenavocats.com\/ru\/wp-json\/wp\/v2\/kji_subject?post=642052"},{"taxonomy":"kji_keyword","embeddable":true,"href":"https:\/\/kohenavocats.com\/ru\/wp-json\/wp\/v2\/kji_keyword?post=642052"},{"taxonomy":"kji_language","embeddable":true,"href":"https:\/\/kohenavocats.com\/ru\/wp-json\/wp\/v2\/kji_language?post=642052"}],"curies":[{"name":"wp","href":"https:\/\/api.w.org\/{rel}","templated":true}]}}