{"id":642143,"date":"2026-04-22T00:31:11","date_gmt":"2026-04-21T22:31:11","guid":{"rendered":"https:\/\/kohenavocats.com\/jurisprudences\/ordinanza-n-9530-du-07-04-2023-quarta-sezione-lavoro-lavoro-2\/"},"modified":"2026-04-22T00:31:11","modified_gmt":"2026-04-21T22:31:11","slug":"ordinanza-n-9530-du-07-04-2023-quarta-sezione-lavoro-lavoro-2","status":"publish","type":"kji_decision","link":"https:\/\/kohenavocats.com\/ru\/jurisprudences\/ordinanza-n-9530-du-07-04-2023-quarta-sezione-lavoro-lavoro-2\/","title":{"rendered":"Ordinanza n. 9530 du 07\/04\/2023 &#8212; Quarta sezione lavoro \/ Lavoro"},"content":{"rendered":"<div class=\"kji-decision\">\n<div class=\"kji-full-text\">\n<p>Oggetto<\/p>\n<p>Tutela reintegratoria ex art. 2, comma 1, d.lgs. n. 23 del 2015 \u2013 Ambito applicativo \u2013 \u00abCasi di nullit\u00e0 espressamente previsti della legge\u00bb \u2013 Contrasto con la legge di delega (art. 1, comma 7, lett. c), l. n. 183 del 2014) \u2013 Questione di legittimit\u00e0 costituzionale.<\/p>\n<p>Presidente: G. Raimondi<\/p>\n<p> Relatore: G. Michelini<\/p>\n<p> L\u2019esito in sintesi<br \/>\n La Sezione Lavoro ha sollevato \u2013 in riferimento all\u2019art. 76 Cost. ed altri eventuali parametri derivati \u2013 questione di legittimit\u00e0 costituzionale dell\u2019art. 2, comma 1, d.lgs. 4 marzo 2015, n. 23, nella parte in cui limita ai casi di nullit\u00e0 \u00abespressamente previsti dalla legge\u00bb la tutela reintegratoria, in contrasto con la legge di delega (art .1, comma 7, lett. c), l. 10 dicembre 2014, n. 183), la quale disponeva il diritto alla reintegrazione \u2013 oltre che per i licenziamenti discriminatori \u2013 per tutti i \u00ablicenziamenti nulli\u00bb, senza operare distinzioni tra nullit\u00e0 codificate e invalidit\u00e0 da ricollegare a categorie civilistiche generali.<\/p>\n<\/div>\n<hr class=\"kji-sep\" \/>\n<p class=\"kji-source-links\"><strong>Sources officielles :<\/strong> <a class=\"kji-source-link\" href=\"https:\/\/www.cortedicassazione.it\/it\/civile_dettaglio.page?contentId=SZC6801\" target=\"_blank\" rel=\"noopener noreferrer\">consulter la page source<\/a> &middot; <a class=\"kji-pdf-link\" href=\"https:\/\/www.cortedicassazione.it\/resources\/cms\/documents\/9530_04_2023_civ_noindex.pdf\" target=\"_blank\" rel=\"noopener noreferrer\">PDF officiel<\/a><\/p>\n<p class=\"kji-license-note\"><em>Corte Suprema di Cassazione, note legali verifiees live le 2026-04-12 : reproduction avec mention de source autorisee, mais utilisation commerciale des contenus expressement interdite. Source active en metadata_only uniquement.<\/em><\/p>\n<\/div>\n","protected":false},"excerpt":{"rendered":"<p>Oggetto Tutela reintegratoria ex art. 2, comma 1, d.lgs. n. 23 del 2015 \u2013 Ambito applicativo \u2013 \u00abCasi di nullit\u00e0 espressamente previsti della legge\u00bb \u2013 Contrasto con la legge di delega (art. 1, comma 7, lett. c), l. n. 183 del 2014) \u2013 Questione di legittimit\u00e0 costituzionale. Presidente: G. Raimondi Relatore: G. Michelini L\u2019esito in sintesi La Sezione Lavoro ha&#8230;<\/p>\n","protected":false},"featured_media":0,"template":"","meta":{"_crdt_document":""},"kji_country":[7681],"kji_court":[7682],"kji_chamber":[11206],"kji_year":[24566],"kji_subject":[7712],"kji_keyword":[11208,7690,7725,9027,7688],"kji_language":[7685],"class_list":["post-642143","kji_decision","type-kji_decision","status-publish","hentry","kji_country-italie","kji_court-corte-suprema-di-cassazione","kji_chamber-quarta-sezione-lavoro","kji_year-24566","kji_subject-social","kji_keyword-lavoro","kji_keyword-oggetto","kji_keyword-ordinanza","kji_keyword-quarta","kji_keyword-sezione","kji_language-italien"],"yoast_head":"<!-- This site is optimized with the Yoast SEO Premium plugin v27.4 (Yoast SEO v27.4) - https:\/\/yoast.com\/product\/yoast-seo-premium-wordpress\/ -->\n<title>Ordinanza n. 9530 du 07\/04\/2023 - Quarta sezione lavoro \/ Lavoro - Ma\u00eetre Hassan Kohen, avocat en droit p\u00e9nal \u00e0 Paris<\/title>\n<meta name=\"robots\" content=\"index, follow, max-snippet:-1, max-image-preview:large, max-video-preview:-1\" \/>\n<link rel=\"canonical\" href=\"https:\/\/kohenavocats.com\/ru\/jurisprudences\/ordinanza-n-9530-du-07-04-2023-quarta-sezione-lavoro-lavoro-2\/\" \/>\n<meta property=\"og:locale\" content=\"ru_RU\" \/>\n<meta property=\"og:type\" content=\"article\" \/>\n<meta property=\"og:title\" content=\"Ordinanza n. 9530 du 07\/04\/2023 - Quarta sezione lavoro \/ Lavoro\" \/>\n<meta property=\"og:description\" content=\"Oggetto Tutela reintegratoria ex art. 2, comma 1, d.lgs. n. 23 del 2015 \u2013 Ambito applicativo \u2013 \u00abCasi di nullit\u00e0 espressamente previsti della legge\u00bb \u2013 Contrasto con la legge di delega (art. 1, comma 7, lett. c), l. n. 183 del 2014) \u2013 Questione di legittimit\u00e0 costituzionale. Presidente: G. Raimondi Relatore: G. Michelini L\u2019esito in sintesi La Sezione Lavoro ha...\" \/>\n<meta property=\"og:url\" content=\"https:\/\/kohenavocats.com\/ru\/jurisprudences\/ordinanza-n-9530-du-07-04-2023-quarta-sezione-lavoro-lavoro-2\/\" \/>\n<meta property=\"og:site_name\" content=\"Ma\u00eetre Hassan Kohen, avocat en droit p\u00e9nal \u00e0 Paris\" \/>\n<meta name=\"twitter:card\" content=\"summary_large_image\" \/>\n<meta name=\"twitter:label1\" content=\"\u041f\u0440\u0438\u043c\u0435\u0440\u043d\u043e\u0435 \u0432\u0440\u0435\u043c\u044f \u0434\u043b\u044f \u0447\u0442\u0435\u043d\u0438\u044f\" \/>\n\t<meta name=\"twitter:data1\" content=\"1 \u043c\u0438\u043d\u0443\u0442\u0430\" \/>\n<script type=\"application\/ld+json\" class=\"yoast-schema-graph\">{\"@context\":\"https:\\\/\\\/schema.org\",\"@graph\":[{\"@type\":\"WebPage\",\"@id\":\"https:\\\/\\\/kohenavocats.com\\\/ru\\\/jurisprudences\\\/ordinanza-n-9530-du-07-04-2023-quarta-sezione-lavoro-lavoro-2\\\/\",\"url\":\"https:\\\/\\\/kohenavocats.com\\\/ru\\\/jurisprudences\\\/ordinanza-n-9530-du-07-04-2023-quarta-sezione-lavoro-lavoro-2\\\/\",\"name\":\"Ordinanza n. 9530 du 07\\\/04\\\/2023 - Quarta sezione lavoro \\\/ Lavoro - Ma\u00eetre Hassan Kohen, avocat en droit p\u00e9nal \u00e0 Paris\",\"isPartOf\":{\"@id\":\"https:\\\/\\\/kohenavocats.com\\\/ru\\\/#website\"},\"datePublished\":\"2026-04-21T22:31:11+00:00\",\"breadcrumb\":{\"@id\":\"https:\\\/\\\/kohenavocats.com\\\/ru\\\/jurisprudences\\\/ordinanza-n-9530-du-07-04-2023-quarta-sezione-lavoro-lavoro-2\\\/#breadcrumb\"},\"inLanguage\":\"ru-RU\",\"potentialAction\":[{\"@type\":\"ReadAction\",\"target\":[\"https:\\\/\\\/kohenavocats.com\\\/ru\\\/jurisprudences\\\/ordinanza-n-9530-du-07-04-2023-quarta-sezione-lavoro-lavoro-2\\\/\"]}]},{\"@type\":\"BreadcrumbList\",\"@id\":\"https:\\\/\\\/kohenavocats.com\\\/ru\\\/jurisprudences\\\/ordinanza-n-9530-du-07-04-2023-quarta-sezione-lavoro-lavoro-2\\\/#breadcrumb\",\"itemListElement\":[{\"@type\":\"ListItem\",\"position\":1,\"name\":\"Home\",\"item\":\"https:\\\/\\\/kohenavocats.com\\\/ru\\\/avocats-en-droit-penal-a-paris-conseil-et-defense-strategique\\\/\"},{\"@type\":\"ListItem\",\"position\":2,\"name\":\"Jurisprudences\",\"item\":\"https:\\\/\\\/kohenavocats.com\\\/ru\\\/jurisprudences\\\/\"},{\"@type\":\"ListItem\",\"position\":3,\"name\":\"Ordinanza n. 9530 du 07\\\/04\\\/2023 &#8211; Quarta sezione lavoro \\\/ Lavoro\"}]},{\"@type\":\"WebSite\",\"@id\":\"https:\\\/\\\/kohenavocats.com\\\/ru\\\/#website\",\"url\":\"https:\\\/\\\/kohenavocats.com\\\/ru\\\/\",\"name\":\"Kohen Avocats\",\"description\":\"Ma\u00eetre Hassan Kohen, avocat p\u00e9naliste \u00e0 Paris, intervient exclusivement en droit p\u00e9nal pour la d\u00e9fense des particuliers, notamment en mati\u00e8re d\u2019accusations de viol. Il assure un accompagnement rigoureux d\u00e8s la garde \u00e0 vue jusqu\u2019\u00e0 la Cour d\u2019assises, veillant au strict respect des garanties proc\u00e9durales.\",\"publisher\":{\"@id\":\"https:\\\/\\\/kohenavocats.com\\\/ru\\\/#organization\"},\"potentialAction\":[{\"@type\":\"SearchAction\",\"target\":{\"@type\":\"EntryPoint\",\"urlTemplate\":\"https:\\\/\\\/kohenavocats.com\\\/ru\\\/?s={search_term_string}\"},\"query-input\":{\"@type\":\"PropertyValueSpecification\",\"valueRequired\":true,\"valueName\":\"search_term_string\"}}],\"inLanguage\":\"ru-RU\"},{\"@type\":\"Organization\",\"@id\":\"https:\\\/\\\/kohenavocats.com\\\/ru\\\/#organization\",\"name\":\"Kohen Avocats\",\"url\":\"https:\\\/\\\/kohenavocats.com\\\/ru\\\/\",\"logo\":{\"@type\":\"ImageObject\",\"inLanguage\":\"ru-RU\",\"@id\":\"https:\\\/\\\/kohenavocats.com\\\/ru\\\/#\\\/schema\\\/logo\\\/image\\\/\",\"url\":\"https:\\\/\\\/kohenavocats.com\\\/wp-content\\\/uploads\\\/2026\\\/01\\\/Logo-2-1.webp\",\"contentUrl\":\"https:\\\/\\\/kohenavocats.com\\\/wp-content\\\/uploads\\\/2026\\\/01\\\/Logo-2-1.webp\",\"width\":2114,\"height\":1253,\"caption\":\"Kohen Avocats\"},\"image\":{\"@id\":\"https:\\\/\\\/kohenavocats.com\\\/ru\\\/#\\\/schema\\\/logo\\\/image\\\/\"}}]}<\/script>\n<!-- \/ Yoast SEO Premium plugin. -->","yoast_head_json":{"title":"Ordinanza n. 9530 du 07\/04\/2023 - Quarta sezione lavoro \/ Lavoro - Ma\u00eetre Hassan Kohen, avocat en droit p\u00e9nal \u00e0 Paris","robots":{"index":"index","follow":"follow","max-snippet":"max-snippet:-1","max-image-preview":"max-image-preview:large","max-video-preview":"max-video-preview:-1"},"canonical":"https:\/\/kohenavocats.com\/ru\/jurisprudences\/ordinanza-n-9530-du-07-04-2023-quarta-sezione-lavoro-lavoro-2\/","og_locale":"ru_RU","og_type":"article","og_title":"Ordinanza n. 9530 du 07\/04\/2023 - Quarta sezione lavoro \/ Lavoro","og_description":"Oggetto Tutela reintegratoria ex art. 2, comma 1, d.lgs. n. 23 del 2015 \u2013 Ambito applicativo \u2013 \u00abCasi di nullit\u00e0 espressamente previsti della legge\u00bb \u2013 Contrasto con la legge di delega (art. 1, comma 7, lett. c), l. n. 183 del 2014) \u2013 Questione di legittimit\u00e0 costituzionale. Presidente: G. Raimondi Relatore: G. Michelini L\u2019esito in sintesi La Sezione Lavoro ha...","og_url":"https:\/\/kohenavocats.com\/ru\/jurisprudences\/ordinanza-n-9530-du-07-04-2023-quarta-sezione-lavoro-lavoro-2\/","og_site_name":"Ma\u00eetre Hassan Kohen, avocat en droit p\u00e9nal \u00e0 Paris","twitter_card":"summary_large_image","twitter_misc":{"\u041f\u0440\u0438\u043c\u0435\u0440\u043d\u043e\u0435 \u0432\u0440\u0435\u043c\u044f \u0434\u043b\u044f \u0447\u0442\u0435\u043d\u0438\u044f":"1 \u043c\u0438\u043d\u0443\u0442\u0430"},"schema":{"@context":"https:\/\/schema.org","@graph":[{"@type":"WebPage","@id":"https:\/\/kohenavocats.com\/ru\/jurisprudences\/ordinanza-n-9530-du-07-04-2023-quarta-sezione-lavoro-lavoro-2\/","url":"https:\/\/kohenavocats.com\/ru\/jurisprudences\/ordinanza-n-9530-du-07-04-2023-quarta-sezione-lavoro-lavoro-2\/","name":"Ordinanza n. 9530 du 07\/04\/2023 - Quarta sezione lavoro \/ Lavoro - Ma\u00eetre Hassan Kohen, avocat en droit p\u00e9nal \u00e0 Paris","isPartOf":{"@id":"https:\/\/kohenavocats.com\/ru\/#website"},"datePublished":"2026-04-21T22:31:11+00:00","breadcrumb":{"@id":"https:\/\/kohenavocats.com\/ru\/jurisprudences\/ordinanza-n-9530-du-07-04-2023-quarta-sezione-lavoro-lavoro-2\/#breadcrumb"},"inLanguage":"ru-RU","potentialAction":[{"@type":"ReadAction","target":["https:\/\/kohenavocats.com\/ru\/jurisprudences\/ordinanza-n-9530-du-07-04-2023-quarta-sezione-lavoro-lavoro-2\/"]}]},{"@type":"BreadcrumbList","@id":"https:\/\/kohenavocats.com\/ru\/jurisprudences\/ordinanza-n-9530-du-07-04-2023-quarta-sezione-lavoro-lavoro-2\/#breadcrumb","itemListElement":[{"@type":"ListItem","position":1,"name":"Home","item":"https:\/\/kohenavocats.com\/ru\/avocats-en-droit-penal-a-paris-conseil-et-defense-strategique\/"},{"@type":"ListItem","position":2,"name":"Jurisprudences","item":"https:\/\/kohenavocats.com\/ru\/jurisprudences\/"},{"@type":"ListItem","position":3,"name":"Ordinanza n. 9530 du 07\/04\/2023 &#8211; Quarta sezione lavoro \/ Lavoro"}]},{"@type":"WebSite","@id":"https:\/\/kohenavocats.com\/ru\/#website","url":"https:\/\/kohenavocats.com\/ru\/","name":"Kohen Avocats","description":"Ma\u00eetre Hassan Kohen, avocat p\u00e9naliste \u00e0 Paris, intervient exclusivement en droit p\u00e9nal pour la d\u00e9fense des particuliers, notamment en mati\u00e8re d\u2019accusations de viol. Il assure un accompagnement rigoureux d\u00e8s la garde \u00e0 vue jusqu\u2019\u00e0 la Cour d\u2019assises, veillant au strict respect des garanties proc\u00e9durales.","publisher":{"@id":"https:\/\/kohenavocats.com\/ru\/#organization"},"potentialAction":[{"@type":"SearchAction","target":{"@type":"EntryPoint","urlTemplate":"https:\/\/kohenavocats.com\/ru\/?s={search_term_string}"},"query-input":{"@type":"PropertyValueSpecification","valueRequired":true,"valueName":"search_term_string"}}],"inLanguage":"ru-RU"},{"@type":"Organization","@id":"https:\/\/kohenavocats.com\/ru\/#organization","name":"Kohen Avocats","url":"https:\/\/kohenavocats.com\/ru\/","logo":{"@type":"ImageObject","inLanguage":"ru-RU","@id":"https:\/\/kohenavocats.com\/ru\/#\/schema\/logo\/image\/","url":"https:\/\/kohenavocats.com\/wp-content\/uploads\/2026\/01\/Logo-2-1.webp","contentUrl":"https:\/\/kohenavocats.com\/wp-content\/uploads\/2026\/01\/Logo-2-1.webp","width":2114,"height":1253,"caption":"Kohen Avocats"},"image":{"@id":"https:\/\/kohenavocats.com\/ru\/#\/schema\/logo\/image\/"}}]}},"jetpack_likes_enabled":false,"jetpack_sharing_enabled":true,"_links":{"self":[{"href":"https:\/\/kohenavocats.com\/ru\/wp-json\/wp\/v2\/kji_decision\/642143","targetHints":{"allow":["GET"]}}],"collection":[{"href":"https:\/\/kohenavocats.com\/ru\/wp-json\/wp\/v2\/kji_decision"}],"about":[{"href":"https:\/\/kohenavocats.com\/ru\/wp-json\/wp\/v2\/types\/kji_decision"}],"wp:attachment":[{"href":"https:\/\/kohenavocats.com\/ru\/wp-json\/wp\/v2\/media?parent=642143"}],"wp:term":[{"taxonomy":"kji_country","embeddable":true,"href":"https:\/\/kohenavocats.com\/ru\/wp-json\/wp\/v2\/kji_country?post=642143"},{"taxonomy":"kji_court","embeddable":true,"href":"https:\/\/kohenavocats.com\/ru\/wp-json\/wp\/v2\/kji_court?post=642143"},{"taxonomy":"kji_chamber","embeddable":true,"href":"https:\/\/kohenavocats.com\/ru\/wp-json\/wp\/v2\/kji_chamber?post=642143"},{"taxonomy":"kji_year","embeddable":true,"href":"https:\/\/kohenavocats.com\/ru\/wp-json\/wp\/v2\/kji_year?post=642143"},{"taxonomy":"kji_subject","embeddable":true,"href":"https:\/\/kohenavocats.com\/ru\/wp-json\/wp\/v2\/kji_subject?post=642143"},{"taxonomy":"kji_keyword","embeddable":true,"href":"https:\/\/kohenavocats.com\/ru\/wp-json\/wp\/v2\/kji_keyword?post=642143"},{"taxonomy":"kji_language","embeddable":true,"href":"https:\/\/kohenavocats.com\/ru\/wp-json\/wp\/v2\/kji_language?post=642143"}],"curies":[{"name":"wp","href":"https:\/\/api.w.org\/{rel}","templated":true}]}}