{"id":642653,"date":"2026-04-22T01:46:09","date_gmt":"2026-04-21T23:46:09","guid":{"rendered":"https:\/\/kohenavocats.com\/jurisprudences\/eclinlhr20251901-hoge-raad-12-12-2025-24-00951\/"},"modified":"2026-04-22T01:46:09","modified_gmt":"2026-04-21T23:46:09","slug":"eclinlhr20251901-hoge-raad-12-12-2025-24-00951","status":"publish","type":"kji_decision","link":"https:\/\/kohenavocats.com\/ru\/jurisprudences\/eclinlhr20251901-hoge-raad-12-12-2025-24-00951\/","title":{"rendered":"ECLI:NL:HR:2025:1901 Hoge Raad , 12-12-2025 \/ 24\/00951"},"content":{"rendered":"<div class=\"kji-decision\">\n<div class=\"kji-full-text\">\n<p><strong>Inhoudsindicatie.<\/strong> HR: 81.1 RO.<\/p>\n<p>HOGE RAAD DER NEDERLANDEN<\/p>\n<p>BELASTINGKAMER<\/p>\n<p>Nummer 24\/00951<\/p>\n<p>Datum 12 december 2025<\/p>\n<p>ARREST<\/p>\n<p>in de zaak van<\/p>\n<p>[X] (hierna: belanghebbende)<\/p>\n<p>tegen<\/p>\n<p>het COLLEGE VAN BURGEMEESTER EN WETHOUDERS VAN DE GEMEENTE WAALWIJK<\/p>\n<p>op het beroep in cassatie tegen de uitspraak van het Gerechtshof &#039;s-Hertogenbosch van 7 februari 2024, nr. 22\/00442, op het hoger beroep van de heffingsambtenaar tegen een uitspraak van de Rechtbank Zeeland-West-Brabant (nr. BRE 20\/5388) betreffende een ten aanzien van belanghebbende gegeven beschikking op grond van de Wet waardering onroerende zaken en aanslagen in de onroerendezaakbelastingen, in de rioolheffing, in de afvalstoffenheffing en in de hondenbelasting voor het jaar 2019, en een verzoek van belanghebbende om vergoeding van immateri\u00eble schade wegens overschrijding van de redelijke termijn.<\/p>\n<h3>1Geding in cassatie<\/h3>\n<p>Belanghebbende, vertegenwoordigd door G. Gieben, heeft tegen de uitspraak van het Hof beroep in cassatie ingesteld.<\/p>\n<p>Het college van burgemeester en wethouders van de gemeente Waalwijk (hierna: het College), vertegenwoordigd door [P], heeft een verweerschrift ingediend. Het heeft ook incidenteel beroep in cassatie ingesteld.<\/p>\n<p>Belanghebbende heeft schriftelijk haar zienswijze over het incidentele beroep naar voren gebracht.<\/p>\n<h3>2. Beoordeling van de in het principale beroep in cassatie voorgestelde middelen<\/h3>\n<p>De Hoge Raad heeft de klachten over de uitspraak van het Hof beoordeeld. De uitkomst hiervan is dat deze klachten niet kunnen leiden tot vernietiging van die uitspraak. De Hoge Raad hoeft niet te motiveren waarom hij tot dit oordeel is gekomen. Bij de beoordeling van deze klachten is het namelijk niet nodig om antwoord te geven op vragen die van belang zijn voor de eenheid of de ontwikkeling van het recht (zie artikel 81, lid 1, van de Wet op de rechterlijke organisatie).<\/p>\n<h3>3. Beoordeling van het in het incidentele beroep in cassatie voorgestelde middel<\/h3>\n<p>De Hoge Raad heeft de klachten over de uitspraak van het Hof beoordeeld. De uitkomst hiervan is dat deze klachten niet kunnen leiden tot vernietiging van die uitspraak. De Hoge Raad hoeft niet te motiveren waarom hij tot dit oordeel is gekomen. Bij de beoordeling van deze klachten is het namelijk niet nodig om antwoord te geven op vragen die van belang zijn voor de eenheid of de ontwikkeling van het recht (zie artikel 81, lid 1, van de Wet op de rechterlijke organisatie).<\/p>\n<h3>4Proceskosten<\/h3>\n<p>Wat betreft het principale beroep in cassatie van belanghebbende ziet de Hoge Raad geen aanleiding voor een veroordeling in de proceskosten.<\/p>\n<p>Wat betreft het incidentele beroep in cassatie van het College zal het College worden veroordeeld tot vergoeding van de kosten die belanghebbende voor het geding in cassatie heeft moeten maken.<\/p>\n<h3>5Beslissing<\/h3>\n<p>De Hoge Raad:<\/p>\n<p>&#8212; verklaart zowel het principale beroep in cassatie van belanghebbende als het incidentele beroep in cassatie van het college van burgemeester en wethouders van de gemeente Waalwijk ongegrond, en<\/p>\n<p>&#8212; veroordeelt het college van burgemeester en wethouders van de gemeente Waalwijk in de kosten van belanghebbende voor het geding in cassatie, vastgesteld op \u20ac 1.814 voor beroepsmatig verleende rechtsbijstand.<\/p>\n<p>Dit arrest is gewezen door de raadsheer M.W.C. Feteris als voorzitter, en de raadsheren M.T. Boerlage en A.E.H. van der Voort Maarschalk, in tegenwoordigheid van de waarnemend griffier J.P.J. van Kampen, en in het openbaar uitgesproken op 12 december 2025.<\/p>\n<h3>Voetnoten<\/h3>\n<ol>\n<li>ECLI:NL:GHSHE:2024:366.<\/li>\n<\/ol>\n<\/div>\n<hr class=\"kji-sep\" \/>\n<p class=\"kji-source-links\"><strong>Sources officielles :<\/strong> <a class=\"kji-source-link\" href=\"http:\/\/deeplink.rechtspraak.nl\/uitspraak?id=ECLI:NL:HR:2025:1901\" target=\"_blank\" rel=\"noopener noreferrer\">consulter la page source<\/a><\/p>\n<p class=\"kji-license-note\"><em>Rechtspraak.nl open data, Creative Commons Zero. Volume cible 1.8M decisions.<\/em><\/p>\n<\/div>\n","protected":false},"excerpt":{"rendered":"<p>HR: 81.1 RO.<\/p>\n","protected":false},"featured_media":0,"template":"","meta":{"_crdt_document":""},"kji_country":[7669],"kji_court":[7834],"kji_chamber":[],"kji_year":[8463],"kji_subject":[7646],"kji_keyword":[],"kji_language":[7671],"class_list":["post-642653","kji_decision","type-kji_decision","status-publish","hentry","kji_country-pays-bas","kji_court-hoge-raad","kji_year-8463","kji_subject-divers","kji_language-nl"],"yoast_head":"<!-- This site is optimized with the Yoast SEO Premium plugin v27.5 (Yoast SEO v27.5) - https:\/\/yoast.com\/product\/yoast-seo-premium-wordpress\/ -->\n<title>ECLI:NL:HR:2025:1901 Hoge Raad , 12-12-2025 \/ 24\/00951 - Ma\u00eetre Hassan Kohen, avocat en droit p\u00e9nal \u00e0 Paris<\/title>\n<meta name=\"robots\" content=\"index, follow, max-snippet:-1, max-image-preview:large, max-video-preview:-1\" \/>\n<link rel=\"canonical\" href=\"https:\/\/kohenavocats.com\/ru\/jurisprudences\/eclinlhr20251901-hoge-raad-12-12-2025-24-00951\/\" \/>\n<meta property=\"og:locale\" content=\"ru_RU\" \/>\n<meta property=\"og:type\" content=\"article\" \/>\n<meta property=\"og:title\" content=\"ECLI:NL:HR:2025:1901 Hoge Raad , 12-12-2025 \/ 24\/00951\" \/>\n<meta property=\"og:description\" content=\"HR: 81.1 RO.\" \/>\n<meta property=\"og:url\" content=\"https:\/\/kohenavocats.com\/ru\/jurisprudences\/eclinlhr20251901-hoge-raad-12-12-2025-24-00951\/\" \/>\n<meta property=\"og:site_name\" content=\"Ma\u00eetre Hassan Kohen, avocat en droit p\u00e9nal \u00e0 Paris\" \/>\n<meta name=\"twitter:card\" content=\"summary_large_image\" \/>\n<meta name=\"twitter:label1\" content=\"\u041f\u0440\u0438\u043c\u0435\u0440\u043d\u043e\u0435 \u0432\u0440\u0435\u043c\u044f \u0434\u043b\u044f \u0447\u0442\u0435\u043d\u0438\u044f\" \/>\n\t<meta name=\"twitter:data1\" content=\"3 \u043c\u0438\u043d\u0443\u0442\u044b\" \/>\n<script type=\"application\/ld+json\" class=\"yoast-schema-graph\">{\"@context\":\"https:\\\/\\\/schema.org\",\"@graph\":[{\"@type\":\"WebPage\",\"@id\":\"https:\\\/\\\/kohenavocats.com\\\/ru\\\/jurisprudences\\\/eclinlhr20251901-hoge-raad-12-12-2025-24-00951\\\/\",\"url\":\"https:\\\/\\\/kohenavocats.com\\\/ru\\\/jurisprudences\\\/eclinlhr20251901-hoge-raad-12-12-2025-24-00951\\\/\",\"name\":\"ECLI:NL:HR:2025:1901 Hoge Raad , 12-12-2025 \\\/ 24\\\/00951 - Ma\u00eetre Hassan Kohen, avocat en droit p\u00e9nal \u00e0 Paris\",\"isPartOf\":{\"@id\":\"https:\\\/\\\/kohenavocats.com\\\/ru\\\/#website\"},\"datePublished\":\"2026-04-21T23:46:09+00:00\",\"breadcrumb\":{\"@id\":\"https:\\\/\\\/kohenavocats.com\\\/ru\\\/jurisprudences\\\/eclinlhr20251901-hoge-raad-12-12-2025-24-00951\\\/#breadcrumb\"},\"inLanguage\":\"ru-RU\",\"potentialAction\":[{\"@type\":\"ReadAction\",\"target\":[\"https:\\\/\\\/kohenavocats.com\\\/ru\\\/jurisprudences\\\/eclinlhr20251901-hoge-raad-12-12-2025-24-00951\\\/\"]}]},{\"@type\":\"BreadcrumbList\",\"@id\":\"https:\\\/\\\/kohenavocats.com\\\/ru\\\/jurisprudences\\\/eclinlhr20251901-hoge-raad-12-12-2025-24-00951\\\/#breadcrumb\",\"itemListElement\":[{\"@type\":\"ListItem\",\"position\":1,\"name\":\"Home\",\"item\":\"https:\\\/\\\/kohenavocats.com\\\/ru\\\/avocats-en-droit-penal-a-paris-conseil-et-defense-strategique\\\/\"},{\"@type\":\"ListItem\",\"position\":2,\"name\":\"Jurisprudences\",\"item\":\"https:\\\/\\\/kohenavocats.com\\\/ru\\\/jurisprudences\\\/\"},{\"@type\":\"ListItem\",\"position\":3,\"name\":\"ECLI:NL:HR:2025:1901 Hoge Raad , 12-12-2025 \\\/ 24\\\/00951\"}]},{\"@type\":\"WebSite\",\"@id\":\"https:\\\/\\\/kohenavocats.com\\\/ru\\\/#website\",\"url\":\"https:\\\/\\\/kohenavocats.com\\\/ru\\\/\",\"name\":\"Kohen Avocats\",\"description\":\"Ma\u00eetre Hassan Kohen, avocat p\u00e9naliste \u00e0 Paris, intervient exclusivement en droit p\u00e9nal pour la d\u00e9fense des particuliers, notamment en mati\u00e8re d\u2019accusations de viol. Il assure un accompagnement rigoureux d\u00e8s la garde \u00e0 vue jusqu\u2019\u00e0 la Cour d\u2019assises, veillant au strict respect des garanties proc\u00e9durales.\",\"publisher\":{\"@id\":\"https:\\\/\\\/kohenavocats.com\\\/ru\\\/#organization\"},\"potentialAction\":[{\"@type\":\"SearchAction\",\"target\":{\"@type\":\"EntryPoint\",\"urlTemplate\":\"https:\\\/\\\/kohenavocats.com\\\/ru\\\/?s={search_term_string}\"},\"query-input\":{\"@type\":\"PropertyValueSpecification\",\"valueRequired\":true,\"valueName\":\"search_term_string\"}}],\"inLanguage\":\"ru-RU\"},{\"@type\":\"Organization\",\"@id\":\"https:\\\/\\\/kohenavocats.com\\\/ru\\\/#organization\",\"name\":\"Kohen Avocats\",\"url\":\"https:\\\/\\\/kohenavocats.com\\\/ru\\\/\",\"logo\":{\"@type\":\"ImageObject\",\"inLanguage\":\"ru-RU\",\"@id\":\"https:\\\/\\\/kohenavocats.com\\\/ru\\\/#\\\/schema\\\/logo\\\/image\\\/\",\"url\":\"https:\\\/\\\/kohenavocats.com\\\/wp-content\\\/uploads\\\/2026\\\/01\\\/Logo-2-1.webp\",\"contentUrl\":\"https:\\\/\\\/kohenavocats.com\\\/wp-content\\\/uploads\\\/2026\\\/01\\\/Logo-2-1.webp\",\"width\":2114,\"height\":1253,\"caption\":\"Kohen Avocats\"},\"image\":{\"@id\":\"https:\\\/\\\/kohenavocats.com\\\/ru\\\/#\\\/schema\\\/logo\\\/image\\\/\"}}]}<\/script>\n<!-- \/ Yoast SEO Premium plugin. -->","yoast_head_json":{"title":"ECLI:NL:HR:2025:1901 Hoge Raad , 12-12-2025 \/ 24\/00951 - Ma\u00eetre Hassan Kohen, avocat en droit p\u00e9nal \u00e0 Paris","robots":{"index":"index","follow":"follow","max-snippet":"max-snippet:-1","max-image-preview":"max-image-preview:large","max-video-preview":"max-video-preview:-1"},"canonical":"https:\/\/kohenavocats.com\/ru\/jurisprudences\/eclinlhr20251901-hoge-raad-12-12-2025-24-00951\/","og_locale":"ru_RU","og_type":"article","og_title":"ECLI:NL:HR:2025:1901 Hoge Raad , 12-12-2025 \/ 24\/00951","og_description":"HR: 81.1 RO.","og_url":"https:\/\/kohenavocats.com\/ru\/jurisprudences\/eclinlhr20251901-hoge-raad-12-12-2025-24-00951\/","og_site_name":"Ma\u00eetre Hassan Kohen, avocat en droit p\u00e9nal \u00e0 Paris","twitter_card":"summary_large_image","twitter_misc":{"\u041f\u0440\u0438\u043c\u0435\u0440\u043d\u043e\u0435 \u0432\u0440\u0435\u043c\u044f \u0434\u043b\u044f \u0447\u0442\u0435\u043d\u0438\u044f":"3 \u043c\u0438\u043d\u0443\u0442\u044b"},"schema":{"@context":"https:\/\/schema.org","@graph":[{"@type":"WebPage","@id":"https:\/\/kohenavocats.com\/ru\/jurisprudences\/eclinlhr20251901-hoge-raad-12-12-2025-24-00951\/","url":"https:\/\/kohenavocats.com\/ru\/jurisprudences\/eclinlhr20251901-hoge-raad-12-12-2025-24-00951\/","name":"ECLI:NL:HR:2025:1901 Hoge Raad , 12-12-2025 \/ 24\/00951 - Ma\u00eetre Hassan Kohen, avocat en droit p\u00e9nal \u00e0 Paris","isPartOf":{"@id":"https:\/\/kohenavocats.com\/ru\/#website"},"datePublished":"2026-04-21T23:46:09+00:00","breadcrumb":{"@id":"https:\/\/kohenavocats.com\/ru\/jurisprudences\/eclinlhr20251901-hoge-raad-12-12-2025-24-00951\/#breadcrumb"},"inLanguage":"ru-RU","potentialAction":[{"@type":"ReadAction","target":["https:\/\/kohenavocats.com\/ru\/jurisprudences\/eclinlhr20251901-hoge-raad-12-12-2025-24-00951\/"]}]},{"@type":"BreadcrumbList","@id":"https:\/\/kohenavocats.com\/ru\/jurisprudences\/eclinlhr20251901-hoge-raad-12-12-2025-24-00951\/#breadcrumb","itemListElement":[{"@type":"ListItem","position":1,"name":"Home","item":"https:\/\/kohenavocats.com\/ru\/avocats-en-droit-penal-a-paris-conseil-et-defense-strategique\/"},{"@type":"ListItem","position":2,"name":"Jurisprudences","item":"https:\/\/kohenavocats.com\/ru\/jurisprudences\/"},{"@type":"ListItem","position":3,"name":"ECLI:NL:HR:2025:1901 Hoge Raad , 12-12-2025 \/ 24\/00951"}]},{"@type":"WebSite","@id":"https:\/\/kohenavocats.com\/ru\/#website","url":"https:\/\/kohenavocats.com\/ru\/","name":"Kohen Avocats","description":"Ma\u00eetre Hassan Kohen, avocat p\u00e9naliste \u00e0 Paris, intervient exclusivement en droit p\u00e9nal pour la d\u00e9fense des particuliers, notamment en mati\u00e8re d\u2019accusations de viol. Il assure un accompagnement rigoureux d\u00e8s la garde \u00e0 vue jusqu\u2019\u00e0 la Cour d\u2019assises, veillant au strict respect des garanties proc\u00e9durales.","publisher":{"@id":"https:\/\/kohenavocats.com\/ru\/#organization"},"potentialAction":[{"@type":"SearchAction","target":{"@type":"EntryPoint","urlTemplate":"https:\/\/kohenavocats.com\/ru\/?s={search_term_string}"},"query-input":{"@type":"PropertyValueSpecification","valueRequired":true,"valueName":"search_term_string"}}],"inLanguage":"ru-RU"},{"@type":"Organization","@id":"https:\/\/kohenavocats.com\/ru\/#organization","name":"Kohen Avocats","url":"https:\/\/kohenavocats.com\/ru\/","logo":{"@type":"ImageObject","inLanguage":"ru-RU","@id":"https:\/\/kohenavocats.com\/ru\/#\/schema\/logo\/image\/","url":"https:\/\/kohenavocats.com\/wp-content\/uploads\/2026\/01\/Logo-2-1.webp","contentUrl":"https:\/\/kohenavocats.com\/wp-content\/uploads\/2026\/01\/Logo-2-1.webp","width":2114,"height":1253,"caption":"Kohen Avocats"},"image":{"@id":"https:\/\/kohenavocats.com\/ru\/#\/schema\/logo\/image\/"}}]}},"jetpack_likes_enabled":false,"jetpack_sharing_enabled":true,"_links":{"self":[{"href":"https:\/\/kohenavocats.com\/ru\/wp-json\/wp\/v2\/kji_decision\/642653","targetHints":{"allow":["GET"]}}],"collection":[{"href":"https:\/\/kohenavocats.com\/ru\/wp-json\/wp\/v2\/kji_decision"}],"about":[{"href":"https:\/\/kohenavocats.com\/ru\/wp-json\/wp\/v2\/types\/kji_decision"}],"wp:attachment":[{"href":"https:\/\/kohenavocats.com\/ru\/wp-json\/wp\/v2\/media?parent=642653"}],"wp:term":[{"taxonomy":"kji_country","embeddable":true,"href":"https:\/\/kohenavocats.com\/ru\/wp-json\/wp\/v2\/kji_country?post=642653"},{"taxonomy":"kji_court","embeddable":true,"href":"https:\/\/kohenavocats.com\/ru\/wp-json\/wp\/v2\/kji_court?post=642653"},{"taxonomy":"kji_chamber","embeddable":true,"href":"https:\/\/kohenavocats.com\/ru\/wp-json\/wp\/v2\/kji_chamber?post=642653"},{"taxonomy":"kji_year","embeddable":true,"href":"https:\/\/kohenavocats.com\/ru\/wp-json\/wp\/v2\/kji_year?post=642653"},{"taxonomy":"kji_subject","embeddable":true,"href":"https:\/\/kohenavocats.com\/ru\/wp-json\/wp\/v2\/kji_subject?post=642653"},{"taxonomy":"kji_keyword","embeddable":true,"href":"https:\/\/kohenavocats.com\/ru\/wp-json\/wp\/v2\/kji_keyword?post=642653"},{"taxonomy":"kji_language","embeddable":true,"href":"https:\/\/kohenavocats.com\/ru\/wp-json\/wp\/v2\/kji_language?post=642653"}],"curies":[{"name":"wp","href":"https:\/\/api.w.org\/{rel}","templated":true}]}}