{"id":643401,"date":"2026-04-22T03:19:04","date_gmt":"2026-04-22T01:19:04","guid":{"rendered":"https:\/\/kohenavocats.com\/jurisprudences\/acordao-supremo-tribunal-de-justica-processo-978-21-0gcalm-s1-2023-03-01\/"},"modified":"2026-04-22T03:19:04","modified_gmt":"2026-04-22T01:19:04","slug":"acordao-supremo-tribunal-de-justica-processo-978-21-0gcalm-s1-2023-03-01","status":"publish","type":"kji_decision","link":"https:\/\/kohenavocats.com\/ru\/jurisprudences\/acordao-supremo-tribunal-de-justica-processo-978-21-0gcalm-s1-2023-03-01\/","title":{"rendered":"Ac\u00f3rd\u00e3o Supremo Tribunal de Justi\u00e7a \u2013 Processo 978\/21.0GCALM.S1 \u2013 2023-03-01"},"content":{"rendered":"<div class=\"kji-decision\">\n<p class=\"kji-summary\">Relator: S?NIO ALVES. I -???As exig?ncias de especial fundamenta??o que a doutrina e a jurisprud?ncia v?m fazendo, no que diz respeito ? determina??o da pena ?nica, t?m especial campo de actua??o em casos de conhecimento superveniente de concurso. Nestes casos, posto que o ac?rd?o cumulat?rio (ou senten?a cumulat?ria, sendo caso disso) parte de penas parcelares previamente fixadas, e porque a determina??o da pena ?nica n?o assenta numa mera opera??o mec?nica e aritm?tica, antes contempla uma aprecia??o conjunta dos factos e da personalidade do arguido, exige-se que tal aprecia??o seja vertida, de forma expressa, detalhada e inequ?voca, na fundamenta??o do ac?rd?o. II -?? Quando a determina??o da pena ?nica ? subsequente ? aplica??o das penas parcelares, no mesmo processo e ap?s aprecia??o dos crit?rios definidos no art. 71.? do CP, ? de aceitar que a fundamenta??o da pena ?nica dispense a revisita??o exaustiva desses crit?rios, para esse fim espec?fico. III &#8212; Mostra-se justa e adequada uma pena de 6 anos e 4 meses aplicada a um arguido condenado nas penas parcelares de 5 anos e 6 meses de pris?o e 2 anos de pris?o, pela pr?tica de um crime de roubo qualificado e de um crime de deten??o de arma proibida, respectivamente, quando ? certo que o recorrente e um seu co-arguido, em conjuga??o de esfor?os e em execu??o de plano conjunto, se introduziram numa resid?ncia que sabiam estar habitada e, sob amea?a de uma arma de fogo, carregada e pronta a disparar, obrigaram os seus ocupantes ? que imobilizaram e a quem, provocaram les?es f?sicas &#8212; a entregar-lhes uma mala com 2.000 euros, que jamais foram recuperados.<\/p>\n<hr class=\"kji-sep\" \/>\n<p class=\"kji-source-links\"><strong>Sources officielles :<\/strong> <a class=\"kji-source-link\" href=\"https:\/\/www.dgsi.pt\/jstj.nsf\/954f0ce6ad9dd8b980256b5f003fa814\/c5fec129faf65c7680258966005a4648?OpenDocument&#038;ExpandSection=1\" target=\"_blank\" rel=\"noopener noreferrer\">consulter la page source<\/a><\/p>\n<p class=\"kji-license-note\"><em>Portails officiels portugais (DGSI \/ Tribunal Constitucional). Republication en metadata_only par prudence licencielle ; consulter la source officielle pour le texte authentique.<\/em><\/p>\n<\/div>\n","protected":false},"excerpt":{"rendered":"<p>Relator: S?NIO ALVES. I -???As exig?ncias de especial fundamenta??o que a doutrina e a jurisprud?ncia v?m fazendo, no que diz respeito ? determina??o da pena ?nica, t?m especial campo de actua??o em casos de conhecimento superveniente de concurso. Nestes casos, posto que o ac?rd?o cumulat?rio (ou senten?a cumulat?ria, sendo caso disso) parte de penas parcelares previamente fixadas, e porque a determina??o da pena ?nica n?o assenta numa mera opera??o mec?nica e aritm?tica, antes contempla uma aprecia??o conjunta dos factos e da personalidade do arguido, exige-se que tal aprecia??o seja vertida, de forma expressa, detalhada e inequ?voca, na fundamenta??o do ac?rd?o. II -?? Quando a determina??o da pena ?nica ? subsequente ? aplica??o das penas parcelares, no mesmo processo e ap?s aprecia??o dos crit?rios definidos no art. 71.? do CP, ? de aceitar que a fundamenta??o da pena ?nica dispense a revisita??o exaustiva desses crit?rios, para esse fim espec?fico. III &#8212; Mostra-se justa e adequada uma pena de 6 anos e 4 meses aplicada a um arguido condenado nas penas parcelares de 5 anos e 6 meses de pris?o e 2 anos de pris?o, pela pr?tica de um crime de roubo qualificado e de um crime de deten??o de arma proibida, respectivamente, quando ? certo que o recorrente e um seu co-arguido, em conjuga??o de esfor?os e em execu??o de plano conjunto, se introduziram numa resid?ncia que sabiam estar habitada e, sob amea?a de uma arma de fogo, carregada e pronta a disparar, obrigaram os seus ocupantes ? que imobilizaram e a quem, provocaram les?es f?sicas &#8212; a entregar-lhes uma mala com 2.000 euros, que jamais foram recuperados.<\/p>\n","protected":false},"featured_media":0,"template":"","meta":{"_crdt_document":""},"kji_country":[7762],"kji_court":[7763],"kji_chamber":[8484],"kji_year":[24566],"kji_subject":[7632],"kji_keyword":[7772,7774,7771,7773,7636],"kji_language":[7770],"class_list":["post-643401","kji_decision","type-kji_decision","status-publish","hentry","kji_country-portugal","kji_court-supremo-tribunal-de-justica","kji_chamber-3-seco","kji_year-24566","kji_subject-penal","kji_keyword-acordao","kji_keyword-justica","kji_keyword-processo","kji_keyword-supremo","kji_keyword-tribunal","kji_language-pt"],"yoast_head":"<!-- This site is optimized with the Yoast SEO Premium plugin v27.5 (Yoast SEO v27.5) - https:\/\/yoast.com\/product\/yoast-seo-premium-wordpress\/ -->\n<title>Ac\u00f3rd\u00e3o Supremo Tribunal de Justi\u00e7a \u2013 Processo 978\/21.0GCALM.S1 \u2013 2023-03-01 - Ma\u00eetre Hassan Kohen, avocat en droit p\u00e9nal \u00e0 Paris<\/title>\n<meta name=\"robots\" content=\"index, follow, max-snippet:-1, max-image-preview:large, max-video-preview:-1\" \/>\n<link rel=\"canonical\" href=\"https:\/\/kohenavocats.com\/ru\/jurisprudences\/acordao-supremo-tribunal-de-justica-processo-978-21-0gcalm-s1-2023-03-01\/\" \/>\n<meta property=\"og:locale\" content=\"ru_RU\" \/>\n<meta property=\"og:type\" content=\"article\" \/>\n<meta property=\"og:title\" content=\"Ac\u00f3rd\u00e3o Supremo Tribunal de Justi\u00e7a \u2013 Processo 978\/21.0GCALM.S1 \u2013 2023-03-01\" \/>\n<meta property=\"og:description\" content=\"Relator: S?NIO ALVES. I -???As exig?ncias de especial fundamenta??o que a doutrina e a jurisprud?ncia v?m fazendo, no que diz respeito ? determina??o da pena ?nica, t?m especial campo de actua??o em casos de conhecimento superveniente de concurso. Nestes casos, posto que o ac?rd?o cumulat?rio (ou senten?a cumulat?ria, sendo caso disso) parte de penas parcelares previamente fixadas, e porque a determina??o da pena ?nica n?o assenta numa mera opera??o mec?nica e aritm?tica, antes contempla uma aprecia??o conjunta dos factos e da personalidade do arguido, exige-se que tal aprecia??o seja vertida, de forma expressa, detalhada e inequ?voca, na fundamenta??o do ac?rd?o. II -?? Quando a determina??o da pena ?nica ? subsequente ? aplica??o das penas parcelares, no mesmo processo e ap?s aprecia??o dos crit?rios definidos no art. 71.? do CP, ? de aceitar que a fundamenta??o da pena ?nica dispense a revisita??o exaustiva desses crit?rios, para esse fim espec?fico. III - Mostra-se justa e adequada uma pena de 6 anos e 4 meses aplicada a um arguido condenado nas penas parcelares de 5 anos e 6 meses de pris?o e 2 anos de pris?o, pela pr?tica de um crime de roubo qualificado e de um crime de deten??o de arma proibida, respectivamente, quando ? certo que o recorrente e um seu co-arguido, em conjuga??o de esfor?os e em execu??o de plano conjunto, se introduziram numa resid?ncia que sabiam estar habitada e, sob amea?a de uma arma de fogo, carregada e pronta a disparar, obrigaram os seus ocupantes ? que imobilizaram e a quem, provocaram les?es f?sicas - a entregar-lhes uma mala com 2.000 euros, que jamais foram recuperados.\" \/>\n<meta property=\"og:url\" content=\"https:\/\/kohenavocats.com\/ru\/jurisprudences\/acordao-supremo-tribunal-de-justica-processo-978-21-0gcalm-s1-2023-03-01\/\" \/>\n<meta property=\"og:site_name\" content=\"Ma\u00eetre Hassan Kohen, avocat en droit p\u00e9nal \u00e0 Paris\" \/>\n<meta name=\"twitter:card\" content=\"summary_large_image\" \/>\n<meta name=\"twitter:label1\" content=\"\u041f\u0440\u0438\u043c\u0435\u0440\u043d\u043e\u0435 \u0432\u0440\u0435\u043c\u044f \u0434\u043b\u044f \u0447\u0442\u0435\u043d\u0438\u044f\" \/>\n\t<meta name=\"twitter:data1\" content=\"2 \u043c\u0438\u043d\u0443\u0442\u044b\" \/>\n<script type=\"application\/ld+json\" class=\"yoast-schema-graph\">{\"@context\":\"https:\\\/\\\/schema.org\",\"@graph\":[{\"@type\":\"WebPage\",\"@id\":\"https:\\\/\\\/kohenavocats.com\\\/ru\\\/jurisprudences\\\/acordao-supremo-tribunal-de-justica-processo-978-21-0gcalm-s1-2023-03-01\\\/\",\"url\":\"https:\\\/\\\/kohenavocats.com\\\/ru\\\/jurisprudences\\\/acordao-supremo-tribunal-de-justica-processo-978-21-0gcalm-s1-2023-03-01\\\/\",\"name\":\"Ac\u00f3rd\u00e3o Supremo Tribunal de Justi\u00e7a \u2013 Processo 978\\\/21.0GCALM.S1 \u2013 2023-03-01 - Ma\u00eetre Hassan Kohen, avocat en droit p\u00e9nal \u00e0 Paris\",\"isPartOf\":{\"@id\":\"https:\\\/\\\/kohenavocats.com\\\/ru\\\/#website\"},\"datePublished\":\"2026-04-22T01:19:04+00:00\",\"breadcrumb\":{\"@id\":\"https:\\\/\\\/kohenavocats.com\\\/ru\\\/jurisprudences\\\/acordao-supremo-tribunal-de-justica-processo-978-21-0gcalm-s1-2023-03-01\\\/#breadcrumb\"},\"inLanguage\":\"ru-RU\",\"potentialAction\":[{\"@type\":\"ReadAction\",\"target\":[\"https:\\\/\\\/kohenavocats.com\\\/ru\\\/jurisprudences\\\/acordao-supremo-tribunal-de-justica-processo-978-21-0gcalm-s1-2023-03-01\\\/\"]}]},{\"@type\":\"BreadcrumbList\",\"@id\":\"https:\\\/\\\/kohenavocats.com\\\/ru\\\/jurisprudences\\\/acordao-supremo-tribunal-de-justica-processo-978-21-0gcalm-s1-2023-03-01\\\/#breadcrumb\",\"itemListElement\":[{\"@type\":\"ListItem\",\"position\":1,\"name\":\"Home\",\"item\":\"https:\\\/\\\/kohenavocats.com\\\/ru\\\/avocats-en-droit-penal-a-paris-conseil-et-defense-strategique\\\/\"},{\"@type\":\"ListItem\",\"position\":2,\"name\":\"Jurisprudences\",\"item\":\"https:\\\/\\\/kohenavocats.com\\\/ru\\\/jurisprudences\\\/\"},{\"@type\":\"ListItem\",\"position\":3,\"name\":\"Ac\u00f3rd\u00e3o Supremo Tribunal de Justi\u00e7a \u2013 Processo 978\\\/21.0GCALM.S1 \u2013 2023-03-01\"}]},{\"@type\":\"WebSite\",\"@id\":\"https:\\\/\\\/kohenavocats.com\\\/ru\\\/#website\",\"url\":\"https:\\\/\\\/kohenavocats.com\\\/ru\\\/\",\"name\":\"Kohen Avocats\",\"description\":\"Ma\u00eetre Hassan Kohen, avocat p\u00e9naliste \u00e0 Paris, intervient exclusivement en droit p\u00e9nal pour la d\u00e9fense des particuliers, notamment en mati\u00e8re d\u2019accusations de viol. Il assure un accompagnement rigoureux d\u00e8s la garde \u00e0 vue jusqu\u2019\u00e0 la Cour d\u2019assises, veillant au strict respect des garanties proc\u00e9durales.\",\"publisher\":{\"@id\":\"https:\\\/\\\/kohenavocats.com\\\/ru\\\/#organization\"},\"potentialAction\":[{\"@type\":\"SearchAction\",\"target\":{\"@type\":\"EntryPoint\",\"urlTemplate\":\"https:\\\/\\\/kohenavocats.com\\\/ru\\\/?s={search_term_string}\"},\"query-input\":{\"@type\":\"PropertyValueSpecification\",\"valueRequired\":true,\"valueName\":\"search_term_string\"}}],\"inLanguage\":\"ru-RU\"},{\"@type\":\"Organization\",\"@id\":\"https:\\\/\\\/kohenavocats.com\\\/ru\\\/#organization\",\"name\":\"Kohen Avocats\",\"url\":\"https:\\\/\\\/kohenavocats.com\\\/ru\\\/\",\"logo\":{\"@type\":\"ImageObject\",\"inLanguage\":\"ru-RU\",\"@id\":\"https:\\\/\\\/kohenavocats.com\\\/ru\\\/#\\\/schema\\\/logo\\\/image\\\/\",\"url\":\"https:\\\/\\\/kohenavocats.com\\\/wp-content\\\/uploads\\\/2026\\\/01\\\/Logo-2-1.webp\",\"contentUrl\":\"https:\\\/\\\/kohenavocats.com\\\/wp-content\\\/uploads\\\/2026\\\/01\\\/Logo-2-1.webp\",\"width\":2114,\"height\":1253,\"caption\":\"Kohen Avocats\"},\"image\":{\"@id\":\"https:\\\/\\\/kohenavocats.com\\\/ru\\\/#\\\/schema\\\/logo\\\/image\\\/\"}}]}<\/script>\n<!-- \/ Yoast SEO Premium plugin. -->","yoast_head_json":{"title":"Ac\u00f3rd\u00e3o Supremo Tribunal de Justi\u00e7a \u2013 Processo 978\/21.0GCALM.S1 \u2013 2023-03-01 - Ma\u00eetre Hassan Kohen, avocat en droit p\u00e9nal \u00e0 Paris","robots":{"index":"index","follow":"follow","max-snippet":"max-snippet:-1","max-image-preview":"max-image-preview:large","max-video-preview":"max-video-preview:-1"},"canonical":"https:\/\/kohenavocats.com\/ru\/jurisprudences\/acordao-supremo-tribunal-de-justica-processo-978-21-0gcalm-s1-2023-03-01\/","og_locale":"ru_RU","og_type":"article","og_title":"Ac\u00f3rd\u00e3o Supremo Tribunal de Justi\u00e7a \u2013 Processo 978\/21.0GCALM.S1 \u2013 2023-03-01","og_description":"Relator: S?NIO ALVES. I -???As exig?ncias de especial fundamenta??o que a doutrina e a jurisprud?ncia v?m fazendo, no que diz respeito ? determina??o da pena ?nica, t?m especial campo de actua??o em casos de conhecimento superveniente de concurso. Nestes casos, posto que o ac?rd?o cumulat?rio (ou senten?a cumulat?ria, sendo caso disso) parte de penas parcelares previamente fixadas, e porque a determina??o da pena ?nica n?o assenta numa mera opera??o mec?nica e aritm?tica, antes contempla uma aprecia??o conjunta dos factos e da personalidade do arguido, exige-se que tal aprecia??o seja vertida, de forma expressa, detalhada e inequ?voca, na fundamenta??o do ac?rd?o. II -?? Quando a determina??o da pena ?nica ? subsequente ? aplica??o das penas parcelares, no mesmo processo e ap?s aprecia??o dos crit?rios definidos no art. 71.? do CP, ? de aceitar que a fundamenta??o da pena ?nica dispense a revisita??o exaustiva desses crit?rios, para esse fim espec?fico. III - Mostra-se justa e adequada uma pena de 6 anos e 4 meses aplicada a um arguido condenado nas penas parcelares de 5 anos e 6 meses de pris?o e 2 anos de pris?o, pela pr?tica de um crime de roubo qualificado e de um crime de deten??o de arma proibida, respectivamente, quando ? certo que o recorrente e um seu co-arguido, em conjuga??o de esfor?os e em execu??o de plano conjunto, se introduziram numa resid?ncia que sabiam estar habitada e, sob amea?a de uma arma de fogo, carregada e pronta a disparar, obrigaram os seus ocupantes ? que imobilizaram e a quem, provocaram les?es f?sicas - a entregar-lhes uma mala com 2.000 euros, que jamais foram recuperados.","og_url":"https:\/\/kohenavocats.com\/ru\/jurisprudences\/acordao-supremo-tribunal-de-justica-processo-978-21-0gcalm-s1-2023-03-01\/","og_site_name":"Ma\u00eetre Hassan Kohen, avocat en droit p\u00e9nal \u00e0 Paris","twitter_card":"summary_large_image","twitter_misc":{"\u041f\u0440\u0438\u043c\u0435\u0440\u043d\u043e\u0435 \u0432\u0440\u0435\u043c\u044f \u0434\u043b\u044f \u0447\u0442\u0435\u043d\u0438\u044f":"2 \u043c\u0438\u043d\u0443\u0442\u044b"},"schema":{"@context":"https:\/\/schema.org","@graph":[{"@type":"WebPage","@id":"https:\/\/kohenavocats.com\/ru\/jurisprudences\/acordao-supremo-tribunal-de-justica-processo-978-21-0gcalm-s1-2023-03-01\/","url":"https:\/\/kohenavocats.com\/ru\/jurisprudences\/acordao-supremo-tribunal-de-justica-processo-978-21-0gcalm-s1-2023-03-01\/","name":"Ac\u00f3rd\u00e3o Supremo Tribunal de Justi\u00e7a \u2013 Processo 978\/21.0GCALM.S1 \u2013 2023-03-01 - Ma\u00eetre Hassan Kohen, avocat en droit p\u00e9nal \u00e0 Paris","isPartOf":{"@id":"https:\/\/kohenavocats.com\/ru\/#website"},"datePublished":"2026-04-22T01:19:04+00:00","breadcrumb":{"@id":"https:\/\/kohenavocats.com\/ru\/jurisprudences\/acordao-supremo-tribunal-de-justica-processo-978-21-0gcalm-s1-2023-03-01\/#breadcrumb"},"inLanguage":"ru-RU","potentialAction":[{"@type":"ReadAction","target":["https:\/\/kohenavocats.com\/ru\/jurisprudences\/acordao-supremo-tribunal-de-justica-processo-978-21-0gcalm-s1-2023-03-01\/"]}]},{"@type":"BreadcrumbList","@id":"https:\/\/kohenavocats.com\/ru\/jurisprudences\/acordao-supremo-tribunal-de-justica-processo-978-21-0gcalm-s1-2023-03-01\/#breadcrumb","itemListElement":[{"@type":"ListItem","position":1,"name":"Home","item":"https:\/\/kohenavocats.com\/ru\/avocats-en-droit-penal-a-paris-conseil-et-defense-strategique\/"},{"@type":"ListItem","position":2,"name":"Jurisprudences","item":"https:\/\/kohenavocats.com\/ru\/jurisprudences\/"},{"@type":"ListItem","position":3,"name":"Ac\u00f3rd\u00e3o Supremo Tribunal de Justi\u00e7a \u2013 Processo 978\/21.0GCALM.S1 \u2013 2023-03-01"}]},{"@type":"WebSite","@id":"https:\/\/kohenavocats.com\/ru\/#website","url":"https:\/\/kohenavocats.com\/ru\/","name":"Kohen Avocats","description":"Ma\u00eetre Hassan Kohen, avocat p\u00e9naliste \u00e0 Paris, intervient exclusivement en droit p\u00e9nal pour la d\u00e9fense des particuliers, notamment en mati\u00e8re d\u2019accusations de viol. Il assure un accompagnement rigoureux d\u00e8s la garde \u00e0 vue jusqu\u2019\u00e0 la Cour d\u2019assises, veillant au strict respect des garanties proc\u00e9durales.","publisher":{"@id":"https:\/\/kohenavocats.com\/ru\/#organization"},"potentialAction":[{"@type":"SearchAction","target":{"@type":"EntryPoint","urlTemplate":"https:\/\/kohenavocats.com\/ru\/?s={search_term_string}"},"query-input":{"@type":"PropertyValueSpecification","valueRequired":true,"valueName":"search_term_string"}}],"inLanguage":"ru-RU"},{"@type":"Organization","@id":"https:\/\/kohenavocats.com\/ru\/#organization","name":"Kohen Avocats","url":"https:\/\/kohenavocats.com\/ru\/","logo":{"@type":"ImageObject","inLanguage":"ru-RU","@id":"https:\/\/kohenavocats.com\/ru\/#\/schema\/logo\/image\/","url":"https:\/\/kohenavocats.com\/wp-content\/uploads\/2026\/01\/Logo-2-1.webp","contentUrl":"https:\/\/kohenavocats.com\/wp-content\/uploads\/2026\/01\/Logo-2-1.webp","width":2114,"height":1253,"caption":"Kohen Avocats"},"image":{"@id":"https:\/\/kohenavocats.com\/ru\/#\/schema\/logo\/image\/"}}]}},"jetpack_likes_enabled":false,"jetpack_sharing_enabled":true,"_links":{"self":[{"href":"https:\/\/kohenavocats.com\/ru\/wp-json\/wp\/v2\/kji_decision\/643401","targetHints":{"allow":["GET"]}}],"collection":[{"href":"https:\/\/kohenavocats.com\/ru\/wp-json\/wp\/v2\/kji_decision"}],"about":[{"href":"https:\/\/kohenavocats.com\/ru\/wp-json\/wp\/v2\/types\/kji_decision"}],"wp:attachment":[{"href":"https:\/\/kohenavocats.com\/ru\/wp-json\/wp\/v2\/media?parent=643401"}],"wp:term":[{"taxonomy":"kji_country","embeddable":true,"href":"https:\/\/kohenavocats.com\/ru\/wp-json\/wp\/v2\/kji_country?post=643401"},{"taxonomy":"kji_court","embeddable":true,"href":"https:\/\/kohenavocats.com\/ru\/wp-json\/wp\/v2\/kji_court?post=643401"},{"taxonomy":"kji_chamber","embeddable":true,"href":"https:\/\/kohenavocats.com\/ru\/wp-json\/wp\/v2\/kji_chamber?post=643401"},{"taxonomy":"kji_year","embeddable":true,"href":"https:\/\/kohenavocats.com\/ru\/wp-json\/wp\/v2\/kji_year?post=643401"},{"taxonomy":"kji_subject","embeddable":true,"href":"https:\/\/kohenavocats.com\/ru\/wp-json\/wp\/v2\/kji_subject?post=643401"},{"taxonomy":"kji_keyword","embeddable":true,"href":"https:\/\/kohenavocats.com\/ru\/wp-json\/wp\/v2\/kji_keyword?post=643401"},{"taxonomy":"kji_language","embeddable":true,"href":"https:\/\/kohenavocats.com\/ru\/wp-json\/wp\/v2\/kji_language?post=643401"}],"curies":[{"name":"wp","href":"https:\/\/api.w.org\/{rel}","templated":true}]}}