{"id":643625,"date":"2026-04-22T03:46:25","date_gmt":"2026-04-22T01:46:25","guid":{"rendered":"https:\/\/kohenavocats.com\/jurisprudences\/eclinlrblim2026723-rechtbank-limburg-07-01-2026-c-03-348034-bz-rk-25-2551\/"},"modified":"2026-04-22T03:46:25","modified_gmt":"2026-04-22T01:46:25","slug":"eclinlrblim2026723-rechtbank-limburg-07-01-2026-c-03-348034-bz-rk-25-2551","status":"publish","type":"kji_decision","link":"https:\/\/kohenavocats.com\/ru\/jurisprudences\/eclinlrblim2026723-rechtbank-limburg-07-01-2026-c-03-348034-bz-rk-25-2551\/","title":{"rendered":"ECLI:NL:RBLIM:2026:723 Rechtbank Limburg , 07-01-2026 \/ C\/03\/348034 \/ BZ RK 25\/2551"},"content":{"rendered":"<div class=\"kji-decision\">\n<div class=\"kji-full-text\">\n<p><strong>Inhoudsindicatie.<\/strong> Zorgmachtiging aansluitend op zorgmachtiging<\/p>\n<h3>RECHTBANK LIMBURG<\/h3>\n<p>Familie en jeugd<\/p>\n<p>Locatie Roermond<\/p>\n<p>Zaaknummer: C\/03\/348034 \/ BZ RK 25\/2551<\/p>\n<p>Datum uitspraak: 7 januari 2026<\/p>\n<p>Beschikking zorgmachtiging aansluitend op zorgmachtiging<\/p>\n<p>op het verzoek van de officier van justitie voor<\/p>\n<p>[betrokkene] ,<\/p>\n<p>geboren op [geboortedatum] 1987 in [geboorteplaats] ,<\/p>\n<p>hierna te noemen: betrokkene,<\/p>\n<p>wonend in [woonplaats] ,<br \/>\nadvocaat: mr. M.J.M. Houben, kantoorhoudend in Wessem.<\/p>\n<h3>1Het verloop van de procedure<\/h3>\n<p>De rechtbank neemt de volgende stukken mee in de beoordeling:<\/p>\n<p>het verzoekschrift met bijlagen, binnengekomen bij de rechtbank op<br \/>\n16 december 2025;<\/p>\n<p>de referteverklaring, ondertekend op 22 december 2025 door betrokkene en zijn advocaat.<\/p>\n<h3>2Wat vaststaat<\/h3>\n<p>De rechtbank heeft een zorgmachtiging aansluitend op zorgmachtiging verleend tot en met 13 januari 2026.<\/p>\n<p>De rechtbank heeft de advocaat van betrokkene een brief gestuurd met het verzoek om het standpunt van betrokkene ten aanzien van het verzoek schriftelijk kenbaar te maken. De advocaat heeft namens betrokkene een referteverklaring ingediend.<\/p>\n<h3>3Het verzoek en het verweer<\/h3>\n<p>De officier van justitie verzoekt de rechtbank een zorgmachtiging aansluitend op zorgmachtiging te verlenen voor de duur van twaalf maanden.<\/p>\n<p>De advocaat van betrokkene heeft met de referteverklaring te kennen gegeven dat betrokkene instemt met het verzoek, er geen verweer wordt gevoerd en er geen bezwaar bestaat tegen de afdoening van deze zaak zonder dat de zaak mondeling behandeld wordt. Gelet op deze referte kan de mondelinge behandeling achterwege blijven.<\/p>\n<h3>4De beoordeling<\/h3>\n<p>De rechtbank zal de gevraagde machtiging voor de duur van twaalf maanden verlenen. Zij legt hierna uit waarom zij deze beslissing neemt.<\/p>\n<p>Op grond van artikel 5:17 Wet verplichte geestelijke gezondheidszorg (hierna te noemen: Wvggz) in samenhang gelezen met het bepaalde in artikel 6:4 Wvggz verleent de rechtbank een zorgmachtiging indien naar haar oordeel is voldaan aan de criteria voor verplichte zorg, bedoeld in artikel 3:3 Wvggz en het doel van verplichte zorg, bedoeld in artikel 3:4 Wvggz, onderdelen b tot en met e. De rechtbank neemt hierbij de algemene uitgangspunten van artikel 2:1 Wvggz in acht.<\/p>\n<p>De rechtbank is van oordeel dat uit de stukken blijkt dat betrokkene lijdt aan een psychische stoornis, in de vorm van een schizo-affectieve stoornis.<\/p>\n<p>Deze stoornis veroorzaakt ernstig nadeel. Dit nadeel bestaat uit:<\/p>\n<p>levensgevaar;<\/p>\n<p>ernstig lichamelijk letsel;<\/p>\n<p>ernstige psychische schade;<\/p>\n<p>ernstige immateri\u00eble schade;<\/p>\n<p>ernstige financi\u00eble schade;<\/p>\n<p>ernstige verwaarlozing;<\/p>\n<p>maatschappelijke teloorgang;<\/p>\n<p>&#8212; gevaar voor de algemene veiligheid van personen en goederen.<\/p>\n<p>Om het ernstig nadeel af te wenden of de geestelijke gezondheid van betrokkene te stabiliseren of te herstellen heeft betrokkene zorg nodig.<\/p>\n<p>Er zijn geen mogelijkheden voor passende zorg op vrijwillige basis. Daarom is verplichte zorg nodig.<\/p>\n<p>De rechtbank is op grond van het zorgplan, de medische verklaring en de visie van de geneesheer-directeur van oordeel dat de volgende vormen van verplichte zorg nodig zijn:<\/p>\n<p>&#8212; toedienen van medicatie;<\/p>\n<p>&#8212; beperken van de bewegingsvrijheid, in geval van een opname;<\/p>\n<p>&#8212; insluiten, in geval van een opname;<\/p>\n<p>&#8212; uitoefenen van toezicht op betrokkene, in geval van een opname;<\/p>\n<p>&#8212; aanbrengen van beperkingen in de vrijheid het eigen leven in te richten, die tot gevolg hebben dat betrokkene iets moet doen of nalaten, waaronder het gebruik van communicatiemiddelen;<\/p>\n<p>&#8212; opnemen in een accommodatie, als het ernstig nadeel ambulant niet kan worden afgewend.<\/p>\n<p>Er zijn geen minder bezwarende alternatieven die hetzelfde beoogde effect hebben. De vormen van verplichte zorg die de rechtbank toewijst zijn evenredig en naar verwachting effectief. Bij het bepalen van de juiste vormen van zorg is rekening gehouden met de voorwaarden die noodzakelijk zijn om deelname van betrokkene aan het maatschappelijk leven te bevorderen en om te zorgen voor de veiligheid van betrokkene en zijn omgeving.<\/p>\n<h3>5Beslissing<\/h3>\n<p>De rechtbank:<\/p>\n<p>verleent een zorgmachtiging aansluitend op zorgmachtiging voor [betrokkene] , geboren op [geboortedatum] 1987 in [geboorteplaats] , wat inhoudt dat de maatregelen die in 4.7. staan kunnen worden toegepast;<\/p>\n<p>bepaalt dat deze machtiging geldt tot en met 7 januari 2027.<\/p>\n<p>Deze beschikking is gegeven en in het openbaar uitgesproken op 7 januari 2026 door<\/p>\n<p>mr. K.G.J. Noelmans-Verbong, rechter, in aanwezigheid van J.F.G. Lamers, griffier.<\/p>\n<p>Tegen deze beschikking staat het rechtsmiddel van cassatie open.<\/p>\n<\/div>\n<hr class=\"kji-sep\" \/>\n<p class=\"kji-source-links\"><strong>Sources officielles :<\/strong> <a class=\"kji-source-link\" href=\"http:\/\/deeplink.rechtspraak.nl\/uitspraak?id=ECLI:NL:RBLIM:2026:723\" target=\"_blank\" rel=\"noopener noreferrer\">consulter la page source<\/a><\/p>\n<p class=\"kji-license-note\"><em>Rechtspraak.nl open data, Creative Commons Zero. Volume cible 1.8M decisions.<\/em><\/p>\n<\/div>\n","protected":false},"excerpt":{"rendered":"<p>Zorgmachtiging aansluitend op zorgmachtiging<\/p>\n","protected":false},"featured_media":0,"template":"","meta":{"_crdt_document":""},"kji_country":[7669],"kji_court":[8080],"kji_chamber":[],"kji_year":[7610],"kji_subject":[7646],"kji_keyword":[11279,9996,9995,7675,11278],"kji_language":[7671],"class_list":["post-643625","kji_decision","type-kji_decision","status-publish","hentry","kji_country-pays-bas","kji_court-rechtbank-limburg","kji_year-7610","kji_subject-divers","kji_keyword-aansluitend","kji_keyword-limburg","kji_keyword-rblim","kji_keyword-rechtbank","kji_keyword-zorgmachtiging","kji_language-nl"],"yoast_head":"<!-- This site is optimized with the Yoast SEO Premium plugin v27.4 (Yoast SEO v27.4) - https:\/\/yoast.com\/product\/yoast-seo-premium-wordpress\/ -->\n<title>ECLI:NL:RBLIM:2026:723 Rechtbank Limburg , 07-01-2026 \/ C\/03\/348034 \/ BZ RK 25\/2551 - Ma\u00eetre Hassan Kohen, avocat en droit p\u00e9nal \u00e0 Paris<\/title>\n<meta name=\"robots\" content=\"index, follow, max-snippet:-1, max-image-preview:large, max-video-preview:-1\" \/>\n<link rel=\"canonical\" href=\"https:\/\/kohenavocats.com\/ru\/jurisprudences\/eclinlrblim2026723-rechtbank-limburg-07-01-2026-c-03-348034-bz-rk-25-2551\/\" \/>\n<meta property=\"og:locale\" content=\"ru_RU\" \/>\n<meta property=\"og:type\" content=\"article\" \/>\n<meta property=\"og:title\" content=\"ECLI:NL:RBLIM:2026:723 Rechtbank Limburg , 07-01-2026 \/ C\/03\/348034 \/ BZ RK 25\/2551\" \/>\n<meta property=\"og:description\" content=\"Zorgmachtiging aansluitend op zorgmachtiging\" \/>\n<meta property=\"og:url\" content=\"https:\/\/kohenavocats.com\/ru\/jurisprudences\/eclinlrblim2026723-rechtbank-limburg-07-01-2026-c-03-348034-bz-rk-25-2551\/\" \/>\n<meta property=\"og:site_name\" content=\"Ma\u00eetre Hassan Kohen, avocat en droit p\u00e9nal \u00e0 Paris\" \/>\n<meta name=\"twitter:card\" content=\"summary_large_image\" \/>\n<meta name=\"twitter:label1\" content=\"\u041f\u0440\u0438\u043c\u0435\u0440\u043d\u043e\u0435 \u0432\u0440\u0435\u043c\u044f \u0434\u043b\u044f \u0447\u0442\u0435\u043d\u0438\u044f\" \/>\n\t<meta name=\"twitter:data1\" content=\"3 \u043c\u0438\u043d\u0443\u0442\u044b\" \/>\n<script type=\"application\/ld+json\" class=\"yoast-schema-graph\">{\"@context\":\"https:\\\/\\\/schema.org\",\"@graph\":[{\"@type\":\"WebPage\",\"@id\":\"https:\\\/\\\/kohenavocats.com\\\/ru\\\/jurisprudences\\\/eclinlrblim2026723-rechtbank-limburg-07-01-2026-c-03-348034-bz-rk-25-2551\\\/\",\"url\":\"https:\\\/\\\/kohenavocats.com\\\/ru\\\/jurisprudences\\\/eclinlrblim2026723-rechtbank-limburg-07-01-2026-c-03-348034-bz-rk-25-2551\\\/\",\"name\":\"ECLI:NL:RBLIM:2026:723 Rechtbank Limburg , 07-01-2026 \\\/ C\\\/03\\\/348034 \\\/ BZ RK 25\\\/2551 - Ma\u00eetre Hassan Kohen, avocat en droit p\u00e9nal \u00e0 Paris\",\"isPartOf\":{\"@id\":\"https:\\\/\\\/kohenavocats.com\\\/ru\\\/#website\"},\"datePublished\":\"2026-04-22T01:46:25+00:00\",\"breadcrumb\":{\"@id\":\"https:\\\/\\\/kohenavocats.com\\\/ru\\\/jurisprudences\\\/eclinlrblim2026723-rechtbank-limburg-07-01-2026-c-03-348034-bz-rk-25-2551\\\/#breadcrumb\"},\"inLanguage\":\"ru-RU\",\"potentialAction\":[{\"@type\":\"ReadAction\",\"target\":[\"https:\\\/\\\/kohenavocats.com\\\/ru\\\/jurisprudences\\\/eclinlrblim2026723-rechtbank-limburg-07-01-2026-c-03-348034-bz-rk-25-2551\\\/\"]}]},{\"@type\":\"BreadcrumbList\",\"@id\":\"https:\\\/\\\/kohenavocats.com\\\/ru\\\/jurisprudences\\\/eclinlrblim2026723-rechtbank-limburg-07-01-2026-c-03-348034-bz-rk-25-2551\\\/#breadcrumb\",\"itemListElement\":[{\"@type\":\"ListItem\",\"position\":1,\"name\":\"Home\",\"item\":\"https:\\\/\\\/kohenavocats.com\\\/ru\\\/avocats-en-droit-penal-a-paris-conseil-et-defense-strategique\\\/\"},{\"@type\":\"ListItem\",\"position\":2,\"name\":\"Jurisprudences\",\"item\":\"https:\\\/\\\/kohenavocats.com\\\/ru\\\/jurisprudences\\\/\"},{\"@type\":\"ListItem\",\"position\":3,\"name\":\"ECLI:NL:RBLIM:2026:723 Rechtbank Limburg , 07-01-2026 \\\/ C\\\/03\\\/348034 \\\/ BZ RK 25\\\/2551\"}]},{\"@type\":\"WebSite\",\"@id\":\"https:\\\/\\\/kohenavocats.com\\\/ru\\\/#website\",\"url\":\"https:\\\/\\\/kohenavocats.com\\\/ru\\\/\",\"name\":\"Kohen Avocats\",\"description\":\"Ma\u00eetre Hassan Kohen, avocat p\u00e9naliste \u00e0 Paris, intervient exclusivement en droit p\u00e9nal pour la d\u00e9fense des particuliers, notamment en mati\u00e8re d\u2019accusations de viol. Il assure un accompagnement rigoureux d\u00e8s la garde \u00e0 vue jusqu\u2019\u00e0 la Cour d\u2019assises, veillant au strict respect des garanties proc\u00e9durales.\",\"publisher\":{\"@id\":\"https:\\\/\\\/kohenavocats.com\\\/ru\\\/#organization\"},\"potentialAction\":[{\"@type\":\"SearchAction\",\"target\":{\"@type\":\"EntryPoint\",\"urlTemplate\":\"https:\\\/\\\/kohenavocats.com\\\/ru\\\/?s={search_term_string}\"},\"query-input\":{\"@type\":\"PropertyValueSpecification\",\"valueRequired\":true,\"valueName\":\"search_term_string\"}}],\"inLanguage\":\"ru-RU\"},{\"@type\":\"Organization\",\"@id\":\"https:\\\/\\\/kohenavocats.com\\\/ru\\\/#organization\",\"name\":\"Kohen Avocats\",\"url\":\"https:\\\/\\\/kohenavocats.com\\\/ru\\\/\",\"logo\":{\"@type\":\"ImageObject\",\"inLanguage\":\"ru-RU\",\"@id\":\"https:\\\/\\\/kohenavocats.com\\\/ru\\\/#\\\/schema\\\/logo\\\/image\\\/\",\"url\":\"https:\\\/\\\/kohenavocats.com\\\/wp-content\\\/uploads\\\/2026\\\/01\\\/Logo-2-1.webp\",\"contentUrl\":\"https:\\\/\\\/kohenavocats.com\\\/wp-content\\\/uploads\\\/2026\\\/01\\\/Logo-2-1.webp\",\"width\":2114,\"height\":1253,\"caption\":\"Kohen Avocats\"},\"image\":{\"@id\":\"https:\\\/\\\/kohenavocats.com\\\/ru\\\/#\\\/schema\\\/logo\\\/image\\\/\"}}]}<\/script>\n<!-- \/ Yoast SEO Premium plugin. -->","yoast_head_json":{"title":"ECLI:NL:RBLIM:2026:723 Rechtbank Limburg , 07-01-2026 \/ C\/03\/348034 \/ BZ RK 25\/2551 - Ma\u00eetre Hassan Kohen, avocat en droit p\u00e9nal \u00e0 Paris","robots":{"index":"index","follow":"follow","max-snippet":"max-snippet:-1","max-image-preview":"max-image-preview:large","max-video-preview":"max-video-preview:-1"},"canonical":"https:\/\/kohenavocats.com\/ru\/jurisprudences\/eclinlrblim2026723-rechtbank-limburg-07-01-2026-c-03-348034-bz-rk-25-2551\/","og_locale":"ru_RU","og_type":"article","og_title":"ECLI:NL:RBLIM:2026:723 Rechtbank Limburg , 07-01-2026 \/ C\/03\/348034 \/ BZ RK 25\/2551","og_description":"Zorgmachtiging aansluitend op zorgmachtiging","og_url":"https:\/\/kohenavocats.com\/ru\/jurisprudences\/eclinlrblim2026723-rechtbank-limburg-07-01-2026-c-03-348034-bz-rk-25-2551\/","og_site_name":"Ma\u00eetre Hassan Kohen, avocat en droit p\u00e9nal \u00e0 Paris","twitter_card":"summary_large_image","twitter_misc":{"\u041f\u0440\u0438\u043c\u0435\u0440\u043d\u043e\u0435 \u0432\u0440\u0435\u043c\u044f \u0434\u043b\u044f \u0447\u0442\u0435\u043d\u0438\u044f":"3 \u043c\u0438\u043d\u0443\u0442\u044b"},"schema":{"@context":"https:\/\/schema.org","@graph":[{"@type":"WebPage","@id":"https:\/\/kohenavocats.com\/ru\/jurisprudences\/eclinlrblim2026723-rechtbank-limburg-07-01-2026-c-03-348034-bz-rk-25-2551\/","url":"https:\/\/kohenavocats.com\/ru\/jurisprudences\/eclinlrblim2026723-rechtbank-limburg-07-01-2026-c-03-348034-bz-rk-25-2551\/","name":"ECLI:NL:RBLIM:2026:723 Rechtbank Limburg , 07-01-2026 \/ C\/03\/348034 \/ BZ RK 25\/2551 - Ma\u00eetre Hassan Kohen, avocat en droit p\u00e9nal \u00e0 Paris","isPartOf":{"@id":"https:\/\/kohenavocats.com\/ru\/#website"},"datePublished":"2026-04-22T01:46:25+00:00","breadcrumb":{"@id":"https:\/\/kohenavocats.com\/ru\/jurisprudences\/eclinlrblim2026723-rechtbank-limburg-07-01-2026-c-03-348034-bz-rk-25-2551\/#breadcrumb"},"inLanguage":"ru-RU","potentialAction":[{"@type":"ReadAction","target":["https:\/\/kohenavocats.com\/ru\/jurisprudences\/eclinlrblim2026723-rechtbank-limburg-07-01-2026-c-03-348034-bz-rk-25-2551\/"]}]},{"@type":"BreadcrumbList","@id":"https:\/\/kohenavocats.com\/ru\/jurisprudences\/eclinlrblim2026723-rechtbank-limburg-07-01-2026-c-03-348034-bz-rk-25-2551\/#breadcrumb","itemListElement":[{"@type":"ListItem","position":1,"name":"Home","item":"https:\/\/kohenavocats.com\/ru\/avocats-en-droit-penal-a-paris-conseil-et-defense-strategique\/"},{"@type":"ListItem","position":2,"name":"Jurisprudences","item":"https:\/\/kohenavocats.com\/ru\/jurisprudences\/"},{"@type":"ListItem","position":3,"name":"ECLI:NL:RBLIM:2026:723 Rechtbank Limburg , 07-01-2026 \/ C\/03\/348034 \/ BZ RK 25\/2551"}]},{"@type":"WebSite","@id":"https:\/\/kohenavocats.com\/ru\/#website","url":"https:\/\/kohenavocats.com\/ru\/","name":"Kohen Avocats","description":"Ma\u00eetre Hassan Kohen, avocat p\u00e9naliste \u00e0 Paris, intervient exclusivement en droit p\u00e9nal pour la d\u00e9fense des particuliers, notamment en mati\u00e8re d\u2019accusations de viol. Il assure un accompagnement rigoureux d\u00e8s la garde \u00e0 vue jusqu\u2019\u00e0 la Cour d\u2019assises, veillant au strict respect des garanties proc\u00e9durales.","publisher":{"@id":"https:\/\/kohenavocats.com\/ru\/#organization"},"potentialAction":[{"@type":"SearchAction","target":{"@type":"EntryPoint","urlTemplate":"https:\/\/kohenavocats.com\/ru\/?s={search_term_string}"},"query-input":{"@type":"PropertyValueSpecification","valueRequired":true,"valueName":"search_term_string"}}],"inLanguage":"ru-RU"},{"@type":"Organization","@id":"https:\/\/kohenavocats.com\/ru\/#organization","name":"Kohen Avocats","url":"https:\/\/kohenavocats.com\/ru\/","logo":{"@type":"ImageObject","inLanguage":"ru-RU","@id":"https:\/\/kohenavocats.com\/ru\/#\/schema\/logo\/image\/","url":"https:\/\/kohenavocats.com\/wp-content\/uploads\/2026\/01\/Logo-2-1.webp","contentUrl":"https:\/\/kohenavocats.com\/wp-content\/uploads\/2026\/01\/Logo-2-1.webp","width":2114,"height":1253,"caption":"Kohen Avocats"},"image":{"@id":"https:\/\/kohenavocats.com\/ru\/#\/schema\/logo\/image\/"}}]}},"jetpack_likes_enabled":false,"jetpack_sharing_enabled":true,"_links":{"self":[{"href":"https:\/\/kohenavocats.com\/ru\/wp-json\/wp\/v2\/kji_decision\/643625","targetHints":{"allow":["GET"]}}],"collection":[{"href":"https:\/\/kohenavocats.com\/ru\/wp-json\/wp\/v2\/kji_decision"}],"about":[{"href":"https:\/\/kohenavocats.com\/ru\/wp-json\/wp\/v2\/types\/kji_decision"}],"wp:attachment":[{"href":"https:\/\/kohenavocats.com\/ru\/wp-json\/wp\/v2\/media?parent=643625"}],"wp:term":[{"taxonomy":"kji_country","embeddable":true,"href":"https:\/\/kohenavocats.com\/ru\/wp-json\/wp\/v2\/kji_country?post=643625"},{"taxonomy":"kji_court","embeddable":true,"href":"https:\/\/kohenavocats.com\/ru\/wp-json\/wp\/v2\/kji_court?post=643625"},{"taxonomy":"kji_chamber","embeddable":true,"href":"https:\/\/kohenavocats.com\/ru\/wp-json\/wp\/v2\/kji_chamber?post=643625"},{"taxonomy":"kji_year","embeddable":true,"href":"https:\/\/kohenavocats.com\/ru\/wp-json\/wp\/v2\/kji_year?post=643625"},{"taxonomy":"kji_subject","embeddable":true,"href":"https:\/\/kohenavocats.com\/ru\/wp-json\/wp\/v2\/kji_subject?post=643625"},{"taxonomy":"kji_keyword","embeddable":true,"href":"https:\/\/kohenavocats.com\/ru\/wp-json\/wp\/v2\/kji_keyword?post=643625"},{"taxonomy":"kji_language","embeddable":true,"href":"https:\/\/kohenavocats.com\/ru\/wp-json\/wp\/v2\/kji_language?post=643625"}],"curies":[{"name":"wp","href":"https:\/\/api.w.org\/{rel}","templated":true}]}}