{"id":644809,"date":"2026-04-22T06:32:14","date_gmt":"2026-04-22T04:32:14","guid":{"rendered":"https:\/\/kohenavocats.com\/jurisprudences\/tribunal-federal-suisse-7-fevrier-2023-n-1b-650-2022\/"},"modified":"2026-04-22T06:32:14","modified_gmt":"2026-04-22T04:32:14","slug":"tribunal-federal-suisse-7-fevrier-2023-n-1b-650-2022","status":"publish","type":"kji_decision","link":"https:\/\/kohenavocats.com\/ru\/jurisprudences\/tribunal-federal-suisse-7-fevrier-2023-n-1b-650-2022\/","title":{"rendered":"Tribunal f\u00e9d\u00e9ral suisse, 7 f\u00e9vrier 2023, n\u00b0 1B 650-2022"},"content":{"rendered":"<div class=\"kji-decision\">\n<div class=\"kji-full-text\">\n<p>Bundesgericht<\/p>\n<p>Tribunal f\u00e9d\u00e9ral<\/p>\n<p>Tribunale federale<\/p>\n<p>Tribunal federal<\/p>\n<p>1B_650\/2022<\/p>\n<p>Sentenza del 7 febbraio 2023<\/p>\n<p>I Corte di diritto pubblico<\/p>\n<p>Composizione<\/p>\n<p>Giudice federale Chaix, in qualit\u00e0 di Giudice dell&#039;istruzione,<\/p>\n<p>Cancelliere Crameri.<\/p>\n<p>Partecipanti al procedimento<\/p>\n<p>A.________,<\/p>\n<p>ricorrente,<\/p>\n<p>contro<\/p>\n<p>Ministero pubblico del Cantone Ticino, palazzo di giustizia, via Pretorio 16, 6901 Lugano.<\/p>\n<p>Oggetto<\/p>\n<p>Procedimento penale,<\/p>\n<p>ricorso contro la decisione emanata il 19 dicembre 2022 dal Presidente della Corte dei reclami penali del Tribunale d&#039;appello del Cantone Ticino (60.2022.355).<\/p>\n<p>Considerando:<\/p>\n<p>che con decisione del 19 dicembre 2022 il Presidente della Corte dei reclami penali del Tribunale d&#039;appello (CRP), ricevuto un reclamo inoltrato da A.________ contro un decreto di non luogo a procedere emanato dal Procuratore generale, non l&#039;ha considerato valido in quanto non rispettoso delle prescrizioni minime legali di motivazione (art. 390 cpv. 1 e art. 396 cpv. 1 CPP);<\/p>\n<p>che, richiamato l&#039;art. 385 cpv. 2 CPP, il Presidente della CRP ha invitato il reclamante a volerlo emendare entro 10 giorni, con la comminatoria che, altrimenti, il reclamo sarebbe stato dichiarato irricevibile (vedi causa 6B_69\/2023 nei confronti del ricorrente);<\/p>\n<p>che avverso questa decisione A.________ presenta un ricorso al Tribunale federale, senza formulare conclusioni di giudizio, inoltrando in seguito vari scritti che esulano dall&#039;oggetto del litigio;<\/p>\n<p>che non sono state chieste osservazioni al ricorso;<\/p>\n<p>che il Tribunale federale vaglia d&#039;ufficio se e in che misura un ricorso pu\u00f2 essere esaminato nel merito (DTF 148 I 160 consid. 1);<\/p>\n<p>che il ricorso deve contenere le conclusioni, i motivi e l&#039;indicazione dei mezzi di prova ed essere motivato in modo sufficiente, spiegando nei motivi perch\u00e9 e in che misura le diverse motivazioni della decisione dell&#039;autorit\u00e0 cantonale di ultima istanza violano il diritto (art. 42 cpv. 1 e 2 LTF; DTF 143 I 377 consid. 1.2 e 1.3; 142 III 364 consid. 2.4);<\/p>\n<p>che il ricorrente, limitandosi ad accennare a fatti avvenuti oltre 13 anni orsono, non si confronta del tutto con gli argomenti della decisione impugnata, segnatamente la carenza dei requisiti imposti dall&#039;art. 385 cpv. 2 CPP;<\/p>\n<p>che il ricorso, manifestamente inammissibile per carenza di motivazione, non pu\u00f2 essere esaminato nel merito e pu\u00f2 essere deciso sulla base della procedura semplificata dell&#039;art. 108 cpv. 1 lett. a LTF;<\/p>\n<p>che, vista la situazione finanziaria del ricorrente, si pu\u00f2 rinunciare a prelevare le spese giudiziarie (art. 66 cpv. 1 secondo periodo LTF);<\/p>\n<p>per questi motivi, il Giudice dell&#039;istruzione pronuncia:<\/p>\n<p>1.<\/p>\n<p>Il ricorso \u00e8 inammissibile.<\/p>\n<p>2.<\/p>\n<p>Non si prelevano spese giudiziarie.<\/p>\n<p>3.<\/p>\n<p>Comunicazione al ricorrente, al Ministero pubblico e alla Corte dei reclami penali del Tribunale d&#039;appello del Cantone Ticino.<\/p>\n<p>Losanna, 7 febbraio 2023<\/p>\n<p>In nome della I Corte di diritto pubblico<\/p>\n<p>del Tribunale federale svizzero<\/p>\n<p>Il Giudice dell&#039;istruzione: Il Cancelliere:<\/p>\n<p>Chaix Crameri<\/p>\n<\/div>\n<hr class=\"kji-sep\" \/>\n<p class=\"kji-source-links\"><strong>Sources officielles :<\/strong> <a class=\"kji-source-link\" href=\"https:\/\/search.bger.ch\/ext\/eurospider\/live\/fr\/php\/aza\/http\/index.php?lang=fr&#038;type=highlight_simple_query&#038;page=9&#038;from_date=&#038;to_date=&#038;sort=relevance&#038;insertion_date=&#038;top_subcollection_aza=all&#038;query_words=considerato&#038;rank=86&#038;azaclir=aza&#038;highlight_docid=aza%3A%2F%2F07-02-2023-1B_650-2022&#038;number_of_ranks=4120\" target=\"_blank\" rel=\"noopener noreferrer\">consulter la page source<\/a><\/p>\n<p class=\"kji-license-note\"><em>Source officielle Tribunal federal suisse. Contenu HTML public, PDF non garanti en version gratuite.<\/em><\/p>\n<\/div>\n","protected":false},"excerpt":{"rendered":"<p>Bundesgericht Tribunal f\u00e9d\u00e9ral Tribunale federale Tribunal federal 1B_650\/2022 Sentenza del 7 febbraio 2023 I Corte di diritto pubblico Composizione Giudice federale Chaix, in qualit\u00e0 di Giudice dell&#8217;istruzione, Cancelliere Crameri. Partecipanti al procedimento A.________, ricorrente, contro Ministero pubblico del Cantone Ticino, palazzo di giustizia, via Pretorio 16, 6901 Lugano. Oggetto Procedimento penale, ricorso contro la decisione&#8230;<\/p>\n","protected":false},"featured_media":0,"template":"","meta":{"_crdt_document":""},"kji_country":[9676],"kji_court":[9677],"kji_chamber":[10161],"kji_year":[24566],"kji_subject":[7650],"kji_keyword":[9799,9679,8457,9680,7636],"kji_language":[7685],"class_list":["post-644809","kji_decision","type-kji_decision","status-publish","hentry","kji_country-suisse","kji_court-tribunal-federal-suisse","kji_chamber-ire-cour-de-droit-public","kji_year-24566","kji_subject-administratif","kji_keyword-bundesgericht","kji_keyword-federal","kji_keyword-fevrier","kji_keyword-suisse","kji_keyword-tribunal","kji_language-italien"],"yoast_head":"<!-- This site is optimized with the Yoast SEO Premium plugin v27.4 (Yoast SEO v27.4) - https:\/\/yoast.com\/product\/yoast-seo-premium-wordpress\/ -->\n<title>Tribunal f\u00e9d\u00e9ral suisse, 7 f\u00e9vrier 2023, n\u00b0 1B 650-2022 - Ma\u00eetre Hassan Kohen, avocat en droit p\u00e9nal \u00e0 Paris<\/title>\n<meta name=\"robots\" content=\"index, follow, max-snippet:-1, max-image-preview:large, max-video-preview:-1\" \/>\n<link rel=\"canonical\" href=\"https:\/\/kohenavocats.com\/ru\/jurisprudences\/tribunal-federal-suisse-7-fevrier-2023-n-1b-650-2022\/\" \/>\n<meta property=\"og:locale\" content=\"ru_RU\" \/>\n<meta property=\"og:type\" content=\"article\" \/>\n<meta property=\"og:title\" content=\"Tribunal f\u00e9d\u00e9ral suisse, 7 f\u00e9vrier 2023, n\u00b0 1B 650-2022\" \/>\n<meta property=\"og:description\" content=\"Bundesgericht Tribunal f\u00e9d\u00e9ral Tribunale federale Tribunal federal 1B_650\/2022 Sentenza del 7 febbraio 2023 I Corte di diritto pubblico Composizione Giudice federale Chaix, in qualit\u00e0 di Giudice dell&#039;istruzione, Cancelliere Crameri. Partecipanti al procedimento A.________, ricorrente, contro Ministero pubblico del Cantone Ticino, palazzo di giustizia, via Pretorio 16, 6901 Lugano. Oggetto Procedimento penale, ricorso contro la decisione...\" \/>\n<meta property=\"og:url\" content=\"https:\/\/kohenavocats.com\/ru\/jurisprudences\/tribunal-federal-suisse-7-fevrier-2023-n-1b-650-2022\/\" \/>\n<meta property=\"og:site_name\" content=\"Ma\u00eetre Hassan Kohen, avocat en droit p\u00e9nal \u00e0 Paris\" \/>\n<meta name=\"twitter:card\" content=\"summary_large_image\" \/>\n<meta name=\"twitter:label1\" content=\"\u041f\u0440\u0438\u043c\u0435\u0440\u043d\u043e\u0435 \u0432\u0440\u0435\u043c\u044f \u0434\u043b\u044f \u0447\u0442\u0435\u043d\u0438\u044f\" \/>\n\t<meta name=\"twitter:data1\" content=\"2 \u043c\u0438\u043d\u0443\u0442\u044b\" \/>\n<script type=\"application\/ld+json\" class=\"yoast-schema-graph\">{\"@context\":\"https:\\\/\\\/schema.org\",\"@graph\":[{\"@type\":\"WebPage\",\"@id\":\"https:\\\/\\\/kohenavocats.com\\\/ru\\\/jurisprudences\\\/tribunal-federal-suisse-7-fevrier-2023-n-1b-650-2022\\\/\",\"url\":\"https:\\\/\\\/kohenavocats.com\\\/ru\\\/jurisprudences\\\/tribunal-federal-suisse-7-fevrier-2023-n-1b-650-2022\\\/\",\"name\":\"Tribunal f\u00e9d\u00e9ral suisse, 7 f\u00e9vrier 2023, n\u00b0 1B 650-2022 - Ma\u00eetre Hassan Kohen, avocat en droit p\u00e9nal \u00e0 Paris\",\"isPartOf\":{\"@id\":\"https:\\\/\\\/kohenavocats.com\\\/ru\\\/#website\"},\"datePublished\":\"2026-04-22T04:32:14+00:00\",\"breadcrumb\":{\"@id\":\"https:\\\/\\\/kohenavocats.com\\\/ru\\\/jurisprudences\\\/tribunal-federal-suisse-7-fevrier-2023-n-1b-650-2022\\\/#breadcrumb\"},\"inLanguage\":\"ru-RU\",\"potentialAction\":[{\"@type\":\"ReadAction\",\"target\":[\"https:\\\/\\\/kohenavocats.com\\\/ru\\\/jurisprudences\\\/tribunal-federal-suisse-7-fevrier-2023-n-1b-650-2022\\\/\"]}]},{\"@type\":\"BreadcrumbList\",\"@id\":\"https:\\\/\\\/kohenavocats.com\\\/ru\\\/jurisprudences\\\/tribunal-federal-suisse-7-fevrier-2023-n-1b-650-2022\\\/#breadcrumb\",\"itemListElement\":[{\"@type\":\"ListItem\",\"position\":1,\"name\":\"Home\",\"item\":\"https:\\\/\\\/kohenavocats.com\\\/ru\\\/avocats-en-droit-penal-a-paris-conseil-et-defense-strategique\\\/\"},{\"@type\":\"ListItem\",\"position\":2,\"name\":\"Jurisprudences\",\"item\":\"https:\\\/\\\/kohenavocats.com\\\/ru\\\/jurisprudences\\\/\"},{\"@type\":\"ListItem\",\"position\":3,\"name\":\"Tribunal f\u00e9d\u00e9ral suisse, 7 f\u00e9vrier 2023, n\u00b0 1B 650-2022\"}]},{\"@type\":\"WebSite\",\"@id\":\"https:\\\/\\\/kohenavocats.com\\\/ru\\\/#website\",\"url\":\"https:\\\/\\\/kohenavocats.com\\\/ru\\\/\",\"name\":\"Kohen Avocats\",\"description\":\"Ma\u00eetre Hassan Kohen, avocat p\u00e9naliste \u00e0 Paris, intervient exclusivement en droit p\u00e9nal pour la d\u00e9fense des particuliers, notamment en mati\u00e8re d\u2019accusations de viol. Il assure un accompagnement rigoureux d\u00e8s la garde \u00e0 vue jusqu\u2019\u00e0 la Cour d\u2019assises, veillant au strict respect des garanties proc\u00e9durales.\",\"publisher\":{\"@id\":\"https:\\\/\\\/kohenavocats.com\\\/ru\\\/#organization\"},\"potentialAction\":[{\"@type\":\"SearchAction\",\"target\":{\"@type\":\"EntryPoint\",\"urlTemplate\":\"https:\\\/\\\/kohenavocats.com\\\/ru\\\/?s={search_term_string}\"},\"query-input\":{\"@type\":\"PropertyValueSpecification\",\"valueRequired\":true,\"valueName\":\"search_term_string\"}}],\"inLanguage\":\"ru-RU\"},{\"@type\":\"Organization\",\"@id\":\"https:\\\/\\\/kohenavocats.com\\\/ru\\\/#organization\",\"name\":\"Kohen Avocats\",\"url\":\"https:\\\/\\\/kohenavocats.com\\\/ru\\\/\",\"logo\":{\"@type\":\"ImageObject\",\"inLanguage\":\"ru-RU\",\"@id\":\"https:\\\/\\\/kohenavocats.com\\\/ru\\\/#\\\/schema\\\/logo\\\/image\\\/\",\"url\":\"https:\\\/\\\/kohenavocats.com\\\/wp-content\\\/uploads\\\/2026\\\/01\\\/Logo-2-1.webp\",\"contentUrl\":\"https:\\\/\\\/kohenavocats.com\\\/wp-content\\\/uploads\\\/2026\\\/01\\\/Logo-2-1.webp\",\"width\":2114,\"height\":1253,\"caption\":\"Kohen Avocats\"},\"image\":{\"@id\":\"https:\\\/\\\/kohenavocats.com\\\/ru\\\/#\\\/schema\\\/logo\\\/image\\\/\"}}]}<\/script>\n<!-- \/ Yoast SEO Premium plugin. -->","yoast_head_json":{"title":"Tribunal f\u00e9d\u00e9ral suisse, 7 f\u00e9vrier 2023, n\u00b0 1B 650-2022 - Ma\u00eetre Hassan Kohen, avocat en droit p\u00e9nal \u00e0 Paris","robots":{"index":"index","follow":"follow","max-snippet":"max-snippet:-1","max-image-preview":"max-image-preview:large","max-video-preview":"max-video-preview:-1"},"canonical":"https:\/\/kohenavocats.com\/ru\/jurisprudences\/tribunal-federal-suisse-7-fevrier-2023-n-1b-650-2022\/","og_locale":"ru_RU","og_type":"article","og_title":"Tribunal f\u00e9d\u00e9ral suisse, 7 f\u00e9vrier 2023, n\u00b0 1B 650-2022","og_description":"Bundesgericht Tribunal f\u00e9d\u00e9ral Tribunale federale Tribunal federal 1B_650\/2022 Sentenza del 7 febbraio 2023 I Corte di diritto pubblico Composizione Giudice federale Chaix, in qualit\u00e0 di Giudice dell'istruzione, Cancelliere Crameri. Partecipanti al procedimento A.________, ricorrente, contro Ministero pubblico del Cantone Ticino, palazzo di giustizia, via Pretorio 16, 6901 Lugano. Oggetto Procedimento penale, ricorso contro la decisione...","og_url":"https:\/\/kohenavocats.com\/ru\/jurisprudences\/tribunal-federal-suisse-7-fevrier-2023-n-1b-650-2022\/","og_site_name":"Ma\u00eetre Hassan Kohen, avocat en droit p\u00e9nal \u00e0 Paris","twitter_card":"summary_large_image","twitter_misc":{"\u041f\u0440\u0438\u043c\u0435\u0440\u043d\u043e\u0435 \u0432\u0440\u0435\u043c\u044f \u0434\u043b\u044f \u0447\u0442\u0435\u043d\u0438\u044f":"2 \u043c\u0438\u043d\u0443\u0442\u044b"},"schema":{"@context":"https:\/\/schema.org","@graph":[{"@type":"WebPage","@id":"https:\/\/kohenavocats.com\/ru\/jurisprudences\/tribunal-federal-suisse-7-fevrier-2023-n-1b-650-2022\/","url":"https:\/\/kohenavocats.com\/ru\/jurisprudences\/tribunal-federal-suisse-7-fevrier-2023-n-1b-650-2022\/","name":"Tribunal f\u00e9d\u00e9ral suisse, 7 f\u00e9vrier 2023, n\u00b0 1B 650-2022 - Ma\u00eetre Hassan Kohen, avocat en droit p\u00e9nal \u00e0 Paris","isPartOf":{"@id":"https:\/\/kohenavocats.com\/ru\/#website"},"datePublished":"2026-04-22T04:32:14+00:00","breadcrumb":{"@id":"https:\/\/kohenavocats.com\/ru\/jurisprudences\/tribunal-federal-suisse-7-fevrier-2023-n-1b-650-2022\/#breadcrumb"},"inLanguage":"ru-RU","potentialAction":[{"@type":"ReadAction","target":["https:\/\/kohenavocats.com\/ru\/jurisprudences\/tribunal-federal-suisse-7-fevrier-2023-n-1b-650-2022\/"]}]},{"@type":"BreadcrumbList","@id":"https:\/\/kohenavocats.com\/ru\/jurisprudences\/tribunal-federal-suisse-7-fevrier-2023-n-1b-650-2022\/#breadcrumb","itemListElement":[{"@type":"ListItem","position":1,"name":"Home","item":"https:\/\/kohenavocats.com\/ru\/avocats-en-droit-penal-a-paris-conseil-et-defense-strategique\/"},{"@type":"ListItem","position":2,"name":"Jurisprudences","item":"https:\/\/kohenavocats.com\/ru\/jurisprudences\/"},{"@type":"ListItem","position":3,"name":"Tribunal f\u00e9d\u00e9ral suisse, 7 f\u00e9vrier 2023, n\u00b0 1B 650-2022"}]},{"@type":"WebSite","@id":"https:\/\/kohenavocats.com\/ru\/#website","url":"https:\/\/kohenavocats.com\/ru\/","name":"Kohen Avocats","description":"Ma\u00eetre Hassan Kohen, avocat p\u00e9naliste \u00e0 Paris, intervient exclusivement en droit p\u00e9nal pour la d\u00e9fense des particuliers, notamment en mati\u00e8re d\u2019accusations de viol. Il assure un accompagnement rigoureux d\u00e8s la garde \u00e0 vue jusqu\u2019\u00e0 la Cour d\u2019assises, veillant au strict respect des garanties proc\u00e9durales.","publisher":{"@id":"https:\/\/kohenavocats.com\/ru\/#organization"},"potentialAction":[{"@type":"SearchAction","target":{"@type":"EntryPoint","urlTemplate":"https:\/\/kohenavocats.com\/ru\/?s={search_term_string}"},"query-input":{"@type":"PropertyValueSpecification","valueRequired":true,"valueName":"search_term_string"}}],"inLanguage":"ru-RU"},{"@type":"Organization","@id":"https:\/\/kohenavocats.com\/ru\/#organization","name":"Kohen Avocats","url":"https:\/\/kohenavocats.com\/ru\/","logo":{"@type":"ImageObject","inLanguage":"ru-RU","@id":"https:\/\/kohenavocats.com\/ru\/#\/schema\/logo\/image\/","url":"https:\/\/kohenavocats.com\/wp-content\/uploads\/2026\/01\/Logo-2-1.webp","contentUrl":"https:\/\/kohenavocats.com\/wp-content\/uploads\/2026\/01\/Logo-2-1.webp","width":2114,"height":1253,"caption":"Kohen Avocats"},"image":{"@id":"https:\/\/kohenavocats.com\/ru\/#\/schema\/logo\/image\/"}}]}},"jetpack_likes_enabled":false,"jetpack_sharing_enabled":true,"_links":{"self":[{"href":"https:\/\/kohenavocats.com\/ru\/wp-json\/wp\/v2\/kji_decision\/644809","targetHints":{"allow":["GET"]}}],"collection":[{"href":"https:\/\/kohenavocats.com\/ru\/wp-json\/wp\/v2\/kji_decision"}],"about":[{"href":"https:\/\/kohenavocats.com\/ru\/wp-json\/wp\/v2\/types\/kji_decision"}],"wp:attachment":[{"href":"https:\/\/kohenavocats.com\/ru\/wp-json\/wp\/v2\/media?parent=644809"}],"wp:term":[{"taxonomy":"kji_country","embeddable":true,"href":"https:\/\/kohenavocats.com\/ru\/wp-json\/wp\/v2\/kji_country?post=644809"},{"taxonomy":"kji_court","embeddable":true,"href":"https:\/\/kohenavocats.com\/ru\/wp-json\/wp\/v2\/kji_court?post=644809"},{"taxonomy":"kji_chamber","embeddable":true,"href":"https:\/\/kohenavocats.com\/ru\/wp-json\/wp\/v2\/kji_chamber?post=644809"},{"taxonomy":"kji_year","embeddable":true,"href":"https:\/\/kohenavocats.com\/ru\/wp-json\/wp\/v2\/kji_year?post=644809"},{"taxonomy":"kji_subject","embeddable":true,"href":"https:\/\/kohenavocats.com\/ru\/wp-json\/wp\/v2\/kji_subject?post=644809"},{"taxonomy":"kji_keyword","embeddable":true,"href":"https:\/\/kohenavocats.com\/ru\/wp-json\/wp\/v2\/kji_keyword?post=644809"},{"taxonomy":"kji_language","embeddable":true,"href":"https:\/\/kohenavocats.com\/ru\/wp-json\/wp\/v2\/kji_language?post=644809"}],"curies":[{"name":"wp","href":"https:\/\/api.w.org\/{rel}","templated":true}]}}