{"id":645100,"date":"2026-04-22T07:01:20","date_gmt":"2026-04-22T05:01:20","guid":{"rendered":"https:\/\/kohenavocats.com\/jurisprudences\/eclinlrbgel20258132-rechtbank-gelderland-10-09-2025-11641424\/"},"modified":"2026-04-22T07:01:20","modified_gmt":"2026-04-22T05:01:20","slug":"eclinlrbgel20258132-rechtbank-gelderland-10-09-2025-11641424","status":"publish","type":"kji_decision","link":"https:\/\/kohenavocats.com\/ru\/jurisprudences\/eclinlrbgel20258132-rechtbank-gelderland-10-09-2025-11641424\/","title":{"rendered":"ECLI:NL:RBGEL:2025:8132 Rechtbank Gelderland , 10-09-2025 \/ 11641424"},"content":{"rendered":"<div class=\"kji-decision\">\n<div class=\"kji-full-text\">\n<p><strong>Inhoudsindicatie.<\/strong> Gevolgen faillissement van \u00e9\u00e9n van de gedaagde partijen in conventie\/ eisende partijen in reconventie, artikel 27 en 29 Fw, beslissing in bevoegdheidsincident (waarin een beroep op artikel 96 Rv is gedaan) aangehouden teneinde de curator op te roepen.<\/p>\n<p>RECHTBANK<br \/>\n GELDERLAND<\/p>\n<p>Civiel recht<\/p>\n<p>Kantonrechter<\/p>\n<p>Zittingsplaats Arnhem<\/p>\n<p>Zaaknummer: 11641424 \\ CV EXPL 25-2828<\/p>\n<p>Vonnis van 10 september 2025<\/p>\n<p>in de zaak van<\/p>\n<h3>1 [eiser 1 in conv] ,<\/h3>\n<p>te [woonplaats] ,<br \/>\n2. [eiser 2 in conv],<\/p>\n<p>te [vestigingsplaats] ,<br \/>\n3. [eiser 3 in conv],<\/p>\n<p>te [vestigingsplaats] ,<br \/>\n4. [eiser 4 in conv],<\/p>\n<p>te [vestigingsplaats] ,<\/p>\n<p>eisende partijen,<\/p>\n<p>hierna samen te noemen: [eisers in conv] ,<\/p>\n<p>gemachtigde: mr. F. Ortiz Aldana,<\/p>\n<p>tegen<\/p>\n<h3>1 [gedaagde 1 in conv] ,<\/h3>\n<p>te [woonplaats] ,<br \/>\n2. [gedaagde 2 in conv],<\/p>\n<p>te [vestigingsplaats] ,<br \/>\n3. [gedaagde 3 in conv],<\/p>\n<p>te [vestigingsplaats] ,<br \/>\n4. [gedaagde 4 in conv],<\/p>\n<p>te [vestigingsplaats] ,<br \/>\n5. [gedaagde 4 in conv],<\/p>\n<p>te [vestigingsplaats] ,<\/p>\n<p>gedaagde partijen,<\/p>\n<p>hierna samen te noemen: [gedaagden in conv] ,<\/p>\n<p>gemachtigde: mr. E.M. Uijttewaal.<\/p>\n<h3>1De procedure<\/h3>\n<p>Het verloop van de procedure blijkt uit:<\/p>\n<p>&#8212; het tussenvonnis van 9 juli 2025 en de daarin genoemde processtukken;<\/p>\n<p>&#8212; akte uitlaten partijen van [eisers in conv] ;<\/p>\n<p>&#8212; akte uitlaten partijen van [gedaagden in conv] .<\/p>\n<p>Ten slotte is vonnis bepaald.<\/p>\n<h3>2Het geschil in conventie<\/h3>\n<p>[eisers in conv] vordert in conventie bij vonnis, voor zover mogelijk uitvoerbaar bij voorraad om:<\/p>\n<p>[gedaagde 2 in conv] te veroordelen tot betaling aan [eiser 1 in conv] van \u20ac 14.607,52, te vermeerderen met de wettelijke rente vanaf 1 maart 2025 tot de dag van volledige betaling en de buitengerechtelijke incassokosten van \u20ac 921,08;<\/p>\n<p>[gedaagde 3 in conv] te veroordelen tot betaling aan [eiser 1 in conv] van \u20ac 12.398,28 te vermeerderen met de wettelijke rente vanaf 1 maart 2025 tot de dag van volledige betaling en de buitengerechtelijke incassokosten van \u20ac 898,98;<\/p>\n<p>[gedaagden in conv] hoofdelijk, des de een betalende de ander te zijn bevrijd, te veroordelen tot betaling van \u20ac 4.753,00 zijnde het redelijk loon dat door hen op grond van bewaarneming aan [eiser 2 in conv] verschuldigd is en te vermeerderen met het loon van \u20ac 433,00 per maand vanaf april 2025 tot de vonnisdatum;<\/p>\n<p>[gedaagden in conv] te veroordelen om binnen twee weken na betaling van het onder iii. genoemde loon, alle aan hen toekomende goederen bij [eiser 2 in conv] aan [adres en plaats] op te halen, alsook haar te veroordelen tot betaling aan [eiser 2 in conv] van een dwangsom van \u20ac 500,00 voor iedere dag of gedeelte van een dag dat zij in gebreke blijven hieraan te voldoen binnen twee weken na betekening van het te dezen te wijzen vonnis;<\/p>\n<p>in het verlengde van het onder iv. gevorderde te bepalen dat het vonnis op de voet van artikel 3:300 lid 1 BW in de plaats treedt van de voor de uitlevering vereiste vrijwaring(sverklaring) door [gedaagden in conv] , althans dat dit vonnis dezelfde kracht heeft als een in wettige vorm opgemaakte (onderhandse) akte waarin de vrijwaring wordt verleend door [gedaagden in conv] aan [eiser 2 in conv] en [eiser 3 in conv] voor alle mogelijke aanspraken van derden;<\/p>\n<p>[gedaagden in conv] hoofdelijk, des de een betalende de ander te zijn bevrijd, te veroordelen in de proceskosten te vermeerderen met de wettelijke rente over dit bedrag met ingang van de vijftiende dag na vonnisdatum tot de dag van volledige betaling.<\/p>\n<p>[eisers in conv] legt aan haar vorderingen ten grondslag dat [eiser 1 in conv] en [gedaagde 1 in conv] een affectieve relatie hebben gehad tot 2024. Gedurende deze relatie heeft [gedaagde 1 in conv] via zijn vennootschappen een rekening-courantschuld opgebouwd bij [eiser 1 in conv] . Daarnaast heeft [gedaagde 1 in conv] goederen die zowel aan hem als aan zijn vennootschappen [gedaagde 2 in conv] en [gedaagde 3 in conv] toebehoren in het bedrijfspand van [eiser 2 in conv] opgeslagen. Na be\u00ebindiging van de relatie heeft [eiser 1 in conv] geprobeerd om in overleg met [gedaagde 1 in conv] afspraken te maken over de afwikkeling van het voorgaande.<\/p>\n<p>[gedaagden in conv] voert verweer. [gedaagden in conv] concludeert tot niet-ontvankelijkheid van [eisers in conv] , dan wel tot afwijzing van de vorderingen van [eisers in conv] , met uitvoerbaar bij voorraad te verklaren veroordeling van [eisers in conv] in de proces- en nakosten.<\/p>\n<h3>3Het geschil in reconventie<\/h3>\n<p>[gedaagden in conv] vordert in reconventie bij vonnis, voor zoveel mogelijk uitvoerbaar bij voorraad om:<\/p>\n<p>I. [eisers in conv] hoofdelijk te veroordelen tot afgifte aan [gedaagde 1 in conv] , [gedaagde 2 in conv] , [bedrijf] en [gedaagde 4 in conv] , de goederen welke zich bevinden in de loods aan [adres en plaats] , en aldaar volgens opgave van [gedaagden in conv] circa 51 palletplaatsen innemen, binnen veertien dagen na betekening van het vonnis, op straffe van verbeurte van een dwangsom van \u20ac 500,00 voor iedere dag of gedeelte daarvan dat [eisers in conv] daarmee geheel of gedeeltelijk in gebreke blijft, zulks tot een maximum van \u20ac 50.000,00;<\/p>\n<p>II. [eisers in conv] hoofdelijk te veroordelen tot betaling aan [gedaagde 5 in conv] van<br \/>\n\u20ac 577,50, te vermeerderen met de wettelijke rente vanaf 17 april 2025 tot de dag van volledige betaling;<\/p>\n<p>III. [eiser 1 in conv] te veroordelen tot afgifte aan [gedaagde 1 in conv] van alle goederen, dan wel een gedeelte van de goederen, zoals vermeld op het als productie 8 (bij conclusie van antwoord tevens eis in reconventie) overgelegde overzicht die toebehoren aan [gedaagde 1 in conv] en die [eiser 1 in conv] onder zich heeft, binnen veertien dagen na betekening van het vonnis, op straffe van verbeurte van een dwangsom van \u20ac 500,00 voor iedere dag of gedeelte daarvan dat [eiser 1 in conv] daarmee geheel of gedeeltelijk in gebreke blijft, zulks met een maximum van \u20ac 50.000,00 en\/of [eiser 1 in conv] te veroordelen tot betaling aan [gedaagde 1 in conv] een in goede justitie te bepalen schadevergoeding voor \u00e9\u00e9n of meer van de goederen zoals vermeld op het bedoelde overzicht;<\/p>\n<p>IV. [eisers in conv] hoofdelijk te veroordelen in de proces- en nakosten, vermeerderd met de wettelijke rente vanaf de vijftiende dag na de dag van het ten deze te wijzen vonnis.<\/p>\n<p>[gedaagden in conv] legt aan zijn vorderingen ten grondslag dat hij en [eiser 1 in conv] een affectieve relatie hebben gehad en dat hij zowel priv\u00e9 als zakelijk diverse goederen bij [eisers in conv] heeft gestald.. Deze goederen wenst hij terug te krijgen. [gedaagde 5 in conv] heeft reeds kosten gemaakt om haar eigendommen terug te krijgen en deze kosten (\u20ac 577,50 excl. btw) moeten worden vergoed.<\/p>\n<h3>4Het bevoegdheidsincident<\/h3>\n<p>Het incident<\/p>\n<p>Bij tussenvonnis van 9 juli 2025 heeft de kantonrechter overwogen dat zowel in conventie als in reconventie vorderingen van onbepaalde waarde zijn ingesteld en er vooralsnog geen duidelijke aanwijzingen zijn dat deze vorderingen geen hogere waarde vertegenwoordigen dan een bedrag van \u20ac 25.000,00. Partijen zijn in dit tussenvonnis in de gelegenheid gesteld zich hierover uit te laten.<\/p>\n<p>Partijen hebben bij akte primair te kennen gegeven dat zij de procedure bij de kantonrechter wensen voort te zetten (artikel 96 Rv), onder het uitdrukkelijke voorbehoud van de mogelijkheid tot hoger beroep, binnen de grenzen van artikel 332 Rv. [eisers in conv] heeft in dat kader subsidiair aangevoerd dat er wel duidelijk aanwijzingen zijn dat haar vorderingen geen hogere waarde vertegenwoordigen dan een bedrag van \u20ac 25.000,00. Meer subsidiair wenst zij haar vorderingen te beperken tot \u20ac 25.000,00, zonder dat zij daarbij afstand heeft gedaan van het meerdere.<\/p>\n<h3>5De beoordeling<\/h3>\n<p>Gevolgen faillissement [gedaagde 2 in conv] in conventie<\/p>\n<p>Na het tussenvonnis van 9 juli 2025 is [gedaagde 2 in conv] bij vonnis van 22 juli 2025 in staat van faillissement verklaard met aanstelling van mr. B.E.H. Zwezerijnen als curator. De vorderingen in conventie onder i., iii., iv. en v. zijn (ook) jegens [gedaagde 2 in conv] ingesteld. De vorderingen onder i. en iii. hebben de voldoening van een verbintenis uit de boedel ten doel. Uit artikel 29 Fw volgt dat het geding tegen [gedaagde 2 in conv] na de faillietverklaring in ieder geval in zoverre van rechtswege is geschorst.<\/p>\n<p>De vorderingen onder iv. en v. hangen nauw samen met de vorderingen onder i. en iii. Voor de toepassing van artikel 29 Fw hebben de vorderingen onder iv. en v. naast de vorderingen onder i. en iii. daarom geen zelfstandige betekenis. Dit laatste geldt ook voor de onder vi. gevorderde hoofdelijke veroordeling in de proceskosten. Dit brengt met zich dat de procedure tegen [gedaagde 2 in conv] ook voor zover het de vorderingen onder iv., v. en vi. betreft door haar faillissement van rechtswege zijn geschorst (vergelijk HR 21 maart 2014, ECLI:NL:HR:2014:675).<\/p>\n<p>Schorsing op de voet van artikel 29 Fw werkt van rechtswege en is dus niet afhankelijk van een tot schorsing strekkende beslissing van de kantonrechter. De procedure in conventie tegen [gedaagde 2 in conv] is dan ook integraal geschorst per 22 juli 2025 en wordt, zoals in artikel 29 Fw is bepaald, alleen dan voortgezet, indien de verificatie van de tegen haar ingestelde vorderingen wordt betwist. Gedurende de schorsing verrichte proceshandelingen zijn nietig, behalve voor zover het gaat om handelingen die de schorsing zelf betreffen of die nodig zijn om verval van instantie te bewerkstelligen.<\/p>\n<p>Gelet op het voorgaande dient de procedure in conventie in beginsel op grond van artikel 2.28 van het Procesreglement te worden doorgehaald en dient de procedure tegen [gedaagden in conv] (met uitzondering van [gedaagde 2 in conv] ) te worden vervolgd. Dit brengt met zich dat de kantonrechter dient te oordelen over zijn bevoegdheid. Gelet op het feit dat deze vraag ook in reconventie beantwoord dient te worden en de procedures in conventie en reconventie nauw met elkaar samenhangen, acht de kantonrechter het wenselijk hierover gelijktijdig te oordelen. Zoals hierna zal blijken, wordt de procedure in reconventie tussen [gedaagde 2 in conv] en [eisers in conv] geschorst en krijgt [eisers in conv] de gelegenheid om de curator tot overneming van de procedure op te roepen. De procedure in conventie tegen [gedaagden in conv] (met uitzondering van [gedaagde 2 in conv] ) wordt daarom aangehouden tot het moment waarop (ook) in reconventie over de bevoegdheid van de kantonrechter dient te worden beslist.<\/p>\n<p>Iedere verdere beslissing in conventie wordt aangehouden.<\/p>\n<p>Gevolgen faillissement [gedaagde 2 in conv] in reconventie<\/p>\n<p>De vorderingen in reconventie onder I. is mede namens [gedaagde 2 in conv] ingesteld. [eisers in conv] heeft bij akte verzocht om schorsing van de procedure in reconventie en haar een termijn te geven waarbinnen zij de curator tot overneming van het geding kan oproepen.<\/p>\n<p>Het schorsingsverzoek zal worden toegewezen voor de procedure in reconventie op grond van artikel 27 lid 1 Fw. [eisers in conv] zal een termijn worden gegeven om de curator tot overneming van de procedure op te roepen. Indien de curator aan die oproeping geen gevolg geeft, heeft de [eisers in conv] op grond van artikel 27 lid 2 Fw het recht ontslag van instantie te vragen.<\/p>\n<p>Op grond van artikel 2.28 van het Procesreglement zal een termijn van vier weken worden verleend voor oproeping van de curator. De kantonrechter wijst erop dat de oproeping van de curator plaats dient te vinden bij deurwaardersexploot.<\/p>\n<p>Deze schorsing heeft in beginsel geen invloed op de procedure in reconventie tussen de [gedaagden in conv] (met uitzondering van [gedaagde 2 in conv] ) en [eisers in conv] Deze procedure zal worden voortgezet, met dien verstande dat de kantonrechter ook in deze procedure dient te oordelen over zijn bevoegdheid. De kantonrechter zal de procedure in reconventie daarom aanhouden tot het moment waarop (ook) in reconventie tussen [gedaagde 2 in conv] en [eisers in conv] over de bevoegdheid van de kantonrechter dient te worden beslist.<\/p>\n<p>Iedere verdere beslissing in reconventie wordt aangehouden.<\/p>\n<h3>6De beslissing<\/h3>\n<p>De kantonrechter<\/p>\n<p>in conventie<\/p>\n<p>houdt iedere verdere beslissing aan,<\/p>\n<p>in reconventie ( [gedaagde 2 in conv] \u2013 [eisers in conv] )<\/p>\n<p>schorst de procedure op grond van artikel 27 lid 1 Fw,<\/p>\n<p>bepaalt dat de zaak weer op de rol zal komen van woensdag 8 oktober 2025 om [eisers in conv] in de gelegenheid te stellen om de curator op te roepen de procedure over te nemen,<\/p>\n<p>houdt iedere verdere beslissing aan,<\/p>\n<p>in reconventie ( [gedaagden in conv] (met uitzondering van [gedaagde 2 in conv] ) \u2013 [eisers in conv] )<\/p>\n<p>houdt iedere verdere beslissing aan.<\/p>\n<p>Dit vonnis is gewezen door mr. M.J.C. van Leeuwen en in het openbaar uitgesproken op 10 september 2025.<\/p>\n<p>44365 \\ 560<\/p>\n<\/div>\n<hr class=\"kji-sep\" \/>\n<p class=\"kji-source-links\"><strong>Sources officielles :<\/strong> <a class=\"kji-source-link\" href=\"http:\/\/deeplink.rechtspraak.nl\/uitspraak?id=ECLI:NL:RBGEL:2025:8132\" target=\"_blank\" rel=\"noopener noreferrer\">consulter la page source<\/a><\/p>\n<p class=\"kji-license-note\"><em>Rechtspraak.nl open data, Creative Commons Zero. Volume cible 1.8M decisions.<\/em><\/p>\n<\/div>\n","protected":false},"excerpt":{"rendered":"<p>Gevolgen faillissement van \u00e9\u00e9n van de gedaagde partijen in conventie\/ eisende partijen in reconventie, artikel 27 en 29 Fw, beslissing in bevoegdheidsincident (waarin een beroep op artikel 96 Rv is gedaan) aangehouden teneinde de curator op te roepen.<\/p>\n","protected":false},"featured_media":0,"template":"","meta":{"_crdt_document":""},"kji_country":[7669],"kji_court":[7864],"kji_chamber":[],"kji_year":[8463],"kji_subject":[7646],"kji_keyword":[7813,7867,7897,7866,7675],"kji_language":[7671],"class_list":["post-645100","kji_decision","type-kji_decision","status-publish","hentry","kji_country-pays-bas","kji_court-rechtbank-gelderland","kji_year-8463","kji_subject-divers","kji_keyword-artikel","kji_keyword-gelderland","kji_keyword-partijen","kji_keyword-rbgel","kji_keyword-rechtbank","kji_language-nl"],"yoast_head":"<!-- This site is optimized with the Yoast SEO Premium plugin v27.5 (Yoast SEO v27.5) - https:\/\/yoast.com\/product\/yoast-seo-premium-wordpress\/ -->\n<title>ECLI:NL:RBGEL:2025:8132 Rechtbank Gelderland , 10-09-2025 \/ 11641424 - Ma\u00eetre Hassan Kohen, avocat en droit p\u00e9nal \u00e0 Paris<\/title>\n<meta name=\"robots\" content=\"index, follow, max-snippet:-1, max-image-preview:large, max-video-preview:-1\" \/>\n<link rel=\"canonical\" href=\"https:\/\/kohenavocats.com\/ru\/jurisprudences\/eclinlrbgel20258132-rechtbank-gelderland-10-09-2025-11641424\/\" \/>\n<meta property=\"og:locale\" content=\"ru_RU\" \/>\n<meta property=\"og:type\" content=\"article\" \/>\n<meta property=\"og:title\" content=\"ECLI:NL:RBGEL:2025:8132 Rechtbank Gelderland , 10-09-2025 \/ 11641424\" \/>\n<meta property=\"og:description\" content=\"Gevolgen faillissement van \u00e9\u00e9n van de gedaagde partijen in conventie\/ eisende partijen in reconventie, artikel 27 en 29 Fw, beslissing in bevoegdheidsincident (waarin een beroep op artikel 96 Rv is gedaan) aangehouden teneinde de curator op te roepen.\" \/>\n<meta property=\"og:url\" content=\"https:\/\/kohenavocats.com\/ru\/jurisprudences\/eclinlrbgel20258132-rechtbank-gelderland-10-09-2025-11641424\/\" \/>\n<meta property=\"og:site_name\" content=\"Ma\u00eetre Hassan Kohen, avocat en droit p\u00e9nal \u00e0 Paris\" \/>\n<meta name=\"twitter:card\" content=\"summary_large_image\" \/>\n<meta name=\"twitter:label1\" content=\"\u041f\u0440\u0438\u043c\u0435\u0440\u043d\u043e\u0435 \u0432\u0440\u0435\u043c\u044f \u0434\u043b\u044f \u0447\u0442\u0435\u043d\u0438\u044f\" \/>\n\t<meta name=\"twitter:data1\" content=\"10 \u043c\u0438\u043d\u0443\u0442\" \/>\n<script type=\"application\/ld+json\" class=\"yoast-schema-graph\">{\"@context\":\"https:\\\/\\\/schema.org\",\"@graph\":[{\"@type\":\"WebPage\",\"@id\":\"https:\\\/\\\/kohenavocats.com\\\/ru\\\/jurisprudences\\\/eclinlrbgel20258132-rechtbank-gelderland-10-09-2025-11641424\\\/\",\"url\":\"https:\\\/\\\/kohenavocats.com\\\/ru\\\/jurisprudences\\\/eclinlrbgel20258132-rechtbank-gelderland-10-09-2025-11641424\\\/\",\"name\":\"ECLI:NL:RBGEL:2025:8132 Rechtbank Gelderland , 10-09-2025 \\\/ 11641424 - Ma\u00eetre Hassan Kohen, avocat en droit p\u00e9nal \u00e0 Paris\",\"isPartOf\":{\"@id\":\"https:\\\/\\\/kohenavocats.com\\\/ru\\\/#website\"},\"datePublished\":\"2026-04-22T05:01:20+00:00\",\"breadcrumb\":{\"@id\":\"https:\\\/\\\/kohenavocats.com\\\/ru\\\/jurisprudences\\\/eclinlrbgel20258132-rechtbank-gelderland-10-09-2025-11641424\\\/#breadcrumb\"},\"inLanguage\":\"ru-RU\",\"potentialAction\":[{\"@type\":\"ReadAction\",\"target\":[\"https:\\\/\\\/kohenavocats.com\\\/ru\\\/jurisprudences\\\/eclinlrbgel20258132-rechtbank-gelderland-10-09-2025-11641424\\\/\"]}]},{\"@type\":\"BreadcrumbList\",\"@id\":\"https:\\\/\\\/kohenavocats.com\\\/ru\\\/jurisprudences\\\/eclinlrbgel20258132-rechtbank-gelderland-10-09-2025-11641424\\\/#breadcrumb\",\"itemListElement\":[{\"@type\":\"ListItem\",\"position\":1,\"name\":\"Home\",\"item\":\"https:\\\/\\\/kohenavocats.com\\\/ru\\\/avocats-en-droit-penal-a-paris-conseil-et-defense-strategique\\\/\"},{\"@type\":\"ListItem\",\"position\":2,\"name\":\"Jurisprudences\",\"item\":\"https:\\\/\\\/kohenavocats.com\\\/ru\\\/jurisprudences\\\/\"},{\"@type\":\"ListItem\",\"position\":3,\"name\":\"ECLI:NL:RBGEL:2025:8132 Rechtbank Gelderland , 10-09-2025 \\\/ 11641424\"}]},{\"@type\":\"WebSite\",\"@id\":\"https:\\\/\\\/kohenavocats.com\\\/ru\\\/#website\",\"url\":\"https:\\\/\\\/kohenavocats.com\\\/ru\\\/\",\"name\":\"Kohen Avocats\",\"description\":\"Ma\u00eetre Hassan Kohen, avocat p\u00e9naliste \u00e0 Paris, intervient exclusivement en droit p\u00e9nal pour la d\u00e9fense des particuliers, notamment en mati\u00e8re d\u2019accusations de viol. Il assure un accompagnement rigoureux d\u00e8s la garde \u00e0 vue jusqu\u2019\u00e0 la Cour d\u2019assises, veillant au strict respect des garanties proc\u00e9durales.\",\"publisher\":{\"@id\":\"https:\\\/\\\/kohenavocats.com\\\/ru\\\/#organization\"},\"potentialAction\":[{\"@type\":\"SearchAction\",\"target\":{\"@type\":\"EntryPoint\",\"urlTemplate\":\"https:\\\/\\\/kohenavocats.com\\\/ru\\\/?s={search_term_string}\"},\"query-input\":{\"@type\":\"PropertyValueSpecification\",\"valueRequired\":true,\"valueName\":\"search_term_string\"}}],\"inLanguage\":\"ru-RU\"},{\"@type\":\"Organization\",\"@id\":\"https:\\\/\\\/kohenavocats.com\\\/ru\\\/#organization\",\"name\":\"Kohen Avocats\",\"url\":\"https:\\\/\\\/kohenavocats.com\\\/ru\\\/\",\"logo\":{\"@type\":\"ImageObject\",\"inLanguage\":\"ru-RU\",\"@id\":\"https:\\\/\\\/kohenavocats.com\\\/ru\\\/#\\\/schema\\\/logo\\\/image\\\/\",\"url\":\"https:\\\/\\\/kohenavocats.com\\\/wp-content\\\/uploads\\\/2026\\\/01\\\/Logo-2-1.webp\",\"contentUrl\":\"https:\\\/\\\/kohenavocats.com\\\/wp-content\\\/uploads\\\/2026\\\/01\\\/Logo-2-1.webp\",\"width\":2114,\"height\":1253,\"caption\":\"Kohen Avocats\"},\"image\":{\"@id\":\"https:\\\/\\\/kohenavocats.com\\\/ru\\\/#\\\/schema\\\/logo\\\/image\\\/\"}}]}<\/script>\n<!-- \/ Yoast SEO Premium plugin. -->","yoast_head_json":{"title":"ECLI:NL:RBGEL:2025:8132 Rechtbank Gelderland , 10-09-2025 \/ 11641424 - Ma\u00eetre Hassan Kohen, avocat en droit p\u00e9nal \u00e0 Paris","robots":{"index":"index","follow":"follow","max-snippet":"max-snippet:-1","max-image-preview":"max-image-preview:large","max-video-preview":"max-video-preview:-1"},"canonical":"https:\/\/kohenavocats.com\/ru\/jurisprudences\/eclinlrbgel20258132-rechtbank-gelderland-10-09-2025-11641424\/","og_locale":"ru_RU","og_type":"article","og_title":"ECLI:NL:RBGEL:2025:8132 Rechtbank Gelderland , 10-09-2025 \/ 11641424","og_description":"Gevolgen faillissement van \u00e9\u00e9n van de gedaagde partijen in conventie\/ eisende partijen in reconventie, artikel 27 en 29 Fw, beslissing in bevoegdheidsincident (waarin een beroep op artikel 96 Rv is gedaan) aangehouden teneinde de curator op te roepen.","og_url":"https:\/\/kohenavocats.com\/ru\/jurisprudences\/eclinlrbgel20258132-rechtbank-gelderland-10-09-2025-11641424\/","og_site_name":"Ma\u00eetre Hassan Kohen, avocat en droit p\u00e9nal \u00e0 Paris","twitter_card":"summary_large_image","twitter_misc":{"\u041f\u0440\u0438\u043c\u0435\u0440\u043d\u043e\u0435 \u0432\u0440\u0435\u043c\u044f \u0434\u043b\u044f \u0447\u0442\u0435\u043d\u0438\u044f":"10 \u043c\u0438\u043d\u0443\u0442"},"schema":{"@context":"https:\/\/schema.org","@graph":[{"@type":"WebPage","@id":"https:\/\/kohenavocats.com\/ru\/jurisprudences\/eclinlrbgel20258132-rechtbank-gelderland-10-09-2025-11641424\/","url":"https:\/\/kohenavocats.com\/ru\/jurisprudences\/eclinlrbgel20258132-rechtbank-gelderland-10-09-2025-11641424\/","name":"ECLI:NL:RBGEL:2025:8132 Rechtbank Gelderland , 10-09-2025 \/ 11641424 - Ma\u00eetre Hassan Kohen, avocat en droit p\u00e9nal \u00e0 Paris","isPartOf":{"@id":"https:\/\/kohenavocats.com\/ru\/#website"},"datePublished":"2026-04-22T05:01:20+00:00","breadcrumb":{"@id":"https:\/\/kohenavocats.com\/ru\/jurisprudences\/eclinlrbgel20258132-rechtbank-gelderland-10-09-2025-11641424\/#breadcrumb"},"inLanguage":"ru-RU","potentialAction":[{"@type":"ReadAction","target":["https:\/\/kohenavocats.com\/ru\/jurisprudences\/eclinlrbgel20258132-rechtbank-gelderland-10-09-2025-11641424\/"]}]},{"@type":"BreadcrumbList","@id":"https:\/\/kohenavocats.com\/ru\/jurisprudences\/eclinlrbgel20258132-rechtbank-gelderland-10-09-2025-11641424\/#breadcrumb","itemListElement":[{"@type":"ListItem","position":1,"name":"Home","item":"https:\/\/kohenavocats.com\/ru\/avocats-en-droit-penal-a-paris-conseil-et-defense-strategique\/"},{"@type":"ListItem","position":2,"name":"Jurisprudences","item":"https:\/\/kohenavocats.com\/ru\/jurisprudences\/"},{"@type":"ListItem","position":3,"name":"ECLI:NL:RBGEL:2025:8132 Rechtbank Gelderland , 10-09-2025 \/ 11641424"}]},{"@type":"WebSite","@id":"https:\/\/kohenavocats.com\/ru\/#website","url":"https:\/\/kohenavocats.com\/ru\/","name":"Kohen Avocats","description":"Ma\u00eetre Hassan Kohen, avocat p\u00e9naliste \u00e0 Paris, intervient exclusivement en droit p\u00e9nal pour la d\u00e9fense des particuliers, notamment en mati\u00e8re d\u2019accusations de viol. Il assure un accompagnement rigoureux d\u00e8s la garde \u00e0 vue jusqu\u2019\u00e0 la Cour d\u2019assises, veillant au strict respect des garanties proc\u00e9durales.","publisher":{"@id":"https:\/\/kohenavocats.com\/ru\/#organization"},"potentialAction":[{"@type":"SearchAction","target":{"@type":"EntryPoint","urlTemplate":"https:\/\/kohenavocats.com\/ru\/?s={search_term_string}"},"query-input":{"@type":"PropertyValueSpecification","valueRequired":true,"valueName":"search_term_string"}}],"inLanguage":"ru-RU"},{"@type":"Organization","@id":"https:\/\/kohenavocats.com\/ru\/#organization","name":"Kohen Avocats","url":"https:\/\/kohenavocats.com\/ru\/","logo":{"@type":"ImageObject","inLanguage":"ru-RU","@id":"https:\/\/kohenavocats.com\/ru\/#\/schema\/logo\/image\/","url":"https:\/\/kohenavocats.com\/wp-content\/uploads\/2026\/01\/Logo-2-1.webp","contentUrl":"https:\/\/kohenavocats.com\/wp-content\/uploads\/2026\/01\/Logo-2-1.webp","width":2114,"height":1253,"caption":"Kohen Avocats"},"image":{"@id":"https:\/\/kohenavocats.com\/ru\/#\/schema\/logo\/image\/"}}]}},"jetpack_likes_enabled":false,"jetpack_sharing_enabled":true,"_links":{"self":[{"href":"https:\/\/kohenavocats.com\/ru\/wp-json\/wp\/v2\/kji_decision\/645100","targetHints":{"allow":["GET"]}}],"collection":[{"href":"https:\/\/kohenavocats.com\/ru\/wp-json\/wp\/v2\/kji_decision"}],"about":[{"href":"https:\/\/kohenavocats.com\/ru\/wp-json\/wp\/v2\/types\/kji_decision"}],"wp:attachment":[{"href":"https:\/\/kohenavocats.com\/ru\/wp-json\/wp\/v2\/media?parent=645100"}],"wp:term":[{"taxonomy":"kji_country","embeddable":true,"href":"https:\/\/kohenavocats.com\/ru\/wp-json\/wp\/v2\/kji_country?post=645100"},{"taxonomy":"kji_court","embeddable":true,"href":"https:\/\/kohenavocats.com\/ru\/wp-json\/wp\/v2\/kji_court?post=645100"},{"taxonomy":"kji_chamber","embeddable":true,"href":"https:\/\/kohenavocats.com\/ru\/wp-json\/wp\/v2\/kji_chamber?post=645100"},{"taxonomy":"kji_year","embeddable":true,"href":"https:\/\/kohenavocats.com\/ru\/wp-json\/wp\/v2\/kji_year?post=645100"},{"taxonomy":"kji_subject","embeddable":true,"href":"https:\/\/kohenavocats.com\/ru\/wp-json\/wp\/v2\/kji_subject?post=645100"},{"taxonomy":"kji_keyword","embeddable":true,"href":"https:\/\/kohenavocats.com\/ru\/wp-json\/wp\/v2\/kji_keyword?post=645100"},{"taxonomy":"kji_language","embeddable":true,"href":"https:\/\/kohenavocats.com\/ru\/wp-json\/wp\/v2\/kji_language?post=645100"}],"curies":[{"name":"wp","href":"https:\/\/api.w.org\/{rel}","templated":true}]}}