{"id":645648,"date":"2026-04-22T08:13:18","date_gmt":"2026-04-22T06:13:18","guid":{"rendered":"https:\/\/kohenavocats.com\/jurisprudences\/kho202622-kuntavaalit\/"},"modified":"2026-04-22T08:13:18","modified_gmt":"2026-04-22T06:13:18","slug":"kho202622-kuntavaalit","status":"publish","type":"kji_decision","link":"https:\/\/kohenavocats.com\/ru\/jurisprudences\/kho202622-kuntavaalit\/","title":{"rendered":"KHO:2026:22 &#8212; Kuntavaalit"},"content":{"rendered":"<div class=\"kji-decision\">\n<div class=\"kji-full-text\">\n<p>Efter att kommunalvalets resultat hade fastst\u00e4llts uppt\u00e4cktes fel i n\u00e5gra kandidaters r\u00f6stetal. Felen hade inte p\u00e5verkat vilka kandidater som hade valts till ledam\u00f6ter eller ers\u00e4ttare. Felen hade inte heller p\u00e5verkat de invaldas inb\u00f6rdes ordningsf\u00f6ljd eller gruppernas eller partiernas inb\u00f6rdes ordningsf\u00f6ljd. Ett av felen hade \u00e4nd\u00e5 p\u00e5verkat den inb\u00f6rdes ordningsf\u00f6ljden f\u00f6r de kandidater inom ett parti som inte blivit invalda.<\/p>\n<p>H\u00f6gsta f\u00f6rvaltningsdomstolen hade s\u00e4rskilt att avg\u00f6ra om ett dylikt fel ska anses vara en s\u00e5dan i vallagen avsedd lagstridighet som har inverkat p\u00e5 valresultatet, att valresultatet ska r\u00e4ttas. F\u00f6rvaltningsdomstolen hade inte best\u00e4mt att valresultatet skulle r\u00e4ttas.<\/p>\n<p>H\u00f6gsta f\u00f6rvaltningsdomstolen konstaterade att r\u00e4tten att s\u00f6ka \u00e4ndring i val\u00e4renden har en central betydelse i tryggandet av att valet av de genom val valda personer som brukar betydande samh\u00e4llelig beslutsmakt, sker i den ordning som lagen f\u00f6reskriver. I bed\u00f6mningen av om det i ett enskilt fall \u00e4r fr\u00e5ga om en lagstridighet som har p\u00e5verkat valresultatet ska d\u00e4rf\u00f6r s\u00e4rskilt beaktas p\u00e5 vilket s\u00e4tt lagstridigheten kan p\u00e5verka hur man f\u00f6rordnar de personer som brukar s\u00e5dan makt.<\/p>\n<p>Enligt vallagen och kommunallagen ska i en situation d\u00e4r nya ers\u00e4ttare beh\u00f6vs i fullm\u00e4ktige under mandatperioden, som dessa v\u00e4ljas de f\u00f6rsta icke invalda kandidaterna fr\u00e5n varje valf\u00f6rbund, parti och gemensam lista. D\u00e4rf\u00f6r kunde \u00e4ven den inb\u00f6rdes ordningsf\u00f6ljden bland de icke invalda kandidaterna p\u00e5verka hur de personer som brukar kommunal beslutsmakt f\u00f6rordnas.<\/p>\n<p>I det f\u00f6revarande \u00e4rendet hade en kandidat, p\u00e5 grund av att hens r\u00f6stetal hade fastst\u00e4llts felaktigt, varit p\u00e5 fj\u00e4rde plats bland de icke invalda kandidaterna inom sitt parti, trots att hen borde ha varit l\u00e4ngre ner i ordningsf\u00f6ljden. Det gick inte enligt omst\u00e4ndigheterna att utesluta att kommunalt beslutsfattande skulle komma att brukas av en person som inte, ifall den ordning som vallagen f\u00f6reskriver hade iakttagits, skulle ha blivit vald till uppgiften. Valresultatet skulle till denna del r\u00e4ttas.<\/p>\n<p>Vallagen 93 \u00a7 1 och 2 mom. och 103 \u00a7 2 mom.<\/p>\n<p>Kommunallagen 17 \u00a7 1 och 3 mom.<\/p>\n<p>\u00c4rendet har avgjorts av justitier\u00e5den Outi Suviranta, Toni Kaarresalo, Robert Utter, Emil Waris och P\u00e4ivi Pietarinen. F\u00f6redragande Helmi Lajunen.<\/p>\n<p>Kuntavaalien tuloksen vahvistamisen j\u00e4lkeen oli havaittu virheit\u00e4 er\u00e4iden ehdokkaiden \u00e4\u00e4nim\u00e4\u00e4riss\u00e4. Virheet eiv\u00e4t olleet vaikuttaneet siihen, ketk\u00e4 ehdokkaista olivat tulleet valituiksi valtuutetuiksi tai varavaltuutetuiksi. Virheet eiv\u00e4t olleet vaikuttaneet my\u00f6sk\u00e4\u00e4n valittujen keskin\u00e4iseen j\u00e4rjestykseen taikka ryhmien tai puolueiden keskin\u00e4iseen j\u00e4rjestykseen. Yksi virheist\u00e4 oli kuitenkin vaikuttanut yhden puolueen valitsematta j\u00e4\u00e4neiden ehdokkaiden keskin\u00e4iseen j\u00e4rjestykseen.<\/p>\n<p>Korkeimmassa hallinto-oikeudessa oli erityisesti ratkaistavana, oliko t\u00e4llaista virhett\u00e4 pidett\u00e4v\u00e4 vaalilaissa tarkoitettuna vaalien tulokseen vaikuttaneena lainvastaisuutena, jonka takia vaalien tulosta oli oikaistava. Hallinto-oikeus ei ollut m\u00e4\u00e4r\u00e4nnyt vaalien tulosta oikaistavaksi.<\/p>\n<p>Korkein hallinto-oikeus totesi, ett\u00e4 oikeudella hakea muutosta vaaliasioissa on keskeinen merkitys sen varmistamisessa, ett\u00e4 vaaleilla valittavien, merkitt\u00e4v\u00e4\u00e4 yhteiskunnallista p\u00e4\u00e4t\u00f6svaltaa k\u00e4ytt\u00e4vien henkil\u00f6iden valinta tapahtuu laissa s\u00e4\u00e4detyss\u00e4 j\u00e4rjestyksess\u00e4. Arvioitaessa sit\u00e4, oliko yksitt\u00e4istapauksessa kyseess\u00e4 vaalilaissa tarkoitettu vaalien tulokseen vaikuttanut lainvastaisuus, oli siten otettava erityisesti huomioon, miten kyseinen lainvastaisuus saattoi vaikuttaa t\u00e4llaista valtaa k\u00e4ytt\u00e4vien henkil\u00f6iden m\u00e4\u00e4r\u00e4ytymiseen.<\/p>\n<p>Vaalilain ja kuntalain s\u00e4\u00e4nn\u00f6sten perusteella tilanteessa, jossa valtuuston toimikauden aikana tarvittiin uusia varavaltuutettuja, n\u00e4m\u00e4 tuli m\u00e4\u00e4r\u00e4t\u00e4 vaaliliiton, puolueen tai yhteislistan ensimm\u00e4isist\u00e4 valitsematta j\u00e4\u00e4neist\u00e4 ehdokkaista. N\u00e4in ollen my\u00f6s valitsematta j\u00e4\u00e4neiden ehdokkaiden keskin\u00e4inen j\u00e4rjestys saattoi vaikuttaa kunnallista p\u00e4\u00e4t\u00f6svaltaa k\u00e4ytt\u00e4vien henkil\u00f6iden m\u00e4\u00e4r\u00e4ytymiseen.<\/p>\n<p>Esill\u00e4 olevassa asiassa ehdokas oli h\u00e4nelle virheellisesti vahvistetun \u00e4\u00e4nim\u00e4\u00e4r\u00e4n vuoksi ollut puolueensa valitsematta j\u00e4\u00e4neiden ehdokkaiden keskin\u00e4isess\u00e4 j\u00e4rjestyksess\u00e4 nelj\u00e4nten\u00e4, vaikka h\u00e4nen olisi kuulunut olla heikommalla sijalla. Asian olosuhteissa ei voitu riitt\u00e4v\u00e4sti poissulkea sit\u00e4, ett\u00e4 virheen vuoksi kunnallista p\u00e4\u00e4t\u00f6svaltaa saattoi p\u00e4\u00e4st\u00e4 k\u00e4ytt\u00e4m\u00e4\u00e4n henkil\u00f6, joka ei olisi tullut vaalilaissa s\u00e4\u00e4detty\u00e4 j\u00e4rjestyst\u00e4 noudatettaessa teht\u00e4v\u00e4\u00e4n valituksi. Vaalien tulos m\u00e4\u00e4r\u00e4ttiin t\u00e4lt\u00e4 osin oikaistavaksi.<\/p>\n<h3>Vaalilaki 93 \u00a7 1 ja 2 momentti ja 103 \u00a7 2 momentti<\/h3>\n<h3>Kuntalaki 17 \u00a7 1 ja 3 momentti<\/h3>\n<h3>P\u00e4\u00e4t\u00f6s, jota muutoksenhaku koskee<\/h3>\n<p>Turun hallinto-oikeus 18.6.2025 nro 1182\/2025<\/p>\n<h3>Korkeimman hallinto-oikeuden ratkaisu<\/h3>\n<p>Korkein hallinto-oikeus my\u00f6nt\u00e4\u00e4 X:lle valitusluvan ja tutkii asian.<\/p>\n<p>Muilta osin valitus hyl\u00e4t\u00e4\u00e4n. Hallinto-oikeuden p\u00e4\u00e4t\u00f6ksen lopputulosta ei n\u00e4ilt\u00e4 osin muuteta.<\/p>\n<p>X:n toissijainen vaatimus kaikkien \u00e4\u00e4nestyslippujen tarkastamisesta hyl\u00e4t\u00e4\u00e4n. X:n vaatimus oikeudenk\u00e4yntikulujen korvaamisesta hyl\u00e4t\u00e4\u00e4n.<\/p>\n<h3>Asian tausta<\/h3>\n<p>(1)<\/p>\n<p>on p\u00e4\u00e4t\u00f6ksell\u00e4\u00e4n 16.4.2025 (\u00a7 22) vahvistanut kuntavaalien tuloksen Kaarinan kaupungissa.<\/p>\n<p>(2)<\/p>\n<p>(3) Hallinto-oikeus on todennut muun ohella, ett\u00e4 keskusvaalilautakunnan suorittamassa tarkastuslaskennassa on tapahtunut lasku- tai kirjaamisvirheit\u00e4 tiettyjen ehdokkaiden ja puolueiden \u00e4\u00e4nim\u00e4\u00e4riss\u00e4. Hallinto-oikeus on kuitenkin katsonut, etteiv\u00e4t virheet ole vaikuttaneet vaalilain 103 \u00a7:n 2 momentissa tarkoitetulla tavalla kuntavaalien tulokseen, koska niill\u00e4 ei ole ollut vaikutusta siihen, ovatko kyseiset ehdokkaat tulleet valituiksi valtuutetuiksi tai varavaltuutetuiksi, eik\u00e4 my\u00f6sk\u00e4\u00e4n ryhmien tai puolueiden taikka valtuutettujen tai varavaltuutettujen keskin\u00e4iseen j\u00e4rjestykseen. Hallinto-oikeuden mukaan sill\u00e4, ovatko virheet vaikuttaneet valtuutetuiksi tai varavaltuutetuiksi valitsematta j\u00e4\u00e4neiden ehdokkaiden keskin\u00e4iseen j\u00e4rjestykseen, ei ole ollut merkityst\u00e4.<\/p>\n<h3>Vaatimukset ja selvitykset korkeimmassa hallinto-oikeudessa<\/h3>\n<p>(4)<\/p>\n<p>on pyyt\u00e4nyt valituslupaa ja vaatinut, ett\u00e4 hallinto-oikeuden p\u00e4\u00e4t\u00f6s kumotaan ja kuntavaalien tulos oikaistaan. H\u00e4n on toissijaisesti vaatinut, ett\u00e4 kaikki \u00e4\u00e4nestysliput tarkastetaan. Lis\u00e4ksi h\u00e4n on vaatinut oikeudenk\u00e4yntikulujensa korvaamista.<\/p>\n<p>(5) X:n mukaan vahvistetuissa \u00e4\u00e4nim\u00e4\u00e4riss\u00e4 on kiistattomasti todettuja virheit\u00e4, jotka tulee korjata, jotta \u00e4\u00e4nest\u00e4jien tahto toteutuu. My\u00f6s luottamus \u00e4\u00e4ntenlaskennan oikeellisuuteen edellytt\u00e4\u00e4 t\u00e4t\u00e4. Muitakin virheit\u00e4 voi l\u00f6yty\u00e4, mink\u00e4 vuoksi kaikkien \u00e4\u00e4nten tarkastaminen olisi tarpeen.<\/p>\n<p>(6) X on tuonut esille, ett\u00e4 muun ohella A:lle (PS) on kirjattu muiden \u00e4\u00e4nien lis\u00e4ksi 15 \u00e4\u00e4nt\u00e4, jotka olisivat kuuluneet puolueen toiselle ehdokkaalle. Virheen vuoksi varavaltuutetuksi voi nousta henkil\u00f6, jonka ei tulisi olla varavaltuutettu. Edellisen valtuustokauden aikana viisi henkil\u00f6\u00e4 samasta puolueesta muutti pois paikkakunnalta tai erosi teht\u00e4v\u00e4st\u00e4\u00e4n muusta syyst\u00e4 ja varavaltuutetuksi nousi kolme henkil\u00f6\u00e4.<\/p>\n<p>(7)<\/p>\n<p>on todennut, ett\u00e4 valituksessa esitetyt virheet ovat kiistattomia. Ne eiv\u00e4t ole kuitenkaan vaikuttaneet vaalien tulokseen valtuutetuiksi tai varavaltuutetuiksi valittujen osalta. A:lle (PS) virheellisesti kirjatun 15 \u00e4\u00e4nen vuoksi on mahdollista, ett\u00e4 h\u00e4n voisi nousta varavaltuutetuksi. Korkeimman hallinto-oikeuden harkintaan j\u00e4\u00e4, onko vaalien tulosta t\u00e4lt\u00e4 osin oikaistava. Muilta osin oikaisemiselle ei ole perustetta eik\u00e4 my\u00f6sk\u00e4\u00e4n kaikkien \u00e4\u00e4nten tarkastamiselle. Ei ole kohtuutonta, ett\u00e4 muutoksenhakija joutuu pit\u00e4m\u00e4\u00e4n oikeudenk\u00e4yntikulunsa vahinkonaan.<\/p>\n<p>(8)<\/p>\n<p>on varattu tilaisuus lausua asiassa.<\/p>\n<p>(9)<\/p>\n<p>on korkeimman hallinto-oikeuden pyynn\u00f6st\u00e4 toimittanut alue- ja kuntavaaleja 2025 koskevat vaaliohjeet ja todennut, ett\u00e4 l\u00e4ht\u00f6kohtaisesti vaalien tuloksessa on virhe, jos yksikin \u00e4\u00e4nestyslippu tai vertausluku on laskettu v\u00e4\u00e4rin. T\u00e4llaisessa tilanteessa vaaliviranomaisen on katsottava toimineen vaalilain 103 \u00a7:n 2 momentissa tarkoitetulla tavalla lainvastaisesti riippumatta siit\u00e4, onko virheell\u00e4 vaikutusta siihen, ketk\u00e4 ehdokkaat ovat vaaleissa tulleet valituiksi tai varalle ja mik\u00e4 on ehdokkaiden keskin\u00e4inen j\u00e4rjestys ryhmittym\u00e4n sis\u00e4ll\u00e4.<\/p>\n<p>(10)<\/p>\n<p>on toimittanut lausumat.<\/p>\n<h3>Korkeimman hallinto-oikeuden ratkaisun perustelut<\/h3>\n<h3>Kysymyksenasettelu<\/h3>\n<p>(11) Asiassa on ratkaistavana, onko kuntavaalien tulosta oikaistava vaalien tuloksen laskennassa ja vahvistamisessa tapahtuneiden virheiden vuoksi. Erityisesti kysymys on siit\u00e4, onko valtuutetuksi tai varavaltuutetuksi valitsematta j\u00e4\u00e4neiden ehdokkaiden keskin\u00e4iseen j\u00e4rjestykseen vaikuttavaa virhett\u00e4 pidett\u00e4v\u00e4 t\u00e4ss\u00e4 tapauksessa sellaisena vaalilain 103 \u00a7:n 2 momentissa tarkoitettuna vaalien tulokseen vaikuttaneena lainvastaisuutena, jonka takia vaalien tulosta olisi oikaistava.<\/p>\n<h3>Sovellettavat tai muutoin huomioon otettavat oikeusohjeet<\/h3>\n<h3>Vaalien tuloksen m\u00e4\u00e4ritt\u00e4mist\u00e4 koskevat s\u00e4\u00e4nn\u00f6kset<\/h3>\n<p>(12) Vaalilain 89 \u00a7:n 1 momentin mukaan vaaliliittoon kuulumattomaan puolueeseen ja kuhunkin yhteislistaan kuuluvien ehdokkaiden keskin\u00e4inen j\u00e4rjestys puolueessa tai yhteislistassa m\u00e4\u00e4r\u00e4ytyy heid\u00e4n saamiensa henkil\u00f6kohtaisten \u00e4\u00e4nim\u00e4\u00e4rien mukaan. T\u00e4ss\u00e4 j\u00e4rjestyksess\u00e4 ehdokkaille annetaan<\/p>\n<p>siten, ett\u00e4 kunkin puolueen tai yhteislistan ensimm\u00e4inen ehdokas saa vertausluvukseen puolueen tai yhteislistan hyv\u00e4ksi annettujen \u00e4\u00e4nten koko lukum\u00e4\u00e4r\u00e4n, toinen puolet siit\u00e4, kolmas kolmanneksen, nelj\u00e4s nelj\u00e4nneksen ja niin edelleen.<\/p>\n<p>(13) Vaalilain 91 \u00a7:n mukaan vaalien tuloksen m\u00e4\u00e4r\u00e4\u00e4miseksi eduskuntavaaleissa ja kuntavaaleissa kirjoitetaan kaikkien ehdokkaiden nimet heid\u00e4n vertauslukujensa suuruuden mukaiseen j\u00e4rjestykseen ja kunkin ehdokkaan nimen kohdalle merkit\u00e4\u00e4n h\u00e4nen vertauslukunsa. T\u00e4st\u00e4 nimisarjasta valitaan sarjan alusta alkaen niin monta ehdokasta kuin vaalipiiriss\u00e4 on valittava edustajia tai kunnassa valtuutettuja.<\/p>\n<p>(14) Vaalilain 93 \u00a7:n 1 momentin mukaan varavaltuutettujen valitsemisesta s\u00e4\u00e4det\u00e4\u00e4n kuntalain 17 \u00a7:ss\u00e4. Pyk\u00e4l\u00e4n 2 momentin mukaan, jos valtuuston toimikauden aikana varavaltuutettujen m\u00e4\u00e4r\u00e4 j\u00e4\u00e4 vajaaksi, kunnan keskusvaalilautakunnan on valtuuston puheenjohtajan pyynn\u00f6st\u00e4 m\u00e4\u00e4r\u00e4tt\u00e4v\u00e4 uusia varavaltuutettuja kuntalain 17 \u00a7:n mukaisesti.<\/p>\n<p>(15) Vaalilain 95 \u00a7:n 1 momentin mukaan kunnan keskusvaalilautakunta vahvistaa vaalien tuloksen siten kuin momentissa tarkemmin s\u00e4\u00e4det\u00e4\u00e4n. Pyk\u00e4l\u00e4n 2 momentin mukaan kunnan keskusvaalilautakunnan on viipym\u00e4tt\u00e4: 1) julkaistava vaalien tulos laittamalla sen sis\u00e4lt\u00e4v\u00e4 p\u00f6yt\u00e4kirja valitusosoituksineen kunnan julkisten kuulutusten ilmoitustaululle seitsem\u00e4n p\u00e4iv\u00e4n ajaksi; 2) annettava luettelo valtuutetuiksi valituista ja heid\u00e4n varaj\u00e4senist\u00e4\u00e4n valtuustolle ja tiedotettava siit\u00e4 sill\u00e4 tavalla kuin kunnan ilmoitukset kunnassa saatetaan tiedoksi; sek\u00e4 3) annettava tieto vaalien tuloksesta oikeusministeri\u00f6lle sen m\u00e4\u00e4r\u00e4\u00e4m\u00e4ll\u00e4 tavalla.<\/p>\n<p>(16) Vaalilain 98 \u00a7:n 1 momentin mukaan, kun vaalien tulos on vahvistettu, tuloksen vahvistavan viranomaisen on p\u00f6yt\u00e4kirjassa mainittava sek\u00e4 valitut henkil\u00f6t ett\u00e4 ne, jotka edustajanpaikan joutuessa avoimeksi varaedustajina tulevat valittujen tilalle tai jotka on valittu varavaltuutetuiksi.<\/p>\n<p>(17) Kuntalain 17 \u00a7:n 1 momentin mukaan valtuutetuille valitaan varavaltuutettuja jokaisen kuntavaaleissa esiintyneen vaaliliiton, puolueen ja yhteislistan ensimm\u00e4isist\u00e4 valitsematta j\u00e4\u00e4neist\u00e4 ehdokkaista sama m\u00e4\u00e4r\u00e4 kuin valtuutettuja, kuitenkin v\u00e4hint\u00e4\u00e4n kaksi.<\/p>\n<p>(18) Kuntalain 17 \u00a7:n 3 momentin mukaan, jos valtuustoa ei saada p\u00e4\u00e4t\u00f6svaltaiseksi valtuutettujen ja varavaltuutettujen esteellisyyden vuoksi, kunnan keskusvaalilautakunnan on vaalilain 93 \u00a7:n 2 momenttia noudattaen valtuuston puheenjohtajan pyynn\u00f6st\u00e4 m\u00e4\u00e4r\u00e4tt\u00e4v\u00e4 t\u00e4m\u00e4n pyk\u00e4l\u00e4n 1 momentin mukaisesti uusia varavaltuutettuja.<\/p>\n<h3>Muutoksenhakua koskevat s\u00e4\u00e4nn\u00f6kset<\/h3>\n<p>(20) Vaalilain 101 \u00a7:ss\u00e4 s\u00e4\u00e4det\u00e4\u00e4n valitusoikeudesta. Pyk\u00e4l\u00e4n perusteella valitusoikeus on sill\u00e4, jonka etua tai oikeutta p\u00e4\u00e4t\u00f6s loukkaa, sek\u00e4 jokaisella vaaleissa ehdokkaana olleella henkil\u00f6ll\u00e4 ja ehdokashakemuksen antaneella puolueella ja yhteislistalla. Kuntavaaleissa saa lis\u00e4ksi pyk\u00e4l\u00e4st\u00e4 tarkemmin ilmenev\u00e4ll\u00e4 tavalla valittaa jokainen kunnassa \u00e4\u00e4nioikeutettu henkil\u00f6 ja kunnan j\u00e4sen.<\/p>\n<p>(21) Vaalilain 103 \u00a7:n 2 momentin mukaan, jos vaalipiirilautakunta, aluevaalilautakunta tai kunnan keskusvaalilautakunta on vaalien tulosta laskiessaan tai vahvistaessaan menetellyt lainvastaisesti ja lainvastaisuus on vaikuttanut vaalien tulokseen, vaalien tulosta on oikaistava.<\/p>\n<h3>Asiassa saatu keskeinen selvitys<\/h3>\n<p>(22) Kuntavaalien tuloksen vahvistamisen j\u00e4lkeen on havaittu seuraavat virheet ehdokkaiden \u00e4\u00e4nim\u00e4\u00e4riss\u00e4:<\/p>\n<p>(23) Edell\u00e4 selostetuista virheist\u00e4 johtuen puolueille vahvistetuissa \u00e4\u00e4nim\u00e4\u00e4riss\u00e4 on seuraavat virheet:<\/p>\n<p>(24) Hallinto-oikeuden p\u00e4\u00e4t\u00f6ksen mukaisesti virheill\u00e4 ei ole ollut vaikutusta siihen, ovatko kyseiset ehdokkaat tulleet valituiksi valtuutetuksi tai varavaltuutetuksi, eik\u00e4 valituiksi tulleiden keskin\u00e4iseen j\u00e4rjestykseen. Virheill\u00e4 ei ole ollut vaikutusta my\u00f6sk\u00e4\u00e4n puolueiden tai ryhmien keskin\u00e4iseen j\u00e4rjestykseen.<\/p>\n<p>(25) Asiassa esitetyn perusteella virheill\u00e4 ei ole ollut vaikutusta my\u00f6sk\u00e4\u00e4n valtuutetuksi tai varavaltuutetuksi valitsematta j\u00e4\u00e4neiden ehdokkaiden keskin\u00e4iseen j\u00e4rjestykseen, lukuun ottamatta yht\u00e4 virhett\u00e4. Valitsematta j\u00e4\u00e4neelle ehdokkaalle nro 73 (A, PS) virheellisesti vahvistettu 15 \u00e4\u00e4nt\u00e4 liian suuri \u00e4\u00e4nim\u00e4\u00e4r\u00e4 on vaikuttanut siten, ett\u00e4 h\u00e4n on ollut puolueensa valitsematta j\u00e4\u00e4neiden ehdokkaiden keskin\u00e4isess\u00e4 j\u00e4rjestyksess\u00e4 nelj\u00e4nten\u00e4, kun oikean \u00e4\u00e4nim\u00e4\u00e4r\u00e4ns\u00e4 perusteella h\u00e4nen olisi tullut olla kyseisess\u00e4 j\u00e4rjestyksess\u00e4 selv\u00e4sti alempana.<\/p>\n<h3>Oikeudellinen arviointi ja johtop\u00e4\u00e4t\u00f6s<\/h3>\n<p>(26) Vaalilain 103 \u00a7:n 2 momentista ilmenevin tavoin vaalien tulosta on valituksen johdosta oikaistava, jos s\u00e4\u00e4nn\u00f6ksess\u00e4 tarkoitettu lainvastaisuus on vaikuttanut vaalien tulokseen. S\u00e4\u00e4nn\u00f6ksen perusteella on siten selv\u00e4\u00e4, ett\u00e4 mik\u00e4 tahansa virhe ei edellyt\u00e4 vaalien tuloksen oikaisemista. L\u00e4ht\u00f6kohtana voidaan pit\u00e4\u00e4 sit\u00e4, ett\u00e4 vaalivalitus voi tulla hyv\u00e4ksytyksi vain silloin, kun vaalien lopputulos on voinut virheen johdosta muodostua \u00e4\u00e4nioikeutettujen tahdosta poikkeavaksi (ks. my\u00f6s HE 178\/1974 vp, s. 7).<\/p>\n<p>(27) Vaalilain 103 \u00a7:st\u00e4 tai lain esit\u00f6ist\u00e4 ei yksiselitteisesti ilmene, mit\u00e4 s\u00e4\u00e4nn\u00f6ksess\u00e4 tarkoitetaan vaalien tuloksella. Kyseist\u00e4 termi\u00e4 ei ole my\u00f6sk\u00e4\u00e4n k\u00e4ytetty laissa johdonmukaisesti. Esimerkiksi vaalien tuloksen m\u00e4\u00e4r\u00e4\u00e4mist\u00e4 koskevassa 91 \u00a7:ss\u00e4 on kuntavaalien osalta viitattu vain valtuutettujen valintaan, kun taas vaalien tuloksen p\u00f6yt\u00e4kirjaan merkitsemist\u00e4 koskevassa 98 \u00a7:ss\u00e4 on viitattu my\u00f6s varavaltuutettujen valintaan. Vaalien tuloksen vahvistamista ja julkaisemista koskeva 95 \u00a7 taas viittaa siihen, ett\u00e4 vaalien tulos (2 momentin 1 kohta) on laajempi kokonaisuus kuin tiedot valituksi tulleista ja heid\u00e4n varaj\u00e4senist\u00e4\u00e4n (2 momentin 2 kohta).<\/p>\n<p>(28) Vaalilain perusteella on n\u00e4in ollen tulkinnanvaraista, onko lain 103 \u00a7:n 2 momentissa tarkoitettuna vaalien tulokseen vaikuttaneena lainvastaisuutena pidett\u00e4v\u00e4 my\u00f6s sellaista virhett\u00e4, joka ei ole vaikuttanut valtuutettujen tai varavaltuutettujen valintaan vaan ainoastaan valitsematta j\u00e4\u00e4neiden ehdokkaiden keskin\u00e4iseen j\u00e4rjestykseen.<\/p>\n<p>(29) Oikeudella hakea muutosta vaaliasioissa on keskeinen merkitys sen varmistamisessa, ett\u00e4 vaaleilla valittavien, merkitt\u00e4v\u00e4\u00e4 yhteiskunnallista p\u00e4\u00e4t\u00f6svaltaa k\u00e4ytt\u00e4vien henkil\u00f6iden valinta tapahtuu laissa s\u00e4\u00e4detyss\u00e4 j\u00e4rjestyksess\u00e4. Arvioitaessa sit\u00e4, onko yksitt\u00e4istapauksessa kyseess\u00e4 vaalilain 103 \u00a7:ss\u00e4 tarkoitettu vaalien tulokseen vaikuttanut lainvastaisuus, on siten otettava erityisesti huomioon, miten kyseinen lainvastaisuus voi vaikuttaa t\u00e4llaista valtaa k\u00e4ytt\u00e4vien henkil\u00f6iden m\u00e4\u00e4r\u00e4ytymiseen.<\/p>\n<p>(30) Kuntavaaliehdokkaista valitaan valtuutetut ja varavaltuutetut vaalimenestyksen perusteella siten kuin vaalilaissa s\u00e4\u00e4det\u00e4\u00e4n. Vaalien perusteella m\u00e4\u00e4r\u00e4ytyv\u00e4 ehdokkaiden keskin\u00e4inen j\u00e4rjestys ei kuitenkaan vaikuta vain siihen, ketk\u00e4 tulevat vaaleissa valituksi. Kuten vaalilain 93 \u00a7:n 2 momentista ja kuntalain 17 \u00a7:st\u00e4 ilmenee, valtuuston toimikauden aikana saatetaan tarvita uusia varavaltuutettuja, jotka tulee m\u00e4\u00e4r\u00e4t\u00e4 vaaliliiton, puolueen tai yhteislistan ensimm\u00e4isist\u00e4 valitsematta j\u00e4\u00e4neist\u00e4 ehdokkaista. N\u00e4in ollen my\u00f6s valitsematta j\u00e4\u00e4neiden ehdokkaiden keskin\u00e4inen j\u00e4rjestys voi vaikuttaa kunnallista p\u00e4\u00e4t\u00f6svaltaa k\u00e4ytt\u00e4vien henkil\u00f6iden m\u00e4\u00e4r\u00e4ytymiseen.<\/p>\n<p>(31) Esill\u00e4 olevassa asiassa ehdokkaalle nro 73 (A, PS) on virheellisesti vahvistettu 15 \u00e4\u00e4nt\u00e4 liikaa. Virheen vuoksi h\u00e4n on ollut puolueensa valitsematta j\u00e4\u00e4neiden ehdokkaiden keskin\u00e4isess\u00e4 j\u00e4rjestyksess\u00e4 nelj\u00e4nten\u00e4, vaikka h\u00e4nen olisi kuulunut olla heikommalla sijalla. Saadun selvityksen perusteella edellisen valtuustokauden aikana viisi henkil\u00f6\u00e4 samasta puolueesta oli muuttanut pois paikkakunnalta tai eronnut teht\u00e4v\u00e4st\u00e4\u00e4n muusta syyst\u00e4 ja vaaleissa valitsematta j\u00e4\u00e4neist\u00e4 ehdokkaista kolme oli noussut varavaltuutetuksi.<\/p>\n<p>(32) A:n mahdollisuus nousta valtuustokauden aikana varavaltuutetuksi on pieni mutta ei pelk\u00e4st\u00e4\u00e4n teoreettinen. Korkein hallinto-oikeus katsoo, ettei asian olosuhteissa voida riitt\u00e4v\u00e4sti poissulkea sit\u00e4, ett\u00e4 A:lle vahvistetun virheellisen \u00e4\u00e4nim\u00e4\u00e4r\u00e4n vuoksi kunnallista p\u00e4\u00e4t\u00f6svaltaa voi p\u00e4\u00e4st\u00e4 k\u00e4ytt\u00e4m\u00e4\u00e4n henkil\u00f6, joka ei olisi tullut vaalilaissa s\u00e4\u00e4detty\u00e4 j\u00e4rjestyst\u00e4 noudatettaessa teht\u00e4v\u00e4\u00e4n valituksi.<\/p>\n<p>(33) A:n mahdollinen m\u00e4\u00e4r\u00e4\u00e4minen varavaltuutetuksi tulee sin\u00e4ns\u00e4 ratkaistavaksi keskusvaalilautakunnassa my\u00f6hemmin erikseen. Edell\u00e4 todettuun lainvastaisuuteen puuttumiseen ei kuitenkaan ole tuossa vaiheessa k\u00e4ytett\u00e4viss\u00e4 vaalilain mukaisen valituksen kanssa yht\u00e4 tehokasta oikeussuojakeinoa.<\/p>\n<p>(34) N\u00e4iss\u00e4 oloissa keskusvaalilautakunnan on katsottava menetelleen A:n osalta vaalien tulosta vahvistaessaan lainvastaisesti siten, ett\u00e4 lainvastaisuus on vaalilain 103 \u00a7:n 2 momentissa tarkoitetulla tavalla vaikuttanut vaalien tulokseen. Vaalien tulosta on siten t\u00e4lt\u00e4 osin oikaistava.<\/p>\n<p>(36) Muilta osin vaalien tuloksen vahvistamisessa todetuilla virheill\u00e4 ei saadun selvityksen perusteella ole vaikutusta vaalien tulokseen. N\u00e4ilt\u00e4 osin hallinto-oikeuden p\u00e4\u00e4t\u00f6ksen lopputuloksen muuttamiselle ei ole perusteita.<\/p>\n<p>(37) Asiassa ei ole noussut esille sellaisia seikkoja, joiden vuoksi kaikkien \u00e4\u00e4nestyslippujen tarkastaminen muutoksenhakijan toissijaisen vaatimuksen mukaisesti olisi aiheellista. T\u00e4t\u00e4 koskeva vaatimus on siten hyl\u00e4tt\u00e4v\u00e4.<\/p>\n<h3>Oikeudenk\u00e4yntikulut<\/h3>\n<p>(38) Oikeudenk\u00e4ynnist\u00e4 hallintoasioissa annetun lain 95 \u00a7:n 1 momentin mukaan oikeudenk\u00e4ynnin osapuoli on velvollinen korvaamaan toisen osapuolen oikeudenk\u00e4yntikulut kokonaan tai osaksi, jos erityisesti asiassa annettu ratkaisu huomioon ottaen on kohtuutonta, ett\u00e4 t\u00e4m\u00e4 joutuu itse vastaamaan oikeudenk\u00e4yntikuluistaan. Pyk\u00e4l\u00e4n 2 momentin mukaan korvausvelvollisuuden kohtuullisuutta arvioitaessa voidaan lis\u00e4ksi ottaa huomioon asian oikeudellinen ep\u00e4selvyys, osapuolten toiminta ja asian merkitys asianosaiselle.<\/p>\n<p>(39) Kun otetaan huomioon asian laatu, oikeudellinen tulkinnanvaraisuus sek\u00e4 se, ett\u00e4 X:n valitus on osin hyl\u00e4tty, ei ole kohtuutonta, ett\u00e4 puolueensa vaaliasiamiehen\u00e4 toiminut X joutuu itse vastaamaan omasta ty\u00f6st\u00e4\u00e4n aiheutuneista oikeudenk\u00e4yntikuluista korkeimmassa hallinto-oikeudessa ja hallinto-oikeudessa.<\/p>\n<p>Asian ovat ratkaisseet oikeusneuvokset Outi Suviranta, Toni Kaarresalo, Robert Utter, Emil Waris ja P\u00e4ivi Pietarinen. Asian esittelij\u00e4 Helmi Lajunen.<\/p>\n<h3>Kaarinan kaupungin keskusvaalilautakunta<\/h3>\n<h3>Hallinto-oikeus<\/h3>\n<h3>Asian ovat ratkaisseet hallinto-oikeuden j\u00e4senet Sami Kouki, Kati Niemi ja Jukka Vanto, joka on my\u00f6s esitellyt asian.<\/h3>\n<h3>X<\/h3>\n<h3>A:lle<\/h3>\n<h3>Oikeusministeri\u00f6<\/h3>\n<p>Ehdokkaalle numero 73 (A, PS) on vahvistettu 15 \u00e4\u00e4nt\u00e4 liikaa. H\u00e4nen \u00e4\u00e4nim\u00e4\u00e4r\u00e4kseen olisi tullut vahvistaa 12.<\/p>\n<p>Ehdokkaalle numero 70 (&#8212;, PS) on vahvistettu 15 \u00e4\u00e4nt\u00e4 liian v\u00e4h\u00e4n. H\u00e4nen \u00e4\u00e4nim\u00e4\u00e4r\u00e4kseen olisi tullut vahvistaa 105.<\/p>\n<p>Ehdokkaalle numero 64 (&#8212;, PS) on vahvistettu 1 \u00e4\u00e4ni liikaa. H\u00e4nen \u00e4\u00e4nim\u00e4\u00e4r\u00e4kseen olisi tullut vahvistaa 20.<\/p>\n<p>Ehdokkaalle numero 94 (&#8212;, RKP) on vahvistettu 1 \u00e4\u00e4ni liian v\u00e4h\u00e4n. H\u00e4nen \u00e4\u00e4nim\u00e4\u00e4r\u00e4kseen olisi tullut vahvistaa 80.<\/p>\n<p>Ehdokkaalle numero 61 (&#8212;, PS) on vahvistettu 1 \u00e4\u00e4ni liikaa. H\u00e4nen \u00e4\u00e4nim\u00e4\u00e4r\u00e4kseen olisi tullut vahvistaa 245.<\/p>\n<p>Ehdokkaalle numero 27 (&#8212;, Kok.) on vahvistettu 1 \u00e4\u00e4ni liian v\u00e4h\u00e4n. H\u00e4nen \u00e4\u00e4nim\u00e4\u00e4r\u00e4kseen olisi tullut vahvistaa 96.<\/p>\n<p>PS:n yhteenlasketussa \u00e4\u00e4nim\u00e4\u00e4r\u00e4ss\u00e4 on 2 \u00e4\u00e4nt\u00e4 liikaa. PS:n \u00e4\u00e4nim\u00e4\u00e4r\u00e4ksi olisi tullut vahvistaa 1 177.<\/p>\n<p>Kok. yhteenlasketussa \u00e4\u00e4nim\u00e4\u00e4r\u00e4ss\u00e4 on 1 \u00e4\u00e4ni liian v\u00e4h\u00e4n. Kok. \u00e4\u00e4nim\u00e4\u00e4r\u00e4ksi olisi tullut vahvistaa 5 558.<\/p>\n<p>RKP:n yhteenlasketussa \u00e4\u00e4nim\u00e4\u00e4r\u00e4ss\u00e4 on 1 \u00e4\u00e4ni liian v\u00e4h\u00e4n. RKP:n \u00e4\u00e4nim\u00e4\u00e4r\u00e4ksi olisi tullut vahvistaa 572.<\/p>\n<\/div>\n<hr class=\"kji-sep\" \/>\n<p class=\"kji-source-links\"><strong>Sources officielles :<\/strong> <a class=\"kji-source-link\" href=\"https:\/\/www.finlex.fi\/en\/case-law\/supreme-administrative-court\/precedents\/2026\/22\" target=\"_blank\" rel=\"noopener noreferrer\">consulter la page source<\/a><\/p>\n<p class=\"kji-license-note\"><em>Finlex open data, CC BY 4.0. Documentation open data verifiee le 2026-04-12 ; les endpoints judgment documentes renvoient 404 pour les types case-law exposes par le frontend, fallback actuel sur les pages publiques data.finlex.fi.<\/em><\/p>\n<\/div>\n","protected":false},"excerpt":{"rendered":"<p>Efter att kommunalvalets resultat hade fastst\u00e4llts uppt\u00e4cktes fel i n\u00e5gra kandidaters r\u00f6stetal. Felen hade inte p\u00e5verkat vilka kandidater som hade valts till ledam\u00f6ter eller ers\u00e4ttare. Felen hade inte heller p\u00e5verkat de invaldas inb\u00f6rdes ordningsf\u00f6ljd eller gruppernas eller partiernas inb\u00f6rdes ordningsf\u00f6ljd. Ett av felen hade \u00e4nd\u00e5 p\u00e5verkat den inb\u00f6rdes ordningsf\u00f6ljden f\u00f6r de kandidater inom ett parti&#8230;<\/p>\n","protected":false},"featured_media":0,"template":"","meta":{"_crdt_document":""},"kji_country":[7740],"kji_court":[28668],"kji_chamber":[7742],"kji_year":[7610],"kji_subject":[7646],"kji_keyword":[20489,28685,28687,28688,28686],"kji_language":[7746],"class_list":["post-645648","kji_decision","type-kji_decision","status-publish","hentry","kji_country-finlande","kji_court-cour-supreme-administrative-de-finlande","kji_chamber-precedents","kji_year-7610","kji_subject-divers","kji_keyword-eller","kji_keyword-felen","kji_keyword-inbordes","kji_keyword-kandidater","kji_keyword-paverkat","kji_language-multilingue"],"yoast_head":"<!-- This site is optimized with the Yoast SEO Premium plugin v27.4 (Yoast SEO v27.4) - https:\/\/yoast.com\/product\/yoast-seo-premium-wordpress\/ -->\n<title>KHO:2026:22 - Kuntavaalit - Ma\u00eetre Hassan Kohen, avocat en droit p\u00e9nal \u00e0 Paris<\/title>\n<meta name=\"robots\" content=\"index, follow, max-snippet:-1, max-image-preview:large, max-video-preview:-1\" \/>\n<link rel=\"canonical\" href=\"https:\/\/kohenavocats.com\/ru\/jurisprudences\/kho202622-kuntavaalit\/\" \/>\n<meta property=\"og:locale\" content=\"ru_RU\" \/>\n<meta property=\"og:type\" content=\"article\" \/>\n<meta property=\"og:title\" content=\"KHO:2026:22 - Kuntavaalit\" \/>\n<meta property=\"og:description\" content=\"Efter att kommunalvalets resultat hade fastst\u00e4llts uppt\u00e4cktes fel i n\u00e5gra kandidaters r\u00f6stetal. Felen hade inte p\u00e5verkat vilka kandidater som hade valts till ledam\u00f6ter eller ers\u00e4ttare. Felen hade inte heller p\u00e5verkat de invaldas inb\u00f6rdes ordningsf\u00f6ljd eller gruppernas eller partiernas inb\u00f6rdes ordningsf\u00f6ljd. Ett av felen hade \u00e4nd\u00e5 p\u00e5verkat den inb\u00f6rdes ordningsf\u00f6ljden f\u00f6r de kandidater inom ett parti...\" \/>\n<meta property=\"og:url\" content=\"https:\/\/kohenavocats.com\/ru\/jurisprudences\/kho202622-kuntavaalit\/\" \/>\n<meta property=\"og:site_name\" content=\"Ma\u00eetre Hassan Kohen, avocat en droit p\u00e9nal \u00e0 Paris\" \/>\n<meta name=\"twitter:card\" content=\"summary_large_image\" \/>\n<meta name=\"twitter:label1\" content=\"\u041f\u0440\u0438\u043c\u0435\u0440\u043d\u043e\u0435 \u0432\u0440\u0435\u043c\u044f \u0434\u043b\u044f \u0447\u0442\u0435\u043d\u0438\u044f\" \/>\n\t<meta name=\"twitter:data1\" content=\"14 \u043c\u0438\u043d\u0443\u0442\" \/>\n<script type=\"application\/ld+json\" class=\"yoast-schema-graph\">{\"@context\":\"https:\\\/\\\/schema.org\",\"@graph\":[{\"@type\":\"WebPage\",\"@id\":\"https:\\\/\\\/kohenavocats.com\\\/ru\\\/jurisprudences\\\/kho202622-kuntavaalit\\\/\",\"url\":\"https:\\\/\\\/kohenavocats.com\\\/ru\\\/jurisprudences\\\/kho202622-kuntavaalit\\\/\",\"name\":\"KHO:2026:22 - Kuntavaalit - Ma\u00eetre Hassan Kohen, avocat en droit p\u00e9nal \u00e0 Paris\",\"isPartOf\":{\"@id\":\"https:\\\/\\\/kohenavocats.com\\\/ru\\\/#website\"},\"datePublished\":\"2026-04-22T06:13:18+00:00\",\"breadcrumb\":{\"@id\":\"https:\\\/\\\/kohenavocats.com\\\/ru\\\/jurisprudences\\\/kho202622-kuntavaalit\\\/#breadcrumb\"},\"inLanguage\":\"ru-RU\",\"potentialAction\":[{\"@type\":\"ReadAction\",\"target\":[\"https:\\\/\\\/kohenavocats.com\\\/ru\\\/jurisprudences\\\/kho202622-kuntavaalit\\\/\"]}]},{\"@type\":\"BreadcrumbList\",\"@id\":\"https:\\\/\\\/kohenavocats.com\\\/ru\\\/jurisprudences\\\/kho202622-kuntavaalit\\\/#breadcrumb\",\"itemListElement\":[{\"@type\":\"ListItem\",\"position\":1,\"name\":\"Home\",\"item\":\"https:\\\/\\\/kohenavocats.com\\\/ru\\\/avocats-en-droit-penal-a-paris-conseil-et-defense-strategique\\\/\"},{\"@type\":\"ListItem\",\"position\":2,\"name\":\"Jurisprudences\",\"item\":\"https:\\\/\\\/kohenavocats.com\\\/ru\\\/jurisprudences\\\/\"},{\"@type\":\"ListItem\",\"position\":3,\"name\":\"KHO:2026:22 &#8211; Kuntavaalit\"}]},{\"@type\":\"WebSite\",\"@id\":\"https:\\\/\\\/kohenavocats.com\\\/ru\\\/#website\",\"url\":\"https:\\\/\\\/kohenavocats.com\\\/ru\\\/\",\"name\":\"Kohen Avocats\",\"description\":\"Ma\u00eetre Hassan Kohen, avocat p\u00e9naliste \u00e0 Paris, intervient exclusivement en droit p\u00e9nal pour la d\u00e9fense des particuliers, notamment en mati\u00e8re d\u2019accusations de viol. Il assure un accompagnement rigoureux d\u00e8s la garde \u00e0 vue jusqu\u2019\u00e0 la Cour d\u2019assises, veillant au strict respect des garanties proc\u00e9durales.\",\"publisher\":{\"@id\":\"https:\\\/\\\/kohenavocats.com\\\/ru\\\/#organization\"},\"potentialAction\":[{\"@type\":\"SearchAction\",\"target\":{\"@type\":\"EntryPoint\",\"urlTemplate\":\"https:\\\/\\\/kohenavocats.com\\\/ru\\\/?s={search_term_string}\"},\"query-input\":{\"@type\":\"PropertyValueSpecification\",\"valueRequired\":true,\"valueName\":\"search_term_string\"}}],\"inLanguage\":\"ru-RU\"},{\"@type\":\"Organization\",\"@id\":\"https:\\\/\\\/kohenavocats.com\\\/ru\\\/#organization\",\"name\":\"Kohen Avocats\",\"url\":\"https:\\\/\\\/kohenavocats.com\\\/ru\\\/\",\"logo\":{\"@type\":\"ImageObject\",\"inLanguage\":\"ru-RU\",\"@id\":\"https:\\\/\\\/kohenavocats.com\\\/ru\\\/#\\\/schema\\\/logo\\\/image\\\/\",\"url\":\"https:\\\/\\\/kohenavocats.com\\\/wp-content\\\/uploads\\\/2026\\\/01\\\/Logo-2-1.webp\",\"contentUrl\":\"https:\\\/\\\/kohenavocats.com\\\/wp-content\\\/uploads\\\/2026\\\/01\\\/Logo-2-1.webp\",\"width\":2114,\"height\":1253,\"caption\":\"Kohen Avocats\"},\"image\":{\"@id\":\"https:\\\/\\\/kohenavocats.com\\\/ru\\\/#\\\/schema\\\/logo\\\/image\\\/\"}}]}<\/script>\n<!-- \/ Yoast SEO Premium plugin. -->","yoast_head_json":{"title":"KHO:2026:22 - Kuntavaalit - Ma\u00eetre Hassan Kohen, avocat en droit p\u00e9nal \u00e0 Paris","robots":{"index":"index","follow":"follow","max-snippet":"max-snippet:-1","max-image-preview":"max-image-preview:large","max-video-preview":"max-video-preview:-1"},"canonical":"https:\/\/kohenavocats.com\/ru\/jurisprudences\/kho202622-kuntavaalit\/","og_locale":"ru_RU","og_type":"article","og_title":"KHO:2026:22 - Kuntavaalit","og_description":"Efter att kommunalvalets resultat hade fastst\u00e4llts uppt\u00e4cktes fel i n\u00e5gra kandidaters r\u00f6stetal. Felen hade inte p\u00e5verkat vilka kandidater som hade valts till ledam\u00f6ter eller ers\u00e4ttare. Felen hade inte heller p\u00e5verkat de invaldas inb\u00f6rdes ordningsf\u00f6ljd eller gruppernas eller partiernas inb\u00f6rdes ordningsf\u00f6ljd. Ett av felen hade \u00e4nd\u00e5 p\u00e5verkat den inb\u00f6rdes ordningsf\u00f6ljden f\u00f6r de kandidater inom ett parti...","og_url":"https:\/\/kohenavocats.com\/ru\/jurisprudences\/kho202622-kuntavaalit\/","og_site_name":"Ma\u00eetre Hassan Kohen, avocat en droit p\u00e9nal \u00e0 Paris","twitter_card":"summary_large_image","twitter_misc":{"\u041f\u0440\u0438\u043c\u0435\u0440\u043d\u043e\u0435 \u0432\u0440\u0435\u043c\u044f \u0434\u043b\u044f \u0447\u0442\u0435\u043d\u0438\u044f":"14 \u043c\u0438\u043d\u0443\u0442"},"schema":{"@context":"https:\/\/schema.org","@graph":[{"@type":"WebPage","@id":"https:\/\/kohenavocats.com\/ru\/jurisprudences\/kho202622-kuntavaalit\/","url":"https:\/\/kohenavocats.com\/ru\/jurisprudences\/kho202622-kuntavaalit\/","name":"KHO:2026:22 - Kuntavaalit - Ma\u00eetre Hassan Kohen, avocat en droit p\u00e9nal \u00e0 Paris","isPartOf":{"@id":"https:\/\/kohenavocats.com\/ru\/#website"},"datePublished":"2026-04-22T06:13:18+00:00","breadcrumb":{"@id":"https:\/\/kohenavocats.com\/ru\/jurisprudences\/kho202622-kuntavaalit\/#breadcrumb"},"inLanguage":"ru-RU","potentialAction":[{"@type":"ReadAction","target":["https:\/\/kohenavocats.com\/ru\/jurisprudences\/kho202622-kuntavaalit\/"]}]},{"@type":"BreadcrumbList","@id":"https:\/\/kohenavocats.com\/ru\/jurisprudences\/kho202622-kuntavaalit\/#breadcrumb","itemListElement":[{"@type":"ListItem","position":1,"name":"Home","item":"https:\/\/kohenavocats.com\/ru\/avocats-en-droit-penal-a-paris-conseil-et-defense-strategique\/"},{"@type":"ListItem","position":2,"name":"Jurisprudences","item":"https:\/\/kohenavocats.com\/ru\/jurisprudences\/"},{"@type":"ListItem","position":3,"name":"KHO:2026:22 &#8211; Kuntavaalit"}]},{"@type":"WebSite","@id":"https:\/\/kohenavocats.com\/ru\/#website","url":"https:\/\/kohenavocats.com\/ru\/","name":"Kohen Avocats","description":"Ma\u00eetre Hassan Kohen, avocat p\u00e9naliste \u00e0 Paris, intervient exclusivement en droit p\u00e9nal pour la d\u00e9fense des particuliers, notamment en mati\u00e8re d\u2019accusations de viol. Il assure un accompagnement rigoureux d\u00e8s la garde \u00e0 vue jusqu\u2019\u00e0 la Cour d\u2019assises, veillant au strict respect des garanties proc\u00e9durales.","publisher":{"@id":"https:\/\/kohenavocats.com\/ru\/#organization"},"potentialAction":[{"@type":"SearchAction","target":{"@type":"EntryPoint","urlTemplate":"https:\/\/kohenavocats.com\/ru\/?s={search_term_string}"},"query-input":{"@type":"PropertyValueSpecification","valueRequired":true,"valueName":"search_term_string"}}],"inLanguage":"ru-RU"},{"@type":"Organization","@id":"https:\/\/kohenavocats.com\/ru\/#organization","name":"Kohen Avocats","url":"https:\/\/kohenavocats.com\/ru\/","logo":{"@type":"ImageObject","inLanguage":"ru-RU","@id":"https:\/\/kohenavocats.com\/ru\/#\/schema\/logo\/image\/","url":"https:\/\/kohenavocats.com\/wp-content\/uploads\/2026\/01\/Logo-2-1.webp","contentUrl":"https:\/\/kohenavocats.com\/wp-content\/uploads\/2026\/01\/Logo-2-1.webp","width":2114,"height":1253,"caption":"Kohen Avocats"},"image":{"@id":"https:\/\/kohenavocats.com\/ru\/#\/schema\/logo\/image\/"}}]}},"jetpack_likes_enabled":false,"jetpack_sharing_enabled":true,"_links":{"self":[{"href":"https:\/\/kohenavocats.com\/ru\/wp-json\/wp\/v2\/kji_decision\/645648","targetHints":{"allow":["GET"]}}],"collection":[{"href":"https:\/\/kohenavocats.com\/ru\/wp-json\/wp\/v2\/kji_decision"}],"about":[{"href":"https:\/\/kohenavocats.com\/ru\/wp-json\/wp\/v2\/types\/kji_decision"}],"wp:attachment":[{"href":"https:\/\/kohenavocats.com\/ru\/wp-json\/wp\/v2\/media?parent=645648"}],"wp:term":[{"taxonomy":"kji_country","embeddable":true,"href":"https:\/\/kohenavocats.com\/ru\/wp-json\/wp\/v2\/kji_country?post=645648"},{"taxonomy":"kji_court","embeddable":true,"href":"https:\/\/kohenavocats.com\/ru\/wp-json\/wp\/v2\/kji_court?post=645648"},{"taxonomy":"kji_chamber","embeddable":true,"href":"https:\/\/kohenavocats.com\/ru\/wp-json\/wp\/v2\/kji_chamber?post=645648"},{"taxonomy":"kji_year","embeddable":true,"href":"https:\/\/kohenavocats.com\/ru\/wp-json\/wp\/v2\/kji_year?post=645648"},{"taxonomy":"kji_subject","embeddable":true,"href":"https:\/\/kohenavocats.com\/ru\/wp-json\/wp\/v2\/kji_subject?post=645648"},{"taxonomy":"kji_keyword","embeddable":true,"href":"https:\/\/kohenavocats.com\/ru\/wp-json\/wp\/v2\/kji_keyword?post=645648"},{"taxonomy":"kji_language","embeddable":true,"href":"https:\/\/kohenavocats.com\/ru\/wp-json\/wp\/v2\/kji_language?post=645648"}],"curies":[{"name":"wp","href":"https:\/\/api.w.org\/{rel}","templated":true}]}}