{"id":647578,"date":"2026-04-22T12:24:55","date_gmt":"2026-04-22T10:24:55","guid":{"rendered":"https:\/\/kohenavocats.com\/jurisprudences\/eclinlrbdha202511-rechtbank-den-haag-02-01-2025-11167416-rp-verz-24-50363\/"},"modified":"2026-04-22T12:24:55","modified_gmt":"2026-04-22T10:24:55","slug":"eclinlrbdha202511-rechtbank-den-haag-02-01-2025-11167416-rp-verz-24-50363","status":"publish","type":"kji_decision","link":"https:\/\/kohenavocats.com\/ru\/jurisprudences\/eclinlrbdha202511-rechtbank-den-haag-02-01-2025-11167416-rp-verz-24-50363\/","title":{"rendered":"ECLI:NL:RBDHA:2025:11 Rechtbank Den Haag , 02-01-2025 \/ 11167416\/RP VERZ 24-50363"},"content":{"rendered":"<div class=\"kji-decision\">\n<div class=\"kji-full-text\">\n<p><strong>Inhoudsindicatie.<\/strong> Verzoek tot wedertewerkstelling met nevenverzoeken. Arbeidsovereenkomst van bepaalde tijd of onbepaalde tijd.<\/p>\n<p>RECHTBANK<br \/>\n DEN HAAG<\/p>\n<p>Civiel recht<\/p>\n<p>Kantonrechter<\/p>\n<p>Zittingsplaats &#039;s-Gravenhage<\/p>\n<p>dn\/c<\/p>\n<p>Zaaknummer \/ rekestnummer: 11167416 \\ RP VERZ 24-50363<\/p>\n<p>Beschikking van 2 januari<br \/>\n 2025<\/p>\n<p>in de zaak van<\/p>\n<p>[verzoekster]<br \/>\n ,<\/p>\n<p>wonende te [woonplaats] ,<\/p>\n<p>verzoekende partij,<\/p>\n<p>hierna te noemen: [verzoekster] ,<\/p>\n<p>gemachtigde: mr. J.M. Eerkes,<\/p>\n<p>toevoeging verleend onder nummer: [nummer] ,<\/p>\n<p>tegen<\/p>\n<p>STICHTING [bedrijfsnaam],<\/p>\n<p>gevestigd te [vestigingsplaats] ,<\/p>\n<p>verwerende partij,<\/p>\n<p>hierna te noemen: [bedrijf] ,<\/p>\n<p>gemachtigde: mr. H.J. Brouwer.<\/p>\n<h3>1Het verloop van de procedure<\/h3>\n<p>Het verloop van de procedure blijkt uit:<\/p>\n<p>&#8212; het verzoekschrift, ontvangen op 20 juni 2024, met producties 1 tot en met 13,<\/p>\n<p>&#8212; het verweerschrift, met producties 1 tot en met 4,<\/p>\n<p>&#8212; de brief van 12 september 2024 met nagezonden producties 5 tot en met 6 van de zijde van [bedrijf] , [bedrijfsnaam]<\/p>\n<p>&#8212; de brief van 13 september 2024 met nagezonden producties 14 tot en met 19 van de zijde van [verzoekster] .<\/p>\n<p>Op 17 september 2024 heeft de mondelinge behandeling van het verzoek plaats gevonden. Verschenen zijn [verzoekster] , bijgestaan door haar gemachtigde. Namens [bedrijf] is verschenen dhr. [naam] , adjunct-directeur alsmede haar gemachtigde. Namens [verzoekster] zijn pleitaantekeningen voorgedragen. Van het overige verhandelde ter zitting zijn door de griffier aantekeningen gemaakt die zich in het procesdossier bevinden.<\/p>\n<p>Vervolgens is de uitspraak van deze beschikking nader bepaald op vandaag.<\/p>\n<h3>2Waar gaat deze rechtszaak over?<\/h3>\n<p>[verzoekster] is op 1 augustus 2021 voor twaalf maanden in algemene dienst getreden bij [bedrijf] op basis van een arbeidsovereenkomst voor bepaalde tijd (bij wijze van proef artikel 3.1.2. CAO PO) in de functie van onderwijsassistent. [verzoekster] was werkzaam op de Openbare Basisschool [basisschool] in [plaats] .<\/p>\n<p>Op 1 augustus 2022 hebben partijen de arbeidsovereenkomst voor bepaalde tijd (opvolgend bij wijze van proef artikel 3.1.2. CAO PO) met twaalf maanden verlengd.<\/p>\n<p>In beide arbeidsovereenkomsten is een nagenoeg gelijkluidende bepaling met de volgende inhoud opgenomen:<\/p>\n<p>Bij functioneren naar wederzijdse tevredenheid is het de intentie van werkgever deze arbeidsovereenkomst voor bepaalde tijd om te zetten in een arbeidsovereenkomst voor onbepaalde tijd.<\/p>\n<p>Op de arbeidsovereenkomst is de CAO voor het primair onderwijs (CAO) van toepassing. In de CAO staat in de toepasselijke versies 2021, 2022 en 2022-2023 de volgende gelijkluidend bepaling:<\/p>\n<p>Arbeidsovereenkomst<\/p>\n<p>1. Een arbeidsovereenkomst wordt aangegaan voor bepaalde of onbepaalde tijd.<\/p>\n<p>2. Bij het aangaan van een arbeidsovereenkomst niet zijnde voor vervanging of werkzaamheden van kennelijke tijdelijke aard, is het uitgangspunt een arbeidsovereenkomst voor onbepaalde tijd. In dit geval kan eenmaal een arbeidsovereenkomst voor bepaalde tijd voor ten hoogste 12 maanden worden aangegaan. Deze arbeidsovereenkomst wordt aangeboden met uitzicht op een arbeidsovereenkomst voor onbepaalde tijd. Alleen in zeer bijzondere gevallen kan hierna nog eenmaal een arbeidsovereenkomst voor bepaalde tijd<\/p>\n<p>worden aangegaan gedurende een periode van maximaal 12 maanden.<\/p>\n<p>Bij brief van 15 juni 2023 heeft [bedrijf] aan [verzoekster] meegedeeld dat haar arbeidsovereenkomst voor bepaalde tijd niet zal worden verlengd en op 31 juli 2023 van rechtswege zal eindigen. In verband met het einde van haar arbeidsovereenkomst heeft [verzoekster] in juli 2023 de eindafrekening van haar salaris ontvangen.<\/p>\n<p>Op 25 april 2024 beroept [verzoekster] zich bij monde van haar gemachtigde op het bestaan van een arbeidsovereenkomst voor onbepaalde tijd en wordt [bedrijf] gesommeerd tot wedertewerkstelling van [verzoekster] , betaling van het achterstallige loon, vakantietoeslag en de wettelijke verhoging.<\/p>\n<p>[bedrijf] reageert op 12 juni 2024 en stelt zich, kort gezegd, op het standpunt dat de arbeidsovereenkomst met [verzoekster] per 1 augustus 2023 onherroepelijk is ge\u00ebindigd.<\/p>\n<h3>3Wat wil [verzoekster] ?<\/h3>\n<p>[verzoekster] verzoekt, samengevat, een verklaring voor recht dat per 1 augustus 2022 sprake is van een arbeidsovereenkomst voor onbepaalde tijd alsmede veroordeling van [bedrijf] tot wedertewerkstelling van [verzoekster] in haar functie, met nevenverzoeken.<\/p>\n<p>[bedrijf] voert verweer en verzoekt om afwijzing van de verzoeken met veroordeling van [verzoekster] in de proceskosten.<\/p>\n<p>Op de stellingen en weren van partijen, wordt hierna, voor zover van belang ingegaan.<\/p>\n<h3>4De beoordeling<\/h3>\n<p>[verzoekster] verzoekt, kort gezegd, nakoming van de verplichtingen die voortvloeien uit de arbeidsovereenkomst van 1 augustus 2022. Aan haar verzoek ligt de stelling ten grondslag<\/p>\n<p>dat de op 1 augustus 2022 tussen partijen gesloten arbeidsovereenkomst een arbeidsovereenkomst voor onbepaalde tijd betreft, die niet rechtsgeldig is be\u00ebindigd. [bedrijf] betwist op haar beurt dat sprake is van een arbeidsovereenkomst van onbepaalde tijd. Volgens [bedrijf] is de tussen partijen op 1 augustus 2022 gesloten arbeidsovereenkomst een arbeidsovereenkomst voor bepaalde tijd, die van rechtswege, zonder dat daarvoor een opzegging is vereist, per 30 juli 2023 is ge\u00ebindigd.<\/p>\n<p>De kern van het geschil is de vraag of thans nog een arbeidsovereenkomst tussen partijen bestaat. De kantonrechter is van oordeel dat dit niet het geval is en licht als volgt toe.<\/p>\n<p>arbeidsovereenkomst voor onbepaalde tijd is de regel<\/p>\n<p>Tussen partijen is niet in geschil dat de CAO voorschrijft dat een arbeidsovereenkomst voor onbepaalde tijd regel is met eenmaal de mogelijkheid om in bijzondere gevallen voor ten hoogste 12 maanden een arbeidsovereenkomst voor bepaalde tijd aan te gaan. Dit staat in artikel 3.1 lid 2 van de CAO. De kantonrechter is van oordeel dat, gelet op de regel, tot de toepassing waarvan [bedrijf] zich op grond van de CAO heeft verbonden en in aanmerking genomen het goed werkgeverschap dat de arbeidsovereenkomst van partijen (mede) beheerst (artikel 7:611 BW), [bedrijf] slechts met succes een beroep op de uitzondering van de regel kan doen indien zij bij het aangaan van de arbeidsovereenkomst aan [verzoekster] duidelijk heeft gemaakt waarom van de regel wordt afgeweken.<\/p>\n<p>De arbeidsovereenkomst van 1 augustus 2022 geeft geen antwoord op de vraag waarom bij het aangaan van die overeenkomst door [bedrijf] een uitzondering op de regel is gemaakt. Ook blijkt dit niet uit de documenten die door [verzoekster] voorafgaand aan deze procedure bij [bedrijf] zijn opgevraagd. Nu [bedrijf] daarover ook in deze procedure niets heeft gesteld, zij vindt immers dat zij de beslissing om [verzoekster] geen arbeidsovereenkomst voor onbepaalde tijd aan te bieden niet hoeft te motiveren, staat vast dat [bedrijf] niet aan [verzoekster] duidelijk heeft gemaakt waarom van de regel wordt afgeweken.<\/p>\n<p>arbeidsovereenkomst voor bepaalde tijd<\/p>\n<p>De kantonrechter overweegt dat het feit dat [bedrijf] zonder toelichting een uitzondering op de regel heeft gemaakt door met [verzoekster] op 1 augustus 2022 opnieuw een arbeidsovereenkomst voor bepaalde tijd aan te gaan, niet betekent dat [bedrijf] geacht moet worden met [verzoekster] een arbeidsovereenkomst voor onbepaalde tijd te zijn aangegaan.<\/p>\n<p>Uit de CAO noch uit de wet vloeit voort dat schending van artikel 3.1 lid 2 van de CAO van rechtswege een arbeidsovereenkomst voor onbepaalde tijd doet ontstaan. De tekst van de CAO en de offici\u00eble toelichting daarop geven voor een dergelijke uitleg zoals door [verzoekster] bepleit geen enkel aanknopingspunt. Gelet op hetgeen hiervoor is overwogen, bracht goed werkgeverschap enkel met zich dat [bedrijf] per 1 augustus 2022 aan [verzoekster] een arbeidsovereenkomst voor onbepaalde tijd had dienen aan te bieden.<\/p>\n<p>einde arbeidsovereenkomst<\/p>\n<p>Vast staat dat [bedrijf] het einde van de arbeidsovereenkomst voor bepaalde tijd bij brief van 15 juni 2023 heeft aangezegd tegen 1 augustus 2023. Voor zover relevant wijst [bedrijf] er terecht op dat dat de vervaltermijn waarbinnen de nietigheid moet worden ingeroepen reeds is verstreken. Het door [verzoekster] aangehaalde Constar-arrest behoeft geen bespreking, omdat tussen partijen geen sprake is van een arbeidsovereenkomst voor onbepaalde tijd. De vraag of de aanzegging van 15 juni 2023 als opzegging heeft te gelden, speelt hier dus niet.<\/p>\n<p>Dit betekent dat de arbeidsrelatie tussen partijen per 1 augustus 2023 is ge\u00ebindigd. Vast staat ook dat de arbeidsovereenkomst tussen partijen daarna niet is voortgezet, in welke zin dan ook. Hetgeen door partijen verder nog is aangevoerd, behoeft bij deze uitkomst geen bespreking meer omdat dit niet tot een ander oordeel kan leiden.<\/p>\n<p>afwijzing verzoek<\/p>\n<p>Gelet op hetgeen hierboven is overwogen, wijst de kantonrechter het verzoek af. Omdat [verzoekster] ongelijk krijgt, moet zij de kosten van deze procedure aan de zijde van [bedrijf] betalen. De kosten zijn:<\/p>\n<p>&#8212; salaris gemachtigde \u20ac 1.086,00 (2 pnt \u20ac 543,00)<\/p>\n<p>&#8212; nakosten \u20ac 135,00 (vermeerderd met de betekeningskosten<\/p>\n<p>_________ zoals in de beslissing vermeld)<\/p>\n<p>Totaal \u20ac 1.221,00<\/p>\n<h3>5De beslissing<\/h3>\n<p>De kantonrechter<\/p>\n<p>wijst het verzoek af,<\/p>\n<p>veroordeelt [verzoekster] in de kosten van deze procedure, tot op heden aan de zijde van [bedrijf] vastgesteld op \u20ac 1.221,00, te voldoen uiterlijk veertien dagen na aanschrijving, en indien [verzoekster] niet tijdig aan deze veroordeling heeft voldaan en betekening van de beschikking heeft plaatsgevonden, vermeerderd met de explootkosten van betekening van de beschikking.<\/p>\n<p>Deze beschikking is gegeven door mr. D. Nobel en in het openbaar uitgesproken op 2 januari 2025.<\/p>\n<h3>Voetnoten<\/h3>\n<ol>\n<li>ECLI:NL:HR:2017:2905<\/li>\n<\/ol>\n<\/div>\n<hr class=\"kji-sep\" \/>\n<p class=\"kji-source-links\"><strong>Sources officielles :<\/strong> <a class=\"kji-source-link\" href=\"http:\/\/deeplink.rechtspraak.nl\/uitspraak?id=ECLI:NL:RBDHA:2025:11\" target=\"_blank\" rel=\"noopener noreferrer\">consulter la page source<\/a><\/p>\n<p class=\"kji-license-note\"><em>Rechtspraak.nl open data, Creative Commons Zero. Volume cible 1.8M decisions.<\/em><\/p>\n<\/div>\n","protected":false},"excerpt":{"rendered":"<p>Verzoek tot wedertewerkstelling met nevenverzoeken. Arbeidsovereenkomst van bepaalde tijd of onbepaalde tijd.<\/p>\n","protected":false},"featured_media":0,"template":"","meta":{"_crdt_document":""},"kji_country":[7669],"kji_court":[7670],"kji_chamber":[],"kji_year":[8463],"kji_subject":[7712],"kji_keyword":[12147,7674,7675,7814,9030],"kji_language":[7671],"class_list":["post-647578","kji_decision","type-kji_decision","status-publish","hentry","kji_country-pays-bas","kji_court-rechtbank-den-haag","kji_year-8463","kji_subject-social","kji_keyword-nevenverzoeken","kji_keyword-rbdha","kji_keyword-rechtbank","kji_keyword-verzoek","kji_keyword-wedertewerkstelling","kji_language-nl"],"yoast_head":"<!-- This site is optimized with the Yoast SEO Premium plugin v27.5 (Yoast SEO v27.5) - https:\/\/yoast.com\/product\/yoast-seo-premium-wordpress\/ -->\n<title>ECLI:NL:RBDHA:2025:11 Rechtbank Den Haag , 02-01-2025 \/ 11167416\/RP VERZ 24-50363 - Ma\u00eetre Hassan Kohen, avocat en droit p\u00e9nal \u00e0 Paris<\/title>\n<meta name=\"robots\" content=\"index, follow, max-snippet:-1, max-image-preview:large, max-video-preview:-1\" \/>\n<link rel=\"canonical\" href=\"https:\/\/kohenavocats.com\/ru\/jurisprudences\/eclinlrbdha202511-rechtbank-den-haag-02-01-2025-11167416-rp-verz-24-50363\/\" \/>\n<meta property=\"og:locale\" content=\"ru_RU\" \/>\n<meta property=\"og:type\" content=\"article\" \/>\n<meta property=\"og:title\" content=\"ECLI:NL:RBDHA:2025:11 Rechtbank Den Haag , 02-01-2025 \/ 11167416\/RP VERZ 24-50363\" \/>\n<meta property=\"og:description\" content=\"Verzoek tot wedertewerkstelling met nevenverzoeken. Arbeidsovereenkomst van bepaalde tijd of onbepaalde tijd.\" \/>\n<meta property=\"og:url\" content=\"https:\/\/kohenavocats.com\/ru\/jurisprudences\/eclinlrbdha202511-rechtbank-den-haag-02-01-2025-11167416-rp-verz-24-50363\/\" \/>\n<meta property=\"og:site_name\" content=\"Ma\u00eetre Hassan Kohen, avocat en droit p\u00e9nal \u00e0 Paris\" \/>\n<meta name=\"twitter:card\" content=\"summary_large_image\" \/>\n<meta name=\"twitter:label1\" content=\"\u041f\u0440\u0438\u043c\u0435\u0440\u043d\u043e\u0435 \u0432\u0440\u0435\u043c\u044f \u0434\u043b\u044f \u0447\u0442\u0435\u043d\u0438\u044f\" \/>\n\t<meta name=\"twitter:data1\" content=\"7 \u043c\u0438\u043d\u0443\u0442\" \/>\n<script type=\"application\/ld+json\" class=\"yoast-schema-graph\">{\"@context\":\"https:\\\/\\\/schema.org\",\"@graph\":[{\"@type\":\"WebPage\",\"@id\":\"https:\\\/\\\/kohenavocats.com\\\/ru\\\/jurisprudences\\\/eclinlrbdha202511-rechtbank-den-haag-02-01-2025-11167416-rp-verz-24-50363\\\/\",\"url\":\"https:\\\/\\\/kohenavocats.com\\\/ru\\\/jurisprudences\\\/eclinlrbdha202511-rechtbank-den-haag-02-01-2025-11167416-rp-verz-24-50363\\\/\",\"name\":\"ECLI:NL:RBDHA:2025:11 Rechtbank Den Haag , 02-01-2025 \\\/ 11167416\\\/RP VERZ 24-50363 - Ma\u00eetre Hassan Kohen, avocat en droit p\u00e9nal \u00e0 Paris\",\"isPartOf\":{\"@id\":\"https:\\\/\\\/kohenavocats.com\\\/ru\\\/#website\"},\"datePublished\":\"2026-04-22T10:24:55+00:00\",\"breadcrumb\":{\"@id\":\"https:\\\/\\\/kohenavocats.com\\\/ru\\\/jurisprudences\\\/eclinlrbdha202511-rechtbank-den-haag-02-01-2025-11167416-rp-verz-24-50363\\\/#breadcrumb\"},\"inLanguage\":\"ru-RU\",\"potentialAction\":[{\"@type\":\"ReadAction\",\"target\":[\"https:\\\/\\\/kohenavocats.com\\\/ru\\\/jurisprudences\\\/eclinlrbdha202511-rechtbank-den-haag-02-01-2025-11167416-rp-verz-24-50363\\\/\"]}]},{\"@type\":\"BreadcrumbList\",\"@id\":\"https:\\\/\\\/kohenavocats.com\\\/ru\\\/jurisprudences\\\/eclinlrbdha202511-rechtbank-den-haag-02-01-2025-11167416-rp-verz-24-50363\\\/#breadcrumb\",\"itemListElement\":[{\"@type\":\"ListItem\",\"position\":1,\"name\":\"Home\",\"item\":\"https:\\\/\\\/kohenavocats.com\\\/ru\\\/avocats-en-droit-penal-a-paris-conseil-et-defense-strategique\\\/\"},{\"@type\":\"ListItem\",\"position\":2,\"name\":\"Jurisprudences\",\"item\":\"https:\\\/\\\/kohenavocats.com\\\/ru\\\/jurisprudences\\\/\"},{\"@type\":\"ListItem\",\"position\":3,\"name\":\"ECLI:NL:RBDHA:2025:11 Rechtbank Den Haag , 02-01-2025 \\\/ 11167416\\\/RP VERZ 24-50363\"}]},{\"@type\":\"WebSite\",\"@id\":\"https:\\\/\\\/kohenavocats.com\\\/ru\\\/#website\",\"url\":\"https:\\\/\\\/kohenavocats.com\\\/ru\\\/\",\"name\":\"Kohen Avocats\",\"description\":\"Ma\u00eetre Hassan Kohen, avocat p\u00e9naliste \u00e0 Paris, intervient exclusivement en droit p\u00e9nal pour la d\u00e9fense des particuliers, notamment en mati\u00e8re d\u2019accusations de viol. Il assure un accompagnement rigoureux d\u00e8s la garde \u00e0 vue jusqu\u2019\u00e0 la Cour d\u2019assises, veillant au strict respect des garanties proc\u00e9durales.\",\"publisher\":{\"@id\":\"https:\\\/\\\/kohenavocats.com\\\/ru\\\/#organization\"},\"potentialAction\":[{\"@type\":\"SearchAction\",\"target\":{\"@type\":\"EntryPoint\",\"urlTemplate\":\"https:\\\/\\\/kohenavocats.com\\\/ru\\\/?s={search_term_string}\"},\"query-input\":{\"@type\":\"PropertyValueSpecification\",\"valueRequired\":true,\"valueName\":\"search_term_string\"}}],\"inLanguage\":\"ru-RU\"},{\"@type\":\"Organization\",\"@id\":\"https:\\\/\\\/kohenavocats.com\\\/ru\\\/#organization\",\"name\":\"Kohen Avocats\",\"url\":\"https:\\\/\\\/kohenavocats.com\\\/ru\\\/\",\"logo\":{\"@type\":\"ImageObject\",\"inLanguage\":\"ru-RU\",\"@id\":\"https:\\\/\\\/kohenavocats.com\\\/ru\\\/#\\\/schema\\\/logo\\\/image\\\/\",\"url\":\"https:\\\/\\\/kohenavocats.com\\\/wp-content\\\/uploads\\\/2026\\\/01\\\/Logo-2-1.webp\",\"contentUrl\":\"https:\\\/\\\/kohenavocats.com\\\/wp-content\\\/uploads\\\/2026\\\/01\\\/Logo-2-1.webp\",\"width\":2114,\"height\":1253,\"caption\":\"Kohen Avocats\"},\"image\":{\"@id\":\"https:\\\/\\\/kohenavocats.com\\\/ru\\\/#\\\/schema\\\/logo\\\/image\\\/\"}}]}<\/script>\n<!-- \/ Yoast SEO Premium plugin. -->","yoast_head_json":{"title":"ECLI:NL:RBDHA:2025:11 Rechtbank Den Haag , 02-01-2025 \/ 11167416\/RP VERZ 24-50363 - Ma\u00eetre Hassan Kohen, avocat en droit p\u00e9nal \u00e0 Paris","robots":{"index":"index","follow":"follow","max-snippet":"max-snippet:-1","max-image-preview":"max-image-preview:large","max-video-preview":"max-video-preview:-1"},"canonical":"https:\/\/kohenavocats.com\/ru\/jurisprudences\/eclinlrbdha202511-rechtbank-den-haag-02-01-2025-11167416-rp-verz-24-50363\/","og_locale":"ru_RU","og_type":"article","og_title":"ECLI:NL:RBDHA:2025:11 Rechtbank Den Haag , 02-01-2025 \/ 11167416\/RP VERZ 24-50363","og_description":"Verzoek tot wedertewerkstelling met nevenverzoeken. Arbeidsovereenkomst van bepaalde tijd of onbepaalde tijd.","og_url":"https:\/\/kohenavocats.com\/ru\/jurisprudences\/eclinlrbdha202511-rechtbank-den-haag-02-01-2025-11167416-rp-verz-24-50363\/","og_site_name":"Ma\u00eetre Hassan Kohen, avocat en droit p\u00e9nal \u00e0 Paris","twitter_card":"summary_large_image","twitter_misc":{"\u041f\u0440\u0438\u043c\u0435\u0440\u043d\u043e\u0435 \u0432\u0440\u0435\u043c\u044f \u0434\u043b\u044f \u0447\u0442\u0435\u043d\u0438\u044f":"7 \u043c\u0438\u043d\u0443\u0442"},"schema":{"@context":"https:\/\/schema.org","@graph":[{"@type":"WebPage","@id":"https:\/\/kohenavocats.com\/ru\/jurisprudences\/eclinlrbdha202511-rechtbank-den-haag-02-01-2025-11167416-rp-verz-24-50363\/","url":"https:\/\/kohenavocats.com\/ru\/jurisprudences\/eclinlrbdha202511-rechtbank-den-haag-02-01-2025-11167416-rp-verz-24-50363\/","name":"ECLI:NL:RBDHA:2025:11 Rechtbank Den Haag , 02-01-2025 \/ 11167416\/RP VERZ 24-50363 - Ma\u00eetre Hassan Kohen, avocat en droit p\u00e9nal \u00e0 Paris","isPartOf":{"@id":"https:\/\/kohenavocats.com\/ru\/#website"},"datePublished":"2026-04-22T10:24:55+00:00","breadcrumb":{"@id":"https:\/\/kohenavocats.com\/ru\/jurisprudences\/eclinlrbdha202511-rechtbank-den-haag-02-01-2025-11167416-rp-verz-24-50363\/#breadcrumb"},"inLanguage":"ru-RU","potentialAction":[{"@type":"ReadAction","target":["https:\/\/kohenavocats.com\/ru\/jurisprudences\/eclinlrbdha202511-rechtbank-den-haag-02-01-2025-11167416-rp-verz-24-50363\/"]}]},{"@type":"BreadcrumbList","@id":"https:\/\/kohenavocats.com\/ru\/jurisprudences\/eclinlrbdha202511-rechtbank-den-haag-02-01-2025-11167416-rp-verz-24-50363\/#breadcrumb","itemListElement":[{"@type":"ListItem","position":1,"name":"Home","item":"https:\/\/kohenavocats.com\/ru\/avocats-en-droit-penal-a-paris-conseil-et-defense-strategique\/"},{"@type":"ListItem","position":2,"name":"Jurisprudences","item":"https:\/\/kohenavocats.com\/ru\/jurisprudences\/"},{"@type":"ListItem","position":3,"name":"ECLI:NL:RBDHA:2025:11 Rechtbank Den Haag , 02-01-2025 \/ 11167416\/RP VERZ 24-50363"}]},{"@type":"WebSite","@id":"https:\/\/kohenavocats.com\/ru\/#website","url":"https:\/\/kohenavocats.com\/ru\/","name":"Kohen Avocats","description":"Ma\u00eetre Hassan Kohen, avocat p\u00e9naliste \u00e0 Paris, intervient exclusivement en droit p\u00e9nal pour la d\u00e9fense des particuliers, notamment en mati\u00e8re d\u2019accusations de viol. Il assure un accompagnement rigoureux d\u00e8s la garde \u00e0 vue jusqu\u2019\u00e0 la Cour d\u2019assises, veillant au strict respect des garanties proc\u00e9durales.","publisher":{"@id":"https:\/\/kohenavocats.com\/ru\/#organization"},"potentialAction":[{"@type":"SearchAction","target":{"@type":"EntryPoint","urlTemplate":"https:\/\/kohenavocats.com\/ru\/?s={search_term_string}"},"query-input":{"@type":"PropertyValueSpecification","valueRequired":true,"valueName":"search_term_string"}}],"inLanguage":"ru-RU"},{"@type":"Organization","@id":"https:\/\/kohenavocats.com\/ru\/#organization","name":"Kohen Avocats","url":"https:\/\/kohenavocats.com\/ru\/","logo":{"@type":"ImageObject","inLanguage":"ru-RU","@id":"https:\/\/kohenavocats.com\/ru\/#\/schema\/logo\/image\/","url":"https:\/\/kohenavocats.com\/wp-content\/uploads\/2026\/01\/Logo-2-1.webp","contentUrl":"https:\/\/kohenavocats.com\/wp-content\/uploads\/2026\/01\/Logo-2-1.webp","width":2114,"height":1253,"caption":"Kohen Avocats"},"image":{"@id":"https:\/\/kohenavocats.com\/ru\/#\/schema\/logo\/image\/"}}]}},"jetpack_likes_enabled":false,"jetpack_sharing_enabled":true,"_links":{"self":[{"href":"https:\/\/kohenavocats.com\/ru\/wp-json\/wp\/v2\/kji_decision\/647578","targetHints":{"allow":["GET"]}}],"collection":[{"href":"https:\/\/kohenavocats.com\/ru\/wp-json\/wp\/v2\/kji_decision"}],"about":[{"href":"https:\/\/kohenavocats.com\/ru\/wp-json\/wp\/v2\/types\/kji_decision"}],"wp:attachment":[{"href":"https:\/\/kohenavocats.com\/ru\/wp-json\/wp\/v2\/media?parent=647578"}],"wp:term":[{"taxonomy":"kji_country","embeddable":true,"href":"https:\/\/kohenavocats.com\/ru\/wp-json\/wp\/v2\/kji_country?post=647578"},{"taxonomy":"kji_court","embeddable":true,"href":"https:\/\/kohenavocats.com\/ru\/wp-json\/wp\/v2\/kji_court?post=647578"},{"taxonomy":"kji_chamber","embeddable":true,"href":"https:\/\/kohenavocats.com\/ru\/wp-json\/wp\/v2\/kji_chamber?post=647578"},{"taxonomy":"kji_year","embeddable":true,"href":"https:\/\/kohenavocats.com\/ru\/wp-json\/wp\/v2\/kji_year?post=647578"},{"taxonomy":"kji_subject","embeddable":true,"href":"https:\/\/kohenavocats.com\/ru\/wp-json\/wp\/v2\/kji_subject?post=647578"},{"taxonomy":"kji_keyword","embeddable":true,"href":"https:\/\/kohenavocats.com\/ru\/wp-json\/wp\/v2\/kji_keyword?post=647578"},{"taxonomy":"kji_language","embeddable":true,"href":"https:\/\/kohenavocats.com\/ru\/wp-json\/wp\/v2\/kji_language?post=647578"}],"curies":[{"name":"wp","href":"https:\/\/api.w.org\/{rel}","templated":true}]}}