{"id":647829,"date":"2026-04-22T12:58:27","date_gmt":"2026-04-22T10:58:27","guid":{"rendered":"https:\/\/kohenavocats.com\/jurisprudences\/eclinlghdha20232604-gerechtshof-den-haag-27-12-2023-22-002811-22\/"},"modified":"2026-04-22T12:58:27","modified_gmt":"2026-04-22T10:58:27","slug":"eclinlghdha20232604-gerechtshof-den-haag-27-12-2023-22-002811-22","status":"publish","type":"kji_decision","link":"https:\/\/kohenavocats.com\/ru\/jurisprudences\/eclinlghdha20232604-gerechtshof-den-haag-27-12-2023-22-002811-22\/","title":{"rendered":"ECLI:NL:GHDHA:2023:2604 Gerechtshof Den Haag , 27-12-2023 \/ 22-002811-22"},"content":{"rendered":"<div class=\"kji-decision\">\n<div class=\"kji-full-text\">\n<p><strong>Inhoudsindicatie.<\/strong> De verdachte heeft zich schuldig gemaakt aan vernieling en mishandeling en eenvoudige belediging ambtenaar. Gepubliceerd naar aanleiding arrest van de Hoge Raad.<\/p>\n<p>Rolnummer: 22-002811-22<\/p>\n<p>Parketnummers: 10-164324-22 en 10-165215-22<\/p>\n<p>Datum uitspraak: 27 december 2023<\/p>\n<p>TEGENSPRAAK<\/p>\n<h3>Gerechtshof Den Haag<\/h3>\n<p>meervoudige kamer voor strafzaken<\/p>\n<h3>Arrest<\/h3>\n<p>gewezen op het hoger beroep tegen het vonnis van de politierechter in de rechtbank Rotterdam van 10 oktober 2022 in de strafzaak tegen de verdachte:<\/p>\n<h3>[verdachte],<\/h3>\n<p>geboren te [geboorteplaats] ([land]) op [geboortedatum] 1976,<\/p>\n<p>adres: [woonadres], [woonplaats].<\/p>\n<p>Onderzoek van de zaak<\/p>\n<p>Dit arrest is gewezen naar aanleiding van het onderzoek ter terechtzitting in eerste aanleg en het onderzoek ter terechtzitting in hoger beroep van dit hof.<\/p>\n<p>Het hof heeft kennisgenomen van de vordering van de advocaat-generaal en van hetgeen namens de verdachte naar voren is gebracht.<\/p>\n<p>Procesgang<\/p>\n<p>In eerste aanleg is de verdachte ter zake van het tenlastegelegde veroordeeld tot een gevangenisstraf voor de duur van 1 maand, met aftrek van voorarrest.<\/p>\n<p>Namens de verdachte is tegen het vonnis hoger beroep ingesteld.<\/p>\n<p>Tenlastelegging<\/p>\n<p>Aan de verdachte is tenlastegelegd dat:<\/p>\n<p>Zaak met parketnummer 10-164324-22:<\/p>\n<p>1.<br \/>\nhij op of omstreeks 2 juli 2022 te Rotterdam, opzettelijk en wederrechtelijk een auto, in elk geval enig goed, dat\/die geheel of ten dele aan [slachtoffer 1], in elk geval aan een ander toebehoorde(n) heeft vernield, beschadigd, onbruikbaar gemaakt en\/of weggemaakt;<\/p>\n<p>2.<br \/>\nhij op of omstreeks 2 juli 2022 te Rotterdam, een ambtenaar, [slachtoffer 2] (werkzaam als hoofdagent bij de Politie Eenheid Rotterdam), gedurende en\/of terzake van de rechtmatige uitoefening van zijn bediening heeft mishandeld door die [slachtoffer 2] in de hand te bijten;<\/p>\n<p>3.<br \/>\nhij op of omstreeks 2 juli 2022 te Rotterdam, opzettelijk een ambtenaar, te weten [slachtoffer 3] (werkzaam als hoofdagent bij de Politie Eenheid Rotterdam), gedurende of ter zake van de rechtmatige uitoefening van zijn bediening, in zijn tegenwoordigheid, mondeling heeft beledigd, door hem de woorden toe te voegen: &quot;Jij bent een homo&quot; en\/of &quot;Fuck you&quot;, althans woorden van gelijke beledigende aard en\/of strekking;<\/p>\n<p>Zaak met parketnummer 10-165215-22 (gevoegd):<\/p>\n<p>1.<br \/>\nhij op of omstreeks 3 juli 2022 te Rotterdam, opzettelijk en wederrechtelijk een telefoon, in elk geval enig goed, dat geheel of ten dele aan de Nationale Politie, in elk geval aan een ander toebehoorde heeft vernield, beschadigd, onbruikbaar gemaakt en\/of weggemaakt.<\/p>\n<p>Vordering van de advocaat-generaal<\/p>\n<p>De advocaat-generaal heeft gevorderd dat het vonnis waarvan beroep zal worden bevestigd.<\/p>\n<p>Het vonnis waarvan beroep<\/p>\n<p>De behandeling van de zaak in hoger beroep heeft het hof &#8212; ook met toepassing van artikel 63 van het Wetboek van Strafrecht &#8212; niet gebracht tot andere beschouwingen en beslissingen dan die van de eerste rechter.<\/p>\n<p>Aangezien de verdachte na de datum waarop de door de eerste rechter bewezenverklaarde feiten gepleegd is opnieuw tot straf is veroordeeld, zal het hof het in het vonnis waarvan beroep aangehaalde wetsartikel aanvullen met artikel 63 van het Wetboek van Strafrecht.<\/p>\n<p>Het vonnis waarvan beroep dient derhalve met de aanvulling als voormeld te worden bevestigd.<\/p>\n<h3>BESLISSING<\/h3>\n<p>Het hof:<\/p>\n<p>Bevestigt het vonnis waarvan beroep met inachtneming van het hiervoor overwogene.<\/p>\n<p>Dit arrest is gewezen door mr. Y.J. Wijnnobel-van Erp, mr. W.S. Korteling en mr. G.C. Haverkate, in bijzijn van de griffier mr. T. Kherad.<\/p>\n<p>Het is uitgesproken op de openbare terechtzitting van het hof van 27 december 2023.<\/p>\n<\/div>\n<hr class=\"kji-sep\" \/>\n<p class=\"kji-source-links\"><strong>Sources officielles :<\/strong> <a class=\"kji-source-link\" href=\"http:\/\/deeplink.rechtspraak.nl\/uitspraak?id=ECLI:NL:GHDHA:2023:2604\" target=\"_blank\" rel=\"noopener noreferrer\">consulter la page source<\/a><\/p>\n<p class=\"kji-license-note\"><em>Rechtspraak.nl open data, Creative Commons Zero. Volume cible 1.8M decisions.<\/em><\/p>\n<\/div>\n","protected":false},"excerpt":{"rendered":"<p>De verdachte heeft zich schuldig gemaakt aan vernieling en mishandeling en eenvoudige belediging ambtenaar. Gepubliceerd naar aanleiding arrest van de Hoge Raad.<\/p>\n","protected":false},"featured_media":0,"template":"","meta":{"_crdt_document":""},"kji_country":[7669],"kji_court":[8210],"kji_chamber":[],"kji_year":[24566],"kji_subject":[7625],"kji_keyword":[8136,8211,7673,8383,8072],"kji_language":[7671],"class_list":["post-647829","kji_decision","type-kji_decision","status-publish","hentry","kji_country-pays-bas","kji_court-gerechtshof-den-haag","kji_year-24566","kji_subject-commercial","kji_keyword-gerechtshof","kji_keyword-ghdha","kji_keyword-heeft","kji_keyword-schuldig","kji_keyword-verdachte","kji_language-nl"],"yoast_head":"<!-- This site is optimized with the Yoast SEO Premium plugin v27.5 (Yoast SEO v27.5) - https:\/\/yoast.com\/product\/yoast-seo-premium-wordpress\/ -->\n<title>ECLI:NL:GHDHA:2023:2604 Gerechtshof Den Haag , 27-12-2023 \/ 22-002811-22 - Ma\u00eetre Hassan Kohen, avocat en droit p\u00e9nal \u00e0 Paris<\/title>\n<meta name=\"robots\" content=\"index, follow, max-snippet:-1, max-image-preview:large, max-video-preview:-1\" \/>\n<link rel=\"canonical\" href=\"https:\/\/kohenavocats.com\/ru\/jurisprudences\/eclinlghdha20232604-gerechtshof-den-haag-27-12-2023-22-002811-22\/\" \/>\n<meta property=\"og:locale\" content=\"ru_RU\" \/>\n<meta property=\"og:type\" content=\"article\" \/>\n<meta property=\"og:title\" content=\"ECLI:NL:GHDHA:2023:2604 Gerechtshof Den Haag , 27-12-2023 \/ 22-002811-22\" \/>\n<meta property=\"og:description\" content=\"De verdachte heeft zich schuldig gemaakt aan vernieling en mishandeling en eenvoudige belediging ambtenaar. Gepubliceerd naar aanleiding arrest van de Hoge Raad.\" \/>\n<meta property=\"og:url\" content=\"https:\/\/kohenavocats.com\/ru\/jurisprudences\/eclinlghdha20232604-gerechtshof-den-haag-27-12-2023-22-002811-22\/\" \/>\n<meta property=\"og:site_name\" content=\"Ma\u00eetre Hassan Kohen, avocat en droit p\u00e9nal \u00e0 Paris\" \/>\n<meta name=\"twitter:card\" content=\"summary_large_image\" \/>\n<meta name=\"twitter:label1\" content=\"\u041f\u0440\u0438\u043c\u0435\u0440\u043d\u043e\u0435 \u0432\u0440\u0435\u043c\u044f \u0434\u043b\u044f \u0447\u0442\u0435\u043d\u0438\u044f\" \/>\n\t<meta name=\"twitter:data1\" content=\"3 \u043c\u0438\u043d\u0443\u0442\u044b\" \/>\n<script type=\"application\/ld+json\" class=\"yoast-schema-graph\">{\"@context\":\"https:\\\/\\\/schema.org\",\"@graph\":[{\"@type\":\"WebPage\",\"@id\":\"https:\\\/\\\/kohenavocats.com\\\/ru\\\/jurisprudences\\\/eclinlghdha20232604-gerechtshof-den-haag-27-12-2023-22-002811-22\\\/\",\"url\":\"https:\\\/\\\/kohenavocats.com\\\/ru\\\/jurisprudences\\\/eclinlghdha20232604-gerechtshof-den-haag-27-12-2023-22-002811-22\\\/\",\"name\":\"ECLI:NL:GHDHA:2023:2604 Gerechtshof Den Haag , 27-12-2023 \\\/ 22-002811-22 - Ma\u00eetre Hassan Kohen, avocat en droit p\u00e9nal \u00e0 Paris\",\"isPartOf\":{\"@id\":\"https:\\\/\\\/kohenavocats.com\\\/ru\\\/#website\"},\"datePublished\":\"2026-04-22T10:58:27+00:00\",\"breadcrumb\":{\"@id\":\"https:\\\/\\\/kohenavocats.com\\\/ru\\\/jurisprudences\\\/eclinlghdha20232604-gerechtshof-den-haag-27-12-2023-22-002811-22\\\/#breadcrumb\"},\"inLanguage\":\"ru-RU\",\"potentialAction\":[{\"@type\":\"ReadAction\",\"target\":[\"https:\\\/\\\/kohenavocats.com\\\/ru\\\/jurisprudences\\\/eclinlghdha20232604-gerechtshof-den-haag-27-12-2023-22-002811-22\\\/\"]}]},{\"@type\":\"BreadcrumbList\",\"@id\":\"https:\\\/\\\/kohenavocats.com\\\/ru\\\/jurisprudences\\\/eclinlghdha20232604-gerechtshof-den-haag-27-12-2023-22-002811-22\\\/#breadcrumb\",\"itemListElement\":[{\"@type\":\"ListItem\",\"position\":1,\"name\":\"Home\",\"item\":\"https:\\\/\\\/kohenavocats.com\\\/ru\\\/avocats-en-droit-penal-a-paris-conseil-et-defense-strategique\\\/\"},{\"@type\":\"ListItem\",\"position\":2,\"name\":\"Jurisprudences\",\"item\":\"https:\\\/\\\/kohenavocats.com\\\/ru\\\/jurisprudences\\\/\"},{\"@type\":\"ListItem\",\"position\":3,\"name\":\"ECLI:NL:GHDHA:2023:2604 Gerechtshof Den Haag , 27-12-2023 \\\/ 22-002811-22\"}]},{\"@type\":\"WebSite\",\"@id\":\"https:\\\/\\\/kohenavocats.com\\\/ru\\\/#website\",\"url\":\"https:\\\/\\\/kohenavocats.com\\\/ru\\\/\",\"name\":\"Kohen Avocats\",\"description\":\"Ma\u00eetre Hassan Kohen, avocat p\u00e9naliste \u00e0 Paris, intervient exclusivement en droit p\u00e9nal pour la d\u00e9fense des particuliers, notamment en mati\u00e8re d\u2019accusations de viol. Il assure un accompagnement rigoureux d\u00e8s la garde \u00e0 vue jusqu\u2019\u00e0 la Cour d\u2019assises, veillant au strict respect des garanties proc\u00e9durales.\",\"publisher\":{\"@id\":\"https:\\\/\\\/kohenavocats.com\\\/ru\\\/#organization\"},\"potentialAction\":[{\"@type\":\"SearchAction\",\"target\":{\"@type\":\"EntryPoint\",\"urlTemplate\":\"https:\\\/\\\/kohenavocats.com\\\/ru\\\/?s={search_term_string}\"},\"query-input\":{\"@type\":\"PropertyValueSpecification\",\"valueRequired\":true,\"valueName\":\"search_term_string\"}}],\"inLanguage\":\"ru-RU\"},{\"@type\":\"Organization\",\"@id\":\"https:\\\/\\\/kohenavocats.com\\\/ru\\\/#organization\",\"name\":\"Kohen Avocats\",\"url\":\"https:\\\/\\\/kohenavocats.com\\\/ru\\\/\",\"logo\":{\"@type\":\"ImageObject\",\"inLanguage\":\"ru-RU\",\"@id\":\"https:\\\/\\\/kohenavocats.com\\\/ru\\\/#\\\/schema\\\/logo\\\/image\\\/\",\"url\":\"https:\\\/\\\/kohenavocats.com\\\/wp-content\\\/uploads\\\/2026\\\/01\\\/Logo-2-1.webp\",\"contentUrl\":\"https:\\\/\\\/kohenavocats.com\\\/wp-content\\\/uploads\\\/2026\\\/01\\\/Logo-2-1.webp\",\"width\":2114,\"height\":1253,\"caption\":\"Kohen Avocats\"},\"image\":{\"@id\":\"https:\\\/\\\/kohenavocats.com\\\/ru\\\/#\\\/schema\\\/logo\\\/image\\\/\"}}]}<\/script>\n<!-- \/ Yoast SEO Premium plugin. -->","yoast_head_json":{"title":"ECLI:NL:GHDHA:2023:2604 Gerechtshof Den Haag , 27-12-2023 \/ 22-002811-22 - Ma\u00eetre Hassan Kohen, avocat en droit p\u00e9nal \u00e0 Paris","robots":{"index":"index","follow":"follow","max-snippet":"max-snippet:-1","max-image-preview":"max-image-preview:large","max-video-preview":"max-video-preview:-1"},"canonical":"https:\/\/kohenavocats.com\/ru\/jurisprudences\/eclinlghdha20232604-gerechtshof-den-haag-27-12-2023-22-002811-22\/","og_locale":"ru_RU","og_type":"article","og_title":"ECLI:NL:GHDHA:2023:2604 Gerechtshof Den Haag , 27-12-2023 \/ 22-002811-22","og_description":"De verdachte heeft zich schuldig gemaakt aan vernieling en mishandeling en eenvoudige belediging ambtenaar. Gepubliceerd naar aanleiding arrest van de Hoge Raad.","og_url":"https:\/\/kohenavocats.com\/ru\/jurisprudences\/eclinlghdha20232604-gerechtshof-den-haag-27-12-2023-22-002811-22\/","og_site_name":"Ma\u00eetre Hassan Kohen, avocat en droit p\u00e9nal \u00e0 Paris","twitter_card":"summary_large_image","twitter_misc":{"\u041f\u0440\u0438\u043c\u0435\u0440\u043d\u043e\u0435 \u0432\u0440\u0435\u043c\u044f \u0434\u043b\u044f \u0447\u0442\u0435\u043d\u0438\u044f":"3 \u043c\u0438\u043d\u0443\u0442\u044b"},"schema":{"@context":"https:\/\/schema.org","@graph":[{"@type":"WebPage","@id":"https:\/\/kohenavocats.com\/ru\/jurisprudences\/eclinlghdha20232604-gerechtshof-den-haag-27-12-2023-22-002811-22\/","url":"https:\/\/kohenavocats.com\/ru\/jurisprudences\/eclinlghdha20232604-gerechtshof-den-haag-27-12-2023-22-002811-22\/","name":"ECLI:NL:GHDHA:2023:2604 Gerechtshof Den Haag , 27-12-2023 \/ 22-002811-22 - Ma\u00eetre Hassan Kohen, avocat en droit p\u00e9nal \u00e0 Paris","isPartOf":{"@id":"https:\/\/kohenavocats.com\/ru\/#website"},"datePublished":"2026-04-22T10:58:27+00:00","breadcrumb":{"@id":"https:\/\/kohenavocats.com\/ru\/jurisprudences\/eclinlghdha20232604-gerechtshof-den-haag-27-12-2023-22-002811-22\/#breadcrumb"},"inLanguage":"ru-RU","potentialAction":[{"@type":"ReadAction","target":["https:\/\/kohenavocats.com\/ru\/jurisprudences\/eclinlghdha20232604-gerechtshof-den-haag-27-12-2023-22-002811-22\/"]}]},{"@type":"BreadcrumbList","@id":"https:\/\/kohenavocats.com\/ru\/jurisprudences\/eclinlghdha20232604-gerechtshof-den-haag-27-12-2023-22-002811-22\/#breadcrumb","itemListElement":[{"@type":"ListItem","position":1,"name":"Home","item":"https:\/\/kohenavocats.com\/ru\/avocats-en-droit-penal-a-paris-conseil-et-defense-strategique\/"},{"@type":"ListItem","position":2,"name":"Jurisprudences","item":"https:\/\/kohenavocats.com\/ru\/jurisprudences\/"},{"@type":"ListItem","position":3,"name":"ECLI:NL:GHDHA:2023:2604 Gerechtshof Den Haag , 27-12-2023 \/ 22-002811-22"}]},{"@type":"WebSite","@id":"https:\/\/kohenavocats.com\/ru\/#website","url":"https:\/\/kohenavocats.com\/ru\/","name":"Kohen Avocats","description":"Ma\u00eetre Hassan Kohen, avocat p\u00e9naliste \u00e0 Paris, intervient exclusivement en droit p\u00e9nal pour la d\u00e9fense des particuliers, notamment en mati\u00e8re d\u2019accusations de viol. Il assure un accompagnement rigoureux d\u00e8s la garde \u00e0 vue jusqu\u2019\u00e0 la Cour d\u2019assises, veillant au strict respect des garanties proc\u00e9durales.","publisher":{"@id":"https:\/\/kohenavocats.com\/ru\/#organization"},"potentialAction":[{"@type":"SearchAction","target":{"@type":"EntryPoint","urlTemplate":"https:\/\/kohenavocats.com\/ru\/?s={search_term_string}"},"query-input":{"@type":"PropertyValueSpecification","valueRequired":true,"valueName":"search_term_string"}}],"inLanguage":"ru-RU"},{"@type":"Organization","@id":"https:\/\/kohenavocats.com\/ru\/#organization","name":"Kohen Avocats","url":"https:\/\/kohenavocats.com\/ru\/","logo":{"@type":"ImageObject","inLanguage":"ru-RU","@id":"https:\/\/kohenavocats.com\/ru\/#\/schema\/logo\/image\/","url":"https:\/\/kohenavocats.com\/wp-content\/uploads\/2026\/01\/Logo-2-1.webp","contentUrl":"https:\/\/kohenavocats.com\/wp-content\/uploads\/2026\/01\/Logo-2-1.webp","width":2114,"height":1253,"caption":"Kohen Avocats"},"image":{"@id":"https:\/\/kohenavocats.com\/ru\/#\/schema\/logo\/image\/"}}]}},"jetpack_likes_enabled":false,"jetpack_sharing_enabled":true,"_links":{"self":[{"href":"https:\/\/kohenavocats.com\/ru\/wp-json\/wp\/v2\/kji_decision\/647829","targetHints":{"allow":["GET"]}}],"collection":[{"href":"https:\/\/kohenavocats.com\/ru\/wp-json\/wp\/v2\/kji_decision"}],"about":[{"href":"https:\/\/kohenavocats.com\/ru\/wp-json\/wp\/v2\/types\/kji_decision"}],"wp:attachment":[{"href":"https:\/\/kohenavocats.com\/ru\/wp-json\/wp\/v2\/media?parent=647829"}],"wp:term":[{"taxonomy":"kji_country","embeddable":true,"href":"https:\/\/kohenavocats.com\/ru\/wp-json\/wp\/v2\/kji_country?post=647829"},{"taxonomy":"kji_court","embeddable":true,"href":"https:\/\/kohenavocats.com\/ru\/wp-json\/wp\/v2\/kji_court?post=647829"},{"taxonomy":"kji_chamber","embeddable":true,"href":"https:\/\/kohenavocats.com\/ru\/wp-json\/wp\/v2\/kji_chamber?post=647829"},{"taxonomy":"kji_year","embeddable":true,"href":"https:\/\/kohenavocats.com\/ru\/wp-json\/wp\/v2\/kji_year?post=647829"},{"taxonomy":"kji_subject","embeddable":true,"href":"https:\/\/kohenavocats.com\/ru\/wp-json\/wp\/v2\/kji_subject?post=647829"},{"taxonomy":"kji_keyword","embeddable":true,"href":"https:\/\/kohenavocats.com\/ru\/wp-json\/wp\/v2\/kji_keyword?post=647829"},{"taxonomy":"kji_language","embeddable":true,"href":"https:\/\/kohenavocats.com\/ru\/wp-json\/wp\/v2\/kji_language?post=647829"}],"curies":[{"name":"wp","href":"https:\/\/api.w.org\/{rel}","templated":true}]}}