{"id":648355,"date":"2026-04-22T13:45:52","date_gmt":"2026-04-22T11:45:52","guid":{"rendered":"https:\/\/kohenavocats.com\/jurisprudences\/eclinlrbzwb20259078-rechtbank-zeeland-west-brabant-26-11-2025-11851539-cv-expl-25-2944-e\/"},"modified":"2026-04-22T13:45:52","modified_gmt":"2026-04-22T11:45:52","slug":"eclinlrbzwb20259078-rechtbank-zeeland-west-brabant-26-11-2025-11851539-cv-expl-25-2944-e","status":"publish","type":"kji_decision","link":"https:\/\/kohenavocats.com\/ru\/jurisprudences\/eclinlrbzwb20259078-rechtbank-zeeland-west-brabant-26-11-2025-11851539-cv-expl-25-2944-e\/","title":{"rendered":"ECLI:NL:RBZWB:2025:9078 Rechtbank Zeeland-West-Brabant , 26-11-2025 \/ 11851539 CV EXPL 25-2944 (E)"},"content":{"rendered":"<div class=\"kji-decision\">\n<div class=\"kji-full-text\">\n<p><strong>Inhoudsindicatie.<\/strong> Eiser heeft de grondslag van zijn vordering onvoldoende onderbouwd. Niet komt vast te staan dat er een overeenkomst is gesloten tussen gedaagde en eiser.<\/p>\n<h3>RECHTBANK ZEELAND-WEST-BRABANT<\/h3>\n<p>Civiel recht<\/p>\n<p>Kantonrechter<\/p>\n<p>Zittingsplaats Middelburg<\/p>\n<p>Zaaknummer: 11851539 \\ CV EXPL 25-2944<\/p>\n<p>Vonnis van 26 november 2025<\/p>\n<p>in de zaak van<\/p>\n<p>DE VENNOOTSCHAP ONDER FIRMA [eiser] , M.H.O.D.N. [handelsnaam 1],<\/p>\n<p>te [plaats 1] ,<\/p>\n<p>eisende partij,<\/p>\n<p>hierna te noemen: [eiser] ,<\/p>\n<p>gemachtigde: Effect Group,<\/p>\n<p>tegen<\/p>\n<p>[gedaagde] , H.O.D.N. [handelsnaam 2],<\/p>\n<p>te [plaats 2] ,<\/p>\n<p>gedaagde partij,<\/p>\n<p>hierna te noemen: [gedaagde] ,<\/p>\n<p>procederend in persoon.<\/p>\n<h3>1De procedure<\/h3>\n<p>Het verloop van de procedure blijkt uit:<\/p>\n<p>&#8212; de dagvaarding<br \/>\n&#8212; het mondeling antwoord<br \/>\n&#8212; de conclusie van repliek<br \/>\n&#8212; de schriftelijke dupliek.<\/p>\n<p>Ten slotte is vonnis bepaald.<\/p>\n<h3>2De feiten<\/h3>\n<p>[eiser] exploiteert een sportschool. [gedaagde] is op 4 november 2022 bij [eiser] langs geweest. Hij had op facebook een bericht van [eiser] gezien voor mensen die willen afvallen.<\/p>\n<p>[eiser] heeft [gedaagde] op 4 november 2022 een factuur gestuurd voor een fitnessprogramma van drie maanden voor \u20ac 975,00.<\/p>\n<p>[gedaagde] heeft op 15 november 2022 \u20ac 325,00 betaald en is daarna met de trainingen gestart. Na vier trainingen is hij op 26 november 2022 gestopt wegens een ernstige rugblessure.<\/p>\n<h3>3Het geschil<\/h3>\n<p>[eiser] vordert veroordeling van [gedaagde] tot betaling van<\/p>\n<p>\u20ac 975,00 aan hoofdsom,<\/p>\n<p>\u20ac 224,57 aan wettelijke rente tot aan de dagvaarding op 2 augustus 2025,<\/p>\n<p>wettelijke rente vanaf 2 augustus 2025 tot de dag dat alles is betaald en<\/p>\n<p>\u20ac 131,19 aan buitengerechtelijke incassokosten.<\/p>\n<p>Verder vordert zij [gedaagde] te veroordelen in de proceskosten.<\/p>\n<p>[eiser] stelt dat zij op 4 november 2022 met [gedaagde] een overeenkomst heeft gesloten, die door [gedaagde] is ondertekend. [gedaagde] moet op grond van die overeenkomst \u20ac 975,00 betalen, waarvan \u20ac 325,00 is betaald.<\/p>\n<p>[gedaagde] voert verweer. Hij betwist dat hij een overeenkomst voor drie maanden heeft gesloten. Hij en [eiser] zijn overeengekomen dat hij eerst een maand zou proberen en daarvoor \u20ac 325,00 zou betalen. Hij betwist ook dat hij een overeenkomst heeft getekend. De handtekening op de overgelegde overeenkomst is niet van hem. Verder voert hij aan dat het programma niet voldeed aan wat hij mocht verwachten. De trainingen waren veel te zwaar en bleken niet om afvallen te gaan. Ten slotte merkt hij op dat hij de factuur die [eiser] ter onderbouwing van haar vordering bij de dagvaarding heeft gevoegd, niet kent. Deze factuur is van 4 november 2022. Er staat op dat hij \u20ac 650,00 moet betalen. Kennelijk is rekening gehouden met zijn betaling van \u20ac 325,00, terwijl hij die pas op 15 november 2022 heeft gedaan.<\/p>\n<p>Op de stellingen van partijen wordt hierna, voor zover nodig, nader ingegaan.<\/p>\n<h3>4De beoordeling<\/h3>\n<p>Voor toewijzing van de vordering moet komen vast te staan dat [gedaagde] een overeenkomst met [eiser] is aangegaan op grond waarvan hij verplicht is \u20ac 975,00 aan [eiser] te betalen voor een sportprogramma van drie maanden. [eiser] stelt dat dit het geval is, maar [gedaagde] heeft dit gemotiveerd betwist.<\/p>\n<p>[eiser] beroept zich voor de onderbouwing van haar stelling op een overeenkomst die op 4 november 2022 zou zijn getekend door [gedaagde] . Die overeenkomst heeft zij als productie 3 bij de dagvaarding overgelegd. [gedaagde] ontkent echter dat hij een overeenkomst heeft getekend en dat de handtekening die op de overgelegde overeenkomst van 4 november 2022 staat, van hem is. Er staat dus niet vast dat er een door [gedaagde] getekende overeenkomst is. [eiser] zou moeten bewijzen dat [gedaagde] de overeenkomst heeft ondertekend. De kantonrechter oordeelt echter dat [eiser] haar stelling daarvoor onvoldoende heeft onderbouwd en laat [eiser] daarom niet tot het bewijs toe.<\/p>\n<p>[eiser] verwijst naar gesprekken via WhatsApp die door [gedaagde] bij zijn mondelinge antwoord zijn overgelegd. Volgens haar blijkt uit de WhatsApp-gesprekken niet dat [gedaagde] eerder heeft aangevoerd dat er andere afspraken zouden gelden of dat sprake was van een andere looptijd. Dat [gedaagde] het daar in die gesprekken niet over heeft, zegt echter niets. De gesprekken zijn van 25 en 26 november 2022. Hij was toen 10 dagen bezig met het programma. [gedaagde] schrijft in het bericht van 25 november 2022 dat de trainingen die week te zwaar waren voor hem. In het bericht van 26 november 2022 schrijft hij dat hij ermee stopt. Deze berichten zijn juist in lijn met zijn stelling dat hij het sportprogramma eerst een maand zou proberen.<\/p>\n<p>Dan neemt [eiser] in haar conclusie van repliek nog een screenshot op. Op dit screenshot staat bij 4 november 2022: \u2018 [eiser] fit 90 dagen 2022 is aan dit pro forma toegevoegd door [naam] \u2019 en \u2018 [naam] heeft de factuur verzonden naar [e-mailadres] \u2019. Dit zijn eenzijdige handelingen van een medewerker van [eiser] , waaruit niet blijkt dat [gedaagde] daarmee heeft ingestemd en dat hij een overeenkomst is aangegaan. \u2018Pro forma\u2019 duidt er eerder op dat er nog geen overeenkomst tot stand is gekomen. Voor wat betreft de factuur heeft [gedaagde] toegelicht dat hij na ontvangst daarvan met [eiser] heeft gebeld en gezegd dat is afgesproken dat hij het eerst een maand gaat proberen. Daarop heeft hij \u20ac 325,00 betaald.<\/p>\n<p>[eiser] heeft de grondslag van haar vordering dus onvoldoende onderbouwd, zodat die niet is komen vast te staan. De vordering van [eiser] zal dan ook worden afgewezen. De gevorderde rente en buitengerechtelijke incassokosten kunnen dan ook niet voor toewijzing in aanmerking komen.<\/p>\n<p>[eiser] zal als de in het ongelijk gestelde partij worden veroordeeld in de proceskosten. De kosten van [gedaagde] worden vastgesteld op \u20ac 50,00. Dit zijn zogenaamde verletkosten, waarvoor hij een vergoeding krijgt, omdat hij op de rolzitting van 27 augustus 2025 mondeling verweer heeft gevoerd. De kantonrechter gaat er vanuit dat [eiser] dit bedrag binnen 14 dagen na dit vonnis aan [gedaagde] betaalt. Als dat niet zo is en [gedaagde] het vonnis aan [eiser] moet laten betekenen om betaling te verkrijgen, komen de kosten van de betekening voor rekening van [eiser] .<\/p>\n<h3>5De beslissing<\/h3>\n<p>wijst de vordering van [eiser] af,<\/p>\n<p>veroordeelt [eiser] in de proceskosten, waarvan \u20ac 50,00 binnen 14 dagen na datum vonnis te betalen aan [gedaagde] , te vermeerderen met de kosten van betekening als [eiser] niet op tijd aan deze veroordeling voldoet en het vonnis daarna aan haar wordt betekend.<\/p>\n<p>Dit vonnis is gewezen door mr. Van der Lende-Mulder Smit en in het openbaar uitgesproken op 26 november 2025.<\/p>\n<\/div>\n<hr class=\"kji-sep\" \/>\n<p class=\"kji-source-links\"><strong>Sources officielles :<\/strong> <a class=\"kji-source-link\" href=\"http:\/\/deeplink.rechtspraak.nl\/uitspraak?id=ECLI:NL:RBZWB:2025:9078\" target=\"_blank\" rel=\"noopener noreferrer\">consulter la page source<\/a><\/p>\n<p class=\"kji-license-note\"><em>Rechtspraak.nl open data, Creative Commons Zero. Volume cible 1.8M decisions.<\/em><\/p>\n<\/div>\n","protected":false},"excerpt":{"rendered":"<p>Eiser heeft de grondslag van zijn vordering onvoldoende onderbouwd. Niet komt vast te staan dat er een overeenkomst is gesloten tussen gedaagde en eiser.<\/p>\n","protected":false},"featured_media":0,"template":"","meta":{"_crdt_document":""},"kji_country":[7669],"kji_court":[8149],"kji_chamber":[],"kji_year":[8463],"kji_subject":[7646],"kji_keyword":[7672,7673,8150,7675,8151],"kji_language":[7671],"class_list":["post-648355","kji_decision","type-kji_decision","status-publish","hentry","kji_country-pays-bas","kji_court-rechtbank-zeeland-west-brabant","kji_year-8463","kji_subject-divers","kji_keyword-eiser","kji_keyword-heeft","kji_keyword-rbzwb","kji_keyword-rechtbank","kji_keyword-zeeland-west-brabant","kji_language-nl"],"yoast_head":"<!-- This site is optimized with the Yoast SEO Premium plugin v27.5 (Yoast SEO v27.5) - https:\/\/yoast.com\/product\/yoast-seo-premium-wordpress\/ -->\n<title>ECLI:NL:RBZWB:2025:9078 Rechtbank Zeeland-West-Brabant , 26-11-2025 \/ 11851539 CV EXPL 25-2944 (E) - Ma\u00eetre Hassan Kohen, avocat en droit p\u00e9nal \u00e0 Paris<\/title>\n<meta name=\"robots\" content=\"index, follow, max-snippet:-1, max-image-preview:large, max-video-preview:-1\" \/>\n<link rel=\"canonical\" href=\"https:\/\/kohenavocats.com\/ru\/jurisprudences\/eclinlrbzwb20259078-rechtbank-zeeland-west-brabant-26-11-2025-11851539-cv-expl-25-2944-e\/\" \/>\n<meta property=\"og:locale\" content=\"ru_RU\" \/>\n<meta property=\"og:type\" content=\"article\" \/>\n<meta property=\"og:title\" content=\"ECLI:NL:RBZWB:2025:9078 Rechtbank Zeeland-West-Brabant , 26-11-2025 \/ 11851539 CV EXPL 25-2944 (E)\" \/>\n<meta property=\"og:description\" content=\"Eiser heeft de grondslag van zijn vordering onvoldoende onderbouwd. Niet komt vast te staan dat er een overeenkomst is gesloten tussen gedaagde en eiser.\" \/>\n<meta property=\"og:url\" content=\"https:\/\/kohenavocats.com\/ru\/jurisprudences\/eclinlrbzwb20259078-rechtbank-zeeland-west-brabant-26-11-2025-11851539-cv-expl-25-2944-e\/\" \/>\n<meta property=\"og:site_name\" content=\"Ma\u00eetre Hassan Kohen, avocat en droit p\u00e9nal \u00e0 Paris\" \/>\n<meta name=\"twitter:card\" content=\"summary_large_image\" \/>\n<meta name=\"twitter:label1\" content=\"\u041f\u0440\u0438\u043c\u0435\u0440\u043d\u043e\u0435 \u0432\u0440\u0435\u043c\u044f \u0434\u043b\u044f \u0447\u0442\u0435\u043d\u0438\u044f\" \/>\n\t<meta name=\"twitter:data1\" content=\"5 \u043c\u0438\u043d\u0443\u0442\" \/>\n<script type=\"application\/ld+json\" class=\"yoast-schema-graph\">{\"@context\":\"https:\\\/\\\/schema.org\",\"@graph\":[{\"@type\":\"WebPage\",\"@id\":\"https:\\\/\\\/kohenavocats.com\\\/ru\\\/jurisprudences\\\/eclinlrbzwb20259078-rechtbank-zeeland-west-brabant-26-11-2025-11851539-cv-expl-25-2944-e\\\/\",\"url\":\"https:\\\/\\\/kohenavocats.com\\\/ru\\\/jurisprudences\\\/eclinlrbzwb20259078-rechtbank-zeeland-west-brabant-26-11-2025-11851539-cv-expl-25-2944-e\\\/\",\"name\":\"ECLI:NL:RBZWB:2025:9078 Rechtbank Zeeland-West-Brabant , 26-11-2025 \\\/ 11851539 CV EXPL 25-2944 (E) - Ma\u00eetre Hassan Kohen, avocat en droit p\u00e9nal \u00e0 Paris\",\"isPartOf\":{\"@id\":\"https:\\\/\\\/kohenavocats.com\\\/ru\\\/#website\"},\"datePublished\":\"2026-04-22T11:45:52+00:00\",\"breadcrumb\":{\"@id\":\"https:\\\/\\\/kohenavocats.com\\\/ru\\\/jurisprudences\\\/eclinlrbzwb20259078-rechtbank-zeeland-west-brabant-26-11-2025-11851539-cv-expl-25-2944-e\\\/#breadcrumb\"},\"inLanguage\":\"ru-RU\",\"potentialAction\":[{\"@type\":\"ReadAction\",\"target\":[\"https:\\\/\\\/kohenavocats.com\\\/ru\\\/jurisprudences\\\/eclinlrbzwb20259078-rechtbank-zeeland-west-brabant-26-11-2025-11851539-cv-expl-25-2944-e\\\/\"]}]},{\"@type\":\"BreadcrumbList\",\"@id\":\"https:\\\/\\\/kohenavocats.com\\\/ru\\\/jurisprudences\\\/eclinlrbzwb20259078-rechtbank-zeeland-west-brabant-26-11-2025-11851539-cv-expl-25-2944-e\\\/#breadcrumb\",\"itemListElement\":[{\"@type\":\"ListItem\",\"position\":1,\"name\":\"Home\",\"item\":\"https:\\\/\\\/kohenavocats.com\\\/ru\\\/avocats-en-droit-penal-a-paris-conseil-et-defense-strategique\\\/\"},{\"@type\":\"ListItem\",\"position\":2,\"name\":\"Jurisprudences\",\"item\":\"https:\\\/\\\/kohenavocats.com\\\/ru\\\/jurisprudences\\\/\"},{\"@type\":\"ListItem\",\"position\":3,\"name\":\"ECLI:NL:RBZWB:2025:9078 Rechtbank Zeeland-West-Brabant , 26-11-2025 \\\/ 11851539 CV EXPL 25-2944 (E)\"}]},{\"@type\":\"WebSite\",\"@id\":\"https:\\\/\\\/kohenavocats.com\\\/ru\\\/#website\",\"url\":\"https:\\\/\\\/kohenavocats.com\\\/ru\\\/\",\"name\":\"Kohen Avocats\",\"description\":\"Ma\u00eetre Hassan Kohen, avocat p\u00e9naliste \u00e0 Paris, intervient exclusivement en droit p\u00e9nal pour la d\u00e9fense des particuliers, notamment en mati\u00e8re d\u2019accusations de viol. Il assure un accompagnement rigoureux d\u00e8s la garde \u00e0 vue jusqu\u2019\u00e0 la Cour d\u2019assises, veillant au strict respect des garanties proc\u00e9durales.\",\"publisher\":{\"@id\":\"https:\\\/\\\/kohenavocats.com\\\/ru\\\/#organization\"},\"potentialAction\":[{\"@type\":\"SearchAction\",\"target\":{\"@type\":\"EntryPoint\",\"urlTemplate\":\"https:\\\/\\\/kohenavocats.com\\\/ru\\\/?s={search_term_string}\"},\"query-input\":{\"@type\":\"PropertyValueSpecification\",\"valueRequired\":true,\"valueName\":\"search_term_string\"}}],\"inLanguage\":\"ru-RU\"},{\"@type\":\"Organization\",\"@id\":\"https:\\\/\\\/kohenavocats.com\\\/ru\\\/#organization\",\"name\":\"Kohen Avocats\",\"url\":\"https:\\\/\\\/kohenavocats.com\\\/ru\\\/\",\"logo\":{\"@type\":\"ImageObject\",\"inLanguage\":\"ru-RU\",\"@id\":\"https:\\\/\\\/kohenavocats.com\\\/ru\\\/#\\\/schema\\\/logo\\\/image\\\/\",\"url\":\"https:\\\/\\\/kohenavocats.com\\\/wp-content\\\/uploads\\\/2026\\\/01\\\/Logo-2-1.webp\",\"contentUrl\":\"https:\\\/\\\/kohenavocats.com\\\/wp-content\\\/uploads\\\/2026\\\/01\\\/Logo-2-1.webp\",\"width\":2114,\"height\":1253,\"caption\":\"Kohen Avocats\"},\"image\":{\"@id\":\"https:\\\/\\\/kohenavocats.com\\\/ru\\\/#\\\/schema\\\/logo\\\/image\\\/\"}}]}<\/script>\n<!-- \/ Yoast SEO Premium plugin. -->","yoast_head_json":{"title":"ECLI:NL:RBZWB:2025:9078 Rechtbank Zeeland-West-Brabant , 26-11-2025 \/ 11851539 CV EXPL 25-2944 (E) - Ma\u00eetre Hassan Kohen, avocat en droit p\u00e9nal \u00e0 Paris","robots":{"index":"index","follow":"follow","max-snippet":"max-snippet:-1","max-image-preview":"max-image-preview:large","max-video-preview":"max-video-preview:-1"},"canonical":"https:\/\/kohenavocats.com\/ru\/jurisprudences\/eclinlrbzwb20259078-rechtbank-zeeland-west-brabant-26-11-2025-11851539-cv-expl-25-2944-e\/","og_locale":"ru_RU","og_type":"article","og_title":"ECLI:NL:RBZWB:2025:9078 Rechtbank Zeeland-West-Brabant , 26-11-2025 \/ 11851539 CV EXPL 25-2944 (E)","og_description":"Eiser heeft de grondslag van zijn vordering onvoldoende onderbouwd. Niet komt vast te staan dat er een overeenkomst is gesloten tussen gedaagde en eiser.","og_url":"https:\/\/kohenavocats.com\/ru\/jurisprudences\/eclinlrbzwb20259078-rechtbank-zeeland-west-brabant-26-11-2025-11851539-cv-expl-25-2944-e\/","og_site_name":"Ma\u00eetre Hassan Kohen, avocat en droit p\u00e9nal \u00e0 Paris","twitter_card":"summary_large_image","twitter_misc":{"\u041f\u0440\u0438\u043c\u0435\u0440\u043d\u043e\u0435 \u0432\u0440\u0435\u043c\u044f \u0434\u043b\u044f \u0447\u0442\u0435\u043d\u0438\u044f":"5 \u043c\u0438\u043d\u0443\u0442"},"schema":{"@context":"https:\/\/schema.org","@graph":[{"@type":"WebPage","@id":"https:\/\/kohenavocats.com\/ru\/jurisprudences\/eclinlrbzwb20259078-rechtbank-zeeland-west-brabant-26-11-2025-11851539-cv-expl-25-2944-e\/","url":"https:\/\/kohenavocats.com\/ru\/jurisprudences\/eclinlrbzwb20259078-rechtbank-zeeland-west-brabant-26-11-2025-11851539-cv-expl-25-2944-e\/","name":"ECLI:NL:RBZWB:2025:9078 Rechtbank Zeeland-West-Brabant , 26-11-2025 \/ 11851539 CV EXPL 25-2944 (E) - Ma\u00eetre Hassan Kohen, avocat en droit p\u00e9nal \u00e0 Paris","isPartOf":{"@id":"https:\/\/kohenavocats.com\/ru\/#website"},"datePublished":"2026-04-22T11:45:52+00:00","breadcrumb":{"@id":"https:\/\/kohenavocats.com\/ru\/jurisprudences\/eclinlrbzwb20259078-rechtbank-zeeland-west-brabant-26-11-2025-11851539-cv-expl-25-2944-e\/#breadcrumb"},"inLanguage":"ru-RU","potentialAction":[{"@type":"ReadAction","target":["https:\/\/kohenavocats.com\/ru\/jurisprudences\/eclinlrbzwb20259078-rechtbank-zeeland-west-brabant-26-11-2025-11851539-cv-expl-25-2944-e\/"]}]},{"@type":"BreadcrumbList","@id":"https:\/\/kohenavocats.com\/ru\/jurisprudences\/eclinlrbzwb20259078-rechtbank-zeeland-west-brabant-26-11-2025-11851539-cv-expl-25-2944-e\/#breadcrumb","itemListElement":[{"@type":"ListItem","position":1,"name":"Home","item":"https:\/\/kohenavocats.com\/ru\/avocats-en-droit-penal-a-paris-conseil-et-defense-strategique\/"},{"@type":"ListItem","position":2,"name":"Jurisprudences","item":"https:\/\/kohenavocats.com\/ru\/jurisprudences\/"},{"@type":"ListItem","position":3,"name":"ECLI:NL:RBZWB:2025:9078 Rechtbank Zeeland-West-Brabant , 26-11-2025 \/ 11851539 CV EXPL 25-2944 (E)"}]},{"@type":"WebSite","@id":"https:\/\/kohenavocats.com\/ru\/#website","url":"https:\/\/kohenavocats.com\/ru\/","name":"Kohen Avocats","description":"Ma\u00eetre Hassan Kohen, avocat p\u00e9naliste \u00e0 Paris, intervient exclusivement en droit p\u00e9nal pour la d\u00e9fense des particuliers, notamment en mati\u00e8re d\u2019accusations de viol. Il assure un accompagnement rigoureux d\u00e8s la garde \u00e0 vue jusqu\u2019\u00e0 la Cour d\u2019assises, veillant au strict respect des garanties proc\u00e9durales.","publisher":{"@id":"https:\/\/kohenavocats.com\/ru\/#organization"},"potentialAction":[{"@type":"SearchAction","target":{"@type":"EntryPoint","urlTemplate":"https:\/\/kohenavocats.com\/ru\/?s={search_term_string}"},"query-input":{"@type":"PropertyValueSpecification","valueRequired":true,"valueName":"search_term_string"}}],"inLanguage":"ru-RU"},{"@type":"Organization","@id":"https:\/\/kohenavocats.com\/ru\/#organization","name":"Kohen Avocats","url":"https:\/\/kohenavocats.com\/ru\/","logo":{"@type":"ImageObject","inLanguage":"ru-RU","@id":"https:\/\/kohenavocats.com\/ru\/#\/schema\/logo\/image\/","url":"https:\/\/kohenavocats.com\/wp-content\/uploads\/2026\/01\/Logo-2-1.webp","contentUrl":"https:\/\/kohenavocats.com\/wp-content\/uploads\/2026\/01\/Logo-2-1.webp","width":2114,"height":1253,"caption":"Kohen Avocats"},"image":{"@id":"https:\/\/kohenavocats.com\/ru\/#\/schema\/logo\/image\/"}}]}},"jetpack_likes_enabled":false,"jetpack_sharing_enabled":true,"_links":{"self":[{"href":"https:\/\/kohenavocats.com\/ru\/wp-json\/wp\/v2\/kji_decision\/648355","targetHints":{"allow":["GET"]}}],"collection":[{"href":"https:\/\/kohenavocats.com\/ru\/wp-json\/wp\/v2\/kji_decision"}],"about":[{"href":"https:\/\/kohenavocats.com\/ru\/wp-json\/wp\/v2\/types\/kji_decision"}],"wp:attachment":[{"href":"https:\/\/kohenavocats.com\/ru\/wp-json\/wp\/v2\/media?parent=648355"}],"wp:term":[{"taxonomy":"kji_country","embeddable":true,"href":"https:\/\/kohenavocats.com\/ru\/wp-json\/wp\/v2\/kji_country?post=648355"},{"taxonomy":"kji_court","embeddable":true,"href":"https:\/\/kohenavocats.com\/ru\/wp-json\/wp\/v2\/kji_court?post=648355"},{"taxonomy":"kji_chamber","embeddable":true,"href":"https:\/\/kohenavocats.com\/ru\/wp-json\/wp\/v2\/kji_chamber?post=648355"},{"taxonomy":"kji_year","embeddable":true,"href":"https:\/\/kohenavocats.com\/ru\/wp-json\/wp\/v2\/kji_year?post=648355"},{"taxonomy":"kji_subject","embeddable":true,"href":"https:\/\/kohenavocats.com\/ru\/wp-json\/wp\/v2\/kji_subject?post=648355"},{"taxonomy":"kji_keyword","embeddable":true,"href":"https:\/\/kohenavocats.com\/ru\/wp-json\/wp\/v2\/kji_keyword?post=648355"},{"taxonomy":"kji_language","embeddable":true,"href":"https:\/\/kohenavocats.com\/ru\/wp-json\/wp\/v2\/kji_language?post=648355"}],"curies":[{"name":"wp","href":"https:\/\/api.w.org\/{rel}","templated":true}]}}