{"id":648693,"date":"2026-04-22T14:35:17","date_gmt":"2026-04-22T12:35:17","guid":{"rendered":"https:\/\/kohenavocats.com\/jurisprudences\/cour-superieure-de-justice-26-janvier-2023-n-2022-00403\/"},"modified":"2026-04-22T14:35:21","modified_gmt":"2026-04-22T12:35:21","slug":"cour-superieure-de-justice-26-janvier-2023-n-2022-00403","status":"publish","type":"kji_decision","link":"https:\/\/kohenavocats.com\/ru\/jurisprudences\/cour-superieure-de-justice-26-janvier-2023-n-2022-00403\/","title":{"rendered":"Cour sup\u00e9rieure de justice, 26 janvier 2023, n\u00b0 2022-00403"},"content":{"rendered":"<div class=\"kji-decision\">\n<div class=\"kji-full-text\">\n<p>Arr\u00eat N\u00b017\/23 &#8212; VIII &#8212; TRAV<\/p>\n<p>Exempt &#8212; appel en mati\u00e8re de droit du travail<\/p>\n<p>Audience publique du vingt-six janvier deux mille vingt-trois<\/p>\n<p>Num\u00e9ro CAL- 2022- 00403 du r\u00f4le<\/p>\n<p>Composition:<\/p>\n<p>MAGISTRAT1.), pr\u00e9sident de chambre, MAGISTRAT2.), premier conseiller, MAGISTRAT3.), premier conseiller, GREFFIER1.), greffier.<\/p>\n<p>Entre :<\/p>\n<p>PERSONNE1.), commer\u00e7ant, exer\u00e7ant le commerce sous la d\u00e9nomination \u00ab SOCIETE1.) \u00bb, \u00e9tabli et ayant son si\u00e8ge social \u00e0 L- ADRESSE1.), immatricul\u00e9 au Registre de Commerce et des Soci\u00e9t\u00e9s de Luxembourg sous le num\u00e9ro NUMERO1.) ,<\/p>\n<p>appelant aux termes d\u2019un exploit de l\u2019huissier de justice HUISSIER DE JUSTICE1.) d\u2019Esch-sur-Alzette du 2 7 janvier 2022,<\/p>\n<p>comparant par la soci\u00e9t\u00e9 \u00e0 responsabilit\u00e9 limit\u00e9e SOCIETE2.) , \u00e9tablie et ayant son si\u00e8ge social \u00e0 L- ADRESSE2.), inscrite sur la liste V du Tableau de l\u2019Ordre des Avocats du Barreau de Luxembourg, immatricul\u00e9e au Registre de Commerce et des Soci\u00e9t\u00e9s de Luxembourg sous le num\u00e9ro NUMERO2.), repr\u00e9sent\u00e9e aux fins de la pr\u00e9sente proc\u00e9dure par Ma\u00eetre AVOCAT1.) , avocat \u00e0 la Cour,<\/p>\n<p>et :<\/p>\n<p>1. PERSONNE2.), demeurant \u00e0 L-ADRESSE3.),<\/p>\n<p>intim\u00e9 aux fins du susdit exploit HUISSIER DE JUSTICE1.) ,<\/p>\n<p>comparant par Ma\u00eetre AVOCAT2.) , avocat \u00e0 la Cour, demeurant \u00e0 Bech-Kleinmacher, assist\u00e9e de Ma\u00eetre AVOCAT3.), avocat, demeurant \u00e0 Esch- sur-Alzette,<\/p>\n<p>2. l\u2019Etat du Grand- Duch\u00e9 de Luxembourg, pris en sa qualit\u00e9 de gestionnaire du Fonds pour l\u2019emploi, repr\u00e9sent\u00e9 par son Ministre d\u2019\u00c9tat, \u00e9tabli \u00e0 L- 1352 Luxembourg, 4, rue de la Congr\u00e9gation,<\/p>\n<p>intim\u00e9 aux fins du susdit exploit HUISSIER DE JUSTICE1.) ,<\/p>\n<p>comparant par Ma\u00eetre AVOCAT4.) , avocat \u00e0 la Cour, demeurant \u00e0 Luxembourg.<\/p>\n<p>&#8212;&#8212;&#8212;&#8212;&#8212;&#8212;&#8212;&#8212;&#8212;&#8212;<\/p>\n<p>LA COUR D&#039;APPEL:<\/p>\n<p>Suivant contrat de travail du 12 septembre 2017, PERSONNE2.) a \u00e9t\u00e9 engag\u00e9 en qualit\u00e9 de chauffeur de taxi par PERSONNE1.) .<\/p>\n<p>Il a \u00e9t\u00e9 licenci\u00e9 avec effet imm\u00e9diat en date du 3 juillet 2018.<\/p>\n<p>Il a protest\u00e9 contre ledit licenciement suivant courrier recommand\u00e9 de son mandataire du 9 juillet 2018.<\/p>\n<p>Par requ\u00eate du 8 novembre 2018, PERSONNE2.) a fait convoquer son ancien employeur, PERSONNE1.) , ainsi que l\u2019ETAT DU GRAND- DUCHE DE LUXEMBOURG, pris en sa qualit\u00e9 de gestionnaire de l\u2019Agence pour le d\u00e9veloppement de l\u2019emploi (ci-apr\u00e8s \u00ab l\u2019ETAT \u00bb), devant le tribunal du travail d\u2019Esch- sur-Alzette aux fins de voir d\u00e9clarer abusif le licenciement avec effet imm\u00e9diat prononc\u00e9 \u00e0 son encontre le 3 juillet 2018 et \u00e0 voir condamner l\u2019employeur \u00e0 lui payer 5.000 euros, ou tout autre montant \u00e0 arbitrer ex aequo et bono par le tribunal, \u00e0 titre de dommages-int\u00e9r\u00eats pour pr\u00e9judice moral, avec les int\u00e9r\u00eats l\u00e9gaux \u00e0 compter de la lettre de contestation du 9 juillet 2008, sinon \u00e0 compter de la demande en justice, jusqu\u2019\u00e0 solde. Il a r\u00e9clam\u00e9 une indemnit\u00e9 pour pr\u00e9judice mat\u00e9riel et une indemnit\u00e9 compensatoire de pr\u00e9avis, sans pr\u00e9ciser les montants revendiqu\u00e9s de ces chefs et une indemnit\u00e9 de proc\u00e9dure de 2.500 euros.<\/p>\n<p>Les d\u00e9bats ayant \u00e9t\u00e9 limit\u00e9s en premi\u00e8re instance \u00e0 la question de la comp\u00e9tence territoriale du tribunal saisi, le tribunal du travail, par jugement du 3 janvier 2022, s\u2019est d\u00e9clar\u00e9 territorialement comp\u00e9tent pour conna\u00eetre de la demande, a donn\u00e9 acte \u00e0 l\u2019ETAT qu\u2019il n\u2019a pas de<\/p>\n<p>3 revendications \u00e0 faire valoir et l\u2019a mis hors cause et a refix\u00e9 l&#039;affaire pour continuation des d\u00e9bats \u00e0 une audience ult\u00e9rieure.<\/p>\n<p>Pour statuer ainsi, le tribunal a retenu que, s\u2019il est exact qu\u2019en sa qualit\u00e9 de \u00ab chauffeur de taxi \u00bb, le salari\u00e9 \u00e9tait potentiellement amen\u00e9 \u00e0 intervenir sur tout le territoire du Grand- Duch\u00e9 de Luxembourg, ce fait ne permet toutefois nullement de d\u00e9duire que le lieu de travail s\u2019\u00e9tendait sur tout le territoire du Grand- Duch\u00e9, circonstance qui seule justifierait l\u2019incomp\u00e9tence du tribunal d\u2019Esch- sur-Alzette saisi. En effet, le fait que l\u2019employeur puisse avoir des clients sur tout le territoire du Luxembourg ne fait pas perdre la qualit\u00e9 de lieu de travail au si\u00e8ge social de la soci\u00e9t\u00e9, l\u2019activit\u00e9 de l\u2019entreprise \u00e9tant organis\u00e9e depuis le si\u00e8ge.<\/p>\n<p>Par acte d\u2019huissier de justice du 27 janvier 2022, PERSONNE1.) , a r\u00e9guli\u00e8rement relev\u00e9 appel de ce jugement, qui lui a \u00e9t\u00e9 notifi\u00e9 le 5 janvier 2022.<\/p>\n<p>Il demande, par r\u00e9formation, \u00e0 voir dire que le tribunal du travail d\u2019Esch-sur-Alzette est incomp\u00e9tent pour conna\u00eetre de la demande du salari\u00e9 et r\u00e9clame une indemnit\u00e9 de proc\u00e9dure de 2.000 euros.<\/p>\n<p>Il reproche au tribunal d\u2019avoir fait une interpr\u00e9tation contra legem principalement de l\u2019article 47 alin\u00e9a 3, sinon subsidiairement de l\u2019article 47 alin\u00e9a 2 du Nouveau Code de proc\u00e9dure civil.<\/p>\n<p>Appr\u00e9ciation de la Cour<\/p>\n<p>Ayant valablement constitu\u00e9 avocat, PERSONNE2.) n\u2019a pas conclu. L\u2019ETAT a d\u00e9pos\u00e9 des conclusions le 27 septembre 2020, pour d\u00e9clarer ne pas avoir de revendications \u00e0 faire valoir dans la pr\u00e9sente affaire.<\/p>\n<p>Aux termes de l\u2019article 47 du Nouveau Code de proc\u00e9dure civile :<\/p>\n<p>\u00ab En mati\u00e8re de contestations relatives aux contrats de travail, aux contrats d\u2019apprentissage, aux r\u00e9gimes compl\u00e9mentaires de pension et \u00e0 l\u2019assurance insolvabilit\u00e9, la juridiction comp\u00e9tente est celle du lieu de travail.<\/p>\n<p>Lorsque celui-ci s\u2019\u00e9tend sur le ressort de plusieurs juridictions, est comp\u00e9tente la juridiction du lieu de travail principal.<\/p>\n<p>Lorsque le lieu du travail s\u2019\u00e9tend sur tout le territoire du Grand- Duch\u00e9, est comp\u00e9tente la juridiction si\u00e9geant \u00e0 Luxembourg. \u00bb.<\/p>\n<p>Si le d\u00e9clinatoire de comp\u00e9tence est soulev\u00e9, il appartient au requ\u00e9rant initial de justifier de la comp\u00e9tence du tribunal saisi (voir : Cour d\u2019appel<\/p>\n<p>4 29 novembre 2018, num\u00e9ro 45286 du r\u00f4le, voir \u00e9galement : Cour d\u2019appel 108\/19, Cal-2019- 00337 du r\u00f4le ; Cour d\u2019appel, 23 janvier 2020, Cal-2019- 00624 ; Cour d\u2019appel, 24 juin 2021, Cal -2020- 00189).<\/p>\n<p>Il appartient d\u00e8s lors \u00e0 PERSONNE2.) de rapporter la preuve que son lieu de travail principal se trouvait dans le ressort de la juridiction du travail d\u2019Esch-sur-Alzette.<\/p>\n<p>Le contrat de travail sign\u00e9 entre parties d\u00e9finit en son article 3 le lieu de travail comme suit:<\/p>\n<p>\u00ab Le lieu de travail principal se trouve \u00e0 l\u2019adresse de l\u2019employeur. Le (la) salari\u00e9(e) pourra n\u00e9anmoins \u00eatre occup\u00e9(e), selon les besoins de l\u2019employeur, en tout autre lieu. \u00bb<\/p>\n<p>La fonction de chauffeur de taxi, qui suppose une mobilit\u00e9 g\u00e9ographique, ne s\u2019exerce pas au si\u00e8ge social de la soci\u00e9t\u00e9 employeuse, mais sur les routes, de sorte que, contrairement \u00e0 ce qu\u2019a retenu le tribunal du travail, le crit\u00e8re du si\u00e8ge social en tant que \u00ab centre n\u00e9vralgique \u00e0 partir duquel sont organis\u00e9es les activit\u00e9s des salari\u00e9s \u00bb, ne peut \u00eatre pris en compte pour d\u00e9terminer le lieu de travail principal du salari\u00e9.<\/p>\n<p>Il est de principe que pour la d\u00e9termination du lieu de travail d\u2019un salari\u00e9, il convient d\u2019\u00e9carter les possibilit\u00e9s th\u00e9oriques d\u2019affectation en cours d\u2019ex\u00e9cution du contrat de travail, seule l\u2019affectation r\u00e9elle du salari\u00e9 sur une certaine p\u00e9riode pr\u00e9c\u00e9dant la date du licenciement permettant d\u2019\u00e9tablir le lien suffisant entre le salari\u00e9 et son lieu de travail \u00e9tant pertinente (en ce sens Cour d\u2019appel 14 juillet 2009, n\u00b034281 ; Cour d\u2019appel 17 mars 2022, cal-2021- 00092).<\/p>\n<p>En l\u2019esp\u00e8ce, outre la clause de mobilit\u00e9 figurant \u00e0 l\u2019article 3 du contrat de travail, PERSONNE2.) a d\u00e9clar\u00e9 aux termes de la requ\u00eate introductive d\u2019instance qu\u2019il \u00e9tait engag\u00e9 en qualit\u00e9 de chauffeur de taxi \u00ab sur tout le territoire du Luxembourg et \u00e0 l\u2019\u00e9tranger \u00bb.<\/p>\n<p>Cette affirmation, certes non autrement \u00e9tay\u00e9e sur base de pi\u00e8ces produites en cause, n\u2019est pas contest\u00e9e par l\u2019employeur.<\/p>\n<p>A l\u2019appui de son appel, l\u2019employeur se r\u00e9f\u00e8re \u00e0 des feuilles de routes lui remises par le salari\u00e9 concernant treize jours du mois de f\u00e9vrier 2018.<\/p>\n<p>La Cour retient au regard desdites feuilles de routes vers\u00e9es qu\u2019PERSONNE2.), demeurant \u00e0 Luxembourg, commen\u00e7ait sa journ\u00e9e de travail au ADRESSE4.) et qu\u2019il faisait en moyenne cinq courses (avec un occupant) par journ\u00e9e de travail pour une moyenne de 11km\/trajet. Il y a lieu de d\u00e9duire du nombre r\u00e9duit de kilom\u00e8tres par<\/p>\n<p>5 trajet qu\u2019PERSONNE2.) effectuait essentiellement des courses de taxi dans le ressort du tribunal du travail de Luxembourg.<\/p>\n<p>Contrairement \u00e0 l\u2019affirmation d\u2019PERSONNE2.) r\u00e9sultant de sa requ\u00eate introductive d\u2019instance, aucun \u00e9l\u00e9ment probant du dossier ne vient \u00e9tayer son affirmation qu\u2019il aurait exerc\u00e9 des activit\u00e9s au si\u00e8ge de l\u2019entreprise exploit\u00e9e par l\u2019employeur \u00e0 ADRESSE5.) , respectivement dans le ressort du tribunal du travail d\u2019Esch- sur-Alzette.<\/p>\n<p>Il r\u00e9sulte de l\u2019attestation testimoniale dress\u00e9e par le fils de l\u2019employeur que PERSONNE3.) proc\u00e9dait chaque deuxi\u00e8me jour au recueil des caisses et des feuilles de route pour compte de son p\u00e8re en se rendant soit au ADRESSE4.) , soit m\u00eame au domicile du salari\u00e9 situ\u00e9 \u00e0 ADRESSE6.), tous ces lieux se trouvant dans le ressort du tribunal de travail de Luxembourg.<\/p>\n<p>Au regard de l\u2019ensemble de ces consid\u00e9rations , il y a partant lieu, par r\u00e9formation du jugement entrepris, de retenir que le tribunal du travail d\u2019Esch-sur-Alzette est territorialement incomp\u00e9tent pour conna\u00eetre de la demande.<\/p>\n<p>La demande d\u2019PERSONNE1.) tendant \u00e0 se voir allouer une indemnit\u00e9 de proc\u00e9dure pour l\u2019instance d\u2019appel est \u00e0 rejeter, \u00e0 d\u00e9faut de justifier l\u2019iniquit\u00e9 requise par l\u2019article 240 du Nouveau Code de proc\u00e9dure civile.<\/p>\n<p>Le pr\u00e9sent arr\u00eat est \u00e0 d\u00e9clarer commun \u00e0 l\u2019ETAT.<\/p>\n<p>PAR CES MOTIFS<\/p>\n<p>la Cour d\u2019appel, huiti\u00e8me chambre, si\u00e9geant en mati\u00e8re de droit du travail, statuant contradictoirement,<\/p>\n<p>re\u00e7oit l\u2019appel,<\/p>\n<p>le dit fond\u00e9,<\/p>\n<p>r\u00e9formant :<\/p>\n<p>dit que le tribunal du travail d\u2019Esch- sur-Alzette est territorialement incomp\u00e9tent pour conna\u00eetre de la demande introduite devant lui par PERSONNE2.) suivant requ\u00eate du 8 novembre 2018,<\/p>\n<p>condamne PERSONNE2.) aux des frais et d\u00e9pens de l\u2019instance d\u2019appel,<\/p>\n<p>6 d\u00e9clare le pr\u00e9sent arr\u00eat commun \u00e0 l\u2019ETAT DU GRAND-DUCHE DE LUXEMBOURG, pris en sa qualit\u00e9 de gestionnaire du Fonds pour l\u2019Emploi.<\/p>\n<\/div>\n<hr class=\"kji-sep\" \/>\n<p class=\"kji-source-links\"><strong>Sources officielles :<\/strong> <a class=\"kji-source-link\" href=\"https:\/\/data.public.lu\/fr\/datasets\/cour-superieure-de-justice-chambre-8\/\" target=\"_blank\" rel=\"noopener noreferrer\">consulter la page source<\/a> &middot; <a class=\"kji-pdf-link\" href=\"https:\/\/download.data.public.lu\/resources\/cour-superieure-de-justice-chambre-8\/20240827-211433\/20230126-cal-2022-00403-17-pseudonymise-accessible.pdf\" target=\"_blank\" rel=\"noopener noreferrer\">PDF officiel<\/a><\/p>\n<p class=\"kji-license-note\"><em>Licence CC BY-ND 4.0 (Administration judiciaire, data.public.lu). Republication autorisee avec attribution, sans modification editoriale du texte integral.<\/em><\/p>\n<\/div>\n","protected":false},"excerpt":{"rendered":"<p>Arr\u00eat N\u00b017\/23 &#8212; VIII &#8212; TRAV Exempt &#8212; appel en mati\u00e8re de droit du travail Audience publique du vingt-six janvier deux mille vingt-trois Num\u00e9ro CAL- 2022- 00403 du r\u00f4le Composition: MAGISTRAT1.), pr\u00e9sident de chambre, MAGISTRAT2.), premier conseiller, MAGISTRAT3.), premier conseiller, GREFFIER1.), greffier. Entre : PERSONNE1.),\u2026<\/p>\n","protected":false},"featured_media":0,"template":"","meta":{"_crdt_document":""},"kji_country":[8418],"kji_court":[12305],"kji_chamber":[21144],"kji_year":[24566],"kji_subject":[7724],"kji_keyword":[8683,8460,9055,12307],"kji_language":[7733],"class_list":["post-648693","kji_decision","type-kji_decision","status-publish","hentry","kji_country-luxembourg","kji_court-cour-superieure-de-justice","kji_chamber-chambre-8","kji_year-24566","kji_subject-civil","kji_keyword-arret","kji_keyword-janvier","kji_keyword-justice","kji_keyword-superieure","kji_language-francais"],"yoast_head":"<!-- This site is optimized with the Yoast SEO Premium plugin v27.5 (Yoast SEO v27.5) - https:\/\/yoast.com\/product\/yoast-seo-premium-wordpress\/ -->\n<title>Cour sup\u00e9rieure de justice, 26 janvier 2023, n\u00b0 2022-00403 - Ma\u00eetre Hassan Kohen, avocat en droit p\u00e9nal \u00e0 Paris<\/title>\n<meta name=\"robots\" content=\"index, follow, max-snippet:-1, max-image-preview:large, max-video-preview:-1\" \/>\n<link rel=\"canonical\" href=\"https:\/\/kohenavocats.com\/ru\/jurisprudences\/cour-superieure-de-justice-26-janvier-2023-n-2022-00403\/\" \/>\n<meta property=\"og:locale\" content=\"ru_RU\" \/>\n<meta property=\"og:type\" content=\"article\" \/>\n<meta property=\"og:title\" content=\"Cour sup\u00e9rieure de justice, 26 janvier 2023, n\u00b0 2022-00403\" \/>\n<meta property=\"og:description\" content=\"Arr\u00eat N\u00b017\/23 - VIII - TRAV Exempt - appel en mati\u00e8re de droit du travail Audience publique du vingt-six janvier deux mille vingt-trois Num\u00e9ro CAL- 2022- 00403 du r\u00f4le Composition: MAGISTRAT1.), pr\u00e9sident de chambre, MAGISTRAT2.), premier conseiller, MAGISTRAT3.), premier conseiller, GREFFIER1.), greffier. Entre : PERSONNE1.),\u2026\" \/>\n<meta property=\"og:url\" content=\"https:\/\/kohenavocats.com\/ru\/jurisprudences\/cour-superieure-de-justice-26-janvier-2023-n-2022-00403\/\" \/>\n<meta property=\"og:site_name\" content=\"Ma\u00eetre Hassan Kohen, avocat en droit p\u00e9nal \u00e0 Paris\" \/>\n<meta property=\"article:modified_time\" content=\"2026-04-22T12:35:21+00:00\" \/>\n<meta name=\"twitter:card\" content=\"summary_large_image\" \/>\n<meta name=\"twitter:label1\" content=\"\u041f\u0440\u0438\u043c\u0435\u0440\u043d\u043e\u0435 \u0432\u0440\u0435\u043c\u044f \u0434\u043b\u044f \u0447\u0442\u0435\u043d\u0438\u044f\" \/>\n\t<meta name=\"twitter:data1\" content=\"8 \u043c\u0438\u043d\u0443\u0442\" \/>\n<script type=\"application\/ld+json\" class=\"yoast-schema-graph\">{\"@context\":\"https:\\\/\\\/schema.org\",\"@graph\":[{\"@type\":\"WebPage\",\"@id\":\"https:\\\/\\\/kohenavocats.com\\\/ru\\\/jurisprudences\\\/cour-superieure-de-justice-26-janvier-2023-n-2022-00403\\\/\",\"url\":\"https:\\\/\\\/kohenavocats.com\\\/ru\\\/jurisprudences\\\/cour-superieure-de-justice-26-janvier-2023-n-2022-00403\\\/\",\"name\":\"Cour sup\u00e9rieure de justice, 26 janvier 2023, n\u00b0 2022-00403 - Ma\u00eetre Hassan Kohen, avocat en droit p\u00e9nal \u00e0 Paris\",\"isPartOf\":{\"@id\":\"https:\\\/\\\/kohenavocats.com\\\/ru\\\/#website\"},\"datePublished\":\"2026-04-22T12:35:17+00:00\",\"dateModified\":\"2026-04-22T12:35:21+00:00\",\"breadcrumb\":{\"@id\":\"https:\\\/\\\/kohenavocats.com\\\/ru\\\/jurisprudences\\\/cour-superieure-de-justice-26-janvier-2023-n-2022-00403\\\/#breadcrumb\"},\"inLanguage\":\"ru-RU\",\"potentialAction\":[{\"@type\":\"ReadAction\",\"target\":[\"https:\\\/\\\/kohenavocats.com\\\/ru\\\/jurisprudences\\\/cour-superieure-de-justice-26-janvier-2023-n-2022-00403\\\/\"]}]},{\"@type\":\"BreadcrumbList\",\"@id\":\"https:\\\/\\\/kohenavocats.com\\\/ru\\\/jurisprudences\\\/cour-superieure-de-justice-26-janvier-2023-n-2022-00403\\\/#breadcrumb\",\"itemListElement\":[{\"@type\":\"ListItem\",\"position\":1,\"name\":\"Home\",\"item\":\"https:\\\/\\\/kohenavocats.com\\\/ru\\\/avocats-en-droit-penal-a-paris-conseil-et-defense-strategique\\\/\"},{\"@type\":\"ListItem\",\"position\":2,\"name\":\"Jurisprudences\",\"item\":\"https:\\\/\\\/kohenavocats.com\\\/ru\\\/jurisprudences\\\/\"},{\"@type\":\"ListItem\",\"position\":3,\"name\":\"Cour sup\u00e9rieure de justice, 26 janvier 2023, n\u00b0 2022-00403\"}]},{\"@type\":\"WebSite\",\"@id\":\"https:\\\/\\\/kohenavocats.com\\\/ru\\\/#website\",\"url\":\"https:\\\/\\\/kohenavocats.com\\\/ru\\\/\",\"name\":\"Kohen Avocats\",\"description\":\"Ma\u00eetre Hassan Kohen, avocat p\u00e9naliste \u00e0 Paris, intervient exclusivement en droit p\u00e9nal pour la d\u00e9fense des particuliers, notamment en mati\u00e8re d\u2019accusations de viol. Il assure un accompagnement rigoureux d\u00e8s la garde \u00e0 vue jusqu\u2019\u00e0 la Cour d\u2019assises, veillant au strict respect des garanties proc\u00e9durales.\",\"publisher\":{\"@id\":\"https:\\\/\\\/kohenavocats.com\\\/ru\\\/#organization\"},\"potentialAction\":[{\"@type\":\"SearchAction\",\"target\":{\"@type\":\"EntryPoint\",\"urlTemplate\":\"https:\\\/\\\/kohenavocats.com\\\/ru\\\/?s={search_term_string}\"},\"query-input\":{\"@type\":\"PropertyValueSpecification\",\"valueRequired\":true,\"valueName\":\"search_term_string\"}}],\"inLanguage\":\"ru-RU\"},{\"@type\":\"Organization\",\"@id\":\"https:\\\/\\\/kohenavocats.com\\\/ru\\\/#organization\",\"name\":\"Kohen Avocats\",\"url\":\"https:\\\/\\\/kohenavocats.com\\\/ru\\\/\",\"logo\":{\"@type\":\"ImageObject\",\"inLanguage\":\"ru-RU\",\"@id\":\"https:\\\/\\\/kohenavocats.com\\\/ru\\\/#\\\/schema\\\/logo\\\/image\\\/\",\"url\":\"https:\\\/\\\/kohenavocats.com\\\/wp-content\\\/uploads\\\/2026\\\/01\\\/Logo-2-1.webp\",\"contentUrl\":\"https:\\\/\\\/kohenavocats.com\\\/wp-content\\\/uploads\\\/2026\\\/01\\\/Logo-2-1.webp\",\"width\":2114,\"height\":1253,\"caption\":\"Kohen Avocats\"},\"image\":{\"@id\":\"https:\\\/\\\/kohenavocats.com\\\/ru\\\/#\\\/schema\\\/logo\\\/image\\\/\"}}]}<\/script>\n<!-- \/ Yoast SEO Premium plugin. -->","yoast_head_json":{"title":"Cour sup\u00e9rieure de justice, 26 janvier 2023, n\u00b0 2022-00403 - Ma\u00eetre Hassan Kohen, avocat en droit p\u00e9nal \u00e0 Paris","robots":{"index":"index","follow":"follow","max-snippet":"max-snippet:-1","max-image-preview":"max-image-preview:large","max-video-preview":"max-video-preview:-1"},"canonical":"https:\/\/kohenavocats.com\/ru\/jurisprudences\/cour-superieure-de-justice-26-janvier-2023-n-2022-00403\/","og_locale":"ru_RU","og_type":"article","og_title":"Cour sup\u00e9rieure de justice, 26 janvier 2023, n\u00b0 2022-00403","og_description":"Arr\u00eat N\u00b017\/23 - VIII - TRAV Exempt - appel en mati\u00e8re de droit du travail Audience publique du vingt-six janvier deux mille vingt-trois Num\u00e9ro CAL- 2022- 00403 du r\u00f4le Composition: MAGISTRAT1.), pr\u00e9sident de chambre, MAGISTRAT2.), premier conseiller, MAGISTRAT3.), premier conseiller, GREFFIER1.), greffier. Entre : PERSONNE1.),\u2026","og_url":"https:\/\/kohenavocats.com\/ru\/jurisprudences\/cour-superieure-de-justice-26-janvier-2023-n-2022-00403\/","og_site_name":"Ma\u00eetre Hassan Kohen, avocat en droit p\u00e9nal \u00e0 Paris","article_modified_time":"2026-04-22T12:35:21+00:00","twitter_card":"summary_large_image","twitter_misc":{"\u041f\u0440\u0438\u043c\u0435\u0440\u043d\u043e\u0435 \u0432\u0440\u0435\u043c\u044f \u0434\u043b\u044f \u0447\u0442\u0435\u043d\u0438\u044f":"8 \u043c\u0438\u043d\u0443\u0442"},"schema":{"@context":"https:\/\/schema.org","@graph":[{"@type":"WebPage","@id":"https:\/\/kohenavocats.com\/ru\/jurisprudences\/cour-superieure-de-justice-26-janvier-2023-n-2022-00403\/","url":"https:\/\/kohenavocats.com\/ru\/jurisprudences\/cour-superieure-de-justice-26-janvier-2023-n-2022-00403\/","name":"Cour sup\u00e9rieure de justice, 26 janvier 2023, n\u00b0 2022-00403 - Ma\u00eetre Hassan Kohen, avocat en droit p\u00e9nal \u00e0 Paris","isPartOf":{"@id":"https:\/\/kohenavocats.com\/ru\/#website"},"datePublished":"2026-04-22T12:35:17+00:00","dateModified":"2026-04-22T12:35:21+00:00","breadcrumb":{"@id":"https:\/\/kohenavocats.com\/ru\/jurisprudences\/cour-superieure-de-justice-26-janvier-2023-n-2022-00403\/#breadcrumb"},"inLanguage":"ru-RU","potentialAction":[{"@type":"ReadAction","target":["https:\/\/kohenavocats.com\/ru\/jurisprudences\/cour-superieure-de-justice-26-janvier-2023-n-2022-00403\/"]}]},{"@type":"BreadcrumbList","@id":"https:\/\/kohenavocats.com\/ru\/jurisprudences\/cour-superieure-de-justice-26-janvier-2023-n-2022-00403\/#breadcrumb","itemListElement":[{"@type":"ListItem","position":1,"name":"Home","item":"https:\/\/kohenavocats.com\/ru\/avocats-en-droit-penal-a-paris-conseil-et-defense-strategique\/"},{"@type":"ListItem","position":2,"name":"Jurisprudences","item":"https:\/\/kohenavocats.com\/ru\/jurisprudences\/"},{"@type":"ListItem","position":3,"name":"Cour sup\u00e9rieure de justice, 26 janvier 2023, n\u00b0 2022-00403"}]},{"@type":"WebSite","@id":"https:\/\/kohenavocats.com\/ru\/#website","url":"https:\/\/kohenavocats.com\/ru\/","name":"Kohen Avocats","description":"Ma\u00eetre Hassan Kohen, avocat p\u00e9naliste \u00e0 Paris, intervient exclusivement en droit p\u00e9nal pour la d\u00e9fense des particuliers, notamment en mati\u00e8re d\u2019accusations de viol. Il assure un accompagnement rigoureux d\u00e8s la garde \u00e0 vue jusqu\u2019\u00e0 la Cour d\u2019assises, veillant au strict respect des garanties proc\u00e9durales.","publisher":{"@id":"https:\/\/kohenavocats.com\/ru\/#organization"},"potentialAction":[{"@type":"SearchAction","target":{"@type":"EntryPoint","urlTemplate":"https:\/\/kohenavocats.com\/ru\/?s={search_term_string}"},"query-input":{"@type":"PropertyValueSpecification","valueRequired":true,"valueName":"search_term_string"}}],"inLanguage":"ru-RU"},{"@type":"Organization","@id":"https:\/\/kohenavocats.com\/ru\/#organization","name":"Kohen Avocats","url":"https:\/\/kohenavocats.com\/ru\/","logo":{"@type":"ImageObject","inLanguage":"ru-RU","@id":"https:\/\/kohenavocats.com\/ru\/#\/schema\/logo\/image\/","url":"https:\/\/kohenavocats.com\/wp-content\/uploads\/2026\/01\/Logo-2-1.webp","contentUrl":"https:\/\/kohenavocats.com\/wp-content\/uploads\/2026\/01\/Logo-2-1.webp","width":2114,"height":1253,"caption":"Kohen Avocats"},"image":{"@id":"https:\/\/kohenavocats.com\/ru\/#\/schema\/logo\/image\/"}}]}},"jetpack_likes_enabled":false,"jetpack_sharing_enabled":true,"_links":{"self":[{"href":"https:\/\/kohenavocats.com\/ru\/wp-json\/wp\/v2\/kji_decision\/648693","targetHints":{"allow":["GET"]}}],"collection":[{"href":"https:\/\/kohenavocats.com\/ru\/wp-json\/wp\/v2\/kji_decision"}],"about":[{"href":"https:\/\/kohenavocats.com\/ru\/wp-json\/wp\/v2\/types\/kji_decision"}],"wp:attachment":[{"href":"https:\/\/kohenavocats.com\/ru\/wp-json\/wp\/v2\/media?parent=648693"}],"wp:term":[{"taxonomy":"kji_country","embeddable":true,"href":"https:\/\/kohenavocats.com\/ru\/wp-json\/wp\/v2\/kji_country?post=648693"},{"taxonomy":"kji_court","embeddable":true,"href":"https:\/\/kohenavocats.com\/ru\/wp-json\/wp\/v2\/kji_court?post=648693"},{"taxonomy":"kji_chamber","embeddable":true,"href":"https:\/\/kohenavocats.com\/ru\/wp-json\/wp\/v2\/kji_chamber?post=648693"},{"taxonomy":"kji_year","embeddable":true,"href":"https:\/\/kohenavocats.com\/ru\/wp-json\/wp\/v2\/kji_year?post=648693"},{"taxonomy":"kji_subject","embeddable":true,"href":"https:\/\/kohenavocats.com\/ru\/wp-json\/wp\/v2\/kji_subject?post=648693"},{"taxonomy":"kji_keyword","embeddable":true,"href":"https:\/\/kohenavocats.com\/ru\/wp-json\/wp\/v2\/kji_keyword?post=648693"},{"taxonomy":"kji_language","embeddable":true,"href":"https:\/\/kohenavocats.com\/ru\/wp-json\/wp\/v2\/kji_language?post=648693"}],"curies":[{"name":"wp","href":"https:\/\/api.w.org\/{rel}","templated":true}]}}