{"id":648778,"date":"2026-04-22T14:44:24","date_gmt":"2026-04-22T12:44:24","guid":{"rendered":"https:\/\/kohenavocats.com\/jurisprudences\/tribunal-federal-suisse-26-janvier-2023-n-5a-766-2022\/"},"modified":"2026-04-22T14:44:24","modified_gmt":"2026-04-22T12:44:24","slug":"tribunal-federal-suisse-26-janvier-2023-n-5a-766-2022","status":"publish","type":"kji_decision","link":"https:\/\/kohenavocats.com\/ru\/jurisprudences\/tribunal-federal-suisse-26-janvier-2023-n-5a-766-2022\/","title":{"rendered":"Tribunal f\u00e9d\u00e9ral suisse, 26 janvier 2023, n\u00b0 5A 766-2022"},"content":{"rendered":"<div class=\"kji-decision\">\n<div class=\"kji-full-text\">\n<p>Bundesgericht<\/p>\n<p>Tribunal f\u00e9d\u00e9ral<\/p>\n<p>Tribunale federale<\/p>\n<p>Tribunal federal<\/p>\n<p>5A_766\/2022<\/p>\n<p>Arr\u00eat du 26 janvier 2023<\/p>\n<p>IIe Cour de droit civil<\/p>\n<p>Composition<\/p>\n<p>MM. Mme les Juges f\u00e9d\u00e9raux<\/p>\n<p>Herrmann, Pr\u00e9sident, Bovey et De Rossa.<\/p>\n<p>Greffi\u00e8re : Mme Achtari.<\/p>\n<p>Participants \u00e0 la proc\u00e9dure<\/p>\n<p>A.________,<\/p>\n<p>recourant,<\/p>\n<p>contre<\/p>\n<p>B.________ Ltd,<\/p>\n<p>repr\u00e9sent\u00e9e par Mes Claude Ramoni et Monia Karmass,<\/p>\n<p>intim\u00e9e.<\/p>\n<p>Objet<\/p>\n<p>suspension provisoire de la poursuite,<\/p>\n<p>recours contre l&#039;arr\u00eat de la Cour de justice du canton de Gen\u00e8ve, Chambre civile, du 20 septembre 2022 (C\/6824\/2022 ACJC\/1239\/2022).<\/p>\n<p>Faits :<\/p>\n<p>A.<\/p>\n<p>A.a. Par ordonnance du 18 novembre 2020, sur requ\u00eate de B.________ Ltd qui se pr\u00e9valait d&#039;une sentence arbitrale du 29 octobre 2020, le Tribunal de premi\u00e8re instance de Gen\u00e8ve (ci-apr\u00e8s: tribunal) a ordonn\u00e9 le s\u00e9questre d&#039;immeubles appartenant \u00e0 A.________ \u00e0 concurrence d&#039;une cr\u00e9ance de 1&#039;358&#039;384 fr. 05 plus int\u00e9r\u00eats \u00e0 5 % l&#039;an d\u00e8s le 30 octobre 2020.<\/p>\n<p>Par arr\u00eat du 26 avril 2022 (5A_918\/2021), le Tribunal f\u00e9d\u00e9ral a rejet\u00e9 le recours interjet\u00e9 par le s\u00e9questr\u00e9 contre l&#039;arr\u00eat de la Cour de justice du canton de Gen\u00e8ve (ci-apr\u00e8s: cour de justice) qui avait elle-m\u00eame rejet\u00e9, le 29 septembre 2021, son recours contre l&#039;ordonnance le d\u00e9boutant des fins de son opposition au s\u00e9questre.<\/p>\n<p>A.b. Par jugement du 12 octobre 2021, le tribunal a prononc\u00e9 la mainlev\u00e9e d\u00e9finitive de l&#039;opposition au commandement de payer qui avait \u00e9t\u00e9 notifi\u00e9 au s\u00e9questr\u00e9 dans la poursuite n\u00b0 xxx en validation du s\u00e9questre. Il a \u00e9galement rejet\u00e9 la requ\u00eate en interdiction de postuler form\u00e9e \u00e0 l&#039;encontre des conseils de la s\u00e9questrante.<\/p>\n<p>Un recours ne d\u00e9ployant pas d&#039;effet suspensif a \u00e9t\u00e9 interjet\u00e9 devant la cour de justice contre ce jugement (cf. cause 5A_767\/2022).<\/p>\n<p>A.c. Le 16 mars 2022, l&#039;Office cantonal des poursuites de Gen\u00e8ve a notifi\u00e9 une commination de faillite \u00e0 A.________.<\/p>\n<p>B.<\/p>\n<p>B.a. Par acte exp\u00e9di\u00e9 le 8 avril 2022 au tribunal, A.________ a d\u00e9pos\u00e9 une &quot;requ\u00eate de mesures provisionnelles et superprovisionnelles en suspension de la poursuite n\u00b0 xxx&quot;, &quot;form\u00e9e en anticipation du d\u00e9p\u00f4t futur d&#039;une action en annulation ou suspension de la poursuite n\u00b0 xxx&quot;. Il a conclu \u00e0 ce que le tribunal, (i) sur mesures superprovisionnelles, dise que la poursuite n\u00b0 xxx \u00e9tait suspendue provisoirement, interdise \u00e0 l&#039;Office de proc\u00e9der \u00e0 un quelconque acte d&#039;ex\u00e9cution dans ladite poursuite jusqu&#039;\u00e0 droit jug\u00e9 dans la pr\u00e9sente cause, sous la menace de l&#039;art. 292 CP, dise que l&#039;ordonnance \u00e0 rendre sur mesures superprovisionnelles d\u00e9ploierait ses effets jusqu&#039;\u00e0 l&#039;ex\u00e9cution de la nouvelle d\u00e9cision qui serait rendue apr\u00e8s audition des parties, puis, (ii) sur mesures provisionnelles, pr\u00e9alablement, suspende l&#039;instruction de la pr\u00e9sente cause jusqu&#039;\u00e0 droit jug\u00e9 sur l&#039;interdiction de postuler requise \u00e0 l&#039;encontre Me Monia Karmass et Me Claude Ramoni dans les causes de s\u00e9questres et jusqu&#039;\u00e0 droit jug\u00e9 sur la qualification de la sentence arbitrale du 29 octobre 2020 en tant que titre de mainlev\u00e9e, ordonne \u00e0 Me Monia Karmass et Me Claude Ramoni de produire une version non caviard\u00e9e du courriel que C.________ avait envoy\u00e9 le 8 f\u00e9vrier 2021 \u00e0 10h30, ordonne \u00e0 Me Monia Karmass et Me Claude Ramoni de se prononcer sur leur capacit\u00e9 de postuler dans la pr\u00e9sente cause, prononce une interdiction de postuler \u00e0 l&#039;encontre de Me Monia Karmass et Me Claude Ramoni, fixe un d\u00e9lai \u00e0 B.________ Ltd pour qu&#039;elle mandate un autre conseil, enfin, principalement, confirme les mesures ordonn\u00e9es \u00e0 titre superprovisionnel et impartisse \u00e0 A.________ un d\u00e9lai pour le d\u00e9p\u00f4t de l&#039;action en annulation ou suspension de la poursuite.<\/p>\n<p>Par ordonnance du 12 avril 2022, le tribunal a d\u00e9clar\u00e9 irrecevable la requ\u00eate d\u00e9pos\u00e9e par A.________. Il a \u00e9galement d\u00e9bout\u00e9 le requ\u00e9rant de toutes autres conclusions.<\/p>\n<p>B.b. Parall\u00e8lement, B.________ Ltd a requis la faillite de A.________ le 6 avril 2022.<\/p>\n<p>Par jugement du 2 juin 2022, le tribunal a pr\u00e9alablement rejet\u00e9 la requ\u00eate en interdiction de postuler formul\u00e9e dans cette proc\u00e9dure \u00e0 l&#039;encontre des conseils de B.________ Ltd. Il a par ailleurs suspendu la proc\u00e9dure dans l&#039;attente de l&#039;issue de la proc\u00e9dure en mainlev\u00e9e d\u00e9finitive et de la pr\u00e9sente cause.<\/p>\n<p>B.c. Saisie le 27 avril 2022 d&#039;un appel interjet\u00e9 par A.________ contre l&#039;ordonnance du 12 avril 2022, la cour de justice a, par arr\u00eat du 20 septembre 2022, pr\u00e9alablement rejet\u00e9 la requ\u00eate en interdiction de postuler form\u00e9e \u00e0 l&#039;encontre de Libra Law SA, Me Claude Ramoni et Me Monia Karmass, puis, au fond, a confirm\u00e9 l&#039;ordonnance attaqu\u00e9e et rejet\u00e9 toutes autres conclusions des parties.<\/p>\n<p>C.<\/p>\n<p>Par acte post\u00e9 le 5 octobre 2022, A.________ interjette un recours en mati\u00e8re civile contre cet arr\u00eat. Il conclut principalement au prononc\u00e9 d&#039;une interdiction de postuler \u00e0 l&#039;encontre de Libra Law SA, Me Claude Ramoni et Me Monia Karmass, puis \u00e0 la r\u00e9forme de l&#039;arr\u00eat attaqu\u00e9 en ce sens que sa requ\u00eate de mesures provisionnelles et superprovisionnelles en suspension provisoire de la poursuite n\u00b0 xxx form\u00e9e le 8 avril 2022 soit admise et qu&#039;un d\u00e9lai lui soit octroy\u00e9 pour le d\u00e9p\u00f4t de l&#039;action en annulation ou suspension de la poursuite n\u00b0 xxx au sens de l&#039;art. 85a LP sous peine de caducit\u00e9 des mesures ordonn\u00e9es. Subsidiairement, il conclut \u00e0 l&#039;annulation de l&#039;arr\u00eat attaqu\u00e9 et au renvoi de la cause \u00e0 l&#039;autorit\u00e9 cantonale pour nouvelle d\u00e9cision au sens des consid\u00e9rants. En substance, il se plaint d&#039;arbitraire (art. 9 Cst.) dans l&#039;application des art. 85a al. 2 LP et 263 CPC ainsi que dans celle de l&#039;art. 12 let. c LLCA. Il se plaint \u00e9galement de la violation des art. 29 al. 2 Cst. et 29a Cst.<\/p>\n<p>Il requiert en outre le b\u00e9n\u00e9fice de l&#039;assistance judiciaire pour la proc\u00e9dure f\u00e9d\u00e9rale.<\/p>\n<p>Des observations au fond n&#039;ont pas \u00e9t\u00e9 requises.<\/p>\n<p>D.<\/p>\n<p>Par ordonnance du 1 er novembre 2022, l&#039;effet suspensif a \u00e9t\u00e9 attribu\u00e9 au recours, en ce sens que la poursuite n\u00b0 xxx de l&#039;Office cantonal des poursuites de Gen\u00e8ve est provisoirement suspendue jusqu&#039;\u00e0 droit connu sur le pr\u00e9sent recours. La requ\u00eate de l&#039;intim\u00e9e en d\u00e9p\u00f4t de s\u00fbret\u00e9s a \u00e9t\u00e9 rejet\u00e9e.<\/p>\n<p>Consid\u00e9rant en droit :<\/p>\n<p>1.<\/p>\n<p>1.1. Le recours est dirig\u00e9 contre une d\u00e9cision rejetant pr\u00e9alablement la requ\u00eate d&#039;interdiction de postuler et confirmant au fond l&#039;irrecevabilit\u00e9 d&#039;une requ\u00eate de suspension provisoire d&#039;une poursuite (art. 85a al. 2 LP)<\/p>\n<p>1.2. Bien que le recourant semble d\u00e9poser des conclusions s\u00e9par\u00e9es en interdiction de postuler dans la proc\u00e9dure f\u00e9d\u00e9rale, il demande en r\u00e9alit\u00e9 la r\u00e9forme de l&#039;arr\u00eat attaqu\u00e9 sur ce point.<\/p>\n<p>S&#039;agissant de la d\u00e9cision au fond, seules des conclusions cassatoires sont admissibles, \u00e0 l&#039;exclusion de conclusions sur le fond, lesquelles supposent que l&#039;autorit\u00e9 pr\u00e9c\u00e9dente soit entr\u00e9e en mati\u00e8re. En effet, s&#039;il annule un arr\u00eat d&#039;irrecevabilit\u00e9, le Tribunal f\u00e9d\u00e9ral ne statue pas lui-m\u00eame sur le fond mais renvoie la cause \u00e0 l&#039;autorit\u00e9 cantonale (ATF 138 III 46 consid. 1.2). Il s&#039;ensuit l&#039;irrecevabilit\u00e9 des conclusions principales en r\u00e9forme.<\/p>\n<p>1.3. En principe, la d\u00e9cision statuant sur une requ\u00eate de suspension provisoire d&#039;une poursuite constitue une d\u00e9cision incidente au sens de l&#039;art. 93 al. 1 LTF (arr\u00eat 5A_966\/2016 du 16 mars 2018 consid. 2.1) car elle est prise dans la proc\u00e9dure au fond de l&#039;art. 85a al. 1 LP, accordant au d\u00e9biteur poursuivi le droit d&#039;agir en tout temps au for de la poursuite pour faire constater que la dette n&#039;existe pas ou plus, ou qu&#039;un sursis a \u00e9t\u00e9 consenti. Le recourant doit donc d\u00e9montrer que la d\u00e9cision lui cause un pr\u00e9judice irr\u00e9parable.<\/p>\n<p>En l&#039;occurrence, le recourant a toutefois introduit sa requ\u00eate avant toute action au fond et la question litigieuse est pr\u00e9cis\u00e9ment celle de savoir si c&#039;est \u00e0 raison que l&#039;autorit\u00e9 cantonale a, pour ce motif, confirm\u00e9 le jugement d&#039;irrecevabilit\u00e9 prononc\u00e9 par le premier juge. Partant, il faut consid\u00e9rer la d\u00e9cision attaqu\u00e9e comme finale (art. 90 LTF). Au demeurant, le pr\u00e9judice irr\u00e9parable (art. 93 al.1 let. a LTF) est g\u00e9n\u00e9ralement admis lorsque le recourant est, comme en l&#039;esp\u00e8ce, menac\u00e9 de faillite (arr\u00eat 5A_632\/2021 du 22 octobre 2021 consid. 1.2 et les r\u00e9f\u00e9rences).<\/p>\n<p>1.4. Pour le reste, la cause rel\u00e8ve de la poursuite pour dettes (art. 72 al. 2 let. a LTF). Elle est de nature p\u00e9cuniaire et sa valeur litigieuse atteint le seuil exig\u00e9 de 30&#039;000 fr. (art. 74 al. 1 let. b LTF). Le recours a par ailleurs \u00e9t\u00e9 d\u00e9pos\u00e9 en temps utile (art. 100 al. 1 LTF), par une partie qui a la qualit\u00e9 pour recourir (art. 76 al. 1 LTF), contre une d\u00e9cision rendue sur recours par un tribunal sup\u00e9rieur (art. 75 al. 1 LTF). Au vu de ces dispositions, le recours en mati\u00e8re civile est en principe recevable.<\/p>\n<p>2.<\/p>\n<p>2.1. La suspension provisoire de la poursuite est une mesure provisionnelle pr\u00e9vue par l&#039;art. 85a al. 2 LP et la capacit\u00e9 de postuler des conseils de l&#039;intim\u00e9e est une condition de la bonne marche de cette proc\u00e9dure ainsi que de la recevabilit\u00e9 des actes des parties (cf. art. 59 al. 1 et 2 let. c, 124 al. 1 CPC; ATF 147 III 351 consid. 6.3). Le recours n&#039;est donc recevable que pour violation des droits constitutionnels (art. 98 LTF). Le Tribunal f\u00e9d\u00e9ral ne conna\u00eet de la violation de ces droits que si un tel moyen est invoqu\u00e9 et motiv\u00e9 par le recourant (&quot;principe d&#039;all\u00e9gation&quot;; art. 106 al. 2 LTF), c&#039;est-\u00e0-dire s&#039;il a \u00e9t\u00e9 express\u00e9ment soulev\u00e9 et expos\u00e9 de mani\u00e8re claire et d\u00e9taill\u00e9e (ATF 146 IV 114 consid. 2.1; 144 II 313 consid. 5.1 et les r\u00e9f\u00e9rences). Le recourant qui se plaint d&#039;arbitraire ne saurait, d\u00e8s lors, se borner \u00e0 critiquer la d\u00e9cision attaqu\u00e9e comme il le ferait en proc\u00e9dure d&#039;appel, o\u00f9 l&#039;autorit\u00e9 de recours jouit d&#039;une libre cognition; il ne peut, en particulier, se contenter d&#039;opposer sa th\u00e8se \u00e0 celle de l&#039;autorit\u00e9 pr\u00e9c\u00e9dente, mais doit d\u00e9montrer, par une argumentation pr\u00e9cise, que cette d\u00e9cision est manifestement insoutenable (ATF 134 II 349 consid. 3). Les critiques de nature appellatoire sont irrecevables (ATF 142 III 364 consid. 2.4 et les r\u00e9f\u00e9rences).<\/p>\n<p>2.2. Le Tribunal f\u00e9d\u00e9ral statue sur la base des faits \u00e9tablis par l&#039;autorit\u00e9 pr\u00e9c\u00e9dente (art. 105 al. 1 LTF). Le recourant qui entend invoquer que les faits ont \u00e9t\u00e9 \u00e9tablis de fa\u00e7on manifestement inexacte ne peut obtenir la rectification ou le compl\u00e8tement des constatations de fait que s&#039;il d\u00e9montre la violation de droits constitutionnels, conform\u00e9ment au principe d&#039;all\u00e9gation susmentionn\u00e9 (cf. supra consid. 2.1).<\/p>\n<p>3.<\/p>\n<p>3.1. Sur le grief relatif \u00e0 la capacit\u00e9 de postuler des conseils de l&#039;intim\u00e9e, l&#039;autorit\u00e9 cantonale a retenu que le recourant n&#039;expliquait pas en quoi les conseils de l&#039;intim\u00e9e \u00e9taient en situation de conflit d&#039;int\u00e9r\u00eats dans le cadre de la pr\u00e9sente cause, qui ne visait en rien les autres personnes morales \u00e9galement d\u00e9fendues ou assist\u00e9es par eux. Il n&#039;all\u00e9guait notamment pas les points sur lesquels ses propres int\u00e9r\u00eats auraient \u00e9t\u00e9 en conflit concret avec ceux de l&#039;intim\u00e9e, en raison de mandats confi\u00e9s par le pass\u00e9 \u00e0 Libra Law SA. Il n&#039;all\u00e9guait pas non plus que cette \u00e9tude d&#039;avocats aurait eu connaissance, \u00e0 l&#039;occasion de ces mandats, d&#039;\u00e9l\u00e9ments couverts par le secret professionnel, qu&#039;elle pourrait utiliser \u00e0 son encontre dans le pr\u00e9sent litige. L&#039;autorit\u00e9 cantonale a jug\u00e9 que, en d\u00e9finitive, m\u00eame si le recourant avait pu \u00e9tablir que Libra Law SA \u00e9tait intervenue dans la d\u00e9fense de plusieurs personnes impliqu\u00e9es dans le litige entre les parties, il n&#039;all\u00e9guait aucune circonstance permettant de retenir un risque concret de conflit d&#039;int\u00e9r\u00eats qui lui serait pr\u00e9judiciable au stade de l&#039;appel dont elle \u00e9tait saisie. Elle a donc rejet\u00e9 la requ\u00eate en interdiction de postuler contre les conseils de l&#039;intim\u00e9e.<\/p>\n<p>Sur le grief de violation de l&#039;art. 85a al. 2 LP, se fondant sur des arr\u00eats du Tribunal f\u00e9d\u00e9ral (arr\u00eats 5A_632\/2021 du 22 octobre 2021 consid. 1.2, 4A_552\/2021 du 28 d\u00e9cembre 2021 consid. 1.1, 4A_286\/2020 du 25 ao\u00fbt 2020 consid. 3.1) et sur des avis doctrinaux (BANGERT, in Basler Kommentar, SchKG, 3\u00e8me \u00e9d., 2021, n\u00b0 19 ad art. 85a LP; GILLI\u00c9RON, Commentaire de la loi f\u00e9d\u00e9rale sur la poursuite pour dettes et la faillite, 1999, n\u00b0 71 ss ad art. 85a LP), l&#039;autorit\u00e9 cantonale a retenu que la suspension provisoire de la poursuite \u00e9tait une mesure provisionnelle que le juge pouvait prononcer apr\u00e8s l&#039;introduction de la demande en annulation ou en suspension de la poursuite, pour peu que cette derni\u00e8re f\u00fbt tr\u00e8s vraisemblablement fond\u00e9e, ce qui impliquait que les chances de succ\u00e8s fussent nettement plus \u00e9lev\u00e9es pour le poursuivi que pour le poursuivant. La mesure de suspension provisoire \u00e9tait limit\u00e9e \u00e0 la dur\u00e9e du proc\u00e8s en annulation ou en suspension de la poursuite. Elle a ajout\u00e9 que l&#039;arr\u00eat cantonal vaudois isol\u00e9 sur lequel le recourant se fondait pour affirmer qu&#039;il pouvait introduire une requ\u00eate de mesures provisionnelles ind\u00e9pendamment de toute action au fond ne pouvait pas \u00eatre suivi. En effet, l&#039;art. 85a al. 2 LP constituait une norme sp\u00e9ciale, sp\u00e9cifique \u00e0 l&#039;action en annulation ou suspension de la poursuite, qui d\u00e9rogeait au r\u00e9gime g\u00e9n\u00e9ral en mati\u00e8re de mesures provisionnelles, justifi\u00e9e par la volont\u00e9 du l\u00e9gislateur de restreindre les possibilit\u00e9s de suspendre provisoirement la poursuite. L&#039;autorit\u00e9 cantonale a jug\u00e9 que c&#039;\u00e9tait donc \u00e0 bon droit que le premier juge avait d\u00e9clar\u00e9 irrecevable la requ\u00eate de mesures provisionnelles et superprovisionnelles en suspension provisoire de la poursuite form\u00e9e en dehors de toute proc\u00e9dure au fond en annulation ou en suspension de la poursuite.<\/p>\n<p>3.2. Le recourant se plaint d&#039;arbitraire (art. 9 Cst.) dans l&#039;application de l&#039;art. 12 let. c LLCA.<\/p>\n<p>Il ne d\u00e9nonce toutefois aucun conflit d&#039;int\u00e9r\u00eats le concernant, mais seulement celui qui existerait aux d\u00e9pens de l&#039;intim\u00e9e et d&#039;autres mandants que les avocats de l&#039;intim\u00e9e auraient \u00e9galement repr\u00e9sent\u00e9s.<\/p>\n<p>Or, l&#039;interdiction de postuler ne constitue pas une mesure disciplinaire au sens de l&#039;art. 17 LLCA (ATF 138 II 162 consid. 2.5.1). Son but est avant tout de prot\u00e9ger les int\u00e9r\u00eats des clients de l&#039;avocat, en leur garantissant une d\u00e9fense exempte de conflit d&#039;int\u00e9r\u00eats. Elle tend \u00e9galement \u00e0 garantir la bonne marche de la proc\u00e9dure en cause, notamment en \u00e9vitant qu&#039;un mandataire puisse utiliser les connaissances d&#039;une partie adverse, acquises lors d&#039;un mandat ant\u00e9rieur, au d\u00e9triment de celle-ci (ATF 145 IV 218 consid. 2.1 et les r\u00e9f\u00e9rences; 138 II 162 consid. 2.5.2; arr\u00eat 1B_582\/2019 du 20 mars 2020 consid. 5.1).<\/p>\n<p>Force est de constater qu&#039;en l&#039;occurrence, le recourant se pr\u00e9vaut d&#039;un potentiel conflit d&#039;int\u00e9r\u00eats sans aucune influence sur sa propre situation dans la pr\u00e9sente proc\u00e9dure. C&#039;est donc sans arbitraire que l&#039;autorit\u00e9 cantonale a ni\u00e9 toute violation de l&#039;art. 12 let. c LLCA et le grief soulev\u00e9 par le recourant doit \u00eatre rejet\u00e9.<\/p>\n<p>3.3. Le recourant se plaint d&#039;arbitraire (art. 9 Cst.) dans l&#039;application des art. 85a al. 2 LP et 263 CPC.<\/p>\n<p>3.3.1. Il soutient que l&#039;art. 85a al. 2 LP ne requiert pas qu&#039;une demande au fond soit d\u00e9pos\u00e9e pr\u00e9alablement \u00e0 une requ\u00eate de suspension provisoire de la poursuite et que l&#039;interpr\u00e9tation contraire retenue par la cour cantonale se heurte \u00e0 l&#039;art. 263 CPC, en ce sens que l&#039;art. 85a al. 2 LP ne constitue pas une lex specialis par rapport \u00e0 cette norme. Il ajoute que le d\u00e9biteur peut exposer les motifs qui fondent la haute vraisemblance du bien-fond\u00e9 de l&#039;action au fond dans la requ\u00eate de mesures provisionnelles. Il conclut que l&#039;autorit\u00e9 cantonale a vers\u00e9 dans l&#039;arbitraire en retenant que le d\u00e9p\u00f4t de l&#039;action au fond est une condition de recevabilit\u00e9 de la requ\u00eate de mesures provisionnelles et superprovisionnelles de l&#039;art. 85a al. 2 LP. Il pr\u00e9cise que l&#039;arr\u00eat attaqu\u00e9 l&#039;expose au risque que sa faillite soit ouverte \u00e0 tr\u00e8s br\u00e8ve \u00e9ch\u00e9ance et qu&#039;il soit ainsi priv\u00e9 du droit \u00e0 l&#039;examen de la demande en annulation de la poursuite.<\/p>\n<p>3.3.2.<\/p>\n<p>3.3.2.1. Une d\u00e9cision est arbitraire (art. 9 Cst.) lorsqu&#039;elle contredit clairement la situation de fait, qu&#039;elle viole gravement une norme ou un principe juridique clair et indiscut\u00e9 ou qu&#039;elle heurte d&#039;une mani\u00e8re choquante le sentiment de la justice et de l&#039;\u00e9quit\u00e9. Il n&#039;y a pas arbitraire du seul fait qu&#039;une solution autre que celle de l&#039;autorit\u00e9 pr\u00e9c\u00e9dente semble concevable, voire pr\u00e9f\u00e9rable. Pour qu&#039;une d\u00e9cision soit annul\u00e9e pour cause d&#039;arbitraire, il ne suffit pas que sa motivation soit insoutenable; il faut encore que cette d\u00e9cision soit arbitraire dans son r\u00e9sultat (ATF 144 III 145 consid. 2; 141 III 564 consid. 4.1). Le Tribunal f\u00e9d\u00e9ral n&#039;a pas \u00e0 examiner quelle est l&#039;interpr\u00e9tation correcte que l&#039;autorit\u00e9 cantonale aurait d\u00fb donner des dispositions applicables; il doit uniquement dire si l&#039;interpr\u00e9tation qui a \u00e9t\u00e9 faite est d\u00e9fendable (ATF 144 III 145 consid. 2; 132 I 13 consid. 5.1).<\/p>\n<p>3.3.2.2. En vertu de l&#039;art. 85a al. 2 ch. 2 LP, en cas d&#039;une poursuite par voie de faillite, le juge ordonne la suspension provisoire de la poursuite apr\u00e8s la notification de la commination de faillite, dans la mesure o\u00f9, apr\u00e8s avoir d&#039;entr\u00e9e de cause entendu les parties et examin\u00e9 les pi\u00e8ces produites, il estime que la demande est tr\u00e8s vraisemblablement fond\u00e9e.<\/p>\n<p>Lorsque la suspension de la poursuite a \u00e9t\u00e9 ordonn\u00e9e, le juge ajourne sa d\u00e9cision sur le jugement de faillite (art. 173 al. 1 LP). Si le poursuivi a ouvert action en annulation ou en suspension de la poursuite et demand\u00e9 la suspension provisoire de la poursuite (art. 85a al. 2 LP), le juge de la faillite ne doit pas ouvrir la faillite avant de conna\u00eetre le sort de la requ\u00eate de suspension de la poursuite (ATF 133 III 684 consid. 3.2).<\/p>\n<p>L&#039;art. 85a al. 2 LP permet ainsi au poursuivi d&#039;obtenir la suspension provisoire de la poursuite de fa\u00e7on \u00e0 emp\u00eacher l&#039;ouverture de sa faillite avant qu&#039;il ne soit statu\u00e9 sur son action au fond, car \u00e0 d\u00e9faut de suspension, la faillite est susceptible d&#039;\u00eatre prononc\u00e9e par le juge de la faillite &#8212; qui n&#039;a pas le pouvoir de suspendre sa d\u00e9cision pour ce motif (cf. art. 173 LP) &#8212; et cela rend sans objet l&#039;action en annulation de l&#039;art. 85a al. 1 LP (ATF 140 III 289 consid. 1.1). Ce droit \u00e0 la suspension n&#039;est toutefois pas inconditionnel, le juge n&#039;ordonnant la suspension provisoire que si la demande en annulation ou en suspension de la poursuite de l&#039;art. 85a al. 1 LP est tr\u00e8s vraisemblablement fond\u00e9e. Cette condition n&#039;est r\u00e9alis\u00e9e que lorsque les chances de gagner le proc\u00e8s sont nettement plus \u00e9lev\u00e9es pour le poursuivi que pour le poursuivant (arr\u00eats 5A_632\/2021 du 22 octobre 2021 consid. 3.4.1; 4A_286\/2020 du 25 ao\u00fbt 2020 consid. 3.1).<\/p>\n<p>La suspension provisoire de la poursuite selon l&#039;art. 85a al. 2 LP est une mesure provisionnelle particuli\u00e8re avec ses propres objectifs, \u00e9tant pr\u00e9cis\u00e9 que l&#039;art. 269 let. a CPC r\u00e9serve express\u00e9ment les dispositions de la LP relatives aux mesures conservatoires lors de l&#039;ex\u00e9cution de cr\u00e9ances p\u00e9cuniaires. La possibilit\u00e9 de suspendre provisoirement la poursuite selon l&#039;art. 85a al. 2 LP constitue une mesure exhaustive. En particulier, la suspension de la poursuite n&#039;a pas \u00e0 \u00eatre ordonn\u00e9e \u00e0 titre provisionnel sur la base de l&#039;art. 262 CPC (arr\u00eat 4A_580\/2019 du 16 avril 2020 consid. 3.3 et les r\u00e9f\u00e9rences, publi\u00e9 in RSPC 2020 p. 375 et in Pra 2020 (67) p. 653).<\/p>\n<p>Il ressort de ce qui pr\u00e9c\u00e8de que le juge n&#039;ordonne la suspension provisoire que si la demande en annulation ou en suspension de la poursuite de l&#039;art. 85a al. 1 LP est tr\u00e8s vraisemblablement fond\u00e9e, ce qui suppose qu&#039;il ait connaissance de la motivation de cette demande au fond. Par ailleurs, la suspension provisoire de la poursuite selon l&#039;art. 85a al. 2 LP est une mesure provisionnelle particuli\u00e8re avec ses propres objectifs, r\u00e9serv\u00e9e par l&#039;art. 269 let. a CPC. D\u00e8s lors, l&#039;art. 263 CPC ne s&#039;appliquant pas, la suspension provisoire peut \u00eatre ordonn\u00e9e uniquement apr\u00e8s l&#039;introduction de la demande au fond (dans ce sens avant l&#039;introduction du CPC, cf. GILLI\u00c9RON, Commentaire de la loi f\u00e9d\u00e9rale sur la poursuite pour dettes et la faillite, art. 1-88, 1999, n\u00b0 71 ad art. 85a LP).<\/p>\n<p>3.3.3. En l&#039;esp\u00e8ce, c&#039;est donc sans violer l&#039;art. 9 Cst. dans l&#039;application des art. 85a al. 2 LP et 263 CPC que l&#039;autorit\u00e9 cantonale a consid\u00e9r\u00e9 que la requ\u00eate en suspension provisoire de la poursuite form\u00e9e en dehors de toute proc\u00e9dure au fond en annulation ou en suspension de la poursuite est irrecevable.<\/p>\n<p>Il suit de l\u00e0 que le grief de violation de l&#039;art. 9 Cst. doit \u00eatre rejet\u00e9.<\/p>\n<p>3.4. Le recourant d\u00e9nonce encore la violation de son droit d&#039;\u00eatre entendu (art. 29 al. 2 Cst.) et de la garantie d&#039;acc\u00e8s au juge (art. 29a Cst.). Il se borne toutefois \u00e0 soutenir que la d\u00e9cision d&#039;irrecevabilit\u00e9 de la requ\u00eate en suspension provisoire de la poursuite entra\u00eene le risque que sa faillite soit prononc\u00e9e \u00e0 br\u00e8ve \u00e9ch\u00e9ance et qu&#039;il soit ainsi priv\u00e9 du droit \u00e0 l&#039;examen de l&#039;action de l&#039;art. 85a al. 1 LP.<\/p>\n<p>Cette motivation se confond avec celle d&#039;arbitraire dans l&#039;application de l&#039;art. 85a al. 2 LP: elle n&#039;est qu&#039;une cons\u00e9quence du rejet de ce pr\u00e9c\u00e9dent grief et est donc sans objet. Au demeurant, il n&#039;est pas interdit au recourant d&#039;introduire l&#039;action de l&#039;art. 85a al. 1 LP et d&#039;assortir celle-ci d&#039;une requ\u00eate tendant \u00e0 l&#039;octroi de mesures superprovisionnelles et provisionnelles qui lui ont \u00e9t\u00e9 refus\u00e9es, de sorte que cette demande serait examin\u00e9e avant celle relative \u00e0 l&#039;ouverture de la faillite (cf. supra consid. 3.3.2.2).<\/p>\n<p>4.<\/p>\n<p>En d\u00e9finitive, le recours est rejet\u00e9 dans la mesure o\u00f9 il est recevable. La requ\u00eate d&#039;assistance judiciaire est rejet\u00e9e, faute de chance de succ\u00e8s du recours (art. 64 al. 1 LTF). Les frais judiciaires, arr\u00eat\u00e9s \u00e0 4&#039;000 fr., sont mis \u00e0 la charge du recourant (art. 66 al. 1 LTF). Aucuns d\u00e9pens ne sont dus, l&#039;intim\u00e9e n&#039;ayant \u00e9t\u00e9 ni invit\u00e9e \u00e0 se d\u00e9terminer sur le fond du litige, ni suivie dans ses conclusions sur la question de l&#039;effet suspensif (art. 68 al. 1 LTF).<\/p>\n<p>Par ces motifs, le Tribunal f\u00e9d\u00e9ral prononce :<\/p>\n<p>1.<\/p>\n<p>Le recours est rejet\u00e9 dans la mesure o\u00f9 il est recevable.<\/p>\n<p>2.<\/p>\n<p>La requ\u00eate d&#039;assistance judiciaire du recourant est rejet\u00e9e.<\/p>\n<p>3.<\/p>\n<p>Les frais judiciaires, arr\u00eat\u00e9s \u00e0 4&#039;000 fr., sont mis \u00e0 la charge du recourant.<\/p>\n<p>4.<\/p>\n<p>Le pr\u00e9sent arr\u00eat est communiqu\u00e9 aux parties et \u00e0 la Chambre civile de la Cour de justice du canton de Gen\u00e8ve.<\/p>\n<p>Lausanne, le 26 janvier 2023<\/p>\n<p>Au nom de la IIe Cour de droit civil<\/p>\n<p>du Tribunal f\u00e9d\u00e9ral suisse<\/p>\n<p>Le Pr\u00e9sident : Herrmann<\/p>\n<p>La Greffi\u00e8re : Achtari<\/p>\n<\/div>\n<hr class=\"kji-sep\" \/>\n<p class=\"kji-source-links\"><strong>Sources officielles :<\/strong> <a class=\"kji-source-link\" href=\"https:\/\/search.bger.ch\/ext\/eurospider\/live\/fr\/php\/aza\/http\/index.php?lang=fr&#038;type=highlight_simple_query&#038;page=7&#038;from_date=&#038;to_date=&#038;sort=relevance&#038;insertion_date=&#038;top_subcollection_aza=all&#038;query_words=poursuite&#038;rank=65&#038;azaclir=aza&#038;highlight_docid=aza%3A%2F%2F26-01-2023-5A_766-2022&#038;number_of_ranks=9677\" target=\"_blank\" rel=\"noopener noreferrer\">consulter la page source<\/a><\/p>\n<p class=\"kji-license-note\"><em>Source officielle Tribunal federal suisse. Contenu HTML public, PDF non garanti en version gratuite.<\/em><\/p>\n<\/div>\n","protected":false},"excerpt":{"rendered":"<p>Bundesgericht Tribunal f\u00e9d\u00e9ral Tribunale federale Tribunal federal 5A_766\/2022 Arr\u00eat du 26 janvier 2023 IIe Cour de droit civil Composition MM. Mme les Juges f\u00e9d\u00e9raux Herrmann, Pr\u00e9sident, Bovey et De Rossa. Greffi\u00e8re : Mme Achtari. Participants \u00e0 la proc\u00e9dure A.________, recourant, contre B.________ Ltd, repr\u00e9sent\u00e9e par Mes Claude Ramoni et Monia Karmass, intim\u00e9e. Objet suspension provisoire&#8230;<\/p>\n","protected":false},"featured_media":0,"template":"","meta":{"_crdt_document":""},"kji_country":[9676],"kji_court":[9677],"kji_chamber":[9798],"kji_year":[24566],"kji_subject":[7724],"kji_keyword":[9799,9679,8460,9680,7636],"kji_language":[7733],"class_list":["post-648778","kji_decision","type-kji_decision","status-publish","hentry","kji_country-suisse","kji_court-tribunal-federal-suisse","kji_chamber-cour-de-droit-civil","kji_year-24566","kji_subject-civil","kji_keyword-bundesgericht","kji_keyword-federal","kji_keyword-janvier","kji_keyword-suisse","kji_keyword-tribunal","kji_language-francais"],"yoast_head":"<!-- This site is optimized with the Yoast SEO Premium plugin v27.5 (Yoast SEO v27.5) - https:\/\/yoast.com\/product\/yoast-seo-premium-wordpress\/ -->\n<title>Tribunal f\u00e9d\u00e9ral suisse, 26 janvier 2023, n\u00b0 5A 766-2022 - Ma\u00eetre Hassan Kohen, avocat en droit p\u00e9nal \u00e0 Paris<\/title>\n<meta name=\"robots\" content=\"index, follow, max-snippet:-1, max-image-preview:large, max-video-preview:-1\" \/>\n<link rel=\"canonical\" href=\"https:\/\/kohenavocats.com\/ru\/jurisprudences\/tribunal-federal-suisse-26-janvier-2023-n-5a-766-2022\/\" \/>\n<meta property=\"og:locale\" content=\"ru_RU\" \/>\n<meta property=\"og:type\" content=\"article\" \/>\n<meta property=\"og:title\" content=\"Tribunal f\u00e9d\u00e9ral suisse, 26 janvier 2023, n\u00b0 5A 766-2022\" \/>\n<meta property=\"og:description\" content=\"Bundesgericht Tribunal f\u00e9d\u00e9ral Tribunale federale Tribunal federal 5A_766\/2022 Arr\u00eat du 26 janvier 2023 IIe Cour de droit civil Composition MM. Mme les Juges f\u00e9d\u00e9raux Herrmann, Pr\u00e9sident, Bovey et De Rossa. Greffi\u00e8re : Mme Achtari. Participants \u00e0 la proc\u00e9dure A.________, recourant, contre B.________ Ltd, repr\u00e9sent\u00e9e par Mes Claude Ramoni et Monia Karmass, intim\u00e9e. Objet suspension provisoire...\" \/>\n<meta property=\"og:url\" content=\"https:\/\/kohenavocats.com\/ru\/jurisprudences\/tribunal-federal-suisse-26-janvier-2023-n-5a-766-2022\/\" \/>\n<meta property=\"og:site_name\" content=\"Ma\u00eetre Hassan Kohen, avocat en droit p\u00e9nal \u00e0 Paris\" \/>\n<meta name=\"twitter:card\" content=\"summary_large_image\" \/>\n<meta name=\"twitter:label1\" content=\"\u041f\u0440\u0438\u043c\u0435\u0440\u043d\u043e\u0435 \u0432\u0440\u0435\u043c\u044f \u0434\u043b\u044f \u0447\u0442\u0435\u043d\u0438\u044f\" \/>\n\t<meta name=\"twitter:data1\" content=\"20 \u043c\u0438\u043d\u0443\u0442\" \/>\n<script type=\"application\/ld+json\" class=\"yoast-schema-graph\">{\"@context\":\"https:\\\/\\\/schema.org\",\"@graph\":[{\"@type\":\"WebPage\",\"@id\":\"https:\\\/\\\/kohenavocats.com\\\/ru\\\/jurisprudences\\\/tribunal-federal-suisse-26-janvier-2023-n-5a-766-2022\\\/\",\"url\":\"https:\\\/\\\/kohenavocats.com\\\/ru\\\/jurisprudences\\\/tribunal-federal-suisse-26-janvier-2023-n-5a-766-2022\\\/\",\"name\":\"Tribunal f\u00e9d\u00e9ral suisse, 26 janvier 2023, n\u00b0 5A 766-2022 - Ma\u00eetre Hassan Kohen, avocat en droit p\u00e9nal \u00e0 Paris\",\"isPartOf\":{\"@id\":\"https:\\\/\\\/kohenavocats.com\\\/ru\\\/#website\"},\"datePublished\":\"2026-04-22T12:44:24+00:00\",\"breadcrumb\":{\"@id\":\"https:\\\/\\\/kohenavocats.com\\\/ru\\\/jurisprudences\\\/tribunal-federal-suisse-26-janvier-2023-n-5a-766-2022\\\/#breadcrumb\"},\"inLanguage\":\"ru-RU\",\"potentialAction\":[{\"@type\":\"ReadAction\",\"target\":[\"https:\\\/\\\/kohenavocats.com\\\/ru\\\/jurisprudences\\\/tribunal-federal-suisse-26-janvier-2023-n-5a-766-2022\\\/\"]}]},{\"@type\":\"BreadcrumbList\",\"@id\":\"https:\\\/\\\/kohenavocats.com\\\/ru\\\/jurisprudences\\\/tribunal-federal-suisse-26-janvier-2023-n-5a-766-2022\\\/#breadcrumb\",\"itemListElement\":[{\"@type\":\"ListItem\",\"position\":1,\"name\":\"Home\",\"item\":\"https:\\\/\\\/kohenavocats.com\\\/ru\\\/avocats-en-droit-penal-a-paris-conseil-et-defense-strategique\\\/\"},{\"@type\":\"ListItem\",\"position\":2,\"name\":\"Jurisprudences\",\"item\":\"https:\\\/\\\/kohenavocats.com\\\/ru\\\/jurisprudences\\\/\"},{\"@type\":\"ListItem\",\"position\":3,\"name\":\"Tribunal f\u00e9d\u00e9ral suisse, 26 janvier 2023, n\u00b0 5A 766-2022\"}]},{\"@type\":\"WebSite\",\"@id\":\"https:\\\/\\\/kohenavocats.com\\\/ru\\\/#website\",\"url\":\"https:\\\/\\\/kohenavocats.com\\\/ru\\\/\",\"name\":\"Kohen Avocats\",\"description\":\"Ma\u00eetre Hassan Kohen, avocat p\u00e9naliste \u00e0 Paris, intervient exclusivement en droit p\u00e9nal pour la d\u00e9fense des particuliers, notamment en mati\u00e8re d\u2019accusations de viol. Il assure un accompagnement rigoureux d\u00e8s la garde \u00e0 vue jusqu\u2019\u00e0 la Cour d\u2019assises, veillant au strict respect des garanties proc\u00e9durales.\",\"publisher\":{\"@id\":\"https:\\\/\\\/kohenavocats.com\\\/ru\\\/#organization\"},\"potentialAction\":[{\"@type\":\"SearchAction\",\"target\":{\"@type\":\"EntryPoint\",\"urlTemplate\":\"https:\\\/\\\/kohenavocats.com\\\/ru\\\/?s={search_term_string}\"},\"query-input\":{\"@type\":\"PropertyValueSpecification\",\"valueRequired\":true,\"valueName\":\"search_term_string\"}}],\"inLanguage\":\"ru-RU\"},{\"@type\":\"Organization\",\"@id\":\"https:\\\/\\\/kohenavocats.com\\\/ru\\\/#organization\",\"name\":\"Kohen Avocats\",\"url\":\"https:\\\/\\\/kohenavocats.com\\\/ru\\\/\",\"logo\":{\"@type\":\"ImageObject\",\"inLanguage\":\"ru-RU\",\"@id\":\"https:\\\/\\\/kohenavocats.com\\\/ru\\\/#\\\/schema\\\/logo\\\/image\\\/\",\"url\":\"https:\\\/\\\/kohenavocats.com\\\/wp-content\\\/uploads\\\/2026\\\/01\\\/Logo-2-1.webp\",\"contentUrl\":\"https:\\\/\\\/kohenavocats.com\\\/wp-content\\\/uploads\\\/2026\\\/01\\\/Logo-2-1.webp\",\"width\":2114,\"height\":1253,\"caption\":\"Kohen Avocats\"},\"image\":{\"@id\":\"https:\\\/\\\/kohenavocats.com\\\/ru\\\/#\\\/schema\\\/logo\\\/image\\\/\"}}]}<\/script>\n<!-- \/ Yoast SEO Premium plugin. -->","yoast_head_json":{"title":"Tribunal f\u00e9d\u00e9ral suisse, 26 janvier 2023, n\u00b0 5A 766-2022 - Ma\u00eetre Hassan Kohen, avocat en droit p\u00e9nal \u00e0 Paris","robots":{"index":"index","follow":"follow","max-snippet":"max-snippet:-1","max-image-preview":"max-image-preview:large","max-video-preview":"max-video-preview:-1"},"canonical":"https:\/\/kohenavocats.com\/ru\/jurisprudences\/tribunal-federal-suisse-26-janvier-2023-n-5a-766-2022\/","og_locale":"ru_RU","og_type":"article","og_title":"Tribunal f\u00e9d\u00e9ral suisse, 26 janvier 2023, n\u00b0 5A 766-2022","og_description":"Bundesgericht Tribunal f\u00e9d\u00e9ral Tribunale federale Tribunal federal 5A_766\/2022 Arr\u00eat du 26 janvier 2023 IIe Cour de droit civil Composition MM. Mme les Juges f\u00e9d\u00e9raux Herrmann, Pr\u00e9sident, Bovey et De Rossa. Greffi\u00e8re : Mme Achtari. Participants \u00e0 la proc\u00e9dure A.________, recourant, contre B.________ Ltd, repr\u00e9sent\u00e9e par Mes Claude Ramoni et Monia Karmass, intim\u00e9e. Objet suspension provisoire...","og_url":"https:\/\/kohenavocats.com\/ru\/jurisprudences\/tribunal-federal-suisse-26-janvier-2023-n-5a-766-2022\/","og_site_name":"Ma\u00eetre Hassan Kohen, avocat en droit p\u00e9nal \u00e0 Paris","twitter_card":"summary_large_image","twitter_misc":{"\u041f\u0440\u0438\u043c\u0435\u0440\u043d\u043e\u0435 \u0432\u0440\u0435\u043c\u044f \u0434\u043b\u044f \u0447\u0442\u0435\u043d\u0438\u044f":"20 \u043c\u0438\u043d\u0443\u0442"},"schema":{"@context":"https:\/\/schema.org","@graph":[{"@type":"WebPage","@id":"https:\/\/kohenavocats.com\/ru\/jurisprudences\/tribunal-federal-suisse-26-janvier-2023-n-5a-766-2022\/","url":"https:\/\/kohenavocats.com\/ru\/jurisprudences\/tribunal-federal-suisse-26-janvier-2023-n-5a-766-2022\/","name":"Tribunal f\u00e9d\u00e9ral suisse, 26 janvier 2023, n\u00b0 5A 766-2022 - Ma\u00eetre Hassan Kohen, avocat en droit p\u00e9nal \u00e0 Paris","isPartOf":{"@id":"https:\/\/kohenavocats.com\/ru\/#website"},"datePublished":"2026-04-22T12:44:24+00:00","breadcrumb":{"@id":"https:\/\/kohenavocats.com\/ru\/jurisprudences\/tribunal-federal-suisse-26-janvier-2023-n-5a-766-2022\/#breadcrumb"},"inLanguage":"ru-RU","potentialAction":[{"@type":"ReadAction","target":["https:\/\/kohenavocats.com\/ru\/jurisprudences\/tribunal-federal-suisse-26-janvier-2023-n-5a-766-2022\/"]}]},{"@type":"BreadcrumbList","@id":"https:\/\/kohenavocats.com\/ru\/jurisprudences\/tribunal-federal-suisse-26-janvier-2023-n-5a-766-2022\/#breadcrumb","itemListElement":[{"@type":"ListItem","position":1,"name":"Home","item":"https:\/\/kohenavocats.com\/ru\/avocats-en-droit-penal-a-paris-conseil-et-defense-strategique\/"},{"@type":"ListItem","position":2,"name":"Jurisprudences","item":"https:\/\/kohenavocats.com\/ru\/jurisprudences\/"},{"@type":"ListItem","position":3,"name":"Tribunal f\u00e9d\u00e9ral suisse, 26 janvier 2023, n\u00b0 5A 766-2022"}]},{"@type":"WebSite","@id":"https:\/\/kohenavocats.com\/ru\/#website","url":"https:\/\/kohenavocats.com\/ru\/","name":"Kohen Avocats","description":"Ma\u00eetre Hassan Kohen, avocat p\u00e9naliste \u00e0 Paris, intervient exclusivement en droit p\u00e9nal pour la d\u00e9fense des particuliers, notamment en mati\u00e8re d\u2019accusations de viol. Il assure un accompagnement rigoureux d\u00e8s la garde \u00e0 vue jusqu\u2019\u00e0 la Cour d\u2019assises, veillant au strict respect des garanties proc\u00e9durales.","publisher":{"@id":"https:\/\/kohenavocats.com\/ru\/#organization"},"potentialAction":[{"@type":"SearchAction","target":{"@type":"EntryPoint","urlTemplate":"https:\/\/kohenavocats.com\/ru\/?s={search_term_string}"},"query-input":{"@type":"PropertyValueSpecification","valueRequired":true,"valueName":"search_term_string"}}],"inLanguage":"ru-RU"},{"@type":"Organization","@id":"https:\/\/kohenavocats.com\/ru\/#organization","name":"Kohen Avocats","url":"https:\/\/kohenavocats.com\/ru\/","logo":{"@type":"ImageObject","inLanguage":"ru-RU","@id":"https:\/\/kohenavocats.com\/ru\/#\/schema\/logo\/image\/","url":"https:\/\/kohenavocats.com\/wp-content\/uploads\/2026\/01\/Logo-2-1.webp","contentUrl":"https:\/\/kohenavocats.com\/wp-content\/uploads\/2026\/01\/Logo-2-1.webp","width":2114,"height":1253,"caption":"Kohen Avocats"},"image":{"@id":"https:\/\/kohenavocats.com\/ru\/#\/schema\/logo\/image\/"}}]}},"jetpack_likes_enabled":false,"jetpack_sharing_enabled":true,"_links":{"self":[{"href":"https:\/\/kohenavocats.com\/ru\/wp-json\/wp\/v2\/kji_decision\/648778","targetHints":{"allow":["GET"]}}],"collection":[{"href":"https:\/\/kohenavocats.com\/ru\/wp-json\/wp\/v2\/kji_decision"}],"about":[{"href":"https:\/\/kohenavocats.com\/ru\/wp-json\/wp\/v2\/types\/kji_decision"}],"wp:attachment":[{"href":"https:\/\/kohenavocats.com\/ru\/wp-json\/wp\/v2\/media?parent=648778"}],"wp:term":[{"taxonomy":"kji_country","embeddable":true,"href":"https:\/\/kohenavocats.com\/ru\/wp-json\/wp\/v2\/kji_country?post=648778"},{"taxonomy":"kji_court","embeddable":true,"href":"https:\/\/kohenavocats.com\/ru\/wp-json\/wp\/v2\/kji_court?post=648778"},{"taxonomy":"kji_chamber","embeddable":true,"href":"https:\/\/kohenavocats.com\/ru\/wp-json\/wp\/v2\/kji_chamber?post=648778"},{"taxonomy":"kji_year","embeddable":true,"href":"https:\/\/kohenavocats.com\/ru\/wp-json\/wp\/v2\/kji_year?post=648778"},{"taxonomy":"kji_subject","embeddable":true,"href":"https:\/\/kohenavocats.com\/ru\/wp-json\/wp\/v2\/kji_subject?post=648778"},{"taxonomy":"kji_keyword","embeddable":true,"href":"https:\/\/kohenavocats.com\/ru\/wp-json\/wp\/v2\/kji_keyword?post=648778"},{"taxonomy":"kji_language","embeddable":true,"href":"https:\/\/kohenavocats.com\/ru\/wp-json\/wp\/v2\/kji_language?post=648778"}],"curies":[{"name":"wp","href":"https:\/\/api.w.org\/{rel}","templated":true}]}}