{"id":648786,"date":"2026-04-22T14:44:48","date_gmt":"2026-04-22T12:44:48","guid":{"rendered":"https:\/\/kohenavocats.com\/jurisprudences\/cour-de-cassation-26-janvier-2023-n-2022-00121\/"},"modified":"2026-04-22T14:44:51","modified_gmt":"2026-04-22T12:44:51","slug":"cour-de-cassation-26-janvier-2023-n-2022-00121","status":"publish","type":"kji_decision","link":"https:\/\/kohenavocats.com\/ru\/jurisprudences\/cour-de-cassation-26-janvier-2023-n-2022-00121\/","title":{"rendered":"Cour de cassation, 26 janvier 2023, n\u00b0 2022-00121"},"content":{"rendered":"<div class=\"kji-decision\">\n<div class=\"kji-full-text\">\n<p>N\u00b0 09 \/ 2023 p\u00e9nal du 26.01.2023 Not. 6441\/ 22\/CD Num\u00e9ro CAS -2022-00121 du registre<\/p>\n<p>La Cour de cassation du Grand- Duch\u00e9 de Luxembourg a rendu en son audience publique du jeudi, vingt -six janvier deux mille vingt -trois,<\/p>\n<p>sur le pourvoi de<\/p>\n<p>PERSONNE1.), n\u00e9 le DATE1.) \u00e0 LIEU1.), actuellement d\u00e9tenu au Centre p\u00e9nitentiaire de Luxembourg \u00e0 Schrassig,<\/p>\n<p>demandeur en cassation,<\/p>\n<p>en pr\u00e9sence du Minist\u00e8re public,<\/p>\n<p>l\u2019arr\u00eat qui suit :<\/p>\n<p>Vu l\u2019arr\u00eat attaqu\u00e9, rendu le 26 octobre 2022 sous le num\u00e9ro 308\/22 X. par la Cour d\u2019appel du Grand-Duch\u00e9 de Luxembourg, dixi\u00e8me chambre, si\u00e9geant en mati\u00e8re correctionnelle ;<\/p>\n<p>Vu le pourvoi en cassation form\u00e9 par Ma\u00eetre AVOCAT1.), avocat \u00e0 la Cour, demeurant \u00e0 Esch\/Alzette , pour et au nom de PERSONNE1.), suivant d\u00e9claration du 22 novembre 2022 au greffe de la Cour s up\u00e9rieure de justice ;<\/p>\n<p>Sur les conclusions du procureur g\u00e9n\u00e9ral d\u2019Etat adjoint MAGISTRAT1.) .<\/p>\n<p>Selon l\u2019article 43, alin\u00e9a 1, de la loi modifi\u00e9e du 18 f\u00e9vrier 1885 sur les pourvois et la proc\u00e9dure en cassation, la partie qui exerce le recours en cassation doit, dans le mois de la d\u00e9claration, \u00e0 peine de d\u00e9ch\u00e9ance, d\u00e9poser au greffe o\u00f9 sa d\u00e9claration a \u00e9t\u00e9 re\u00e7ue, un m\u00e9moire sign\u00e9 par un avocat \u00e0 la Cour.<\/p>\n<p>PERSONNE1.) n\u2019a pas d\u00e9pos\u00e9 de m\u00e9moire.<\/p>\n<p>2 Il s\u2019ensuit que le demandeur en cassation est \u00e0 d\u00e9clarer d\u00e9chu de son pourvoi.<\/p>\n<p>PAR CES MOTIFS,<\/p>\n<p>la Cour de cassation<\/p>\n<p>d\u00e9clare PERSONNE1.) d\u00e9chu de son pourvoi et le condamne aux frais de l\u2019instance en cassation, ceux expos\u00e9s par le M inist\u00e8re public \u00e9tant liquid\u00e9s \u00e0 3,5 euros.<\/p>\n<p>Ainsi jug\u00e9 par la Cour de cassation du Grand- Duch\u00e9 de Luxembourg en son audience publique du jeudi, vingt-six janvier deux mille vingt-trois, \u00e0 la Cit\u00e9 Judiciaire, B\u00e2timent CR, Plateau du St. Esprit, compos\u00e9e de :<\/p>\n<p>MAGISTRAT2.), pr\u00e9sident de la Cour, MAGISTRAT3.), conseiller \u00e0 la Cour de cassation, MAGISTRAT4.), conseiller \u00e0 la Cour de cassation, MAGISTRAT5.), conseiller \u00e0 la Cour de cassation, MAGISTRAT6.), conseiller \u00e0 la Cour de cassation,<\/p>\n<p>qui ont sign\u00e9 le pr\u00e9sent arr\u00eat avec le greffier \u00e0 la Cour GREFFIER1.) .<\/p>\n<p>La lecture du pr\u00e9sent arr\u00eat a \u00e9t\u00e9 faite en la susdite audience publique par le pr\u00e9sident MAGISTRAT2.) en pr\u00e9sence du premier avocat g\u00e9n\u00e9ral MAGISTRAT7.) et du greffier GREFFIER1.) .<\/p>\n<p>Conclusions du Parquet G\u00e9n\u00e9ral dans l\u2019affaire de cassation PERSONNE1.),<\/p>\n<p>en pr\u00e9sence du Minist\u00e8re Public<\/p>\n<p>(affaire n\u00b0 CAS- 2022-00121 du registre)<\/p>\n<p>Par d\u00e9claration du 23 novembre 2022 au greffe de la Cour sup\u00e9rieure de justice, Ma\u00eetre AVOCAT1.), avocat \u00e0 la Cour, demeurant \u00e0 Esch-sur-Alzette, forma au nom et pour le compte de PERSONNE1.) un pourvoi en cassation contre l\u2019arr\u00eat n\u00b0 308\/22 X rendu le 26 octobre 2022 par la Cour d\u2019appel, dixi\u00e8me chambre, si\u00e9geant en mati\u00e8re correctionnelle.<\/p>\n<p>Cette d\u00e9claration de pourvoi n\u2019a pas \u00e9t\u00e9 suivie du d\u00e9p\u00f4t d\u2019un m\u00e9moire en cassation.<\/p>\n<p>L\u2019article 43 de la loi pr\u00e9cit\u00e9e de 1885 dispose que la partie qui exerce le recours en cassation doit, \u00e0 peine de d\u00e9ch\u00e9ance, d\u00e9poser un m\u00e9moire qui contient les moyens de cassation.<\/p>\n<p>Le demandeur en cassation n\u2019ayant pas d\u00e9pos\u00e9 de m\u00e9moire, son pourvoi est frapp\u00e9 de d\u00e9ch\u00e9ance.<\/p>\n<p>Conclusion :<\/p>\n<p>Le demandeur en cassation est \u00e0 d\u00e9clarer d\u00e9chu de son pourvoi.<\/p>\n<p>Pour le Procureur g\u00e9n\u00e9ral d\u2019Etat Le Procureur g\u00e9n\u00e9ral d\u2019Etat adjoint<\/p>\n<p>MAGISTRAT1.)<\/p>\n<\/div>\n<hr class=\"kji-sep\" \/>\n<p class=\"kji-source-links\"><strong>Sources officielles :<\/strong> <a class=\"kji-source-link\" href=\"https:\/\/data.public.lu\/fr\/datasets\/cour-de-cassation\/\" target=\"_blank\" rel=\"noopener noreferrer\">consulter la page source<\/a> &middot; <a class=\"kji-pdf-link\" href=\"https:\/\/download.data.public.lu\/resources\/cour-de-cassation\/20240806-155317\/20230126-cas-2022-00121-9-pseudonymise-accessible.pdf\" target=\"_blank\" rel=\"noopener noreferrer\">PDF officiel<\/a><\/p>\n<p class=\"kji-license-note\"><em>Licence CC BY-ND 4.0 (Administration judiciaire, data.public.lu). Republication autorisee avec attribution, sans modification editoriale du texte integral.<\/em><\/p>\n<\/div>\n","protected":false},"excerpt":{"rendered":"<p>N\u00b0 09 \/ 2023 p\u00e9nal du 26.01.2023 Not. 6441\/ 22\/CD Num\u00e9ro CAS -2022-00121 du registre La Cour de cassation du Grand- Duch\u00e9 de Luxembourg a rendu en son audience publique du jeudi, vingt -six janvier deux mille vingt -trois, sur le pourvoi de PERSONNE1.), n\u00e9\u2026<\/p>\n","protected":false},"featured_media":0,"template":"","meta":{"_crdt_document":""},"kji_country":[8418],"kji_court":[8423],"kji_chamber":[],"kji_year":[24566],"kji_subject":[7724],"kji_keyword":[8424,8460,8425],"kji_language":[7733],"class_list":["post-648786","kji_decision","type-kji_decision","status-publish","hentry","kji_country-luxembourg","kji_court-cour-de-cassation","kji_year-24566","kji_subject-civil","kji_keyword-cassation","kji_keyword-janvier","kji_keyword-penal","kji_language-francais"],"yoast_head":"<!-- This site is optimized with the Yoast SEO Premium plugin v27.4 (Yoast SEO v27.4) - https:\/\/yoast.com\/product\/yoast-seo-premium-wordpress\/ -->\n<title>Cour de cassation, 26 janvier 2023, n\u00b0 2022-00121 - Ma\u00eetre Hassan Kohen, avocat en droit p\u00e9nal \u00e0 Paris<\/title>\n<meta name=\"robots\" content=\"index, follow, max-snippet:-1, max-image-preview:large, max-video-preview:-1\" \/>\n<link rel=\"canonical\" href=\"https:\/\/kohenavocats.com\/ru\/jurisprudences\/cour-de-cassation-26-janvier-2023-n-2022-00121\/\" \/>\n<meta property=\"og:locale\" content=\"ru_RU\" \/>\n<meta property=\"og:type\" content=\"article\" \/>\n<meta property=\"og:title\" content=\"Cour de cassation, 26 janvier 2023, n\u00b0 2022-00121\" \/>\n<meta property=\"og:description\" content=\"N\u00b0 09 \/ 2023 p\u00e9nal du 26.01.2023 Not. 6441\/ 22\/CD Num\u00e9ro CAS -2022-00121 du registre La Cour de cassation du Grand- Duch\u00e9 de Luxembourg a rendu en son audience publique du jeudi, vingt -six janvier deux mille vingt -trois, sur le pourvoi de PERSONNE1.), n\u00e9\u2026\" \/>\n<meta property=\"og:url\" content=\"https:\/\/kohenavocats.com\/ru\/jurisprudences\/cour-de-cassation-26-janvier-2023-n-2022-00121\/\" \/>\n<meta property=\"og:site_name\" content=\"Ma\u00eetre Hassan Kohen, avocat en droit p\u00e9nal \u00e0 Paris\" \/>\n<meta property=\"article:modified_time\" content=\"2026-04-22T12:44:51+00:00\" \/>\n<meta name=\"twitter:card\" content=\"summary_large_image\" \/>\n<meta name=\"twitter:label1\" content=\"\u041f\u0440\u0438\u043c\u0435\u0440\u043d\u043e\u0435 \u0432\u0440\u0435\u043c\u044f \u0434\u043b\u044f \u0447\u0442\u0435\u043d\u0438\u044f\" \/>\n\t<meta name=\"twitter:data1\" content=\"3 \u043c\u0438\u043d\u0443\u0442\u044b\" \/>\n<script type=\"application\/ld+json\" class=\"yoast-schema-graph\">{\"@context\":\"https:\\\/\\\/schema.org\",\"@graph\":[{\"@type\":\"WebPage\",\"@id\":\"https:\\\/\\\/kohenavocats.com\\\/ru\\\/jurisprudences\\\/cour-de-cassation-26-janvier-2023-n-2022-00121\\\/\",\"url\":\"https:\\\/\\\/kohenavocats.com\\\/ru\\\/jurisprudences\\\/cour-de-cassation-26-janvier-2023-n-2022-00121\\\/\",\"name\":\"Cour de cassation, 26 janvier 2023, n\u00b0 2022-00121 - Ma\u00eetre Hassan Kohen, avocat en droit p\u00e9nal \u00e0 Paris\",\"isPartOf\":{\"@id\":\"https:\\\/\\\/kohenavocats.com\\\/ru\\\/#website\"},\"datePublished\":\"2026-04-22T12:44:48+00:00\",\"dateModified\":\"2026-04-22T12:44:51+00:00\",\"breadcrumb\":{\"@id\":\"https:\\\/\\\/kohenavocats.com\\\/ru\\\/jurisprudences\\\/cour-de-cassation-26-janvier-2023-n-2022-00121\\\/#breadcrumb\"},\"inLanguage\":\"ru-RU\",\"potentialAction\":[{\"@type\":\"ReadAction\",\"target\":[\"https:\\\/\\\/kohenavocats.com\\\/ru\\\/jurisprudences\\\/cour-de-cassation-26-janvier-2023-n-2022-00121\\\/\"]}]},{\"@type\":\"BreadcrumbList\",\"@id\":\"https:\\\/\\\/kohenavocats.com\\\/ru\\\/jurisprudences\\\/cour-de-cassation-26-janvier-2023-n-2022-00121\\\/#breadcrumb\",\"itemListElement\":[{\"@type\":\"ListItem\",\"position\":1,\"name\":\"Home\",\"item\":\"https:\\\/\\\/kohenavocats.com\\\/ru\\\/avocats-en-droit-penal-a-paris-conseil-et-defense-strategique\\\/\"},{\"@type\":\"ListItem\",\"position\":2,\"name\":\"Jurisprudences\",\"item\":\"https:\\\/\\\/kohenavocats.com\\\/ru\\\/jurisprudences\\\/\"},{\"@type\":\"ListItem\",\"position\":3,\"name\":\"Cour de cassation, 26 janvier 2023, n\u00b0 2022-00121\"}]},{\"@type\":\"WebSite\",\"@id\":\"https:\\\/\\\/kohenavocats.com\\\/ru\\\/#website\",\"url\":\"https:\\\/\\\/kohenavocats.com\\\/ru\\\/\",\"name\":\"Kohen Avocats\",\"description\":\"Ma\u00eetre Hassan Kohen, avocat p\u00e9naliste \u00e0 Paris, intervient exclusivement en droit p\u00e9nal pour la d\u00e9fense des particuliers, notamment en mati\u00e8re d\u2019accusations de viol. Il assure un accompagnement rigoureux d\u00e8s la garde \u00e0 vue jusqu\u2019\u00e0 la Cour d\u2019assises, veillant au strict respect des garanties proc\u00e9durales.\",\"publisher\":{\"@id\":\"https:\\\/\\\/kohenavocats.com\\\/ru\\\/#organization\"},\"potentialAction\":[{\"@type\":\"SearchAction\",\"target\":{\"@type\":\"EntryPoint\",\"urlTemplate\":\"https:\\\/\\\/kohenavocats.com\\\/ru\\\/?s={search_term_string}\"},\"query-input\":{\"@type\":\"PropertyValueSpecification\",\"valueRequired\":true,\"valueName\":\"search_term_string\"}}],\"inLanguage\":\"ru-RU\"},{\"@type\":\"Organization\",\"@id\":\"https:\\\/\\\/kohenavocats.com\\\/ru\\\/#organization\",\"name\":\"Kohen Avocats\",\"url\":\"https:\\\/\\\/kohenavocats.com\\\/ru\\\/\",\"logo\":{\"@type\":\"ImageObject\",\"inLanguage\":\"ru-RU\",\"@id\":\"https:\\\/\\\/kohenavocats.com\\\/ru\\\/#\\\/schema\\\/logo\\\/image\\\/\",\"url\":\"https:\\\/\\\/kohenavocats.com\\\/wp-content\\\/uploads\\\/2026\\\/01\\\/Logo-2-1.webp\",\"contentUrl\":\"https:\\\/\\\/kohenavocats.com\\\/wp-content\\\/uploads\\\/2026\\\/01\\\/Logo-2-1.webp\",\"width\":2114,\"height\":1253,\"caption\":\"Kohen Avocats\"},\"image\":{\"@id\":\"https:\\\/\\\/kohenavocats.com\\\/ru\\\/#\\\/schema\\\/logo\\\/image\\\/\"}}]}<\/script>\n<!-- \/ Yoast SEO Premium plugin. -->","yoast_head_json":{"title":"Cour de cassation, 26 janvier 2023, n\u00b0 2022-00121 - Ma\u00eetre Hassan Kohen, avocat en droit p\u00e9nal \u00e0 Paris","robots":{"index":"index","follow":"follow","max-snippet":"max-snippet:-1","max-image-preview":"max-image-preview:large","max-video-preview":"max-video-preview:-1"},"canonical":"https:\/\/kohenavocats.com\/ru\/jurisprudences\/cour-de-cassation-26-janvier-2023-n-2022-00121\/","og_locale":"ru_RU","og_type":"article","og_title":"Cour de cassation, 26 janvier 2023, n\u00b0 2022-00121","og_description":"N\u00b0 09 \/ 2023 p\u00e9nal du 26.01.2023 Not. 6441\/ 22\/CD Num\u00e9ro CAS -2022-00121 du registre La Cour de cassation du Grand- Duch\u00e9 de Luxembourg a rendu en son audience publique du jeudi, vingt -six janvier deux mille vingt -trois, sur le pourvoi de PERSONNE1.), n\u00e9\u2026","og_url":"https:\/\/kohenavocats.com\/ru\/jurisprudences\/cour-de-cassation-26-janvier-2023-n-2022-00121\/","og_site_name":"Ma\u00eetre Hassan Kohen, avocat en droit p\u00e9nal \u00e0 Paris","article_modified_time":"2026-04-22T12:44:51+00:00","twitter_card":"summary_large_image","twitter_misc":{"\u041f\u0440\u0438\u043c\u0435\u0440\u043d\u043e\u0435 \u0432\u0440\u0435\u043c\u044f \u0434\u043b\u044f \u0447\u0442\u0435\u043d\u0438\u044f":"3 \u043c\u0438\u043d\u0443\u0442\u044b"},"schema":{"@context":"https:\/\/schema.org","@graph":[{"@type":"WebPage","@id":"https:\/\/kohenavocats.com\/ru\/jurisprudences\/cour-de-cassation-26-janvier-2023-n-2022-00121\/","url":"https:\/\/kohenavocats.com\/ru\/jurisprudences\/cour-de-cassation-26-janvier-2023-n-2022-00121\/","name":"Cour de cassation, 26 janvier 2023, n\u00b0 2022-00121 - Ma\u00eetre Hassan Kohen, avocat en droit p\u00e9nal \u00e0 Paris","isPartOf":{"@id":"https:\/\/kohenavocats.com\/ru\/#website"},"datePublished":"2026-04-22T12:44:48+00:00","dateModified":"2026-04-22T12:44:51+00:00","breadcrumb":{"@id":"https:\/\/kohenavocats.com\/ru\/jurisprudences\/cour-de-cassation-26-janvier-2023-n-2022-00121\/#breadcrumb"},"inLanguage":"ru-RU","potentialAction":[{"@type":"ReadAction","target":["https:\/\/kohenavocats.com\/ru\/jurisprudences\/cour-de-cassation-26-janvier-2023-n-2022-00121\/"]}]},{"@type":"BreadcrumbList","@id":"https:\/\/kohenavocats.com\/ru\/jurisprudences\/cour-de-cassation-26-janvier-2023-n-2022-00121\/#breadcrumb","itemListElement":[{"@type":"ListItem","position":1,"name":"Home","item":"https:\/\/kohenavocats.com\/ru\/avocats-en-droit-penal-a-paris-conseil-et-defense-strategique\/"},{"@type":"ListItem","position":2,"name":"Jurisprudences","item":"https:\/\/kohenavocats.com\/ru\/jurisprudences\/"},{"@type":"ListItem","position":3,"name":"Cour de cassation, 26 janvier 2023, n\u00b0 2022-00121"}]},{"@type":"WebSite","@id":"https:\/\/kohenavocats.com\/ru\/#website","url":"https:\/\/kohenavocats.com\/ru\/","name":"Kohen Avocats","description":"Ma\u00eetre Hassan Kohen, avocat p\u00e9naliste \u00e0 Paris, intervient exclusivement en droit p\u00e9nal pour la d\u00e9fense des particuliers, notamment en mati\u00e8re d\u2019accusations de viol. Il assure un accompagnement rigoureux d\u00e8s la garde \u00e0 vue jusqu\u2019\u00e0 la Cour d\u2019assises, veillant au strict respect des garanties proc\u00e9durales.","publisher":{"@id":"https:\/\/kohenavocats.com\/ru\/#organization"},"potentialAction":[{"@type":"SearchAction","target":{"@type":"EntryPoint","urlTemplate":"https:\/\/kohenavocats.com\/ru\/?s={search_term_string}"},"query-input":{"@type":"PropertyValueSpecification","valueRequired":true,"valueName":"search_term_string"}}],"inLanguage":"ru-RU"},{"@type":"Organization","@id":"https:\/\/kohenavocats.com\/ru\/#organization","name":"Kohen Avocats","url":"https:\/\/kohenavocats.com\/ru\/","logo":{"@type":"ImageObject","inLanguage":"ru-RU","@id":"https:\/\/kohenavocats.com\/ru\/#\/schema\/logo\/image\/","url":"https:\/\/kohenavocats.com\/wp-content\/uploads\/2026\/01\/Logo-2-1.webp","contentUrl":"https:\/\/kohenavocats.com\/wp-content\/uploads\/2026\/01\/Logo-2-1.webp","width":2114,"height":1253,"caption":"Kohen Avocats"},"image":{"@id":"https:\/\/kohenavocats.com\/ru\/#\/schema\/logo\/image\/"}}]}},"jetpack_likes_enabled":false,"jetpack_sharing_enabled":true,"_links":{"self":[{"href":"https:\/\/kohenavocats.com\/ru\/wp-json\/wp\/v2\/kji_decision\/648786","targetHints":{"allow":["GET"]}}],"collection":[{"href":"https:\/\/kohenavocats.com\/ru\/wp-json\/wp\/v2\/kji_decision"}],"about":[{"href":"https:\/\/kohenavocats.com\/ru\/wp-json\/wp\/v2\/types\/kji_decision"}],"wp:attachment":[{"href":"https:\/\/kohenavocats.com\/ru\/wp-json\/wp\/v2\/media?parent=648786"}],"wp:term":[{"taxonomy":"kji_country","embeddable":true,"href":"https:\/\/kohenavocats.com\/ru\/wp-json\/wp\/v2\/kji_country?post=648786"},{"taxonomy":"kji_court","embeddable":true,"href":"https:\/\/kohenavocats.com\/ru\/wp-json\/wp\/v2\/kji_court?post=648786"},{"taxonomy":"kji_chamber","embeddable":true,"href":"https:\/\/kohenavocats.com\/ru\/wp-json\/wp\/v2\/kji_chamber?post=648786"},{"taxonomy":"kji_year","embeddable":true,"href":"https:\/\/kohenavocats.com\/ru\/wp-json\/wp\/v2\/kji_year?post=648786"},{"taxonomy":"kji_subject","embeddable":true,"href":"https:\/\/kohenavocats.com\/ru\/wp-json\/wp\/v2\/kji_subject?post=648786"},{"taxonomy":"kji_keyword","embeddable":true,"href":"https:\/\/kohenavocats.com\/ru\/wp-json\/wp\/v2\/kji_keyword?post=648786"},{"taxonomy":"kji_language","embeddable":true,"href":"https:\/\/kohenavocats.com\/ru\/wp-json\/wp\/v2\/kji_language?post=648786"}],"curies":[{"name":"wp","href":"https:\/\/api.w.org\/{rel}","templated":true}]}}