{"id":648798,"date":"2026-04-22T14:45:35","date_gmt":"2026-04-22T12:45:35","guid":{"rendered":"https:\/\/kohenavocats.com\/jurisprudences\/tribunal-federal-suisse-25-janvier-2023-n-6b-1424-2022\/"},"modified":"2026-04-22T14:45:35","modified_gmt":"2026-04-22T12:45:35","slug":"tribunal-federal-suisse-25-janvier-2023-n-6b-1424-2022","status":"publish","type":"kji_decision","link":"https:\/\/kohenavocats.com\/ru\/jurisprudences\/tribunal-federal-suisse-25-janvier-2023-n-6b-1424-2022\/","title":{"rendered":"Tribunal f\u00e9d\u00e9ral suisse, 25 janvier 2023, n\u00b0 6B 1424-2022"},"content":{"rendered":"<div class=\"kji-decision\">\n<div class=\"kji-full-text\">\n<p>Bundesgericht<\/p>\n<p>Tribunal f\u00e9d\u00e9ral<\/p>\n<p>Tribunale federale<\/p>\n<p>Tribunal federal<\/p>\n<p>6B_1424\/2022<\/p>\n<p>Arr\u00eat du 25 janvier 2023<\/p>\n<p>Cour de droit p\u00e9nal<\/p>\n<p>Composition<\/p>\n<p>M. le Juge f\u00e9d\u00e9ral Denys, Juge pr\u00e9sidant.<\/p>\n<p>Greffier : M. Dyens.<\/p>\n<p>Participants \u00e0 la proc\u00e9dure<\/p>\n<p>A.________,<\/p>\n<p>recourant,<\/p>\n<p>contre<\/p>\n<p>Minist\u00e8re public central du canton de Vaud, avenue de Longemalle 1, 1020 Renens VD,<\/p>\n<p>intim\u00e9.<\/p>\n<p>Objet<\/p>\n<p>Ordonnance de non-entr\u00e9e en mati\u00e8re (dommages<\/p>\n<p>\u00e0 la propri\u00e9t\u00e9, etc.); irrecevabilit\u00e9 du recours en<\/p>\n<p>mati\u00e8re p\u00e9nale,<\/p>\n<p>recours contre l&#039;arr\u00eat du Tribunal cantonal<\/p>\n<p>du canton de Vaud, Chambre des recours p\u00e9nale,<\/p>\n<p>du 2 septembre 2022 (n\u00b0 663 PE22.007674-LRC).<\/p>\n<p>Consid\u00e9rant en fait et en droit :<\/p>\n<p>1.<\/p>\n<p>Par arr\u00eat du 2 septembre 2022, la Chambre des recours p\u00e9nale du Tribunal cantonal vaudois a rejet\u00e9 le recours interjet\u00e9 par A.________ \u00e0 l&#039;encontre de l&#039;ordonnance de non-entr\u00e9e en mati\u00e8re rendue le 25 juillet pr\u00e9c\u00e9dent par le Minist\u00e8re public de l&#039;arrondissement de l&#039;Est vaudois.<\/p>\n<p>Dite ordonnance de non-entr\u00e9e en mati\u00e8re faisait suite aux plaintes p\u00e9nales d\u00e9pos\u00e9es par A.________ pour dommages \u00e0 la propri\u00e9t\u00e9, vol et violation de domicile, le pr\u00e9nomm\u00e9 ayant en substance all\u00e9gu\u00e9 avoir constat\u00e9, \u00e0 son retour de l&#039;\u00e9tranger en juillet 2021, que des individus s&#039;\u00e9taient introduits sans droit dans sa propri\u00e9t\u00e9 \u00e0 U.________, y avaient commis des dommages et d\u00e9rob\u00e9 divers objets. Il reprochait en outre \u00e0 l&#039;une des personnes qu&#039;il soup\u00e7onnait d&#039;avoir commis les infractions susmentionn\u00e9es d&#039;avoir endommag\u00e9 sa haie, en effectuant des travaux de taille, ainsi que d&#039;avoir caus\u00e9 des d\u00e9g\u00e2ts sur un pot de fleur et une cl\u00f4ture.<\/p>\n<p>2.<\/p>\n<p>A.________ forme un recours en mati\u00e8re p\u00e9nale au Tribunal f\u00e9d\u00e9ral contre l&#039;arr\u00eat pr\u00e9cit\u00e9. On comprend qu&#039;il conclut \u00e0 son annulation et au renvoi de la cause au minist\u00e8re public pour qu&#039;il ouvre une instruction.<\/p>\n<p>3.<\/p>\n<p>Les \u00e9critures d\u00e9pos\u00e9es par le recourant post\u00e9rieurement \u00e0 l&#039;\u00e9ch\u00e9ance du d\u00e9lai de recours, soit apr\u00e8s le 30 novembre 2022, sont irrecevables (art. 44 ss LTF et 100 al. 1 LTF).<\/p>\n<p>4.<\/p>\n<p>Selon l&#039;art. 42 al. 1 LTF, les m\u00e9moires de recours au Tribunal f\u00e9d\u00e9ral doivent indiquer les conclusions, les motifs et les moyens de preuves, et \u00eatre sign\u00e9s. En particulier, le recourant doit motiver son recours en exposant succinctement en quoi la d\u00e9cision attaqu\u00e9e viole le droit (cf. art. 42 al. 2 LTF). Pour satisfaire \u00e0 cette exigence, il appartient au recourant de discuter au moins bri\u00e8vement les consid\u00e9rants de la d\u00e9cision litigieuse (ATF 140 III 86 consid. 2 et 115 consid. 2); en particulier, la motivation doit \u00eatre topique, c&#039;est-\u00e0-dire se rapporter \u00e0 la question juridique tranch\u00e9e par l&#039;autorit\u00e9 cantonale (ATF 123 V 335; arr\u00eat 6B_970\/2017 du 17 octobre 2017 consid. 4). De plus, le Tribunal f\u00e9d\u00e9ral est li\u00e9 par les faits retenus par l&#039;arr\u00eat entrepris (art. 105 al. 1 LTF), sous les r\u00e9serves d\u00e9coulant des art. 97 al. 1 et 105 al. 2 LTF, soit pour l&#039;essentiel de l&#039;arbitraire (art. 9 Cst.; sur cette notion, cf. ATF 147 IV 73 consid. 4.1.2; 143 IV 241 consid. 2.3.1) dans la constatation des faits. Le Tribunal f\u00e9d\u00e9ral ne conna\u00eet de la violation des droits fondamentaux que si ce moyen est invoqu\u00e9 et motiv\u00e9 par le recourant (art. 106 al. 2 LTF), c&#039;est-\u00e0-dire s&#039;il a \u00e9t\u00e9 express\u00e9ment soulev\u00e9 et expos\u00e9 de mani\u00e8re claire et d\u00e9taill\u00e9e (ATF 143 IV 500 consid. 1.1). Les critiques de nature appellatoire sont irrecevables (ATF 147 IV 73 consid. 4.1.2; 146 IV 114 consid. 2.1; 145 IV 154 consid. 1.1).<\/p>\n<p>En l&#039;esp\u00e8ce, la cour cantonale a consid\u00e9r\u00e9, s&#039;agissant des dommages \u00e0 la propri\u00e9t\u00e9 all\u00e9gu\u00e9s en relation de la taille d&#039;une haie et autres d\u00e9g\u00e2ts, notamment \u00e0 un pot de fleur, que l&#039;\u00e9l\u00e9ment subjectif faisait en tout \u00e9tat d\u00e9faut, ce qui, en substance, justifiait la non-entr\u00e9e en mati\u00e8re sur ce point. S&#039;agissant des autres infractions d\u00e9nonc\u00e9es, la cour cantonale est parvenue, au terme d&#039;un examen approfondi de la motivation de l&#039;ordonnance querell\u00e9e et des griefs du recourant, \u00e0 la conclusion qu&#039;il n&#039;existait aucun indice permettant de soup\u00e7onner les personnes mises en cause par celui-ci et que l&#039;on ne disposait aujourd&#039;hui d&#039;aucun \u00e9l\u00e9ment permettant d&#039;identifier le ou les auteurs des infractions dont se plaignait le recourant. Aucune mesure d&#039;instruction compl\u00e9mentaire ne paraissait entrer en ligne de compte en l&#039;\u00e9tat. La non-entr\u00e9e en mati\u00e8re se justifiait donc sur ces points \u00e9galement.<\/p>\n<p>Dans son m\u00e9moire, le recourant \u00e9voque diff\u00e9rents \u00e9l\u00e9ments en relation avec l&#039;instruction mais ne d\u00e9veloppe en r\u00e9alit\u00e9 aucun grief topique, soulev\u00e9 \u00e0 satisfaction de droit (art. 42 al. 2 et 106 al. 2 LTF), sp\u00e9cifiquement destin\u00e9 \u00e0 exposer en quoi la motivation \u00e0 l&#039;aune de laquelle la cour cantonale est parvenue \u00e0 la conclusion que la non-entr\u00e9e en mati\u00e8re devait \u00eatre confirm\u00e9e violerait le droit. En particulier, le recourant ne d\u00e9veloppe aucun grief propre \u00e0 remettre en cause le constat selon lequel qu&#039;aucun \u00e9l\u00e9ment ne permettait aujourd&#039;hui d&#039;identifier le ou les auteurs des infractions d\u00e9nonc\u00e9es. La cour cantonale a express\u00e9ment abord\u00e9 la question des annotations manuscrites figurant sur le journal transmis par le recourant au minist\u00e8re public, r\u00e9f\u00e9renc\u00e9e sous pi\u00e8ce 12\/2 du dossier de la cause, en relevant qu&#039;il \u00e9tait pratiquement certain que l&#039;on ne pourrait plus aujourd&#039;hui y pr\u00e9lever des traces exploitables, dans la mesure o\u00f9 la pi\u00e8ce en question avait \u00e9t\u00e9 manipul\u00e9e et transmise au minist\u00e8re public sans pr\u00e9caution particuli\u00e8re. Il ne suffit pas au recourant ne pr\u00e9tendre le contraire ou de faire valoir, sans plus d&#039;explications, qu&#039;il en aurait constat\u00e9 la disparition en consultant le dossier aupr\u00e8s de l&#039;autorit\u00e9 pr\u00e9c\u00e9dente pour remettre en cause de mani\u00e8re recevable la motivation cantonale. En outre, contrairement \u00e0 ce qu&#039;il soutient, la cour cantonale n&#039;a pas pass\u00e9 sous silence la consommation excessive d&#039;\u00e9lectricit\u00e9 all\u00e9gu\u00e9e par le recourant. Elle a relev\u00e9, en rapport avec cet \u00e9l\u00e9ment \u00e9galement, qu&#039;il n&#039;\u00e9tait pas davantage de nature \u00e0 permettre l&#039;identification de potentiels auteurs.<\/p>\n<p>En d\u00e9finitive, il est patent que les \u00e9critures du recourant ne r\u00e9pondent pas aux exigences de motivation d&#039;un recours en mati\u00e8re p\u00e9nale au Tribunal f\u00e9d\u00e9ral (art. 42 al. 2 et 106 al. 2 LTF).<\/p>\n<p>5.<\/p>\n<p>L&#039;irrecevabilit\u00e9 est manifeste. Elle doit \u00eatre constat\u00e9e dans la proc\u00e9dure pr\u00e9vue par l&#039;art. 108 al. 1 let. b LTF. Le recourant, qui succombe, supporte les frais judiciaires (art. 65 al. 2 et 66 al. 1 LTF).<\/p>\n<p>Par ces motifs, le Juge pr\u00e9sidant prononce :<\/p>\n<p>1.<\/p>\n<p>Le recours est irrecevable.<\/p>\n<p>2.<\/p>\n<p>Les frais judiciaires, arr\u00eat\u00e9s \u00e0 800 fr., sont mis \u00e0 la charge du recourant.<\/p>\n<p>3.<\/p>\n<p>Le pr\u00e9sent arr\u00eat est communiqu\u00e9 aux parties et au Tribunal cantonal du canton de Vaud, Chambre des recours p\u00e9nale.<\/p>\n<p>Lausanne, le 25 janvier 2023<\/p>\n<p>Au nom de la Cour de droit p\u00e9nal<\/p>\n<p>du Tribunal f\u00e9d\u00e9ral suisse<\/p>\n<p>Le Juge pr\u00e9sidant : Denys<\/p>\n<p>Le Greffier : Dyens<\/p>\n<\/div>\n<hr class=\"kji-sep\" \/>\n<p class=\"kji-source-links\"><strong>Sources officielles :<\/strong> <a class=\"kji-source-link\" href=\"https:\/\/search.bger.ch\/ext\/eurospider\/live\/fr\/php\/aza\/http\/index.php?lang=fr&#038;type=highlight_simple_query&#038;page=6&#038;from_date=&#038;to_date=&#038;sort=relevance&#038;insertion_date=&#038;top_subcollection_aza=all&#038;query_words=propriete&#038;rank=54&#038;azaclir=aza&#038;highlight_docid=aza%3A%2F%2F25-01-2023-6B_1424-2022&#038;number_of_ranks=6365\" target=\"_blank\" rel=\"noopener noreferrer\">consulter la page source<\/a><\/p>\n<p class=\"kji-license-note\"><em>Source officielle Tribunal federal suisse. Contenu HTML public, PDF non garanti en version gratuite.<\/em><\/p>\n<\/div>\n","protected":false},"excerpt":{"rendered":"<p>Bundesgericht Tribunal f\u00e9d\u00e9ral Tribunale federale Tribunal federal 6B_1424\/2022 Arr\u00eat du 25 janvier 2023 Cour de droit p\u00e9nal Composition M. le Juge f\u00e9d\u00e9ral Denys, Juge pr\u00e9sidant. Greffier : M. Dyens. Participants \u00e0 la proc\u00e9dure A.________, recourant, contre Minist\u00e8re public central du canton de Vaud, avenue de Longemalle 1, 1020 Renens VD, intim\u00e9. Objet Ordonnance de non-entr\u00e9e&#8230;<\/p>\n","protected":false},"featured_media":0,"template":"","meta":{"_crdt_document":""},"kji_country":[9676],"kji_court":[9677],"kji_chamber":[10143],"kji_year":[24566],"kji_subject":[7632],"kji_keyword":[9799,9679,8460,9680,7636],"kji_language":[7733],"class_list":["post-648798","kji_decision","type-kji_decision","status-publish","hentry","kji_country-suisse","kji_court-tribunal-federal-suisse","kji_chamber-cour-de-droit-penal","kji_year-24566","kji_subject-penal","kji_keyword-bundesgericht","kji_keyword-federal","kji_keyword-janvier","kji_keyword-suisse","kji_keyword-tribunal","kji_language-francais"],"yoast_head":"<!-- This site is optimized with the Yoast SEO Premium plugin v27.5 (Yoast SEO v27.5) - https:\/\/yoast.com\/product\/yoast-seo-premium-wordpress\/ -->\n<title>Tribunal f\u00e9d\u00e9ral suisse, 25 janvier 2023, n\u00b0 6B 1424-2022 - Ma\u00eetre Hassan Kohen, avocat en droit p\u00e9nal \u00e0 Paris<\/title>\n<meta name=\"robots\" content=\"index, follow, max-snippet:-1, max-image-preview:large, max-video-preview:-1\" \/>\n<link rel=\"canonical\" href=\"https:\/\/kohenavocats.com\/ru\/jurisprudences\/tribunal-federal-suisse-25-janvier-2023-n-6b-1424-2022\/\" \/>\n<meta property=\"og:locale\" content=\"ru_RU\" \/>\n<meta property=\"og:type\" content=\"article\" \/>\n<meta property=\"og:title\" content=\"Tribunal f\u00e9d\u00e9ral suisse, 25 janvier 2023, n\u00b0 6B 1424-2022\" \/>\n<meta property=\"og:description\" content=\"Bundesgericht Tribunal f\u00e9d\u00e9ral Tribunale federale Tribunal federal 6B_1424\/2022 Arr\u00eat du 25 janvier 2023 Cour de droit p\u00e9nal Composition M. le Juge f\u00e9d\u00e9ral Denys, Juge pr\u00e9sidant. Greffier : M. Dyens. Participants \u00e0 la proc\u00e9dure A.________, recourant, contre Minist\u00e8re public central du canton de Vaud, avenue de Longemalle 1, 1020 Renens VD, intim\u00e9. Objet Ordonnance de non-entr\u00e9e...\" \/>\n<meta property=\"og:url\" content=\"https:\/\/kohenavocats.com\/ru\/jurisprudences\/tribunal-federal-suisse-25-janvier-2023-n-6b-1424-2022\/\" \/>\n<meta property=\"og:site_name\" content=\"Ma\u00eetre Hassan Kohen, avocat en droit p\u00e9nal \u00e0 Paris\" \/>\n<meta name=\"twitter:card\" content=\"summary_large_image\" \/>\n<meta name=\"twitter:label1\" content=\"\u041f\u0440\u0438\u043c\u0435\u0440\u043d\u043e\u0435 \u0432\u0440\u0435\u043c\u044f \u0434\u043b\u044f \u0447\u0442\u0435\u043d\u0438\u044f\" \/>\n\t<meta name=\"twitter:data1\" content=\"6 \u043c\u0438\u043d\u0443\u0442\" \/>\n<script type=\"application\/ld+json\" class=\"yoast-schema-graph\">{\"@context\":\"https:\\\/\\\/schema.org\",\"@graph\":[{\"@type\":\"WebPage\",\"@id\":\"https:\\\/\\\/kohenavocats.com\\\/ru\\\/jurisprudences\\\/tribunal-federal-suisse-25-janvier-2023-n-6b-1424-2022\\\/\",\"url\":\"https:\\\/\\\/kohenavocats.com\\\/ru\\\/jurisprudences\\\/tribunal-federal-suisse-25-janvier-2023-n-6b-1424-2022\\\/\",\"name\":\"Tribunal f\u00e9d\u00e9ral suisse, 25 janvier 2023, n\u00b0 6B 1424-2022 - Ma\u00eetre Hassan Kohen, avocat en droit p\u00e9nal \u00e0 Paris\",\"isPartOf\":{\"@id\":\"https:\\\/\\\/kohenavocats.com\\\/ru\\\/#website\"},\"datePublished\":\"2026-04-22T12:45:35+00:00\",\"breadcrumb\":{\"@id\":\"https:\\\/\\\/kohenavocats.com\\\/ru\\\/jurisprudences\\\/tribunal-federal-suisse-25-janvier-2023-n-6b-1424-2022\\\/#breadcrumb\"},\"inLanguage\":\"ru-RU\",\"potentialAction\":[{\"@type\":\"ReadAction\",\"target\":[\"https:\\\/\\\/kohenavocats.com\\\/ru\\\/jurisprudences\\\/tribunal-federal-suisse-25-janvier-2023-n-6b-1424-2022\\\/\"]}]},{\"@type\":\"BreadcrumbList\",\"@id\":\"https:\\\/\\\/kohenavocats.com\\\/ru\\\/jurisprudences\\\/tribunal-federal-suisse-25-janvier-2023-n-6b-1424-2022\\\/#breadcrumb\",\"itemListElement\":[{\"@type\":\"ListItem\",\"position\":1,\"name\":\"Home\",\"item\":\"https:\\\/\\\/kohenavocats.com\\\/ru\\\/avocats-en-droit-penal-a-paris-conseil-et-defense-strategique\\\/\"},{\"@type\":\"ListItem\",\"position\":2,\"name\":\"Jurisprudences\",\"item\":\"https:\\\/\\\/kohenavocats.com\\\/ru\\\/jurisprudences\\\/\"},{\"@type\":\"ListItem\",\"position\":3,\"name\":\"Tribunal f\u00e9d\u00e9ral suisse, 25 janvier 2023, n\u00b0 6B 1424-2022\"}]},{\"@type\":\"WebSite\",\"@id\":\"https:\\\/\\\/kohenavocats.com\\\/ru\\\/#website\",\"url\":\"https:\\\/\\\/kohenavocats.com\\\/ru\\\/\",\"name\":\"Kohen Avocats\",\"description\":\"Ma\u00eetre Hassan Kohen, avocat p\u00e9naliste \u00e0 Paris, intervient exclusivement en droit p\u00e9nal pour la d\u00e9fense des particuliers, notamment en mati\u00e8re d\u2019accusations de viol. Il assure un accompagnement rigoureux d\u00e8s la garde \u00e0 vue jusqu\u2019\u00e0 la Cour d\u2019assises, veillant au strict respect des garanties proc\u00e9durales.\",\"publisher\":{\"@id\":\"https:\\\/\\\/kohenavocats.com\\\/ru\\\/#organization\"},\"potentialAction\":[{\"@type\":\"SearchAction\",\"target\":{\"@type\":\"EntryPoint\",\"urlTemplate\":\"https:\\\/\\\/kohenavocats.com\\\/ru\\\/?s={search_term_string}\"},\"query-input\":{\"@type\":\"PropertyValueSpecification\",\"valueRequired\":true,\"valueName\":\"search_term_string\"}}],\"inLanguage\":\"ru-RU\"},{\"@type\":\"Organization\",\"@id\":\"https:\\\/\\\/kohenavocats.com\\\/ru\\\/#organization\",\"name\":\"Kohen Avocats\",\"url\":\"https:\\\/\\\/kohenavocats.com\\\/ru\\\/\",\"logo\":{\"@type\":\"ImageObject\",\"inLanguage\":\"ru-RU\",\"@id\":\"https:\\\/\\\/kohenavocats.com\\\/ru\\\/#\\\/schema\\\/logo\\\/image\\\/\",\"url\":\"https:\\\/\\\/kohenavocats.com\\\/wp-content\\\/uploads\\\/2026\\\/01\\\/Logo-2-1.webp\",\"contentUrl\":\"https:\\\/\\\/kohenavocats.com\\\/wp-content\\\/uploads\\\/2026\\\/01\\\/Logo-2-1.webp\",\"width\":2114,\"height\":1253,\"caption\":\"Kohen Avocats\"},\"image\":{\"@id\":\"https:\\\/\\\/kohenavocats.com\\\/ru\\\/#\\\/schema\\\/logo\\\/image\\\/\"}}]}<\/script>\n<!-- \/ Yoast SEO Premium plugin. -->","yoast_head_json":{"title":"Tribunal f\u00e9d\u00e9ral suisse, 25 janvier 2023, n\u00b0 6B 1424-2022 - Ma\u00eetre Hassan Kohen, avocat en droit p\u00e9nal \u00e0 Paris","robots":{"index":"index","follow":"follow","max-snippet":"max-snippet:-1","max-image-preview":"max-image-preview:large","max-video-preview":"max-video-preview:-1"},"canonical":"https:\/\/kohenavocats.com\/ru\/jurisprudences\/tribunal-federal-suisse-25-janvier-2023-n-6b-1424-2022\/","og_locale":"ru_RU","og_type":"article","og_title":"Tribunal f\u00e9d\u00e9ral suisse, 25 janvier 2023, n\u00b0 6B 1424-2022","og_description":"Bundesgericht Tribunal f\u00e9d\u00e9ral Tribunale federale Tribunal federal 6B_1424\/2022 Arr\u00eat du 25 janvier 2023 Cour de droit p\u00e9nal Composition M. le Juge f\u00e9d\u00e9ral Denys, Juge pr\u00e9sidant. Greffier : M. Dyens. Participants \u00e0 la proc\u00e9dure A.________, recourant, contre Minist\u00e8re public central du canton de Vaud, avenue de Longemalle 1, 1020 Renens VD, intim\u00e9. Objet Ordonnance de non-entr\u00e9e...","og_url":"https:\/\/kohenavocats.com\/ru\/jurisprudences\/tribunal-federal-suisse-25-janvier-2023-n-6b-1424-2022\/","og_site_name":"Ma\u00eetre Hassan Kohen, avocat en droit p\u00e9nal \u00e0 Paris","twitter_card":"summary_large_image","twitter_misc":{"\u041f\u0440\u0438\u043c\u0435\u0440\u043d\u043e\u0435 \u0432\u0440\u0435\u043c\u044f \u0434\u043b\u044f \u0447\u0442\u0435\u043d\u0438\u044f":"6 \u043c\u0438\u043d\u0443\u0442"},"schema":{"@context":"https:\/\/schema.org","@graph":[{"@type":"WebPage","@id":"https:\/\/kohenavocats.com\/ru\/jurisprudences\/tribunal-federal-suisse-25-janvier-2023-n-6b-1424-2022\/","url":"https:\/\/kohenavocats.com\/ru\/jurisprudences\/tribunal-federal-suisse-25-janvier-2023-n-6b-1424-2022\/","name":"Tribunal f\u00e9d\u00e9ral suisse, 25 janvier 2023, n\u00b0 6B 1424-2022 - Ma\u00eetre Hassan Kohen, avocat en droit p\u00e9nal \u00e0 Paris","isPartOf":{"@id":"https:\/\/kohenavocats.com\/ru\/#website"},"datePublished":"2026-04-22T12:45:35+00:00","breadcrumb":{"@id":"https:\/\/kohenavocats.com\/ru\/jurisprudences\/tribunal-federal-suisse-25-janvier-2023-n-6b-1424-2022\/#breadcrumb"},"inLanguage":"ru-RU","potentialAction":[{"@type":"ReadAction","target":["https:\/\/kohenavocats.com\/ru\/jurisprudences\/tribunal-federal-suisse-25-janvier-2023-n-6b-1424-2022\/"]}]},{"@type":"BreadcrumbList","@id":"https:\/\/kohenavocats.com\/ru\/jurisprudences\/tribunal-federal-suisse-25-janvier-2023-n-6b-1424-2022\/#breadcrumb","itemListElement":[{"@type":"ListItem","position":1,"name":"Home","item":"https:\/\/kohenavocats.com\/ru\/avocats-en-droit-penal-a-paris-conseil-et-defense-strategique\/"},{"@type":"ListItem","position":2,"name":"Jurisprudences","item":"https:\/\/kohenavocats.com\/ru\/jurisprudences\/"},{"@type":"ListItem","position":3,"name":"Tribunal f\u00e9d\u00e9ral suisse, 25 janvier 2023, n\u00b0 6B 1424-2022"}]},{"@type":"WebSite","@id":"https:\/\/kohenavocats.com\/ru\/#website","url":"https:\/\/kohenavocats.com\/ru\/","name":"Kohen Avocats","description":"Ma\u00eetre Hassan Kohen, avocat p\u00e9naliste \u00e0 Paris, intervient exclusivement en droit p\u00e9nal pour la d\u00e9fense des particuliers, notamment en mati\u00e8re d\u2019accusations de viol. Il assure un accompagnement rigoureux d\u00e8s la garde \u00e0 vue jusqu\u2019\u00e0 la Cour d\u2019assises, veillant au strict respect des garanties proc\u00e9durales.","publisher":{"@id":"https:\/\/kohenavocats.com\/ru\/#organization"},"potentialAction":[{"@type":"SearchAction","target":{"@type":"EntryPoint","urlTemplate":"https:\/\/kohenavocats.com\/ru\/?s={search_term_string}"},"query-input":{"@type":"PropertyValueSpecification","valueRequired":true,"valueName":"search_term_string"}}],"inLanguage":"ru-RU"},{"@type":"Organization","@id":"https:\/\/kohenavocats.com\/ru\/#organization","name":"Kohen Avocats","url":"https:\/\/kohenavocats.com\/ru\/","logo":{"@type":"ImageObject","inLanguage":"ru-RU","@id":"https:\/\/kohenavocats.com\/ru\/#\/schema\/logo\/image\/","url":"https:\/\/kohenavocats.com\/wp-content\/uploads\/2026\/01\/Logo-2-1.webp","contentUrl":"https:\/\/kohenavocats.com\/wp-content\/uploads\/2026\/01\/Logo-2-1.webp","width":2114,"height":1253,"caption":"Kohen Avocats"},"image":{"@id":"https:\/\/kohenavocats.com\/ru\/#\/schema\/logo\/image\/"}}]}},"jetpack_likes_enabled":false,"jetpack_sharing_enabled":true,"_links":{"self":[{"href":"https:\/\/kohenavocats.com\/ru\/wp-json\/wp\/v2\/kji_decision\/648798","targetHints":{"allow":["GET"]}}],"collection":[{"href":"https:\/\/kohenavocats.com\/ru\/wp-json\/wp\/v2\/kji_decision"}],"about":[{"href":"https:\/\/kohenavocats.com\/ru\/wp-json\/wp\/v2\/types\/kji_decision"}],"wp:attachment":[{"href":"https:\/\/kohenavocats.com\/ru\/wp-json\/wp\/v2\/media?parent=648798"}],"wp:term":[{"taxonomy":"kji_country","embeddable":true,"href":"https:\/\/kohenavocats.com\/ru\/wp-json\/wp\/v2\/kji_country?post=648798"},{"taxonomy":"kji_court","embeddable":true,"href":"https:\/\/kohenavocats.com\/ru\/wp-json\/wp\/v2\/kji_court?post=648798"},{"taxonomy":"kji_chamber","embeddable":true,"href":"https:\/\/kohenavocats.com\/ru\/wp-json\/wp\/v2\/kji_chamber?post=648798"},{"taxonomy":"kji_year","embeddable":true,"href":"https:\/\/kohenavocats.com\/ru\/wp-json\/wp\/v2\/kji_year?post=648798"},{"taxonomy":"kji_subject","embeddable":true,"href":"https:\/\/kohenavocats.com\/ru\/wp-json\/wp\/v2\/kji_subject?post=648798"},{"taxonomy":"kji_keyword","embeddable":true,"href":"https:\/\/kohenavocats.com\/ru\/wp-json\/wp\/v2\/kji_keyword?post=648798"},{"taxonomy":"kji_language","embeddable":true,"href":"https:\/\/kohenavocats.com\/ru\/wp-json\/wp\/v2\/kji_language?post=648798"}],"curies":[{"name":"wp","href":"https:\/\/api.w.org\/{rel}","templated":true}]}}