{"id":648850,"date":"2026-04-22T14:48:31","date_gmt":"2026-04-22T12:48:31","guid":{"rendered":"https:\/\/kohenavocats.com\/jurisprudences\/cour-superieure-de-justice-23-janvier-2023-4\/"},"modified":"2026-04-22T14:48:35","modified_gmt":"2026-04-22T12:48:35","slug":"cour-superieure-de-justice-23-janvier-2023-4","status":"publish","type":"kji_decision","link":"https:\/\/kohenavocats.com\/ru\/jurisprudences\/cour-superieure-de-justice-23-janvier-2023-4\/","title":{"rendered":"Cour sup\u00e9rieure de justice, 23 janvier 2023"},"content":{"rendered":"<div class=\"kji-decision\">\n<div class=\"kji-full-text\">\n<p>Arr\u00eat N\u00b026\/23VI. du23 janvier2023 (Not.12121\/22\/CC) La Cour d&#039;appel du Grand-Duch\u00e9 de Luxembourg, sixi\u00e8me chambre, si\u00e9geant en mati\u00e8re correctionnelle, a rendu en son audience publique duvingt-trois janvierdeux mille vingt-trois, l\u2019arr\u00eat qui suit, dans la cause e n t r e : le Minist\u00e8re public, exer\u00e7ant l&#039;action publique pour la r\u00e9pression des crimes et d\u00e9lits, appelant e t : PERSONNE1.), n\u00e9 leDATE1.)\u00e0ADRESSE1.), demeurant \u00e0ADRESSE2.), pr\u00e9venu,appelant. __________________________________________________________________ F A I T S: Les faits et r\u00e9troactes de l&#039;affaire r\u00e9sultent \u00e0 suffisance de droit d&#039;un jugementrendu contradictoirementpar le tribunal d&#039;arrondissement de Luxembourg,treizi\u00e8me chambre,si\u00e9geant en mati\u00e8re correctionnelle, le12 juillet2022, sous le num\u00e9ro 1908\/2022, dont les consid\u00e9rants et le dispositif sont con\u00e7us comme suit:<\/p>\n<p>2 \u00ab&#8230;\u00bb<\/p>\n<p>3 De ce jugement, appel au p\u00e9nal fut relev\u00e9 au greffe du tribunal d\u2019arrondissement de Luxembourgle12ao\u00fbt2022 par lemandataire dupr\u00e9venuPERSONNE1.)et le17 ao\u00fbt2022 par lerepr\u00e9sentant du Minist\u00e8re public. En vertu de ces appels et par citation du26septembre2022,lepr\u00e9venu PERSONNE1.)fut r\u00e9guli\u00e8rement requis de compara\u00eetre \u00e0 l\u2019audience publique du14 novembre2022 devant la Cour d&#039;appel de Luxembourg, sixi\u00e8me chambre, si\u00e9geant en mati\u00e8re correctionnelle, pour y entendre statuer sur le m\u00e9rite desappelsinterjet\u00e9s. A cette audience l\u2019affaire fut contradictoirement remise au 9 janvier 2023. A cettederni\u00e8reaudience,lepr\u00e9venuPERSONNE1.), apr\u00e8s avoir \u00e9t\u00e9 averti de son droit de se taire et de ne pass\u2019incriminer soi-m\u00eame, fut entendu en ses explications et moyens de d\u00e9fense. Ma\u00eetre Emmanuelle KELLER, avocat \u00e0 la Cour, en remplacement deMa\u00eetreBrian HELLINCKX, avocat \u00e0 la Cour,les deuxdemeurant \u00e0 Luxembourg, d\u00e9veloppa plus amplement les moyens de d\u00e9fense et d\u2019appel du pr\u00e9venuPERSONNE1.). Madame le substitut Jil FEIERSTEIN, assumant les fonctions de Minist\u00e8re public, fut entendue en son r\u00e9quisitoire. L A C O U R prit l\u2019affaire en d\u00e9lib\u00e9r\u00e9 et rendit \u00e0 l\u2019audience publique du23 janvier 2023, \u00e0 laquelle le prononc\u00e9 avait \u00e9t\u00e9 fix\u00e9, l\u2019arr\u00eatqui suit: Par d\u00e9claration du 12 ao\u00fbt 2022 au greffe du tribunal d\u2019arrondissement de Luxembourg,PERSONNE1.)a fait interjeter appel contre le jugement n\u00b0 1908\/2022 rendu contradictoirement \u00e0 son encontre le 12 juillet 2022 par une chambre correctionnelle du susdit tribunal. Par d\u00e9claration notifi\u00e9e au greffe le 17 ao\u00fbt 2022, le procureur d\u2019Etat a \u00e9galement relev\u00e9 appel de ce jugement. Ces appels, relev\u00e9s en conformit\u00e9 des alin\u00e9as 4 et 5 de l\u2019article 203 du Code de proc\u00e9dure p\u00e9nale et dans le d\u00e9lai l\u00e9gal, sont recevables. Les motifs et le dispositif de la d\u00e9cision attaqu\u00e9e se trouvent reproduits aux qualit\u00e9s du pr\u00e9sent arr\u00eat. Le jugement d\u00e9f\u00e9r\u00e9 a condamn\u00e9PERSONNE1.)\u00e0uneamende correctionnelle de 800 euros et \u00e0 une interdiction de conduire de 20 mois, dont 10 mois ont \u00e9t\u00e9 assortis du sursis int\u00e9gral, et pour les 10 mois restantsont \u00e9t\u00e9 except\u00e9s les trajetsd\u00e9finis \u00e0 l\u2019article 13.1ter de laloi modifi\u00e9e du 14 f\u00e9vrier 1955 concernant la r\u00e8glementation de la circulation sur toutes les voies publiques, pouravoir circul\u00e9 avec un taux d\u2019alcool\u00e9mie de 0,87 mg\/l d\u2019air expir\u00e9 en date du9 avril 2022 vers 23.15 heures \u00e0 ADRESSE3.). A l\u2019audience de la Cour, le pr\u00e9venu, qui n\u2019a pas contest\u00e9 les faits lui reproch\u00e9s, a d\u00e9clar\u00e9, avoir besoin de son permis pour s\u2019occuper de son p\u00e8re souffrant de la maladie de Parkinson, ayant besoin de soins rendant la vie seule impossible.<\/p>\n<p>4 Le mandataire de pr\u00e9venu, pr\u00e9cisant que l\u2019appel est limit\u00e9 \u00e0 la peine d\u2019interdiction de conduire, a demand\u00e9, pi\u00e8ces \u00e0 l\u2019appui, \u00e0 assortir l\u2019interdiction de conduire retenue en premi\u00e8re instance du sursis int\u00e9gral pour permettre \u00e0 son mandant, qui est fils unique, de s\u2019occuper de son p\u00e8re afin d\u2019\u00e9viter une structure m\u00e9dicalis\u00e9e \u00e0 ce dernier. Le minist\u00e8re public a conclu \u00e0 la confirmation du jugement d\u00e9f\u00e9r\u00e9 et ne s\u2019oppose pas \u00e0 voir assortir l\u2019interdiction de conduire d\u2019un sursis int\u00e9gral de 14 mois. La juridiction de premi\u00e8re instance a correctement appr\u00e9ci\u00e9 les circonstances de la cause et c\u2019est \u00e0 juste titre qu\u2019elle a retenu l\u2019appelant dans les liens de l\u2019infraction mise \u00e0 sa charge, qui est rest\u00e9e \u00e9tablie en instance d\u2019appel sur base des \u00e9l\u00e9ments du dossier r\u00e9pressif et des aveux du pr\u00e9venu. Les peines d\u2019amende et d\u2019interdiction de conduire, telle qu\u2019am\u00e9nag\u00e9e, sont l\u00e9gales et ad\u00e9quates et partant \u00e0 maintenir en leur principe et leur quantum. En effet, l\u2019appelant ne m\u00e9rite, de l\u2019appr\u00e9ciation de la Cour, ni un sursis int\u00e9gral ni un sursis plus large au vu du taux d\u2019alcool\u00e9mie retenu. Par ailleurs, il r\u00e9sulte du certificat m\u00e9dical du 21 avril 2022 vers\u00e9 que le m\u00e9decin g\u00e9n\u00e9raliste du p\u00e8re de l\u2019appelant estime qu\u2019une chambre dans un CIPA ou une structure \u00e9quivalente est fortement indiqu\u00e9e afin de garantir un suivi optimal du patient. L\u2019appel n\u2019est d\u00e8s lors pas fond\u00e9 et le jugement d\u00e9f\u00e9r\u00e9 est \u00e0 confirmer. P A R C E S M O T I F S , la Cour d\u2019appel, sixi\u00e8me chambre, si\u00e9geant en mati\u00e8re correctionnelle, statuant contradictoirement, le pr\u00e9venu et son mandataire entendus en leurs explications et moyens de d\u00e9fense ainsi que le minist\u00e8re public en son r\u00e9quisitoire, re\u00e7oit les appels en la forme, les dit non fond\u00e9s, confirmele jugement entrepris, condamnePERSONNE1.)aux frais de l\u2019instance d\u2019appel, ces frais liquid\u00e9s \u00e010 euros. Par application des textes de loi cit\u00e9s par la juridiction de premi\u00e8re instance en y ajoutant les articles 199, 202, 203, 209, 210 et 211du Code de proc\u00e9dure p\u00e9nale.<\/p>\n<p>5 Ainsi fait, jug\u00e9 et prononc\u00e9 en audience publique par la Cour d&#039;appel duGrand-Duch\u00e9 de Luxembourg, sixi\u00e8me chambre, si\u00e9geant en mati\u00e8re correctionnelle, \u00e0 Luxembourg, Cit\u00e9 Judiciaire, Plateau du St. Esprit, o\u00f9 \u00e9taient pr\u00e9sents: Nathalie JUNG, pr\u00e9sident de chambre Fran\u00e7oise ROSEN, premier conseiller Paul VOUEL, conseiller MarcSCHILTZ, avocat g\u00e9n\u00e9ral Pascale BIRDEN, greffier qui, \u00e0 l&#039;exception du repr\u00e9sentant du Minist\u00e8re public, ont sign\u00e9 le pr\u00e9sent arr\u00eat.<\/p>\n<\/div>\n<hr class=\"kji-sep\" \/>\n<p class=\"kji-source-links\"><strong>Sources officielles :<\/strong> <a class=\"kji-source-link\" href=\"https:\/\/data.public.lu\/fr\/datasets\/cour-superieure-de-justice-chambre-6\/\" target=\"_blank\" rel=\"noopener noreferrer\">consulter la page source<\/a> &middot; <a class=\"kji-pdf-link\" href=\"https:\/\/download.data.public.lu\/resources\/cour-superieure-de-justice-chambre-6\/20240827-183142\/20230123-ca6-26-pseudonymise-accessible.pdf\" target=\"_blank\" rel=\"noopener noreferrer\">PDF officiel<\/a><\/p>\n<p class=\"kji-license-note\"><em>Licence CC BY-ND 4.0 (Administration judiciaire, data.public.lu). Republication autorisee avec attribution, sans modification editoriale du texte integral.<\/em><\/p>\n<\/div>\n","protected":false},"excerpt":{"rendered":"<p>Arr\u00eat N\u00b026\/23VI. du23 janvier2023 (Not.12121\/22\/CC) La Cour d&#8217;appel du Grand-Duch\u00e9 de Luxembourg, sixi\u00e8me chambre, si\u00e9geant en mati\u00e8re correctionnelle, a rendu en son audience publique duvingt-trois janvierdeux mille vingt-trois, l\u2019arr\u00eat qui suit, dans la cause e n t r e : le Minist\u00e8re public, exer\u00e7ant l&#8217;action\u2026<\/p>\n","protected":false},"featured_media":0,"template":"","meta":{"_crdt_document":""},"kji_country":[8418],"kji_court":[12305],"kji_chamber":[20373],"kji_year":[24566],"kji_subject":[7724],"kji_keyword":[8683,8460,9055,12307],"kji_language":[7733],"class_list":["post-648850","kji_decision","type-kji_decision","status-publish","hentry","kji_country-luxembourg","kji_court-cour-superieure-de-justice","kji_chamber-chambre-6","kji_year-24566","kji_subject-civil","kji_keyword-arret","kji_keyword-janvier","kji_keyword-justice","kji_keyword-superieure","kji_language-francais"],"yoast_head":"<!-- This site is optimized with the Yoast SEO Premium plugin v27.4 (Yoast SEO v27.4) - https:\/\/yoast.com\/product\/yoast-seo-premium-wordpress\/ -->\n<title>Cour sup\u00e9rieure de justice, 23 janvier 2023 - Ma\u00eetre Hassan Kohen, avocat en droit p\u00e9nal \u00e0 Paris<\/title>\n<meta name=\"robots\" content=\"index, follow, max-snippet:-1, max-image-preview:large, max-video-preview:-1\" \/>\n<link rel=\"canonical\" href=\"https:\/\/kohenavocats.com\/ru\/jurisprudences\/cour-superieure-de-justice-23-janvier-2023-4\/\" \/>\n<meta property=\"og:locale\" content=\"ru_RU\" \/>\n<meta property=\"og:type\" content=\"article\" \/>\n<meta property=\"og:title\" content=\"Cour sup\u00e9rieure de justice, 23 janvier 2023\" \/>\n<meta property=\"og:description\" content=\"Arr\u00eat N\u00b026\/23VI. du23 janvier2023 (Not.12121\/22\/CC) La Cour d&#039;appel du Grand-Duch\u00e9 de Luxembourg, sixi\u00e8me chambre, si\u00e9geant en mati\u00e8re correctionnelle, a rendu en son audience publique duvingt-trois janvierdeux mille vingt-trois, l\u2019arr\u00eat qui suit, dans la cause e n t r e : le Minist\u00e8re public, exer\u00e7ant l&#039;action\u2026\" \/>\n<meta property=\"og:url\" content=\"https:\/\/kohenavocats.com\/ru\/jurisprudences\/cour-superieure-de-justice-23-janvier-2023-4\/\" \/>\n<meta property=\"og:site_name\" content=\"Ma\u00eetre Hassan Kohen, avocat en droit p\u00e9nal \u00e0 Paris\" \/>\n<meta property=\"article:modified_time\" content=\"2026-04-22T12:48:35+00:00\" \/>\n<meta name=\"twitter:card\" content=\"summary_large_image\" \/>\n<meta name=\"twitter:label1\" content=\"\u041f\u0440\u0438\u043c\u0435\u0440\u043d\u043e\u0435 \u0432\u0440\u0435\u043c\u044f \u0434\u043b\u044f \u0447\u0442\u0435\u043d\u0438\u044f\" \/>\n\t<meta name=\"twitter:data1\" content=\"5 \u043c\u0438\u043d\u0443\u0442\" \/>\n<script type=\"application\/ld+json\" class=\"yoast-schema-graph\">{\"@context\":\"https:\\\/\\\/schema.org\",\"@graph\":[{\"@type\":\"WebPage\",\"@id\":\"https:\\\/\\\/kohenavocats.com\\\/ru\\\/jurisprudences\\\/cour-superieure-de-justice-23-janvier-2023-4\\\/\",\"url\":\"https:\\\/\\\/kohenavocats.com\\\/ru\\\/jurisprudences\\\/cour-superieure-de-justice-23-janvier-2023-4\\\/\",\"name\":\"Cour sup\u00e9rieure de justice, 23 janvier 2023 - Ma\u00eetre Hassan Kohen, avocat en droit p\u00e9nal \u00e0 Paris\",\"isPartOf\":{\"@id\":\"https:\\\/\\\/kohenavocats.com\\\/ru\\\/#website\"},\"datePublished\":\"2026-04-22T12:48:31+00:00\",\"dateModified\":\"2026-04-22T12:48:35+00:00\",\"breadcrumb\":{\"@id\":\"https:\\\/\\\/kohenavocats.com\\\/ru\\\/jurisprudences\\\/cour-superieure-de-justice-23-janvier-2023-4\\\/#breadcrumb\"},\"inLanguage\":\"ru-RU\",\"potentialAction\":[{\"@type\":\"ReadAction\",\"target\":[\"https:\\\/\\\/kohenavocats.com\\\/ru\\\/jurisprudences\\\/cour-superieure-de-justice-23-janvier-2023-4\\\/\"]}]},{\"@type\":\"BreadcrumbList\",\"@id\":\"https:\\\/\\\/kohenavocats.com\\\/ru\\\/jurisprudences\\\/cour-superieure-de-justice-23-janvier-2023-4\\\/#breadcrumb\",\"itemListElement\":[{\"@type\":\"ListItem\",\"position\":1,\"name\":\"Home\",\"item\":\"https:\\\/\\\/kohenavocats.com\\\/ru\\\/avocats-en-droit-penal-a-paris-conseil-et-defense-strategique\\\/\"},{\"@type\":\"ListItem\",\"position\":2,\"name\":\"Jurisprudences\",\"item\":\"https:\\\/\\\/kohenavocats.com\\\/ru\\\/jurisprudences\\\/\"},{\"@type\":\"ListItem\",\"position\":3,\"name\":\"Cour sup\u00e9rieure de justice, 23 janvier 2023\"}]},{\"@type\":\"WebSite\",\"@id\":\"https:\\\/\\\/kohenavocats.com\\\/ru\\\/#website\",\"url\":\"https:\\\/\\\/kohenavocats.com\\\/ru\\\/\",\"name\":\"Kohen Avocats\",\"description\":\"Ma\u00eetre Hassan Kohen, avocat p\u00e9naliste \u00e0 Paris, intervient exclusivement en droit p\u00e9nal pour la d\u00e9fense des particuliers, notamment en mati\u00e8re d\u2019accusations de viol. Il assure un accompagnement rigoureux d\u00e8s la garde \u00e0 vue jusqu\u2019\u00e0 la Cour d\u2019assises, veillant au strict respect des garanties proc\u00e9durales.\",\"publisher\":{\"@id\":\"https:\\\/\\\/kohenavocats.com\\\/ru\\\/#organization\"},\"potentialAction\":[{\"@type\":\"SearchAction\",\"target\":{\"@type\":\"EntryPoint\",\"urlTemplate\":\"https:\\\/\\\/kohenavocats.com\\\/ru\\\/?s={search_term_string}\"},\"query-input\":{\"@type\":\"PropertyValueSpecification\",\"valueRequired\":true,\"valueName\":\"search_term_string\"}}],\"inLanguage\":\"ru-RU\"},{\"@type\":\"Organization\",\"@id\":\"https:\\\/\\\/kohenavocats.com\\\/ru\\\/#organization\",\"name\":\"Kohen Avocats\",\"url\":\"https:\\\/\\\/kohenavocats.com\\\/ru\\\/\",\"logo\":{\"@type\":\"ImageObject\",\"inLanguage\":\"ru-RU\",\"@id\":\"https:\\\/\\\/kohenavocats.com\\\/ru\\\/#\\\/schema\\\/logo\\\/image\\\/\",\"url\":\"https:\\\/\\\/kohenavocats.com\\\/wp-content\\\/uploads\\\/2026\\\/01\\\/Logo-2-1.webp\",\"contentUrl\":\"https:\\\/\\\/kohenavocats.com\\\/wp-content\\\/uploads\\\/2026\\\/01\\\/Logo-2-1.webp\",\"width\":2114,\"height\":1253,\"caption\":\"Kohen Avocats\"},\"image\":{\"@id\":\"https:\\\/\\\/kohenavocats.com\\\/ru\\\/#\\\/schema\\\/logo\\\/image\\\/\"}}]}<\/script>\n<!-- \/ Yoast SEO Premium plugin. -->","yoast_head_json":{"title":"Cour sup\u00e9rieure de justice, 23 janvier 2023 - Ma\u00eetre Hassan Kohen, avocat en droit p\u00e9nal \u00e0 Paris","robots":{"index":"index","follow":"follow","max-snippet":"max-snippet:-1","max-image-preview":"max-image-preview:large","max-video-preview":"max-video-preview:-1"},"canonical":"https:\/\/kohenavocats.com\/ru\/jurisprudences\/cour-superieure-de-justice-23-janvier-2023-4\/","og_locale":"ru_RU","og_type":"article","og_title":"Cour sup\u00e9rieure de justice, 23 janvier 2023","og_description":"Arr\u00eat N\u00b026\/23VI. du23 janvier2023 (Not.12121\/22\/CC) La Cour d'appel du Grand-Duch\u00e9 de Luxembourg, sixi\u00e8me chambre, si\u00e9geant en mati\u00e8re correctionnelle, a rendu en son audience publique duvingt-trois janvierdeux mille vingt-trois, l\u2019arr\u00eat qui suit, dans la cause e n t r e : le Minist\u00e8re public, exer\u00e7ant l'action\u2026","og_url":"https:\/\/kohenavocats.com\/ru\/jurisprudences\/cour-superieure-de-justice-23-janvier-2023-4\/","og_site_name":"Ma\u00eetre Hassan Kohen, avocat en droit p\u00e9nal \u00e0 Paris","article_modified_time":"2026-04-22T12:48:35+00:00","twitter_card":"summary_large_image","twitter_misc":{"\u041f\u0440\u0438\u043c\u0435\u0440\u043d\u043e\u0435 \u0432\u0440\u0435\u043c\u044f \u0434\u043b\u044f \u0447\u0442\u0435\u043d\u0438\u044f":"5 \u043c\u0438\u043d\u0443\u0442"},"schema":{"@context":"https:\/\/schema.org","@graph":[{"@type":"WebPage","@id":"https:\/\/kohenavocats.com\/ru\/jurisprudences\/cour-superieure-de-justice-23-janvier-2023-4\/","url":"https:\/\/kohenavocats.com\/ru\/jurisprudences\/cour-superieure-de-justice-23-janvier-2023-4\/","name":"Cour sup\u00e9rieure de justice, 23 janvier 2023 - Ma\u00eetre Hassan Kohen, avocat en droit p\u00e9nal \u00e0 Paris","isPartOf":{"@id":"https:\/\/kohenavocats.com\/ru\/#website"},"datePublished":"2026-04-22T12:48:31+00:00","dateModified":"2026-04-22T12:48:35+00:00","breadcrumb":{"@id":"https:\/\/kohenavocats.com\/ru\/jurisprudences\/cour-superieure-de-justice-23-janvier-2023-4\/#breadcrumb"},"inLanguage":"ru-RU","potentialAction":[{"@type":"ReadAction","target":["https:\/\/kohenavocats.com\/ru\/jurisprudences\/cour-superieure-de-justice-23-janvier-2023-4\/"]}]},{"@type":"BreadcrumbList","@id":"https:\/\/kohenavocats.com\/ru\/jurisprudences\/cour-superieure-de-justice-23-janvier-2023-4\/#breadcrumb","itemListElement":[{"@type":"ListItem","position":1,"name":"Home","item":"https:\/\/kohenavocats.com\/ru\/avocats-en-droit-penal-a-paris-conseil-et-defense-strategique\/"},{"@type":"ListItem","position":2,"name":"Jurisprudences","item":"https:\/\/kohenavocats.com\/ru\/jurisprudences\/"},{"@type":"ListItem","position":3,"name":"Cour sup\u00e9rieure de justice, 23 janvier 2023"}]},{"@type":"WebSite","@id":"https:\/\/kohenavocats.com\/ru\/#website","url":"https:\/\/kohenavocats.com\/ru\/","name":"Kohen Avocats","description":"Ma\u00eetre Hassan Kohen, avocat p\u00e9naliste \u00e0 Paris, intervient exclusivement en droit p\u00e9nal pour la d\u00e9fense des particuliers, notamment en mati\u00e8re d\u2019accusations de viol. Il assure un accompagnement rigoureux d\u00e8s la garde \u00e0 vue jusqu\u2019\u00e0 la Cour d\u2019assises, veillant au strict respect des garanties proc\u00e9durales.","publisher":{"@id":"https:\/\/kohenavocats.com\/ru\/#organization"},"potentialAction":[{"@type":"SearchAction","target":{"@type":"EntryPoint","urlTemplate":"https:\/\/kohenavocats.com\/ru\/?s={search_term_string}"},"query-input":{"@type":"PropertyValueSpecification","valueRequired":true,"valueName":"search_term_string"}}],"inLanguage":"ru-RU"},{"@type":"Organization","@id":"https:\/\/kohenavocats.com\/ru\/#organization","name":"Kohen Avocats","url":"https:\/\/kohenavocats.com\/ru\/","logo":{"@type":"ImageObject","inLanguage":"ru-RU","@id":"https:\/\/kohenavocats.com\/ru\/#\/schema\/logo\/image\/","url":"https:\/\/kohenavocats.com\/wp-content\/uploads\/2026\/01\/Logo-2-1.webp","contentUrl":"https:\/\/kohenavocats.com\/wp-content\/uploads\/2026\/01\/Logo-2-1.webp","width":2114,"height":1253,"caption":"Kohen Avocats"},"image":{"@id":"https:\/\/kohenavocats.com\/ru\/#\/schema\/logo\/image\/"}}]}},"jetpack_likes_enabled":false,"jetpack_sharing_enabled":true,"_links":{"self":[{"href":"https:\/\/kohenavocats.com\/ru\/wp-json\/wp\/v2\/kji_decision\/648850","targetHints":{"allow":["GET"]}}],"collection":[{"href":"https:\/\/kohenavocats.com\/ru\/wp-json\/wp\/v2\/kji_decision"}],"about":[{"href":"https:\/\/kohenavocats.com\/ru\/wp-json\/wp\/v2\/types\/kji_decision"}],"wp:attachment":[{"href":"https:\/\/kohenavocats.com\/ru\/wp-json\/wp\/v2\/media?parent=648850"}],"wp:term":[{"taxonomy":"kji_country","embeddable":true,"href":"https:\/\/kohenavocats.com\/ru\/wp-json\/wp\/v2\/kji_country?post=648850"},{"taxonomy":"kji_court","embeddable":true,"href":"https:\/\/kohenavocats.com\/ru\/wp-json\/wp\/v2\/kji_court?post=648850"},{"taxonomy":"kji_chamber","embeddable":true,"href":"https:\/\/kohenavocats.com\/ru\/wp-json\/wp\/v2\/kji_chamber?post=648850"},{"taxonomy":"kji_year","embeddable":true,"href":"https:\/\/kohenavocats.com\/ru\/wp-json\/wp\/v2\/kji_year?post=648850"},{"taxonomy":"kji_subject","embeddable":true,"href":"https:\/\/kohenavocats.com\/ru\/wp-json\/wp\/v2\/kji_subject?post=648850"},{"taxonomy":"kji_keyword","embeddable":true,"href":"https:\/\/kohenavocats.com\/ru\/wp-json\/wp\/v2\/kji_keyword?post=648850"},{"taxonomy":"kji_language","embeddable":true,"href":"https:\/\/kohenavocats.com\/ru\/wp-json\/wp\/v2\/kji_language?post=648850"}],"curies":[{"name":"wp","href":"https:\/\/api.w.org\/{rel}","templated":true}]}}