{"id":648903,"date":"2026-04-22T14:59:11","date_gmt":"2026-04-22T12:59:11","guid":{"rendered":"https:\/\/kohenavocats.com\/jurisprudences\/cour-superieure-de-justice-23-janvier-2023-5\/"},"modified":"2026-04-22T14:59:14","modified_gmt":"2026-04-22T12:59:14","slug":"cour-superieure-de-justice-23-janvier-2023-5","status":"publish","type":"kji_decision","link":"https:\/\/kohenavocats.com\/ru\/jurisprudences\/cour-superieure-de-justice-23-janvier-2023-5\/","title":{"rendered":"Cour sup\u00e9rieure de justice, 23 janvier 2023"},"content":{"rendered":"<div class=\"kji-decision\">\n<div class=\"kji-full-text\">\n<p>Arr\u00eat N\u00b027\/23VI. du23 janvier2023 (Not.2606\/22\/CC) La Cour d&#039;appel du Grand-Duch\u00e9 de Luxembourg, sixi\u00e8me chambre, si\u00e9geant en mati\u00e8re correctionnelle, a rendu en son audience publique duvingt-trois janvierdeux mille vingt-trois, l\u2019arr\u00eat qui suit, dans la cause e n t r e : le Minist\u00e8re public, exer\u00e7ant l&#039;action publique pour la r\u00e9pression des crimes et d\u00e9lits, appelant e t : PERSONNE1.), n\u00e9 leDATE1.)\u00e0ADRESSE1.), demeurant\u00e0ADRESSE2.), pr\u00e9venu,appelant. __________________________________________________________________ F A I T S: Les faits et r\u00e9troactes de l&#039;affaire r\u00e9sultent \u00e0 suffisance de droit d&#039;une ordonnance p\u00e9nale rendue le29 septembre 2022sous le num\u00e9ro821\/22par une chambre correctionnelledu tribunal d&#039;arrondissement de et \u00e0 Luxembourg, si\u00e9geant en chambre du conseil, qui est con\u00e7ue comme suit:<\/p>\n<p>2 \u00ab&#8230;\u00bb<\/p>\n<p>3 De cette ordonnance p\u00e9nale, appel fut relev\u00e9 le26 octobre 2022au greffe du tribunal d\u2019arrondissement de Luxembourg par le pr\u00e9venuPERSONNE1.). En vertu de cet appel et par citation du10 novembre 2022, le pr\u00e9venuPERSONNE1.) fut r\u00e9guli\u00e8rement requis de compara\u00eetre \u00e0 l\u2019audience publique du9 janvier 2023 devant la Cour d&#039;appel de Luxembourg, sixi\u00e8me chambre, si\u00e9geant en mati\u00e8re correctionnelle, pour y entendre statuer sur le m\u00e9rite de l\u2019appel interjet\u00e9. A cette audience, le pr\u00e9venuPERSONNE1.)renon\u00e7a \u00e0 l\u2019assistance d\u2019un avocat et apr\u00e8s avoir \u00e9t\u00e9 averti de son droitde se taire et de ne pas s\u2019incriminer soi-m\u00eame,il d\u00e9clara se d\u00e9sister de son appel. Madame le substitut Jil FEIERSTEIN, assumant les fonctions de Minist\u00e8re public, d\u00e9clara ne pas s\u2019opposer au d\u00e9sistement d\u2019appel. L A C O U R prit l\u2019affaire en d\u00e9lib\u00e9r\u00e9 et rendit \u00e0 l\u2019audience publique du23 janvier 2023, \u00e0 laquelle le prononc\u00e9 avait \u00e9t\u00e9 fix\u00e9, l\u2019arr\u00eatqui suit: Par d\u00e9claration du 26 octobre 2022 au greffe du tribunal d\u2019arrondissement de et \u00e0 Luxembourg,PERSONNE1.)a fait interjeter appel contre l\u2019ordonnance p\u00e9nale num\u00e9ro 821\/22 du 29 septembre 2022 la chambre du conseil aupr\u00e8s du m\u00eame tribunal. L\u2019ordonnance p\u00e9nale attaqu\u00e9e, notifi\u00e9e \u00e0 l\u2019appelant le 19 octobre 2022, est reproduite aux qualit\u00e9s du pr\u00e9sent arr\u00eat. Al\u2019audience de la Cour,PERSONNE1.)s\u2019est d\u00e9sist\u00e9 de son appel. Le minist\u00e8re public a d\u00e9clar\u00e9 accepter ce d\u00e9sistement. Le d\u00e9sistement de l\u2019appel au p\u00e9nal du pr\u00e9venu en audience publique, accept\u00e9 par le minist\u00e8re public, est \u00e0 d\u00e9cr\u00e9ter pour \u00eatre r\u00e9gulieret valable. P A R C E S M O T I F S, la Cour d\u2019appel, sixi\u00e8me chambre, si\u00e9geant en mati\u00e8re correctionnelle, statuant contradictoirement, le pr\u00e9venu entendu en ses moyens, ainsi que le minist\u00e8re public en ses r\u00e9quisitions, donne acte \u00e0PERSONNE1.)de son d\u00e9sistement de son appel contre l\u2019ordonnance p\u00e9nale num\u00e9ro 821\/22 du 29 septembre 2022, d\u00e9cr\u00e8te ce d\u00e9sistement, condamnePERSONNE1.)aux frais de sa poursuite en instance d\u2019appel, ces frais liquid\u00e9s \u00e08,80euros.<\/p>\n<p>4 Par application des textes de loi renseign\u00e9s dans l\u2019ordonnance p\u00e9nale du29 septembre 2022 en y ajoutantles articles 199, 202, 203, 209 et 211 du Code de proc\u00e9dure p\u00e9nale. Ainsi fait, jug\u00e9 et prononc\u00e9 en audience publique par la Cour d&#039;appel du Grand-Duch\u00e9 de Luxembourg, sixi\u00e8me chambre, si\u00e9geant en mati\u00e8re correctionnelle, \u00e0 Luxembourg, Cit\u00e9 Judiciaire, Plateau du St. Esprit, o\u00f9 \u00e9taient pr\u00e9sents: Nathalie JUNG, pr\u00e9sidentde chambre Fran\u00e7oise ROSEN, premier conseiller Paul VOUEL, conseiller Marc SCHILTZ,avocat g\u00e9n\u00e9ral Pascale BIRDEN, greffier qui, \u00e0 l&#039;exception du repr\u00e9sentant du Minist\u00e8re public, ont sign\u00e9 le pr\u00e9sent arr\u00eat.<\/p>\n<\/div>\n<hr class=\"kji-sep\" \/>\n<p class=\"kji-source-links\"><strong>Sources officielles :<\/strong> <a class=\"kji-source-link\" href=\"https:\/\/data.public.lu\/fr\/datasets\/cour-superieure-de-justice-chambre-6\/\" target=\"_blank\" rel=\"noopener noreferrer\">consulter la page source<\/a> &middot; <a class=\"kji-pdf-link\" href=\"https:\/\/download.data.public.lu\/resources\/cour-superieure-de-justice-chambre-6\/20240827-183143\/20230123-ca6-27-pseudonymise-accessible.pdf\" target=\"_blank\" rel=\"noopener noreferrer\">PDF officiel<\/a><\/p>\n<p class=\"kji-license-note\"><em>Licence CC BY-ND 4.0 (Administration judiciaire, data.public.lu). Republication autorisee avec attribution, sans modification editoriale du texte integral.<\/em><\/p>\n<\/div>\n","protected":false},"excerpt":{"rendered":"<p>Arr\u00eat N\u00b027\/23VI. du23 janvier2023 (Not.2606\/22\/CC) La Cour d&#8217;appel du Grand-Duch\u00e9 de Luxembourg, sixi\u00e8me chambre, si\u00e9geant en mati\u00e8re correctionnelle, a rendu en son audience publique duvingt-trois janvierdeux mille vingt-trois, l\u2019arr\u00eat qui suit, dans la cause e n t r e : le Minist\u00e8re public, exer\u00e7ant l&#8217;action\u2026<\/p>\n","protected":false},"featured_media":0,"template":"","meta":{"_crdt_document":""},"kji_country":[8418],"kji_court":[12305],"kji_chamber":[20373],"kji_year":[24566],"kji_subject":[7724],"kji_keyword":[8683,8460,9055,12307],"kji_language":[7733],"class_list":["post-648903","kji_decision","type-kji_decision","status-publish","hentry","kji_country-luxembourg","kji_court-cour-superieure-de-justice","kji_chamber-chambre-6","kji_year-24566","kji_subject-civil","kji_keyword-arret","kji_keyword-janvier","kji_keyword-justice","kji_keyword-superieure","kji_language-francais"],"yoast_head":"<!-- This site is optimized with the Yoast SEO Premium plugin v27.4 (Yoast SEO v27.4) - https:\/\/yoast.com\/product\/yoast-seo-premium-wordpress\/ -->\n<title>Cour sup\u00e9rieure de justice, 23 janvier 2023 - Ma\u00eetre Hassan Kohen, avocat en droit p\u00e9nal \u00e0 Paris<\/title>\n<meta name=\"robots\" content=\"index, follow, max-snippet:-1, max-image-preview:large, max-video-preview:-1\" \/>\n<link rel=\"canonical\" href=\"https:\/\/kohenavocats.com\/ru\/jurisprudences\/cour-superieure-de-justice-23-janvier-2023-5\/\" \/>\n<meta property=\"og:locale\" content=\"ru_RU\" \/>\n<meta property=\"og:type\" content=\"article\" \/>\n<meta property=\"og:title\" content=\"Cour sup\u00e9rieure de justice, 23 janvier 2023\" \/>\n<meta property=\"og:description\" content=\"Arr\u00eat N\u00b027\/23VI. du23 janvier2023 (Not.2606\/22\/CC) La Cour d&#039;appel du Grand-Duch\u00e9 de Luxembourg, sixi\u00e8me chambre, si\u00e9geant en mati\u00e8re correctionnelle, a rendu en son audience publique duvingt-trois janvierdeux mille vingt-trois, l\u2019arr\u00eat qui suit, dans la cause e n t r e : le Minist\u00e8re public, exer\u00e7ant l&#039;action\u2026\" \/>\n<meta property=\"og:url\" content=\"https:\/\/kohenavocats.com\/ru\/jurisprudences\/cour-superieure-de-justice-23-janvier-2023-5\/\" \/>\n<meta property=\"og:site_name\" content=\"Ma\u00eetre Hassan Kohen, avocat en droit p\u00e9nal \u00e0 Paris\" \/>\n<meta property=\"article:modified_time\" content=\"2026-04-22T12:59:14+00:00\" \/>\n<meta name=\"twitter:card\" content=\"summary_large_image\" \/>\n<meta name=\"twitter:label1\" content=\"\u041f\u0440\u0438\u043c\u0435\u0440\u043d\u043e\u0435 \u0432\u0440\u0435\u043c\u044f \u0434\u043b\u044f \u0447\u0442\u0435\u043d\u0438\u044f\" \/>\n\t<meta name=\"twitter:data1\" content=\"3 \u043c\u0438\u043d\u0443\u0442\u044b\" \/>\n<script type=\"application\/ld+json\" class=\"yoast-schema-graph\">{\"@context\":\"https:\\\/\\\/schema.org\",\"@graph\":[{\"@type\":\"WebPage\",\"@id\":\"https:\\\/\\\/kohenavocats.com\\\/ru\\\/jurisprudences\\\/cour-superieure-de-justice-23-janvier-2023-5\\\/\",\"url\":\"https:\\\/\\\/kohenavocats.com\\\/ru\\\/jurisprudences\\\/cour-superieure-de-justice-23-janvier-2023-5\\\/\",\"name\":\"Cour sup\u00e9rieure de justice, 23 janvier 2023 - Ma\u00eetre Hassan Kohen, avocat en droit p\u00e9nal \u00e0 Paris\",\"isPartOf\":{\"@id\":\"https:\\\/\\\/kohenavocats.com\\\/ru\\\/#website\"},\"datePublished\":\"2026-04-22T12:59:11+00:00\",\"dateModified\":\"2026-04-22T12:59:14+00:00\",\"breadcrumb\":{\"@id\":\"https:\\\/\\\/kohenavocats.com\\\/ru\\\/jurisprudences\\\/cour-superieure-de-justice-23-janvier-2023-5\\\/#breadcrumb\"},\"inLanguage\":\"ru-RU\",\"potentialAction\":[{\"@type\":\"ReadAction\",\"target\":[\"https:\\\/\\\/kohenavocats.com\\\/ru\\\/jurisprudences\\\/cour-superieure-de-justice-23-janvier-2023-5\\\/\"]}]},{\"@type\":\"BreadcrumbList\",\"@id\":\"https:\\\/\\\/kohenavocats.com\\\/ru\\\/jurisprudences\\\/cour-superieure-de-justice-23-janvier-2023-5\\\/#breadcrumb\",\"itemListElement\":[{\"@type\":\"ListItem\",\"position\":1,\"name\":\"Home\",\"item\":\"https:\\\/\\\/kohenavocats.com\\\/ru\\\/avocats-en-droit-penal-a-paris-conseil-et-defense-strategique\\\/\"},{\"@type\":\"ListItem\",\"position\":2,\"name\":\"Jurisprudences\",\"item\":\"https:\\\/\\\/kohenavocats.com\\\/ru\\\/jurisprudences\\\/\"},{\"@type\":\"ListItem\",\"position\":3,\"name\":\"Cour sup\u00e9rieure de justice, 23 janvier 2023\"}]},{\"@type\":\"WebSite\",\"@id\":\"https:\\\/\\\/kohenavocats.com\\\/ru\\\/#website\",\"url\":\"https:\\\/\\\/kohenavocats.com\\\/ru\\\/\",\"name\":\"Kohen Avocats\",\"description\":\"Ma\u00eetre Hassan Kohen, avocat p\u00e9naliste \u00e0 Paris, intervient exclusivement en droit p\u00e9nal pour la d\u00e9fense des particuliers, notamment en mati\u00e8re d\u2019accusations de viol. Il assure un accompagnement rigoureux d\u00e8s la garde \u00e0 vue jusqu\u2019\u00e0 la Cour d\u2019assises, veillant au strict respect des garanties proc\u00e9durales.\",\"publisher\":{\"@id\":\"https:\\\/\\\/kohenavocats.com\\\/ru\\\/#organization\"},\"potentialAction\":[{\"@type\":\"SearchAction\",\"target\":{\"@type\":\"EntryPoint\",\"urlTemplate\":\"https:\\\/\\\/kohenavocats.com\\\/ru\\\/?s={search_term_string}\"},\"query-input\":{\"@type\":\"PropertyValueSpecification\",\"valueRequired\":true,\"valueName\":\"search_term_string\"}}],\"inLanguage\":\"ru-RU\"},{\"@type\":\"Organization\",\"@id\":\"https:\\\/\\\/kohenavocats.com\\\/ru\\\/#organization\",\"name\":\"Kohen Avocats\",\"url\":\"https:\\\/\\\/kohenavocats.com\\\/ru\\\/\",\"logo\":{\"@type\":\"ImageObject\",\"inLanguage\":\"ru-RU\",\"@id\":\"https:\\\/\\\/kohenavocats.com\\\/ru\\\/#\\\/schema\\\/logo\\\/image\\\/\",\"url\":\"https:\\\/\\\/kohenavocats.com\\\/wp-content\\\/uploads\\\/2026\\\/01\\\/Logo-2-1.webp\",\"contentUrl\":\"https:\\\/\\\/kohenavocats.com\\\/wp-content\\\/uploads\\\/2026\\\/01\\\/Logo-2-1.webp\",\"width\":2114,\"height\":1253,\"caption\":\"Kohen Avocats\"},\"image\":{\"@id\":\"https:\\\/\\\/kohenavocats.com\\\/ru\\\/#\\\/schema\\\/logo\\\/image\\\/\"}}]}<\/script>\n<!-- \/ Yoast SEO Premium plugin. -->","yoast_head_json":{"title":"Cour sup\u00e9rieure de justice, 23 janvier 2023 - Ma\u00eetre Hassan Kohen, avocat en droit p\u00e9nal \u00e0 Paris","robots":{"index":"index","follow":"follow","max-snippet":"max-snippet:-1","max-image-preview":"max-image-preview:large","max-video-preview":"max-video-preview:-1"},"canonical":"https:\/\/kohenavocats.com\/ru\/jurisprudences\/cour-superieure-de-justice-23-janvier-2023-5\/","og_locale":"ru_RU","og_type":"article","og_title":"Cour sup\u00e9rieure de justice, 23 janvier 2023","og_description":"Arr\u00eat N\u00b027\/23VI. du23 janvier2023 (Not.2606\/22\/CC) La Cour d'appel du Grand-Duch\u00e9 de Luxembourg, sixi\u00e8me chambre, si\u00e9geant en mati\u00e8re correctionnelle, a rendu en son audience publique duvingt-trois janvierdeux mille vingt-trois, l\u2019arr\u00eat qui suit, dans la cause e n t r e : le Minist\u00e8re public, exer\u00e7ant l'action\u2026","og_url":"https:\/\/kohenavocats.com\/ru\/jurisprudences\/cour-superieure-de-justice-23-janvier-2023-5\/","og_site_name":"Ma\u00eetre Hassan Kohen, avocat en droit p\u00e9nal \u00e0 Paris","article_modified_time":"2026-04-22T12:59:14+00:00","twitter_card":"summary_large_image","twitter_misc":{"\u041f\u0440\u0438\u043c\u0435\u0440\u043d\u043e\u0435 \u0432\u0440\u0435\u043c\u044f \u0434\u043b\u044f \u0447\u0442\u0435\u043d\u0438\u044f":"3 \u043c\u0438\u043d\u0443\u0442\u044b"},"schema":{"@context":"https:\/\/schema.org","@graph":[{"@type":"WebPage","@id":"https:\/\/kohenavocats.com\/ru\/jurisprudences\/cour-superieure-de-justice-23-janvier-2023-5\/","url":"https:\/\/kohenavocats.com\/ru\/jurisprudences\/cour-superieure-de-justice-23-janvier-2023-5\/","name":"Cour sup\u00e9rieure de justice, 23 janvier 2023 - Ma\u00eetre Hassan Kohen, avocat en droit p\u00e9nal \u00e0 Paris","isPartOf":{"@id":"https:\/\/kohenavocats.com\/ru\/#website"},"datePublished":"2026-04-22T12:59:11+00:00","dateModified":"2026-04-22T12:59:14+00:00","breadcrumb":{"@id":"https:\/\/kohenavocats.com\/ru\/jurisprudences\/cour-superieure-de-justice-23-janvier-2023-5\/#breadcrumb"},"inLanguage":"ru-RU","potentialAction":[{"@type":"ReadAction","target":["https:\/\/kohenavocats.com\/ru\/jurisprudences\/cour-superieure-de-justice-23-janvier-2023-5\/"]}]},{"@type":"BreadcrumbList","@id":"https:\/\/kohenavocats.com\/ru\/jurisprudences\/cour-superieure-de-justice-23-janvier-2023-5\/#breadcrumb","itemListElement":[{"@type":"ListItem","position":1,"name":"Home","item":"https:\/\/kohenavocats.com\/ru\/avocats-en-droit-penal-a-paris-conseil-et-defense-strategique\/"},{"@type":"ListItem","position":2,"name":"Jurisprudences","item":"https:\/\/kohenavocats.com\/ru\/jurisprudences\/"},{"@type":"ListItem","position":3,"name":"Cour sup\u00e9rieure de justice, 23 janvier 2023"}]},{"@type":"WebSite","@id":"https:\/\/kohenavocats.com\/ru\/#website","url":"https:\/\/kohenavocats.com\/ru\/","name":"Kohen Avocats","description":"Ma\u00eetre Hassan Kohen, avocat p\u00e9naliste \u00e0 Paris, intervient exclusivement en droit p\u00e9nal pour la d\u00e9fense des particuliers, notamment en mati\u00e8re d\u2019accusations de viol. Il assure un accompagnement rigoureux d\u00e8s la garde \u00e0 vue jusqu\u2019\u00e0 la Cour d\u2019assises, veillant au strict respect des garanties proc\u00e9durales.","publisher":{"@id":"https:\/\/kohenavocats.com\/ru\/#organization"},"potentialAction":[{"@type":"SearchAction","target":{"@type":"EntryPoint","urlTemplate":"https:\/\/kohenavocats.com\/ru\/?s={search_term_string}"},"query-input":{"@type":"PropertyValueSpecification","valueRequired":true,"valueName":"search_term_string"}}],"inLanguage":"ru-RU"},{"@type":"Organization","@id":"https:\/\/kohenavocats.com\/ru\/#organization","name":"Kohen Avocats","url":"https:\/\/kohenavocats.com\/ru\/","logo":{"@type":"ImageObject","inLanguage":"ru-RU","@id":"https:\/\/kohenavocats.com\/ru\/#\/schema\/logo\/image\/","url":"https:\/\/kohenavocats.com\/wp-content\/uploads\/2026\/01\/Logo-2-1.webp","contentUrl":"https:\/\/kohenavocats.com\/wp-content\/uploads\/2026\/01\/Logo-2-1.webp","width":2114,"height":1253,"caption":"Kohen Avocats"},"image":{"@id":"https:\/\/kohenavocats.com\/ru\/#\/schema\/logo\/image\/"}}]}},"jetpack_likes_enabled":false,"jetpack_sharing_enabled":true,"_links":{"self":[{"href":"https:\/\/kohenavocats.com\/ru\/wp-json\/wp\/v2\/kji_decision\/648903","targetHints":{"allow":["GET"]}}],"collection":[{"href":"https:\/\/kohenavocats.com\/ru\/wp-json\/wp\/v2\/kji_decision"}],"about":[{"href":"https:\/\/kohenavocats.com\/ru\/wp-json\/wp\/v2\/types\/kji_decision"}],"wp:attachment":[{"href":"https:\/\/kohenavocats.com\/ru\/wp-json\/wp\/v2\/media?parent=648903"}],"wp:term":[{"taxonomy":"kji_country","embeddable":true,"href":"https:\/\/kohenavocats.com\/ru\/wp-json\/wp\/v2\/kji_country?post=648903"},{"taxonomy":"kji_court","embeddable":true,"href":"https:\/\/kohenavocats.com\/ru\/wp-json\/wp\/v2\/kji_court?post=648903"},{"taxonomy":"kji_chamber","embeddable":true,"href":"https:\/\/kohenavocats.com\/ru\/wp-json\/wp\/v2\/kji_chamber?post=648903"},{"taxonomy":"kji_year","embeddable":true,"href":"https:\/\/kohenavocats.com\/ru\/wp-json\/wp\/v2\/kji_year?post=648903"},{"taxonomy":"kji_subject","embeddable":true,"href":"https:\/\/kohenavocats.com\/ru\/wp-json\/wp\/v2\/kji_subject?post=648903"},{"taxonomy":"kji_keyword","embeddable":true,"href":"https:\/\/kohenavocats.com\/ru\/wp-json\/wp\/v2\/kji_keyword?post=648903"},{"taxonomy":"kji_language","embeddable":true,"href":"https:\/\/kohenavocats.com\/ru\/wp-json\/wp\/v2\/kji_language?post=648903"}],"curies":[{"name":"wp","href":"https:\/\/api.w.org\/{rel}","templated":true}]}}