{"id":648999,"date":"2026-04-22T15:04:35","date_gmt":"2026-04-22T13:04:35","guid":{"rendered":"https:\/\/kohenavocats.com\/jurisprudences\/acordao-supremo-tribunal-de-justica-processo-3122-18-8t8vct-g2-s1-2023-01-19\/"},"modified":"2026-04-22T15:04:35","modified_gmt":"2026-04-22T13:04:35","slug":"acordao-supremo-tribunal-de-justica-processo-3122-18-8t8vct-g2-s1-2023-01-19","status":"publish","type":"kji_decision","link":"https:\/\/kohenavocats.com\/ru\/jurisprudences\/acordao-supremo-tribunal-de-justica-processo-3122-18-8t8vct-g2-s1-2023-01-19\/","title":{"rendered":"Ac\u00f3rd\u00e3o Supremo Tribunal de Justi\u00e7a \u2013 Processo 3122\/18.8T8VCT.G2.S1 \u2013 2023-01-19"},"content":{"rendered":"<div class=\"kji-decision\">\n<p class=\"kji-summary\">Relator: MANUEL CAPELO. I. &#8212; O art. 139 ? ?nico do RTA determinando ser vedado aos ve?culos empregados em carreiras interurbanas tomar passageiros e respetivas bagagens, desde que o local do seu destino fique dentro da mesma ?rea, salvo se, n?o existindo exclusivo de transportes coletivos urbanos, n?o houver carreiras urbanas que o permitam servir, permitia que as carreiras interurbanas pudessem realizar trajetos de tomada e largada de passageiros dentro dos per?metros urbanos se e s? se n?o existissem transportes urbanos com esse exclusivo. II. &#8212; A circunst?ncia de ter passado a existir concess?o de transportes urbanos com exclusivo determina por si mesma que as carreiras interurbanas que efetuassem esses transportes fiquem proibidas de o fazer uma vez que a condi??o legal que lho permitia cessou, passando a sua atua??o a ser il?cita. III. &#8212; Com a entrada em vigor da Lei 52\/2015 de 9 de junho que aprovou o Regime Jur?dico do Servi?o P?blico de Transporte de Passageiros e revogou o Regulamento de Transportes em Autom?veis (Decreto n.? 37272) o art. 27 n?2 desse diploma estabelecendo que a atribui??o de um direito exclusivo a determinado operador de servi?o p?blico em determinada ?rea geogr?fica n?o impede ou limita a explora??o, por outros operadores de servi?o p?blico ou diretamente pela autoridade de transportes competente, de determinado servi?o p?blico de transporte de passageiros que atravesse essa ?rea geogr?fica, por forma a assegurar as liga??es com ?reas geogr?ficas adjacentes, n?o autoriza a que esse atravessamento se possa traduzir na possibilidade de tomar e largar passageiros dentro do per?metro de exclusividade urbana. IV. &#8212; S? pode ser relegada para liquida??o a fixa??o da indemniza??o quando na a??o declarativa se provou a exist?ncia de danos, mas sem haver possibilidade de logo fixar o seu quantitativo.<\/p>\n<hr class=\"kji-sep\" \/>\n<p class=\"kji-source-links\"><strong>Sources officielles :<\/strong> <a class=\"kji-source-link\" href=\"https:\/\/www.dgsi.pt\/jstj.nsf\/954f0ce6ad9dd8b980256b5f003fa814\/190631af07e449b2802589400059f517?OpenDocument&#038;ExpandSection=1\" target=\"_blank\" rel=\"noopener noreferrer\">consulter la page source<\/a><\/p>\n<p class=\"kji-license-note\"><em>Portails officiels portugais (DGSI \/ Tribunal Constitucional). Republication en metadata_only par prudence licencielle ; consulter la source officielle pour le texte authentique.<\/em><\/p>\n<\/div>\n","protected":false},"excerpt":{"rendered":"<p>Relator: MANUEL CAPELO. I. &#8212; O art. 139 ? ?nico do RTA determinando ser vedado aos ve?culos empregados em carreiras interurbanas tomar passageiros e respetivas bagagens, desde que o local do seu destino fique dentro da mesma ?rea, salvo se, n?o existindo exclusivo de transportes coletivos urbanos, n?o houver carreiras urbanas que o permitam servir, permitia que as carreiras interurbanas pudessem realizar trajetos de tomada e largada de passageiros dentro dos per?metros urbanos se e s? se n?o existissem transportes urbanos com esse exclusivo. II. &#8212; A circunst?ncia de ter passado a existir concess?o de transportes urbanos com exclusivo determina por si mesma que as carreiras interurbanas que efetuassem esses transportes fiquem proibidas de o fazer uma vez que a condi??o legal que lho permitia cessou, passando a sua atua??o a ser il?cita. III. &#8212; Com a entrada em vigor da Lei 52\/2015 de 9 de junho que aprovou o Regime Jur?dico do Servi?o P?blico de Transporte de Passageiros e revogou o Regulamento de Transportes em Autom?veis (Decreto n.? 37272) o art. 27 n?2 desse diploma estabelecendo que a atribui??o de um direito exclusivo a determinado operador de servi?o p?blico em determinada ?rea geogr?fica n?o impede ou limita a explora??o, por outros operadores de servi?o p?blico ou diretamente pela autoridade de transportes competente, de determinado servi?o p?blico de transporte de passageiros que atravesse essa ?rea geogr?fica, por forma a assegurar as liga??es com ?reas geogr?ficas adjacentes, n?o autoriza a que esse atravessamento se possa traduzir na possibilidade de tomar e largar passageiros dentro do per?metro de exclusividade urbana. IV. &#8212; S? pode ser relegada para liquida??o a fixa??o da indemniza??o quando na a??o declarativa se provou a exist?ncia de danos, mas sem haver possibilidade de logo fixar o seu quantitativo.<\/p>\n","protected":false},"featured_media":0,"template":"","meta":{"_crdt_document":""},"kji_country":[7762],"kji_court":[7763],"kji_chamber":[8713],"kji_year":[24566],"kji_subject":[7612],"kji_keyword":[7772,7774,7771,7773,7636],"kji_language":[7770],"class_list":["post-648999","kji_decision","type-kji_decision","status-publish","hentry","kji_country-portugal","kji_court-supremo-tribunal-de-justica","kji_chamber-7-seco","kji_year-24566","kji_subject-fiscal","kji_keyword-acordao","kji_keyword-justica","kji_keyword-processo","kji_keyword-supremo","kji_keyword-tribunal","kji_language-pt"],"yoast_head":"<!-- This site is optimized with the Yoast SEO Premium plugin v27.4 (Yoast SEO v27.4) - https:\/\/yoast.com\/product\/yoast-seo-premium-wordpress\/ -->\n<title>Ac\u00f3rd\u00e3o Supremo Tribunal de Justi\u00e7a \u2013 Processo 3122\/18.8T8VCT.G2.S1 \u2013 2023-01-19 - Ma\u00eetre Hassan Kohen, avocat en droit p\u00e9nal \u00e0 Paris<\/title>\n<meta name=\"robots\" content=\"index, follow, max-snippet:-1, max-image-preview:large, max-video-preview:-1\" \/>\n<link rel=\"canonical\" href=\"https:\/\/kohenavocats.com\/ru\/jurisprudences\/acordao-supremo-tribunal-de-justica-processo-3122-18-8t8vct-g2-s1-2023-01-19\/\" \/>\n<meta property=\"og:locale\" content=\"ru_RU\" \/>\n<meta property=\"og:type\" content=\"article\" \/>\n<meta property=\"og:title\" content=\"Ac\u00f3rd\u00e3o Supremo Tribunal de Justi\u00e7a \u2013 Processo 3122\/18.8T8VCT.G2.S1 \u2013 2023-01-19\" \/>\n<meta property=\"og:description\" content=\"Relator: MANUEL CAPELO. I. - O art. 139 ? ?nico do RTA determinando ser vedado aos ve?culos empregados em carreiras interurbanas tomar passageiros e respetivas bagagens, desde que o local do seu destino fique dentro da mesma ?rea, salvo se, n?o existindo exclusivo de transportes coletivos urbanos, n?o houver carreiras urbanas que o permitam servir, permitia que as carreiras interurbanas pudessem realizar trajetos de tomada e largada de passageiros dentro dos per?metros urbanos se e s? se n?o existissem transportes urbanos com esse exclusivo. II. - A circunst?ncia de ter passado a existir concess?o de transportes urbanos com exclusivo determina por si mesma que as carreiras interurbanas que efetuassem esses transportes fiquem proibidas de o fazer uma vez que a condi??o legal que lho permitia cessou, passando a sua atua??o a ser il?cita. III. - Com a entrada em vigor da Lei 52\/2015 de 9 de junho que aprovou o Regime Jur?dico do Servi?o P?blico de Transporte de Passageiros e revogou o Regulamento de Transportes em Autom?veis (Decreto n.? 37272) o art. 27 n?2 desse diploma estabelecendo que a atribui??o de um direito exclusivo a determinado operador de servi?o p?blico em determinada ?rea geogr?fica n?o impede ou limita a explora??o, por outros operadores de servi?o p?blico ou diretamente pela autoridade de transportes competente, de determinado servi?o p?blico de transporte de passageiros que atravesse essa ?rea geogr?fica, por forma a assegurar as liga??es com ?reas geogr?ficas adjacentes, n?o autoriza a que esse atravessamento se possa traduzir na possibilidade de tomar e largar passageiros dentro do per?metro de exclusividade urbana. IV. - S? pode ser relegada para liquida??o a fixa??o da indemniza??o quando na a??o declarativa se provou a exist?ncia de danos, mas sem haver possibilidade de logo fixar o seu quantitativo.\" \/>\n<meta property=\"og:url\" content=\"https:\/\/kohenavocats.com\/ru\/jurisprudences\/acordao-supremo-tribunal-de-justica-processo-3122-18-8t8vct-g2-s1-2023-01-19\/\" \/>\n<meta property=\"og:site_name\" content=\"Ma\u00eetre Hassan Kohen, avocat en droit p\u00e9nal \u00e0 Paris\" \/>\n<meta name=\"twitter:card\" content=\"summary_large_image\" \/>\n<meta name=\"twitter:label1\" content=\"\u041f\u0440\u0438\u043c\u0435\u0440\u043d\u043e\u0435 \u0432\u0440\u0435\u043c\u044f \u0434\u043b\u044f \u0447\u0442\u0435\u043d\u0438\u044f\" \/>\n\t<meta name=\"twitter:data1\" content=\"2 \u043c\u0438\u043d\u0443\u0442\u044b\" \/>\n<script type=\"application\/ld+json\" class=\"yoast-schema-graph\">{\"@context\":\"https:\\\/\\\/schema.org\",\"@graph\":[{\"@type\":\"WebPage\",\"@id\":\"https:\\\/\\\/kohenavocats.com\\\/ru\\\/jurisprudences\\\/acordao-supremo-tribunal-de-justica-processo-3122-18-8t8vct-g2-s1-2023-01-19\\\/\",\"url\":\"https:\\\/\\\/kohenavocats.com\\\/ru\\\/jurisprudences\\\/acordao-supremo-tribunal-de-justica-processo-3122-18-8t8vct-g2-s1-2023-01-19\\\/\",\"name\":\"Ac\u00f3rd\u00e3o Supremo Tribunal de Justi\u00e7a \u2013 Processo 3122\\\/18.8T8VCT.G2.S1 \u2013 2023-01-19 - Ma\u00eetre Hassan Kohen, avocat en droit p\u00e9nal \u00e0 Paris\",\"isPartOf\":{\"@id\":\"https:\\\/\\\/kohenavocats.com\\\/ru\\\/#website\"},\"datePublished\":\"2026-04-22T13:04:35+00:00\",\"breadcrumb\":{\"@id\":\"https:\\\/\\\/kohenavocats.com\\\/ru\\\/jurisprudences\\\/acordao-supremo-tribunal-de-justica-processo-3122-18-8t8vct-g2-s1-2023-01-19\\\/#breadcrumb\"},\"inLanguage\":\"ru-RU\",\"potentialAction\":[{\"@type\":\"ReadAction\",\"target\":[\"https:\\\/\\\/kohenavocats.com\\\/ru\\\/jurisprudences\\\/acordao-supremo-tribunal-de-justica-processo-3122-18-8t8vct-g2-s1-2023-01-19\\\/\"]}]},{\"@type\":\"BreadcrumbList\",\"@id\":\"https:\\\/\\\/kohenavocats.com\\\/ru\\\/jurisprudences\\\/acordao-supremo-tribunal-de-justica-processo-3122-18-8t8vct-g2-s1-2023-01-19\\\/#breadcrumb\",\"itemListElement\":[{\"@type\":\"ListItem\",\"position\":1,\"name\":\"Home\",\"item\":\"https:\\\/\\\/kohenavocats.com\\\/ru\\\/avocats-en-droit-penal-a-paris-conseil-et-defense-strategique\\\/\"},{\"@type\":\"ListItem\",\"position\":2,\"name\":\"Jurisprudences\",\"item\":\"https:\\\/\\\/kohenavocats.com\\\/ru\\\/jurisprudences\\\/\"},{\"@type\":\"ListItem\",\"position\":3,\"name\":\"Ac\u00f3rd\u00e3o Supremo Tribunal de Justi\u00e7a \u2013 Processo 3122\\\/18.8T8VCT.G2.S1 \u2013 2023-01-19\"}]},{\"@type\":\"WebSite\",\"@id\":\"https:\\\/\\\/kohenavocats.com\\\/ru\\\/#website\",\"url\":\"https:\\\/\\\/kohenavocats.com\\\/ru\\\/\",\"name\":\"Kohen Avocats\",\"description\":\"Ma\u00eetre Hassan Kohen, avocat p\u00e9naliste \u00e0 Paris, intervient exclusivement en droit p\u00e9nal pour la d\u00e9fense des particuliers, notamment en mati\u00e8re d\u2019accusations de viol. Il assure un accompagnement rigoureux d\u00e8s la garde \u00e0 vue jusqu\u2019\u00e0 la Cour d\u2019assises, veillant au strict respect des garanties proc\u00e9durales.\",\"publisher\":{\"@id\":\"https:\\\/\\\/kohenavocats.com\\\/ru\\\/#organization\"},\"potentialAction\":[{\"@type\":\"SearchAction\",\"target\":{\"@type\":\"EntryPoint\",\"urlTemplate\":\"https:\\\/\\\/kohenavocats.com\\\/ru\\\/?s={search_term_string}\"},\"query-input\":{\"@type\":\"PropertyValueSpecification\",\"valueRequired\":true,\"valueName\":\"search_term_string\"}}],\"inLanguage\":\"ru-RU\"},{\"@type\":\"Organization\",\"@id\":\"https:\\\/\\\/kohenavocats.com\\\/ru\\\/#organization\",\"name\":\"Kohen Avocats\",\"url\":\"https:\\\/\\\/kohenavocats.com\\\/ru\\\/\",\"logo\":{\"@type\":\"ImageObject\",\"inLanguage\":\"ru-RU\",\"@id\":\"https:\\\/\\\/kohenavocats.com\\\/ru\\\/#\\\/schema\\\/logo\\\/image\\\/\",\"url\":\"https:\\\/\\\/kohenavocats.com\\\/wp-content\\\/uploads\\\/2026\\\/01\\\/Logo-2-1.webp\",\"contentUrl\":\"https:\\\/\\\/kohenavocats.com\\\/wp-content\\\/uploads\\\/2026\\\/01\\\/Logo-2-1.webp\",\"width\":2114,\"height\":1253,\"caption\":\"Kohen Avocats\"},\"image\":{\"@id\":\"https:\\\/\\\/kohenavocats.com\\\/ru\\\/#\\\/schema\\\/logo\\\/image\\\/\"}}]}<\/script>\n<!-- \/ Yoast SEO Premium plugin. -->","yoast_head_json":{"title":"Ac\u00f3rd\u00e3o Supremo Tribunal de Justi\u00e7a \u2013 Processo 3122\/18.8T8VCT.G2.S1 \u2013 2023-01-19 - Ma\u00eetre Hassan Kohen, avocat en droit p\u00e9nal \u00e0 Paris","robots":{"index":"index","follow":"follow","max-snippet":"max-snippet:-1","max-image-preview":"max-image-preview:large","max-video-preview":"max-video-preview:-1"},"canonical":"https:\/\/kohenavocats.com\/ru\/jurisprudences\/acordao-supremo-tribunal-de-justica-processo-3122-18-8t8vct-g2-s1-2023-01-19\/","og_locale":"ru_RU","og_type":"article","og_title":"Ac\u00f3rd\u00e3o Supremo Tribunal de Justi\u00e7a \u2013 Processo 3122\/18.8T8VCT.G2.S1 \u2013 2023-01-19","og_description":"Relator: MANUEL CAPELO. I. - O art. 139 ? ?nico do RTA determinando ser vedado aos ve?culos empregados em carreiras interurbanas tomar passageiros e respetivas bagagens, desde que o local do seu destino fique dentro da mesma ?rea, salvo se, n?o existindo exclusivo de transportes coletivos urbanos, n?o houver carreiras urbanas que o permitam servir, permitia que as carreiras interurbanas pudessem realizar trajetos de tomada e largada de passageiros dentro dos per?metros urbanos se e s? se n?o existissem transportes urbanos com esse exclusivo. II. - A circunst?ncia de ter passado a existir concess?o de transportes urbanos com exclusivo determina por si mesma que as carreiras interurbanas que efetuassem esses transportes fiquem proibidas de o fazer uma vez que a condi??o legal que lho permitia cessou, passando a sua atua??o a ser il?cita. III. - Com a entrada em vigor da Lei 52\/2015 de 9 de junho que aprovou o Regime Jur?dico do Servi?o P?blico de Transporte de Passageiros e revogou o Regulamento de Transportes em Autom?veis (Decreto n.? 37272) o art. 27 n?2 desse diploma estabelecendo que a atribui??o de um direito exclusivo a determinado operador de servi?o p?blico em determinada ?rea geogr?fica n?o impede ou limita a explora??o, por outros operadores de servi?o p?blico ou diretamente pela autoridade de transportes competente, de determinado servi?o p?blico de transporte de passageiros que atravesse essa ?rea geogr?fica, por forma a assegurar as liga??es com ?reas geogr?ficas adjacentes, n?o autoriza a que esse atravessamento se possa traduzir na possibilidade de tomar e largar passageiros dentro do per?metro de exclusividade urbana. IV. - S? pode ser relegada para liquida??o a fixa??o da indemniza??o quando na a??o declarativa se provou a exist?ncia de danos, mas sem haver possibilidade de logo fixar o seu quantitativo.","og_url":"https:\/\/kohenavocats.com\/ru\/jurisprudences\/acordao-supremo-tribunal-de-justica-processo-3122-18-8t8vct-g2-s1-2023-01-19\/","og_site_name":"Ma\u00eetre Hassan Kohen, avocat en droit p\u00e9nal \u00e0 Paris","twitter_card":"summary_large_image","twitter_misc":{"\u041f\u0440\u0438\u043c\u0435\u0440\u043d\u043e\u0435 \u0432\u0440\u0435\u043c\u044f \u0434\u043b\u044f \u0447\u0442\u0435\u043d\u0438\u044f":"2 \u043c\u0438\u043d\u0443\u0442\u044b"},"schema":{"@context":"https:\/\/schema.org","@graph":[{"@type":"WebPage","@id":"https:\/\/kohenavocats.com\/ru\/jurisprudences\/acordao-supremo-tribunal-de-justica-processo-3122-18-8t8vct-g2-s1-2023-01-19\/","url":"https:\/\/kohenavocats.com\/ru\/jurisprudences\/acordao-supremo-tribunal-de-justica-processo-3122-18-8t8vct-g2-s1-2023-01-19\/","name":"Ac\u00f3rd\u00e3o Supremo Tribunal de Justi\u00e7a \u2013 Processo 3122\/18.8T8VCT.G2.S1 \u2013 2023-01-19 - Ma\u00eetre Hassan Kohen, avocat en droit p\u00e9nal \u00e0 Paris","isPartOf":{"@id":"https:\/\/kohenavocats.com\/ru\/#website"},"datePublished":"2026-04-22T13:04:35+00:00","breadcrumb":{"@id":"https:\/\/kohenavocats.com\/ru\/jurisprudences\/acordao-supremo-tribunal-de-justica-processo-3122-18-8t8vct-g2-s1-2023-01-19\/#breadcrumb"},"inLanguage":"ru-RU","potentialAction":[{"@type":"ReadAction","target":["https:\/\/kohenavocats.com\/ru\/jurisprudences\/acordao-supremo-tribunal-de-justica-processo-3122-18-8t8vct-g2-s1-2023-01-19\/"]}]},{"@type":"BreadcrumbList","@id":"https:\/\/kohenavocats.com\/ru\/jurisprudences\/acordao-supremo-tribunal-de-justica-processo-3122-18-8t8vct-g2-s1-2023-01-19\/#breadcrumb","itemListElement":[{"@type":"ListItem","position":1,"name":"Home","item":"https:\/\/kohenavocats.com\/ru\/avocats-en-droit-penal-a-paris-conseil-et-defense-strategique\/"},{"@type":"ListItem","position":2,"name":"Jurisprudences","item":"https:\/\/kohenavocats.com\/ru\/jurisprudences\/"},{"@type":"ListItem","position":3,"name":"Ac\u00f3rd\u00e3o Supremo Tribunal de Justi\u00e7a \u2013 Processo 3122\/18.8T8VCT.G2.S1 \u2013 2023-01-19"}]},{"@type":"WebSite","@id":"https:\/\/kohenavocats.com\/ru\/#website","url":"https:\/\/kohenavocats.com\/ru\/","name":"Kohen Avocats","description":"Ma\u00eetre Hassan Kohen, avocat p\u00e9naliste \u00e0 Paris, intervient exclusivement en droit p\u00e9nal pour la d\u00e9fense des particuliers, notamment en mati\u00e8re d\u2019accusations de viol. Il assure un accompagnement rigoureux d\u00e8s la garde \u00e0 vue jusqu\u2019\u00e0 la Cour d\u2019assises, veillant au strict respect des garanties proc\u00e9durales.","publisher":{"@id":"https:\/\/kohenavocats.com\/ru\/#organization"},"potentialAction":[{"@type":"SearchAction","target":{"@type":"EntryPoint","urlTemplate":"https:\/\/kohenavocats.com\/ru\/?s={search_term_string}"},"query-input":{"@type":"PropertyValueSpecification","valueRequired":true,"valueName":"search_term_string"}}],"inLanguage":"ru-RU"},{"@type":"Organization","@id":"https:\/\/kohenavocats.com\/ru\/#organization","name":"Kohen Avocats","url":"https:\/\/kohenavocats.com\/ru\/","logo":{"@type":"ImageObject","inLanguage":"ru-RU","@id":"https:\/\/kohenavocats.com\/ru\/#\/schema\/logo\/image\/","url":"https:\/\/kohenavocats.com\/wp-content\/uploads\/2026\/01\/Logo-2-1.webp","contentUrl":"https:\/\/kohenavocats.com\/wp-content\/uploads\/2026\/01\/Logo-2-1.webp","width":2114,"height":1253,"caption":"Kohen Avocats"},"image":{"@id":"https:\/\/kohenavocats.com\/ru\/#\/schema\/logo\/image\/"}}]}},"jetpack_likes_enabled":false,"jetpack_sharing_enabled":true,"_links":{"self":[{"href":"https:\/\/kohenavocats.com\/ru\/wp-json\/wp\/v2\/kji_decision\/648999","targetHints":{"allow":["GET"]}}],"collection":[{"href":"https:\/\/kohenavocats.com\/ru\/wp-json\/wp\/v2\/kji_decision"}],"about":[{"href":"https:\/\/kohenavocats.com\/ru\/wp-json\/wp\/v2\/types\/kji_decision"}],"wp:attachment":[{"href":"https:\/\/kohenavocats.com\/ru\/wp-json\/wp\/v2\/media?parent=648999"}],"wp:term":[{"taxonomy":"kji_country","embeddable":true,"href":"https:\/\/kohenavocats.com\/ru\/wp-json\/wp\/v2\/kji_country?post=648999"},{"taxonomy":"kji_court","embeddable":true,"href":"https:\/\/kohenavocats.com\/ru\/wp-json\/wp\/v2\/kji_court?post=648999"},{"taxonomy":"kji_chamber","embeddable":true,"href":"https:\/\/kohenavocats.com\/ru\/wp-json\/wp\/v2\/kji_chamber?post=648999"},{"taxonomy":"kji_year","embeddable":true,"href":"https:\/\/kohenavocats.com\/ru\/wp-json\/wp\/v2\/kji_year?post=648999"},{"taxonomy":"kji_subject","embeddable":true,"href":"https:\/\/kohenavocats.com\/ru\/wp-json\/wp\/v2\/kji_subject?post=648999"},{"taxonomy":"kji_keyword","embeddable":true,"href":"https:\/\/kohenavocats.com\/ru\/wp-json\/wp\/v2\/kji_keyword?post=648999"},{"taxonomy":"kji_language","embeddable":true,"href":"https:\/\/kohenavocats.com\/ru\/wp-json\/wp\/v2\/kji_language?post=648999"}],"curies":[{"name":"wp","href":"https:\/\/api.w.org\/{rel}","templated":true}]}}