{"id":649116,"date":"2026-04-22T15:20:54","date_gmt":"2026-04-22T13:20:54","guid":{"rendered":"https:\/\/kohenavocats.com\/jurisprudences\/eclinlrbove2023148-rechtbank-overijssel-17-01-2023-08-299256-22-p\/"},"modified":"2026-04-22T15:20:54","modified_gmt":"2026-04-22T13:20:54","slug":"eclinlrbove2023148-rechtbank-overijssel-17-01-2023-08-299256-22-p","status":"publish","type":"kji_decision","link":"https:\/\/kohenavocats.com\/ru\/jurisprudences\/eclinlrbove2023148-rechtbank-overijssel-17-01-2023-08-299256-22-p\/","title":{"rendered":"ECLI:NL:RBOVE:2023:148 Rechtbank Overijssel , 17-01-2023 \/ 08.299256.22 (P)"},"content":{"rendered":"<div class=\"kji-decision\">\n<div class=\"kji-full-text\">\n<p><strong>Inhoudsindicatie.<\/strong> De rechtbank Overijssel veroordeelt een 29-jarige vrouw tot een gevangenisstraf van 6 maanden voor het plegen van meerdere diefstallen. Zij is samen met haar medeverdachten vanuit Duitsland naar Nederland gereden met geen enkel ander doel dan het plegen van diefstallen.<\/p>\n<h3>RECHTBANK OVERIJSSEL<\/h3>\n<p>Team Strafrecht<\/p>\n<p>Meervoudige kamer<\/p>\n<p>Zittingsplaats Almelo<\/p>\n<p>Parketnummer: 08.299256.22 (P)<\/p>\n<p>Datum vonnis: 17 januari 2023<\/p>\n<p>Vonnis op tegenspraak in de zaak van de officier van justitie tegen:<\/p>\n<p>[verdachte] ,<\/p>\n<p>geboren op [geboortedatum] 1993 in [geboorteplaats] (Roemeni\u00eb),<\/p>\n<p>wonende aan [adres] (Duitsland)<br \/>\nnu verblijvende in de P.I. Zuid Oost, locatie Ter Peel.<\/p>\n<h3>1Het onderzoek op de terechtzitting<\/h3>\n<p>Dit vonnis is gewezen naar aanleiding van het onderzoek op de openbare terechtzitting van<br \/>\n3 januari 2023.<\/p>\n<p>De rechtbank heeft kennis genomen van de vordering van de officier van justitie<br \/>\nmr. L. Grooters en van wat door verdachte en haar raadsman mr. P.D. Popescu, advocaat in Amsterdam, naar voren is gebracht.<\/p>\n<h3>2De tenlastelegging<\/h3>\n<p>De verdenking komt er, kort en zakelijk weergegeven, op neer dat verdachte:<\/p>\n<p>feit 1: al dan niet samen met anderen een jas van [winkel 1] in Nijverdal heeft gestolen;<\/p>\n<p>feit 2: al dan niet samen met anderen meerdere flessen shampoo van [winkel 2] in Markelo heeft gestolen;<\/p>\n<p>feit 3: al dan niet samen met anderen tondeuses, een cartridge en tasjes van [winkel 2] in Nijverdal heeft gestolen;<\/p>\n<p>feit 4: al dan niet samen met anderen hoofdtelefoons, usb-stekkers, oortelefoons en een mixer van [winkel 3] in Nijverdal heeft gestolen;<\/p>\n<p>feit 5: zich al dan niet samen met anderen schuldig heeft gemaakt aan opzetheling dan wel aan schuldheling.<\/p>\n<p>Voluit luidt de tenlastelegging aan verdachte, dat:<\/p>\n<p>1<\/p>\n<p>zij op of omstreeks 15 november 2022 te Nijverdal, althans in de gemeente Hellendoorn<\/p>\n<p>tezamen en in vereniging met een of meer anderen, althans alleen,<\/p>\n<p>een jas, in elk geval enig goed, dat\/die geheel of ten dele aan [winkel 1] , in elk geval aan een ander dan aan verdachte en\/of haar mededader(s) toebehoorde(n) heeft weggenomen met het oogmerk om het zich wederrechtelijk toe te eigenen;<\/p>\n<p>2<\/p>\n<p>zij op of omstreeks 14 november 2022 te Markelo, althans in de gemeente Hof van Twente<\/p>\n<p>tezamen en in vereniging met een of meer anderen, althans alleen,<\/p>\n<p>meerdere flessen shampoo, in elk geval enig goed, dat\/die geheel of ten dele aan het [winkel 2] , in elk geval aan een ander dan aan verdachte en\/of haar mededader(s) toebehoorde(n) heeft weggenomen met het oogmerk om het zich wederrechtelijk toe te eigenen;<\/p>\n<p>3<\/p>\n<p>zij op of omstreeks 15 november 2022 te Nijverdal, althans in de gemeente Hellendoorn<\/p>\n<p>tezamen en in vereniging met een of meer anderen, althans alleen,<\/p>\n<p>4 tondeuses en\/of een cartridge en\/of een of meerdere tasjes, in elk geval enig goed, dat\/die geheel of ten dele aan het [winkel 2] , in elk geval aan een ander dan aan verdachte en\/of haar mededader(s) toebehoorde(n) heeft weggenomen met het oogmerk om het zich wederrechtelijk toe te eigenen;<\/p>\n<p>4<\/p>\n<p>zij op of omstreeks 15 november 2022 te Nijverdal, althans in de gemeente Hellendoorn<\/p>\n<p>tezamen en in vereniging met een of meer anderen, althans alleen,<\/p>\n<p>acht hoofdtelefoons en\/of twee usb stekkers en\/of 6 oortelefoons en\/of een mixer, in elk geval enig goed, dat\/die geheel of ten dele aan de [winkel 3] , in elk geval aan een ander dan aan verdachte en\/of haar mededader(s) toebehoorde(n) heeft weggenomen met het oogmerk om het zich wederrechtelijk toe te eigenen;<\/p>\n<p>5<\/p>\n<p>zij op of omstreeks 15 november 2022 te Nijverdal, althans in de gemeente Hellendoorn,<\/p>\n<p>tezamen en in vereniging met een of meer anderen, althans alleen,<\/p>\n<p>meerdere flessen parfum en\/of snoep, althans een goed heeft verworven, voorhanden heeft gehad en\/of heeft overgedragen,<\/p>\n<p>terwijl zij en haar mededader(s) ten tijde van de verwerving of het voorhanden krijgen van dit goed wist(en), althans redelijkerwijs had(den) moeten vermoeden dat het een door misdrijf verkregen goed betrof<\/p>\n<h3>3De voorvragen<\/h3>\n<p>De rechtbank heeft vastgesteld dat de dagvaarding geldig is, dat zij bevoegd is tot kennisneming van deze zaak, dat de officier van justitie ontvankelijk is in de vervolging en dat er geen redenen zijn voor schorsing van de vervolging.<\/p>\n<h3>4De bewijsmotivering<\/h3>\n<p>Het standpunt van de officier van justitie<\/p>\n<p>De officier van justitie heeft zich op het standpunt gesteld dat de onder 1, 2, 3, 4 en 5 ten laste gelegde feiten wettig en overtuigend kunnen worden bewezen.<\/p>\n<p>Het standpunt van de verdediging<\/p>\n<p>De raadsman heeft zich op het standpunt gesteld dat de onder 1, 2, 3 en 4 ten laste gelegde feiten wettig en overtuigend kunnen worden bewezen.<\/p>\n<p>Van het onder 5 ten laste gelegde feit moet verdachte worden vrijgesproken omdat niet kan worden vastgesteld dat de in de auto aangetroffen goederen van misdrijf afkomstig zijn.<\/p>\n<p>Het oordeel van de rechtbank<\/p>\n<p>Ten aanzien van de feiten 1 tot en met 4<\/p>\n<p>De rechtbank komt tot een bewezenverklaring van het onder 1, 2, 3 en 4 ten laste gelegde op grond van de volgende bewijsmiddelen, waarbij de rechtbank &#8212; nu verdachte deze feiten heeft bekend en door of namens haar geen vrijspraak is bepleit &#8212; conform artikel 359, derde lid, laatste volzin van het Wetboek van Strafvordering (Sv), zal volstaan met een opsomming van de bewijsmiddelen.<\/p>\n<p>het proces-verbaal van verhoor verdachte door de rechter-commissaris van 21 november 2022, voor zover inhoudende de bekennende verklaring van verdachte;<\/p>\n<p>het proces-verbaal van aangifte van [aangever 1] namens [winkel 1] Nijverdal van 16 november 2022, pagina\u2019s 29 t\/m 32;<\/p>\n<p>het proces-verbaal van bevindingen opgemaakt door verbalisant [verbalisant 1] van 17 november 2022, pagina\u2019s 69 en 70;<\/p>\n<p>het proces-verbaal van aangifte van [aangever 2] namens [winkel 2] Markelo van 14 november 2022, pagina\u2019s 26 t\/m 28;<\/p>\n<p>het proces-verbaal van bevindingen opgemaakt door verbalisant [verbalisant 2] van 17 november 2022, pagina\u2019s 124 en 126;<\/p>\n<p>het proces-verbaal van aangifte uit het aanvullend procesdossier van [aangever 3] namens [winkel 2] Nijverdal van 16 november 2022, pagina\u2019s 1 t\/m 6;<\/p>\n<p>het proces-verbaal van bevindingen uit het aanvullend procesdossier opgemaakt door verbalisant [verbalisant 3] van 17 november 2022, pagina\u2019s 7 t\/m 9;<\/p>\n<p>het proces-verbaal van aangifte van [aangever 4] namens [winkel 3] Nederland van 17 november 2022, pagina\u2019s 35 t\/m 40;<\/p>\n<p>het proces-verbaal van bevindingen opgemaakt door verbalisant [verbalisant 4] van 19 november 2022, pagina\u2019s 41 t\/m 44.<\/p>\n<p>Ten aanzien van feit 5<\/p>\n<p>De rechtbank stelt op basis van de inhoud van het dossier en van hetgeen op zitting is besproken de volgende feiten en omstandigheden vast.<\/p>\n<p>Op 15 november 2022 zien verbalisanten een grijze Mercedes rijden met een Duits kenteken: \u2018 [kenteken] \u2019. Dit kenteken valt hen op omdat zij een dag eerder, op 14 november 2022, na de melding van een op die dag gepleegd strafbaar feit, een auto van twee daarbij betrokken verdachten hebben vervoerd. Deze auto had ook een Duits kenteken beginnend met \u2018 [kenteken] \u2019. Verbalisanten houden de Mercedes staande. In de auto zit verdachte als passagier. Zij zat in de auto met drie medeverdachten. In de kofferbak en op de achterbank worden diverse goederen aangetroffen. Verdachte en haar medeverdachten hebben geen aankoopbewijzen van de goederen. Er is door verschillende winkeliers aangifte gedaan van diefstal van goederen die in de auto worden aangetroffen. Van het aangetroffen snoep, de verschillende flesjes parfum en de blenders is geen aangifte van diefstal gedaan.<\/p>\n<p>Om te komen tot de bewezenverklaring van heling moet er sprake zijn van het verwerven, voorhanden hebben of overdragen van een goed dat is verkregen uit een misdrijf gepleegd door een ander. Verdachte heeft bekend dat zij in de periode van 14 november 2022 tot en met 15 november 2022 samen met haar medeverdachten meerdere diefstallen heeft gepleegd. Gelet hierop ligt het naar het oordeel van de rechtbank zozeer voor de hand dat verdachte ook de overige goederen heeft gestolen dan wel als medepleger betrokken was bij de diefstal van deze goederen dat dit aan de kwalificatie heling in de weg staat. De rechtbank zal verdachte daarom voor dit feit vrijspreken.<\/p>\n<p>De bewezenverklaring<\/p>\n<p>De rechtbank acht op grond van de opgegeven bewijsmiddelen waarin zijn vervat de redengevende feiten en omstandigheden waarop de bewezenverklaring steunt wettig en overtuigend bewezen dat verdachte de onder 1, 2, 3, en 4 ten laste gelegde feiten heeft begaan, met dien verstande dat:<\/p>\n<p>1<\/p>\n<p>zij op 15 november 2022 te Nijverdal, tezamen en in vereniging met een of meer anderen,<\/p>\n<p>een jas, die geheel aan [winkel 1] toebehoorde heeft weggenomen met het oogmerk om het zich wederrechtelijk toe te eigenen;<\/p>\n<p>2<\/p>\n<p>zij op 14 november 2022 te Markelo, tezamen en in vereniging met een of meer anderen,<\/p>\n<p>meerdere flessen shampoo, die geheel aan het [winkel 2] toebehoorden heeft weggenomen met het oogmerk om het zich wederrechtelijk toe te eigenen;<\/p>\n<p>3<\/p>\n<p>zij op 15 november 2022 te Nijverdal, tezamen en in vereniging met een of meer anderen,<\/p>\n<p>4 tondeuses en meerdere tasjes, die geheel aan het [winkel 2] toebehoorden heeft weggenomen met het oogmerk om het zich wederrechtelijk toe te eigenen;<\/p>\n<p>4<\/p>\n<p>zij op 15 november 2022 te Nijverdal, tezamen en in vereniging met een of meer anderen,<\/p>\n<p>acht hoofdtelefoons en twee usb stekkers en 6 oortelefoons en een mixer die geheel aan de [winkel 3] toebehoorden heeft weggenomen met het oogmerk om het zich wederrechtelijk toe te eigenen;<\/p>\n<p>De rechtbank acht niet bewezen wat aan verdachte meer of anders is ten laste gelegd, zodat zij haar daarvan zal vrijspreken.<\/p>\n<h3>5De strafbaarheid van het bewezenverklaarde<\/h3>\n<p>Het bewezenverklaarde is strafbaar gesteld in artikel 311 van het Wetboek van Strafrecht (Sr). Er zijn geen feiten of omstandigheden aannemelijk geworden die de strafbaarheid van de feiten uitsluiten. Het bewezenverklaarde levert op:<\/p>\n<p>feit 1, feit 2, feit 3 en feit 4<\/p>\n<p>telkens het misdrijf: diefstal door twee of meer verenigde personen.<\/p>\n<h3>6De strafbaarheid van verdachte<\/h3>\n<p>Er zijn geen feiten of omstandigheden aannemelijk geworden die de strafbaarheid van verdachte uitsluiten. De rechtbank oordeelt daarom dat verdachte strafbaar is voor de bewezenverklaarde feiten.<\/p>\n<h3>7De op te leggen straf of maatregel<\/h3>\n<p>De vordering van de officier van justitie<\/p>\n<p>De officier van justitie heeft gevorderd dat verdachte wordt veroordeeld tot een gevangenisstraf voor de duur van acht maanden, met aftrek van de tijd die verdachte in verzekering en voorlopige hechtenis heeft doorgebracht, waarvan drie maanden voorwaardelijk, met een proeftijd voor de duur van twee jaren.<\/p>\n<p>Het standpunt van de verdediging<\/p>\n<p>De raadsman heeft een uitvoerig betoog gehouden over institutioneel racisme en mobiel banditisme. De raadsman is de enige die deze begrippen heeft genoemd en deze begrippen speelden geen rol bij de eis van de officier van justitie of de op te leggen straf. De raadsman heeft verzocht dat verdachte wordt veroordeeld tot een gevangenisstraf voor de duur van twaalf weken waarvan vijf weken voorwaardelijk.<\/p>\n<p>De gronden voor een straf of maatregel<\/p>\n<p>Bij de strafoplegging houdt de rechtbank rekening met de aard en de ernst van de gepleegde feiten, de omstandigheden waaronder deze zijn begaan en de persoon van verdachte zoals die uit het dossier en tijdens de behandeling ter terechtzitting naar voren zijn gekomen. De rechtbank acht daarbij in het bijzonder het volgende van belang.<\/p>\n<p>Verdachte heeft zich schuldig gemaakt aan het in vereniging plegen van meerdere diefstallen in een heel kort tijdsbestek. Zij is samen met haar medeverdachten vanuit Duitsland naar Nederland gereden met geen enkel ander doel dan het plegen van diefstallen. Hierdoor wordt er hinder en schade toegebracht aan de betreffende winkelketens. Aan te nemen valt dat deze schade uiteindelijk doorberekend wordt in de verkoopprijzen van producten waardoor ook de consumenten worden geraakt door het handelen van verdachte en haar medeverdachten. Deze vorm van criminaliteit (vanuit Duitsland naar Nederland reizen om hier bewust op strooptocht te gaan) is niet te vergelijken met een eenvoudige winkeldiefstal wat in de hoogte van de op te leggen straf tot uiting dient te komen.<\/p>\n<p>Uit het uittreksel Justiti\u00eble Documentatie van 9 december 2022 blijkt dat verdachte in 2013 een geldboete opgelegd heeft gekregen vanwege een diefstal. Verder heeft zij een blanco strafblad.<\/p>\n<p>Ter terechtzitting heeft verdachte verklaard dat het niet meer zal gebeuren. Tegenover de rechtbank heeft zij verklaard zich te schamen voor haar gedrag maar toont onverschillig voor de gevolgen van haar handelen voor anderen en neemt hier geen verantwoordelijkheid voor.<\/p>\n<p>De rechtbank is, alles afwegende en gelet op de LOVS-ori\u00ebntatiepunten en op wat in vergelijkbare gevallen doorgaans wordt opgelegd, van oordeel dat niet anders kan worden gereageerd dan met het opleggen van een onvoorwaardelijke gevangenisstraf.<\/p>\n<p>De rechtbank acht daarom een gevangenisstraf voor de duur van zes maanden passend en geboden. Dit met aftrek van de tijd die verdachte in verzekering en voorlopige hechtenis heeft doorgebracht.<\/p>\n<h3>8De schade van benadeelde<\/h3>\n<p>De vordering van de benadeelde partij<\/p>\n<p>[bedrijf] ( [bedrijf] ) B.V. onder meer handelende onder de naam [winkel 2] en [winkel 4] (hierna: [winkel 2] Markelo) heeft zich als benadeelde partij gevoegd in dit strafproces. De benadeelde partij vordert verdachte te veroordelen om schadevergoeding te betalen tot een totaalbedrag van \u20ac 181,73 (honderd\u00e9\u00e9nentachtig euro en drie\u00ebnzeventig eurocent), te vermeerderen met de wettelijke rente vanaf het moment waarop de schade is ontstaan en onder oplegging van de schadevergoedingsmaatregel. De gevorderde materi\u00eble schade bestaat uit de volgende posten:<\/p>\n<p>&#8212;<\/p>\n<p>\u20ac 9,24<\/p>\n<p>Douche deeply nourishing<\/p>\n<p>&#8212;<\/p>\n<p>\u20ac 2,31<\/p>\n<p>Douche nourishing silk<\/p>\n<p>&#8212;<\/p>\n<p>\u20ac 3,69<\/p>\n<p>Shampoo extraordinary oil<\/p>\n<p>&#8212;<\/p>\n<p>\u20ac 7,22<\/p>\n<p>Shampoo krulverzorging<\/p>\n<p>&#8212;<\/p>\n<p>\u20ac 53,62<\/p>\n<p>Shampoo color vive<\/p>\n<p>&#8212;<\/p>\n<p>\u20ac 29,44<\/p>\n<p>Conditioner color vive<\/p>\n<p>&#8212;<\/p>\n<p>\u20ac 21,96<\/p>\n<p>Shampoo dream lengths<\/p>\n<p>&#8212;<\/p>\n<p>\u20ac 7,14<\/p>\n<p>Shampoo 2in1 jeukende hoofdh<\/p>\n<p>&#8212;<\/p>\n<p>\u20ac 7,14<\/p>\n<p>Shampoo 2in1 classic<\/p>\n<p>&#8212;<\/p>\n<p>\u20ac 7,14<\/p>\n<p>Shampoo 2in1 sensitive<\/p>\n<p>&#8212;<\/p>\n<p>\u20ac 7,28<\/p>\n<p>Shampoo apple fresh<\/p>\n<p>&#8212;<\/p>\n<p>\u20ac 7,28<\/p>\n<p>Shampoo sensitive<\/p>\n<p>&#8212;<\/p>\n<p>\u20ac 7,28<\/p>\n<p>Shampoo jeukende hoofdhuid<\/p>\n<p>&#8212;<\/p>\n<p>\u20ac 7,28<\/p>\n<p>Shampoo intense hydration<\/p>\n<p>&#8212;<\/p>\n<p>\u20ac 3,71<\/p>\n<p>Shampoo hyaluronic hydratatie<\/p>\n<p>Het standpunt van de officier van justitie<\/p>\n<p>De officier van justitie heeft verzocht de vordering in zijn geheel toe te wijzen, te vermeerderen met de wettelijke rente. Verdachte is voor de schade naar burgerlijk recht met zijn mededaders hoofdelijk aansprakelijk. Omdat de benadeelde partij een rechtspersoon is wordt er geen schadevergoedingsmaatregel gevorderd.<\/p>\n<p>Het standpunt van de verdediging<\/p>\n<p>De verdediging heeft geen verweer gevoerd tegen de vordering.<\/p>\n<p>Het oordeel van de rechtbank<\/p>\n<p>Door de gebezigde bewijsmiddelen en de behandeling op de terechtzitting is komen vast te staan dat verdachte door het onder 2 bewezen verklaarde feit rechtstreeks schade heeft toegebracht aan de benadeelde partij. De opgevoerde schadeposten zijn niet betwist en voldoende onderbouwd en aannemelijk. De rechtbank zal het gevorderde daarom toewijzen tot een bedrag van \u20ac 181,73, te vermeerderen met de verschuldigde wettelijke rente vanaf de datum waarop de schade is ontstaan.<\/p>\n<p>De verdachte is voor de schade naar burgerlijk recht met zijn mededaders hoofdelijk aansprakelijk. Dit betekent dat de verdachte tegenover de benadeelde partij voor het hele bedrag aansprakelijk is.<\/p>\n<p>De schadevergoedingsmaatregel<\/p>\n<p>De benadeelde partij heeft verzocht de schadevergoedingsmaatregel op te leggen.<\/p>\n<p>De rechtbank zal de maatregel als bedoeld in artikel 36f Sr niet opleggen. . Deze maatregel beoogt slachtoffers van misdrijven het werk uit handen te nemen dat gemoeid is met het incasseren van het geld bij de dader, als de dader niet zelf betaalt. Omdat de benadeelde partij een rechtspersoon is en er door verdachte geen verweer gevoerd is tegen de vordering , gaat de rechtbank er van uit dat in deze zaak een extra inspanning van de Staat niet nodig zal zijn.<\/p>\n<h3>9De toegepaste wettelijke voorschriften<\/h3>\n<p>De hierna te nemen beslissing berust op het hiervoor genoemde wetsartikel. Daarnaast berust deze beslissing op het artikel 57 Sr.<\/p>\n<h3>10De beslissing<\/h3>\n<p>De rechtbank:<\/p>\n<p>vrijspraak<\/p>\n<p>&#8212; verklaart niet bewezen dat verdachte het onder 5 ten laste gelegde heeft begaan en spreekt haar daarvan vrij;<\/p>\n<p>bewezenverklaring<\/p>\n<p>&#8212; verklaart bewezen dat verdachte het onder 1, 2, 3 en 4 ten laste gelegde heeft begaan, zoals hierboven omschreven;<\/p>\n<p>&#8212; verklaart niet bewezen wat aan verdachte meer of anders is ten laste gelegd en spreekt haar daarvan vrij;<\/p>\n<p>strafbaarheid feiten<\/p>\n<p>&#8212; verklaart het bewezen verklaarde strafbaar;<\/p>\n<p>&#8212; verklaart dat het bewezen verklaarde de volgende strafbare feiten oplevert:<\/p>\n<p>feit 1, feit 2, feit 3 en feit 4<\/p>\n<p>telkens het misdrijf: diefstal door twee of meer verenigde personen;<\/p>\n<p>strafbaarheid verdachte<\/p>\n<p>&#8212; verklaart verdachte strafbaar voor het onder 1, 2, 3 en 4 bewezen verklaarde;<\/p>\n<p>straf<\/p>\n<p>&#8212; veroordeelt verdachte tot een gevangenisstraf voor de duur van 6 (zes) maanden;<\/p>\n<p>&#8212; bepaalt dat de tijd die de verdachte voor de tenuitvoerlegging van deze uitspraak in verzekering en voorlopige hechtenis heeft doorgebracht, bij de uitvoering van de gevangenisstraf geheel in mindering zal worden gebracht;<\/p>\n<p>schadevergoeding<\/p>\n<p>&#8212; wijst de vordering van de benadeelde partij toe tot een bedrag van \u20ac 181,73 (bestaande uit materi\u00eble schade);<\/p>\n<p>&#8212; veroordeelt de verdachte tot betaling aan de benadeelde partij [winkel 2] Markelo (feit 2): van een bedrag van \u20ac 181,73 (te vermeerderen met de wettelijke rente vanaf 14 november 2022) met dien verstande dat als en voor zover al door een ander\/anderen (gedeeltelijk) is betaald, verdachte (in zoverre) van deze verplichting zal zijn bevrijd.<\/p>\n<p>Dit vonnis is gewezen door mr. B.T.C. Jordaans, voorzitter, mr. A.M. Rikken en mr. A. van Holten, rechters, in tegenwoordigheid van mr. W.H. Bomans-Weekhout, griffier, en is in het openbaar uitgesproken op 17 januari 2023.<\/p>\n<p>Buiten staat<\/p>\n<p>Mr. A. van Holten is niet in de gelegenheid dit vonnis mede te ondertekenen.<\/p>\n<h3>Voetnoten<\/h3>\n<ol>\n<li>Wanneer hierna wordt verwezen naar dossierpagina\u2019s, zijn dit pagina\u2019s uit het dossier van de politie eenheid Oost-Nederland met nummer PL0600-2022530905, gesloten op 20 november 2022 en het aanvullend procesdossier van de politie eenheid Oost-Nederland met nummer PL0600-2022533756. Tenzij hieronder anders wordt vermeld, wordt steeds verwezen naar bladzijden van een in de wettelijke vorm, door daartoe bevoegde personen, opgemaakt proces-verbaal.<\/li>\n<\/ol>\n<\/div>\n<hr class=\"kji-sep\" \/>\n<p class=\"kji-source-links\"><strong>Sources officielles :<\/strong> <a class=\"kji-source-link\" href=\"http:\/\/deeplink.rechtspraak.nl\/uitspraak?id=ECLI:NL:RBOVE:2023:148\" target=\"_blank\" rel=\"noopener noreferrer\">consulter la page source<\/a><\/p>\n<p class=\"kji-license-note\"><em>Rechtspraak.nl open data, Creative Commons Zero. Volume cible 1.8M decisions.<\/em><\/p>\n<\/div>\n","protected":false},"excerpt":{"rendered":"<p>De rechtbank Overijssel veroordeelt een 29-jarige vrouw tot een gevangenisstraf van 6 maanden voor het plegen van meerdere diefstallen. Zij is samen met haar medeverdachten vanuit Duitsland naar Nederland gereden met geen enkel ander doel dan het plegen van diefstallen.<\/p>\n","protected":false},"featured_media":0,"template":"","meta":{"_crdt_document":""},"kji_country":[7669],"kji_court":[7989],"kji_chamber":[],"kji_year":[24566],"kji_subject":[7632],"kji_keyword":[11938,7991,14521,7675],"kji_language":[7671],"class_list":["post-649116","kji_decision","type-kji_decision","status-publish","hentry","kji_country-pays-bas","kji_court-rechtbank-overijssel","kji_year-24566","kji_subject-penal","kji_keyword-diefstallen","kji_keyword-overijssel","kji_keyword-plegen","kji_keyword-rechtbank","kji_language-nl"],"yoast_head":"<!-- This site is optimized with the Yoast SEO Premium plugin v27.5 (Yoast SEO v27.5) - https:\/\/yoast.com\/product\/yoast-seo-premium-wordpress\/ -->\n<title>ECLI:NL:RBOVE:2023:148 Rechtbank Overijssel , 17-01-2023 \/ 08.299256.22 (P) - Ma\u00eetre Hassan Kohen, avocat en droit p\u00e9nal \u00e0 Paris<\/title>\n<meta name=\"robots\" content=\"index, follow, max-snippet:-1, max-image-preview:large, max-video-preview:-1\" \/>\n<link rel=\"canonical\" href=\"https:\/\/kohenavocats.com\/ru\/jurisprudences\/eclinlrbove2023148-rechtbank-overijssel-17-01-2023-08-299256-22-p\/\" \/>\n<meta property=\"og:locale\" content=\"ru_RU\" \/>\n<meta property=\"og:type\" content=\"article\" \/>\n<meta property=\"og:title\" content=\"ECLI:NL:RBOVE:2023:148 Rechtbank Overijssel , 17-01-2023 \/ 08.299256.22 (P)\" \/>\n<meta property=\"og:description\" content=\"De rechtbank Overijssel veroordeelt een 29-jarige vrouw tot een gevangenisstraf van 6 maanden voor het plegen van meerdere diefstallen. Zij is samen met haar medeverdachten vanuit Duitsland naar Nederland gereden met geen enkel ander doel dan het plegen van diefstallen.\" \/>\n<meta property=\"og:url\" content=\"https:\/\/kohenavocats.com\/ru\/jurisprudences\/eclinlrbove2023148-rechtbank-overijssel-17-01-2023-08-299256-22-p\/\" \/>\n<meta property=\"og:site_name\" content=\"Ma\u00eetre Hassan Kohen, avocat en droit p\u00e9nal \u00e0 Paris\" \/>\n<meta name=\"twitter:card\" content=\"summary_large_image\" \/>\n<meta name=\"twitter:label1\" content=\"\u041f\u0440\u0438\u043c\u0435\u0440\u043d\u043e\u0435 \u0432\u0440\u0435\u043c\u044f \u0434\u043b\u044f \u0447\u0442\u0435\u043d\u0438\u044f\" \/>\n\t<meta name=\"twitter:data1\" content=\"14 \u043c\u0438\u043d\u0443\u0442\" \/>\n<script type=\"application\/ld+json\" class=\"yoast-schema-graph\">{\"@context\":\"https:\\\/\\\/schema.org\",\"@graph\":[{\"@type\":\"WebPage\",\"@id\":\"https:\\\/\\\/kohenavocats.com\\\/ru\\\/jurisprudences\\\/eclinlrbove2023148-rechtbank-overijssel-17-01-2023-08-299256-22-p\\\/\",\"url\":\"https:\\\/\\\/kohenavocats.com\\\/ru\\\/jurisprudences\\\/eclinlrbove2023148-rechtbank-overijssel-17-01-2023-08-299256-22-p\\\/\",\"name\":\"ECLI:NL:RBOVE:2023:148 Rechtbank Overijssel , 17-01-2023 \\\/ 08.299256.22 (P) - Ma\u00eetre Hassan Kohen, avocat en droit p\u00e9nal \u00e0 Paris\",\"isPartOf\":{\"@id\":\"https:\\\/\\\/kohenavocats.com\\\/ru\\\/#website\"},\"datePublished\":\"2026-04-22T13:20:54+00:00\",\"breadcrumb\":{\"@id\":\"https:\\\/\\\/kohenavocats.com\\\/ru\\\/jurisprudences\\\/eclinlrbove2023148-rechtbank-overijssel-17-01-2023-08-299256-22-p\\\/#breadcrumb\"},\"inLanguage\":\"ru-RU\",\"potentialAction\":[{\"@type\":\"ReadAction\",\"target\":[\"https:\\\/\\\/kohenavocats.com\\\/ru\\\/jurisprudences\\\/eclinlrbove2023148-rechtbank-overijssel-17-01-2023-08-299256-22-p\\\/\"]}]},{\"@type\":\"BreadcrumbList\",\"@id\":\"https:\\\/\\\/kohenavocats.com\\\/ru\\\/jurisprudences\\\/eclinlrbove2023148-rechtbank-overijssel-17-01-2023-08-299256-22-p\\\/#breadcrumb\",\"itemListElement\":[{\"@type\":\"ListItem\",\"position\":1,\"name\":\"Home\",\"item\":\"https:\\\/\\\/kohenavocats.com\\\/ru\\\/avocats-en-droit-penal-a-paris-conseil-et-defense-strategique\\\/\"},{\"@type\":\"ListItem\",\"position\":2,\"name\":\"Jurisprudences\",\"item\":\"https:\\\/\\\/kohenavocats.com\\\/ru\\\/jurisprudences\\\/\"},{\"@type\":\"ListItem\",\"position\":3,\"name\":\"ECLI:NL:RBOVE:2023:148 Rechtbank Overijssel , 17-01-2023 \\\/ 08.299256.22 (P)\"}]},{\"@type\":\"WebSite\",\"@id\":\"https:\\\/\\\/kohenavocats.com\\\/ru\\\/#website\",\"url\":\"https:\\\/\\\/kohenavocats.com\\\/ru\\\/\",\"name\":\"Kohen Avocats\",\"description\":\"Ma\u00eetre Hassan Kohen, avocat p\u00e9naliste \u00e0 Paris, intervient exclusivement en droit p\u00e9nal pour la d\u00e9fense des particuliers, notamment en mati\u00e8re d\u2019accusations de viol. Il assure un accompagnement rigoureux d\u00e8s la garde \u00e0 vue jusqu\u2019\u00e0 la Cour d\u2019assises, veillant au strict respect des garanties proc\u00e9durales.\",\"publisher\":{\"@id\":\"https:\\\/\\\/kohenavocats.com\\\/ru\\\/#organization\"},\"potentialAction\":[{\"@type\":\"SearchAction\",\"target\":{\"@type\":\"EntryPoint\",\"urlTemplate\":\"https:\\\/\\\/kohenavocats.com\\\/ru\\\/?s={search_term_string}\"},\"query-input\":{\"@type\":\"PropertyValueSpecification\",\"valueRequired\":true,\"valueName\":\"search_term_string\"}}],\"inLanguage\":\"ru-RU\"},{\"@type\":\"Organization\",\"@id\":\"https:\\\/\\\/kohenavocats.com\\\/ru\\\/#organization\",\"name\":\"Kohen Avocats\",\"url\":\"https:\\\/\\\/kohenavocats.com\\\/ru\\\/\",\"logo\":{\"@type\":\"ImageObject\",\"inLanguage\":\"ru-RU\",\"@id\":\"https:\\\/\\\/kohenavocats.com\\\/ru\\\/#\\\/schema\\\/logo\\\/image\\\/\",\"url\":\"https:\\\/\\\/kohenavocats.com\\\/wp-content\\\/uploads\\\/2026\\\/01\\\/Logo-2-1.webp\",\"contentUrl\":\"https:\\\/\\\/kohenavocats.com\\\/wp-content\\\/uploads\\\/2026\\\/01\\\/Logo-2-1.webp\",\"width\":2114,\"height\":1253,\"caption\":\"Kohen Avocats\"},\"image\":{\"@id\":\"https:\\\/\\\/kohenavocats.com\\\/ru\\\/#\\\/schema\\\/logo\\\/image\\\/\"}}]}<\/script>\n<!-- \/ Yoast SEO Premium plugin. -->","yoast_head_json":{"title":"ECLI:NL:RBOVE:2023:148 Rechtbank Overijssel , 17-01-2023 \/ 08.299256.22 (P) - Ma\u00eetre Hassan Kohen, avocat en droit p\u00e9nal \u00e0 Paris","robots":{"index":"index","follow":"follow","max-snippet":"max-snippet:-1","max-image-preview":"max-image-preview:large","max-video-preview":"max-video-preview:-1"},"canonical":"https:\/\/kohenavocats.com\/ru\/jurisprudences\/eclinlrbove2023148-rechtbank-overijssel-17-01-2023-08-299256-22-p\/","og_locale":"ru_RU","og_type":"article","og_title":"ECLI:NL:RBOVE:2023:148 Rechtbank Overijssel , 17-01-2023 \/ 08.299256.22 (P)","og_description":"De rechtbank Overijssel veroordeelt een 29-jarige vrouw tot een gevangenisstraf van 6 maanden voor het plegen van meerdere diefstallen. Zij is samen met haar medeverdachten vanuit Duitsland naar Nederland gereden met geen enkel ander doel dan het plegen van diefstallen.","og_url":"https:\/\/kohenavocats.com\/ru\/jurisprudences\/eclinlrbove2023148-rechtbank-overijssel-17-01-2023-08-299256-22-p\/","og_site_name":"Ma\u00eetre Hassan Kohen, avocat en droit p\u00e9nal \u00e0 Paris","twitter_card":"summary_large_image","twitter_misc":{"\u041f\u0440\u0438\u043c\u0435\u0440\u043d\u043e\u0435 \u0432\u0440\u0435\u043c\u044f \u0434\u043b\u044f \u0447\u0442\u0435\u043d\u0438\u044f":"14 \u043c\u0438\u043d\u0443\u0442"},"schema":{"@context":"https:\/\/schema.org","@graph":[{"@type":"WebPage","@id":"https:\/\/kohenavocats.com\/ru\/jurisprudences\/eclinlrbove2023148-rechtbank-overijssel-17-01-2023-08-299256-22-p\/","url":"https:\/\/kohenavocats.com\/ru\/jurisprudences\/eclinlrbove2023148-rechtbank-overijssel-17-01-2023-08-299256-22-p\/","name":"ECLI:NL:RBOVE:2023:148 Rechtbank Overijssel , 17-01-2023 \/ 08.299256.22 (P) - Ma\u00eetre Hassan Kohen, avocat en droit p\u00e9nal \u00e0 Paris","isPartOf":{"@id":"https:\/\/kohenavocats.com\/ru\/#website"},"datePublished":"2026-04-22T13:20:54+00:00","breadcrumb":{"@id":"https:\/\/kohenavocats.com\/ru\/jurisprudences\/eclinlrbove2023148-rechtbank-overijssel-17-01-2023-08-299256-22-p\/#breadcrumb"},"inLanguage":"ru-RU","potentialAction":[{"@type":"ReadAction","target":["https:\/\/kohenavocats.com\/ru\/jurisprudences\/eclinlrbove2023148-rechtbank-overijssel-17-01-2023-08-299256-22-p\/"]}]},{"@type":"BreadcrumbList","@id":"https:\/\/kohenavocats.com\/ru\/jurisprudences\/eclinlrbove2023148-rechtbank-overijssel-17-01-2023-08-299256-22-p\/#breadcrumb","itemListElement":[{"@type":"ListItem","position":1,"name":"Home","item":"https:\/\/kohenavocats.com\/ru\/avocats-en-droit-penal-a-paris-conseil-et-defense-strategique\/"},{"@type":"ListItem","position":2,"name":"Jurisprudences","item":"https:\/\/kohenavocats.com\/ru\/jurisprudences\/"},{"@type":"ListItem","position":3,"name":"ECLI:NL:RBOVE:2023:148 Rechtbank Overijssel , 17-01-2023 \/ 08.299256.22 (P)"}]},{"@type":"WebSite","@id":"https:\/\/kohenavocats.com\/ru\/#website","url":"https:\/\/kohenavocats.com\/ru\/","name":"Kohen Avocats","description":"Ma\u00eetre Hassan Kohen, avocat p\u00e9naliste \u00e0 Paris, intervient exclusivement en droit p\u00e9nal pour la d\u00e9fense des particuliers, notamment en mati\u00e8re d\u2019accusations de viol. Il assure un accompagnement rigoureux d\u00e8s la garde \u00e0 vue jusqu\u2019\u00e0 la Cour d\u2019assises, veillant au strict respect des garanties proc\u00e9durales.","publisher":{"@id":"https:\/\/kohenavocats.com\/ru\/#organization"},"potentialAction":[{"@type":"SearchAction","target":{"@type":"EntryPoint","urlTemplate":"https:\/\/kohenavocats.com\/ru\/?s={search_term_string}"},"query-input":{"@type":"PropertyValueSpecification","valueRequired":true,"valueName":"search_term_string"}}],"inLanguage":"ru-RU"},{"@type":"Organization","@id":"https:\/\/kohenavocats.com\/ru\/#organization","name":"Kohen Avocats","url":"https:\/\/kohenavocats.com\/ru\/","logo":{"@type":"ImageObject","inLanguage":"ru-RU","@id":"https:\/\/kohenavocats.com\/ru\/#\/schema\/logo\/image\/","url":"https:\/\/kohenavocats.com\/wp-content\/uploads\/2026\/01\/Logo-2-1.webp","contentUrl":"https:\/\/kohenavocats.com\/wp-content\/uploads\/2026\/01\/Logo-2-1.webp","width":2114,"height":1253,"caption":"Kohen Avocats"},"image":{"@id":"https:\/\/kohenavocats.com\/ru\/#\/schema\/logo\/image\/"}}]}},"jetpack_likes_enabled":false,"jetpack_sharing_enabled":true,"_links":{"self":[{"href":"https:\/\/kohenavocats.com\/ru\/wp-json\/wp\/v2\/kji_decision\/649116","targetHints":{"allow":["GET"]}}],"collection":[{"href":"https:\/\/kohenavocats.com\/ru\/wp-json\/wp\/v2\/kji_decision"}],"about":[{"href":"https:\/\/kohenavocats.com\/ru\/wp-json\/wp\/v2\/types\/kji_decision"}],"wp:attachment":[{"href":"https:\/\/kohenavocats.com\/ru\/wp-json\/wp\/v2\/media?parent=649116"}],"wp:term":[{"taxonomy":"kji_country","embeddable":true,"href":"https:\/\/kohenavocats.com\/ru\/wp-json\/wp\/v2\/kji_country?post=649116"},{"taxonomy":"kji_court","embeddable":true,"href":"https:\/\/kohenavocats.com\/ru\/wp-json\/wp\/v2\/kji_court?post=649116"},{"taxonomy":"kji_chamber","embeddable":true,"href":"https:\/\/kohenavocats.com\/ru\/wp-json\/wp\/v2\/kji_chamber?post=649116"},{"taxonomy":"kji_year","embeddable":true,"href":"https:\/\/kohenavocats.com\/ru\/wp-json\/wp\/v2\/kji_year?post=649116"},{"taxonomy":"kji_subject","embeddable":true,"href":"https:\/\/kohenavocats.com\/ru\/wp-json\/wp\/v2\/kji_subject?post=649116"},{"taxonomy":"kji_keyword","embeddable":true,"href":"https:\/\/kohenavocats.com\/ru\/wp-json\/wp\/v2\/kji_keyword?post=649116"},{"taxonomy":"kji_language","embeddable":true,"href":"https:\/\/kohenavocats.com\/ru\/wp-json\/wp\/v2\/kji_language?post=649116"}],"curies":[{"name":"wp","href":"https:\/\/api.w.org\/{rel}","templated":true}]}}