{"id":649345,"date":"2026-04-22T16:01:57","date_gmt":"2026-04-22T14:01:57","guid":{"rendered":"https:\/\/kohenavocats.com\/jurisprudences\/tribunal-darrondissement-13-janvier-2023-3\/"},"modified":"2026-04-22T16:02:01","modified_gmt":"2026-04-22T14:02:01","slug":"tribunal-darrondissement-13-janvier-2023-3","status":"publish","type":"kji_decision","link":"https:\/\/kohenavocats.com\/ru\/jurisprudences\/tribunal-darrondissement-13-janvier-2023-3\/","title":{"rendered":"Tribunal d&#8217;arrondissement, 13 janvier 2023"},"content":{"rendered":"<div class=\"kji-decision\">\n<div class=\"kji-full-text\">\n<p>No.8\/2023 Audience publique duvendredi,13janvier2023 (Not.3679\/22\/XC)\u2013SK Le tribunal d\u2019arrondissement de et \u00e0 Diekirch, si\u00e9geant en mati\u00e8re correctionnelle et en composition de juge unique, a rendu en son audience publique duvendreditreizejanvierdeux millevingt-trois, le jugement qui suitdans la cause E N T R E Monsieur le Procureur d\u2019Etat, partie poursuivante suivant citation du27 juillet2022, E T PERSONNE1.), n\u00e9leDATE1.)\u00e0ADRESSE1.), demeurant\u00e0ADRESSE2.), ADRESSE2.), pr\u00e9venu. ================================================== == F A I T S : Apr\u00e8s l\u2019appel de la cause \u00e0 l\u2019audience publique du vendredi,30septembre 2022, l\u2019affaire fut remise contradictoirement\u00e0 l\u2019audience publique du vendredi,9d\u00e9cembre2022. Apr\u00e8s l\u2019appel de la cause \u00e0 l\u2019audience publique duvendredi,9d\u00e9cembre 2022,Ma\u00eetreGilbert REUTER, avocat \u00e0 la Cour demeurant \u00e0Diekirch, d\u00e9clara repr\u00e9senter le pr\u00e9venuPERSONNE1.). LeMinist\u00e8rePublic, repr\u00e9sent\u00e9 parManon RISCH,substitut duProcureur d\u2019Etat,fut entendu ensonr\u00e9quisitoire.<\/p>\n<p>2 Les moyens du pr\u00e9venu furent alorsexpos\u00e9spar Ma\u00eetreGilbert REUTER, avocat \u00e0 la Cour demeurant \u00e0 Diekirch. Le tribunal prit l\u2019affaire en d\u00e9lib\u00e9r\u00e9 et fixa le prononc\u00e9 du jugement \u00e0 l\u2019audience publique duvendredi13janvier2023. A cette audience publique, le tribunal rendit le JUGEMENT qui suit: Vu le proc\u00e8s-verbalnum\u00e9ro40607du7juillet2022,dress\u00e9par le commissariat de policed\u2019Atert. Vu la citation \u00e0 pr\u00e9venu du27juillet2022(not.3679\/22\/XC) r\u00e9guli\u00e8rement notifi\u00e9e. Le Parquet reproche \u00e0PERSONNE1.): \u00ab\u00e9tant conducteur d&#039;un v\u00e9hicule automoteur sur la voie publique, le07\/07\/2022,vers19.12heures,sur le chemin agricole reliant la ADRESSE3.)\u00bb \u00e0ADRESSE4.)avec le supermarch\u00e9SOCIETE1.)sis \u00e0 L- ADRESSE5.),sans pr\u00e9judice des circonstances de temps et de lieu exactes, I.Principalement: avoir circul\u00e9, m\u00eame en l\u2019absence de signes manifestes d\u2019ivresse, avec un taux d\u2019alcool d\u2019au moins 0,55 mg par litre d\u2019air expir\u00e9en l\u2019esp\u00e8cede 1,05 mg\/l, Subsidiairement: avoir circul\u00e9 en pr\u00e9sentant des signes manifestes d\u2019ivresse, m\u00eame s\u2019il n\u2019a pas \u00e9t\u00e9 possible de d\u00e9terminer un taux d\u2019alcool\u00e9mie, Plus subsidiairement: avoir circul\u00e9 en pr\u00e9sentant des signes manifestesd\u2019influence d\u2019alcool, m\u00eame s\u2019il n\u2019a pas \u00e9t\u00e9 possible de d\u00e9terminer un taux d\u2019alcool\u00e9mie. Les faits \u00e0 la base de la pr\u00e9sente affaire r\u00e9sultent \u00e0 suffisance des \u00e9l\u00e9ments du dossier soumis \u00e0 l\u2019appr\u00e9ciation de la chambre correctionnelle ainsi que de l\u2019instruction men\u00e9e \u00e0 l\u2019audience, et notamment des constatations polici\u00e8res, ainsi que des d\u00e9clarations et aveux faits par le pr\u00e9venu par devant la police et r\u00e9it\u00e9r\u00e9s par son mandataire \u00e0 l\u2019audience. PERSONNE1.)est partant convaincu: \u00e9tant conducteur d&#039;un v\u00e9hicule automobilesur lavoie publique,<\/p>\n<p>3 le7juillet2022, vers 19.12 heures, sur le chemin agricole reliant laADRESSE3.)\u00bb \u00e0ADRESSE4.)avec le supermarch\u00e9 SOCIETE1.)sis \u00e0ADRESSE6.), d\u2019avoir circul\u00e9, m\u00eame en l\u2019absence de signes manifestes d\u2019ivresse, avec un tauxd\u2019alcool d\u2019au moins 0,55 mgparlitred\u2019air expir\u00e9, en l\u2019esp\u00e8ce, d\u2019avoir circul\u00e9, m\u00eame en l\u2019absence de signes manifestes d\u2019ivresse, avec un taux d\u2019alcool de1,05mg par litre d\u2019air expir\u00e9. Aux termes de l\u2019article 12 de la loi modifi\u00e9e du 14 f\u00e9vrier 1955concernant la r\u00e9glementation de la circulation sur toutes les voies publiques, tout conducteur d\u2019un v\u00e9hicule qui a consomm\u00e9 des boissons alcooliques en quantit\u00e9 telle que le taux d\u2019alcool est d\u2019au moins 1,2 g d\u2019alcool par litre de sang ou d\u2019au moins 0,55 mg d\u2019alcool par litre d\u2019air expir\u00e9 sera condamn\u00e9 \u00e0 une peine d\u2019emprisonnement de huit jours \u00e0 trois ans et d\u2019une amende de 500 \u00e0 10.000 euros ou \u00e0 une de ces peines seulement. Dans l\u2019appr\u00e9ciation du quantum de la peine \u00e0 prononcer \u00e0 l\u2019\u00e9gard du pr\u00e9venu, lachambre correctionnelle tient compte d\u2019une part de la gravit\u00e9 objective des faits mis \u00e0 sa charge et d\u2019autre part de sa situation personnelle. Au vu des circonstances de l\u2019affaire et de la situation personnelle du pr\u00e9venu, la chambre correctionnelle estime qu\u2019une peine d\u2019emprisonnement serait inad\u00e9quate car trop s\u00e9v\u00e8re, et elle d\u00e9cide de ne prononcer contrePERSONNE1.)qu\u2019une amende d\u2019un montant de800 euros. Aux termes de l\u2019article 13 de la loi modifi\u00e9e du 14 f\u00e9vrier 1955 concernant la r\u00e9glementation dela circulation sur toutes les voies publiques, le juge saisi d\u2019une ou de plusieurs infractions \u00e0 la r\u00e9glementation de la circulation sur toutes les voies publiques ou de d\u00e9lits ou de crimes qui se sont joints \u00e0 ces infractions, pourra prononcer une interdiction de conduire de trois mois \u00e0 quinze ans en mati\u00e8re de d\u00e9lits ou de crimes. Au vu des circonstances de l\u2019affaire, la chambre correctionnelle d\u00e9cide de prononcer contrePERSONNE1.)une interdiction de conduire de24mois du chef de l\u2019infraction retenue\u00e0 sa charge. Au vudes ant\u00e9c\u00e9dents judiciaires relativement favorables dans le chef du pr\u00e9venu,la chambre correctionnelle d\u00e9cide d\u2019assortir l\u2019interdiction de conduire \u00e0 prononcer \u00e0 son encontre du sursispartielpour la dur\u00e9e de18 mois. Cependant pour ne pas compromettre la situation professionnelle de PERSONNE1.), la chambre correctionnelle d\u00e9cide d\u2019excepter de cette interdiction de conduirerestante1) les trajets effectu\u00e9s par le pr\u00e9venu dans l\u2019int\u00e9r\u00eat prouv\u00e9 de sa profession, ainsi que 2) le trajet d\u2019aller et de retour<\/p>\n<p>4 effectu\u00e9entrea) sa r\u00e9sidence principale, sa r\u00e9sidence secondaire pr\u00e9sentant un caract\u00e8re de stabilit\u00e9 ou tout autre lieu o\u00f9 il se rend de fa\u00e7on habituelle pour des motifs d\u2019ordre familial et b) le lieu du travail. Parcesmotifs, le tribunal d\u2019arrondissement de et \u00e0 Diekirch, si\u00e9geant en mati\u00e8re correctionnelleet encomposition de juge unique, statuant contradictoirementet en premi\u00e8re instance, lemandataire dupr\u00e9venu PERSONNE1.)entendu en sesexplications et moyens de d\u00e9fense,le repr\u00e9sentant duMinist\u00e8rePublicentenduen sonr\u00e9quisitoire, c o n d a m n ePERSONNE1.)du chef del\u2019infraction retenue \u00e0 sa charge \u00e0 une amended\u2019un montantdeHUIT CENTS(800) EUROS,ainsi qu\u2019aux frais de sa poursuite p\u00e9nale, ces frais \u00e9tant liquid\u00e9s \u00e0 la somme de8,00 euros, f i x ela dur\u00e9e de la contrainte par corps en cas de non-paiement de cette amende \u00e0HUIT(8) JOURS, p r o n o n c econtrePERSONNE1.)une interdictionde conduire un v\u00e9hicule automoteur des cat\u00e9gories A, B, C, D, E et F sur toutes les voies publiques pour une dur\u00e9e deVINGT-QUATRE(24) MOIS, d i tqu\u2019il seraSURSIS\u00e0 l\u2019ex\u00e9cution deDIX-HUIT(18) MOISde cette interdiction de conduire, i n f or m elepr\u00e9venu qu\u2019au cas o\u00f9, dans un d\u00e9lai de 5 ans \u00e0 dater du pr\u00e9sent jugement,iln\u2019aura commis une nouvelle infraction ayant entra\u00een\u00e9 la condamnation \u00e0 une interdiction de conduire un v\u00e9hicule sur la voie publique ou \u00e0 une peine privative de libert\u00e9pour crimes ou d\u00e9lits pr\u00e9vus par la l\u00e9gislation sur la circulation sur les voies publiques ou sur la vente de substances m\u00e9dicamenteuses et la lutte contre la toxicomanie, l\u2019interdiction sera r\u00e9put\u00e9e non avenue, a v e r t i tlepr\u00e9venu que, dans le cas contraire, conform\u00e9ment \u00e0 l\u2019article 628 du Code de proc\u00e9dure p\u00e9nale, la premi\u00e8re peine sera d\u2019abord ex\u00e9cut\u00e9e sans qu\u2019ellenepuisse se confondre, le cas \u00e9ch\u00e9ant, avec la nouvelle interdiction de conduire,<\/p>\n<p>5 d \u00e9 c i d ed\u2019excepterde cetteinterdiction de conduirerestante1) les trajets effectu\u00e9s par le pr\u00e9venu dans l\u2019int\u00e9r\u00eat prouv\u00e9 de sa profession, ainsi que 2) le trajet d\u2019aller et de retour effectu\u00e9entrea) sa r\u00e9sidence principale, sa r\u00e9sidence secondaire pr\u00e9sentant un caract\u00e8re de stabilit\u00e9 ou tout autre lieu o\u00f9 il se rend de fa\u00e7on habituelle pour des motifs d\u2019ordre familial et b) le lieu du travail. Par application des articles 12et 13de la loi modifi\u00e9e du 14 f\u00e9vrier 1955 concernant la r\u00e9glementation de la circulation sur toutes les voies publiques,des articles27, 28, 29 et30du Code p\u00e9nalet des articles155, 179, 182, 184,185,189, 190, 190-1, 194,195, 196, 628 et 628-1du Code de proc\u00e9dure p\u00e9nale. Ainsi fait, jug\u00e9 et prononc\u00e9 en audience publique le vendredi13janvier 2023au Palais de Justice \u00e0 Diekirch parMagali GONNER,juge, assist\u00e9 dugreffierassum\u00e9Saban KALABIC, en pr\u00e9sencedeGeorges SINNER, substitut principal duProcureur d\u2019Etat, qui \u00e0 l\u2019exception du repr\u00e9sentant duMinist\u00e8rePublic ont sign\u00e9 le pr\u00e9sent jugement. Ce jugement est susceptible d\u2019appel. L\u2019appel doit \u00eatre interjet\u00e9 dans les formes et d\u00e9lais pr\u00e9vus aux articles 202 et suivants du Code de proc\u00e9dure p\u00e9nale et il doit \u00eatre form\u00e9 par le pr\u00e9venu ou son avocat, la partie civile ainsi que la partie civilement responsable ou leurs avocats respectifs dans les40 joursde la date du prononc\u00e9 du pr\u00e9sent jugement, aupr\u00e8s du greffe du Tribunal d\u2019arrondissement de Diekirch, en se pr\u00e9sentant personnellementpour signer l\u2019acte d\u2019appel. Si le pr\u00e9venu estd\u00e9tenu,il peut d\u00e9clarer son appel au greffe du Centre p\u00e9nitentiaire.<\/p>\n<\/div>\n<hr class=\"kji-sep\" \/>\n<p class=\"kji-source-links\"><strong>Sources officielles :<\/strong> <a class=\"kji-source-link\" href=\"https:\/\/data.public.lu\/fr\/datasets\/tribunal-darrondissement-diekirch\/\" target=\"_blank\" rel=\"noopener noreferrer\">consulter la page source<\/a> &middot; <a class=\"kji-pdf-link\" href=\"https:\/\/download.data.public.lu\/resources\/tribunal-darrondissement-diekirch\/20240808-143152\/20230113-tadpenal-8-pseudonymise-accessible.pdf\" target=\"_blank\" rel=\"noopener noreferrer\">PDF officiel<\/a><\/p>\n<p class=\"kji-license-note\"><em>Licence CC BY-ND 4.0 (Administration judiciaire, data.public.lu). Republication autorisee avec attribution, sans modification editoriale du texte integral.<\/em><\/p>\n<\/div>\n","protected":false},"excerpt":{"rendered":"<p>No.8\/2023 Audience publique duvendredi,13janvier2023 (Not.3679\/22\/XC)\u2013SK Le tribunal d\u2019arrondissement de et \u00e0 Diekirch, si\u00e9geant en mati\u00e8re correctionnelle et en composition de juge unique, a rendu en son audience publique duvendreditreizejanvierdeux millevingt-trois, le jugement qui suitdans la cause E N T R E Monsieur le Procureur d\u2019Etat,\u2026<\/p>\n","protected":false},"featured_media":0,"template":"","meta":{"_crdt_document":""},"kji_country":[8418],"kji_court":[23583],"kji_chamber":[],"kji_year":[24566],"kji_subject":[7724],"kji_keyword":[23584,23621,8460,23622,7636],"kji_language":[7733],"class_list":["post-649345","kji_decision","type-kji_decision","status-publish","hentry","kji_country-luxembourg","kji_court-tribunal-darrondissement","kji_year-24566","kji_subject-civil","kji_keyword-arrondissement","kji_keyword-audience","kji_keyword-janvier","kji_keyword-publique","kji_keyword-tribunal","kji_language-francais"],"yoast_head":"<!-- This site is optimized with the Yoast SEO Premium plugin v27.5 (Yoast SEO v27.5) - https:\/\/yoast.com\/product\/yoast-seo-premium-wordpress\/ -->\n<title>Tribunal d&#039;arrondissement, 13 janvier 2023 - Ma\u00eetre Hassan Kohen, avocat en droit p\u00e9nal \u00e0 Paris<\/title>\n<meta name=\"robots\" content=\"index, follow, max-snippet:-1, max-image-preview:large, max-video-preview:-1\" \/>\n<link rel=\"canonical\" href=\"https:\/\/kohenavocats.com\/ru\/jurisprudences\/tribunal-darrondissement-13-janvier-2023-3\/\" \/>\n<meta property=\"og:locale\" content=\"ru_RU\" \/>\n<meta property=\"og:type\" content=\"article\" \/>\n<meta property=\"og:title\" content=\"Tribunal d&#039;arrondissement, 13 janvier 2023\" \/>\n<meta property=\"og:description\" content=\"No.8\/2023 Audience publique duvendredi,13janvier2023 (Not.3679\/22\/XC)\u2013SK Le tribunal d\u2019arrondissement de et \u00e0 Diekirch, si\u00e9geant en mati\u00e8re correctionnelle et en composition de juge unique, a rendu en son audience publique duvendreditreizejanvierdeux millevingt-trois, le jugement qui suitdans la cause E N T R E Monsieur le Procureur d\u2019Etat,\u2026\" \/>\n<meta property=\"og:url\" content=\"https:\/\/kohenavocats.com\/ru\/jurisprudences\/tribunal-darrondissement-13-janvier-2023-3\/\" \/>\n<meta property=\"og:site_name\" content=\"Ma\u00eetre Hassan Kohen, avocat en droit p\u00e9nal \u00e0 Paris\" \/>\n<meta property=\"article:modified_time\" content=\"2026-04-22T14:02:01+00:00\" \/>\n<meta name=\"twitter:card\" content=\"summary_large_image\" \/>\n<meta name=\"twitter:label1\" content=\"\u041f\u0440\u0438\u043c\u0435\u0440\u043d\u043e\u0435 \u0432\u0440\u0435\u043c\u044f \u0434\u043b\u044f \u0447\u0442\u0435\u043d\u0438\u044f\" \/>\n\t<meta name=\"twitter:data1\" content=\"7 \u043c\u0438\u043d\u0443\u0442\" \/>\n<script type=\"application\/ld+json\" class=\"yoast-schema-graph\">{\"@context\":\"https:\\\/\\\/schema.org\",\"@graph\":[{\"@type\":\"WebPage\",\"@id\":\"https:\\\/\\\/kohenavocats.com\\\/ru\\\/jurisprudences\\\/tribunal-darrondissement-13-janvier-2023-3\\\/\",\"url\":\"https:\\\/\\\/kohenavocats.com\\\/ru\\\/jurisprudences\\\/tribunal-darrondissement-13-janvier-2023-3\\\/\",\"name\":\"Tribunal d'arrondissement, 13 janvier 2023 - Ma\u00eetre Hassan Kohen, avocat en droit p\u00e9nal \u00e0 Paris\",\"isPartOf\":{\"@id\":\"https:\\\/\\\/kohenavocats.com\\\/ru\\\/#website\"},\"datePublished\":\"2026-04-22T14:01:57+00:00\",\"dateModified\":\"2026-04-22T14:02:01+00:00\",\"breadcrumb\":{\"@id\":\"https:\\\/\\\/kohenavocats.com\\\/ru\\\/jurisprudences\\\/tribunal-darrondissement-13-janvier-2023-3\\\/#breadcrumb\"},\"inLanguage\":\"ru-RU\",\"potentialAction\":[{\"@type\":\"ReadAction\",\"target\":[\"https:\\\/\\\/kohenavocats.com\\\/ru\\\/jurisprudences\\\/tribunal-darrondissement-13-janvier-2023-3\\\/\"]}]},{\"@type\":\"BreadcrumbList\",\"@id\":\"https:\\\/\\\/kohenavocats.com\\\/ru\\\/jurisprudences\\\/tribunal-darrondissement-13-janvier-2023-3\\\/#breadcrumb\",\"itemListElement\":[{\"@type\":\"ListItem\",\"position\":1,\"name\":\"Home\",\"item\":\"https:\\\/\\\/kohenavocats.com\\\/ru\\\/avocats-en-droit-penal-a-paris-conseil-et-defense-strategique\\\/\"},{\"@type\":\"ListItem\",\"position\":2,\"name\":\"Jurisprudences\",\"item\":\"https:\\\/\\\/kohenavocats.com\\\/ru\\\/jurisprudences\\\/\"},{\"@type\":\"ListItem\",\"position\":3,\"name\":\"Tribunal d&rsquo;arrondissement, 13 janvier 2023\"}]},{\"@type\":\"WebSite\",\"@id\":\"https:\\\/\\\/kohenavocats.com\\\/ru\\\/#website\",\"url\":\"https:\\\/\\\/kohenavocats.com\\\/ru\\\/\",\"name\":\"Kohen Avocats\",\"description\":\"Ma\u00eetre Hassan Kohen, avocat p\u00e9naliste \u00e0 Paris, intervient exclusivement en droit p\u00e9nal pour la d\u00e9fense des particuliers, notamment en mati\u00e8re d\u2019accusations de viol. Il assure un accompagnement rigoureux d\u00e8s la garde \u00e0 vue jusqu\u2019\u00e0 la Cour d\u2019assises, veillant au strict respect des garanties proc\u00e9durales.\",\"publisher\":{\"@id\":\"https:\\\/\\\/kohenavocats.com\\\/ru\\\/#organization\"},\"potentialAction\":[{\"@type\":\"SearchAction\",\"target\":{\"@type\":\"EntryPoint\",\"urlTemplate\":\"https:\\\/\\\/kohenavocats.com\\\/ru\\\/?s={search_term_string}\"},\"query-input\":{\"@type\":\"PropertyValueSpecification\",\"valueRequired\":true,\"valueName\":\"search_term_string\"}}],\"inLanguage\":\"ru-RU\"},{\"@type\":\"Organization\",\"@id\":\"https:\\\/\\\/kohenavocats.com\\\/ru\\\/#organization\",\"name\":\"Kohen Avocats\",\"url\":\"https:\\\/\\\/kohenavocats.com\\\/ru\\\/\",\"logo\":{\"@type\":\"ImageObject\",\"inLanguage\":\"ru-RU\",\"@id\":\"https:\\\/\\\/kohenavocats.com\\\/ru\\\/#\\\/schema\\\/logo\\\/image\\\/\",\"url\":\"https:\\\/\\\/kohenavocats.com\\\/wp-content\\\/uploads\\\/2026\\\/01\\\/Logo-2-1.webp\",\"contentUrl\":\"https:\\\/\\\/kohenavocats.com\\\/wp-content\\\/uploads\\\/2026\\\/01\\\/Logo-2-1.webp\",\"width\":2114,\"height\":1253,\"caption\":\"Kohen Avocats\"},\"image\":{\"@id\":\"https:\\\/\\\/kohenavocats.com\\\/ru\\\/#\\\/schema\\\/logo\\\/image\\\/\"}}]}<\/script>\n<!-- \/ Yoast SEO Premium plugin. -->","yoast_head_json":{"title":"Tribunal d'arrondissement, 13 janvier 2023 - Ma\u00eetre Hassan Kohen, avocat en droit p\u00e9nal \u00e0 Paris","robots":{"index":"index","follow":"follow","max-snippet":"max-snippet:-1","max-image-preview":"max-image-preview:large","max-video-preview":"max-video-preview:-1"},"canonical":"https:\/\/kohenavocats.com\/ru\/jurisprudences\/tribunal-darrondissement-13-janvier-2023-3\/","og_locale":"ru_RU","og_type":"article","og_title":"Tribunal d'arrondissement, 13 janvier 2023","og_description":"No.8\/2023 Audience publique duvendredi,13janvier2023 (Not.3679\/22\/XC)\u2013SK Le tribunal d\u2019arrondissement de et \u00e0 Diekirch, si\u00e9geant en mati\u00e8re correctionnelle et en composition de juge unique, a rendu en son audience publique duvendreditreizejanvierdeux millevingt-trois, le jugement qui suitdans la cause E N T R E Monsieur le Procureur d\u2019Etat,\u2026","og_url":"https:\/\/kohenavocats.com\/ru\/jurisprudences\/tribunal-darrondissement-13-janvier-2023-3\/","og_site_name":"Ma\u00eetre Hassan Kohen, avocat en droit p\u00e9nal \u00e0 Paris","article_modified_time":"2026-04-22T14:02:01+00:00","twitter_card":"summary_large_image","twitter_misc":{"\u041f\u0440\u0438\u043c\u0435\u0440\u043d\u043e\u0435 \u0432\u0440\u0435\u043c\u044f \u0434\u043b\u044f \u0447\u0442\u0435\u043d\u0438\u044f":"7 \u043c\u0438\u043d\u0443\u0442"},"schema":{"@context":"https:\/\/schema.org","@graph":[{"@type":"WebPage","@id":"https:\/\/kohenavocats.com\/ru\/jurisprudences\/tribunal-darrondissement-13-janvier-2023-3\/","url":"https:\/\/kohenavocats.com\/ru\/jurisprudences\/tribunal-darrondissement-13-janvier-2023-3\/","name":"Tribunal d'arrondissement, 13 janvier 2023 - Ma\u00eetre Hassan Kohen, avocat en droit p\u00e9nal \u00e0 Paris","isPartOf":{"@id":"https:\/\/kohenavocats.com\/ru\/#website"},"datePublished":"2026-04-22T14:01:57+00:00","dateModified":"2026-04-22T14:02:01+00:00","breadcrumb":{"@id":"https:\/\/kohenavocats.com\/ru\/jurisprudences\/tribunal-darrondissement-13-janvier-2023-3\/#breadcrumb"},"inLanguage":"ru-RU","potentialAction":[{"@type":"ReadAction","target":["https:\/\/kohenavocats.com\/ru\/jurisprudences\/tribunal-darrondissement-13-janvier-2023-3\/"]}]},{"@type":"BreadcrumbList","@id":"https:\/\/kohenavocats.com\/ru\/jurisprudences\/tribunal-darrondissement-13-janvier-2023-3\/#breadcrumb","itemListElement":[{"@type":"ListItem","position":1,"name":"Home","item":"https:\/\/kohenavocats.com\/ru\/avocats-en-droit-penal-a-paris-conseil-et-defense-strategique\/"},{"@type":"ListItem","position":2,"name":"Jurisprudences","item":"https:\/\/kohenavocats.com\/ru\/jurisprudences\/"},{"@type":"ListItem","position":3,"name":"Tribunal d&rsquo;arrondissement, 13 janvier 2023"}]},{"@type":"WebSite","@id":"https:\/\/kohenavocats.com\/ru\/#website","url":"https:\/\/kohenavocats.com\/ru\/","name":"Kohen Avocats","description":"Ma\u00eetre Hassan Kohen, avocat p\u00e9naliste \u00e0 Paris, intervient exclusivement en droit p\u00e9nal pour la d\u00e9fense des particuliers, notamment en mati\u00e8re d\u2019accusations de viol. Il assure un accompagnement rigoureux d\u00e8s la garde \u00e0 vue jusqu\u2019\u00e0 la Cour d\u2019assises, veillant au strict respect des garanties proc\u00e9durales.","publisher":{"@id":"https:\/\/kohenavocats.com\/ru\/#organization"},"potentialAction":[{"@type":"SearchAction","target":{"@type":"EntryPoint","urlTemplate":"https:\/\/kohenavocats.com\/ru\/?s={search_term_string}"},"query-input":{"@type":"PropertyValueSpecification","valueRequired":true,"valueName":"search_term_string"}}],"inLanguage":"ru-RU"},{"@type":"Organization","@id":"https:\/\/kohenavocats.com\/ru\/#organization","name":"Kohen Avocats","url":"https:\/\/kohenavocats.com\/ru\/","logo":{"@type":"ImageObject","inLanguage":"ru-RU","@id":"https:\/\/kohenavocats.com\/ru\/#\/schema\/logo\/image\/","url":"https:\/\/kohenavocats.com\/wp-content\/uploads\/2026\/01\/Logo-2-1.webp","contentUrl":"https:\/\/kohenavocats.com\/wp-content\/uploads\/2026\/01\/Logo-2-1.webp","width":2114,"height":1253,"caption":"Kohen Avocats"},"image":{"@id":"https:\/\/kohenavocats.com\/ru\/#\/schema\/logo\/image\/"}}]}},"jetpack_likes_enabled":false,"jetpack_sharing_enabled":true,"_links":{"self":[{"href":"https:\/\/kohenavocats.com\/ru\/wp-json\/wp\/v2\/kji_decision\/649345","targetHints":{"allow":["GET"]}}],"collection":[{"href":"https:\/\/kohenavocats.com\/ru\/wp-json\/wp\/v2\/kji_decision"}],"about":[{"href":"https:\/\/kohenavocats.com\/ru\/wp-json\/wp\/v2\/types\/kji_decision"}],"wp:attachment":[{"href":"https:\/\/kohenavocats.com\/ru\/wp-json\/wp\/v2\/media?parent=649345"}],"wp:term":[{"taxonomy":"kji_country","embeddable":true,"href":"https:\/\/kohenavocats.com\/ru\/wp-json\/wp\/v2\/kji_country?post=649345"},{"taxonomy":"kji_court","embeddable":true,"href":"https:\/\/kohenavocats.com\/ru\/wp-json\/wp\/v2\/kji_court?post=649345"},{"taxonomy":"kji_chamber","embeddable":true,"href":"https:\/\/kohenavocats.com\/ru\/wp-json\/wp\/v2\/kji_chamber?post=649345"},{"taxonomy":"kji_year","embeddable":true,"href":"https:\/\/kohenavocats.com\/ru\/wp-json\/wp\/v2\/kji_year?post=649345"},{"taxonomy":"kji_subject","embeddable":true,"href":"https:\/\/kohenavocats.com\/ru\/wp-json\/wp\/v2\/kji_subject?post=649345"},{"taxonomy":"kji_keyword","embeddable":true,"href":"https:\/\/kohenavocats.com\/ru\/wp-json\/wp\/v2\/kji_keyword?post=649345"},{"taxonomy":"kji_language","embeddable":true,"href":"https:\/\/kohenavocats.com\/ru\/wp-json\/wp\/v2\/kji_language?post=649345"}],"curies":[{"name":"wp","href":"https:\/\/api.w.org\/{rel}","templated":true}]}}