{"id":651064,"date":"2026-04-22T20:04:18","date_gmt":"2026-04-22T18:04:18","guid":{"rendered":"https:\/\/kohenavocats.com\/jurisprudences\/eclinlogeabes2025148-gerecht-in-eerste-aanleg-van-bonaire-sint-eustatius-en-saba-29-08-2025-bon202500289\/"},"modified":"2026-04-22T20:04:18","modified_gmt":"2026-04-22T18:04:18","slug":"eclinlogeabes2025148-gerecht-in-eerste-aanleg-van-bonaire-sint-eustatius-en-saba-29-08-2025-bon202500289","status":"publish","type":"kji_decision","link":"https:\/\/kohenavocats.com\/ru\/jurisprudences\/eclinlogeabes2025148-gerecht-in-eerste-aanleg-van-bonaire-sint-eustatius-en-saba-29-08-2025-bon202500289\/","title":{"rendered":"ECLI:NL:OGEABES:2025:148 Gerecht in eerste aanleg van Bonaire, Sint Eustatius en Saba , 29-08-2025 \/ BON202500289"},"content":{"rendered":"<div class=\"kji-decision\">\n<div class=\"kji-full-text\">\n<p><strong>Inhoudsindicatie.<\/strong> Kinderalimentatie, nieuwe berekening Voogdijraad<\/p>\n<h3>GERECHT IN EERSTE AANLEG VAN BONAIRE, SINT EUSTATIUS EN SABA<\/h3>\n<h3>zittingsplaats Bonaire<\/h3>\n<p>registratienummer: BON202500289<\/p>\n<p>datum beslissing: 29 augustus 2025<\/p>\n<p>BESCHIKKING<\/p>\n<p>op verzoek van:<\/p>\n<p>VOOGDIJRAAD CARIBISCH NEDERLAND,<\/p>\n<p>gevestigd te Bonaire,<\/p>\n<p>verzoeker, hierna: de Voogdijraad,<\/p>\n<p>met betrekking tot de minderjarigen:<\/p>\n<p>[minderjarige 1],<\/p>\n<p>geboren op [geboortedatum] 2009 te Cura\u00e7ao,<\/p>\n<p>[minderjarige 2],<\/p>\n<p>geboren op [geboortedatum] 2013 te Cura\u00e7ao,<\/p>\n<p>tegen:<\/p>\n<p>[verweerder],<\/p>\n<p>wonende te Cura\u00e7ao,<\/p>\n<p>verweerder, hierna: de man,<\/p>\n<p>Als belanghebbende wordt aangemerkt:<\/p>\n<p>[belanghebbende],<\/p>\n<p>wonende te Bonaire,<\/p>\n<p>hierna: de vrouw.<\/p>\n<h3>1De procedure<\/h3>\n<p>Het verloop van de procedure blijkt uit:<\/p>\n<p>het verzoekschrift van de Voogdijraad met producties, ingekomen op 11 juni 2025,<\/p>\n<p>het verweerschrift met een zelfstandig tegenverzoek van de man.<\/p>\n<p>de mondelinge behandeling die heeft plaatsgevonden op 27 augustus 2025, waar zijn verschenen:<\/p>\n<p>o namens de Voogdijraad mevrouw [medewerker 1 voogdijraad] en [medewerker 2 voogdijraad]<\/p>\n<p>o de vader door middel van een telefoonverbinding<\/p>\n<p>o de vrouw<\/p>\n<p>De (tussen)beschikking is bepaald op vandaag.<\/p>\n<h3>2De feiten<\/h3>\n<p>De man en de vrouw waren met elkaar gehuwd. Voorafgaand aan het huwelijk had de vrouw al een dochter, het op dit moment nog minderjarige meisje [minderjarige 1]. De man heeft deze minderjarige erkend.<\/p>\n<p>Tijdens het huwelijk van de man en de vrouw is geboren de op dit moment nog minderjarige jongen: [minderjarige 2], geboren op [geboortedatum] 2013 te Cura\u00e7ao,<\/p>\n<p>Het huwelijk tussen de man en de vrouw is ontbonden door echtscheiding.<\/p>\n<h3>3<\/p>\n<p>3. De verzoeken<\/h3>\n<p>Het verzoek van de vrouw strekt tot het vaststellen van een bijdrage van de vader in de kosten van verzorging en opvoeding van de minderjarige kinderen (hierna ook: kinderalimentatie).<\/p>\n<p>De man concludeert tot toewijzing van de door de Voogdijraad verzochte kinderalimentatie voor de minderjarige jongen en tot afwijzing van de door de Voogdijraad gevraagde kinderalimentatie voor het minderjarige meisje.<\/p>\n<p>De man verzoekt het gerecht zelfstandig om bij beschikking een omgangsregeling tussen hem en de minderjarige jongen vast te stellen voor in de grote vakantie en in de kerstvakantie als nader door hem omschreven en om te bepalen dat indien de man afreist naar Bonaire, hij vrije en onbelemmerde omgang kan hebben met de minderjarige jongen en tijd met hem kan doorbrengen.<\/p>\n<h3>4De beoordeling<\/h3>\n<h3>Kinderalimentatie<\/h3>\n<p>Het gerecht zal oordelen dat de man ook voor het minderjarige meisje alimentatieplichtig is. Dat wordt hierna uitgelegd.<\/p>\n<p>Door de erkenning van [minderjarige 1] is de man op grond van de wet vader geworden van [minderjarige 1] (artikel 1:199 aanhef en onder c BW BES), ongeacht of hij haar biologische vader is. Niet de verwekking, maar de erkenning is namelijk de bron van de familierechtelijke betrekking. Voor zover de man de vernietiging van de erkenning heeft willen inroepen, heeft de man niet de daarvoor benodigde feiten en\/of omstandigheden gesteld (waaruit blijkt dat hij door bedreiging, dwaling of bedrog is bewogen tot de erkenning, zie artikel 1:205 lid 1 onder b BW BES).<\/p>\n<p>Op grond van artikel 1:404 lid 1 BW BES zijn ouders (en dus ook de man als vader) verplicht om naar draagkracht bij te dragen in de kosten van verzorging en opvoeding van hun minderjarige kinderen.<\/p>\n<p>Het gerecht kan de kinderalimentatie (nog) niet vaststellen overeenkomstig de berekeningen van de Voogdijraad omdat het gerecht door de man nader ge\u00efnformeerd wil worden over zijn financi\u00ebn. Het advies van de Voogdijraad is gebaseerd op het wettelijk minimumloon omdat de werkelijke inkomensgegevens van de man ontbreken. De man heeft op de zitting verklaard dat hij werkzaam is in de aircoservice. Het gerecht wil van de man de volgende financi\u00eble gegevens ontvangen :<\/p>\n<p>zijn belastingaangiften van 2024, 2023 en 2022<\/p>\n<p>zijn bankafschriften van de maanden april, mei en juni 2025<\/p>\n<p>een (inschrijf)bewijs waaruit blijkt dat de man bij zijn moeder woont<\/p>\n<p>bewijzen van dat en wat hij zijn moeder voor de inwoning betaalt.<\/p>\n<p>Op de zitting is bepaald dat de man deze gegevens uiterlijk volgende week (en dus uiterlijk 5 september 2025) naar de Voogdijraad stuurt, zodat de Voogdijraad een herberekening kan opstellen.<\/p>\n<p>Het gerecht acht het noodzakelijk dat de Voogdijraad aan de hand van de actuele inkomensgegevens van (ook) de man (die van de vrouw staan niet ter discussie) een berekening maakt van de behoefte van de minderjarigen en de draagkracht van partijen en dat de Voogdijraad op basis daarvan het gerecht zal adviseren over de hoogte van de vast te stellen kinderalimentatie. Het gerecht zal de zaak verwijzen naar de (rol) zitting van 1 oktober 2025 voor overlegging van deze nieuwe alimentatieberekening door de Voogdijraad.<\/p>\n<p>Het gerecht zal de nader vast te stellen kinderalimentatie laten ingaan vanaf 1 juli 2025, de eerste maand na de datum van het verzoekschrift van de Voogdijraad.<\/p>\n<p>De man zal de (toekomstige) kinderalimentatie steeds v\u00f3\u00f3r de eerste dag van de maand vooraf betalen. Het gaat namelijk om een bijdrage in de kosten die in die maand gemaakt worden en dan zou het te laat zijn als de alimentatie pas later in die maand wordt betaald.<\/p>\n<p>Het tegenverzoek van de man: de omgangsregeling<\/p>\n<p>Omdat in het tegenverzoek van de man ten onrechte geen griffierecht is geheven, zal dat worden nageheven. In afwachting daarvan houdt het gerecht iedere beslissing over het tegenverzoek van de man aan.<\/p>\n<h3>5De beslissing<\/h3>\n<p>verwijst de zaak naar de (EJ)rol van 1 oktober 2025 om 09.30 uur voor het indienen door de Voogdijraad van een nieuwe alimentatieberekening met betrekking tot de minderjarigen op basis van de door de man uiterlijk op 5 september 2025 bij de Voogdijraad in te dienen gegevens als hiervoor omschreven in randnummer 4.4.;<\/p>\n<p>verstaat dat de griffie aan griffierecht aan de man een bedrag van US$ 28 zal naheffen;<\/p>\n<p>houdt iedere verdere beslissing aan.<\/p>\n<p>Deze beschikking is gegeven door mr. J.M.J. Keltjens, rechter, en in het openbaar uitgesproken op 29 augustus 2025 in tegenwoordigheid van de griffier.<\/p>\n<\/div>\n<hr class=\"kji-sep\" \/>\n<p class=\"kji-source-links\"><strong>Sources officielles :<\/strong> <a class=\"kji-source-link\" href=\"http:\/\/deeplink.rechtspraak.nl\/uitspraak?id=ECLI:NL:OGEABES:2025:148\" target=\"_blank\" rel=\"noopener noreferrer\">consulter la page source<\/a><\/p>\n<p class=\"kji-license-note\"><em>Rechtspraak.nl open data, Creative Commons Zero. Volume cible 1.8M decisions.<\/em><\/p>\n<\/div>\n","protected":false},"excerpt":{"rendered":"<p>Kinderalimentatie, nieuwe berekening Voogdijraad<\/p>\n","protected":false},"featured_media":0,"template":"","meta":{"_crdt_document":""},"kji_country":[7669],"kji_court":[11490],"kji_chamber":[],"kji_year":[8463],"kji_subject":[7646],"kji_keyword":[8376,11489,7812,10091,11491],"kji_language":[7671],"class_list":["post-651064","kji_decision","type-kji_decision","status-publish","hentry","kji_country-pays-bas","kji_court-gerecht-in-eerste-aanleg-van-bonaire-sint-eustatius-en-saba","kji_year-8463","kji_subject-divers","kji_keyword-aanleg","kji_keyword-bonaire","kji_keyword-eerste","kji_keyword-gerecht","kji_keyword-ogeabes","kji_language-nl"],"yoast_head":"<!-- This site is optimized with the Yoast SEO Premium plugin v27.5 (Yoast SEO v27.5) - https:\/\/yoast.com\/product\/yoast-seo-premium-wordpress\/ -->\n<title>ECLI:NL:OGEABES:2025:148 Gerecht in eerste aanleg van Bonaire, Sint Eustatius en Saba , 29-08-2025 \/ BON202500289 - Ma\u00eetre Hassan Kohen, avocat en droit p\u00e9nal \u00e0 Paris<\/title>\n<meta name=\"robots\" content=\"index, follow, max-snippet:-1, max-image-preview:large, max-video-preview:-1\" \/>\n<link rel=\"canonical\" href=\"https:\/\/kohenavocats.com\/ru\/jurisprudences\/eclinlogeabes2025148-gerecht-in-eerste-aanleg-van-bonaire-sint-eustatius-en-saba-29-08-2025-bon202500289\/\" \/>\n<meta property=\"og:locale\" content=\"ru_RU\" \/>\n<meta property=\"og:type\" content=\"article\" \/>\n<meta property=\"og:title\" content=\"ECLI:NL:OGEABES:2025:148 Gerecht in eerste aanleg van Bonaire, Sint Eustatius en Saba , 29-08-2025 \/ BON202500289\" \/>\n<meta property=\"og:description\" content=\"Kinderalimentatie, nieuwe berekening Voogdijraad\" \/>\n<meta property=\"og:url\" content=\"https:\/\/kohenavocats.com\/ru\/jurisprudences\/eclinlogeabes2025148-gerecht-in-eerste-aanleg-van-bonaire-sint-eustatius-en-saba-29-08-2025-bon202500289\/\" \/>\n<meta property=\"og:site_name\" content=\"Ma\u00eetre Hassan Kohen, avocat en droit p\u00e9nal \u00e0 Paris\" \/>\n<meta name=\"twitter:card\" content=\"summary_large_image\" \/>\n<meta name=\"twitter:label1\" content=\"\u041f\u0440\u0438\u043c\u0435\u0440\u043d\u043e\u0435 \u0432\u0440\u0435\u043c\u044f \u0434\u043b\u044f \u0447\u0442\u0435\u043d\u0438\u044f\" \/>\n\t<meta name=\"twitter:data1\" content=\"5 \u043c\u0438\u043d\u0443\u0442\" \/>\n<script type=\"application\/ld+json\" class=\"yoast-schema-graph\">{\"@context\":\"https:\\\/\\\/schema.org\",\"@graph\":[{\"@type\":\"WebPage\",\"@id\":\"https:\\\/\\\/kohenavocats.com\\\/ru\\\/jurisprudences\\\/eclinlogeabes2025148-gerecht-in-eerste-aanleg-van-bonaire-sint-eustatius-en-saba-29-08-2025-bon202500289\\\/\",\"url\":\"https:\\\/\\\/kohenavocats.com\\\/ru\\\/jurisprudences\\\/eclinlogeabes2025148-gerecht-in-eerste-aanleg-van-bonaire-sint-eustatius-en-saba-29-08-2025-bon202500289\\\/\",\"name\":\"ECLI:NL:OGEABES:2025:148 Gerecht in eerste aanleg van Bonaire, Sint Eustatius en Saba , 29-08-2025 \\\/ BON202500289 - Ma\u00eetre Hassan Kohen, avocat en droit p\u00e9nal \u00e0 Paris\",\"isPartOf\":{\"@id\":\"https:\\\/\\\/kohenavocats.com\\\/ru\\\/#website\"},\"datePublished\":\"2026-04-22T18:04:18+00:00\",\"breadcrumb\":{\"@id\":\"https:\\\/\\\/kohenavocats.com\\\/ru\\\/jurisprudences\\\/eclinlogeabes2025148-gerecht-in-eerste-aanleg-van-bonaire-sint-eustatius-en-saba-29-08-2025-bon202500289\\\/#breadcrumb\"},\"inLanguage\":\"ru-RU\",\"potentialAction\":[{\"@type\":\"ReadAction\",\"target\":[\"https:\\\/\\\/kohenavocats.com\\\/ru\\\/jurisprudences\\\/eclinlogeabes2025148-gerecht-in-eerste-aanleg-van-bonaire-sint-eustatius-en-saba-29-08-2025-bon202500289\\\/\"]}]},{\"@type\":\"BreadcrumbList\",\"@id\":\"https:\\\/\\\/kohenavocats.com\\\/ru\\\/jurisprudences\\\/eclinlogeabes2025148-gerecht-in-eerste-aanleg-van-bonaire-sint-eustatius-en-saba-29-08-2025-bon202500289\\\/#breadcrumb\",\"itemListElement\":[{\"@type\":\"ListItem\",\"position\":1,\"name\":\"Home\",\"item\":\"https:\\\/\\\/kohenavocats.com\\\/ru\\\/avocats-en-droit-penal-a-paris-conseil-et-defense-strategique\\\/\"},{\"@type\":\"ListItem\",\"position\":2,\"name\":\"Jurisprudences\",\"item\":\"https:\\\/\\\/kohenavocats.com\\\/ru\\\/jurisprudences\\\/\"},{\"@type\":\"ListItem\",\"position\":3,\"name\":\"ECLI:NL:OGEABES:2025:148 Gerecht in eerste aanleg van Bonaire, Sint Eustatius en Saba , 29-08-2025 \\\/ BON202500289\"}]},{\"@type\":\"WebSite\",\"@id\":\"https:\\\/\\\/kohenavocats.com\\\/ru\\\/#website\",\"url\":\"https:\\\/\\\/kohenavocats.com\\\/ru\\\/\",\"name\":\"Kohen Avocats\",\"description\":\"Ma\u00eetre Hassan Kohen, avocat p\u00e9naliste \u00e0 Paris, intervient exclusivement en droit p\u00e9nal pour la d\u00e9fense des particuliers, notamment en mati\u00e8re d\u2019accusations de viol. Il assure un accompagnement rigoureux d\u00e8s la garde \u00e0 vue jusqu\u2019\u00e0 la Cour d\u2019assises, veillant au strict respect des garanties proc\u00e9durales.\",\"publisher\":{\"@id\":\"https:\\\/\\\/kohenavocats.com\\\/ru\\\/#organization\"},\"potentialAction\":[{\"@type\":\"SearchAction\",\"target\":{\"@type\":\"EntryPoint\",\"urlTemplate\":\"https:\\\/\\\/kohenavocats.com\\\/ru\\\/?s={search_term_string}\"},\"query-input\":{\"@type\":\"PropertyValueSpecification\",\"valueRequired\":true,\"valueName\":\"search_term_string\"}}],\"inLanguage\":\"ru-RU\"},{\"@type\":\"Organization\",\"@id\":\"https:\\\/\\\/kohenavocats.com\\\/ru\\\/#organization\",\"name\":\"Kohen Avocats\",\"url\":\"https:\\\/\\\/kohenavocats.com\\\/ru\\\/\",\"logo\":{\"@type\":\"ImageObject\",\"inLanguage\":\"ru-RU\",\"@id\":\"https:\\\/\\\/kohenavocats.com\\\/ru\\\/#\\\/schema\\\/logo\\\/image\\\/\",\"url\":\"https:\\\/\\\/kohenavocats.com\\\/wp-content\\\/uploads\\\/2026\\\/01\\\/Logo-2-1.webp\",\"contentUrl\":\"https:\\\/\\\/kohenavocats.com\\\/wp-content\\\/uploads\\\/2026\\\/01\\\/Logo-2-1.webp\",\"width\":2114,\"height\":1253,\"caption\":\"Kohen Avocats\"},\"image\":{\"@id\":\"https:\\\/\\\/kohenavocats.com\\\/ru\\\/#\\\/schema\\\/logo\\\/image\\\/\"}}]}<\/script>\n<!-- \/ Yoast SEO Premium plugin. -->","yoast_head_json":{"title":"ECLI:NL:OGEABES:2025:148 Gerecht in eerste aanleg van Bonaire, Sint Eustatius en Saba , 29-08-2025 \/ BON202500289 - Ma\u00eetre Hassan Kohen, avocat en droit p\u00e9nal \u00e0 Paris","robots":{"index":"index","follow":"follow","max-snippet":"max-snippet:-1","max-image-preview":"max-image-preview:large","max-video-preview":"max-video-preview:-1"},"canonical":"https:\/\/kohenavocats.com\/ru\/jurisprudences\/eclinlogeabes2025148-gerecht-in-eerste-aanleg-van-bonaire-sint-eustatius-en-saba-29-08-2025-bon202500289\/","og_locale":"ru_RU","og_type":"article","og_title":"ECLI:NL:OGEABES:2025:148 Gerecht in eerste aanleg van Bonaire, Sint Eustatius en Saba , 29-08-2025 \/ BON202500289","og_description":"Kinderalimentatie, nieuwe berekening Voogdijraad","og_url":"https:\/\/kohenavocats.com\/ru\/jurisprudences\/eclinlogeabes2025148-gerecht-in-eerste-aanleg-van-bonaire-sint-eustatius-en-saba-29-08-2025-bon202500289\/","og_site_name":"Ma\u00eetre Hassan Kohen, avocat en droit p\u00e9nal \u00e0 Paris","twitter_card":"summary_large_image","twitter_misc":{"\u041f\u0440\u0438\u043c\u0435\u0440\u043d\u043e\u0435 \u0432\u0440\u0435\u043c\u044f \u0434\u043b\u044f \u0447\u0442\u0435\u043d\u0438\u044f":"5 \u043c\u0438\u043d\u0443\u0442"},"schema":{"@context":"https:\/\/schema.org","@graph":[{"@type":"WebPage","@id":"https:\/\/kohenavocats.com\/ru\/jurisprudences\/eclinlogeabes2025148-gerecht-in-eerste-aanleg-van-bonaire-sint-eustatius-en-saba-29-08-2025-bon202500289\/","url":"https:\/\/kohenavocats.com\/ru\/jurisprudences\/eclinlogeabes2025148-gerecht-in-eerste-aanleg-van-bonaire-sint-eustatius-en-saba-29-08-2025-bon202500289\/","name":"ECLI:NL:OGEABES:2025:148 Gerecht in eerste aanleg van Bonaire, Sint Eustatius en Saba , 29-08-2025 \/ BON202500289 - Ma\u00eetre Hassan Kohen, avocat en droit p\u00e9nal \u00e0 Paris","isPartOf":{"@id":"https:\/\/kohenavocats.com\/ru\/#website"},"datePublished":"2026-04-22T18:04:18+00:00","breadcrumb":{"@id":"https:\/\/kohenavocats.com\/ru\/jurisprudences\/eclinlogeabes2025148-gerecht-in-eerste-aanleg-van-bonaire-sint-eustatius-en-saba-29-08-2025-bon202500289\/#breadcrumb"},"inLanguage":"ru-RU","potentialAction":[{"@type":"ReadAction","target":["https:\/\/kohenavocats.com\/ru\/jurisprudences\/eclinlogeabes2025148-gerecht-in-eerste-aanleg-van-bonaire-sint-eustatius-en-saba-29-08-2025-bon202500289\/"]}]},{"@type":"BreadcrumbList","@id":"https:\/\/kohenavocats.com\/ru\/jurisprudences\/eclinlogeabes2025148-gerecht-in-eerste-aanleg-van-bonaire-sint-eustatius-en-saba-29-08-2025-bon202500289\/#breadcrumb","itemListElement":[{"@type":"ListItem","position":1,"name":"Home","item":"https:\/\/kohenavocats.com\/ru\/avocats-en-droit-penal-a-paris-conseil-et-defense-strategique\/"},{"@type":"ListItem","position":2,"name":"Jurisprudences","item":"https:\/\/kohenavocats.com\/ru\/jurisprudences\/"},{"@type":"ListItem","position":3,"name":"ECLI:NL:OGEABES:2025:148 Gerecht in eerste aanleg van Bonaire, Sint Eustatius en Saba , 29-08-2025 \/ BON202500289"}]},{"@type":"WebSite","@id":"https:\/\/kohenavocats.com\/ru\/#website","url":"https:\/\/kohenavocats.com\/ru\/","name":"Kohen Avocats","description":"Ma\u00eetre Hassan Kohen, avocat p\u00e9naliste \u00e0 Paris, intervient exclusivement en droit p\u00e9nal pour la d\u00e9fense des particuliers, notamment en mati\u00e8re d\u2019accusations de viol. Il assure un accompagnement rigoureux d\u00e8s la garde \u00e0 vue jusqu\u2019\u00e0 la Cour d\u2019assises, veillant au strict respect des garanties proc\u00e9durales.","publisher":{"@id":"https:\/\/kohenavocats.com\/ru\/#organization"},"potentialAction":[{"@type":"SearchAction","target":{"@type":"EntryPoint","urlTemplate":"https:\/\/kohenavocats.com\/ru\/?s={search_term_string}"},"query-input":{"@type":"PropertyValueSpecification","valueRequired":true,"valueName":"search_term_string"}}],"inLanguage":"ru-RU"},{"@type":"Organization","@id":"https:\/\/kohenavocats.com\/ru\/#organization","name":"Kohen Avocats","url":"https:\/\/kohenavocats.com\/ru\/","logo":{"@type":"ImageObject","inLanguage":"ru-RU","@id":"https:\/\/kohenavocats.com\/ru\/#\/schema\/logo\/image\/","url":"https:\/\/kohenavocats.com\/wp-content\/uploads\/2026\/01\/Logo-2-1.webp","contentUrl":"https:\/\/kohenavocats.com\/wp-content\/uploads\/2026\/01\/Logo-2-1.webp","width":2114,"height":1253,"caption":"Kohen Avocats"},"image":{"@id":"https:\/\/kohenavocats.com\/ru\/#\/schema\/logo\/image\/"}}]}},"jetpack_likes_enabled":false,"jetpack_sharing_enabled":true,"_links":{"self":[{"href":"https:\/\/kohenavocats.com\/ru\/wp-json\/wp\/v2\/kji_decision\/651064","targetHints":{"allow":["GET"]}}],"collection":[{"href":"https:\/\/kohenavocats.com\/ru\/wp-json\/wp\/v2\/kji_decision"}],"about":[{"href":"https:\/\/kohenavocats.com\/ru\/wp-json\/wp\/v2\/types\/kji_decision"}],"wp:attachment":[{"href":"https:\/\/kohenavocats.com\/ru\/wp-json\/wp\/v2\/media?parent=651064"}],"wp:term":[{"taxonomy":"kji_country","embeddable":true,"href":"https:\/\/kohenavocats.com\/ru\/wp-json\/wp\/v2\/kji_country?post=651064"},{"taxonomy":"kji_court","embeddable":true,"href":"https:\/\/kohenavocats.com\/ru\/wp-json\/wp\/v2\/kji_court?post=651064"},{"taxonomy":"kji_chamber","embeddable":true,"href":"https:\/\/kohenavocats.com\/ru\/wp-json\/wp\/v2\/kji_chamber?post=651064"},{"taxonomy":"kji_year","embeddable":true,"href":"https:\/\/kohenavocats.com\/ru\/wp-json\/wp\/v2\/kji_year?post=651064"},{"taxonomy":"kji_subject","embeddable":true,"href":"https:\/\/kohenavocats.com\/ru\/wp-json\/wp\/v2\/kji_subject?post=651064"},{"taxonomy":"kji_keyword","embeddable":true,"href":"https:\/\/kohenavocats.com\/ru\/wp-json\/wp\/v2\/kji_keyword?post=651064"},{"taxonomy":"kji_language","embeddable":true,"href":"https:\/\/kohenavocats.com\/ru\/wp-json\/wp\/v2\/kji_language?post=651064"}],"curies":[{"name":"wp","href":"https:\/\/api.w.org\/{rel}","templated":true}]}}