{"id":651065,"date":"2026-04-22T20:04:21","date_gmt":"2026-04-22T18:04:21","guid":{"rendered":"https:\/\/kohenavocats.com\/jurisprudences\/eclinlogeabes2025149-gerecht-in-eerste-aanleg-van-bonaire-sint-eustatius-en-saba-29-08-2025-bon202500297\/"},"modified":"2026-04-22T20:04:21","modified_gmt":"2026-04-22T18:04:21","slug":"eclinlogeabes2025149-gerecht-in-eerste-aanleg-van-bonaire-sint-eustatius-en-saba-29-08-2025-bon202500297","status":"publish","type":"kji_decision","link":"https:\/\/kohenavocats.com\/ru\/jurisprudences\/eclinlogeabes2025149-gerecht-in-eerste-aanleg-van-bonaire-sint-eustatius-en-saba-29-08-2025-bon202500297\/","title":{"rendered":"ECLI:NL:OGEABES:2025:149 Gerecht in eerste aanleg van Bonaire, Sint Eustatius en Saba , 29-08-2025 \/ BON202500297"},"content":{"rendered":"<div class=\"kji-decision\">\n<div class=\"kji-full-text\">\n<p><strong>Inhoudsindicatie.<\/strong> Kinderalimentatie, DNA-onderzoek<\/p>\n<h3>GERECHT IN EERSTE AANLEG VAN BONAIRE, SINT EUSTATIUS EN SABA<\/h3>\n<h3>zittingsplaats Bonaire<\/h3>\n<p>registratienummer: BON202500297<\/p>\n<p>datum beslissing: 29 augustus 2025<\/p>\n<p>BESCHIKKING<\/p>\n<p>op verzoek van:<\/p>\n<p>VOOGDIJRAAD CARIBISCH NEDERLAND,<\/p>\n<p>gevestigd te Bonaire,<\/p>\n<p>verzoeker, hierna: de Voogdijraad,<\/p>\n<p>met betrekking tot de minderjarigen:<\/p>\n<p>[minderjarige 1],<\/p>\n<p>geboren op [geboortedatum] 2013 te Bonaire,<\/p>\n<p>[minderjarige 2],<\/p>\n<p>geboren op [geboortedatum] 2019 te Bonaire,<\/p>\n<p>tegen:<\/p>\n<p>[verweerder],<\/p>\n<p>wonende te Bonaire,<\/p>\n<p>verweerder, hierna ook: de man,<\/p>\n<p>Als belanghebbende wordt aangemerkt:<\/p>\n<p>[belanghebbende],<\/p>\n<p>wonende te Cura\u00e7ao,<\/p>\n<p>hierna ook: de vrouw,<\/p>\n<p>gemachtigde: mr. S. Larmonie te Cura\u00e7ao.<\/p>\n<h3>1De procedure<\/h3>\n<p>Het verloop van de procedure blijkt uit:<\/p>\n<p>het verzoekschrift van de Voogdijraad met producties, ingekomen op 16 juni 2025<\/p>\n<p>het verweerschrift met een zelfstandig tegenverzoek van de man van 27 augustus 2025<\/p>\n<p>de mondelinge behandeling die heeft plaatsgevonden op 27 augustus 2025, waar zijn verschenen:<\/p>\n<p>o namens de Voogdijraad mevrouw [medewerker voogdijraad]<\/p>\n<p>o de vrouw<\/p>\n<p>o de man door middel van een videoverbinding<\/p>\n<p>Ook was aanwezig mevrouw K. Thielman, in haar hoedanigheid van tolk in de Papiamentse taal.<\/p>\n<p>De (tussen)beschikking is bepaald op vandaag.<\/p>\n<h3>2De feiten<\/h3>\n<p>De man en de vrouw hebben een affectieve relatie gehad die inmiddels is ge\u00ebindigd.<\/p>\n<h3>3<\/p>\n<p>3. De verzoeken en de beoordeling<\/h3>\n<p>Het verzoek van de Voogdijraad strekt tot het vaststellen van een bijdrage van de man in de kosten van verzorging en opvoeding van de minderjarige kinderen (hierna ook: kinderalimentatie).<\/p>\n<p>De man wenst eerst zekerheid te verkrijgen over het antwoord op de vraag of hij de biologische vader van de minderjarige kinderen is. De vrouw heeft op de zitting verklaard dat de man dat is, maar dat zij aan het door de man gewenste DNA-onderzoek mee zal werken om alle kennelijk bij de man ontstane onduidelijkheid daarover weg te nemen, mede in het belang van de minderjarige kinderen.<\/p>\n<p>Het gerecht zal de verdere behandeling van deze zaak aanhouden om de man in de gelegenheid te stellen het DNA-onderzoek uit te laten voeren door het ziekenhuis Mariadal. De man heeft op de zitting verklaard dat hij vertrouwen heeft in dat ziekenhuis. De vrouw heeft toegezegd dat zij aan dat onderzoek haar medewerking zal verlenen. Op de zitting is afgesproken dat de Voogdijraad en de man contact zullen hebben over de wijze waarop hij dat onderzoek financieel het meest gunstig zal kunnen laten doen. De kosten voor het DNA-onderzoek komen voor rekening van de man omdat hij het onderzoek wenst.<\/p>\n<p>Het gerecht zal de zaak verwijzen naar de rol van 1 oktober 2025 voor overlegging van het DNA-rapport door de man en iedere verdere beslissing aanhouden.<\/p>\n<p>Hoe verder na 1 oktober 2025?<\/p>\n<p>Als uit het rapport blijkt dat de man de biologische vader van (een van) de minderjarige kinderen is, zal een nieuwe (rol)datum worden bepaald waarop de man financi\u00eble gegevens in het geding kan brengen waaruit zijn inkomen blijkt. Het gerecht acht dit dan aangewezen voor een (her)berekening van de kinderalimentatie. De man heeft op de zitting verklaard dat hij een besloten vennootschap heeft. De rechter heeft de man voorgehouden dat de belastingdienst Caribisch Nederland ervan uitgaat dat een directeur-grootaandeelhouder (dga) van een bv een bepaald minimum salaris verdient en dat het gerecht daarvan uit zal gaan als uit de door de man over te leggen stukken niet blijkt dat het anders is.<\/p>\n<p>De rechter heeft de vrouw voorgehouden dat zij op die (eventueel) op 1 oktober 2025 nader te bepalen (rol)datum kan reageren op de door de man in zijn verweerschrift ingenomen stelling dat de bovenverdieping van de woning waar zij woont, is verhuurd (geweest). Op die rol kan de vrouw stukken aanleveren waaruit blijkt welke huurinkomsten zij heeft (als zij die heeft).<\/p>\n<h3>4De beslissing<\/h3>\n<p>Het gerecht:<\/p>\n<p>verwijst de zaak naar de rol van 1 oktober 2025 voor overlegging van het DNA-rapport door de man;<\/p>\n<p>houdt iedere verdere beslissing aan.<\/p>\n<p>Deze beschikking is gegeven door mr. J.M.J. Keltjens, rechter, en in het openbaar uitgesproken op 29 augustus 2025 in tegenwoordigheid van de griffier.<\/p>\n<\/div>\n<hr class=\"kji-sep\" \/>\n<p class=\"kji-source-links\"><strong>Sources officielles :<\/strong> <a class=\"kji-source-link\" href=\"http:\/\/deeplink.rechtspraak.nl\/uitspraak?id=ECLI:NL:OGEABES:2025:149\" target=\"_blank\" rel=\"noopener noreferrer\">consulter la page source<\/a><\/p>\n<p class=\"kji-license-note\"><em>Rechtspraak.nl open data, Creative Commons Zero. Volume cible 1.8M decisions.<\/em><\/p>\n<\/div>\n","protected":false},"excerpt":{"rendered":"<p>Kinderalimentatie, DNA-onderzoek<\/p>\n","protected":false},"featured_media":0,"template":"","meta":{"_crdt_document":""},"kji_country":[7669],"kji_court":[11490],"kji_chamber":[],"kji_year":[8463],"kji_subject":[7646],"kji_keyword":[8376,11489,7812,10091,11491],"kji_language":[7671],"class_list":["post-651065","kji_decision","type-kji_decision","status-publish","hentry","kji_country-pays-bas","kji_court-gerecht-in-eerste-aanleg-van-bonaire-sint-eustatius-en-saba","kji_year-8463","kji_subject-divers","kji_keyword-aanleg","kji_keyword-bonaire","kji_keyword-eerste","kji_keyword-gerecht","kji_keyword-ogeabes","kji_language-nl"],"yoast_head":"<!-- This site is optimized with the Yoast SEO Premium plugin v27.5 (Yoast SEO v27.5) - https:\/\/yoast.com\/product\/yoast-seo-premium-wordpress\/ -->\n<title>ECLI:NL:OGEABES:2025:149 Gerecht in eerste aanleg van Bonaire, Sint Eustatius en Saba , 29-08-2025 \/ BON202500297 - Ma\u00eetre Hassan Kohen, avocat en droit p\u00e9nal \u00e0 Paris<\/title>\n<meta name=\"robots\" content=\"index, follow, max-snippet:-1, max-image-preview:large, max-video-preview:-1\" \/>\n<link rel=\"canonical\" href=\"https:\/\/kohenavocats.com\/ru\/jurisprudences\/eclinlogeabes2025149-gerecht-in-eerste-aanleg-van-bonaire-sint-eustatius-en-saba-29-08-2025-bon202500297\/\" \/>\n<meta property=\"og:locale\" content=\"ru_RU\" \/>\n<meta property=\"og:type\" content=\"article\" \/>\n<meta property=\"og:title\" content=\"ECLI:NL:OGEABES:2025:149 Gerecht in eerste aanleg van Bonaire, Sint Eustatius en Saba , 29-08-2025 \/ BON202500297\" \/>\n<meta property=\"og:description\" content=\"Kinderalimentatie, DNA-onderzoek\" \/>\n<meta property=\"og:url\" content=\"https:\/\/kohenavocats.com\/ru\/jurisprudences\/eclinlogeabes2025149-gerecht-in-eerste-aanleg-van-bonaire-sint-eustatius-en-saba-29-08-2025-bon202500297\/\" \/>\n<meta property=\"og:site_name\" content=\"Ma\u00eetre Hassan Kohen, avocat en droit p\u00e9nal \u00e0 Paris\" \/>\n<meta name=\"twitter:card\" content=\"summary_large_image\" \/>\n<meta name=\"twitter:label1\" content=\"\u041f\u0440\u0438\u043c\u0435\u0440\u043d\u043e\u0435 \u0432\u0440\u0435\u043c\u044f \u0434\u043b\u044f \u0447\u0442\u0435\u043d\u0438\u044f\" \/>\n\t<meta name=\"twitter:data1\" content=\"3 \u043c\u0438\u043d\u0443\u0442\u044b\" \/>\n<script type=\"application\/ld+json\" class=\"yoast-schema-graph\">{\"@context\":\"https:\\\/\\\/schema.org\",\"@graph\":[{\"@type\":\"WebPage\",\"@id\":\"https:\\\/\\\/kohenavocats.com\\\/ru\\\/jurisprudences\\\/eclinlogeabes2025149-gerecht-in-eerste-aanleg-van-bonaire-sint-eustatius-en-saba-29-08-2025-bon202500297\\\/\",\"url\":\"https:\\\/\\\/kohenavocats.com\\\/ru\\\/jurisprudences\\\/eclinlogeabes2025149-gerecht-in-eerste-aanleg-van-bonaire-sint-eustatius-en-saba-29-08-2025-bon202500297\\\/\",\"name\":\"ECLI:NL:OGEABES:2025:149 Gerecht in eerste aanleg van Bonaire, Sint Eustatius en Saba , 29-08-2025 \\\/ BON202500297 - Ma\u00eetre Hassan Kohen, avocat en droit p\u00e9nal \u00e0 Paris\",\"isPartOf\":{\"@id\":\"https:\\\/\\\/kohenavocats.com\\\/ru\\\/#website\"},\"datePublished\":\"2026-04-22T18:04:21+00:00\",\"breadcrumb\":{\"@id\":\"https:\\\/\\\/kohenavocats.com\\\/ru\\\/jurisprudences\\\/eclinlogeabes2025149-gerecht-in-eerste-aanleg-van-bonaire-sint-eustatius-en-saba-29-08-2025-bon202500297\\\/#breadcrumb\"},\"inLanguage\":\"ru-RU\",\"potentialAction\":[{\"@type\":\"ReadAction\",\"target\":[\"https:\\\/\\\/kohenavocats.com\\\/ru\\\/jurisprudences\\\/eclinlogeabes2025149-gerecht-in-eerste-aanleg-van-bonaire-sint-eustatius-en-saba-29-08-2025-bon202500297\\\/\"]}]},{\"@type\":\"BreadcrumbList\",\"@id\":\"https:\\\/\\\/kohenavocats.com\\\/ru\\\/jurisprudences\\\/eclinlogeabes2025149-gerecht-in-eerste-aanleg-van-bonaire-sint-eustatius-en-saba-29-08-2025-bon202500297\\\/#breadcrumb\",\"itemListElement\":[{\"@type\":\"ListItem\",\"position\":1,\"name\":\"Home\",\"item\":\"https:\\\/\\\/kohenavocats.com\\\/ru\\\/avocats-en-droit-penal-a-paris-conseil-et-defense-strategique\\\/\"},{\"@type\":\"ListItem\",\"position\":2,\"name\":\"Jurisprudences\",\"item\":\"https:\\\/\\\/kohenavocats.com\\\/ru\\\/jurisprudences\\\/\"},{\"@type\":\"ListItem\",\"position\":3,\"name\":\"ECLI:NL:OGEABES:2025:149 Gerecht in eerste aanleg van Bonaire, Sint Eustatius en Saba , 29-08-2025 \\\/ BON202500297\"}]},{\"@type\":\"WebSite\",\"@id\":\"https:\\\/\\\/kohenavocats.com\\\/ru\\\/#website\",\"url\":\"https:\\\/\\\/kohenavocats.com\\\/ru\\\/\",\"name\":\"Kohen Avocats\",\"description\":\"Ma\u00eetre Hassan Kohen, avocat p\u00e9naliste \u00e0 Paris, intervient exclusivement en droit p\u00e9nal pour la d\u00e9fense des particuliers, notamment en mati\u00e8re d\u2019accusations de viol. Il assure un accompagnement rigoureux d\u00e8s la garde \u00e0 vue jusqu\u2019\u00e0 la Cour d\u2019assises, veillant au strict respect des garanties proc\u00e9durales.\",\"publisher\":{\"@id\":\"https:\\\/\\\/kohenavocats.com\\\/ru\\\/#organization\"},\"potentialAction\":[{\"@type\":\"SearchAction\",\"target\":{\"@type\":\"EntryPoint\",\"urlTemplate\":\"https:\\\/\\\/kohenavocats.com\\\/ru\\\/?s={search_term_string}\"},\"query-input\":{\"@type\":\"PropertyValueSpecification\",\"valueRequired\":true,\"valueName\":\"search_term_string\"}}],\"inLanguage\":\"ru-RU\"},{\"@type\":\"Organization\",\"@id\":\"https:\\\/\\\/kohenavocats.com\\\/ru\\\/#organization\",\"name\":\"Kohen Avocats\",\"url\":\"https:\\\/\\\/kohenavocats.com\\\/ru\\\/\",\"logo\":{\"@type\":\"ImageObject\",\"inLanguage\":\"ru-RU\",\"@id\":\"https:\\\/\\\/kohenavocats.com\\\/ru\\\/#\\\/schema\\\/logo\\\/image\\\/\",\"url\":\"https:\\\/\\\/kohenavocats.com\\\/wp-content\\\/uploads\\\/2026\\\/01\\\/Logo-2-1.webp\",\"contentUrl\":\"https:\\\/\\\/kohenavocats.com\\\/wp-content\\\/uploads\\\/2026\\\/01\\\/Logo-2-1.webp\",\"width\":2114,\"height\":1253,\"caption\":\"Kohen Avocats\"},\"image\":{\"@id\":\"https:\\\/\\\/kohenavocats.com\\\/ru\\\/#\\\/schema\\\/logo\\\/image\\\/\"}}]}<\/script>\n<!-- \/ Yoast SEO Premium plugin. -->","yoast_head_json":{"title":"ECLI:NL:OGEABES:2025:149 Gerecht in eerste aanleg van Bonaire, Sint Eustatius en Saba , 29-08-2025 \/ BON202500297 - Ma\u00eetre Hassan Kohen, avocat en droit p\u00e9nal \u00e0 Paris","robots":{"index":"index","follow":"follow","max-snippet":"max-snippet:-1","max-image-preview":"max-image-preview:large","max-video-preview":"max-video-preview:-1"},"canonical":"https:\/\/kohenavocats.com\/ru\/jurisprudences\/eclinlogeabes2025149-gerecht-in-eerste-aanleg-van-bonaire-sint-eustatius-en-saba-29-08-2025-bon202500297\/","og_locale":"ru_RU","og_type":"article","og_title":"ECLI:NL:OGEABES:2025:149 Gerecht in eerste aanleg van Bonaire, Sint Eustatius en Saba , 29-08-2025 \/ BON202500297","og_description":"Kinderalimentatie, DNA-onderzoek","og_url":"https:\/\/kohenavocats.com\/ru\/jurisprudences\/eclinlogeabes2025149-gerecht-in-eerste-aanleg-van-bonaire-sint-eustatius-en-saba-29-08-2025-bon202500297\/","og_site_name":"Ma\u00eetre Hassan Kohen, avocat en droit p\u00e9nal \u00e0 Paris","twitter_card":"summary_large_image","twitter_misc":{"\u041f\u0440\u0438\u043c\u0435\u0440\u043d\u043e\u0435 \u0432\u0440\u0435\u043c\u044f \u0434\u043b\u044f \u0447\u0442\u0435\u043d\u0438\u044f":"3 \u043c\u0438\u043d\u0443\u0442\u044b"},"schema":{"@context":"https:\/\/schema.org","@graph":[{"@type":"WebPage","@id":"https:\/\/kohenavocats.com\/ru\/jurisprudences\/eclinlogeabes2025149-gerecht-in-eerste-aanleg-van-bonaire-sint-eustatius-en-saba-29-08-2025-bon202500297\/","url":"https:\/\/kohenavocats.com\/ru\/jurisprudences\/eclinlogeabes2025149-gerecht-in-eerste-aanleg-van-bonaire-sint-eustatius-en-saba-29-08-2025-bon202500297\/","name":"ECLI:NL:OGEABES:2025:149 Gerecht in eerste aanleg van Bonaire, Sint Eustatius en Saba , 29-08-2025 \/ BON202500297 - Ma\u00eetre Hassan Kohen, avocat en droit p\u00e9nal \u00e0 Paris","isPartOf":{"@id":"https:\/\/kohenavocats.com\/ru\/#website"},"datePublished":"2026-04-22T18:04:21+00:00","breadcrumb":{"@id":"https:\/\/kohenavocats.com\/ru\/jurisprudences\/eclinlogeabes2025149-gerecht-in-eerste-aanleg-van-bonaire-sint-eustatius-en-saba-29-08-2025-bon202500297\/#breadcrumb"},"inLanguage":"ru-RU","potentialAction":[{"@type":"ReadAction","target":["https:\/\/kohenavocats.com\/ru\/jurisprudences\/eclinlogeabes2025149-gerecht-in-eerste-aanleg-van-bonaire-sint-eustatius-en-saba-29-08-2025-bon202500297\/"]}]},{"@type":"BreadcrumbList","@id":"https:\/\/kohenavocats.com\/ru\/jurisprudences\/eclinlogeabes2025149-gerecht-in-eerste-aanleg-van-bonaire-sint-eustatius-en-saba-29-08-2025-bon202500297\/#breadcrumb","itemListElement":[{"@type":"ListItem","position":1,"name":"Home","item":"https:\/\/kohenavocats.com\/ru\/avocats-en-droit-penal-a-paris-conseil-et-defense-strategique\/"},{"@type":"ListItem","position":2,"name":"Jurisprudences","item":"https:\/\/kohenavocats.com\/ru\/jurisprudences\/"},{"@type":"ListItem","position":3,"name":"ECLI:NL:OGEABES:2025:149 Gerecht in eerste aanleg van Bonaire, Sint Eustatius en Saba , 29-08-2025 \/ BON202500297"}]},{"@type":"WebSite","@id":"https:\/\/kohenavocats.com\/ru\/#website","url":"https:\/\/kohenavocats.com\/ru\/","name":"Kohen Avocats","description":"Ma\u00eetre Hassan Kohen, avocat p\u00e9naliste \u00e0 Paris, intervient exclusivement en droit p\u00e9nal pour la d\u00e9fense des particuliers, notamment en mati\u00e8re d\u2019accusations de viol. Il assure un accompagnement rigoureux d\u00e8s la garde \u00e0 vue jusqu\u2019\u00e0 la Cour d\u2019assises, veillant au strict respect des garanties proc\u00e9durales.","publisher":{"@id":"https:\/\/kohenavocats.com\/ru\/#organization"},"potentialAction":[{"@type":"SearchAction","target":{"@type":"EntryPoint","urlTemplate":"https:\/\/kohenavocats.com\/ru\/?s={search_term_string}"},"query-input":{"@type":"PropertyValueSpecification","valueRequired":true,"valueName":"search_term_string"}}],"inLanguage":"ru-RU"},{"@type":"Organization","@id":"https:\/\/kohenavocats.com\/ru\/#organization","name":"Kohen Avocats","url":"https:\/\/kohenavocats.com\/ru\/","logo":{"@type":"ImageObject","inLanguage":"ru-RU","@id":"https:\/\/kohenavocats.com\/ru\/#\/schema\/logo\/image\/","url":"https:\/\/kohenavocats.com\/wp-content\/uploads\/2026\/01\/Logo-2-1.webp","contentUrl":"https:\/\/kohenavocats.com\/wp-content\/uploads\/2026\/01\/Logo-2-1.webp","width":2114,"height":1253,"caption":"Kohen Avocats"},"image":{"@id":"https:\/\/kohenavocats.com\/ru\/#\/schema\/logo\/image\/"}}]}},"jetpack_likes_enabled":false,"jetpack_sharing_enabled":true,"_links":{"self":[{"href":"https:\/\/kohenavocats.com\/ru\/wp-json\/wp\/v2\/kji_decision\/651065","targetHints":{"allow":["GET"]}}],"collection":[{"href":"https:\/\/kohenavocats.com\/ru\/wp-json\/wp\/v2\/kji_decision"}],"about":[{"href":"https:\/\/kohenavocats.com\/ru\/wp-json\/wp\/v2\/types\/kji_decision"}],"wp:attachment":[{"href":"https:\/\/kohenavocats.com\/ru\/wp-json\/wp\/v2\/media?parent=651065"}],"wp:term":[{"taxonomy":"kji_country","embeddable":true,"href":"https:\/\/kohenavocats.com\/ru\/wp-json\/wp\/v2\/kji_country?post=651065"},{"taxonomy":"kji_court","embeddable":true,"href":"https:\/\/kohenavocats.com\/ru\/wp-json\/wp\/v2\/kji_court?post=651065"},{"taxonomy":"kji_chamber","embeddable":true,"href":"https:\/\/kohenavocats.com\/ru\/wp-json\/wp\/v2\/kji_chamber?post=651065"},{"taxonomy":"kji_year","embeddable":true,"href":"https:\/\/kohenavocats.com\/ru\/wp-json\/wp\/v2\/kji_year?post=651065"},{"taxonomy":"kji_subject","embeddable":true,"href":"https:\/\/kohenavocats.com\/ru\/wp-json\/wp\/v2\/kji_subject?post=651065"},{"taxonomy":"kji_keyword","embeddable":true,"href":"https:\/\/kohenavocats.com\/ru\/wp-json\/wp\/v2\/kji_keyword?post=651065"},{"taxonomy":"kji_language","embeddable":true,"href":"https:\/\/kohenavocats.com\/ru\/wp-json\/wp\/v2\/kji_language?post=651065"}],"curies":[{"name":"wp","href":"https:\/\/api.w.org\/{rel}","templated":true}]}}