{"id":651145,"date":"2026-04-22T20:16:47","date_gmt":"2026-04-22T18:16:47","guid":{"rendered":"https:\/\/kohenavocats.com\/jurisprudences\/acordao-supremo-tribunal-de-justica-processo-11843-19-1t8lsb-l1-s1-2022-12-13-2\/"},"modified":"2026-04-22T20:16:47","modified_gmt":"2026-04-22T18:16:47","slug":"acordao-supremo-tribunal-de-justica-processo-11843-19-1t8lsb-l1-s1-2022-12-13-2","status":"publish","type":"kji_decision","link":"https:\/\/kohenavocats.com\/ru\/jurisprudences\/acordao-supremo-tribunal-de-justica-processo-11843-19-1t8lsb-l1-s1-2022-12-13-2\/","title":{"rendered":"Ac\u00f3rd\u00e3o Supremo Tribunal de Justi\u00e7a \u2013 Processo 11843\/19.1T8LSB.L1.S1 \u2013 2022-12-13"},"content":{"rendered":"<div class=\"kji-decision\">\n<p class=\"kji-summary\">Relator: LUIS ESP?RITO SANTO. I ? Ocupando a R? o im?vel pertencente ao A. Instituto da Habita??o e da Reabilita??o Urbana IP, sem deter qualquer t?tulo para o efeito e n?o pagando qualquer contrapartida por essa mesma ocupa??o, assiste ? propriet?ria, nos termos gerais do artigo 1311? do C?digo Civil, o direito a reivindicar, obtendo para si, o seu im?vel. II ? Merecendo a d?bil situa??o pessoal da R? ocupante\/utilizadora, mormente a sua fragilidade econ?mica e o seu prec?rio estado de sa?de, o m?ximo respeito, devendo ser devidamente considerada, atendida e cuidada em sede e momento pr?prios pelas entidades p?blicas vocacionadas para a resolu??o destes problemas graves de emerg?ncia social, o certo ? que a mesma n?o ? suscept?vel, em termos estritamente jur?dicos, de paralisar o direito de propriedade do A. que exige, legitimamente, a restitui??o de um bem que lhe pertence, cuja utiliza??o n?o contratualizou com a R?, e pela qual n?o recebe qualquer contrapartida, com directo preju?zo para as finalidades e programa??o (que lhe compete) das suas fun??es assistenciais, as quais devem cobrir globalmente toda a comunidade necessitada, em conformidade com os crit?rios e procedimentos legais previamente aprovados pelos ?rg?os competentes. III &#8212; No mesmo sentido, n?o ? poss?vel interpretar o regime constante da Lei n? 83\/2019, de 3 de Setembro, que estabelece as bases do direito ? habita??o e as incumb?ncias e tarefas fundamentais do Estado na efectiva garantia desse direito a todos os cidad?os, nos termos da Constitui??o da Rep?blica Portuguesa, como legitimando, num dado caso concreto, as ocupa??es de im?veis ilegalmente consumadas e que perdurem no tempo, agindo os ocupantes sem t?tulo e usando-os gratuitamente contra a vontade do seu propriet?rio, ao completo arrepio das atribui??es conferidas ?s entidades competentes neste dom?nio da atribui??o de habita??o social, sob pena de total descaracteriza??o e subvers?o da concep??o de Estado de Direito que preside a todo o nosso edif?cio legislativo.? IV &#8212; Em sede de eventual execu??o da entrega do im?vel, a ter lugar judicialmente, ser? devidamente ponderada a situa??o pessoal da R? e a sua premente necessidade de realojamento, em estrita conformidade com o que se disp?e no artigo 861?, n? 6, do C?digo de Processo Civil, onde se refere:?(&#8230;) caso se suscitem s?rias dificuldades no realojamento do executado, o agente de execu??o comunica antecipadamente o facto ? c?mara municipal e ?s entidades assistenciais competentes&quot;.<\/p>\n<hr class=\"kji-sep\" \/>\n<p class=\"kji-source-links\"><strong>Sources officielles :<\/strong> <a class=\"kji-source-link\" href=\"https:\/\/www.dgsi.pt\/jstj.nsf\/954f0ce6ad9dd8b980256b5f003fa814\/c17cd89865243dfe802589190037ff8c?OpenDocument&#038;ExpandSection=1\" target=\"_blank\" rel=\"noopener noreferrer\">consulter la page source<\/a><\/p>\n<p class=\"kji-license-note\"><em>Portails officiels portugais (DGSI \/ Tribunal Constitucional). Republication en metadata_only par prudence licencielle ; consulter la source officielle pour le texte authentique.<\/em><\/p>\n<\/div>\n","protected":false},"excerpt":{"rendered":"<p>Relator: LUIS ESP?RITO SANTO. I ? Ocupando a R? o im?vel pertencente ao A. Instituto da Habita??o e da Reabilita??o Urbana IP, sem deter qualquer t?tulo para o efeito e n?o pagando qualquer contrapartida por essa mesma ocupa??o, assiste ? propriet?ria, nos termos gerais do artigo 1311? do C?digo Civil, o direito a reivindicar, obtendo para si, o seu im?vel. II ? Merecendo a d?bil situa??o pessoal da R? ocupante\/utilizadora, mormente a sua fragilidade econ?mica e o seu prec?rio estado de sa?de, o m?ximo respeito, devendo ser devidamente considerada, atendida e cuidada em sede e momento pr?prios pelas entidades p?blicas vocacionadas para a resolu??o destes problemas graves de emerg?ncia social, o certo ? que a mesma n?o ? suscept?vel, em termos estritamente jur?dicos, de paralisar o direito de propriedade do A. que exige, legitimamente, a restitui??o de um bem que lhe pertence, cuja utiliza??o n?o contratualizou com a R?, e pela qual n?o recebe qualquer contrapartida, com directo preju?zo para as finalidades e programa??o (que lhe compete) das suas fun??es assistenciais, as quais devem cobrir globalmente toda a comunidade necessitada, em conformidade com os crit?rios e procedimentos legais previamente aprovados pelos ?rg?os competentes. III &#8212; No mesmo sentido, n?o ? poss?vel interpretar o regime constante da Lei n? 83\/2019, de 3 de Setembro, que estabelece as bases do direito ? habita??o e as incumb?ncias e tarefas fundamentais do Estado na efectiva garantia desse direito a todos os cidad?os, nos termos da Constitui??o da Rep?blica Portuguesa, como legitimando, num dado caso concreto, as ocupa??es de im?veis ilegalmente consumadas e que perdurem no tempo, agindo os ocupantes sem t?tulo e usando-os gratuitamente contra a vontade do seu propriet?rio, ao completo arrepio das atribui??es conferidas ?s entidades competentes neste dom?nio da atribui??o de habita??o social, sob pena de total descaracteriza??o e subvers?o da concep??o de Estado de Direito que preside a todo o nosso edif?cio legislativo.? IV &#8212; Em sede de eventual execu??o da entrega do im?vel, a ter lugar judicialmente, ser? devidamente ponderada a situa??o pessoal da R? e a sua premente necessidade de realojamento, em estrita conformidade com o que se disp?e no artigo 861?, n? 6, do C?digo de Processo Civil, onde se refere:?(&#8230;) caso se suscitem s?rias dificuldades no realojamento do executado, o agente de execu??o comunica antecipadamente o facto ? c?mara municipal e ?s entidades assistenciais competentes&#187;.<\/p>\n","protected":false},"featured_media":0,"template":"","meta":{"_crdt_document":""},"kji_country":[7762],"kji_court":[7763],"kji_chamber":[8887],"kji_year":[32183],"kji_subject":[7660],"kji_keyword":[7772,7774,7771,7773,7636],"kji_language":[7770],"class_list":["post-651145","kji_decision","type-kji_decision","status-publish","hentry","kji_country-portugal","kji_court-supremo-tribunal-de-justica","kji_chamber-6-seco","kji_year-32183","kji_subject-constitutionnel","kji_keyword-acordao","kji_keyword-justica","kji_keyword-processo","kji_keyword-supremo","kji_keyword-tribunal","kji_language-pt"],"yoast_head":"<!-- This site is optimized with the Yoast SEO Premium plugin v27.5 (Yoast SEO v27.5) - https:\/\/yoast.com\/product\/yoast-seo-premium-wordpress\/ -->\n<title>Ac\u00f3rd\u00e3o Supremo Tribunal de Justi\u00e7a \u2013 Processo 11843\/19.1T8LSB.L1.S1 \u2013 2022-12-13 - Ma\u00eetre Hassan Kohen, avocat en droit p\u00e9nal \u00e0 Paris<\/title>\n<meta name=\"robots\" content=\"index, follow, max-snippet:-1, max-image-preview:large, max-video-preview:-1\" \/>\n<link rel=\"canonical\" href=\"https:\/\/kohenavocats.com\/ru\/jurisprudences\/acordao-supremo-tribunal-de-justica-processo-11843-19-1t8lsb-l1-s1-2022-12-13-2\/\" \/>\n<meta property=\"og:locale\" content=\"ru_RU\" \/>\n<meta property=\"og:type\" content=\"article\" \/>\n<meta property=\"og:title\" content=\"Ac\u00f3rd\u00e3o Supremo Tribunal de Justi\u00e7a \u2013 Processo 11843\/19.1T8LSB.L1.S1 \u2013 2022-12-13\" \/>\n<meta property=\"og:description\" content=\"Relator: LUIS ESP?RITO SANTO. I ? Ocupando a R? o im?vel pertencente ao A. Instituto da Habita??o e da Reabilita??o Urbana IP, sem deter qualquer t?tulo para o efeito e n?o pagando qualquer contrapartida por essa mesma ocupa??o, assiste ? propriet?ria, nos termos gerais do artigo 1311? do C?digo Civil, o direito a reivindicar, obtendo para si, o seu im?vel. II ? Merecendo a d?bil situa??o pessoal da R? ocupante\/utilizadora, mormente a sua fragilidade econ?mica e o seu prec?rio estado de sa?de, o m?ximo respeito, devendo ser devidamente considerada, atendida e cuidada em sede e momento pr?prios pelas entidades p?blicas vocacionadas para a resolu??o destes problemas graves de emerg?ncia social, o certo ? que a mesma n?o ? suscept?vel, em termos estritamente jur?dicos, de paralisar o direito de propriedade do A. que exige, legitimamente, a restitui??o de um bem que lhe pertence, cuja utiliza??o n?o contratualizou com a R?, e pela qual n?o recebe qualquer contrapartida, com directo preju?zo para as finalidades e programa??o (que lhe compete) das suas fun??es assistenciais, as quais devem cobrir globalmente toda a comunidade necessitada, em conformidade com os crit?rios e procedimentos legais previamente aprovados pelos ?rg?os competentes. III - No mesmo sentido, n?o ? poss?vel interpretar o regime constante da Lei n? 83\/2019, de 3 de Setembro, que estabelece as bases do direito ? habita??o e as incumb?ncias e tarefas fundamentais do Estado na efectiva garantia desse direito a todos os cidad?os, nos termos da Constitui??o da Rep?blica Portuguesa, como legitimando, num dado caso concreto, as ocupa??es de im?veis ilegalmente consumadas e que perdurem no tempo, agindo os ocupantes sem t?tulo e usando-os gratuitamente contra a vontade do seu propriet?rio, ao completo arrepio das atribui??es conferidas ?s entidades competentes neste dom?nio da atribui??o de habita??o social, sob pena de total descaracteriza??o e subvers?o da concep??o de Estado de Direito que preside a todo o nosso edif?cio legislativo.? IV - Em sede de eventual execu??o da entrega do im?vel, a ter lugar judicialmente, ser? devidamente ponderada a situa??o pessoal da R? e a sua premente necessidade de realojamento, em estrita conformidade com o que se disp?e no artigo 861?, n? 6, do C?digo de Processo Civil, onde se refere:?(...) caso se suscitem s?rias dificuldades no realojamento do executado, o agente de execu??o comunica antecipadamente o facto ? c?mara municipal e ?s entidades assistenciais competentes&quot;.\" \/>\n<meta property=\"og:url\" content=\"https:\/\/kohenavocats.com\/ru\/jurisprudences\/acordao-supremo-tribunal-de-justica-processo-11843-19-1t8lsb-l1-s1-2022-12-13-2\/\" \/>\n<meta property=\"og:site_name\" content=\"Ma\u00eetre Hassan Kohen, avocat en droit p\u00e9nal \u00e0 Paris\" \/>\n<meta name=\"twitter:card\" content=\"summary_large_image\" \/>\n<meta name=\"twitter:label1\" content=\"\u041f\u0440\u0438\u043c\u0435\u0440\u043d\u043e\u0435 \u0432\u0440\u0435\u043c\u044f \u0434\u043b\u044f \u0447\u0442\u0435\u043d\u0438\u044f\" \/>\n\t<meta name=\"twitter:data1\" content=\"2 \u043c\u0438\u043d\u0443\u0442\u044b\" \/>\n<script type=\"application\/ld+json\" class=\"yoast-schema-graph\">{\"@context\":\"https:\\\/\\\/schema.org\",\"@graph\":[{\"@type\":\"WebPage\",\"@id\":\"https:\\\/\\\/kohenavocats.com\\\/ru\\\/jurisprudences\\\/acordao-supremo-tribunal-de-justica-processo-11843-19-1t8lsb-l1-s1-2022-12-13-2\\\/\",\"url\":\"https:\\\/\\\/kohenavocats.com\\\/ru\\\/jurisprudences\\\/acordao-supremo-tribunal-de-justica-processo-11843-19-1t8lsb-l1-s1-2022-12-13-2\\\/\",\"name\":\"Ac\u00f3rd\u00e3o Supremo Tribunal de Justi\u00e7a \u2013 Processo 11843\\\/19.1T8LSB.L1.S1 \u2013 2022-12-13 - Ma\u00eetre Hassan Kohen, avocat en droit p\u00e9nal \u00e0 Paris\",\"isPartOf\":{\"@id\":\"https:\\\/\\\/kohenavocats.com\\\/ru\\\/#website\"},\"datePublished\":\"2026-04-22T18:16:47+00:00\",\"breadcrumb\":{\"@id\":\"https:\\\/\\\/kohenavocats.com\\\/ru\\\/jurisprudences\\\/acordao-supremo-tribunal-de-justica-processo-11843-19-1t8lsb-l1-s1-2022-12-13-2\\\/#breadcrumb\"},\"inLanguage\":\"ru-RU\",\"potentialAction\":[{\"@type\":\"ReadAction\",\"target\":[\"https:\\\/\\\/kohenavocats.com\\\/ru\\\/jurisprudences\\\/acordao-supremo-tribunal-de-justica-processo-11843-19-1t8lsb-l1-s1-2022-12-13-2\\\/\"]}]},{\"@type\":\"BreadcrumbList\",\"@id\":\"https:\\\/\\\/kohenavocats.com\\\/ru\\\/jurisprudences\\\/acordao-supremo-tribunal-de-justica-processo-11843-19-1t8lsb-l1-s1-2022-12-13-2\\\/#breadcrumb\",\"itemListElement\":[{\"@type\":\"ListItem\",\"position\":1,\"name\":\"Home\",\"item\":\"https:\\\/\\\/kohenavocats.com\\\/ru\\\/avocats-en-droit-penal-a-paris-conseil-et-defense-strategique\\\/\"},{\"@type\":\"ListItem\",\"position\":2,\"name\":\"Jurisprudences\",\"item\":\"https:\\\/\\\/kohenavocats.com\\\/ru\\\/jurisprudences\\\/\"},{\"@type\":\"ListItem\",\"position\":3,\"name\":\"Ac\u00f3rd\u00e3o Supremo Tribunal de Justi\u00e7a \u2013 Processo 11843\\\/19.1T8LSB.L1.S1 \u2013 2022-12-13\"}]},{\"@type\":\"WebSite\",\"@id\":\"https:\\\/\\\/kohenavocats.com\\\/ru\\\/#website\",\"url\":\"https:\\\/\\\/kohenavocats.com\\\/ru\\\/\",\"name\":\"Kohen Avocats\",\"description\":\"Ma\u00eetre Hassan Kohen, avocat p\u00e9naliste \u00e0 Paris, intervient exclusivement en droit p\u00e9nal pour la d\u00e9fense des particuliers, notamment en mati\u00e8re d\u2019accusations de viol. Il assure un accompagnement rigoureux d\u00e8s la garde \u00e0 vue jusqu\u2019\u00e0 la Cour d\u2019assises, veillant au strict respect des garanties proc\u00e9durales.\",\"publisher\":{\"@id\":\"https:\\\/\\\/kohenavocats.com\\\/ru\\\/#organization\"},\"potentialAction\":[{\"@type\":\"SearchAction\",\"target\":{\"@type\":\"EntryPoint\",\"urlTemplate\":\"https:\\\/\\\/kohenavocats.com\\\/ru\\\/?s={search_term_string}\"},\"query-input\":{\"@type\":\"PropertyValueSpecification\",\"valueRequired\":true,\"valueName\":\"search_term_string\"}}],\"inLanguage\":\"ru-RU\"},{\"@type\":\"Organization\",\"@id\":\"https:\\\/\\\/kohenavocats.com\\\/ru\\\/#organization\",\"name\":\"Kohen Avocats\",\"url\":\"https:\\\/\\\/kohenavocats.com\\\/ru\\\/\",\"logo\":{\"@type\":\"ImageObject\",\"inLanguage\":\"ru-RU\",\"@id\":\"https:\\\/\\\/kohenavocats.com\\\/ru\\\/#\\\/schema\\\/logo\\\/image\\\/\",\"url\":\"https:\\\/\\\/kohenavocats.com\\\/wp-content\\\/uploads\\\/2026\\\/01\\\/Logo-2-1.webp\",\"contentUrl\":\"https:\\\/\\\/kohenavocats.com\\\/wp-content\\\/uploads\\\/2026\\\/01\\\/Logo-2-1.webp\",\"width\":2114,\"height\":1253,\"caption\":\"Kohen Avocats\"},\"image\":{\"@id\":\"https:\\\/\\\/kohenavocats.com\\\/ru\\\/#\\\/schema\\\/logo\\\/image\\\/\"}}]}<\/script>\n<!-- \/ Yoast SEO Premium plugin. -->","yoast_head_json":{"title":"Ac\u00f3rd\u00e3o Supremo Tribunal de Justi\u00e7a \u2013 Processo 11843\/19.1T8LSB.L1.S1 \u2013 2022-12-13 - Ma\u00eetre Hassan Kohen, avocat en droit p\u00e9nal \u00e0 Paris","robots":{"index":"index","follow":"follow","max-snippet":"max-snippet:-1","max-image-preview":"max-image-preview:large","max-video-preview":"max-video-preview:-1"},"canonical":"https:\/\/kohenavocats.com\/ru\/jurisprudences\/acordao-supremo-tribunal-de-justica-processo-11843-19-1t8lsb-l1-s1-2022-12-13-2\/","og_locale":"ru_RU","og_type":"article","og_title":"Ac\u00f3rd\u00e3o Supremo Tribunal de Justi\u00e7a \u2013 Processo 11843\/19.1T8LSB.L1.S1 \u2013 2022-12-13","og_description":"Relator: LUIS ESP?RITO SANTO. I ? Ocupando a R? o im?vel pertencente ao A. Instituto da Habita??o e da Reabilita??o Urbana IP, sem deter qualquer t?tulo para o efeito e n?o pagando qualquer contrapartida por essa mesma ocupa??o, assiste ? propriet?ria, nos termos gerais do artigo 1311? do C?digo Civil, o direito a reivindicar, obtendo para si, o seu im?vel. II ? Merecendo a d?bil situa??o pessoal da R? ocupante\/utilizadora, mormente a sua fragilidade econ?mica e o seu prec?rio estado de sa?de, o m?ximo respeito, devendo ser devidamente considerada, atendida e cuidada em sede e momento pr?prios pelas entidades p?blicas vocacionadas para a resolu??o destes problemas graves de emerg?ncia social, o certo ? que a mesma n?o ? suscept?vel, em termos estritamente jur?dicos, de paralisar o direito de propriedade do A. que exige, legitimamente, a restitui??o de um bem que lhe pertence, cuja utiliza??o n?o contratualizou com a R?, e pela qual n?o recebe qualquer contrapartida, com directo preju?zo para as finalidades e programa??o (que lhe compete) das suas fun??es assistenciais, as quais devem cobrir globalmente toda a comunidade necessitada, em conformidade com os crit?rios e procedimentos legais previamente aprovados pelos ?rg?os competentes. III - No mesmo sentido, n?o ? poss?vel interpretar o regime constante da Lei n? 83\/2019, de 3 de Setembro, que estabelece as bases do direito ? habita??o e as incumb?ncias e tarefas fundamentais do Estado na efectiva garantia desse direito a todos os cidad?os, nos termos da Constitui??o da Rep?blica Portuguesa, como legitimando, num dado caso concreto, as ocupa??es de im?veis ilegalmente consumadas e que perdurem no tempo, agindo os ocupantes sem t?tulo e usando-os gratuitamente contra a vontade do seu propriet?rio, ao completo arrepio das atribui??es conferidas ?s entidades competentes neste dom?nio da atribui??o de habita??o social, sob pena de total descaracteriza??o e subvers?o da concep??o de Estado de Direito que preside a todo o nosso edif?cio legislativo.? IV - Em sede de eventual execu??o da entrega do im?vel, a ter lugar judicialmente, ser? devidamente ponderada a situa??o pessoal da R? e a sua premente necessidade de realojamento, em estrita conformidade com o que se disp?e no artigo 861?, n? 6, do C?digo de Processo Civil, onde se refere:?(...) caso se suscitem s?rias dificuldades no realojamento do executado, o agente de execu??o comunica antecipadamente o facto ? c?mara municipal e ?s entidades assistenciais competentes\".","og_url":"https:\/\/kohenavocats.com\/ru\/jurisprudences\/acordao-supremo-tribunal-de-justica-processo-11843-19-1t8lsb-l1-s1-2022-12-13-2\/","og_site_name":"Ma\u00eetre Hassan Kohen, avocat en droit p\u00e9nal \u00e0 Paris","twitter_card":"summary_large_image","twitter_misc":{"\u041f\u0440\u0438\u043c\u0435\u0440\u043d\u043e\u0435 \u0432\u0440\u0435\u043c\u044f \u0434\u043b\u044f \u0447\u0442\u0435\u043d\u0438\u044f":"2 \u043c\u0438\u043d\u0443\u0442\u044b"},"schema":{"@context":"https:\/\/schema.org","@graph":[{"@type":"WebPage","@id":"https:\/\/kohenavocats.com\/ru\/jurisprudences\/acordao-supremo-tribunal-de-justica-processo-11843-19-1t8lsb-l1-s1-2022-12-13-2\/","url":"https:\/\/kohenavocats.com\/ru\/jurisprudences\/acordao-supremo-tribunal-de-justica-processo-11843-19-1t8lsb-l1-s1-2022-12-13-2\/","name":"Ac\u00f3rd\u00e3o Supremo Tribunal de Justi\u00e7a \u2013 Processo 11843\/19.1T8LSB.L1.S1 \u2013 2022-12-13 - Ma\u00eetre Hassan Kohen, avocat en droit p\u00e9nal \u00e0 Paris","isPartOf":{"@id":"https:\/\/kohenavocats.com\/ru\/#website"},"datePublished":"2026-04-22T18:16:47+00:00","breadcrumb":{"@id":"https:\/\/kohenavocats.com\/ru\/jurisprudences\/acordao-supremo-tribunal-de-justica-processo-11843-19-1t8lsb-l1-s1-2022-12-13-2\/#breadcrumb"},"inLanguage":"ru-RU","potentialAction":[{"@type":"ReadAction","target":["https:\/\/kohenavocats.com\/ru\/jurisprudences\/acordao-supremo-tribunal-de-justica-processo-11843-19-1t8lsb-l1-s1-2022-12-13-2\/"]}]},{"@type":"BreadcrumbList","@id":"https:\/\/kohenavocats.com\/ru\/jurisprudences\/acordao-supremo-tribunal-de-justica-processo-11843-19-1t8lsb-l1-s1-2022-12-13-2\/#breadcrumb","itemListElement":[{"@type":"ListItem","position":1,"name":"Home","item":"https:\/\/kohenavocats.com\/ru\/avocats-en-droit-penal-a-paris-conseil-et-defense-strategique\/"},{"@type":"ListItem","position":2,"name":"Jurisprudences","item":"https:\/\/kohenavocats.com\/ru\/jurisprudences\/"},{"@type":"ListItem","position":3,"name":"Ac\u00f3rd\u00e3o Supremo Tribunal de Justi\u00e7a \u2013 Processo 11843\/19.1T8LSB.L1.S1 \u2013 2022-12-13"}]},{"@type":"WebSite","@id":"https:\/\/kohenavocats.com\/ru\/#website","url":"https:\/\/kohenavocats.com\/ru\/","name":"Kohen Avocats","description":"Ma\u00eetre Hassan Kohen, avocat p\u00e9naliste \u00e0 Paris, intervient exclusivement en droit p\u00e9nal pour la d\u00e9fense des particuliers, notamment en mati\u00e8re d\u2019accusations de viol. Il assure un accompagnement rigoureux d\u00e8s la garde \u00e0 vue jusqu\u2019\u00e0 la Cour d\u2019assises, veillant au strict respect des garanties proc\u00e9durales.","publisher":{"@id":"https:\/\/kohenavocats.com\/ru\/#organization"},"potentialAction":[{"@type":"SearchAction","target":{"@type":"EntryPoint","urlTemplate":"https:\/\/kohenavocats.com\/ru\/?s={search_term_string}"},"query-input":{"@type":"PropertyValueSpecification","valueRequired":true,"valueName":"search_term_string"}}],"inLanguage":"ru-RU"},{"@type":"Organization","@id":"https:\/\/kohenavocats.com\/ru\/#organization","name":"Kohen Avocats","url":"https:\/\/kohenavocats.com\/ru\/","logo":{"@type":"ImageObject","inLanguage":"ru-RU","@id":"https:\/\/kohenavocats.com\/ru\/#\/schema\/logo\/image\/","url":"https:\/\/kohenavocats.com\/wp-content\/uploads\/2026\/01\/Logo-2-1.webp","contentUrl":"https:\/\/kohenavocats.com\/wp-content\/uploads\/2026\/01\/Logo-2-1.webp","width":2114,"height":1253,"caption":"Kohen Avocats"},"image":{"@id":"https:\/\/kohenavocats.com\/ru\/#\/schema\/logo\/image\/"}}]}},"jetpack_likes_enabled":false,"jetpack_sharing_enabled":true,"_links":{"self":[{"href":"https:\/\/kohenavocats.com\/ru\/wp-json\/wp\/v2\/kji_decision\/651145","targetHints":{"allow":["GET"]}}],"collection":[{"href":"https:\/\/kohenavocats.com\/ru\/wp-json\/wp\/v2\/kji_decision"}],"about":[{"href":"https:\/\/kohenavocats.com\/ru\/wp-json\/wp\/v2\/types\/kji_decision"}],"wp:attachment":[{"href":"https:\/\/kohenavocats.com\/ru\/wp-json\/wp\/v2\/media?parent=651145"}],"wp:term":[{"taxonomy":"kji_country","embeddable":true,"href":"https:\/\/kohenavocats.com\/ru\/wp-json\/wp\/v2\/kji_country?post=651145"},{"taxonomy":"kji_court","embeddable":true,"href":"https:\/\/kohenavocats.com\/ru\/wp-json\/wp\/v2\/kji_court?post=651145"},{"taxonomy":"kji_chamber","embeddable":true,"href":"https:\/\/kohenavocats.com\/ru\/wp-json\/wp\/v2\/kji_chamber?post=651145"},{"taxonomy":"kji_year","embeddable":true,"href":"https:\/\/kohenavocats.com\/ru\/wp-json\/wp\/v2\/kji_year?post=651145"},{"taxonomy":"kji_subject","embeddable":true,"href":"https:\/\/kohenavocats.com\/ru\/wp-json\/wp\/v2\/kji_subject?post=651145"},{"taxonomy":"kji_keyword","embeddable":true,"href":"https:\/\/kohenavocats.com\/ru\/wp-json\/wp\/v2\/kji_keyword?post=651145"},{"taxonomy":"kji_language","embeddable":true,"href":"https:\/\/kohenavocats.com\/ru\/wp-json\/wp\/v2\/kji_language?post=651145"}],"curies":[{"name":"wp","href":"https:\/\/api.w.org\/{rel}","templated":true}]}}