{"id":651346,"date":"2026-04-22T20:34:50","date_gmt":"2026-04-22T18:34:50","guid":{"rendered":"https:\/\/kohenavocats.com\/jurisprudences\/eclinlghams20253650-gerechtshof-amsterdam-16-10-2025-23-001385-24\/"},"modified":"2026-04-22T20:34:50","modified_gmt":"2026-04-22T18:34:50","slug":"eclinlghams20253650-gerechtshof-amsterdam-16-10-2025-23-001385-24","status":"publish","type":"kji_decision","link":"https:\/\/kohenavocats.com\/ru\/jurisprudences\/eclinlghams20253650-gerechtshof-amsterdam-16-10-2025-23-001385-24\/","title":{"rendered":"ECLI:NL:GHAMS:2025:3650 Gerechtshof Amsterdam , 16-10-2025 \/ 23-001385-24"},"content":{"rendered":"<div class=\"kji-decision\">\n<div class=\"kji-full-text\">\n<p><strong>Inhoudsindicatie.<\/strong> Vrijspraak<\/p>\n<p>afdeling strafrecht<\/p>\n<p>parketnummer: 23-001385-24<\/p>\n<p>datum uitspraak: 16 oktober 2025<\/p>\n<p>TEGENSPRAAK<\/p>\n<p>Arrest van het gerechtshof Amsterdam gewezen op het hoger beroep, ingesteld tegen het vonnis van de politierechter in de rechtbank Amsterdam van 18 juni 2024 in de strafzaak onder parketnummer 13316933-22 tegen:<\/p>\n<p>[verdachte]<br \/>\n ,<\/p>\n<p>geboren te [geboorteplaats] op [geboortedag] 2001,<\/p>\n<p>adres: [adres] .<\/p>\n<h3>Onderzoek van de zaak<\/h3>\n<p>Dit arrest is gewezen naar aanleiding van het onderzoek ter terechtzitting in hoger beroep van 16 oktober 2025 en naar aanleiding van het onderzoek ter terechtzitting in eerste aanleg.<\/p>\n<p>De verdachte heeft hoger beroep ingesteld tegen voormeld vonnis.<\/p>\n<p>Het hof heeft kennisgenomen van de vordering van de advocaat-generaal en van hetgeen de verdachte en de raadsman naar voren hebben gebracht.<\/p>\n<h3>Tenlastelegging<\/h3>\n<p>Aan de verdachte is tenlastegelegd dat:<\/p>\n<p>1.<br \/>\nzij op of omstreeks 2 september 2022 te Amsterdam, althans in Nederland tezamen en in vereniging met een ander of anderen, althans alleen met het oogmerk om zich en\/of een ander wederrechtelijk te bevoordelen door het aannemen van een valse naam en\/of een valse hoedanigheid en\/of door listige kunstgrepen en\/of door een samenweefsel van verdichtsels, [slachtoffer] heeft bewogen tot de afgifte van enig goed, het verlenen van een dienst, het ter beschikking stellen van gegevens, het aangaan van een schuld en\/of het teniet doen van een inschuld, te weten het afgeven van die [slachtoffer] haar betaalpas, door zich voor te doen als een medewerker van de Rabobank;<\/p>\n<p>2.<br \/>\nzij op of omstreeks 2 september 2022 te Amsterdam een geldbedrag van ongeveer \u20ac 1895, in elk geval enig goed, dat\/die geheel of ten dele aan [slachtoffer] , in elk geval aan een ander toebehoorde(n) heeft weggenomen met het oogmerk om het zich wederrechtelijk toe te eigenen, terwijl verdachte zich de toegang tot de plaats van het misdrijf heeft verschaft en\/of dat weg te nemen geldbedrag onder haar bereik heeft gebracht door middel van een valse sleutel, door met de betaalpas van die [slachtoffer] een contant geldbedrag op te nemen bij een Geldmaat en\/of betalingen te verrichten in de [bedrijf 1] en\/of [bedrijf 2] .<\/p>\n<h3>Vonnis waarvan beroep<\/h3>\n<p>Het vonnis waarvan beroep zal worden vernietigd, omdat het hof anders dan de politierechter tot een vrijspraak komt.<\/p>\n<h3>Vrijspraak<\/h3>\n<p>De advocaat-generaal en de verdediging hebben tot gehele vrijspraak van het tenlastegelegde geconcludeerd. Het hof volgt die conclusie en overweegt daartoe het volgende.<\/p>\n<p>De verdenking van de verdachte is gebaseerd op beeldmateriaal en herkenningen door verbalisanten van de verdachte als de persoon die bij een pinautomaat geld opneemt met de bankpas van slachtoffer [slachtoffer] . Drie verbalisanten hebben de verdachte op de beelden herkend en hebben van hun herkenningen proces-verbaal opgemaakt. Deze herkenningen voldoen aan de daaraan te stellen eisen en zijn daarom in beginsel bruikbaar voor het bewijs. Naderhand is evenwel gebleken dat de verdachte een eeneiige tweelingzus heeft, wat een van de verbalisanten ertoe heeft gebracht de herkenning in te trekken. Op 22 april 2024 heeft de politie de verdachte en haar tweelingzus bezocht en geconstateerd dat de verdachte een moedervlek in haar nek heeft en haar tweelingzus niet. De vrouw op de beelden zou volgens de politie, na nadere bestudering, ook een moedervlek in haar nek hebben en dus de verdachte zijn. Het hof heeft naar aanleiding van deze bevindingen het (video)beeldmateriaal opgevraagd en bekeken, ook ter terechtzitting. Het hof kan, evenals de advocaat-generaal en de verdediging, geen moedervlek in de nek van de persoon die geld opneemt waarnemen. Nu andere in het dossier genoemde uiterlijke verschillen tussen de beide zussen onvoldoende onderscheidend zijn en bovendien hun vader ter terechtzitting in hoger beroep als getuige heeft verklaard dat de vrouw op de beelden niet de verdachte is, acht het hof de tenlastegelegde feiten niet overtuigend bewezen, zodat de verdachte daarvan moet worden vrijgesproken.<\/p>\n<h3>Vordering van de benadeelde partij G. [slachtoffer]<\/h3>\n<p>De benadeelde partij heeft zich in eerste aanleg in het strafproces gevoegd met een vordering tot schadevergoeding. Deze bedraagt \u20ac 2.395,00. De vordering is bij het vonnis waarvan beroep toegewezen.<\/p>\n<p>De verdachte wordt in hoger beroep vrijgesproken van het onder 1 en 2 tenlastegelegde handelen waardoor de gestelde schade zou zijn veroorzaakt. De benadeelde partij kan daarom niet in de vordering worden ontvangen.<\/p>\n<h3>BESLISSING<\/h3>\n<p>Het hof:<\/p>\n<p>Vernietigt het vonnis waarvan beroep en doet opnieuw recht:<\/p>\n<p>Verklaart niet bewezen dat de verdachte het onder 1 en 2 tenlastegelegde heeft begaan en spreekt de verdachte daarvan vrij.<\/p>\n<p>Vordering van de benadeelde partij G. [slachtoffer]<\/p>\n<p>Verklaart de benadeelde partij G. [slachtoffer] niet-ontvankelijk in de vordering tot schadevergoeding.<\/p>\n<p>Dit arrest is gewezen door de meervoudige strafkamer van het gerechtshof Amsterdam, waarin zitting hadden mr. A.P.M. van Rijn, mr. W.J. Blokland en mr. H.A. Stalenhoef, in tegenwoordigheid van mr. J.M. Pattinama, griffier, en is uitgesproken op de openbare terechtzitting van dit gerechtshof van 16 oktober 2025.<\/p>\n<p>De oudste raadsheer is buiten staat dit arrest mede te ondertekenen.<\/p>\n<\/div>\n<hr class=\"kji-sep\" \/>\n<p class=\"kji-source-links\"><strong>Sources officielles :<\/strong> <a class=\"kji-source-link\" href=\"http:\/\/deeplink.rechtspraak.nl\/uitspraak?id=ECLI:NL:GHAMS:2025:3650\" target=\"_blank\" rel=\"noopener noreferrer\">consulter la page source<\/a><\/p>\n<p class=\"kji-license-note\"><em>Rechtspraak.nl open data, Creative Commons Zero. Volume cible 1.8M decisions.<\/em><\/p>\n<\/div>\n","protected":false},"excerpt":{"rendered":"<p>Vrijspraak<\/p>\n","protected":false},"featured_media":0,"template":"","meta":{"_crdt_document":""},"kji_country":[7669],"kji_court":[8385],"kji_chamber":[],"kji_year":[8463],"kji_subject":[7646],"kji_keyword":[8000,8136,8388,8188],"kji_language":[7671],"class_list":["post-651346","kji_decision","type-kji_decision","status-publish","hentry","kji_country-pays-bas","kji_court-gerechtshof-amsterdam","kji_year-8463","kji_subject-divers","kji_keyword-amsterdam","kji_keyword-gerechtshof","kji_keyword-ghams","kji_keyword-vrijspraak","kji_language-nl"],"yoast_head":"<!-- This site is optimized with the Yoast SEO Premium plugin v27.5 (Yoast SEO v27.5) - https:\/\/yoast.com\/product\/yoast-seo-premium-wordpress\/ -->\n<title>ECLI:NL:GHAMS:2025:3650 Gerechtshof Amsterdam , 16-10-2025 \/ 23-001385-24 - Ma\u00eetre Hassan Kohen, avocat en droit p\u00e9nal \u00e0 Paris<\/title>\n<meta name=\"robots\" content=\"index, follow, max-snippet:-1, max-image-preview:large, max-video-preview:-1\" \/>\n<link rel=\"canonical\" href=\"https:\/\/kohenavocats.com\/ru\/jurisprudences\/eclinlghams20253650-gerechtshof-amsterdam-16-10-2025-23-001385-24\/\" \/>\n<meta property=\"og:locale\" content=\"ru_RU\" \/>\n<meta property=\"og:type\" content=\"article\" \/>\n<meta property=\"og:title\" content=\"ECLI:NL:GHAMS:2025:3650 Gerechtshof Amsterdam , 16-10-2025 \/ 23-001385-24\" \/>\n<meta property=\"og:description\" content=\"Vrijspraak\" \/>\n<meta property=\"og:url\" content=\"https:\/\/kohenavocats.com\/ru\/jurisprudences\/eclinlghams20253650-gerechtshof-amsterdam-16-10-2025-23-001385-24\/\" \/>\n<meta property=\"og:site_name\" content=\"Ma\u00eetre Hassan Kohen, avocat en droit p\u00e9nal \u00e0 Paris\" \/>\n<meta name=\"twitter:card\" content=\"summary_large_image\" \/>\n<meta name=\"twitter:label1\" content=\"\u041f\u0440\u0438\u043c\u0435\u0440\u043d\u043e\u0435 \u0432\u0440\u0435\u043c\u044f \u0434\u043b\u044f \u0447\u0442\u0435\u043d\u0438\u044f\" \/>\n\t<meta name=\"twitter:data1\" content=\"4 \u043c\u0438\u043d\u0443\u0442\u044b\" \/>\n<script type=\"application\/ld+json\" class=\"yoast-schema-graph\">{\"@context\":\"https:\\\/\\\/schema.org\",\"@graph\":[{\"@type\":\"WebPage\",\"@id\":\"https:\\\/\\\/kohenavocats.com\\\/ru\\\/jurisprudences\\\/eclinlghams20253650-gerechtshof-amsterdam-16-10-2025-23-001385-24\\\/\",\"url\":\"https:\\\/\\\/kohenavocats.com\\\/ru\\\/jurisprudences\\\/eclinlghams20253650-gerechtshof-amsterdam-16-10-2025-23-001385-24\\\/\",\"name\":\"ECLI:NL:GHAMS:2025:3650 Gerechtshof Amsterdam , 16-10-2025 \\\/ 23-001385-24 - Ma\u00eetre Hassan Kohen, avocat en droit p\u00e9nal \u00e0 Paris\",\"isPartOf\":{\"@id\":\"https:\\\/\\\/kohenavocats.com\\\/ru\\\/#website\"},\"datePublished\":\"2026-04-22T18:34:50+00:00\",\"breadcrumb\":{\"@id\":\"https:\\\/\\\/kohenavocats.com\\\/ru\\\/jurisprudences\\\/eclinlghams20253650-gerechtshof-amsterdam-16-10-2025-23-001385-24\\\/#breadcrumb\"},\"inLanguage\":\"ru-RU\",\"potentialAction\":[{\"@type\":\"ReadAction\",\"target\":[\"https:\\\/\\\/kohenavocats.com\\\/ru\\\/jurisprudences\\\/eclinlghams20253650-gerechtshof-amsterdam-16-10-2025-23-001385-24\\\/\"]}]},{\"@type\":\"BreadcrumbList\",\"@id\":\"https:\\\/\\\/kohenavocats.com\\\/ru\\\/jurisprudences\\\/eclinlghams20253650-gerechtshof-amsterdam-16-10-2025-23-001385-24\\\/#breadcrumb\",\"itemListElement\":[{\"@type\":\"ListItem\",\"position\":1,\"name\":\"Home\",\"item\":\"https:\\\/\\\/kohenavocats.com\\\/ru\\\/avocats-en-droit-penal-a-paris-conseil-et-defense-strategique\\\/\"},{\"@type\":\"ListItem\",\"position\":2,\"name\":\"Jurisprudences\",\"item\":\"https:\\\/\\\/kohenavocats.com\\\/ru\\\/jurisprudences\\\/\"},{\"@type\":\"ListItem\",\"position\":3,\"name\":\"ECLI:NL:GHAMS:2025:3650 Gerechtshof Amsterdam , 16-10-2025 \\\/ 23-001385-24\"}]},{\"@type\":\"WebSite\",\"@id\":\"https:\\\/\\\/kohenavocats.com\\\/ru\\\/#website\",\"url\":\"https:\\\/\\\/kohenavocats.com\\\/ru\\\/\",\"name\":\"Kohen Avocats\",\"description\":\"Ma\u00eetre Hassan Kohen, avocat p\u00e9naliste \u00e0 Paris, intervient exclusivement en droit p\u00e9nal pour la d\u00e9fense des particuliers, notamment en mati\u00e8re d\u2019accusations de viol. Il assure un accompagnement rigoureux d\u00e8s la garde \u00e0 vue jusqu\u2019\u00e0 la Cour d\u2019assises, veillant au strict respect des garanties proc\u00e9durales.\",\"publisher\":{\"@id\":\"https:\\\/\\\/kohenavocats.com\\\/ru\\\/#organization\"},\"potentialAction\":[{\"@type\":\"SearchAction\",\"target\":{\"@type\":\"EntryPoint\",\"urlTemplate\":\"https:\\\/\\\/kohenavocats.com\\\/ru\\\/?s={search_term_string}\"},\"query-input\":{\"@type\":\"PropertyValueSpecification\",\"valueRequired\":true,\"valueName\":\"search_term_string\"}}],\"inLanguage\":\"ru-RU\"},{\"@type\":\"Organization\",\"@id\":\"https:\\\/\\\/kohenavocats.com\\\/ru\\\/#organization\",\"name\":\"Kohen Avocats\",\"url\":\"https:\\\/\\\/kohenavocats.com\\\/ru\\\/\",\"logo\":{\"@type\":\"ImageObject\",\"inLanguage\":\"ru-RU\",\"@id\":\"https:\\\/\\\/kohenavocats.com\\\/ru\\\/#\\\/schema\\\/logo\\\/image\\\/\",\"url\":\"https:\\\/\\\/kohenavocats.com\\\/wp-content\\\/uploads\\\/2026\\\/01\\\/Logo-2-1.webp\",\"contentUrl\":\"https:\\\/\\\/kohenavocats.com\\\/wp-content\\\/uploads\\\/2026\\\/01\\\/Logo-2-1.webp\",\"width\":2114,\"height\":1253,\"caption\":\"Kohen Avocats\"},\"image\":{\"@id\":\"https:\\\/\\\/kohenavocats.com\\\/ru\\\/#\\\/schema\\\/logo\\\/image\\\/\"}}]}<\/script>\n<!-- \/ Yoast SEO Premium plugin. -->","yoast_head_json":{"title":"ECLI:NL:GHAMS:2025:3650 Gerechtshof Amsterdam , 16-10-2025 \/ 23-001385-24 - Ma\u00eetre Hassan Kohen, avocat en droit p\u00e9nal \u00e0 Paris","robots":{"index":"index","follow":"follow","max-snippet":"max-snippet:-1","max-image-preview":"max-image-preview:large","max-video-preview":"max-video-preview:-1"},"canonical":"https:\/\/kohenavocats.com\/ru\/jurisprudences\/eclinlghams20253650-gerechtshof-amsterdam-16-10-2025-23-001385-24\/","og_locale":"ru_RU","og_type":"article","og_title":"ECLI:NL:GHAMS:2025:3650 Gerechtshof Amsterdam , 16-10-2025 \/ 23-001385-24","og_description":"Vrijspraak","og_url":"https:\/\/kohenavocats.com\/ru\/jurisprudences\/eclinlghams20253650-gerechtshof-amsterdam-16-10-2025-23-001385-24\/","og_site_name":"Ma\u00eetre Hassan Kohen, avocat en droit p\u00e9nal \u00e0 Paris","twitter_card":"summary_large_image","twitter_misc":{"\u041f\u0440\u0438\u043c\u0435\u0440\u043d\u043e\u0435 \u0432\u0440\u0435\u043c\u044f \u0434\u043b\u044f \u0447\u0442\u0435\u043d\u0438\u044f":"4 \u043c\u0438\u043d\u0443\u0442\u044b"},"schema":{"@context":"https:\/\/schema.org","@graph":[{"@type":"WebPage","@id":"https:\/\/kohenavocats.com\/ru\/jurisprudences\/eclinlghams20253650-gerechtshof-amsterdam-16-10-2025-23-001385-24\/","url":"https:\/\/kohenavocats.com\/ru\/jurisprudences\/eclinlghams20253650-gerechtshof-amsterdam-16-10-2025-23-001385-24\/","name":"ECLI:NL:GHAMS:2025:3650 Gerechtshof Amsterdam , 16-10-2025 \/ 23-001385-24 - Ma\u00eetre Hassan Kohen, avocat en droit p\u00e9nal \u00e0 Paris","isPartOf":{"@id":"https:\/\/kohenavocats.com\/ru\/#website"},"datePublished":"2026-04-22T18:34:50+00:00","breadcrumb":{"@id":"https:\/\/kohenavocats.com\/ru\/jurisprudences\/eclinlghams20253650-gerechtshof-amsterdam-16-10-2025-23-001385-24\/#breadcrumb"},"inLanguage":"ru-RU","potentialAction":[{"@type":"ReadAction","target":["https:\/\/kohenavocats.com\/ru\/jurisprudences\/eclinlghams20253650-gerechtshof-amsterdam-16-10-2025-23-001385-24\/"]}]},{"@type":"BreadcrumbList","@id":"https:\/\/kohenavocats.com\/ru\/jurisprudences\/eclinlghams20253650-gerechtshof-amsterdam-16-10-2025-23-001385-24\/#breadcrumb","itemListElement":[{"@type":"ListItem","position":1,"name":"Home","item":"https:\/\/kohenavocats.com\/ru\/avocats-en-droit-penal-a-paris-conseil-et-defense-strategique\/"},{"@type":"ListItem","position":2,"name":"Jurisprudences","item":"https:\/\/kohenavocats.com\/ru\/jurisprudences\/"},{"@type":"ListItem","position":3,"name":"ECLI:NL:GHAMS:2025:3650 Gerechtshof Amsterdam , 16-10-2025 \/ 23-001385-24"}]},{"@type":"WebSite","@id":"https:\/\/kohenavocats.com\/ru\/#website","url":"https:\/\/kohenavocats.com\/ru\/","name":"Kohen Avocats","description":"Ma\u00eetre Hassan Kohen, avocat p\u00e9naliste \u00e0 Paris, intervient exclusivement en droit p\u00e9nal pour la d\u00e9fense des particuliers, notamment en mati\u00e8re d\u2019accusations de viol. Il assure un accompagnement rigoureux d\u00e8s la garde \u00e0 vue jusqu\u2019\u00e0 la Cour d\u2019assises, veillant au strict respect des garanties proc\u00e9durales.","publisher":{"@id":"https:\/\/kohenavocats.com\/ru\/#organization"},"potentialAction":[{"@type":"SearchAction","target":{"@type":"EntryPoint","urlTemplate":"https:\/\/kohenavocats.com\/ru\/?s={search_term_string}"},"query-input":{"@type":"PropertyValueSpecification","valueRequired":true,"valueName":"search_term_string"}}],"inLanguage":"ru-RU"},{"@type":"Organization","@id":"https:\/\/kohenavocats.com\/ru\/#organization","name":"Kohen Avocats","url":"https:\/\/kohenavocats.com\/ru\/","logo":{"@type":"ImageObject","inLanguage":"ru-RU","@id":"https:\/\/kohenavocats.com\/ru\/#\/schema\/logo\/image\/","url":"https:\/\/kohenavocats.com\/wp-content\/uploads\/2026\/01\/Logo-2-1.webp","contentUrl":"https:\/\/kohenavocats.com\/wp-content\/uploads\/2026\/01\/Logo-2-1.webp","width":2114,"height":1253,"caption":"Kohen Avocats"},"image":{"@id":"https:\/\/kohenavocats.com\/ru\/#\/schema\/logo\/image\/"}}]}},"jetpack_likes_enabled":false,"jetpack_sharing_enabled":true,"_links":{"self":[{"href":"https:\/\/kohenavocats.com\/ru\/wp-json\/wp\/v2\/kji_decision\/651346","targetHints":{"allow":["GET"]}}],"collection":[{"href":"https:\/\/kohenavocats.com\/ru\/wp-json\/wp\/v2\/kji_decision"}],"about":[{"href":"https:\/\/kohenavocats.com\/ru\/wp-json\/wp\/v2\/types\/kji_decision"}],"wp:attachment":[{"href":"https:\/\/kohenavocats.com\/ru\/wp-json\/wp\/v2\/media?parent=651346"}],"wp:term":[{"taxonomy":"kji_country","embeddable":true,"href":"https:\/\/kohenavocats.com\/ru\/wp-json\/wp\/v2\/kji_country?post=651346"},{"taxonomy":"kji_court","embeddable":true,"href":"https:\/\/kohenavocats.com\/ru\/wp-json\/wp\/v2\/kji_court?post=651346"},{"taxonomy":"kji_chamber","embeddable":true,"href":"https:\/\/kohenavocats.com\/ru\/wp-json\/wp\/v2\/kji_chamber?post=651346"},{"taxonomy":"kji_year","embeddable":true,"href":"https:\/\/kohenavocats.com\/ru\/wp-json\/wp\/v2\/kji_year?post=651346"},{"taxonomy":"kji_subject","embeddable":true,"href":"https:\/\/kohenavocats.com\/ru\/wp-json\/wp\/v2\/kji_subject?post=651346"},{"taxonomy":"kji_keyword","embeddable":true,"href":"https:\/\/kohenavocats.com\/ru\/wp-json\/wp\/v2\/kji_keyword?post=651346"},{"taxonomy":"kji_language","embeddable":true,"href":"https:\/\/kohenavocats.com\/ru\/wp-json\/wp\/v2\/kji_language?post=651346"}],"curies":[{"name":"wp","href":"https:\/\/api.w.org\/{rel}","templated":true}]}}