{"id":651412,"date":"2026-04-22T20:44:33","date_gmt":"2026-04-22T18:44:33","guid":{"rendered":"https:\/\/kohenavocats.com\/jurisprudences\/eclinlrvs20253591-raad-van-state-30-07-2025-202404702-1-r4\/"},"modified":"2026-04-22T20:44:33","modified_gmt":"2026-04-22T18:44:33","slug":"eclinlrvs20253591-raad-van-state-30-07-2025-202404702-1-r4","status":"publish","type":"kji_decision","link":"https:\/\/kohenavocats.com\/ru\/jurisprudences\/eclinlrvs20253591-raad-van-state-30-07-2025-202404702-1-r4\/","title":{"rendered":"ECLI:NL:RVS:2025:3591 Raad van State , 30-07-2025 \/ 202404702\/1\/R4"},"content":{"rendered":"<div class=\"kji-decision\">\n<div class=\"kji-full-text\">\n<p><strong>Inhoudsindicatie.<\/strong> Bij besluit van 27 februari 2023 heeft het college van burgemeester en wethouders van Blaricum aan [bouwbedrijf] een omgevingsvergunning verleend voor het bouwen van zeven eengezinswoningen aan de Eerste Molenweg 1a, 1b en 1c en het Kerkpad 4a, 4b, 4c, en 4d in Blaricum. Tussen de Eerste Molenweg en het Kerkpad in Blaricum bevindt zich de locatie van een oude melkfabriek. Het bouwbedrijf wil daar zeven eengezinswoningen realiseren, bestaande uit vier twee-onder-een kapwoningen aan het Kerkpad en drie rijwoningen aan de Eerste Molenweg. Bij het besluit van 27 februari 2023 heeft het college voor de bouw van deze woningen een omgevingsvergunning verleend als bedoeld in artikel 2.1, eerste lid, aanhef en onder a en c, van de Wabo, waarbij het is afgeweken van de op grond van de bestemmingsplannen &quot;Blaricum Dorp 2018&quot; en &quot;Blaricum Dorp, herziening 2020&quot; voor de locatie geldende bedrijfsbestemming.[appellante] woont aan de [locatie] in Blaricum. Zij stelt dat de woningen haar woon- en leefklimaat zullen aantasten.<\/p>\n<p>202404702\/1\/R4.<\/p>\n<p>Datum uitspraak: 30 juli 2025<\/p>\n<p>AFDELING<\/p>\n<p>BESTUURSRECHTSPRAAK<\/p>\n<p>Uitspraak op het hoger beroep van:<\/p>\n<p>[appellante], wonend in Blaricum,<\/p>\n<p>appellante,<\/p>\n<p>tegen de uitspraak van de rechtbank Midden-\u00adNederland van 20 juni 2024 in zaken nrs. 23\/2442 en 23\/2438 in het geding tussen onder meer:<\/p>\n<p>[appellante]<\/p>\n<p>en<\/p>\n<p>het college van burgemeester en wethouders van Blaricum.<\/p>\n<p>Procesverloop<\/p>\n<p>Bij besluit van 27 februari 2023 heeft het college aan [bouwbedrijf] een omgevingsvergunning verleend voor het bouwen van zeven eengezinswoningen aan de Eerste Molenweg 1a, 1b en 1c en het Kerkpad 4a, 4b, 4c, en 4d in Blaricum.<\/p>\n<p>Bij uitspraak van 20 juni 2024, voor zover hier van belang, heeft de rechtbank het door [appellante] daartegen ingestelde beroep ongegrond verklaard.<\/p>\n<p>Tegen deze uitspraak heeft [appellante] hoger beroep ingesteld.<\/p>\n<p>Het college heeft een schriftelijke uiteenzetting gegeven.<\/p>\n<p>[appellante] heeft een nader stuk ingediend.<\/p>\n<p>De Afdeling heeft de zaak ter zitting behandeld op 27 juni 2025, waar [appellante], vergezeld door [gemachtigde], en het college, vertegenwoordigd door S.J.M. Paffen, zijn verschenen. Voorts is ter zitting het bouwbedrijf, vertegenwoordigd door mr. M.A. Geuze, advocaat in Utrecht, en [gemachtigde], als partij gehoord.<\/p>\n<p>Overwegingen<\/p>\n<p>Overgangsrecht inwerkingtreding Omgevingswet<\/p>\n<p>1. Op 1 januari 2024 zijn de Omgevingswet en de Invoeringswet Omgevingswet in werking getreden. Als een aanvraag om een omgevingsvergunning is ingediend v\u00f3\u00f3r het tijdstip van inwerkingtreding van de Omgevingswet, dan blijft op grond van artikel 4.3, aanhef en onder a, van de Invoeringswet Omgevingswet het recht zoals dat gold onmiddellijk v\u00f3\u00f3r dat tijdstip van toepassing tot het besluit op die aanvraag onherroepelijk wordt, met uitzondering van artikel 3.9, derde lid, eerste zin, van de Wet algemene bepalingen omgevingsrecht (hierna: de Wabo).<\/p>\n<p>De aanvraag om een omgevingsvergunning is ingediend op 1 november 2021. Dat betekent dat in dit geval de Wabo, zoals die gold v\u00f3\u00f3r 1 januari 2024, van toepassing blijft.<\/p>\n<p>Inleiding<\/p>\n<p>2. Tussen de Eerste Molenweg en het Kerkpad in Blaricum bevindt zich de locatie van een oude melkfabriek. Het bouwbedrijf wil daar zeven eengezinswoningen realiseren, bestaande uit vier twee-onder-een kapwoningen aan het Kerkpad en drie rijwoningen aan de Eerste Molenweg. Bij het besluit van 27 februari 2023 heeft het college voor de bouw van deze woningen een omgevingsvergunning verleend als bedoeld in artikel 2.1, eerste lid, aanhef en onder a en c, van de Wabo, waarbij het is afgeweken van de op grond van de bestemmingsplannen &quot;Blaricum Dorp 2018&quot; en &quot;Blaricum Dorp, herziening 2020&quot; voor de locatie geldende bedrijfsbestemming.<\/p>\n<p>[appellante] woont aan de [locatie] in Blaricum. Zij stelt dat de woningen haar woon- en leefklimaat zullen aantasten.<\/p>\n<p>Bouwhoogte, bouwmassa en parkeerdruk<\/p>\n<p>3. [appellante] betoogt dat de bouwhoogte en bouwmassa van de woningen niet passend zijn in de omgeving. Daarnaast voert zij aan dat de woningen zullen leiden tot een onaanvaardbare parkeerdruk in de omgeving. Het door het college aan het besluit van 27 februari 2023 ten grondslag gelegde parkeeronderzoek uit 2020 is volgens haar om een aantal redenen niet juist en niet representatief.<\/p>\n<p>3.1. De gronden die [appellante] in hoger beroep heeft aangevoerd zijn een herhaling van wat zij in beroep heeft aangevoerd. De rechtbank is gemotiveerd op die gronden ingegaan. [appellante] heeft geen redenen aangevoerd waarom de gemotiveerde beoordeling van die gronden in de aangevallen uitspraak onjuist of onvolledig zou zijn. De Afdeling kan zich vinden in het oordeel van de rechtbank en in de overwegingen waarop dat oordeel is gebaseerd.<\/p>\n<p>Voor zover [appellante] er in haar nader stuk en op de zitting op heeft gewezen dat hangende het hoger beroep onderhandelingen hebben plaatsgevonden over een alternatief bouwplan met een lagere bouwhoogte, waarmee alle partijen en ook de welstandscommissie konden instemmen, overweegt de Afdeling dat dit niet relevant is voor de beoordeling van het hoger beroep. De onderhandelingen hebben kennelijk niet geleid tot aanpassing van de omgevingsvergunning. Wat daarvan de reden is, staat in deze procedure niet ter beoordeling. Het feit dat het college en het bouwbedrijf in het kader van minnelijke onderhandelingen hebben verklaard in te kunnen stemmen met het alternatieve bouwplan, betekent, anders dan [appellante] veronderstelt, niet dat zij hebben erkend dat het bouwplan waarvoor de omgevingsvergunning is verleend niet passend is in de omgeving. En het feit dat de welstandscommissie positief heeft geadviseerd over het alternatieve bouwplan, betekent niet dat die commissie is teruggekomen van haar positieve advies over het bouwplan waarvoor de omgevingsvergunning is verleend, dat zij ook passend in de omgeving heeft bevonden.<\/p>\n<p>Het betoog slaagt niet.<\/p>\n<p>Conclusie<\/p>\n<p>4. Het hoger beroep is ongegrond. De Afdeling bevestigt de uitspraak van de rechtbank, voor zover aangevallen.<\/p>\n<p>5. Het college hoeft geen proceskosten te vergoeden.<\/p>\n<p>Beslissing<\/p>\n<p>De Afdeling bestuursrechtspraak van de Raad van State:<\/p>\n<p>bevestigt de uitspraak van de rechtbank, voor zover aangevallen.<\/p>\n<p>Aldus vastgesteld door mr. J.A.W. Scholten-Hinloopen, lid van de enkelvoudige kamer, in tegenwoordigheid van mr. M.P.J.M. van Grinsven, griffier.<\/p>\n<p>w.g. Scholten-Hinloopen<\/p>\n<p>lid van de enkelvoudige kamer<\/p>\n<p>w.g. Van Grinsven<\/p>\n<p>griffier<\/p>\n<p>Uitgesproken in het openbaar op 30 juli 2025<\/p>\n<p>1142<\/p>\n<\/div>\n<hr class=\"kji-sep\" \/>\n<p class=\"kji-source-links\"><strong>Sources officielles :<\/strong> <a class=\"kji-source-link\" href=\"http:\/\/deeplink.rechtspraak.nl\/uitspraak?id=ECLI:NL:RVS:2025:3591\" target=\"_blank\" rel=\"noopener noreferrer\">consulter la page source<\/a><\/p>\n<p class=\"kji-license-note\"><em>Rechtspraak.nl open data, Creative Commons Zero. Volume cible 1.8M decisions.<\/em><\/p>\n<\/div>\n","protected":false},"excerpt":{"rendered":"<p>Bij besluit van 27 februari 2023 heeft het college van burgemeester en wethouders van Blaricum aan [bouwbedrijf] een omgevingsvergunning verleend voor het bouwen van zeven eengezinswoningen aan de Eerste Molenweg 1a, 1b en 1c en het Kerkpad 4a, 4b, 4c, en 4d in Blaricum. Tussen de Eerste Molenweg en het Kerkpad in Blaricum bevindt zich de locatie van een oude melkfabriek. Het bouwbedrijf wil da&#8230;<\/p>\n","protected":false},"featured_media":0,"template":"","meta":{"_crdt_document":""},"kji_country":[7669],"kji_court":[8622],"kji_chamber":[],"kji_year":[8463],"kji_subject":[7646],"kji_keyword":[32512,7812,32514,11297,32513],"kji_language":[7671],"class_list":["post-651412","kji_decision","type-kji_decision","status-publish","hentry","kji_country-pays-bas","kji_court-raad-van-state","kji_year-8463","kji_subject-divers","kji_keyword-blaricum","kji_keyword-eerste","kji_keyword-kerkpad","kji_keyword-locatie","kji_keyword-molenweg","kji_language-nl"],"yoast_head":"<!-- This site is optimized with the Yoast SEO Premium plugin v27.5 (Yoast SEO v27.5) - https:\/\/yoast.com\/product\/yoast-seo-premium-wordpress\/ -->\n<title>ECLI:NL:RVS:2025:3591 Raad van State , 30-07-2025 \/ 202404702\/1\/R4 - Ma\u00eetre Hassan Kohen, avocat en droit p\u00e9nal \u00e0 Paris<\/title>\n<meta name=\"robots\" content=\"index, follow, max-snippet:-1, max-image-preview:large, max-video-preview:-1\" \/>\n<link rel=\"canonical\" href=\"https:\/\/kohenavocats.com\/ru\/jurisprudences\/eclinlrvs20253591-raad-van-state-30-07-2025-202404702-1-r4\/\" \/>\n<meta property=\"og:locale\" content=\"ru_RU\" \/>\n<meta property=\"og:type\" content=\"article\" \/>\n<meta property=\"og:title\" content=\"ECLI:NL:RVS:2025:3591 Raad van State , 30-07-2025 \/ 202404702\/1\/R4\" \/>\n<meta property=\"og:description\" content=\"Bij besluit van 27 februari 2023 heeft het college van burgemeester en wethouders van Blaricum aan [bouwbedrijf] een omgevingsvergunning verleend voor het bouwen van zeven eengezinswoningen aan de Eerste Molenweg 1a, 1b en 1c en het Kerkpad 4a, 4b, 4c, en 4d in Blaricum. Tussen de Eerste Molenweg en het Kerkpad in Blaricum bevindt zich de locatie van een oude melkfabriek. Het bouwbedrijf wil da...\" \/>\n<meta property=\"og:url\" content=\"https:\/\/kohenavocats.com\/ru\/jurisprudences\/eclinlrvs20253591-raad-van-state-30-07-2025-202404702-1-r4\/\" \/>\n<meta property=\"og:site_name\" content=\"Ma\u00eetre Hassan Kohen, avocat en droit p\u00e9nal \u00e0 Paris\" \/>\n<meta name=\"twitter:card\" content=\"summary_large_image\" \/>\n<meta name=\"twitter:label1\" content=\"\u041f\u0440\u0438\u043c\u0435\u0440\u043d\u043e\u0435 \u0432\u0440\u0435\u043c\u044f \u0434\u043b\u044f \u0447\u0442\u0435\u043d\u0438\u044f\" \/>\n\t<meta name=\"twitter:data1\" content=\"5 \u043c\u0438\u043d\u0443\u0442\" \/>\n<script type=\"application\/ld+json\" class=\"yoast-schema-graph\">{\"@context\":\"https:\\\/\\\/schema.org\",\"@graph\":[{\"@type\":\"WebPage\",\"@id\":\"https:\\\/\\\/kohenavocats.com\\\/ru\\\/jurisprudences\\\/eclinlrvs20253591-raad-van-state-30-07-2025-202404702-1-r4\\\/\",\"url\":\"https:\\\/\\\/kohenavocats.com\\\/ru\\\/jurisprudences\\\/eclinlrvs20253591-raad-van-state-30-07-2025-202404702-1-r4\\\/\",\"name\":\"ECLI:NL:RVS:2025:3591 Raad van State , 30-07-2025 \\\/ 202404702\\\/1\\\/R4 - Ma\u00eetre Hassan Kohen, avocat en droit p\u00e9nal \u00e0 Paris\",\"isPartOf\":{\"@id\":\"https:\\\/\\\/kohenavocats.com\\\/ru\\\/#website\"},\"datePublished\":\"2026-04-22T18:44:33+00:00\",\"breadcrumb\":{\"@id\":\"https:\\\/\\\/kohenavocats.com\\\/ru\\\/jurisprudences\\\/eclinlrvs20253591-raad-van-state-30-07-2025-202404702-1-r4\\\/#breadcrumb\"},\"inLanguage\":\"ru-RU\",\"potentialAction\":[{\"@type\":\"ReadAction\",\"target\":[\"https:\\\/\\\/kohenavocats.com\\\/ru\\\/jurisprudences\\\/eclinlrvs20253591-raad-van-state-30-07-2025-202404702-1-r4\\\/\"]}]},{\"@type\":\"BreadcrumbList\",\"@id\":\"https:\\\/\\\/kohenavocats.com\\\/ru\\\/jurisprudences\\\/eclinlrvs20253591-raad-van-state-30-07-2025-202404702-1-r4\\\/#breadcrumb\",\"itemListElement\":[{\"@type\":\"ListItem\",\"position\":1,\"name\":\"Home\",\"item\":\"https:\\\/\\\/kohenavocats.com\\\/ru\\\/avocats-en-droit-penal-a-paris-conseil-et-defense-strategique\\\/\"},{\"@type\":\"ListItem\",\"position\":2,\"name\":\"Jurisprudences\",\"item\":\"https:\\\/\\\/kohenavocats.com\\\/ru\\\/jurisprudences\\\/\"},{\"@type\":\"ListItem\",\"position\":3,\"name\":\"ECLI:NL:RVS:2025:3591 Raad van State , 30-07-2025 \\\/ 202404702\\\/1\\\/R4\"}]},{\"@type\":\"WebSite\",\"@id\":\"https:\\\/\\\/kohenavocats.com\\\/ru\\\/#website\",\"url\":\"https:\\\/\\\/kohenavocats.com\\\/ru\\\/\",\"name\":\"Kohen Avocats\",\"description\":\"Ma\u00eetre Hassan Kohen, avocat p\u00e9naliste \u00e0 Paris, intervient exclusivement en droit p\u00e9nal pour la d\u00e9fense des particuliers, notamment en mati\u00e8re d\u2019accusations de viol. Il assure un accompagnement rigoureux d\u00e8s la garde \u00e0 vue jusqu\u2019\u00e0 la Cour d\u2019assises, veillant au strict respect des garanties proc\u00e9durales.\",\"publisher\":{\"@id\":\"https:\\\/\\\/kohenavocats.com\\\/ru\\\/#organization\"},\"potentialAction\":[{\"@type\":\"SearchAction\",\"target\":{\"@type\":\"EntryPoint\",\"urlTemplate\":\"https:\\\/\\\/kohenavocats.com\\\/ru\\\/?s={search_term_string}\"},\"query-input\":{\"@type\":\"PropertyValueSpecification\",\"valueRequired\":true,\"valueName\":\"search_term_string\"}}],\"inLanguage\":\"ru-RU\"},{\"@type\":\"Organization\",\"@id\":\"https:\\\/\\\/kohenavocats.com\\\/ru\\\/#organization\",\"name\":\"Kohen Avocats\",\"url\":\"https:\\\/\\\/kohenavocats.com\\\/ru\\\/\",\"logo\":{\"@type\":\"ImageObject\",\"inLanguage\":\"ru-RU\",\"@id\":\"https:\\\/\\\/kohenavocats.com\\\/ru\\\/#\\\/schema\\\/logo\\\/image\\\/\",\"url\":\"https:\\\/\\\/kohenavocats.com\\\/wp-content\\\/uploads\\\/2026\\\/01\\\/Logo-2-1.webp\",\"contentUrl\":\"https:\\\/\\\/kohenavocats.com\\\/wp-content\\\/uploads\\\/2026\\\/01\\\/Logo-2-1.webp\",\"width\":2114,\"height\":1253,\"caption\":\"Kohen Avocats\"},\"image\":{\"@id\":\"https:\\\/\\\/kohenavocats.com\\\/ru\\\/#\\\/schema\\\/logo\\\/image\\\/\"}}]}<\/script>\n<!-- \/ Yoast SEO Premium plugin. -->","yoast_head_json":{"title":"ECLI:NL:RVS:2025:3591 Raad van State , 30-07-2025 \/ 202404702\/1\/R4 - Ma\u00eetre Hassan Kohen, avocat en droit p\u00e9nal \u00e0 Paris","robots":{"index":"index","follow":"follow","max-snippet":"max-snippet:-1","max-image-preview":"max-image-preview:large","max-video-preview":"max-video-preview:-1"},"canonical":"https:\/\/kohenavocats.com\/ru\/jurisprudences\/eclinlrvs20253591-raad-van-state-30-07-2025-202404702-1-r4\/","og_locale":"ru_RU","og_type":"article","og_title":"ECLI:NL:RVS:2025:3591 Raad van State , 30-07-2025 \/ 202404702\/1\/R4","og_description":"Bij besluit van 27 februari 2023 heeft het college van burgemeester en wethouders van Blaricum aan [bouwbedrijf] een omgevingsvergunning verleend voor het bouwen van zeven eengezinswoningen aan de Eerste Molenweg 1a, 1b en 1c en het Kerkpad 4a, 4b, 4c, en 4d in Blaricum. Tussen de Eerste Molenweg en het Kerkpad in Blaricum bevindt zich de locatie van een oude melkfabriek. Het bouwbedrijf wil da...","og_url":"https:\/\/kohenavocats.com\/ru\/jurisprudences\/eclinlrvs20253591-raad-van-state-30-07-2025-202404702-1-r4\/","og_site_name":"Ma\u00eetre Hassan Kohen, avocat en droit p\u00e9nal \u00e0 Paris","twitter_card":"summary_large_image","twitter_misc":{"\u041f\u0440\u0438\u043c\u0435\u0440\u043d\u043e\u0435 \u0432\u0440\u0435\u043c\u044f \u0434\u043b\u044f \u0447\u0442\u0435\u043d\u0438\u044f":"5 \u043c\u0438\u043d\u0443\u0442"},"schema":{"@context":"https:\/\/schema.org","@graph":[{"@type":"WebPage","@id":"https:\/\/kohenavocats.com\/ru\/jurisprudences\/eclinlrvs20253591-raad-van-state-30-07-2025-202404702-1-r4\/","url":"https:\/\/kohenavocats.com\/ru\/jurisprudences\/eclinlrvs20253591-raad-van-state-30-07-2025-202404702-1-r4\/","name":"ECLI:NL:RVS:2025:3591 Raad van State , 30-07-2025 \/ 202404702\/1\/R4 - Ma\u00eetre Hassan Kohen, avocat en droit p\u00e9nal \u00e0 Paris","isPartOf":{"@id":"https:\/\/kohenavocats.com\/ru\/#website"},"datePublished":"2026-04-22T18:44:33+00:00","breadcrumb":{"@id":"https:\/\/kohenavocats.com\/ru\/jurisprudences\/eclinlrvs20253591-raad-van-state-30-07-2025-202404702-1-r4\/#breadcrumb"},"inLanguage":"ru-RU","potentialAction":[{"@type":"ReadAction","target":["https:\/\/kohenavocats.com\/ru\/jurisprudences\/eclinlrvs20253591-raad-van-state-30-07-2025-202404702-1-r4\/"]}]},{"@type":"BreadcrumbList","@id":"https:\/\/kohenavocats.com\/ru\/jurisprudences\/eclinlrvs20253591-raad-van-state-30-07-2025-202404702-1-r4\/#breadcrumb","itemListElement":[{"@type":"ListItem","position":1,"name":"Home","item":"https:\/\/kohenavocats.com\/ru\/avocats-en-droit-penal-a-paris-conseil-et-defense-strategique\/"},{"@type":"ListItem","position":2,"name":"Jurisprudences","item":"https:\/\/kohenavocats.com\/ru\/jurisprudences\/"},{"@type":"ListItem","position":3,"name":"ECLI:NL:RVS:2025:3591 Raad van State , 30-07-2025 \/ 202404702\/1\/R4"}]},{"@type":"WebSite","@id":"https:\/\/kohenavocats.com\/ru\/#website","url":"https:\/\/kohenavocats.com\/ru\/","name":"Kohen Avocats","description":"Ma\u00eetre Hassan Kohen, avocat p\u00e9naliste \u00e0 Paris, intervient exclusivement en droit p\u00e9nal pour la d\u00e9fense des particuliers, notamment en mati\u00e8re d\u2019accusations de viol. Il assure un accompagnement rigoureux d\u00e8s la garde \u00e0 vue jusqu\u2019\u00e0 la Cour d\u2019assises, veillant au strict respect des garanties proc\u00e9durales.","publisher":{"@id":"https:\/\/kohenavocats.com\/ru\/#organization"},"potentialAction":[{"@type":"SearchAction","target":{"@type":"EntryPoint","urlTemplate":"https:\/\/kohenavocats.com\/ru\/?s={search_term_string}"},"query-input":{"@type":"PropertyValueSpecification","valueRequired":true,"valueName":"search_term_string"}}],"inLanguage":"ru-RU"},{"@type":"Organization","@id":"https:\/\/kohenavocats.com\/ru\/#organization","name":"Kohen Avocats","url":"https:\/\/kohenavocats.com\/ru\/","logo":{"@type":"ImageObject","inLanguage":"ru-RU","@id":"https:\/\/kohenavocats.com\/ru\/#\/schema\/logo\/image\/","url":"https:\/\/kohenavocats.com\/wp-content\/uploads\/2026\/01\/Logo-2-1.webp","contentUrl":"https:\/\/kohenavocats.com\/wp-content\/uploads\/2026\/01\/Logo-2-1.webp","width":2114,"height":1253,"caption":"Kohen Avocats"},"image":{"@id":"https:\/\/kohenavocats.com\/ru\/#\/schema\/logo\/image\/"}}]}},"jetpack_likes_enabled":false,"jetpack_sharing_enabled":true,"_links":{"self":[{"href":"https:\/\/kohenavocats.com\/ru\/wp-json\/wp\/v2\/kji_decision\/651412","targetHints":{"allow":["GET"]}}],"collection":[{"href":"https:\/\/kohenavocats.com\/ru\/wp-json\/wp\/v2\/kji_decision"}],"about":[{"href":"https:\/\/kohenavocats.com\/ru\/wp-json\/wp\/v2\/types\/kji_decision"}],"wp:attachment":[{"href":"https:\/\/kohenavocats.com\/ru\/wp-json\/wp\/v2\/media?parent=651412"}],"wp:term":[{"taxonomy":"kji_country","embeddable":true,"href":"https:\/\/kohenavocats.com\/ru\/wp-json\/wp\/v2\/kji_country?post=651412"},{"taxonomy":"kji_court","embeddable":true,"href":"https:\/\/kohenavocats.com\/ru\/wp-json\/wp\/v2\/kji_court?post=651412"},{"taxonomy":"kji_chamber","embeddable":true,"href":"https:\/\/kohenavocats.com\/ru\/wp-json\/wp\/v2\/kji_chamber?post=651412"},{"taxonomy":"kji_year","embeddable":true,"href":"https:\/\/kohenavocats.com\/ru\/wp-json\/wp\/v2\/kji_year?post=651412"},{"taxonomy":"kji_subject","embeddable":true,"href":"https:\/\/kohenavocats.com\/ru\/wp-json\/wp\/v2\/kji_subject?post=651412"},{"taxonomy":"kji_keyword","embeddable":true,"href":"https:\/\/kohenavocats.com\/ru\/wp-json\/wp\/v2\/kji_keyword?post=651412"},{"taxonomy":"kji_language","embeddable":true,"href":"https:\/\/kohenavocats.com\/ru\/wp-json\/wp\/v2\/kji_language?post=651412"}],"curies":[{"name":"wp","href":"https:\/\/api.w.org\/{rel}","templated":true}]}}