{"id":651891,"date":"2026-04-22T21:58:05","date_gmt":"2026-04-22T19:58:05","guid":{"rendered":"https:\/\/kohenavocats.com\/jurisprudences\/eclibecabrl2022arr-20221207-1\/"},"modified":"2026-04-22T21:58:05","modified_gmt":"2026-04-22T19:58:05","slug":"eclibecabrl2022arr-20221207-1","status":"publish","type":"kji_decision","link":"https:\/\/kohenavocats.com\/ru\/jurisprudences\/eclibecabrl2022arr-20221207-1\/","title":{"rendered":"ECLI:BE:CABRL:2022:ARR.20221207.1"},"content":{"rendered":"<div class=\"kji-decision\">\n<div class=\"kji-full-text\">JUPORTAL Base de donn\u00e9es publique de la jurisprudence belge<\/p>\n<p>    <!-- continue here with main block (division \"content\") --><\/p>\n<p>            <!-- Commandes de navigation page d\u00e9tail--> <\/p>\n<p>                  Imprimer cette page<br \/>\n          &nbsp; <\/p>\n<p>          Taille d&#8217;impression          <\/p>\n<p>            S<br \/>\n            M<br \/>\n            L<br \/>\n            XL<\/p>\n<p>          &nbsp; <\/p>\n<p>                  Nouvelle recherche JUPORTAL<br \/>\n          &nbsp; <\/p>\n<p>                  Fermer l&#8217;onglet          <\/p>\n<p>        <!-- Fin commandes de navigation page d\u00e9tail --><\/p>\n<p>        &nbsp;<br \/>\nCour d&apos;appel de Bruxelles  <\/p>\n<p>            Jugement\/arr\u00eat du 07 d&eacute;cembre 2022            <\/p>\n<p>No ECLI:<\/p>\n<p>ECLI:BE:CABRL:2022:ARR.20221207.1<\/p>\n<p>No R\u00f4le:<\/p>\n<p>2022\/AR\/549<\/p>\n<p>Domaine juridique:<\/p>\n<p>\n Droit civil<\/p>\n<p>Date d&#8217;introduction:<\/p>\n<p>2025-03-25<\/p>\n<p>Consultations:<\/p>\n<p>89 &#8212; derni\u00e8re vue 2026-04-14 22:24<\/p>\n<p>            Fiche            <\/p>\n<p> LA COUR, Statuant par d\u00e9faut \u00e0 l&apos;\u00e9gard de Monsieur X et contradictoirement<br \/>\n        pour Ie surplus, Dit Ie recours recevable \u00e0 l&apos;\u00e9gard de Monsieur<br \/>\n        X, uniquement en ce qu&apos;il tend \u00e0 lui rendre Ie pr\u00e9sent arr\u00eat commun<br \/>\n        et opposable, Dit Ie recours recevable \u00e0 l&apos;\u00e9gard de l&apos; APD,<br \/>\n        et Ie dit partiellement fond\u00e9 dans la mesure suivante: Annule la D\u00e9cision<br \/>\n        attaqu\u00e9e en ce qu&apos; elle inflige \u00e0 Y une amende de 7.500,00 euros,<br \/>\n        Condamne l&apos;APD aux d\u00e9pens de la requ\u00e9rante, en ce compris l&apos;<br \/>\n        indemnit\u00e9 de proc\u00e9dure liquid\u00e9e par elle \u00e0 1.680,00 euros, Donne acte<br \/>\n        \u00e0 X de son d\u00e9sistement d&apos;action et lui d\u00e9laisse ses \u00e9ventuels<br \/>\n        d\u00e9pens, Condamne l&apos;APD au paiement du droit de mise au r\u00f4le devant<br \/>\n        la cour d&apos;appel (400,00 \u20ac} au SPF FINANCES, conform\u00e9ment \u00e0 l&apos;article<br \/>\n        2692 \u00a7 1 er, du Code des droits d&apos;enregistrement, d&apos;hypoth\u00e8que<br \/>\n        et de greffe.\n    <\/p>\n<p>Th\u00e9saurus UTU:<\/p>\n<p>DROIT CIVIL &#8212; VIE PRIV\u00c9E &#8212; Traitement donn\u00e9es \u00e0 caract\u00e8re personnel &#8212; Autorit\u00e9 de protection des donn\u00e9es (Commission de la protection de la vie priv\u00e9e)\n <\/p>\n<p>Mots libres:<\/p>\n<p>\nRequ\u00eate de Y du 29 avril 2022 contre la d\u00e9cision rendue par la Chambre<br \/>\n         Contentieuse de I&apos; Autorit\u00e9 de Protection des Donn\u00e9es, Ie 1er avril<br \/>\n         2022 (num\u00e9ro de la d\u00e9cision: 46\/2022, num\u00e9ro du dossier: DOS-2020-02892.<\/p>\n<p>            Texte de la d\u00e9cision            <\/p>\n<p>Cette publication n&#8217;est pas (encore) disponible.      <\/p>\n<p>Document PDF ECLI:BE:CABRL:2022:ARR.20221207.1\n       <\/p>\n<p>            Publication(s) li\u00e9e(s)              <\/p>\n<p>pr\u00e9c\u00e9d\u00e9 par:<\/p>\n<p>ECLI:BE:GBAPD:2022:DEC.20220401.2         <\/p>\n<p>        <!-- Commandes de navigation page d\u00e9tail--> <\/p>\n<p>                  Imprimer cette page<br \/>\n          &nbsp; <\/p>\n<p>          Taille d&#8217;impression          <\/p>\n<p>            S<br \/>\n            M<br \/>\n            L<br \/>\n            XL<\/p>\n<p>          &nbsp; <\/p>\n<p>                  Nouvelle recherche JUPORTAL<br \/>\n          &nbsp; <\/p>\n<p>                  Fermer l&#8217;onglet          <\/p>\n<p>        <!-- Fin commandes de navigation page d\u00e9tail --><\/p>\n<p><!-- Action LOG \nfunction JUPORTARecordLogViewDecision  $iubel_id        : 281688\n                                       $action_type     : VIEW\n                                      &amp;$action_startmt  : 1776199301.8257\n                                      &amp;$action_duration : 70\n                                      &amp;$addressipremote : 103.115.10.116\n                                      &amp;$latitude        : null\n                                      &amp;$longitude       : null\n                                      &amp;$accuracy        : null\n                                      &amp;$altitude        : null\n                                      &amp;$langue_view     : FR\n--><br \/>\n<!-- Action_duration 70 millisec --><br \/>\n      <!-- end of main block (division \"content\") --><\/p>\n<p>    <!-- end of division \"page_main\" --><\/p>\n<p>              &#9993; info-JUPORTAL@just.fgov.be<\/p>\n<p>              &copy;&nbsp; 2017-2026&nbsp;Service ICT &#8212; SPF Justice<\/p>\n<p>  <!-- end of division \"conteneur\" --><\/p>\n<p>  <!-- Balloon system info --><\/p>\n<p>\n          Powered by PHP 8.5.0\n      <\/p>\n<p>\n          Server Software Apache\/2.4.66\n      <\/p>\n<p>\n          == Fluctuat nec mergitur ==\n      <\/p>\n<p>  <!-- Balloon system info --><br \/>\n          <!-- BalloonObjectPrepa Start --><br \/>\n          <!-- BalloonObjectPrepa End --><\/div>\n<hr class=\"kji-sep\" \/>\n<p class=\"kji-source-links\"><strong>Sources officielles :<\/strong> <a class=\"kji-source-link\" href=\"https:\/\/juportal.be\/content\/ECLI:BE:CABRL:2022:ARR.20221207.1\/FR\" target=\"_blank\" rel=\"noopener noreferrer\">consulter la page source<\/a><\/p>\n<p class=\"kji-license-note\"><em>JUPORTAL. L avertissement officiel du portail precise qu il n existe pas de droit d auteur sur les arrets et jugements.<\/em><\/p>\n<\/div>\n","protected":false},"excerpt":{"rendered":"<p>JUPORTAL Base de donn\u00e9es publique de la jurisprudence belge Imprimer cette page Taille d&#8217;impression S M L XL Nouvelle recherche JUPORTAL Fermer l&#8217;onglet Cour d&#8217;appel de Bruxelles Jugement\/arr\u00eat du 07 d\u00e9cembre 2022 No ECLI: ECLI:BE:CABRL:2022:ARR.20221207.1 No R\u00f4le: 2022\/AR\/549 Domaine juridique: Droit civil Date d&#8217;introduction: 2025-03-25 Consultations: 89 &#8212; derni\u00e8re vue 2026-04-14 22:24 Fiche LA COUR, Statuant par d\u00e9faut \u00e0 l&#8217;\u00e9gard&#8230;<\/p>\n","protected":false},"featured_media":0,"template":"","meta":{"_crdt_document":""},"kji_country":[7731],"kji_court":[32600],"kji_chamber":[],"kji_year":[32183],"kji_subject":[7612],"kji_keyword":[24607,7734,32601,24608,13496],"kji_language":[7733],"class_list":["post-651891","kji_decision","type-kji_decision","status-publish","hentry","kji_country-belgique","kji_court-eclibecabrl2022arr-20221207-1","kji_year-32183","kji_subject-fiscal","kji_keyword-cabrl","kji_keyword-donnees","kji_keyword-egard","kji_keyword-juportal","kji_keyword-protection","kji_language-francais"],"yoast_head":"<!-- This site is optimized with the Yoast SEO Premium plugin v27.5 (Yoast SEO v27.5) - https:\/\/yoast.com\/product\/yoast-seo-premium-wordpress\/ -->\n<title>ECLI:BE:CABRL:2022:ARR.20221207.1 - Ma\u00eetre Hassan Kohen, avocat en droit p\u00e9nal \u00e0 Paris<\/title>\n<meta name=\"robots\" content=\"index, follow, max-snippet:-1, max-image-preview:large, max-video-preview:-1\" \/>\n<link rel=\"canonical\" href=\"https:\/\/kohenavocats.com\/ru\/jurisprudences\/eclibecabrl2022arr-20221207-1\/\" \/>\n<meta property=\"og:locale\" content=\"ru_RU\" \/>\n<meta property=\"og:type\" content=\"article\" \/>\n<meta property=\"og:title\" content=\"ECLI:BE:CABRL:2022:ARR.20221207.1\" \/>\n<meta property=\"og:description\" content=\"JUPORTAL Base de donn\u00e9es publique de la jurisprudence belge Imprimer cette page Taille d&#039;impression S M L XL Nouvelle recherche JUPORTAL Fermer l&#039;onglet Cour d&#039;appel de Bruxelles Jugement\/arr\u00eat du 07 d\u00e9cembre 2022 No ECLI: ECLI:BE:CABRL:2022:ARR.20221207.1 No R\u00f4le: 2022\/AR\/549 Domaine juridique: Droit civil Date d&#039;introduction: 2025-03-25 Consultations: 89 - derni\u00e8re vue 2026-04-14 22:24 Fiche LA COUR, Statuant par d\u00e9faut \u00e0 l&#039;\u00e9gard...\" \/>\n<meta property=\"og:url\" content=\"https:\/\/kohenavocats.com\/ru\/jurisprudences\/eclibecabrl2022arr-20221207-1\/\" \/>\n<meta property=\"og:site_name\" content=\"Ma\u00eetre Hassan Kohen, avocat en droit p\u00e9nal \u00e0 Paris\" \/>\n<meta name=\"twitter:card\" content=\"summary_large_image\" \/>\n<meta name=\"twitter:label1\" content=\"\u041f\u0440\u0438\u043c\u0435\u0440\u043d\u043e\u0435 \u0432\u0440\u0435\u043c\u044f \u0434\u043b\u044f \u0447\u0442\u0435\u043d\u0438\u044f\" \/>\n\t<meta name=\"twitter:data1\" content=\"2 \u043c\u0438\u043d\u0443\u0442\u044b\" \/>\n<script type=\"application\/ld+json\" class=\"yoast-schema-graph\">{\"@context\":\"https:\\\/\\\/schema.org\",\"@graph\":[{\"@type\":\"WebPage\",\"@id\":\"https:\\\/\\\/kohenavocats.com\\\/ru\\\/jurisprudences\\\/eclibecabrl2022arr-20221207-1\\\/\",\"url\":\"https:\\\/\\\/kohenavocats.com\\\/ru\\\/jurisprudences\\\/eclibecabrl2022arr-20221207-1\\\/\",\"name\":\"ECLI:BE:CABRL:2022:ARR.20221207.1 - Ma\u00eetre Hassan Kohen, avocat en droit p\u00e9nal \u00e0 Paris\",\"isPartOf\":{\"@id\":\"https:\\\/\\\/kohenavocats.com\\\/ru\\\/#website\"},\"datePublished\":\"2026-04-22T19:58:05+00:00\",\"breadcrumb\":{\"@id\":\"https:\\\/\\\/kohenavocats.com\\\/ru\\\/jurisprudences\\\/eclibecabrl2022arr-20221207-1\\\/#breadcrumb\"},\"inLanguage\":\"ru-RU\",\"potentialAction\":[{\"@type\":\"ReadAction\",\"target\":[\"https:\\\/\\\/kohenavocats.com\\\/ru\\\/jurisprudences\\\/eclibecabrl2022arr-20221207-1\\\/\"]}]},{\"@type\":\"BreadcrumbList\",\"@id\":\"https:\\\/\\\/kohenavocats.com\\\/ru\\\/jurisprudences\\\/eclibecabrl2022arr-20221207-1\\\/#breadcrumb\",\"itemListElement\":[{\"@type\":\"ListItem\",\"position\":1,\"name\":\"Home\",\"item\":\"https:\\\/\\\/kohenavocats.com\\\/ru\\\/avocats-en-droit-penal-a-paris-conseil-et-defense-strategique\\\/\"},{\"@type\":\"ListItem\",\"position\":2,\"name\":\"Jurisprudences\",\"item\":\"https:\\\/\\\/kohenavocats.com\\\/ru\\\/jurisprudences\\\/\"},{\"@type\":\"ListItem\",\"position\":3,\"name\":\"ECLI:BE:CABRL:2022:ARR.20221207.1\"}]},{\"@type\":\"WebSite\",\"@id\":\"https:\\\/\\\/kohenavocats.com\\\/ru\\\/#website\",\"url\":\"https:\\\/\\\/kohenavocats.com\\\/ru\\\/\",\"name\":\"Kohen Avocats\",\"description\":\"Ma\u00eetre Hassan Kohen, avocat p\u00e9naliste \u00e0 Paris, intervient exclusivement en droit p\u00e9nal pour la d\u00e9fense des particuliers, notamment en mati\u00e8re d\u2019accusations de viol. Il assure un accompagnement rigoureux d\u00e8s la garde \u00e0 vue jusqu\u2019\u00e0 la Cour d\u2019assises, veillant au strict respect des garanties proc\u00e9durales.\",\"publisher\":{\"@id\":\"https:\\\/\\\/kohenavocats.com\\\/ru\\\/#organization\"},\"potentialAction\":[{\"@type\":\"SearchAction\",\"target\":{\"@type\":\"EntryPoint\",\"urlTemplate\":\"https:\\\/\\\/kohenavocats.com\\\/ru\\\/?s={search_term_string}\"},\"query-input\":{\"@type\":\"PropertyValueSpecification\",\"valueRequired\":true,\"valueName\":\"search_term_string\"}}],\"inLanguage\":\"ru-RU\"},{\"@type\":\"Organization\",\"@id\":\"https:\\\/\\\/kohenavocats.com\\\/ru\\\/#organization\",\"name\":\"Kohen Avocats\",\"url\":\"https:\\\/\\\/kohenavocats.com\\\/ru\\\/\",\"logo\":{\"@type\":\"ImageObject\",\"inLanguage\":\"ru-RU\",\"@id\":\"https:\\\/\\\/kohenavocats.com\\\/ru\\\/#\\\/schema\\\/logo\\\/image\\\/\",\"url\":\"https:\\\/\\\/kohenavocats.com\\\/wp-content\\\/uploads\\\/2026\\\/01\\\/Logo-2-1.webp\",\"contentUrl\":\"https:\\\/\\\/kohenavocats.com\\\/wp-content\\\/uploads\\\/2026\\\/01\\\/Logo-2-1.webp\",\"width\":2114,\"height\":1253,\"caption\":\"Kohen Avocats\"},\"image\":{\"@id\":\"https:\\\/\\\/kohenavocats.com\\\/ru\\\/#\\\/schema\\\/logo\\\/image\\\/\"}}]}<\/script>\n<!-- \/ Yoast SEO Premium plugin. -->","yoast_head_json":{"title":"ECLI:BE:CABRL:2022:ARR.20221207.1 - Ma\u00eetre Hassan Kohen, avocat en droit p\u00e9nal \u00e0 Paris","robots":{"index":"index","follow":"follow","max-snippet":"max-snippet:-1","max-image-preview":"max-image-preview:large","max-video-preview":"max-video-preview:-1"},"canonical":"https:\/\/kohenavocats.com\/ru\/jurisprudences\/eclibecabrl2022arr-20221207-1\/","og_locale":"ru_RU","og_type":"article","og_title":"ECLI:BE:CABRL:2022:ARR.20221207.1","og_description":"JUPORTAL Base de donn\u00e9es publique de la jurisprudence belge Imprimer cette page Taille d'impression S M L XL Nouvelle recherche JUPORTAL Fermer l'onglet Cour d'appel de Bruxelles Jugement\/arr\u00eat du 07 d\u00e9cembre 2022 No ECLI: ECLI:BE:CABRL:2022:ARR.20221207.1 No R\u00f4le: 2022\/AR\/549 Domaine juridique: Droit civil Date d'introduction: 2025-03-25 Consultations: 89 - derni\u00e8re vue 2026-04-14 22:24 Fiche LA COUR, Statuant par d\u00e9faut \u00e0 l'\u00e9gard...","og_url":"https:\/\/kohenavocats.com\/ru\/jurisprudences\/eclibecabrl2022arr-20221207-1\/","og_site_name":"Ma\u00eetre Hassan Kohen, avocat en droit p\u00e9nal \u00e0 Paris","twitter_card":"summary_large_image","twitter_misc":{"\u041f\u0440\u0438\u043c\u0435\u0440\u043d\u043e\u0435 \u0432\u0440\u0435\u043c\u044f \u0434\u043b\u044f \u0447\u0442\u0435\u043d\u0438\u044f":"2 \u043c\u0438\u043d\u0443\u0442\u044b"},"schema":{"@context":"https:\/\/schema.org","@graph":[{"@type":"WebPage","@id":"https:\/\/kohenavocats.com\/ru\/jurisprudences\/eclibecabrl2022arr-20221207-1\/","url":"https:\/\/kohenavocats.com\/ru\/jurisprudences\/eclibecabrl2022arr-20221207-1\/","name":"ECLI:BE:CABRL:2022:ARR.20221207.1 - Ma\u00eetre Hassan Kohen, avocat en droit p\u00e9nal \u00e0 Paris","isPartOf":{"@id":"https:\/\/kohenavocats.com\/ru\/#website"},"datePublished":"2026-04-22T19:58:05+00:00","breadcrumb":{"@id":"https:\/\/kohenavocats.com\/ru\/jurisprudences\/eclibecabrl2022arr-20221207-1\/#breadcrumb"},"inLanguage":"ru-RU","potentialAction":[{"@type":"ReadAction","target":["https:\/\/kohenavocats.com\/ru\/jurisprudences\/eclibecabrl2022arr-20221207-1\/"]}]},{"@type":"BreadcrumbList","@id":"https:\/\/kohenavocats.com\/ru\/jurisprudences\/eclibecabrl2022arr-20221207-1\/#breadcrumb","itemListElement":[{"@type":"ListItem","position":1,"name":"Home","item":"https:\/\/kohenavocats.com\/ru\/avocats-en-droit-penal-a-paris-conseil-et-defense-strategique\/"},{"@type":"ListItem","position":2,"name":"Jurisprudences","item":"https:\/\/kohenavocats.com\/ru\/jurisprudences\/"},{"@type":"ListItem","position":3,"name":"ECLI:BE:CABRL:2022:ARR.20221207.1"}]},{"@type":"WebSite","@id":"https:\/\/kohenavocats.com\/ru\/#website","url":"https:\/\/kohenavocats.com\/ru\/","name":"Kohen Avocats","description":"Ma\u00eetre Hassan Kohen, avocat p\u00e9naliste \u00e0 Paris, intervient exclusivement en droit p\u00e9nal pour la d\u00e9fense des particuliers, notamment en mati\u00e8re d\u2019accusations de viol. Il assure un accompagnement rigoureux d\u00e8s la garde \u00e0 vue jusqu\u2019\u00e0 la Cour d\u2019assises, veillant au strict respect des garanties proc\u00e9durales.","publisher":{"@id":"https:\/\/kohenavocats.com\/ru\/#organization"},"potentialAction":[{"@type":"SearchAction","target":{"@type":"EntryPoint","urlTemplate":"https:\/\/kohenavocats.com\/ru\/?s={search_term_string}"},"query-input":{"@type":"PropertyValueSpecification","valueRequired":true,"valueName":"search_term_string"}}],"inLanguage":"ru-RU"},{"@type":"Organization","@id":"https:\/\/kohenavocats.com\/ru\/#organization","name":"Kohen Avocats","url":"https:\/\/kohenavocats.com\/ru\/","logo":{"@type":"ImageObject","inLanguage":"ru-RU","@id":"https:\/\/kohenavocats.com\/ru\/#\/schema\/logo\/image\/","url":"https:\/\/kohenavocats.com\/wp-content\/uploads\/2026\/01\/Logo-2-1.webp","contentUrl":"https:\/\/kohenavocats.com\/wp-content\/uploads\/2026\/01\/Logo-2-1.webp","width":2114,"height":1253,"caption":"Kohen Avocats"},"image":{"@id":"https:\/\/kohenavocats.com\/ru\/#\/schema\/logo\/image\/"}}]}},"jetpack_likes_enabled":false,"jetpack_sharing_enabled":true,"_links":{"self":[{"href":"https:\/\/kohenavocats.com\/ru\/wp-json\/wp\/v2\/kji_decision\/651891","targetHints":{"allow":["GET"]}}],"collection":[{"href":"https:\/\/kohenavocats.com\/ru\/wp-json\/wp\/v2\/kji_decision"}],"about":[{"href":"https:\/\/kohenavocats.com\/ru\/wp-json\/wp\/v2\/types\/kji_decision"}],"wp:attachment":[{"href":"https:\/\/kohenavocats.com\/ru\/wp-json\/wp\/v2\/media?parent=651891"}],"wp:term":[{"taxonomy":"kji_country","embeddable":true,"href":"https:\/\/kohenavocats.com\/ru\/wp-json\/wp\/v2\/kji_country?post=651891"},{"taxonomy":"kji_court","embeddable":true,"href":"https:\/\/kohenavocats.com\/ru\/wp-json\/wp\/v2\/kji_court?post=651891"},{"taxonomy":"kji_chamber","embeddable":true,"href":"https:\/\/kohenavocats.com\/ru\/wp-json\/wp\/v2\/kji_chamber?post=651891"},{"taxonomy":"kji_year","embeddable":true,"href":"https:\/\/kohenavocats.com\/ru\/wp-json\/wp\/v2\/kji_year?post=651891"},{"taxonomy":"kji_subject","embeddable":true,"href":"https:\/\/kohenavocats.com\/ru\/wp-json\/wp\/v2\/kji_subject?post=651891"},{"taxonomy":"kji_keyword","embeddable":true,"href":"https:\/\/kohenavocats.com\/ru\/wp-json\/wp\/v2\/kji_keyword?post=651891"},{"taxonomy":"kji_language","embeddable":true,"href":"https:\/\/kohenavocats.com\/ru\/wp-json\/wp\/v2\/kji_language?post=651891"}],"curies":[{"name":"wp","href":"https:\/\/api.w.org\/{rel}","templated":true}]}}