{"id":651892,"date":"2026-04-22T21:58:08","date_gmt":"2026-04-22T19:58:08","guid":{"rendered":"https:\/\/kohenavocats.com\/jurisprudences\/eclibecabrl2022arr-20221207-2\/"},"modified":"2026-04-22T21:58:08","modified_gmt":"2026-04-22T19:58:08","slug":"eclibecabrl2022arr-20221207-2","status":"publish","type":"kji_decision","link":"https:\/\/kohenavocats.com\/ru\/jurisprudences\/eclibecabrl2022arr-20221207-2\/","title":{"rendered":"ECLI:BE:CABRL:2022:ARR.20221207.2"},"content":{"rendered":"<div class=\"kji-decision\">\n<div class=\"kji-full-text\">JUPORTAL Base de donn\u00e9es publique de la jurisprudence belge<\/p>\n<p>    <!-- continue here with main block (division \"content\") --><\/p>\n<p>            <!-- Commandes de navigation page d\u00e9tail--> <\/p>\n<p>                  Imprimer cette page<br \/>\n          &nbsp; <\/p>\n<p>          Taille d&#8217;impression          <\/p>\n<p>            S<br \/>\n            M<br \/>\n            L<br \/>\n            XL<\/p>\n<p>          &nbsp; <\/p>\n<p>                  Nouvelle recherche JUPORTAL<br \/>\n          &nbsp; <\/p>\n<p>                  Fermer l&#8217;onglet          <\/p>\n<p>        <!-- Fin commandes de navigation page d\u00e9tail --><\/p>\n<p>        &nbsp;<br \/>\nCour d&apos;appel de Bruxelles  <\/p>\n<p>            Jugement\/arr\u00eat du 07 d&eacute;cembre 2022            <\/p>\n<p>No ECLI:<\/p>\n<p>ECLI:BE:CABRL:2022:ARR.20221207.2<\/p>\n<p>No R\u00f4le:<\/p>\n<p>2022\/AR\/556<\/p>\n<p>Domaine juridique:<\/p>\n<p>\n Droit civil<\/p>\n<p>Date d&#8217;introduction:<\/p>\n<p>2025-03-26<\/p>\n<p>Consultations:<\/p>\n<p>96 &#8212; derni\u00e8re vue 2026-04-14 22:24<\/p>\n<p>            Fiche            <\/p>\n<p> LA COUR, Statuant contradictoirement,  Dit Ie recours recevable, et Ie<br \/>\n        dit partiellement fond\u00e9 dans la mesure suivante:  Annule partiellement<br \/>\n        la D\u00e9cision attaqu\u00e9e portant le num\u00e9ro 47\/2022 de la Chambre contentieuse<br \/>\n        de I&apos;Autorit\u00e9 de Protection des Donn\u00e9es du 4 avril 2022 dans l&apos;affaire<br \/>\n        portant le num\u00e9ro DOS-2020-04002, uniquement dans la mesure o\u00f9 elle<br \/>\n        impose une amende administrative d&apos;un montant de 100.000,00 euros<br \/>\n        \u00e0 la SA BRUSSELS SOUTH CHARLEROI AIRPORT (BSA) (ainsi que la motivation<br \/>\n        sous-jacente) ; et ; Statuant en pleine juridiction, la Cour des march\u00e9s<br \/>\n        r\u00e9duit l&apos;amende administrative impos\u00e9e \u00e0 la SA BRUSSELS SOUTH<br \/>\n        CHARLEROI AIRPORT (BSA)u montant de 25.000,00 euros. Condamne l&apos;APD<br \/>\n        au paiement du droit de mise au r\u00f4le devant la cour d&apos;appel (400,00<br \/>\n        \u20ac} au SPF FINANCES, conform\u00e9ment \u00e0 l&apos;article 269 \u00a7 1er, du Code<br \/>\n        des droits d&apos;enregistrement, d&apos;hypoth\u00e8que et de greffe.\n    <\/p>\n<p>Th\u00e9saurus UTU:<\/p>\n<p>DROIT CIVIL &#8212; VIE PRIV\u00c9E &#8212; Traitement donn\u00e9es \u00e0 caract\u00e8re personnel &#8212; Autorit\u00e9 de protection des donn\u00e9es (Commission de la protection de la vie priv\u00e9e)\n <\/p>\n<p>Mots libres:<\/p>\n<p>\nRecours contre la d\u00e9cision 47\/2022 du 4 avril 2022 (num\u00e9ro DOS-2020-04002)<br \/>\n         de la Chambre contentieuse de I&apos;Autorit\u00e9 de Protection des Donn\u00e9es.<\/p>\n<p>            Texte de la d\u00e9cision            <\/p>\n<p>Cette publication n&#8217;est pas (encore) disponible.      <\/p>\n<p>Document PDF ECLI:BE:CABRL:2022:ARR.20221207.2\n       <\/p>\n<p>            Publication(s) li\u00e9e(s)              <\/p>\n<p>pr\u00e9c\u00e9d\u00e9 par:<\/p>\n<p>ECLI:BE:GBAPD:2022:DEC.20220404.1         <\/p>\n<p>&nbsp;<\/p>\n<p>ECLI:BE:GBAPD:2022:DEC.20220404.2         <\/p>\n<p>        <!-- Commandes de navigation page d\u00e9tail--> <\/p>\n<p>                  Imprimer cette page<br \/>\n          &nbsp; <\/p>\n<p>          Taille d&#8217;impression          <\/p>\n<p>            S<br \/>\n            M<br \/>\n            L<br \/>\n            XL<\/p>\n<p>          &nbsp; <\/p>\n<p>                  Nouvelle recherche JUPORTAL<br \/>\n          &nbsp; <\/p>\n<p>                  Fermer l&#8217;onglet          <\/p>\n<p>        <!-- Fin commandes de navigation page d\u00e9tail --><\/p>\n<p><!-- Action LOG \nfunction JUPORTARecordLogViewDecision  $iubel_id        : 281705\n                                       $action_type     : VIEW\n                                      &amp;$action_startmt  : 1776199301.0969\n                                      &amp;$action_duration : 114\n                                      &amp;$addressipremote : 103.115.10.116\n                                      &amp;$latitude        : null\n                                      &amp;$longitude       : null\n                                      &amp;$accuracy        : null\n                                      &amp;$altitude        : null\n                                      &amp;$langue_view     : FR\n--><br \/>\n<!-- Action_duration 114 millisec --><br \/>\n      <!-- end of main block (division \"content\") --><\/p>\n<p>    <!-- end of division \"page_main\" --><\/p>\n<p>              &#9993; info-JUPORTAL@just.fgov.be<\/p>\n<p>              &copy;&nbsp; 2017-2026&nbsp;Service ICT &#8212; SPF Justice<\/p>\n<p>  <!-- end of division \"conteneur\" --><\/p>\n<p>  <!-- Balloon system info --><\/p>\n<p>\n          Powered by PHP 8.5.0\n      <\/p>\n<p>\n          Server Software Apache\/2.4.66\n      <\/p>\n<p>\n          == Fluctuat nec mergitur ==\n      <\/p>\n<p>  <!-- Balloon system info --><br \/>\n          <!-- BalloonObjectPrepa Start --><br \/>\n          <!-- BalloonObjectPrepa End --><\/div>\n<hr class=\"kji-sep\" \/>\n<p class=\"kji-source-links\"><strong>Sources officielles :<\/strong> <a class=\"kji-source-link\" href=\"https:\/\/juportal.be\/content\/ECLI:BE:CABRL:2022:ARR.20221207.2\/FR\" target=\"_blank\" rel=\"noopener noreferrer\">consulter la page source<\/a><\/p>\n<p class=\"kji-license-note\"><em>JUPORTAL. L avertissement officiel du portail precise qu il n existe pas de droit d auteur sur les arrets et jugements.<\/em><\/p>\n<\/div>\n","protected":false},"excerpt":{"rendered":"<p>JUPORTAL Base de donn\u00e9es publique de la jurisprudence belge Imprimer cette page Taille d&#8217;impression S M L XL Nouvelle recherche JUPORTAL Fermer l&#8217;onglet Cour d&#8217;appel de Bruxelles Jugement\/arr\u00eat du 07 d\u00e9cembre 2022 No ECLI: ECLI:BE:CABRL:2022:ARR.20221207.2 No R\u00f4le: 2022\/AR\/556 Domaine juridique: Droit civil Date d&#8217;introduction: 2025-03-26 Consultations: 96 &#8212; derni\u00e8re vue 2026-04-14 22:24 Fiche LA COUR, Statuant contradictoirement, Dit Ie recours&#8230;<\/p>\n","protected":false},"featured_media":0,"template":"","meta":{"_crdt_document":""},"kji_country":[7731],"kji_court":[32602],"kji_chamber":[],"kji_year":[32183],"kji_subject":[7612],"kji_keyword":[24607,7734,24608,8599,13496],"kji_language":[7733],"class_list":["post-651892","kji_decision","type-kji_decision","status-publish","hentry","kji_country-belgique","kji_court-eclibecabrl2022arr-20221207-2","kji_year-32183","kji_subject-fiscal","kji_keyword-cabrl","kji_keyword-donnees","kji_keyword-juportal","kji_keyword-numero","kji_keyword-protection","kji_language-francais"],"yoast_head":"<!-- This site is optimized with the Yoast SEO Premium plugin v27.4 (Yoast SEO v27.4) - https:\/\/yoast.com\/product\/yoast-seo-premium-wordpress\/ -->\n<title>ECLI:BE:CABRL:2022:ARR.20221207.2 - Ma\u00eetre Hassan Kohen, avocat en droit p\u00e9nal \u00e0 Paris<\/title>\n<meta name=\"robots\" content=\"index, follow, max-snippet:-1, max-image-preview:large, max-video-preview:-1\" \/>\n<link rel=\"canonical\" href=\"https:\/\/kohenavocats.com\/ru\/jurisprudences\/eclibecabrl2022arr-20221207-2\/\" \/>\n<meta property=\"og:locale\" content=\"ru_RU\" \/>\n<meta property=\"og:type\" content=\"article\" \/>\n<meta property=\"og:title\" content=\"ECLI:BE:CABRL:2022:ARR.20221207.2\" \/>\n<meta property=\"og:description\" content=\"JUPORTAL Base de donn\u00e9es publique de la jurisprudence belge Imprimer cette page Taille d&#039;impression S M L XL Nouvelle recherche JUPORTAL Fermer l&#039;onglet Cour d&#039;appel de Bruxelles Jugement\/arr\u00eat du 07 d\u00e9cembre 2022 No ECLI: ECLI:BE:CABRL:2022:ARR.20221207.2 No R\u00f4le: 2022\/AR\/556 Domaine juridique: Droit civil Date d&#039;introduction: 2025-03-26 Consultations: 96 - derni\u00e8re vue 2026-04-14 22:24 Fiche LA COUR, Statuant contradictoirement, Dit Ie recours...\" \/>\n<meta property=\"og:url\" content=\"https:\/\/kohenavocats.com\/ru\/jurisprudences\/eclibecabrl2022arr-20221207-2\/\" \/>\n<meta property=\"og:site_name\" content=\"Ma\u00eetre Hassan Kohen, avocat en droit p\u00e9nal \u00e0 Paris\" \/>\n<meta name=\"twitter:card\" content=\"summary_large_image\" \/>\n<meta name=\"twitter:label1\" content=\"\u041f\u0440\u0438\u043c\u0435\u0440\u043d\u043e\u0435 \u0432\u0440\u0435\u043c\u044f \u0434\u043b\u044f \u0447\u0442\u0435\u043d\u0438\u044f\" \/>\n\t<meta name=\"twitter:data1\" content=\"2 \u043c\u0438\u043d\u0443\u0442\u044b\" \/>\n<script type=\"application\/ld+json\" class=\"yoast-schema-graph\">{\"@context\":\"https:\\\/\\\/schema.org\",\"@graph\":[{\"@type\":\"WebPage\",\"@id\":\"https:\\\/\\\/kohenavocats.com\\\/ru\\\/jurisprudences\\\/eclibecabrl2022arr-20221207-2\\\/\",\"url\":\"https:\\\/\\\/kohenavocats.com\\\/ru\\\/jurisprudences\\\/eclibecabrl2022arr-20221207-2\\\/\",\"name\":\"ECLI:BE:CABRL:2022:ARR.20221207.2 - Ma\u00eetre Hassan Kohen, avocat en droit p\u00e9nal \u00e0 Paris\",\"isPartOf\":{\"@id\":\"https:\\\/\\\/kohenavocats.com\\\/ru\\\/#website\"},\"datePublished\":\"2026-04-22T19:58:08+00:00\",\"breadcrumb\":{\"@id\":\"https:\\\/\\\/kohenavocats.com\\\/ru\\\/jurisprudences\\\/eclibecabrl2022arr-20221207-2\\\/#breadcrumb\"},\"inLanguage\":\"ru-RU\",\"potentialAction\":[{\"@type\":\"ReadAction\",\"target\":[\"https:\\\/\\\/kohenavocats.com\\\/ru\\\/jurisprudences\\\/eclibecabrl2022arr-20221207-2\\\/\"]}]},{\"@type\":\"BreadcrumbList\",\"@id\":\"https:\\\/\\\/kohenavocats.com\\\/ru\\\/jurisprudences\\\/eclibecabrl2022arr-20221207-2\\\/#breadcrumb\",\"itemListElement\":[{\"@type\":\"ListItem\",\"position\":1,\"name\":\"Home\",\"item\":\"https:\\\/\\\/kohenavocats.com\\\/ru\\\/avocats-en-droit-penal-a-paris-conseil-et-defense-strategique\\\/\"},{\"@type\":\"ListItem\",\"position\":2,\"name\":\"Jurisprudences\",\"item\":\"https:\\\/\\\/kohenavocats.com\\\/ru\\\/jurisprudences\\\/\"},{\"@type\":\"ListItem\",\"position\":3,\"name\":\"ECLI:BE:CABRL:2022:ARR.20221207.2\"}]},{\"@type\":\"WebSite\",\"@id\":\"https:\\\/\\\/kohenavocats.com\\\/ru\\\/#website\",\"url\":\"https:\\\/\\\/kohenavocats.com\\\/ru\\\/\",\"name\":\"Kohen Avocats\",\"description\":\"Ma\u00eetre Hassan Kohen, avocat p\u00e9naliste \u00e0 Paris, intervient exclusivement en droit p\u00e9nal pour la d\u00e9fense des particuliers, notamment en mati\u00e8re d\u2019accusations de viol. Il assure un accompagnement rigoureux d\u00e8s la garde \u00e0 vue jusqu\u2019\u00e0 la Cour d\u2019assises, veillant au strict respect des garanties proc\u00e9durales.\",\"publisher\":{\"@id\":\"https:\\\/\\\/kohenavocats.com\\\/ru\\\/#organization\"},\"potentialAction\":[{\"@type\":\"SearchAction\",\"target\":{\"@type\":\"EntryPoint\",\"urlTemplate\":\"https:\\\/\\\/kohenavocats.com\\\/ru\\\/?s={search_term_string}\"},\"query-input\":{\"@type\":\"PropertyValueSpecification\",\"valueRequired\":true,\"valueName\":\"search_term_string\"}}],\"inLanguage\":\"ru-RU\"},{\"@type\":\"Organization\",\"@id\":\"https:\\\/\\\/kohenavocats.com\\\/ru\\\/#organization\",\"name\":\"Kohen Avocats\",\"url\":\"https:\\\/\\\/kohenavocats.com\\\/ru\\\/\",\"logo\":{\"@type\":\"ImageObject\",\"inLanguage\":\"ru-RU\",\"@id\":\"https:\\\/\\\/kohenavocats.com\\\/ru\\\/#\\\/schema\\\/logo\\\/image\\\/\",\"url\":\"https:\\\/\\\/kohenavocats.com\\\/wp-content\\\/uploads\\\/2026\\\/01\\\/Logo-2-1.webp\",\"contentUrl\":\"https:\\\/\\\/kohenavocats.com\\\/wp-content\\\/uploads\\\/2026\\\/01\\\/Logo-2-1.webp\",\"width\":2114,\"height\":1253,\"caption\":\"Kohen Avocats\"},\"image\":{\"@id\":\"https:\\\/\\\/kohenavocats.com\\\/ru\\\/#\\\/schema\\\/logo\\\/image\\\/\"}}]}<\/script>\n<!-- \/ Yoast SEO Premium plugin. -->","yoast_head_json":{"title":"ECLI:BE:CABRL:2022:ARR.20221207.2 - Ma\u00eetre Hassan Kohen, avocat en droit p\u00e9nal \u00e0 Paris","robots":{"index":"index","follow":"follow","max-snippet":"max-snippet:-1","max-image-preview":"max-image-preview:large","max-video-preview":"max-video-preview:-1"},"canonical":"https:\/\/kohenavocats.com\/ru\/jurisprudences\/eclibecabrl2022arr-20221207-2\/","og_locale":"ru_RU","og_type":"article","og_title":"ECLI:BE:CABRL:2022:ARR.20221207.2","og_description":"JUPORTAL Base de donn\u00e9es publique de la jurisprudence belge Imprimer cette page Taille d'impression S M L XL Nouvelle recherche JUPORTAL Fermer l'onglet Cour d'appel de Bruxelles Jugement\/arr\u00eat du 07 d\u00e9cembre 2022 No ECLI: ECLI:BE:CABRL:2022:ARR.20221207.2 No R\u00f4le: 2022\/AR\/556 Domaine juridique: Droit civil Date d'introduction: 2025-03-26 Consultations: 96 - derni\u00e8re vue 2026-04-14 22:24 Fiche LA COUR, Statuant contradictoirement, Dit Ie recours...","og_url":"https:\/\/kohenavocats.com\/ru\/jurisprudences\/eclibecabrl2022arr-20221207-2\/","og_site_name":"Ma\u00eetre Hassan Kohen, avocat en droit p\u00e9nal \u00e0 Paris","twitter_card":"summary_large_image","twitter_misc":{"\u041f\u0440\u0438\u043c\u0435\u0440\u043d\u043e\u0435 \u0432\u0440\u0435\u043c\u044f \u0434\u043b\u044f \u0447\u0442\u0435\u043d\u0438\u044f":"2 \u043c\u0438\u043d\u0443\u0442\u044b"},"schema":{"@context":"https:\/\/schema.org","@graph":[{"@type":"WebPage","@id":"https:\/\/kohenavocats.com\/ru\/jurisprudences\/eclibecabrl2022arr-20221207-2\/","url":"https:\/\/kohenavocats.com\/ru\/jurisprudences\/eclibecabrl2022arr-20221207-2\/","name":"ECLI:BE:CABRL:2022:ARR.20221207.2 - Ma\u00eetre Hassan Kohen, avocat en droit p\u00e9nal \u00e0 Paris","isPartOf":{"@id":"https:\/\/kohenavocats.com\/ru\/#website"},"datePublished":"2026-04-22T19:58:08+00:00","breadcrumb":{"@id":"https:\/\/kohenavocats.com\/ru\/jurisprudences\/eclibecabrl2022arr-20221207-2\/#breadcrumb"},"inLanguage":"ru-RU","potentialAction":[{"@type":"ReadAction","target":["https:\/\/kohenavocats.com\/ru\/jurisprudences\/eclibecabrl2022arr-20221207-2\/"]}]},{"@type":"BreadcrumbList","@id":"https:\/\/kohenavocats.com\/ru\/jurisprudences\/eclibecabrl2022arr-20221207-2\/#breadcrumb","itemListElement":[{"@type":"ListItem","position":1,"name":"Home","item":"https:\/\/kohenavocats.com\/ru\/avocats-en-droit-penal-a-paris-conseil-et-defense-strategique\/"},{"@type":"ListItem","position":2,"name":"Jurisprudences","item":"https:\/\/kohenavocats.com\/ru\/jurisprudences\/"},{"@type":"ListItem","position":3,"name":"ECLI:BE:CABRL:2022:ARR.20221207.2"}]},{"@type":"WebSite","@id":"https:\/\/kohenavocats.com\/ru\/#website","url":"https:\/\/kohenavocats.com\/ru\/","name":"Kohen Avocats","description":"Ma\u00eetre Hassan Kohen, avocat p\u00e9naliste \u00e0 Paris, intervient exclusivement en droit p\u00e9nal pour la d\u00e9fense des particuliers, notamment en mati\u00e8re d\u2019accusations de viol. Il assure un accompagnement rigoureux d\u00e8s la garde \u00e0 vue jusqu\u2019\u00e0 la Cour d\u2019assises, veillant au strict respect des garanties proc\u00e9durales.","publisher":{"@id":"https:\/\/kohenavocats.com\/ru\/#organization"},"potentialAction":[{"@type":"SearchAction","target":{"@type":"EntryPoint","urlTemplate":"https:\/\/kohenavocats.com\/ru\/?s={search_term_string}"},"query-input":{"@type":"PropertyValueSpecification","valueRequired":true,"valueName":"search_term_string"}}],"inLanguage":"ru-RU"},{"@type":"Organization","@id":"https:\/\/kohenavocats.com\/ru\/#organization","name":"Kohen Avocats","url":"https:\/\/kohenavocats.com\/ru\/","logo":{"@type":"ImageObject","inLanguage":"ru-RU","@id":"https:\/\/kohenavocats.com\/ru\/#\/schema\/logo\/image\/","url":"https:\/\/kohenavocats.com\/wp-content\/uploads\/2026\/01\/Logo-2-1.webp","contentUrl":"https:\/\/kohenavocats.com\/wp-content\/uploads\/2026\/01\/Logo-2-1.webp","width":2114,"height":1253,"caption":"Kohen Avocats"},"image":{"@id":"https:\/\/kohenavocats.com\/ru\/#\/schema\/logo\/image\/"}}]}},"jetpack_likes_enabled":false,"jetpack_sharing_enabled":true,"_links":{"self":[{"href":"https:\/\/kohenavocats.com\/ru\/wp-json\/wp\/v2\/kji_decision\/651892","targetHints":{"allow":["GET"]}}],"collection":[{"href":"https:\/\/kohenavocats.com\/ru\/wp-json\/wp\/v2\/kji_decision"}],"about":[{"href":"https:\/\/kohenavocats.com\/ru\/wp-json\/wp\/v2\/types\/kji_decision"}],"wp:attachment":[{"href":"https:\/\/kohenavocats.com\/ru\/wp-json\/wp\/v2\/media?parent=651892"}],"wp:term":[{"taxonomy":"kji_country","embeddable":true,"href":"https:\/\/kohenavocats.com\/ru\/wp-json\/wp\/v2\/kji_country?post=651892"},{"taxonomy":"kji_court","embeddable":true,"href":"https:\/\/kohenavocats.com\/ru\/wp-json\/wp\/v2\/kji_court?post=651892"},{"taxonomy":"kji_chamber","embeddable":true,"href":"https:\/\/kohenavocats.com\/ru\/wp-json\/wp\/v2\/kji_chamber?post=651892"},{"taxonomy":"kji_year","embeddable":true,"href":"https:\/\/kohenavocats.com\/ru\/wp-json\/wp\/v2\/kji_year?post=651892"},{"taxonomy":"kji_subject","embeddable":true,"href":"https:\/\/kohenavocats.com\/ru\/wp-json\/wp\/v2\/kji_subject?post=651892"},{"taxonomy":"kji_keyword","embeddable":true,"href":"https:\/\/kohenavocats.com\/ru\/wp-json\/wp\/v2\/kji_keyword?post=651892"},{"taxonomy":"kji_language","embeddable":true,"href":"https:\/\/kohenavocats.com\/ru\/wp-json\/wp\/v2\/kji_language?post=651892"}],"curies":[{"name":"wp","href":"https:\/\/api.w.org\/{rel}","templated":true}]}}