{"id":652337,"date":"2026-04-22T23:05:05","date_gmt":"2026-04-22T21:05:05","guid":{"rendered":"https:\/\/kohenavocats.com\/jurisprudences\/eclinlgharl20258721-gerechtshof-arnhem-leeuwarden-16-10-2025-p2590-2\/"},"modified":"2026-04-22T23:05:05","modified_gmt":"2026-04-22T21:05:05","slug":"eclinlgharl20258721-gerechtshof-arnhem-leeuwarden-16-10-2025-p2590-2","status":"publish","type":"kji_decision","link":"https:\/\/kohenavocats.com\/ru\/jurisprudences\/eclinlgharl20258721-gerechtshof-arnhem-leeuwarden-16-10-2025-p2590-2\/","title":{"rendered":"ECLI:NL:GHARL:2025:8721 Gerechtshof Arnhem-Leeuwarden , 16-10-2025 \/ P25\\90"},"content":{"rendered":"<div class=\"kji-decision\">\n<div class=\"kji-full-text\">\n<p><strong>Inhoudsindicatie.<\/strong> Vervolg op tussenbeslissing van 3 juli 2025.<\/p>\n<p><strong>Inhoudsindicatie.<\/strong> Afwijzing vordering tot het alsnog afgeven van een bevel tot verpleging van overheidswege. Voortzetting terbeschikkingstelling met voorwaarden onder aanpassing van voorwaarden, te weten toevoeging van het meewerken aan klinische opname bij FPA Den Haag, of andere soortgelijke instelling, ook als dat overbruggingszorg inhoudt.<\/p>\n<p><strong>Inhoudsindicatie.<\/strong> Het hof acht voortzetting toereikend in het licht van de veiligheid van anderen, dan wel de algemene veiligheid van personen waarbij het hof in het bijzonder de kans op recidive van een soortgelijk delict als het indexdelict en het belang van (het karakter van verdere) behandeling in aanmerking heeft genomen.<\/p>\n<p>TBS P25\/90<\/p>\n<p>Beslissing van 16 oktober 2025<\/p>\n<p>De kamer van het hof als bedoeld in artikel 67 van de Wet op de rechterlijke organisatie heeft te beslissen op het beroep van<\/p>\n<p>[terbeschikkinggestelde]<br \/>\n ,<\/p>\n<p>geboren te [geboorteplaats] op [geboortedag] 1993,<\/p>\n<p>verblijvende in [P.I.] , [locatie] , Huis van Bewaring, verder te noemen: de terbeschikkinggestelde.<\/p>\n<p>Het beroep is ingesteld tegen de beslissing van de rechtbank Limburg, zittingsplaats Roermond, van 6 maart 2025. Deze beslissing houdt in het bevel dat de terbeschikkinggestelde alsnog van overheidswege zal worden verpleegd.<\/p>\n<p>Het hof heeft gelet op dezelfde stukken als de rechtbank en op de stukken genoemd in de tussenbeslissing van 3 juli 2025 en daarnaast op:<\/p>\n<p>het Pro Justitia-rapport van 3 juli 2025, opgemaakt door [psychiater] ;<\/p>\n<p>het aanvullend advies van Verslavingsreclassering GGZ van 16 september 2025.<\/p>\n<p>Het hof heeft ter zitting van 2 oktober 2025 gehoord de advocaat-generaal, mr. R.J.A. Segerink, en de terbeschikkinggestelde, bijgestaan door haar raadsman, mr. H.J.M. Nijenhuis, advocaat te Nijmegen.<\/p>\n<p>Het hof heeft ter zitting tevens als deskundige gehoord mevrouw [medewerker] , reclasseringswerker.<\/p>\n<h3>Overwegingen<\/h3>\n<p>Procesverloop<\/p>\n<p>Op 3 juli 2025 heeft het hof een tussenbeslissing gewezen. Nu de terbeschikkinggestelde op de zitting van 19 juni 2025 heeft verklaard in te stemmen met een langdurige klinische opname en de reclassering heeft aangegeven in dat geval nog mogelijkheden te zien voor voortzetting van de terbeschikkingstelling met voorwaarden, heeft het hof het noodzakelijk geacht nader te worden ge\u00efnformeerd over de (on)mogelijkheden van voortzetting van de maatregel terbeschikkingstelling met voorwaarden, zo nodig onder aanvulling of wijziging van de voorwaarden. De advocaat-generaal is verzocht zorg te dragen voor deze informatie.<\/p>\n<p>Pro Justitia rapportage van psychiater Morre van 3 juli 2025<\/p>\n<p>Het rapport van [psychiater] is opgemaakt in het kader van de thans bij de rechtbank aan de orde zijnde verlengingsprocedure en ziet slechts op het al dan niet verlengen van de terbeschikkingstelling met voorwaarden. De psychiater heeft zich niet gebogen over de wenselijkheid van de omzetting in een terbeschikkingstelling met een bevel tot verpleging van overheidswege. De psychiater heeft wel aangegeven dat de aard van de (enige actuele) stoornis van de terbeschikkinggestelde maakt dat haar bij voorkeur een behandeling dient te worden geboden binnen een ambulant behandelkader, mits dit uiteraard verantwoord wordt geacht.<\/p>\n<p>Het advies van Verslavingsreclassering GGZ van 16 september 2025<\/p>\n<p>De reclassering heeft geconcludeerd dat de ambulante behandeling tot op heden niet heeft geleid tot gedragsverandering en recidivevermindering. Hoewel er ondersteuning werd ingezet op verschillende leefgebieden, bleef bij de terbeschikkinggestelde de stress oplopen en bleef zij regelmatig alcohol drinken om met deze stress om te gaan. Binnen een klinische behandeling dient nog gewerkt te worden aan het vergroten van haar copingvaardigheden en dient er aandacht te zijn voor haar verslavingsproblematiek. De reclassering adviseert de terbeschikkingstelling met voorwaarden voort te zetten met een wijziging van de voorwaarden in die zin dat een klinische opname in een zorginstelling aan de voorwaarden wordt toegevoegd.<\/p>\n<p>Het standpunt van deskundige [medewerker]<\/p>\n<p>De deskundige heeft ter zitting verklaard dat een ambulante behandeling niet voldoende is geweest. De terbeschikkinggestelde is geaccepteerd door [forensisch zorg] . Zij denken over ongeveer zes weken een plek te hebben voor de terbeschikkinggestelde, maar kunnen daar geen garanties voor geven. DIZ heeft aangegeven twee weken nodig te hebben om een overbruggingsplek voor de terbeschikkinggestelde te kunnen regelen.<\/p>\n<p>Het advies van de reclassering is de vordering tot het alsnog afgeven van een bevel tot verpleging van overheidswege af te wijzen en de terbeschikkingstelling met voorwaarden voort te zetten met als aanvullende voorwaarde een klinische opname bij [forensisch zorg] dan wel, als daar niet direct plek is, een overbruggingsplek.<\/p>\n<p>Het standpunt van de terbeschikkinggestelde<\/p>\n<p>De terbeschikkinggestelde heeft aangegeven mee te willen werken aan een langdurige klinische behandeling. De raadsman heeft verzocht het voorstel van de advocaat-generaal, inhoudende dat de vordering tot alsnog verpleging van overheidswege wordt afgewezen en de terbeschikkingstelling met voorwaarden onder wijziging van voorwaarden wordt voortgezet, te volgen.<\/p>\n<p>Het standpunt van het openbaar ministerie<\/p>\n<p>De advocaat-generaal heeft verzocht de beslissing van de rechtbank te vernietigen, de vordering van de officier van justitie af te wijzen en de voorwaarden zoals verbonden aan de terbeschikkingstelling te wijzigen in die zin dat als voorwaarde wordt toegevoegd dat de terbeschikkinggestelde wordt opgenomen in [forensisch zorg] of een soortgelijke instelling en dat zij verblijft bij een overbruggingsplek indien [forensisch zorg] niet direct beschikbaar is, totdat zij kan worden doorgeleid naar de juiste instelling.<\/p>\n<p>Het oordeel van het hof<\/p>\n<p>Vernietiging<\/p>\n<p>Het hof zal de beslissing waarvan beroep vernietigen, omdat het om de hierna te melden redenen tot een andere beslissing komt.<\/p>\n<p>Vordering alsnog verplegen van overheidswege<\/p>\n<p>Volgens artikel 6:6:10, eerste lid, aanhef en onder 2, van het Wetboek van Strafvordering kan de rechter bevelen dat een terbeschikkinggestelde alsnog van overheidswege zal worden verpleegd. Dat is mogelijk als een gestelde voorwaarde niet wordt nageleefd of anderszins het belang van de veiligheid van anderen dan wel de algemene veiligheid van personen of goederen dat eist.<\/p>\n<p>Vaststaat dat de terbeschikkinggestelde aan de terbeschikkingstelling verbonden voorwaarden heeft overtreden. De terbeschikkinggestelde is teruggevallen in alcoholgebruik, heeft de klinische behandeling voortijdig be\u00ebindigd en heeft eenzijdig het contact met de reclassering verbroken.<\/p>\n<p>De terbeschikkinggestelde heeft zich echter bereid verklaard in te stemmen met een langdurige klinische opname en de reclassering heeft aangegeven dat zij in dat geval nog mogelijkheden zien voor voortzetting van de terbeschikkingstelling met voorwaarden. De terbeschikkinggestelde is geaccepteerd door [forensisch zorg] en kan daar waarschijnlijk over zes weken worden opgenomen. DIZ heeft aangegeven een overbruggingsplek voor de terbeschikkinggestelde te kunnen regelen tot het moment dat zij naar [forensisch zorg] kan worden doorgeleid.<\/p>\n<p>Gelet hierop ziet het hof aanleiding om de terbeschikkingstelling met voorwaarden voort te zetten, onder aanpassing van de eerder opgelegde voorwaarden als na te melden. Voortzetting acht het hof toereikend in het licht van de veiligheid van anderen, dan wel de algemene veiligheid van personen waarbij het hof in het bijzonder de kans op recidive van een soortgelijk delict als het indexdelict en het belang van (het karakter van verdere) behandeling in aanmerking heeft genomen.<\/p>\n<p>Aanvulling van de voorwaarden<\/p>\n<p>Gelet op het advies van de reclassering en overeenkomstig het verzoek van de advocaat-generaal zal het hof de voorwaarden die zijn verbonden aan de terbeschikkingstelling met voorwaarden wijzigen in die zin dat als voorwaarde wordt toegevoegd het meewerken aan een klinische opname bij [forensisch zorg] , of andere soortgelijke zorginstelling, ook als dat overbruggingszorg inhoudt.<\/p>\n<p>De terbeschikkinggestelde heeft aangegeven met de wijziging van deze voorwaarden in te stemmen en deze te zullen naleven.<\/p>\n<h3>BESLISSING<\/h3>\n<p>Het hof:<\/p>\n<p>Vernietigt de beslissing van de rechtbank Limburg, zittingsplaats Roermond, van 6 maart 2025 met betrekking tot de terbeschikkinggestelde, [terbeschikkinggestelde].<\/p>\n<p>Wijst af de vordering van het openbaar ministerie.<\/p>\n<p>Wijzigt de aan de terbeschikkinggestelde opgelegde voorwaarden, verbonden aan de terbeschikkingstelling, zoals opgenomen in het arrest van het gerechtshof \u2019s-Hertogenbosch van 1 november 2023, en de wijzigingen zoals opgenomen in de beslissing van de rechtbank Limburg, zittingsplaats Roermond, van 23 september 2024 in die zin dat als voorwaarde wordt toegevoegd dat de terbeschikkinggestelde:<\/p>\n<p>&#8212; zich laat opnemen en behandelen in zorginstelling [forensisch zorg] of een soortgelijke zorginstelling, ook als dit overbruggingszorg inhoudt, te bepalen door de justiti\u00eble instantie die verantwoordelijk is voor plaatsing. De opname duurt zolang de reclassering dat nodig vindt. Veroordeelde houdt zich aan de huisregels en de aanwijzingen die de zorginstelling geeft voor de behandeling. Gelet op de problematiek kan hieronder ook het innemen van medicijnen vallen, als de zorginstelling dat nodig vindt. Als de reclassering een overgang naar ambulante zorg, begeleid wonen of maatschappelijke opvang gewenst vindt, werkt veroordeelde mee aan de indicatiestelling en plaatsing.<\/p>\n<p>Aldus gedaan door<\/p>\n<p>mr. M. Keppels, voorzitter,<\/p>\n<p>mr. W.A. Holland en mr. P.C. Vegter, raadsheren,<\/p>\n<p>en drs. I.E. Troost en dr. E.L.M. Klein Haneveld, raden,<\/p>\n<p>in tegenwoordigheid van mr. N.D. Mavus-ten Elshof, griffier,<\/p>\n<p>en op 16 oktober 2025 in het openbaar uitgesproken.<\/p>\n<p>Mr. P.C. Vegter en de raden zijn buiten staat deze beslissing mede te ondertekenen.<\/p>\n<\/div>\n<hr class=\"kji-sep\" \/>\n<p class=\"kji-source-links\"><strong>Sources officielles :<\/strong> <a class=\"kji-source-link\" href=\"http:\/\/deeplink.rechtspraak.nl\/uitspraak?id=ECLI:NL:GHARL:2025:8721\" target=\"_blank\" rel=\"noopener noreferrer\">consulter la page source<\/a><\/p>\n<p class=\"kji-license-note\"><em>Rechtspraak.nl open data, Creative Commons Zero. Volume cible 1.8M decisions.<\/em><\/p>\n<\/div>\n","protected":false},"excerpt":{"rendered":"<p>Vervolg op tussenbeslissing van 3 juli 2025. Afwijzing vordering tot het alsnog afgeven van een bevel tot verpleging van overheidswege. Voortzetting terbeschikkingstelling met voorwaarden onder aanpassing van voorwaarden, te weten toevoeging van het meewerken aan klinische opname bij FPA Den Haag, of andere soortgelijke instelling, ook als dat overbruggingszorg inhoudt. Het hof acht voortzett&#8230;<\/p>\n","protected":false},"featured_media":0,"template":"","meta":{"_crdt_document":""},"kji_country":[7669],"kji_court":[8134],"kji_chamber":[],"kji_year":[8463],"kji_subject":[7646],"kji_keyword":[8137,8136,8135,20123,12713],"kji_language":[7671],"class_list":["post-652337","kji_decision","type-kji_decision","status-publish","hentry","kji_country-pays-bas","kji_court-gerechtshof-arnhem-leeuwarden","kji_year-8463","kji_subject-divers","kji_keyword-arnhem-leeuwarden","kji_keyword-gerechtshof","kji_keyword-gharl","kji_keyword-tussenbeslissing","kji_keyword-vervolg","kji_language-nl"],"yoast_head":"<!-- This site is optimized with the Yoast SEO Premium plugin v27.5 (Yoast SEO v27.5) - https:\/\/yoast.com\/product\/yoast-seo-premium-wordpress\/ -->\n<title>ECLI:NL:GHARL:2025:8721 Gerechtshof Arnhem-Leeuwarden , 16-10-2025 \/ P25\\90 - Ma\u00eetre Hassan Kohen, avocat en droit p\u00e9nal \u00e0 Paris<\/title>\n<meta name=\"robots\" content=\"index, follow, max-snippet:-1, max-image-preview:large, max-video-preview:-1\" \/>\n<link rel=\"canonical\" href=\"https:\/\/kohenavocats.com\/ru\/jurisprudences\/eclinlgharl20258721-gerechtshof-arnhem-leeuwarden-16-10-2025-p2590-2\/\" \/>\n<meta property=\"og:locale\" content=\"ru_RU\" \/>\n<meta property=\"og:type\" content=\"article\" \/>\n<meta property=\"og:title\" content=\"ECLI:NL:GHARL:2025:8721 Gerechtshof Arnhem-Leeuwarden , 16-10-2025 \/ P25\\90\" \/>\n<meta property=\"og:description\" content=\"Vervolg op tussenbeslissing van 3 juli 2025. Afwijzing vordering tot het alsnog afgeven van een bevel tot verpleging van overheidswege. Voortzetting terbeschikkingstelling met voorwaarden onder aanpassing van voorwaarden, te weten toevoeging van het meewerken aan klinische opname bij FPA Den Haag, of andere soortgelijke instelling, ook als dat overbruggingszorg inhoudt. Het hof acht voortzett...\" \/>\n<meta property=\"og:url\" content=\"https:\/\/kohenavocats.com\/ru\/jurisprudences\/eclinlgharl20258721-gerechtshof-arnhem-leeuwarden-16-10-2025-p2590-2\/\" \/>\n<meta property=\"og:site_name\" content=\"Ma\u00eetre Hassan Kohen, avocat en droit p\u00e9nal \u00e0 Paris\" \/>\n<meta name=\"twitter:card\" content=\"summary_large_image\" \/>\n<meta name=\"twitter:label1\" content=\"\u041f\u0440\u0438\u043c\u0435\u0440\u043d\u043e\u0435 \u0432\u0440\u0435\u043c\u044f \u0434\u043b\u044f \u0447\u0442\u0435\u043d\u0438\u044f\" \/>\n\t<meta name=\"twitter:data1\" content=\"7 \u043c\u0438\u043d\u0443\u0442\" \/>\n<script type=\"application\/ld+json\" class=\"yoast-schema-graph\">{\"@context\":\"https:\\\/\\\/schema.org\",\"@graph\":[{\"@type\":\"WebPage\",\"@id\":\"https:\\\/\\\/kohenavocats.com\\\/ru\\\/jurisprudences\\\/eclinlgharl20258721-gerechtshof-arnhem-leeuwarden-16-10-2025-p2590-2\\\/\",\"url\":\"https:\\\/\\\/kohenavocats.com\\\/ru\\\/jurisprudences\\\/eclinlgharl20258721-gerechtshof-arnhem-leeuwarden-16-10-2025-p2590-2\\\/\",\"name\":\"ECLI:NL:GHARL:2025:8721 Gerechtshof Arnhem-Leeuwarden , 16-10-2025 \\\/ P25\\\\90 - Ma\u00eetre Hassan Kohen, avocat en droit p\u00e9nal \u00e0 Paris\",\"isPartOf\":{\"@id\":\"https:\\\/\\\/kohenavocats.com\\\/ru\\\/#website\"},\"datePublished\":\"2026-04-22T21:05:05+00:00\",\"breadcrumb\":{\"@id\":\"https:\\\/\\\/kohenavocats.com\\\/ru\\\/jurisprudences\\\/eclinlgharl20258721-gerechtshof-arnhem-leeuwarden-16-10-2025-p2590-2\\\/#breadcrumb\"},\"inLanguage\":\"ru-RU\",\"potentialAction\":[{\"@type\":\"ReadAction\",\"target\":[\"https:\\\/\\\/kohenavocats.com\\\/ru\\\/jurisprudences\\\/eclinlgharl20258721-gerechtshof-arnhem-leeuwarden-16-10-2025-p2590-2\\\/\"]}]},{\"@type\":\"BreadcrumbList\",\"@id\":\"https:\\\/\\\/kohenavocats.com\\\/ru\\\/jurisprudences\\\/eclinlgharl20258721-gerechtshof-arnhem-leeuwarden-16-10-2025-p2590-2\\\/#breadcrumb\",\"itemListElement\":[{\"@type\":\"ListItem\",\"position\":1,\"name\":\"Home\",\"item\":\"https:\\\/\\\/kohenavocats.com\\\/ru\\\/avocats-en-droit-penal-a-paris-conseil-et-defense-strategique\\\/\"},{\"@type\":\"ListItem\",\"position\":2,\"name\":\"Jurisprudences\",\"item\":\"https:\\\/\\\/kohenavocats.com\\\/ru\\\/jurisprudences\\\/\"},{\"@type\":\"ListItem\",\"position\":3,\"name\":\"ECLI:NL:GHARL:2025:8721 Gerechtshof Arnhem-Leeuwarden , 16-10-2025 \\\/ P25\\\\90\"}]},{\"@type\":\"WebSite\",\"@id\":\"https:\\\/\\\/kohenavocats.com\\\/ru\\\/#website\",\"url\":\"https:\\\/\\\/kohenavocats.com\\\/ru\\\/\",\"name\":\"Kohen Avocats\",\"description\":\"Ma\u00eetre Hassan Kohen, avocat p\u00e9naliste \u00e0 Paris, intervient exclusivement en droit p\u00e9nal pour la d\u00e9fense des particuliers, notamment en mati\u00e8re d\u2019accusations de viol. Il assure un accompagnement rigoureux d\u00e8s la garde \u00e0 vue jusqu\u2019\u00e0 la Cour d\u2019assises, veillant au strict respect des garanties proc\u00e9durales.\",\"publisher\":{\"@id\":\"https:\\\/\\\/kohenavocats.com\\\/ru\\\/#organization\"},\"potentialAction\":[{\"@type\":\"SearchAction\",\"target\":{\"@type\":\"EntryPoint\",\"urlTemplate\":\"https:\\\/\\\/kohenavocats.com\\\/ru\\\/?s={search_term_string}\"},\"query-input\":{\"@type\":\"PropertyValueSpecification\",\"valueRequired\":true,\"valueName\":\"search_term_string\"}}],\"inLanguage\":\"ru-RU\"},{\"@type\":\"Organization\",\"@id\":\"https:\\\/\\\/kohenavocats.com\\\/ru\\\/#organization\",\"name\":\"Kohen Avocats\",\"url\":\"https:\\\/\\\/kohenavocats.com\\\/ru\\\/\",\"logo\":{\"@type\":\"ImageObject\",\"inLanguage\":\"ru-RU\",\"@id\":\"https:\\\/\\\/kohenavocats.com\\\/ru\\\/#\\\/schema\\\/logo\\\/image\\\/\",\"url\":\"https:\\\/\\\/kohenavocats.com\\\/wp-content\\\/uploads\\\/2026\\\/01\\\/Logo-2-1.webp\",\"contentUrl\":\"https:\\\/\\\/kohenavocats.com\\\/wp-content\\\/uploads\\\/2026\\\/01\\\/Logo-2-1.webp\",\"width\":2114,\"height\":1253,\"caption\":\"Kohen Avocats\"},\"image\":{\"@id\":\"https:\\\/\\\/kohenavocats.com\\\/ru\\\/#\\\/schema\\\/logo\\\/image\\\/\"}}]}<\/script>\n<!-- \/ Yoast SEO Premium plugin. -->","yoast_head_json":{"title":"ECLI:NL:GHARL:2025:8721 Gerechtshof Arnhem-Leeuwarden , 16-10-2025 \/ P25\\90 - Ma\u00eetre Hassan Kohen, avocat en droit p\u00e9nal \u00e0 Paris","robots":{"index":"index","follow":"follow","max-snippet":"max-snippet:-1","max-image-preview":"max-image-preview:large","max-video-preview":"max-video-preview:-1"},"canonical":"https:\/\/kohenavocats.com\/ru\/jurisprudences\/eclinlgharl20258721-gerechtshof-arnhem-leeuwarden-16-10-2025-p2590-2\/","og_locale":"ru_RU","og_type":"article","og_title":"ECLI:NL:GHARL:2025:8721 Gerechtshof Arnhem-Leeuwarden , 16-10-2025 \/ P25\\90","og_description":"Vervolg op tussenbeslissing van 3 juli 2025. Afwijzing vordering tot het alsnog afgeven van een bevel tot verpleging van overheidswege. Voortzetting terbeschikkingstelling met voorwaarden onder aanpassing van voorwaarden, te weten toevoeging van het meewerken aan klinische opname bij FPA Den Haag, of andere soortgelijke instelling, ook als dat overbruggingszorg inhoudt. Het hof acht voortzett...","og_url":"https:\/\/kohenavocats.com\/ru\/jurisprudences\/eclinlgharl20258721-gerechtshof-arnhem-leeuwarden-16-10-2025-p2590-2\/","og_site_name":"Ma\u00eetre Hassan Kohen, avocat en droit p\u00e9nal \u00e0 Paris","twitter_card":"summary_large_image","twitter_misc":{"\u041f\u0440\u0438\u043c\u0435\u0440\u043d\u043e\u0435 \u0432\u0440\u0435\u043c\u044f \u0434\u043b\u044f \u0447\u0442\u0435\u043d\u0438\u044f":"7 \u043c\u0438\u043d\u0443\u0442"},"schema":{"@context":"https:\/\/schema.org","@graph":[{"@type":"WebPage","@id":"https:\/\/kohenavocats.com\/ru\/jurisprudences\/eclinlgharl20258721-gerechtshof-arnhem-leeuwarden-16-10-2025-p2590-2\/","url":"https:\/\/kohenavocats.com\/ru\/jurisprudences\/eclinlgharl20258721-gerechtshof-arnhem-leeuwarden-16-10-2025-p2590-2\/","name":"ECLI:NL:GHARL:2025:8721 Gerechtshof Arnhem-Leeuwarden , 16-10-2025 \/ P25\\90 - Ma\u00eetre Hassan Kohen, avocat en droit p\u00e9nal \u00e0 Paris","isPartOf":{"@id":"https:\/\/kohenavocats.com\/ru\/#website"},"datePublished":"2026-04-22T21:05:05+00:00","breadcrumb":{"@id":"https:\/\/kohenavocats.com\/ru\/jurisprudences\/eclinlgharl20258721-gerechtshof-arnhem-leeuwarden-16-10-2025-p2590-2\/#breadcrumb"},"inLanguage":"ru-RU","potentialAction":[{"@type":"ReadAction","target":["https:\/\/kohenavocats.com\/ru\/jurisprudences\/eclinlgharl20258721-gerechtshof-arnhem-leeuwarden-16-10-2025-p2590-2\/"]}]},{"@type":"BreadcrumbList","@id":"https:\/\/kohenavocats.com\/ru\/jurisprudences\/eclinlgharl20258721-gerechtshof-arnhem-leeuwarden-16-10-2025-p2590-2\/#breadcrumb","itemListElement":[{"@type":"ListItem","position":1,"name":"Home","item":"https:\/\/kohenavocats.com\/ru\/avocats-en-droit-penal-a-paris-conseil-et-defense-strategique\/"},{"@type":"ListItem","position":2,"name":"Jurisprudences","item":"https:\/\/kohenavocats.com\/ru\/jurisprudences\/"},{"@type":"ListItem","position":3,"name":"ECLI:NL:GHARL:2025:8721 Gerechtshof Arnhem-Leeuwarden , 16-10-2025 \/ P25\\90"}]},{"@type":"WebSite","@id":"https:\/\/kohenavocats.com\/ru\/#website","url":"https:\/\/kohenavocats.com\/ru\/","name":"Kohen Avocats","description":"Ma\u00eetre Hassan Kohen, avocat p\u00e9naliste \u00e0 Paris, intervient exclusivement en droit p\u00e9nal pour la d\u00e9fense des particuliers, notamment en mati\u00e8re d\u2019accusations de viol. Il assure un accompagnement rigoureux d\u00e8s la garde \u00e0 vue jusqu\u2019\u00e0 la Cour d\u2019assises, veillant au strict respect des garanties proc\u00e9durales.","publisher":{"@id":"https:\/\/kohenavocats.com\/ru\/#organization"},"potentialAction":[{"@type":"SearchAction","target":{"@type":"EntryPoint","urlTemplate":"https:\/\/kohenavocats.com\/ru\/?s={search_term_string}"},"query-input":{"@type":"PropertyValueSpecification","valueRequired":true,"valueName":"search_term_string"}}],"inLanguage":"ru-RU"},{"@type":"Organization","@id":"https:\/\/kohenavocats.com\/ru\/#organization","name":"Kohen Avocats","url":"https:\/\/kohenavocats.com\/ru\/","logo":{"@type":"ImageObject","inLanguage":"ru-RU","@id":"https:\/\/kohenavocats.com\/ru\/#\/schema\/logo\/image\/","url":"https:\/\/kohenavocats.com\/wp-content\/uploads\/2026\/01\/Logo-2-1.webp","contentUrl":"https:\/\/kohenavocats.com\/wp-content\/uploads\/2026\/01\/Logo-2-1.webp","width":2114,"height":1253,"caption":"Kohen Avocats"},"image":{"@id":"https:\/\/kohenavocats.com\/ru\/#\/schema\/logo\/image\/"}}]}},"jetpack_likes_enabled":false,"jetpack_sharing_enabled":true,"_links":{"self":[{"href":"https:\/\/kohenavocats.com\/ru\/wp-json\/wp\/v2\/kji_decision\/652337","targetHints":{"allow":["GET"]}}],"collection":[{"href":"https:\/\/kohenavocats.com\/ru\/wp-json\/wp\/v2\/kji_decision"}],"about":[{"href":"https:\/\/kohenavocats.com\/ru\/wp-json\/wp\/v2\/types\/kji_decision"}],"wp:attachment":[{"href":"https:\/\/kohenavocats.com\/ru\/wp-json\/wp\/v2\/media?parent=652337"}],"wp:term":[{"taxonomy":"kji_country","embeddable":true,"href":"https:\/\/kohenavocats.com\/ru\/wp-json\/wp\/v2\/kji_country?post=652337"},{"taxonomy":"kji_court","embeddable":true,"href":"https:\/\/kohenavocats.com\/ru\/wp-json\/wp\/v2\/kji_court?post=652337"},{"taxonomy":"kji_chamber","embeddable":true,"href":"https:\/\/kohenavocats.com\/ru\/wp-json\/wp\/v2\/kji_chamber?post=652337"},{"taxonomy":"kji_year","embeddable":true,"href":"https:\/\/kohenavocats.com\/ru\/wp-json\/wp\/v2\/kji_year?post=652337"},{"taxonomy":"kji_subject","embeddable":true,"href":"https:\/\/kohenavocats.com\/ru\/wp-json\/wp\/v2\/kji_subject?post=652337"},{"taxonomy":"kji_keyword","embeddable":true,"href":"https:\/\/kohenavocats.com\/ru\/wp-json\/wp\/v2\/kji_keyword?post=652337"},{"taxonomy":"kji_language","embeddable":true,"href":"https:\/\/kohenavocats.com\/ru\/wp-json\/wp\/v2\/kji_language?post=652337"}],"curies":[{"name":"wp","href":"https:\/\/api.w.org\/{rel}","templated":true}]}}