{"id":652509,"date":"2026-04-22T23:12:39","date_gmt":"2026-04-22T21:12:39","guid":{"rendered":"https:\/\/kohenavocats.com\/jurisprudences\/cour-superieure-de-justice-9-novembre-2022-n-2022-00985\/"},"modified":"2026-04-22T23:12:43","modified_gmt":"2026-04-22T21:12:43","slug":"cour-superieure-de-justice-9-novembre-2022-n-2022-00985","status":"publish","type":"kji_decision","link":"https:\/\/kohenavocats.com\/ru\/jurisprudences\/cour-superieure-de-justice-9-novembre-2022-n-2022-00985\/","title":{"rendered":"Cour sup\u00e9rieure de justice, 9 novembre 2022, n\u00b0 2022-00985"},"content":{"rendered":"<div class=\"kji-decision\">\n<div class=\"kji-full-text\">\n<p>Arr\u00eat N\u00b0208\/22 &#8212; I &#8212; VIOL. DOM.<\/p>\n<p>Arr\u00eat civil<\/p>\n<p>Audience publique du neuf novembre deux mille vingt-deux<\/p>\n<p>Num\u00e9ro CAL-2022- 00985 du r\u00f4le<\/p>\n<p>E n t r e :<\/p>\n<p>PERSONNE1.), n\u00e9e le DATE1.) \u00e0 ADRESSE1.) au Br\u00e9sil, demeurant \u00e0 L- ADRESSE1.),<\/p>\n<p>prise en son nom propre et en sa qualit\u00e9 d\u2019administratrice des biens et de la personne de sa fille mineure PERSONNE2.), n\u00e9e le DATE2.) \u00e0 ADRESSE2.), demeurant \u00e0 L- ADRESSE2.),<\/p>\n<p>appelante aux termes d\u2019une requ\u00eate d\u2019appel d\u00e9pos\u00e9e au greffe du tribunal d\u2019arrondissement de et \u00e0 Luxembourg le 10 octobre 2022, transmise \u00e0 la Cour d\u2019appel le 13 octobre 2022,<\/p>\n<p>repr\u00e9sent\u00e9e par Ma\u00eetre AVOCAT1.) , avocat \u00e0 la Cour, demeurant \u00e0 Luxembourg,<\/p>\n<p>e t :<\/p>\n<p>PERSONNE3.), n\u00e9 le DATE3.) \u00e0 ADRESSE3.) au Portugal, ayant suite \u00e0 son expulsion \u00e9lu domicile aupr\u00e8s de l\u2019 ADRESSE3.), L-ADRESSE3.),<\/p>\n<p>intim\u00e9 aux fins de la susdite requ\u00eate d\u2019appel,<\/p>\n<p>repr\u00e9sent\u00e9 par Ma\u00eetre AVOCAT2.) , avocat \u00e0 la Cour, demeurant \u00e0 Luxembourg,<\/p>\n<p>en pr\u00e9sence du :<\/p>\n<p>Minist\u00e8re public, partie jointe.<\/p>\n<p>&#8212;&#8212;&#8212;&#8212;&#8212;&#8212;&#8212;&#8212;&#8212;&#8212;&#8212;&#8212;&#8212;&#8212;&#8212;<\/p>\n<p>L A C O U R D \u2019 A P P E L :<\/p>\n<p>Statuant en mati\u00e8re de violence domestique sur une requ\u00eate de PERSONNE1.), agissant en son nom et en sa qualit\u00e9 d\u2019administratrice des biens et de la personne de sa fille mineure PERSONNE2.) , tendant \u00e0 voir prononcer \u00e0 l\u2019\u00e9gard de PERSONNE3.) une interdiction de retour au domicile de trois mois cons\u00e9cutive \u00e0 une mesure d\u2019expulsion du 8 septembre 2022, ainsi qu\u2019\u00e0 voir ordonner la prolongation des interdictions vis\u00e9es \u00e0 l\u2019article 1 er<\/p>\n<p>paragraphe 2 de la loi modifi\u00e9e du 8 septembre 2003 sur la violence domestique, et notamment de l\u2019interdiction pour la personne expuls\u00e9e d\u2019entrer au domicile et \u00e0 ses d\u00e9pendances, de prendre contact, oralement ou par \u00e9crit ou par personne interpos\u00e9e, avec la personne prot\u00e9g\u00e9e et de s\u2019en approcher, le juge aux affaires familiales pr\u00e8s le tribunal d\u2019arrondissement de Luxembourg, a, par ordonnance du 6 oct obre 2022,<\/p>\n<p>&#8212; re\u00e7u la demande en la forme, &#8212; dit la requ\u00eate introduite par PERSONNE1.) irrecevable, &#8212; dit la requ\u00eate introduite par PERSONNE1.) , agissant en sa qualit\u00e9 d\u2019administratrice des biens et de la personne de sa fille mineure PERSONNE2.) irrecevable, &#8212; condamn\u00e9 PERSONNE1.) aux frais et d\u00e9pens de l\u2019instance.<\/p>\n<p>De cette ordonnance, PERSONNE1.) a r\u00e9guli\u00e8rement relev\u00e9 appel par requ\u00eate d\u00e9pos\u00e9e au greffe du tribunal d\u2019arrondissement de Luxembourg le 10 octobre 2022.<\/p>\n<p>PERSONNE1.) fait plaider \u00e0 l\u2019appui de son appel que ce serait \u00e0 tort que le juge aux affaires familiales a d\u00e9clar\u00e9 sa demande irrecevable, en retenant qu\u2019elle ne pouvait agir seule au nom de sa fille puisque les deux parents exercent conjointement l\u2019autorit\u00e9 parentale sur l\u2019enfant mineure PERSONNE2.).<\/p>\n<p>PERSONNE2.) serait la \u00ab personne ayant b\u00e9n\u00e9fici\u00e9 de la protection de la mesure d\u2019expulsion \u00bb au sens de l\u2019article L.1017-1 du Nouveau Code de proc\u00e9dure civile. Sa fille \u00e9tant frapp\u00e9e d\u2019une incapacit\u00e9 \u00e0 agir, \u00e9tant donn\u00e9 qu\u2019elle est mineure, devrait \u00eatre repr\u00e9sent\u00e9e par son administrateur l\u00e9gal. Ne s\u2019agissant pas d\u2019un acte de disposition, elle aurait qualit\u00e9 \u00e0 agir seule au nom de sa fille.<\/p>\n<p>Elle donne encore \u00e0 consid\u00e9rer que l\u2019intim\u00e9 n\u2019avait pas soulev\u00e9 le d\u00e9faut de qualit\u00e9 \u00e0 agir dans son chef.<\/p>\n<p>La loi sur la violence domestique ayant pour but de prot\u00e9ger les victimes de violences, il serait contraire \u00e0 sa finalit\u00e9 de faire d\u00e9pendre la recevabilit\u00e9 de sa demande de l\u2019accord du p\u00e8re de la mineure, auteur des violences.<\/p>\n<p>Par ailleurs, eu \u00e9gard au d\u00e9lai tr\u00e8s bref end\u00e9ans lequel il faut agir en vue d\u2019obtenir la prolongation de la mesure d\u2019expulsion, la nomination pr\u00e9alable<\/p>\n<p>3 d\u2019un administrateur ad hoc s\u2019av\u00e8rerait illusoire, ce d\u2019autant plus que la demande en nomination d\u2019un administrateur ad hoc devrait, selon cette logique, \u00e9galement \u00eatre introduite par les deux parents, en cas d\u2019autorit\u00e9 parentale conjointe.<\/p>\n<p>Quant au fond, sa demande serait \u00e0 d\u00e9clarer fond\u00e9e au vu des aveux partiels de l\u2019intim\u00e9 et du proc\u00e8s-verbal n\u00b023855\/2022 du 8 septembre 2022.<\/p>\n<p>PERSONNE3.) conteste les faits qui lui sont reproch\u00e9s en relation avec la mesure d\u2019expulsion, mais ne nie pas l\u2019existence d\u2019un conflit entre parties quant aux m\u00e9thodes d\u2019\u00e9ducation en ce qui concerne leur fille a\u00een\u00e9e, cette derni\u00e8re ne respectant pas son autorit\u00e9.<\/p>\n<p>Afin d\u2019\u00e9viter tout conflit futur, il aurait lou\u00e9 un appartement et n\u2019aurait partant plus l\u2019intention de r\u00e9int\u00e9grer le domicile de l\u2019appelante. Il ne s\u2019oppose d\u00e8s lors pas \u00e0 la demande en interdiction de retour et en prolongation des interdictions vis\u00e9es \u00e0 l\u2019article 1 er , paragraphe 2 de la loi modifi\u00e9e du 8 septembre 2003 sur la violence domestique.<\/p>\n<p>La repr\u00e9sentante du Minist\u00e8re public conclut \u00e0 la recevabilit\u00e9 de l\u2019appel, de m\u00eame qu\u2019\u00e0 la recevabilit\u00e9 de la demande en interdiction de retour, l\u2019exigence de l\u2019accord de la personne expuls\u00e9e \u00e9tant incompatible avec le but de protection recherch\u00e9 par loi.<\/p>\n<p>Le juge aux affaires familiales se serait \u00e0 tort r\u00e9f\u00e9r\u00e9 \u00e0 l\u2019article 41- 1 de la loi modifi\u00e9e du 10 ao\u00fbt 1992 relative \u00e0 la protection de la jeunesse, \u00e9tant donn\u00e9 que la mineure serait repr\u00e9sent\u00e9e et prot\u00e9g\u00e9e par sa m\u00e8re.<\/p>\n<p>De m\u00eame, les articles 388-2 et 389-3 du Code civil ne seraient applicables que lorsqu\u2019il existe un conflit entre le mineur et ses deux parents, ce qui ne serait pas le cas ici.<\/p>\n<p>La loi sur la violence domestique serait une loi sp\u00e9ciale, destin\u00e9e \u00e0 prot\u00e9ger les victimes de violence domestique et \u00e0 parer \u00e0 des situations urgentes. Exiger, lorsque la victime est mineure, l\u2019accord de l\u2019auteur des violences ou la nomination d\u2019un administrateur ad hoc pour agir en justice, emp\u00eacherait dans les faits la victime mineure de b\u00e9n\u00e9ficier de la protection pr\u00e9vue par la loi.<\/p>\n<p>Appr\u00e9ciation de la Cour<\/p>\n<p>L\u2019article 1 er de la loi du 8 septembre 2003 sur la violence domestique, telle que modifi\u00e9e par la loi du 30 juillet 2013, permet au procureur d\u2019Etat d\u2019autoriser la police \u00e0 expulser de son domicile, pendant quatorze jours, une personne contre laquelle il existe des indices qu\u2019elle se pr\u00e9pare \u00e0 commettre \u00e0 l\u2019\u00e9gard d\u2019une personne avec laquelle elle cohabite dans un cadre familial une infraction contre la vie ou l\u2019int\u00e9grit\u00e9 physique, ou qu\u2019elle se pr\u00e9pare \u00e0 commettre \u00e0 nouveau \u00e0 l\u2019\u00e9gard de cette personne, d\u00e9j\u00e0 victime, une telle infraction.<\/p>\n<p>Selon l\u2019article L.1017-1 (2) du Nouveau Code de proc\u00e9dure civile, la personne qui a b\u00e9n\u00e9fici\u00e9 de la protection d\u2019une mesure d\u2019expulsion fond\u00e9e sur le pr\u00e9dit article 1 er peut, par simple requ\u00eate, demander au juge aux<\/p>\n<p>4 affaires familiales de prononcer \u00e0 l\u2019\u00e9gard de la personne expuls\u00e9e une interdiction de retour au domicile pour une p\u00e9riode maximale de trois mois, cons\u00e9cutive \u00e0 la mesure d\u2019expulsion.<\/p>\n<p>La partie prot\u00e9g\u00e9e peut \u00e9galement demander la prolongation des interdictions pr\u00e9vues \u00e0 l\u2019article 1 er , paragraphe 2 de la loi pr\u00e9cit\u00e9e du 8 septembre 2003.<\/p>\n<p>Le but du l\u00e9gislateur est de prot\u00e9ger les personnes vivant dans une communaut\u00e9 de vie d\u2019actes de violence exerc\u00e9s par un conjoint ou un proche parent.<\/p>\n<p>&#8212; Quant \u00e0 la recevabilit\u00e9 de la demande<\/p>\n<p>Il r\u00e9sulte de l\u2019ordonnance d\u2019expulsion du 8 septembre 2022 que PERSONNE3.) a \u00e9t\u00e9 expuls\u00e9 de son domicile, sis \u00e0 L- ADRESSE3.), au motif qu\u2019 \u00ab il existe des indices qu\u2019il se pr\u00e9pare \u00e0 commettre \u00e0 nouveau contre PERSONNE2.) d\u00e9j\u00e0 victime, personne \u00e0 prot\u00e9ger, une infraction contre sa vie ou l\u2019int\u00e9grit\u00e9 physique \u00bb.<\/p>\n<p>PERSONNE1.) n\u2019\u00e9tant pas b\u00e9n\u00e9ficiaire de la protection de la mesure d\u2019expulsion du 8 septembre 2022, il y a lieu de confirmer le juge aux affaires familiales en ce qu\u2019il a d\u00e9clar\u00e9 la demande introduite en son nom irrecevable.<\/p>\n<p>Concernant PERSONNE2.), mineure, il est constant en cause que l\u2019autorit\u00e9 parentale est exerc\u00e9e en commun par ses parents.<\/p>\n<p>Aux termes de l\u2019articles 389- 5 du Code civil, dans l\u2019administration pure et simple, les parents accomplissent ensemble les actes qu\u2019un tuteur ne pourrait faire qu\u2019avec l\u2019autorisation du conseil de famille.<\/p>\n<p>Comme le principe est que les parents sont d\u00e9sormais tous les deux administrateurs l\u00e9gaux s\u2019ils exercent en commun l\u2019autorit\u00e9 parentale, et ceci peu importe leur statut matrimonial, chacun d\u2019eux peut faire seul les actes qu\u2019un tuteur pourrait faire sans autorisation. Ainsi, chacun des parents peut faire seul les actes d\u2019administration (cf. Doc.parl. n\u00b0 6996, commentaire des articles, p. 105).<\/p>\n<p>Les int\u00e9r\u00eats de PERSONNE1.) n\u2019\u00e9tant pas en opposition avec ceux de sa fille PERSONNE2.), il n\u2019y a pas lieu \u00e0 nomination d\u2019un administrateur ad hoc.<\/p>\n<p>De m\u00eame, la protection des int\u00e9r\u00eats de la mineure PERSONNE2.) \u00e9tant assur\u00e9e par sa m\u00e8re, il n\u2019y a pas lieu non plus \u00e0 application de l\u2019article 41- 1 de la loi du 10 ao\u00fbt 1992 relative \u00e0 la protection de la jeunesse.<\/p>\n<p>Ne s\u2019agissant pas d\u2019un acte que le tuteur ne peut accomplir seul, et aucune opposition d\u2019int\u00e9r\u00eats entre la m\u00e8re et la fille n\u2019\u00e9tant all\u00e9gu\u00e9e, voire \u00e9tablie, il y a lieu de dire, par r\u00e9formation de l\u2019ordonnance entreprise, que la demande de PERSONNE1.), agissant en sa qualit\u00e9 d\u2019administratrice l\u00e9gale de l\u2019enfant mineure PERSONNE2.), est recevable.<\/p>\n<p>&#8212; Quant au bien-fond\u00e9 de la demande<\/p>\n<p>Les faits reproch\u00e9s \u00e0 l\u2019intim\u00e9 sont \u00e9tablis par le proc\u00e8s-verbal du 8 septembre 2022, vers\u00e9 au dossier. Force est, par ailleurs, de constater au vu des pi\u00e8ces vers\u00e9es que l\u2019intim\u00e9 avait d\u00e9j\u00e0 fait l\u2019objet d\u2019une expulsion en raison de coups port\u00e9s \u00e0 sa fille PERSONNE2.) en juillet 2022. Les deux fois, l\u2019intim\u00e9 \u00e9tait sous influence de l\u2019alcool.<\/p>\n<p>Eu \u00e9gard \u00e0 la m\u00e9sentente existant entre l\u2019intim\u00e9 et sa fille, m\u00e9sentente qui est encore attis\u00e9e lorsque l\u2019intim\u00e9 consomme de l\u2019alcool, et ce dernier ne contestant pas la demande en interdiction de retour et en prolongation des interdictions vis\u00e9es \u00e0 l\u2019article 1 er paragraphe 2 de la loi du 8 septembre 2003 sur la violence domestique, il y a lieu d\u2019y faire droit.<\/p>\n<p>P A R C E S M O T I F S<\/p>\n<p>la Cour d\u2019appel, premi\u00e8re chambre, si\u00e9geant en mati\u00e8re de violence domestique, statuant contradictoirement, la repr\u00e9sentante du Minist\u00e8re public entendue en ses conclusions,<\/p>\n<p>re\u00e7oit l\u2019appel,<\/p>\n<p>le dit fond\u00e9,<\/p>\n<p>r\u00e9formant,<\/p>\n<p>dit la demande de PERSONNE1.) , agissant en sa qualit\u00e9 d\u2019administratrice l\u00e9gale de l\u2019enfant mineure PERSONNE2.) , recevable et fond\u00e9e,<\/p>\n<p>partant prononce l\u2019interdiction de retour de PERSONNE3.) au domicile familial et \u00e0 ses d\u00e9pendances, sis \u00e0 L-ADRESSE3.), pour une p\u00e9riode de trois mois cons\u00e9cutive \u00e0 l\u2019expiration de la mesure d\u2019expulsion,<\/p>\n<p>ordonne la prolongation des interdictions vis\u00e9es \u00e0 l\u2019article 1 er paragraphe 2 de la loi modifi\u00e9e du 8 septembre 2003 sur la violence domestique, et notamment de l\u2019interdiction pour la personne expuls\u00e9e d\u2019entrer au domicile et \u00e0 ses d\u00e9pendances, de prendre contact, oralement ou par \u00e9crit ou par personne interpos\u00e9e, avec la personne prot\u00e9g\u00e9e et de s\u2019en approcher,<\/p>\n<p>condamne PERSONNE3.) aux frais et d\u00e9pens de l\u2019instance.<\/p>\n<p>Ainsi fait, jug\u00e9 et prononc\u00e9 \u00e0 l\u2019audience publique o\u00f9 \u00e9taient pr\u00e9sentes :<\/p>\n<p>MAGISTRAT1.), pr\u00e9sident de chambre, MAGISTRAT2.), premier conseiller, MAGISTRAT3.), conseiller, MAGISTRAT4.), avocat g\u00e9n\u00e9ral, GREFFIER1.), greffier.<\/p>\n<\/div>\n<hr class=\"kji-sep\" \/>\n<p class=\"kji-source-links\"><strong>Sources officielles :<\/strong> <a class=\"kji-source-link\" href=\"https:\/\/data.public.lu\/fr\/datasets\/cour-superieure-de-justice-1e-chambre\/\" target=\"_blank\" rel=\"noopener noreferrer\">consulter la page source<\/a> &middot; <a class=\"kji-pdf-link\" href=\"https:\/\/download.data.public.lu\/resources\/cour-superieure-de-justice-1e-chambre\/20240827-124348\/20221109-cal-2022-00985-208-viol.dom-a-accessible.pdf\" target=\"_blank\" rel=\"noopener noreferrer\">PDF officiel<\/a><\/p>\n<p class=\"kji-license-note\"><em>Licence CC BY-ND 4.0 (Administration judiciaire, data.public.lu). Republication autorisee avec attribution, sans modification editoriale du texte integral.<\/em><\/p>\n<\/div>\n","protected":false},"excerpt":{"rendered":"<p>Arr\u00eat N\u00b0208\/22 &#8212; I &#8212; VIOL. DOM. Arr\u00eat civil Audience publique du neuf novembre deux mille vingt-deux Num\u00e9ro CAL-2022- 00985 du r\u00f4le E n t r e : PERSONNE1.), n\u00e9e le DATE1.) \u00e0 ADRESSE1.) au Br\u00e9sil, demeurant \u00e0 L- ADRESSE1.), prise en son nom propre\u2026<\/p>\n","protected":false},"featured_media":0,"template":"","meta":{"_crdt_document":""},"kji_country":[8418],"kji_court":[12305],"kji_chamber":[12306],"kji_year":[32183],"kji_subject":[7724],"kji_keyword":[8683,9055,8576,12307],"kji_language":[7733],"class_list":["post-652509","kji_decision","type-kji_decision","status-publish","hentry","kji_country-luxembourg","kji_court-cour-superieure-de-justice","kji_chamber-1e-chambre","kji_year-32183","kji_subject-civil","kji_keyword-arret","kji_keyword-justice","kji_keyword-novembre","kji_keyword-superieure","kji_language-francais"],"yoast_head":"<!-- This site is optimized with the Yoast SEO Premium plugin v27.5 (Yoast SEO v27.5) - https:\/\/yoast.com\/product\/yoast-seo-premium-wordpress\/ -->\n<title>Cour sup\u00e9rieure de justice, 9 novembre 2022, n\u00b0 2022-00985 - Ma\u00eetre Hassan Kohen, avocat en droit p\u00e9nal \u00e0 Paris<\/title>\n<meta name=\"robots\" content=\"index, follow, max-snippet:-1, max-image-preview:large, max-video-preview:-1\" \/>\n<link rel=\"canonical\" href=\"https:\/\/kohenavocats.com\/ru\/jurisprudences\/cour-superieure-de-justice-9-novembre-2022-n-2022-00985\/\" \/>\n<meta property=\"og:locale\" content=\"ru_RU\" \/>\n<meta property=\"og:type\" content=\"article\" \/>\n<meta property=\"og:title\" content=\"Cour sup\u00e9rieure de justice, 9 novembre 2022, n\u00b0 2022-00985\" \/>\n<meta property=\"og:description\" content=\"Arr\u00eat N\u00b0208\/22 - I - VIOL. DOM. Arr\u00eat civil Audience publique du neuf novembre deux mille vingt-deux Num\u00e9ro CAL-2022- 00985 du r\u00f4le E n t r e : PERSONNE1.), n\u00e9e le DATE1.) \u00e0 ADRESSE1.) au Br\u00e9sil, demeurant \u00e0 L- ADRESSE1.), prise en son nom propre\u2026\" \/>\n<meta property=\"og:url\" content=\"https:\/\/kohenavocats.com\/ru\/jurisprudences\/cour-superieure-de-justice-9-novembre-2022-n-2022-00985\/\" \/>\n<meta property=\"og:site_name\" content=\"Ma\u00eetre Hassan Kohen, avocat en droit p\u00e9nal \u00e0 Paris\" \/>\n<meta property=\"article:modified_time\" content=\"2026-04-22T21:12:43+00:00\" \/>\n<meta name=\"twitter:card\" content=\"summary_large_image\" \/>\n<meta name=\"twitter:label1\" content=\"\u041f\u0440\u0438\u043c\u0435\u0440\u043d\u043e\u0435 \u0432\u0440\u0435\u043c\u044f \u0434\u043b\u044f \u0447\u0442\u0435\u043d\u0438\u044f\" \/>\n\t<meta name=\"twitter:data1\" content=\"10 \u043c\u0438\u043d\u0443\u0442\" \/>\n<script type=\"application\/ld+json\" class=\"yoast-schema-graph\">{\"@context\":\"https:\\\/\\\/schema.org\",\"@graph\":[{\"@type\":\"WebPage\",\"@id\":\"https:\\\/\\\/kohenavocats.com\\\/ru\\\/jurisprudences\\\/cour-superieure-de-justice-9-novembre-2022-n-2022-00985\\\/\",\"url\":\"https:\\\/\\\/kohenavocats.com\\\/ru\\\/jurisprudences\\\/cour-superieure-de-justice-9-novembre-2022-n-2022-00985\\\/\",\"name\":\"Cour sup\u00e9rieure de justice, 9 novembre 2022, n\u00b0 2022-00985 - Ma\u00eetre Hassan Kohen, avocat en droit p\u00e9nal \u00e0 Paris\",\"isPartOf\":{\"@id\":\"https:\\\/\\\/kohenavocats.com\\\/ru\\\/#website\"},\"datePublished\":\"2026-04-22T21:12:39+00:00\",\"dateModified\":\"2026-04-22T21:12:43+00:00\",\"breadcrumb\":{\"@id\":\"https:\\\/\\\/kohenavocats.com\\\/ru\\\/jurisprudences\\\/cour-superieure-de-justice-9-novembre-2022-n-2022-00985\\\/#breadcrumb\"},\"inLanguage\":\"ru-RU\",\"potentialAction\":[{\"@type\":\"ReadAction\",\"target\":[\"https:\\\/\\\/kohenavocats.com\\\/ru\\\/jurisprudences\\\/cour-superieure-de-justice-9-novembre-2022-n-2022-00985\\\/\"]}]},{\"@type\":\"BreadcrumbList\",\"@id\":\"https:\\\/\\\/kohenavocats.com\\\/ru\\\/jurisprudences\\\/cour-superieure-de-justice-9-novembre-2022-n-2022-00985\\\/#breadcrumb\",\"itemListElement\":[{\"@type\":\"ListItem\",\"position\":1,\"name\":\"Home\",\"item\":\"https:\\\/\\\/kohenavocats.com\\\/ru\\\/avocats-en-droit-penal-a-paris-conseil-et-defense-strategique\\\/\"},{\"@type\":\"ListItem\",\"position\":2,\"name\":\"Jurisprudences\",\"item\":\"https:\\\/\\\/kohenavocats.com\\\/ru\\\/jurisprudences\\\/\"},{\"@type\":\"ListItem\",\"position\":3,\"name\":\"Cour sup\u00e9rieure de justice, 9 novembre 2022, n\u00b0 2022-00985\"}]},{\"@type\":\"WebSite\",\"@id\":\"https:\\\/\\\/kohenavocats.com\\\/ru\\\/#website\",\"url\":\"https:\\\/\\\/kohenavocats.com\\\/ru\\\/\",\"name\":\"Kohen Avocats\",\"description\":\"Ma\u00eetre Hassan Kohen, avocat p\u00e9naliste \u00e0 Paris, intervient exclusivement en droit p\u00e9nal pour la d\u00e9fense des particuliers, notamment en mati\u00e8re d\u2019accusations de viol. Il assure un accompagnement rigoureux d\u00e8s la garde \u00e0 vue jusqu\u2019\u00e0 la Cour d\u2019assises, veillant au strict respect des garanties proc\u00e9durales.\",\"publisher\":{\"@id\":\"https:\\\/\\\/kohenavocats.com\\\/ru\\\/#organization\"},\"potentialAction\":[{\"@type\":\"SearchAction\",\"target\":{\"@type\":\"EntryPoint\",\"urlTemplate\":\"https:\\\/\\\/kohenavocats.com\\\/ru\\\/?s={search_term_string}\"},\"query-input\":{\"@type\":\"PropertyValueSpecification\",\"valueRequired\":true,\"valueName\":\"search_term_string\"}}],\"inLanguage\":\"ru-RU\"},{\"@type\":\"Organization\",\"@id\":\"https:\\\/\\\/kohenavocats.com\\\/ru\\\/#organization\",\"name\":\"Kohen Avocats\",\"url\":\"https:\\\/\\\/kohenavocats.com\\\/ru\\\/\",\"logo\":{\"@type\":\"ImageObject\",\"inLanguage\":\"ru-RU\",\"@id\":\"https:\\\/\\\/kohenavocats.com\\\/ru\\\/#\\\/schema\\\/logo\\\/image\\\/\",\"url\":\"https:\\\/\\\/kohenavocats.com\\\/wp-content\\\/uploads\\\/2026\\\/01\\\/Logo-2-1.webp\",\"contentUrl\":\"https:\\\/\\\/kohenavocats.com\\\/wp-content\\\/uploads\\\/2026\\\/01\\\/Logo-2-1.webp\",\"width\":2114,\"height\":1253,\"caption\":\"Kohen Avocats\"},\"image\":{\"@id\":\"https:\\\/\\\/kohenavocats.com\\\/ru\\\/#\\\/schema\\\/logo\\\/image\\\/\"}}]}<\/script>\n<!-- \/ Yoast SEO Premium plugin. -->","yoast_head_json":{"title":"Cour sup\u00e9rieure de justice, 9 novembre 2022, n\u00b0 2022-00985 - Ma\u00eetre Hassan Kohen, avocat en droit p\u00e9nal \u00e0 Paris","robots":{"index":"index","follow":"follow","max-snippet":"max-snippet:-1","max-image-preview":"max-image-preview:large","max-video-preview":"max-video-preview:-1"},"canonical":"https:\/\/kohenavocats.com\/ru\/jurisprudences\/cour-superieure-de-justice-9-novembre-2022-n-2022-00985\/","og_locale":"ru_RU","og_type":"article","og_title":"Cour sup\u00e9rieure de justice, 9 novembre 2022, n\u00b0 2022-00985","og_description":"Arr\u00eat N\u00b0208\/22 - I - VIOL. DOM. Arr\u00eat civil Audience publique du neuf novembre deux mille vingt-deux Num\u00e9ro CAL-2022- 00985 du r\u00f4le E n t r e : PERSONNE1.), n\u00e9e le DATE1.) \u00e0 ADRESSE1.) au Br\u00e9sil, demeurant \u00e0 L- ADRESSE1.), prise en son nom propre\u2026","og_url":"https:\/\/kohenavocats.com\/ru\/jurisprudences\/cour-superieure-de-justice-9-novembre-2022-n-2022-00985\/","og_site_name":"Ma\u00eetre Hassan Kohen, avocat en droit p\u00e9nal \u00e0 Paris","article_modified_time":"2026-04-22T21:12:43+00:00","twitter_card":"summary_large_image","twitter_misc":{"\u041f\u0440\u0438\u043c\u0435\u0440\u043d\u043e\u0435 \u0432\u0440\u0435\u043c\u044f \u0434\u043b\u044f \u0447\u0442\u0435\u043d\u0438\u044f":"10 \u043c\u0438\u043d\u0443\u0442"},"schema":{"@context":"https:\/\/schema.org","@graph":[{"@type":"WebPage","@id":"https:\/\/kohenavocats.com\/ru\/jurisprudences\/cour-superieure-de-justice-9-novembre-2022-n-2022-00985\/","url":"https:\/\/kohenavocats.com\/ru\/jurisprudences\/cour-superieure-de-justice-9-novembre-2022-n-2022-00985\/","name":"Cour sup\u00e9rieure de justice, 9 novembre 2022, n\u00b0 2022-00985 - Ma\u00eetre Hassan Kohen, avocat en droit p\u00e9nal \u00e0 Paris","isPartOf":{"@id":"https:\/\/kohenavocats.com\/ru\/#website"},"datePublished":"2026-04-22T21:12:39+00:00","dateModified":"2026-04-22T21:12:43+00:00","breadcrumb":{"@id":"https:\/\/kohenavocats.com\/ru\/jurisprudences\/cour-superieure-de-justice-9-novembre-2022-n-2022-00985\/#breadcrumb"},"inLanguage":"ru-RU","potentialAction":[{"@type":"ReadAction","target":["https:\/\/kohenavocats.com\/ru\/jurisprudences\/cour-superieure-de-justice-9-novembre-2022-n-2022-00985\/"]}]},{"@type":"BreadcrumbList","@id":"https:\/\/kohenavocats.com\/ru\/jurisprudences\/cour-superieure-de-justice-9-novembre-2022-n-2022-00985\/#breadcrumb","itemListElement":[{"@type":"ListItem","position":1,"name":"Home","item":"https:\/\/kohenavocats.com\/ru\/avocats-en-droit-penal-a-paris-conseil-et-defense-strategique\/"},{"@type":"ListItem","position":2,"name":"Jurisprudences","item":"https:\/\/kohenavocats.com\/ru\/jurisprudences\/"},{"@type":"ListItem","position":3,"name":"Cour sup\u00e9rieure de justice, 9 novembre 2022, n\u00b0 2022-00985"}]},{"@type":"WebSite","@id":"https:\/\/kohenavocats.com\/ru\/#website","url":"https:\/\/kohenavocats.com\/ru\/","name":"Kohen Avocats","description":"Ma\u00eetre Hassan Kohen, avocat p\u00e9naliste \u00e0 Paris, intervient exclusivement en droit p\u00e9nal pour la d\u00e9fense des particuliers, notamment en mati\u00e8re d\u2019accusations de viol. Il assure un accompagnement rigoureux d\u00e8s la garde \u00e0 vue jusqu\u2019\u00e0 la Cour d\u2019assises, veillant au strict respect des garanties proc\u00e9durales.","publisher":{"@id":"https:\/\/kohenavocats.com\/ru\/#organization"},"potentialAction":[{"@type":"SearchAction","target":{"@type":"EntryPoint","urlTemplate":"https:\/\/kohenavocats.com\/ru\/?s={search_term_string}"},"query-input":{"@type":"PropertyValueSpecification","valueRequired":true,"valueName":"search_term_string"}}],"inLanguage":"ru-RU"},{"@type":"Organization","@id":"https:\/\/kohenavocats.com\/ru\/#organization","name":"Kohen Avocats","url":"https:\/\/kohenavocats.com\/ru\/","logo":{"@type":"ImageObject","inLanguage":"ru-RU","@id":"https:\/\/kohenavocats.com\/ru\/#\/schema\/logo\/image\/","url":"https:\/\/kohenavocats.com\/wp-content\/uploads\/2026\/01\/Logo-2-1.webp","contentUrl":"https:\/\/kohenavocats.com\/wp-content\/uploads\/2026\/01\/Logo-2-1.webp","width":2114,"height":1253,"caption":"Kohen Avocats"},"image":{"@id":"https:\/\/kohenavocats.com\/ru\/#\/schema\/logo\/image\/"}}]}},"jetpack_likes_enabled":false,"jetpack_sharing_enabled":true,"_links":{"self":[{"href":"https:\/\/kohenavocats.com\/ru\/wp-json\/wp\/v2\/kji_decision\/652509","targetHints":{"allow":["GET"]}}],"collection":[{"href":"https:\/\/kohenavocats.com\/ru\/wp-json\/wp\/v2\/kji_decision"}],"about":[{"href":"https:\/\/kohenavocats.com\/ru\/wp-json\/wp\/v2\/types\/kji_decision"}],"wp:attachment":[{"href":"https:\/\/kohenavocats.com\/ru\/wp-json\/wp\/v2\/media?parent=652509"}],"wp:term":[{"taxonomy":"kji_country","embeddable":true,"href":"https:\/\/kohenavocats.com\/ru\/wp-json\/wp\/v2\/kji_country?post=652509"},{"taxonomy":"kji_court","embeddable":true,"href":"https:\/\/kohenavocats.com\/ru\/wp-json\/wp\/v2\/kji_court?post=652509"},{"taxonomy":"kji_chamber","embeddable":true,"href":"https:\/\/kohenavocats.com\/ru\/wp-json\/wp\/v2\/kji_chamber?post=652509"},{"taxonomy":"kji_year","embeddable":true,"href":"https:\/\/kohenavocats.com\/ru\/wp-json\/wp\/v2\/kji_year?post=652509"},{"taxonomy":"kji_subject","embeddable":true,"href":"https:\/\/kohenavocats.com\/ru\/wp-json\/wp\/v2\/kji_subject?post=652509"},{"taxonomy":"kji_keyword","embeddable":true,"href":"https:\/\/kohenavocats.com\/ru\/wp-json\/wp\/v2\/kji_keyword?post=652509"},{"taxonomy":"kji_language","embeddable":true,"href":"https:\/\/kohenavocats.com\/ru\/wp-json\/wp\/v2\/kji_language?post=652509"}],"curies":[{"name":"wp","href":"https:\/\/api.w.org\/{rel}","templated":true}]}}