{"id":652661,"date":"2026-04-22T23:17:55","date_gmt":"2026-04-22T21:17:55","guid":{"rendered":"https:\/\/kohenavocats.com\/jurisprudences\/conseil-superieur-de-la-securite-sociale-14-juillet-2022-6\/"},"modified":"2026-04-22T23:17:58","modified_gmt":"2026-04-22T21:17:58","slug":"conseil-superieur-de-la-securite-sociale-14-juillet-2022-6","status":"publish","type":"kji_decision","link":"https:\/\/kohenavocats.com\/ru\/jurisprudences\/conseil-superieur-de-la-securite-sociale-14-juillet-2022-6\/","title":{"rendered":"Conseil sup\u00e9rieur de la s\u00e9curit\u00e9 sociale, 14 juillet 2022"},"content":{"rendered":"<div class=\"kji-decision\">\n<div class=\"kji-full-text\">\n<p>GRAND-DUCHE DU LUXEMBOURG<\/p>\n<p>No. du reg.: SECO 2022\/0068 No.: 2022\/0209<\/p>\n<p>CONSEIL SUPERIEUR DE LA SECURITE SOCIALE<\/p>\n<p>Audience publique du quatorze juillet deux mille vingt -deux<\/p>\n<p>Composition:<\/p>\n<p>Mme Marianne Harles, pr\u00e9sident de chambre \u00e0 la Cour d\u2019 appel, pr\u00e9sident<\/p>\n<p>Mme Myl\u00e8ne Regenwetter, 1 er conseiller \u00e0 la Cour d\u2019appel, assesseur- magistrat<\/p>\n<p>Mme Mich\u00e8le Raus, 1 er conseiller \u00e0 la Cour d\u2019appel, assesseur- magistrat<\/p>\n<p>M. Gilles Cabos, conseiller juridique , Luxembourg, assesseur- employeur<\/p>\n<p>M. Vito Perfido, d\u00e9l\u00e9gu\u00e9 permanent, Dudelange, assesseur- assur\u00e9<\/p>\n<p>M. Jean-Paul Sinner, secr\u00e9taire<\/p>\n<p>ENTRE: X, n\u00e9 le [\u2026] , demeurant \u00e0 [\u2026] , appelant, comparant par Ma\u00eetre No\u00e9mie Sadler , avocat \u00e0 la Cour, demeurant \u00e0 Luxembourg;<\/p>\n<p>ET:<\/p>\n<p>l\u2019Office social de la commune d\u2019A , \u00e9tabli \u00e0 [\u2026] , repr\u00e9sent\u00e9 par le pr\u00e9sident de son conseil d\u2019administration actuellement en fonction, intim\u00e9, comparant par Ma\u00eetre Le\u00efla Rchika, avocat, Luxembourg, en remplacement de Ma\u00eetre Steve Helminger, avocat \u00e0 la Cour, demeurant \u00e0 Luxembourg.<\/p>\n<p>SECO 2022\/0068 -2-<\/p>\n<p>Par requ\u00eate d\u00e9pos\u00e9e au secr\u00e9tariat du Conseil sup\u00e9rieur de la s\u00e9curit\u00e9 sociale le 13 avril 2022, X a relev\u00e9 appel d\u2019un jugement rendu par le Conseil arbitral de la s\u00e9curit\u00e9 sociale le 25 f\u00e9vrier 2022, dans la cause pendante entre lui et l \u2019Office social de la commune d\u2019A , et dont le dispositif est con\u00e7u comme suit: Par ces motifs, Le Conseil arbitral de la s\u00e9curit\u00e9 sociale, statuant contradictoirement et en premier ressort, d\u00e9clare irrecevable le recours d\u00e9pos\u00e9 le 29 juin 2021 \u00e0 l\u2019encontre de la d\u00e9cision de l\u2019Office social d\u2019A du 9 juin 2021 et notifi\u00e9e le 14 juin 2021.<\/p>\n<p>Les parties furent convoqu\u00e9es pour l\u2019audience publique du 20 juin 2022, \u00e0 laquelle le rapporteur d\u00e9sign\u00e9 fit l\u2019expos\u00e9 de l\u2019affaire.<\/p>\n<p>Ma\u00eetre No\u00e9mie Sadler, pour l\u2019appelant, maintint les moyens et conclusions de la requ\u00eate d\u2019appel d\u00e9pos\u00e9e au si\u00e8ge du Conseil sup\u00e9rieur de la s\u00e9curit\u00e9 sociale le 13 avril 2022.<\/p>\n<p>Ma\u00eetre Le\u00efla Rchika, pour l\u2019intim\u00e9, conclut \u00e0 la confirmation du jugement du Conseil arbitral du 25 f\u00e9vrier 2022, au non fond\u00e9 du recours et s\u2019opposa \u00e0 la demande en annulation de la d\u00e9cision attaqu\u00e9e.<\/p>\n<p>Apr\u00e8s prise en d\u00e9lib\u00e9r\u00e9 de l\u2019affaire le Conseil sup\u00e9rieur rendit \u00e0 l\u2019audience publique de ce jour, \u00e0 laquelle le prononc\u00e9 avait \u00e9t\u00e9 fix\u00e9, l\u2019arr\u00eat qui suit:<\/p>\n<p>Par d\u00e9cision du 9 juin 2021, l\u2019Office social d\u2019A (ci-apr\u00e8s l\u2019Office social) a refus\u00e9 \u00e0 X la prise en charge des loyers et charges locatives pour un montant de 11.250 euros au motif que le solde mensuel de ses revenus devrait suffire pour payer ces frais.<\/p>\n<p>Par requ\u00eate d\u00e9pos\u00e9e le 29 juin 2021 au si\u00e8ge du Conseil arbitral de la s\u00e9curit\u00e9 sociale (ci-apr\u00e8s le Conseil arbitral), X a introduit un recours contre cette d\u00e9cision. Dans sa requ\u00eate, il a invoqu\u00e9 des probl\u00e8mes de communication avec l \u2019assistante sociale en charge du dossier \u00e0 cause du port de masque et l\u2019indication de fausses donn\u00e9es par celle-ci lors de l\u2019introduction de la demande.<\/p>\n<p>Par jugement du 25 f\u00e9vrier 2022, ce recours a \u00e9t\u00e9 d\u00e9clar\u00e9 irrecevable pour absence d\u2019un expos\u00e9 sommaire des moyens. Le Conseil arbitral a pr\u00e9cis\u00e9 que le requ\u00e9rant ne s\u2019\u00e9tait pas r\u00e9serv\u00e9 dans la requ\u00eate contenant son recours le droit de compl\u00e9ter en cours de proc\u00e9dure les moyens y d\u00e9velopp\u00e9s.<\/p>\n<p>Par requ\u00eate d\u00e9pos\u00e9e en date du 13 avril 2022 au secr\u00e9tariat du Conseil sup\u00e9rieur de la s\u00e9curit\u00e9 sociale, X a r\u00e9guli\u00e8rement interjet\u00e9 appel contre ce jugement.<\/p>\n<p>Il demande \u00e0 voir d\u00e9clarer recevable le recours introduit devant le Conseil arbitral au motif que la requ\u00eate \u00e9tait suffisamment motiv\u00e9e et qu\u2019il a valablement pu exposer des moyens compl\u00e9mentaires \u00e0 l\u2019audience. Quant au fond, il demande l\u2019annulation de la d\u00e9cision de l\u2019Office social pour ne pas \u00eatre suffisamment motiv\u00e9e et pour reposer sur une mauvaise \u00e9valuation de sa situation financi\u00e8re.<\/p>\n<p>L\u2019intim\u00e9 conclut \u00e0 la confirmation du jugement de premi\u00e8re instance, sinon subsidiairement, au non fond\u00e9 du recours. Il estime que c\u2019est \u00e0 bon droit que le recours de l\u2019appelant devant le Conseil arbitral a \u00e9t\u00e9 d\u00e9clar\u00e9 irrecevable et il s\u2019oppose \u00e0 la demande en annulation de la d\u00e9cision attaqu\u00e9e. Quant au fond, elle serait justifi\u00e9e au regard de la situation financi\u00e8re de l\u2019appelant.<\/p>\n<p>Quant \u00e0 la recevabilit\u00e9 du recours de l\u2019appelant devant le Conseil arbitral, l\u2019article 1 er du r\u00e8glement modifi\u00e9 du 24 d\u00e9cembre 1993 d\u00e9terminant en application de l\u2019article 455 du code de la s\u00e9curit\u00e9 sociale la proc\u00e9dure \u00e0 suivre devant le Conseil arbitral et le Conseil sup\u00e9rieur de la<\/p>\n<p>SECO 2022\/0068 -3-<\/p>\n<p>s\u00e9curit\u00e9 sociale, ainsi que les d\u00e9lais et frais de justice dispose que le recours devant le Conseil arbitral doit indiquer sommairement les moyens sur lesquels il est fond\u00e9. L\u2019article 20 du m\u00eame r\u00e8glement pr\u00e9cise que pour autant qu\u2019 il ne pr\u00e9voit pas de dispositions sp\u00e9cifiques, les r\u00e8gles de proc\u00e9dure civile devant les justices de paix sont applicables. L\u2019article 101 du nouveau code de proc\u00e9dure civile dispose que l\u2019acte introductif d\u2019instance devant les justices de paix doit contenir, \u00e0 peine de nullit\u00e9, l\u2019objet et un expos\u00e9 sommaire des moyens.<\/p>\n<p>En l\u2019esp\u00e8ce, la requ\u00eate d\u00e9pos\u00e9e par X au si\u00e8ge du Conseil arbitral comprenait la mention que lors de l\u2019entretien avec l\u2019assistante sociale, il y avait des probl\u00e8mes de communication d\u00e8s lors qu\u2019il n\u2019est pas facile de parler avec un masque. Il est ajout\u00e9: \u00ab So hatte Die Sozialarbeiterin im Antrag auf Hilfeleistung falsch angeben unterbreiter welsche mir nun geschadet hat \u00bb.<\/p>\n<p>Contrairement \u00e0 ce qui a \u00e9t\u00e9 d\u00e9cid\u00e9 par le Conseil arbitral, cette motivation doit \u00eatre consid\u00e9r\u00e9e comme r\u00e9pondant aux exigences de la loi. Il convient d\u2019 ajouter que l\u2019absence de r\u00e9serve formul\u00e9e par le requ\u00e9rant dans la requ\u00eate contenant son recours quant \u00e0 la formulation de moyens nouveaux en cours de proc\u00e9dure ne saurait le priver du droit de d\u00e9velopper de tels moyens \u00e0 l\u2019audience. Il est en effet de principe que des moyens nouveaux peuvent \u00eatre invoqu\u00e9s \u00e0 toute hauteur de la proc\u00e9dure. L\u2019analyse du bien-fond\u00e9 de ces moyens rel\u00e8ve du fond du droit et sera d\u00e9velopp\u00e9e ci-dessous.<\/p>\n<p>Dans sa requ\u00eate d\u2019appel, l\u2019appelant reproche \u00e0 l \u2019Office social de ne pas avoir suffisamment motiv\u00e9 sa d\u00e9cision. Pour appuyer ce moyen, il invoque l\u2019article 41 paragraphe 2 de la Charte des droits fondamentaux, l\u2019article 8 du r\u00e8glement grand-ducal du 8 novembre 2010 portant ex\u00e9cution de la loi du 18 d\u00e9cembre 2009 organisant l\u2019aide sociale. Il renvoie encore \u00e0 l\u2019obligation pr\u00e9vue au pr\u00e9dit article 8 du r\u00e8glement et \u00e0 l\u2019article 25 de la loi imposant \u00e0 l \u2019Office social d\u2019expliquer au demandeur les droits auxquels il peut pr\u00e9tendre et de diligenter une enqu\u00eate sociale.<\/p>\n<p>Suivant l\u2019article 12 du r\u00e8glement grand-ducal du 8 novembre 2010 portant ex\u00e9cution de la loi du 18 d\u00e9cembre 2009 organisant l\u2019aide sociale, le conseil d\u2019administration de l \u2019Office social est tenu de fournir une d\u00e9cision motiv\u00e9e au demandeur. Ce texte pr\u00e9voyant l\u2019obligation impos\u00e9e aux offices sociaux de motiver leurs d\u00e9cisions, l\u2019argument de l\u2019appelant est analys\u00e9 sur cette base l\u00e9gale, sans qu\u2019il y ait lieu de consid\u00e9rer les autres textes invoqu\u00e9s par l\u2019appelant pour fonder ce moyen, ces textes n\u2019ajoutant aucun \u00e9l\u00e9ment suppl\u00e9mentaire \u00e0 prendre en consid\u00e9ration.<\/p>\n<p>La d\u00e9cision attaqu\u00e9e de l \u2019Office social est motiv\u00e9e comme suit :<\/p>\n<p>\u00ab \u2026 au vu du dossier pr\u00e9sent\u00e9, il a \u00e9t\u00e9 d\u00e9cid\u00e9 de ne pas vous accorder l \u2019aide pour les motifs suivants :<\/p>\n<p>Conform\u00e9ment \u00e0 l\u2019article 2 de la loi du 18 d\u00e9cembre 2009 organisant l\u2019aide sociale, \u00ab L \u2019aide sociale, (\u2026), assure aux personnes dans le besoin et \u00e0 leur famille l\u2019acc\u00e8s aux biens et aux services adapt\u00e9s \u00e0 leur situation particuli\u00e8re, afin de les aider \u00e0 acqu\u00e9rir ou \u00e0 pr\u00e9server leur autonomie. Elle intervient \u00e0 titre subsidiaire et peut compl\u00e9ter les mesures sociales et les prestations financi\u00e8res pr\u00e9vues par d\u2019 autres lois et r\u00e8glements, que le b\u00e9n\u00e9ficiaire est tenu d\u2019\u00e9puiser \u00bb. Apr\u00e8s avoir \u00e9tudi\u00e9 votre dossier \u00e9tabli d\u2019 apr\u00e8s une enqu\u00eate sociale, le Conseil d\u2019administration de l\u2019Office social constate que le solde mensuel de vos revenus devrait vous suffire pour payer vous-m\u00eame vos frais courants et vous refuse par cons\u00e9quent la prise en charge d\u2019 arri\u00e9r\u00e9s de loyers au montant total de 11.250,- \u20ac. \u00bb.<\/p>\n<p>SECO 2022\/0068 -4-<\/p>\n<p>Il r\u00e9sulte de la lecture de cette motivation qu\u2019elle se r\u00e9duit \u00e0 l\u2019affirmation que \u00ab que le solde mensuel de vos revenus devrait vous suffire pour payer vous -m\u00eame vos frais courants et vous refuse par cons\u00e9quent la prise en charge d\u2019 arri\u00e9r\u00e9s de loyers au montant total de 11.250,- \u20ac. \u00bb.<\/p>\n<p>Cette motivation ne contient aucun \u00e9l\u00e9ment concret, tangible, de nature \u00e0 permettre \u00e0 l\u2019appelant de retracer les motifs r\u00e9els qui ont amen\u00e9 l\u2019 intim\u00e9 \u00e0 prendre la d\u00e9cision entreprise. Il s\u2019agit en r\u00e9alit\u00e9 de la conclusion \u00e0 laquelle l\u2019Office social est arriv\u00e9, sans que la d\u00e9cision ne contienne d\u2019explications permettant de retracer pour quels motifs cette conclusion s\u2019est impos\u00e9e. Aucun chiffre pr\u00e9cis n\u2019est avanc\u00e9, aucune indication des crit\u00e8res appliqu\u00e9s n\u2019y est mentionn\u00e9e. Il convient de pr\u00e9ciser que dans la d\u00e9cision, il est fait mention d\u2019 une enqu\u00eate sociale qui aurait \u00e9t\u00e9 dress\u00e9e, dont le r\u00e9sultat se trouverait \u00e0 la base de la d\u00e9cision critiqu\u00e9e. Or il r\u00e9sulte des \u00e9l\u00e9ments du dossier que cette enqu\u00eate sociale se borne \u00e0 un amoncellement de pi\u00e8ces cens\u00e9es retracer la situation financi\u00e8re de l\u2019appelant, sans aucune analyse de cette situation et sans aucune explication quant \u00e0 l\u2019appr\u00e9ciation qui en a \u00e9t\u00e9 faite. Au regard de ces pi\u00e8ces, il n\u2019est notamment pas possible de d\u00e9terminer si l\u2019 intim\u00e9 a consid\u00e9r\u00e9 le fils de l\u2019 appelant comme faisant partie du m\u00e9nage que ce dernier forme avec son \u00e9pouse ou non. Cet amoncellement de pi\u00e8ces ne saurait partant servir de motivation \u00e0 la d\u00e9cision attaqu\u00e9e, de nature \u00e0 \u00e9clairer l\u2019appelant sur les crit\u00e8res d\u2019appr\u00e9ciation appliqu\u00e9s et les motifs concrets fondant le refus.<\/p>\n<p>Il r\u00e9sulte des d\u00e9veloppements qui pr\u00e9c\u00e8dent que la d\u00e9cision de rejet de l\u2019Office social du 9 juin 2021 n\u2019 est pas suffisamment motiv\u00e9e, de sorte \u00e0 violer les dispositions de l \u2019article 8 du r\u00e8glement grand-ducal du 8 novembre 2010 portant ex\u00e9cution de la loi du 18 d\u00e9cembre 2009 organisant l\u2019aide sociale. Elle encourt partant l\u2019annulation.<\/p>\n<p>Par ces motifs,<\/p>\n<p>le Conseil sup\u00e9rieur de la s\u00e9curit\u00e9 sociale,<\/p>\n<p>statuant sur le rapport oral du magistrat d\u00e9sign\u00e9 et les conclusions contradictoires des parties \u00e0 l\u2019audience,<\/p>\n<p>re\u00e7oit l\u2019appel en la forme,<\/p>\n<p>le d\u00e9clare fond\u00e9,<\/p>\n<p>r\u00e9formant, dit recevable le recours introduit par X devant le Conseil arbitral de la s\u00e9curit\u00e9 sociale,<\/p>\n<p>le dit \u00e9galement fond\u00e9,<\/p>\n<p>annule la d\u00e9cision du 9 juin 2021 de l\u2019Office social d\u2019A .<\/p>\n<p>La lecture du pr\u00e9sent arr\u00eat a \u00e9t\u00e9 faite \u00e0 l\u2019audience publique du 14 juillet 2022 par Madame le Pr\u00e9sident Marianne Harles, en pr\u00e9sence de Monsieur Jean-Paul Sinner, secr\u00e9taire.<\/p>\n<p>Le Pr\u00e9sident, Le Secr\u00e9taire, sign\u00e9: Harles sign\u00e9: Sinner<\/p>\n<\/div>\n<hr class=\"kji-sep\" \/>\n<p class=\"kji-source-links\"><strong>Sources officielles :<\/strong> <a class=\"kji-source-link\" href=\"https:\/\/data.public.lu\/fr\/datasets\/conseil-superieur-de-la-securite-sociale\/\" target=\"_blank\" rel=\"noopener noreferrer\">consulter la page source<\/a> &middot; <a class=\"kji-pdf-link\" href=\"https:\/\/download.data.public.lu\/resources\/conseil-superieur-de-la-securite-sociale\/20240806-140934\/20220714-seco20220068-accessible.pdf\" target=\"_blank\" rel=\"noopener noreferrer\">PDF officiel<\/a><\/p>\n<p class=\"kji-license-note\"><em>Licence CC BY-ND 4.0 (Administration judiciaire, data.public.lu). Republication autorisee avec attribution, sans modification editoriale du texte integral.<\/em><\/p>\n<\/div>\n","protected":false},"excerpt":{"rendered":"<p>GRAND-DUCHE DU LUXEMBOURG No. du reg.: SECO 2022\/0068 No.: 2022\/0209 CONSEIL SUPERIEUR DE LA SECURITE SOCIALE Audience publique du quatorze juillet deux mille vingt -deux Composition: Mme Marianne Harles, pr\u00e9sident de chambre \u00e0 la Cour d\u2019 appel, pr\u00e9sident Mme Myl\u00e8ne Regenwetter, 1 er conseiller \u00e0\u2026<\/p>\n","protected":false},"featured_media":0,"template":"","meta":{"_crdt_document":""},"kji_country":[8418],"kji_court":[27902],"kji_chamber":[],"kji_year":[32183],"kji_subject":[7712],"kji_keyword":[17415,8600,22742,8417,27904],"kji_language":[7733],"class_list":["post-652661","kji_decision","type-kji_decision","status-publish","hentry","kji_country-luxembourg","kji_court-conseil-superieur-de-la-securite-sociale","kji_year-32183","kji_subject-social","kji_keyword-conseil","kji_keyword-juillet","kji_keyword-securite","kji_keyword-sociale","kji_keyword-superieur","kji_language-francais"],"yoast_head":"<!-- This site is optimized with the Yoast SEO Premium plugin v27.5 (Yoast SEO v27.5) - https:\/\/yoast.com\/product\/yoast-seo-premium-wordpress\/ -->\n<title>Conseil sup\u00e9rieur de la s\u00e9curit\u00e9 sociale, 14 juillet 2022 - Ma\u00eetre Hassan Kohen, avocat en droit p\u00e9nal \u00e0 Paris<\/title>\n<meta name=\"robots\" content=\"index, follow, max-snippet:-1, max-image-preview:large, max-video-preview:-1\" \/>\n<link rel=\"canonical\" href=\"https:\/\/kohenavocats.com\/ru\/jurisprudences\/conseil-superieur-de-la-securite-sociale-14-juillet-2022-6\/\" \/>\n<meta property=\"og:locale\" content=\"ru_RU\" \/>\n<meta property=\"og:type\" content=\"article\" \/>\n<meta property=\"og:title\" content=\"Conseil sup\u00e9rieur de la s\u00e9curit\u00e9 sociale, 14 juillet 2022\" \/>\n<meta property=\"og:description\" content=\"GRAND-DUCHE DU LUXEMBOURG No. du reg.: SECO 2022\/0068 No.: 2022\/0209 CONSEIL SUPERIEUR DE LA SECURITE SOCIALE Audience publique du quatorze juillet deux mille vingt -deux Composition: Mme Marianne Harles, pr\u00e9sident de chambre \u00e0 la Cour d\u2019 appel, pr\u00e9sident Mme Myl\u00e8ne Regenwetter, 1 er conseiller \u00e0\u2026\" \/>\n<meta property=\"og:url\" content=\"https:\/\/kohenavocats.com\/ru\/jurisprudences\/conseil-superieur-de-la-securite-sociale-14-juillet-2022-6\/\" \/>\n<meta property=\"og:site_name\" content=\"Ma\u00eetre Hassan Kohen, avocat en droit p\u00e9nal \u00e0 Paris\" \/>\n<meta property=\"article:modified_time\" content=\"2026-04-22T21:17:58+00:00\" \/>\n<meta name=\"twitter:card\" content=\"summary_large_image\" \/>\n<meta name=\"twitter:label1\" content=\"\u041f\u0440\u0438\u043c\u0435\u0440\u043d\u043e\u0435 \u0432\u0440\u0435\u043c\u044f \u0434\u043b\u044f \u0447\u0442\u0435\u043d\u0438\u044f\" \/>\n\t<meta name=\"twitter:data1\" content=\"10 \u043c\u0438\u043d\u0443\u0442\" \/>\n<script type=\"application\/ld+json\" class=\"yoast-schema-graph\">{\"@context\":\"https:\\\/\\\/schema.org\",\"@graph\":[{\"@type\":\"WebPage\",\"@id\":\"https:\\\/\\\/kohenavocats.com\\\/ru\\\/jurisprudences\\\/conseil-superieur-de-la-securite-sociale-14-juillet-2022-6\\\/\",\"url\":\"https:\\\/\\\/kohenavocats.com\\\/ru\\\/jurisprudences\\\/conseil-superieur-de-la-securite-sociale-14-juillet-2022-6\\\/\",\"name\":\"Conseil sup\u00e9rieur de la s\u00e9curit\u00e9 sociale, 14 juillet 2022 - Ma\u00eetre Hassan Kohen, avocat en droit p\u00e9nal \u00e0 Paris\",\"isPartOf\":{\"@id\":\"https:\\\/\\\/kohenavocats.com\\\/ru\\\/#website\"},\"datePublished\":\"2026-04-22T21:17:55+00:00\",\"dateModified\":\"2026-04-22T21:17:58+00:00\",\"breadcrumb\":{\"@id\":\"https:\\\/\\\/kohenavocats.com\\\/ru\\\/jurisprudences\\\/conseil-superieur-de-la-securite-sociale-14-juillet-2022-6\\\/#breadcrumb\"},\"inLanguage\":\"ru-RU\",\"potentialAction\":[{\"@type\":\"ReadAction\",\"target\":[\"https:\\\/\\\/kohenavocats.com\\\/ru\\\/jurisprudences\\\/conseil-superieur-de-la-securite-sociale-14-juillet-2022-6\\\/\"]}]},{\"@type\":\"BreadcrumbList\",\"@id\":\"https:\\\/\\\/kohenavocats.com\\\/ru\\\/jurisprudences\\\/conseil-superieur-de-la-securite-sociale-14-juillet-2022-6\\\/#breadcrumb\",\"itemListElement\":[{\"@type\":\"ListItem\",\"position\":1,\"name\":\"Home\",\"item\":\"https:\\\/\\\/kohenavocats.com\\\/ru\\\/avocats-en-droit-penal-a-paris-conseil-et-defense-strategique\\\/\"},{\"@type\":\"ListItem\",\"position\":2,\"name\":\"Jurisprudences\",\"item\":\"https:\\\/\\\/kohenavocats.com\\\/ru\\\/jurisprudences\\\/\"},{\"@type\":\"ListItem\",\"position\":3,\"name\":\"Conseil sup\u00e9rieur de la s\u00e9curit\u00e9 sociale, 14 juillet 2022\"}]},{\"@type\":\"WebSite\",\"@id\":\"https:\\\/\\\/kohenavocats.com\\\/ru\\\/#website\",\"url\":\"https:\\\/\\\/kohenavocats.com\\\/ru\\\/\",\"name\":\"Kohen Avocats\",\"description\":\"Ma\u00eetre Hassan Kohen, avocat p\u00e9naliste \u00e0 Paris, intervient exclusivement en droit p\u00e9nal pour la d\u00e9fense des particuliers, notamment en mati\u00e8re d\u2019accusations de viol. Il assure un accompagnement rigoureux d\u00e8s la garde \u00e0 vue jusqu\u2019\u00e0 la Cour d\u2019assises, veillant au strict respect des garanties proc\u00e9durales.\",\"publisher\":{\"@id\":\"https:\\\/\\\/kohenavocats.com\\\/ru\\\/#organization\"},\"potentialAction\":[{\"@type\":\"SearchAction\",\"target\":{\"@type\":\"EntryPoint\",\"urlTemplate\":\"https:\\\/\\\/kohenavocats.com\\\/ru\\\/?s={search_term_string}\"},\"query-input\":{\"@type\":\"PropertyValueSpecification\",\"valueRequired\":true,\"valueName\":\"search_term_string\"}}],\"inLanguage\":\"ru-RU\"},{\"@type\":\"Organization\",\"@id\":\"https:\\\/\\\/kohenavocats.com\\\/ru\\\/#organization\",\"name\":\"Kohen Avocats\",\"url\":\"https:\\\/\\\/kohenavocats.com\\\/ru\\\/\",\"logo\":{\"@type\":\"ImageObject\",\"inLanguage\":\"ru-RU\",\"@id\":\"https:\\\/\\\/kohenavocats.com\\\/ru\\\/#\\\/schema\\\/logo\\\/image\\\/\",\"url\":\"https:\\\/\\\/kohenavocats.com\\\/wp-content\\\/uploads\\\/2026\\\/01\\\/Logo-2-1.webp\",\"contentUrl\":\"https:\\\/\\\/kohenavocats.com\\\/wp-content\\\/uploads\\\/2026\\\/01\\\/Logo-2-1.webp\",\"width\":2114,\"height\":1253,\"caption\":\"Kohen Avocats\"},\"image\":{\"@id\":\"https:\\\/\\\/kohenavocats.com\\\/ru\\\/#\\\/schema\\\/logo\\\/image\\\/\"}}]}<\/script>\n<!-- \/ Yoast SEO Premium plugin. -->","yoast_head_json":{"title":"Conseil sup\u00e9rieur de la s\u00e9curit\u00e9 sociale, 14 juillet 2022 - Ma\u00eetre Hassan Kohen, avocat en droit p\u00e9nal \u00e0 Paris","robots":{"index":"index","follow":"follow","max-snippet":"max-snippet:-1","max-image-preview":"max-image-preview:large","max-video-preview":"max-video-preview:-1"},"canonical":"https:\/\/kohenavocats.com\/ru\/jurisprudences\/conseil-superieur-de-la-securite-sociale-14-juillet-2022-6\/","og_locale":"ru_RU","og_type":"article","og_title":"Conseil sup\u00e9rieur de la s\u00e9curit\u00e9 sociale, 14 juillet 2022","og_description":"GRAND-DUCHE DU LUXEMBOURG No. du reg.: SECO 2022\/0068 No.: 2022\/0209 CONSEIL SUPERIEUR DE LA SECURITE SOCIALE Audience publique du quatorze juillet deux mille vingt -deux Composition: Mme Marianne Harles, pr\u00e9sident de chambre \u00e0 la Cour d\u2019 appel, pr\u00e9sident Mme Myl\u00e8ne Regenwetter, 1 er conseiller \u00e0\u2026","og_url":"https:\/\/kohenavocats.com\/ru\/jurisprudences\/conseil-superieur-de-la-securite-sociale-14-juillet-2022-6\/","og_site_name":"Ma\u00eetre Hassan Kohen, avocat en droit p\u00e9nal \u00e0 Paris","article_modified_time":"2026-04-22T21:17:58+00:00","twitter_card":"summary_large_image","twitter_misc":{"\u041f\u0440\u0438\u043c\u0435\u0440\u043d\u043e\u0435 \u0432\u0440\u0435\u043c\u044f \u0434\u043b\u044f \u0447\u0442\u0435\u043d\u0438\u044f":"10 \u043c\u0438\u043d\u0443\u0442"},"schema":{"@context":"https:\/\/schema.org","@graph":[{"@type":"WebPage","@id":"https:\/\/kohenavocats.com\/ru\/jurisprudences\/conseil-superieur-de-la-securite-sociale-14-juillet-2022-6\/","url":"https:\/\/kohenavocats.com\/ru\/jurisprudences\/conseil-superieur-de-la-securite-sociale-14-juillet-2022-6\/","name":"Conseil sup\u00e9rieur de la s\u00e9curit\u00e9 sociale, 14 juillet 2022 - Ma\u00eetre Hassan Kohen, avocat en droit p\u00e9nal \u00e0 Paris","isPartOf":{"@id":"https:\/\/kohenavocats.com\/ru\/#website"},"datePublished":"2026-04-22T21:17:55+00:00","dateModified":"2026-04-22T21:17:58+00:00","breadcrumb":{"@id":"https:\/\/kohenavocats.com\/ru\/jurisprudences\/conseil-superieur-de-la-securite-sociale-14-juillet-2022-6\/#breadcrumb"},"inLanguage":"ru-RU","potentialAction":[{"@type":"ReadAction","target":["https:\/\/kohenavocats.com\/ru\/jurisprudences\/conseil-superieur-de-la-securite-sociale-14-juillet-2022-6\/"]}]},{"@type":"BreadcrumbList","@id":"https:\/\/kohenavocats.com\/ru\/jurisprudences\/conseil-superieur-de-la-securite-sociale-14-juillet-2022-6\/#breadcrumb","itemListElement":[{"@type":"ListItem","position":1,"name":"Home","item":"https:\/\/kohenavocats.com\/ru\/avocats-en-droit-penal-a-paris-conseil-et-defense-strategique\/"},{"@type":"ListItem","position":2,"name":"Jurisprudences","item":"https:\/\/kohenavocats.com\/ru\/jurisprudences\/"},{"@type":"ListItem","position":3,"name":"Conseil sup\u00e9rieur de la s\u00e9curit\u00e9 sociale, 14 juillet 2022"}]},{"@type":"WebSite","@id":"https:\/\/kohenavocats.com\/ru\/#website","url":"https:\/\/kohenavocats.com\/ru\/","name":"Kohen Avocats","description":"Ma\u00eetre Hassan Kohen, avocat p\u00e9naliste \u00e0 Paris, intervient exclusivement en droit p\u00e9nal pour la d\u00e9fense des particuliers, notamment en mati\u00e8re d\u2019accusations de viol. Il assure un accompagnement rigoureux d\u00e8s la garde \u00e0 vue jusqu\u2019\u00e0 la Cour d\u2019assises, veillant au strict respect des garanties proc\u00e9durales.","publisher":{"@id":"https:\/\/kohenavocats.com\/ru\/#organization"},"potentialAction":[{"@type":"SearchAction","target":{"@type":"EntryPoint","urlTemplate":"https:\/\/kohenavocats.com\/ru\/?s={search_term_string}"},"query-input":{"@type":"PropertyValueSpecification","valueRequired":true,"valueName":"search_term_string"}}],"inLanguage":"ru-RU"},{"@type":"Organization","@id":"https:\/\/kohenavocats.com\/ru\/#organization","name":"Kohen Avocats","url":"https:\/\/kohenavocats.com\/ru\/","logo":{"@type":"ImageObject","inLanguage":"ru-RU","@id":"https:\/\/kohenavocats.com\/ru\/#\/schema\/logo\/image\/","url":"https:\/\/kohenavocats.com\/wp-content\/uploads\/2026\/01\/Logo-2-1.webp","contentUrl":"https:\/\/kohenavocats.com\/wp-content\/uploads\/2026\/01\/Logo-2-1.webp","width":2114,"height":1253,"caption":"Kohen Avocats"},"image":{"@id":"https:\/\/kohenavocats.com\/ru\/#\/schema\/logo\/image\/"}}]}},"jetpack_likes_enabled":false,"jetpack_sharing_enabled":true,"_links":{"self":[{"href":"https:\/\/kohenavocats.com\/ru\/wp-json\/wp\/v2\/kji_decision\/652661","targetHints":{"allow":["GET"]}}],"collection":[{"href":"https:\/\/kohenavocats.com\/ru\/wp-json\/wp\/v2\/kji_decision"}],"about":[{"href":"https:\/\/kohenavocats.com\/ru\/wp-json\/wp\/v2\/types\/kji_decision"}],"wp:attachment":[{"href":"https:\/\/kohenavocats.com\/ru\/wp-json\/wp\/v2\/media?parent=652661"}],"wp:term":[{"taxonomy":"kji_country","embeddable":true,"href":"https:\/\/kohenavocats.com\/ru\/wp-json\/wp\/v2\/kji_country?post=652661"},{"taxonomy":"kji_court","embeddable":true,"href":"https:\/\/kohenavocats.com\/ru\/wp-json\/wp\/v2\/kji_court?post=652661"},{"taxonomy":"kji_chamber","embeddable":true,"href":"https:\/\/kohenavocats.com\/ru\/wp-json\/wp\/v2\/kji_chamber?post=652661"},{"taxonomy":"kji_year","embeddable":true,"href":"https:\/\/kohenavocats.com\/ru\/wp-json\/wp\/v2\/kji_year?post=652661"},{"taxonomy":"kji_subject","embeddable":true,"href":"https:\/\/kohenavocats.com\/ru\/wp-json\/wp\/v2\/kji_subject?post=652661"},{"taxonomy":"kji_keyword","embeddable":true,"href":"https:\/\/kohenavocats.com\/ru\/wp-json\/wp\/v2\/kji_keyword?post=652661"},{"taxonomy":"kji_language","embeddable":true,"href":"https:\/\/kohenavocats.com\/ru\/wp-json\/wp\/v2\/kji_language?post=652661"}],"curies":[{"name":"wp","href":"https:\/\/api.w.org\/{rel}","templated":true}]}}