{"id":652929,"date":"2026-04-22T23:35:22","date_gmt":"2026-04-22T21:35:22","guid":{"rendered":"https:\/\/kohenavocats.com\/jurisprudences\/eclinlrbnho202512681-rechtbank-noord-holland-29-10-2025-10525832\/"},"modified":"2026-04-22T23:35:22","modified_gmt":"2026-04-22T21:35:22","slug":"eclinlrbnho202512681-rechtbank-noord-holland-29-10-2025-10525832","status":"publish","type":"kji_decision","link":"https:\/\/kohenavocats.com\/ru\/jurisprudences\/eclinlrbnho202512681-rechtbank-noord-holland-29-10-2025-10525832\/","title":{"rendered":"ECLI:NL:RBNHO:2025:12681 Rechtbank Noord-Holland , 29-10-2025 \/ 10525832"},"content":{"rendered":"<div class=\"kji-decision\">\n<div class=\"kji-full-text\">\n<p><strong>Inhoudsindicatie.<\/strong> Luchtvaart; EPGV; dat er vanwege COVID-19 beperkingen werden gesteld aan het vieren van vakantie in Costa Rica zodat vluchten nagenoeg leeg bleven, maakt niet dat de vlucht niet kon worden uitgevoerd; verzoek (grotendeels) toegewezen<\/p>\n<h3>RECHTBANK NOORD-HOLLAND<\/h3>\n<p>Handel, Kanton en Insolventie<\/p>\n<p>locatie Haarlem<\/p>\n<p>Zaaknr.\/rolnr.: 10525832 \\ CV FORM 23-3266<\/p>\n<p>Uitspraakdatum: 29 oktober 2025<\/p>\n<p>Beschikking van de kantonrechter in de zaak van:<\/p>\n<p>[verzoeker]<br \/>\n , wonende te [plaats]<\/p>\n<p>verzoekende partij<\/p>\n<p>verder te noemen: de passagier<\/p>\n<p>gemachtigde: mr. R.A.C. Telkamp (EUclaim B.V.)<\/p>\n<p>tegen<\/p>\n<p>de vennootschap naar buitenlands recht<\/p>\n<p>Air France<\/p>\n<p>gevestigd te Roissy (Frankrijk)<\/p>\n<p>verwerende partij<\/p>\n<p>verder te noemen: de vervoerder<\/p>\n<p>gemachtigde: mr. M. Lustenhouwer (AKD)<\/p>\n<h3>1Het procesverloop<\/h3>\n<p>Dit verloop blijkt uit:<\/p>\n<p>het vorderingsformulier (formulier A);<\/p>\n<p>het antwoordformulier (formulier C) en het verweerschrift.<\/p>\n<h3>2De feiten<\/h3>\n<p>De passagier heeft een vervoersovereenkomst gesloten op grond waarvan de vervoerder haar op 6 juni 2021 moest vervoeren van Amsterdam-Schiphol Airport via Charles de Gaulle Airport (Frankrijk) naar Juan Santamar\u00eda International Airport (Costa Rica), met de vluchtcombinatie AF1241 en AF430.<\/p>\n<p>De vervoerder heeft vlucht AF430 (hierna: de vlucht) geannuleerd.<\/p>\n<p>De passagier heeft daarom compensatie van de vervoerder verzocht.<\/p>\n<p>De vervoerder heeft niet uitbetaald.<\/p>\n<h3>3Het geschil<\/h3>\n<p>De passagier verzoekt de vervoerder te veroordelen tot betaling van:<\/p>\n<p>&#8212; \u20ac 600,00, vermeerderd met de wettelijke rente vanaf 6 juni 2021 tot aan de dag der algehele voldoening;<br \/>\n&#8212; primair \u20ac 181,50 subsidiair \u20ac 108,90 aan buitengerechtelijke incassokosten, te vermeerderen met wettelijke rente vanaf 17 juni 2021;<br \/>\n&#8212; de proceskosten en de nakosten, te vermeerderen met wettelijke rente.<\/p>\n<p>De passagier baseert haar verzoek op de Verordening (EG) nr. 261\/2004 (hierna: de Verordening) en de rechtspraak van het Hof van Justitie van de Europese Unie (hierna: het Hof). De passagier stelt dat de vervoerder haar vanwege de annulering van de vlucht moet compenseren met een bedrag van \u20ac 600,00.<\/p>\n<p>De vervoerder voert verweer. Op zijn verweer wordt ingegaan bij de beoordeling.<\/p>\n<h3>4De beoordeling<\/h3>\n<p>De kantonrechter stelt ambtshalve vast dat zij bevoegd is om van het verzoek kennis te nemen.<\/p>\n<p>In het formulier A heeft de passagier aangegeven een mondelinge behandeling te verlangen, als de vervoerder reageert met stukken ter staving van zijn stellingen. De kantonrechter zal dit verzoek echter weigeren omdat zij, gezien de omstandigheden van de zaak, van oordeel is dat een eerlijke rechtspleging in deze zaak geen mondelinge behandeling vergt.<\/p>\n<p>Vast staat dat de vlucht is geannuleerd. In beginsel moet de vervoerder dan compenseren. Dit is anders als de vervoerder kan aantonen dat de annulering van de vlucht het gevolg is geweest van buitengewone omstandigheden, die ondanks het treffen van alle redelijke maatregelen niet voorkomen konden worden.<\/p>\n<p>Hij stelt in dit verband dat de vlucht is geannuleerd vanwege de coronapandemie en de daardoor geldende restricties.<\/p>\n<p>Vast staat dat op het moment dat de vlucht had moeten worden uitgevoerd er sprake was van een wereldwijde corona uitbraak en dat de coronapandemie grote gevolgen heeft gehad voor de luchtvaart. De Europese commissie heeft in haar richtsnoeren betreffende de EU-verordeningen inzake passagiersrechten in de context van de ontwikkeling van COVID-19 het volgende overwogen:<\/p>\n<p>\u201cDe Commissie is van mening dat als overheden maatregelen nemen om de COVID-19-pandemie in te perken, die maatregelen naar hun aard en oorsprong niet inherent zijn aan de normale uitoefening van de activiteiten van luchtvaartmaatschappijen en dat de maatschappijen die maatregelen niet in de hand hebben.<\/p>\n<p>Volgens artikel 5, lid 3, wordt van het recht op compensatie afgezien op voorwaarde dat de desbetreffende annulering \u201chet gevolg is\u201d van buitengewone omstandigheden die ondanks het treffen van alle redelijke maatregelen niet voorkomen hadden kunnen worden.<\/p>\n<p>Er wordt geacht aan die voorwaarde te zijn voldaan als overheden bepaalde vluchten regelrecht verbieden of het verkeer van personen op zodanige wijze verbieden dat de desbetreffende vlucht niet kan worden uitgevoerd.<\/p>\n<p>Aan die voorwaarde kan ook worden voldaan als de vlucht wordt geannuleerd onder omstandigheden waarin de overeenkomstige verplaatsing van personen niet volledig verboden is, maar beperkt is tot personen die een afwijking genieten (bijvoorbeeld onderdanen of ingezetenen van de desbetreffende staat).<\/p>\n<p>Als niemand van die personen een bepaalde vlucht zou nemen, zou die vlucht leeg blijven als hij niet zou worden geannuleerd. In dergelijke situaties kan het gerechtvaardigd zijn dat een luchtvaartmaatschappij de vlucht niet pas heel laat maar tijdig annuleert (zelfs zonder zeker te zijn van de rechten van de verschillende passagiers om te reizen), zodat er passende organisatorische maatregelen kunnen worden genomen, onder meer betreffende de door de luchtvaartmaatschappij verplichte verzorging van passagiers. In dergelijke gevallen en afhankelijk van de omstandigheden kan een annulering nog steeds worden beschouwd als \u201chet gevolg\u201d van de maatregel van de overheden. Afhankelijk van de omstandigheden kan dat ook het geval zijn voor vluchten in de omgekeerde richting van de vluchten die rechtstreeks onder het verbod op het verkeer van personen vallen.<\/p>\n<p>Als de luchtvaartmaatschappij besluit een vlucht te annuleren en aantoont dat dit besluit gerechtvaardigd is om de gezondheid van de bemanning te beschermen, moet die annulering ook als \u201chet gevolg\u201d van buitengewone omstandigheden worden beschouwd.<\/p>\n<p>Bovenstaande overwegingen zijn niet uitputtend en kunnen niet uitputtend zijn in die zin dat ook andere specifieke omstandigheden met betrekking tot COVID-19 onder de invloedssfeer van artikel 5, lid 3, kunnen vallen.\u201d<\/p>\n<p>De kantonrechter stelt voorop dat zij niet gehouden is aan de richtsnoeren, nu dit geen geldend recht is. Wel kunnen de richtsnoeren richtinggevend zijn. De vraag die voorligt is of verplaatsing van en naar Nederland, Frankrijk en\/of Costa Rica op 6 juni 2021 verboden dan wel beperkt was. De kantonrechter oordeelt dat deze vraag ontkennend moet worden beantwoord. Zij overweegt daartoe als volgt.<\/p>\n<p>Weliswaar stelt de vervoerder dat er op 6 juni 2021 (algemene) COVID-19 maatregelen golden, maar dit maakt niet dat de vlucht niet kon worden uitgevoerd. Dat er beperkingen werden gesteld aan het vieren van vakantie in Costa Rica zodat vluchten nagenoeg leeg bleven, maakt dit niet anders. Wellicht heeft de vervoerder keuzes gemaakt die vanuit het oogpunt van de onderneming en\/of het milieu het meest gunstig waren, maar dit ontslaat hem niet van zijn verplichting om gedupeerde passagiers te compenseren. Het beroep van de vervoerder op een buitengewone omstandigheid wordt dan ook verworpen. De vraag of hij alle redelijke maatregelen heeft genomen kan gelet op het voorgaande onbeantwoord blijven. De door de passagier verzochte compensatie zal daarom worden toegewezen.<\/p>\n<p>Ten aanzien van de over de hoofdsom verzochte wettelijke rente wordt als volgt overwogen. De passagier heeft de wettelijke rente verzocht vanaf de datum van de vlucht. Het betreft hier een verzoek tot vergoeding van forfaitair berekende schade, zodat deze schade terstond opeisbaar is. Het verzuim treedt zonder ingebrekestelling in op het moment dat de schade geacht wordt te zijn geleden. De wettelijke rente wordt daarom toegewezen vanaf 6 juni 2021, zijnde de datum waarop de vlucht op de eindbestemming had moeten aankomen.<\/p>\n<p>De passagier heeft een bedrag aan buitengerechtelijke incassokosten verzocht. De vervoerder heeft dit verzoek (gemotiveerd) betwist. Het verzoek heeft geen betrekking op \u00e9\u00e9n van de situaties waarin het Besluit vergoeding voor buitengerechtelijke incassokosten (hierna: het Besluit) van toepassing is. Daarom zal de kantonrechter de vraag of buitengerechtelijke incassokosten verschuldigd zijn toetsen aan de eisen zoals deze zijn geformuleerd in het rapport Voorwerk II. Voldoende aannemelijk is gemaakt dat de passagier buitengerechtelijke werkzaamheden heeft laten verrichten en dat hiervoor kosten zijn gemaakt. De omvang van de buitengerechtelijke incassokosten moet worden getoetst aan de tarieven zoals vervat in het Besluit in plaats van aan de tarieven van het rapport Voorwerk II; de tarieven neergelegd in het Besluit worden geacht redelijk te zijn. Het primair verzochte bedrag is hoger dan het tarief dat in het Besluit is bepaald. De kantonrechter zal het verzochte bedrag daarom toewijzen tot het wettelijke tarief, namelijk \u20ac 108,90 (inclusief btw), en voor het overige afwijzen.<\/p>\n<p>De verzochte rente over de buitengerechtelijke kosten is ook toewijsbaar, behalve dat deze wordt toegewezen vanaf de datum van ontvangst van het formulier A. De passagier heeft daar in ieder geval vanaf die datum recht op. Het is niet gesteld of gebleken dat zij dit ook al vanaf een eerdere datum had.<\/p>\n<p>De vervoerder zal in het ongelijk worden gesteld. Daarom zal hij worden veroordeeld in de kosten van de procedure. Ook de nakosten worden toegewezen, voor zover de passagier daadwerkelijk nakosten zal maken. De verzochte rente is toewijsbaar vanaf de datum gelegen 14 dagen na betekening van deze beschikking.<\/p>\n<p>Op verzoek van de passagier zal een certificaat aan deze beschikking worden gehecht.<\/p>\n<h3>5De beslissing<\/h3>\n<p>De kantonrechter:<\/p>\n<p>veroordeelt de vervoerder tot betaling aan de passagier van \u20ac 708,90, te vermeerderen met de wettelijke rente over \u20ac 600,00 vanaf 6 juni 2021 en over \u20ac 108,90 vanaf 24 mei 2023 tot aan de dag van voldoening van deze bedragen;<\/p>\n<p>veroordeelt de vervoerder tot betaling van de proceskosten die aan de kant van de passagier tot en met vandaag worden begroot op \u20ac 214,00 aan griffierecht en \u20ac 135,00 aan salaris gemachtigde;<\/p>\n<p>en veroordeelt de vervoerder tot betaling van \u20ac 67,50 aan nakosten voor zover deze kosten daadwerkelijk door de passagier worden gemaakt, vermeerderd met de wettelijke rente over deze bedragen vanaf de datum gelegen 14 dagen na betekening van deze beschikking tot aan de dag van de algehele voldoening;<\/p>\n<p>wijst het meer of anders verzochte af.<\/p>\n<p>Deze beschikking is gegeven door mr. S. Kleij, kantonrechter, en op bovengenoemde datum in het openbaar uitgesproken in aanwezigheid van de griffier.<\/p>\n<p>De griffier De kantonrechter<\/p>\n<p>Tegen deze beschikking staat geen hoger beroep open<\/p>\n<h3>Voetnoten<\/h3>\n<ol>\n<li>Artikel 7 van de Verordening.<\/li>\n<li>Artikel 5 lid 3 van de Verordening.<\/li>\n<li>Artikel 6:83 sub b BW.<\/li>\n<li>Zoals bedoeld in artikel 20 lid 2 van de Verordening (EG) nr. 861\/2007 tot vaststelling van een Europese procedure voor geringe vorderingen.<\/li>\n<\/ol>\n<\/div>\n<hr class=\"kji-sep\" \/>\n<p class=\"kji-source-links\"><strong>Sources officielles :<\/strong> <a class=\"kji-source-link\" href=\"http:\/\/deeplink.rechtspraak.nl\/uitspraak?id=ECLI:NL:RBNHO:2025:12681\" target=\"_blank\" rel=\"noopener noreferrer\">consulter la page source<\/a><\/p>\n<p class=\"kji-license-note\"><em>Rechtspraak.nl open data, Creative Commons Zero. Volume cible 1.8M decisions.<\/em><\/p>\n<\/div>\n","protected":false},"excerpt":{"rendered":"<p>Luchtvaart; EPGV; dat er vanwege COVID-19 beperkingen werden gesteld aan het vieren van vakantie in Costa Rica zodat vluchten nagenoeg leeg bleven, maakt niet dat de vlucht niet kon worden uitgevoerd; verzoek (grotendeels) toegewezen<\/p>\n","protected":false},"featured_media":0,"template":"","meta":{"_crdt_document":""},"kji_country":[7669],"kji_court":[7895],"kji_chamber":[],"kji_year":[8463],"kji_subject":[7612],"kji_keyword":[13036,8393,8392,7675,9289],"kji_language":[7671],"class_list":["post-652929","kji_decision","type-kji_decision","status-publish","hentry","kji_country-pays-bas","kji_court-rechtbank-noord-holland","kji_year-8463","kji_subject-fiscal","kji_keyword-luchtvaart","kji_keyword-noord-holland","kji_keyword-rbnho","kji_keyword-rechtbank","kji_keyword-vanwege","kji_language-nl"],"yoast_head":"<!-- This site is optimized with the Yoast SEO Premium plugin v27.5 (Yoast SEO v27.5) - https:\/\/yoast.com\/product\/yoast-seo-premium-wordpress\/ -->\n<title>ECLI:NL:RBNHO:2025:12681 Rechtbank Noord-Holland , 29-10-2025 \/ 10525832 - Ma\u00eetre Hassan Kohen, avocat en droit p\u00e9nal \u00e0 Paris<\/title>\n<meta name=\"robots\" content=\"index, follow, max-snippet:-1, max-image-preview:large, max-video-preview:-1\" \/>\n<link rel=\"canonical\" href=\"https:\/\/kohenavocats.com\/ru\/jurisprudences\/eclinlrbnho202512681-rechtbank-noord-holland-29-10-2025-10525832\/\" \/>\n<meta property=\"og:locale\" content=\"ru_RU\" \/>\n<meta property=\"og:type\" content=\"article\" \/>\n<meta property=\"og:title\" content=\"ECLI:NL:RBNHO:2025:12681 Rechtbank Noord-Holland , 29-10-2025 \/ 10525832\" \/>\n<meta property=\"og:description\" content=\"Luchtvaart; EPGV; dat er vanwege COVID-19 beperkingen werden gesteld aan het vieren van vakantie in Costa Rica zodat vluchten nagenoeg leeg bleven, maakt niet dat de vlucht niet kon worden uitgevoerd; verzoek (grotendeels) toegewezen\" \/>\n<meta property=\"og:url\" content=\"https:\/\/kohenavocats.com\/ru\/jurisprudences\/eclinlrbnho202512681-rechtbank-noord-holland-29-10-2025-10525832\/\" \/>\n<meta property=\"og:site_name\" content=\"Ma\u00eetre Hassan Kohen, avocat en droit p\u00e9nal \u00e0 Paris\" \/>\n<meta name=\"twitter:card\" content=\"summary_large_image\" \/>\n<meta name=\"twitter:label1\" content=\"\u041f\u0440\u0438\u043c\u0435\u0440\u043d\u043e\u0435 \u0432\u0440\u0435\u043c\u044f \u0434\u043b\u044f \u0447\u0442\u0435\u043d\u0438\u044f\" \/>\n\t<meta name=\"twitter:data1\" content=\"8 \u043c\u0438\u043d\u0443\u0442\" \/>\n<script type=\"application\/ld+json\" class=\"yoast-schema-graph\">{\"@context\":\"https:\\\/\\\/schema.org\",\"@graph\":[{\"@type\":\"WebPage\",\"@id\":\"https:\\\/\\\/kohenavocats.com\\\/ru\\\/jurisprudences\\\/eclinlrbnho202512681-rechtbank-noord-holland-29-10-2025-10525832\\\/\",\"url\":\"https:\\\/\\\/kohenavocats.com\\\/ru\\\/jurisprudences\\\/eclinlrbnho202512681-rechtbank-noord-holland-29-10-2025-10525832\\\/\",\"name\":\"ECLI:NL:RBNHO:2025:12681 Rechtbank Noord-Holland , 29-10-2025 \\\/ 10525832 - Ma\u00eetre Hassan Kohen, avocat en droit p\u00e9nal \u00e0 Paris\",\"isPartOf\":{\"@id\":\"https:\\\/\\\/kohenavocats.com\\\/ru\\\/#website\"},\"datePublished\":\"2026-04-22T21:35:22+00:00\",\"breadcrumb\":{\"@id\":\"https:\\\/\\\/kohenavocats.com\\\/ru\\\/jurisprudences\\\/eclinlrbnho202512681-rechtbank-noord-holland-29-10-2025-10525832\\\/#breadcrumb\"},\"inLanguage\":\"ru-RU\",\"potentialAction\":[{\"@type\":\"ReadAction\",\"target\":[\"https:\\\/\\\/kohenavocats.com\\\/ru\\\/jurisprudences\\\/eclinlrbnho202512681-rechtbank-noord-holland-29-10-2025-10525832\\\/\"]}]},{\"@type\":\"BreadcrumbList\",\"@id\":\"https:\\\/\\\/kohenavocats.com\\\/ru\\\/jurisprudences\\\/eclinlrbnho202512681-rechtbank-noord-holland-29-10-2025-10525832\\\/#breadcrumb\",\"itemListElement\":[{\"@type\":\"ListItem\",\"position\":1,\"name\":\"Home\",\"item\":\"https:\\\/\\\/kohenavocats.com\\\/ru\\\/avocats-en-droit-penal-a-paris-conseil-et-defense-strategique\\\/\"},{\"@type\":\"ListItem\",\"position\":2,\"name\":\"Jurisprudences\",\"item\":\"https:\\\/\\\/kohenavocats.com\\\/ru\\\/jurisprudences\\\/\"},{\"@type\":\"ListItem\",\"position\":3,\"name\":\"ECLI:NL:RBNHO:2025:12681 Rechtbank Noord-Holland , 29-10-2025 \\\/ 10525832\"}]},{\"@type\":\"WebSite\",\"@id\":\"https:\\\/\\\/kohenavocats.com\\\/ru\\\/#website\",\"url\":\"https:\\\/\\\/kohenavocats.com\\\/ru\\\/\",\"name\":\"Kohen Avocats\",\"description\":\"Ma\u00eetre Hassan Kohen, avocat p\u00e9naliste \u00e0 Paris, intervient exclusivement en droit p\u00e9nal pour la d\u00e9fense des particuliers, notamment en mati\u00e8re d\u2019accusations de viol. Il assure un accompagnement rigoureux d\u00e8s la garde \u00e0 vue jusqu\u2019\u00e0 la Cour d\u2019assises, veillant au strict respect des garanties proc\u00e9durales.\",\"publisher\":{\"@id\":\"https:\\\/\\\/kohenavocats.com\\\/ru\\\/#organization\"},\"potentialAction\":[{\"@type\":\"SearchAction\",\"target\":{\"@type\":\"EntryPoint\",\"urlTemplate\":\"https:\\\/\\\/kohenavocats.com\\\/ru\\\/?s={search_term_string}\"},\"query-input\":{\"@type\":\"PropertyValueSpecification\",\"valueRequired\":true,\"valueName\":\"search_term_string\"}}],\"inLanguage\":\"ru-RU\"},{\"@type\":\"Organization\",\"@id\":\"https:\\\/\\\/kohenavocats.com\\\/ru\\\/#organization\",\"name\":\"Kohen Avocats\",\"url\":\"https:\\\/\\\/kohenavocats.com\\\/ru\\\/\",\"logo\":{\"@type\":\"ImageObject\",\"inLanguage\":\"ru-RU\",\"@id\":\"https:\\\/\\\/kohenavocats.com\\\/ru\\\/#\\\/schema\\\/logo\\\/image\\\/\",\"url\":\"https:\\\/\\\/kohenavocats.com\\\/wp-content\\\/uploads\\\/2026\\\/01\\\/Logo-2-1.webp\",\"contentUrl\":\"https:\\\/\\\/kohenavocats.com\\\/wp-content\\\/uploads\\\/2026\\\/01\\\/Logo-2-1.webp\",\"width\":2114,\"height\":1253,\"caption\":\"Kohen Avocats\"},\"image\":{\"@id\":\"https:\\\/\\\/kohenavocats.com\\\/ru\\\/#\\\/schema\\\/logo\\\/image\\\/\"}}]}<\/script>\n<!-- \/ Yoast SEO Premium plugin. -->","yoast_head_json":{"title":"ECLI:NL:RBNHO:2025:12681 Rechtbank Noord-Holland , 29-10-2025 \/ 10525832 - Ma\u00eetre Hassan Kohen, avocat en droit p\u00e9nal \u00e0 Paris","robots":{"index":"index","follow":"follow","max-snippet":"max-snippet:-1","max-image-preview":"max-image-preview:large","max-video-preview":"max-video-preview:-1"},"canonical":"https:\/\/kohenavocats.com\/ru\/jurisprudences\/eclinlrbnho202512681-rechtbank-noord-holland-29-10-2025-10525832\/","og_locale":"ru_RU","og_type":"article","og_title":"ECLI:NL:RBNHO:2025:12681 Rechtbank Noord-Holland , 29-10-2025 \/ 10525832","og_description":"Luchtvaart; EPGV; dat er vanwege COVID-19 beperkingen werden gesteld aan het vieren van vakantie in Costa Rica zodat vluchten nagenoeg leeg bleven, maakt niet dat de vlucht niet kon worden uitgevoerd; verzoek (grotendeels) toegewezen","og_url":"https:\/\/kohenavocats.com\/ru\/jurisprudences\/eclinlrbnho202512681-rechtbank-noord-holland-29-10-2025-10525832\/","og_site_name":"Ma\u00eetre Hassan Kohen, avocat en droit p\u00e9nal \u00e0 Paris","twitter_card":"summary_large_image","twitter_misc":{"\u041f\u0440\u0438\u043c\u0435\u0440\u043d\u043e\u0435 \u0432\u0440\u0435\u043c\u044f \u0434\u043b\u044f \u0447\u0442\u0435\u043d\u0438\u044f":"8 \u043c\u0438\u043d\u0443\u0442"},"schema":{"@context":"https:\/\/schema.org","@graph":[{"@type":"WebPage","@id":"https:\/\/kohenavocats.com\/ru\/jurisprudences\/eclinlrbnho202512681-rechtbank-noord-holland-29-10-2025-10525832\/","url":"https:\/\/kohenavocats.com\/ru\/jurisprudences\/eclinlrbnho202512681-rechtbank-noord-holland-29-10-2025-10525832\/","name":"ECLI:NL:RBNHO:2025:12681 Rechtbank Noord-Holland , 29-10-2025 \/ 10525832 - Ma\u00eetre Hassan Kohen, avocat en droit p\u00e9nal \u00e0 Paris","isPartOf":{"@id":"https:\/\/kohenavocats.com\/ru\/#website"},"datePublished":"2026-04-22T21:35:22+00:00","breadcrumb":{"@id":"https:\/\/kohenavocats.com\/ru\/jurisprudences\/eclinlrbnho202512681-rechtbank-noord-holland-29-10-2025-10525832\/#breadcrumb"},"inLanguage":"ru-RU","potentialAction":[{"@type":"ReadAction","target":["https:\/\/kohenavocats.com\/ru\/jurisprudences\/eclinlrbnho202512681-rechtbank-noord-holland-29-10-2025-10525832\/"]}]},{"@type":"BreadcrumbList","@id":"https:\/\/kohenavocats.com\/ru\/jurisprudences\/eclinlrbnho202512681-rechtbank-noord-holland-29-10-2025-10525832\/#breadcrumb","itemListElement":[{"@type":"ListItem","position":1,"name":"Home","item":"https:\/\/kohenavocats.com\/ru\/avocats-en-droit-penal-a-paris-conseil-et-defense-strategique\/"},{"@type":"ListItem","position":2,"name":"Jurisprudences","item":"https:\/\/kohenavocats.com\/ru\/jurisprudences\/"},{"@type":"ListItem","position":3,"name":"ECLI:NL:RBNHO:2025:12681 Rechtbank Noord-Holland , 29-10-2025 \/ 10525832"}]},{"@type":"WebSite","@id":"https:\/\/kohenavocats.com\/ru\/#website","url":"https:\/\/kohenavocats.com\/ru\/","name":"Kohen Avocats","description":"Ma\u00eetre Hassan Kohen, avocat p\u00e9naliste \u00e0 Paris, intervient exclusivement en droit p\u00e9nal pour la d\u00e9fense des particuliers, notamment en mati\u00e8re d\u2019accusations de viol. Il assure un accompagnement rigoureux d\u00e8s la garde \u00e0 vue jusqu\u2019\u00e0 la Cour d\u2019assises, veillant au strict respect des garanties proc\u00e9durales.","publisher":{"@id":"https:\/\/kohenavocats.com\/ru\/#organization"},"potentialAction":[{"@type":"SearchAction","target":{"@type":"EntryPoint","urlTemplate":"https:\/\/kohenavocats.com\/ru\/?s={search_term_string}"},"query-input":{"@type":"PropertyValueSpecification","valueRequired":true,"valueName":"search_term_string"}}],"inLanguage":"ru-RU"},{"@type":"Organization","@id":"https:\/\/kohenavocats.com\/ru\/#organization","name":"Kohen Avocats","url":"https:\/\/kohenavocats.com\/ru\/","logo":{"@type":"ImageObject","inLanguage":"ru-RU","@id":"https:\/\/kohenavocats.com\/ru\/#\/schema\/logo\/image\/","url":"https:\/\/kohenavocats.com\/wp-content\/uploads\/2026\/01\/Logo-2-1.webp","contentUrl":"https:\/\/kohenavocats.com\/wp-content\/uploads\/2026\/01\/Logo-2-1.webp","width":2114,"height":1253,"caption":"Kohen Avocats"},"image":{"@id":"https:\/\/kohenavocats.com\/ru\/#\/schema\/logo\/image\/"}}]}},"jetpack_likes_enabled":false,"jetpack_sharing_enabled":true,"_links":{"self":[{"href":"https:\/\/kohenavocats.com\/ru\/wp-json\/wp\/v2\/kji_decision\/652929","targetHints":{"allow":["GET"]}}],"collection":[{"href":"https:\/\/kohenavocats.com\/ru\/wp-json\/wp\/v2\/kji_decision"}],"about":[{"href":"https:\/\/kohenavocats.com\/ru\/wp-json\/wp\/v2\/types\/kji_decision"}],"wp:attachment":[{"href":"https:\/\/kohenavocats.com\/ru\/wp-json\/wp\/v2\/media?parent=652929"}],"wp:term":[{"taxonomy":"kji_country","embeddable":true,"href":"https:\/\/kohenavocats.com\/ru\/wp-json\/wp\/v2\/kji_country?post=652929"},{"taxonomy":"kji_court","embeddable":true,"href":"https:\/\/kohenavocats.com\/ru\/wp-json\/wp\/v2\/kji_court?post=652929"},{"taxonomy":"kji_chamber","embeddable":true,"href":"https:\/\/kohenavocats.com\/ru\/wp-json\/wp\/v2\/kji_chamber?post=652929"},{"taxonomy":"kji_year","embeddable":true,"href":"https:\/\/kohenavocats.com\/ru\/wp-json\/wp\/v2\/kji_year?post=652929"},{"taxonomy":"kji_subject","embeddable":true,"href":"https:\/\/kohenavocats.com\/ru\/wp-json\/wp\/v2\/kji_subject?post=652929"},{"taxonomy":"kji_keyword","embeddable":true,"href":"https:\/\/kohenavocats.com\/ru\/wp-json\/wp\/v2\/kji_keyword?post=652929"},{"taxonomy":"kji_language","embeddable":true,"href":"https:\/\/kohenavocats.com\/ru\/wp-json\/wp\/v2\/kji_language?post=652929"}],"curies":[{"name":"wp","href":"https:\/\/api.w.org\/{rel}","templated":true}]}}