{"id":653396,"date":"2026-04-23T00:47:01","date_gmt":"2026-04-22T22:47:01","guid":{"rendered":"https:\/\/kohenavocats.com\/jurisprudences\/acordao-supremo-tribunal-de-justica-processo-1455-20-2t8gdm-p1-s1-2022-11-10-2\/"},"modified":"2026-04-23T00:47:01","modified_gmt":"2026-04-22T22:47:01","slug":"acordao-supremo-tribunal-de-justica-processo-1455-20-2t8gdm-p1-s1-2022-11-10-2","status":"publish","type":"kji_decision","link":"https:\/\/kohenavocats.com\/ru\/jurisprudences\/acordao-supremo-tribunal-de-justica-processo-1455-20-2t8gdm-p1-s1-2022-11-10-2\/","title":{"rendered":"Ac\u00f3rd\u00e3o Supremo Tribunal de Justi\u00e7a \u2013 Processo 1455\/20.2T8GDM.P1.S1 \u2013 2022-11-10"},"content":{"rendered":"<div class=\"kji-decision\">\n<p class=\"kji-summary\">Relator: NUNO ATA?DE DAS NEVES. I &#8212; N?o tendo os progenitores cuidado de estabelecer e manter com a menor sua filha uma rela??o afetiva est?vel, tamb?m n?o lhe conferindo condi??es m?nimas de seguran?a em termos de habita??o, sa?de, forma??o e educa??o, evidenciando irrevers?vel e plena incapacidade de assumirem e cumprirem os seus poderes\/deveres parentais, e n?o existindo outro familiar que deseje e tenha capacidades para exercer tais fun??es paternais de forma duradoura, segura e est?vel, encontram-se definitivamente comprometidos os v?nculos afetivos pr?prios da filia??o e definitivamente comprometida a guarda da menor pelos progenitores. II &#8212; Imp?e o princ?pio do superior interesse da crian?a que no caso de a crian?a se encontrar colocada em perigo pela sua pr?pria fam?lia biol?gica, nomeadamente pelos seus progenitores, sejam decretadas medidas de prote??o que visem a sua seguran?a e sa?de junto de uma terceira pessoa, seja junto de outro familiar ou de confian?a a pessoa id?nea, tendo em vista, quando a fam?lia se revelar impotente para cuidar da crian?a com car?cter duradouro, afastando-a da situa??o de perigo, que a crian?a venha a ser confiada tendo em vista futura adop??o, por esta via tamb?m se privilegiando o princ?pio da preval?ncia da fam?lia, agora adoptiva. III &#8212; Verificando-se o condicionalismo ?nsito no n.? 1, als. d) e e), do art. 1978.? do CC (por exig?ncia do art. 35.?, n.? 1, al. g), da LPCJP, e do art. 38.?-A, al. b), do mesmo diploma), assim patente a fal?ncia da fam?lia, de origem ou alargada, a medida que mais se revela adequada ? satisfa??o do superior interesse da crian?a e da preval?ncia da fam?lia, por ser a que mais se aproxima da fam?lia natural, ? a do seu encaminhamento para a adop??o, concedendo-se ? crian?a a possibilidade de integrar um agregado familiar que a respeite enquanto ser humano em forma??o e lhe garanta uma viv?ncia familiar pautada pelo equil?brio aos mais diversos n?veis, assim se observando a plena adequa??o e proporcionalidade da medida decretada ? situa??o de perigo existente (art. 4.? da LPCJP).<\/p>\n<hr class=\"kji-sep\" \/>\n<p class=\"kji-source-links\"><strong>Sources officielles :<\/strong> <a class=\"kji-source-link\" href=\"https:\/\/www.dgsi.pt\/jstj.nsf\/954f0ce6ad9dd8b980256b5f003fa814\/e219ed9e59e97242802588f6005f8098?OpenDocument&#038;ExpandSection=1\" target=\"_blank\" rel=\"noopener noreferrer\">consulter la page source<\/a><\/p>\n<p class=\"kji-license-note\"><em>Portails officiels portugais (DGSI \/ Tribunal Constitucional). Republication en metadata_only par prudence licencielle ; consulter la source officielle pour le texte authentique.<\/em><\/p>\n<\/div>\n","protected":false},"excerpt":{"rendered":"<p>Relator: NUNO ATA?DE DAS NEVES. I &#8212; N?o tendo os progenitores cuidado de estabelecer e manter com a menor sua filha uma rela??o afetiva est?vel, tamb?m n?o lhe conferindo condi??es m?nimas de seguran?a em termos de habita??o, sa?de, forma??o e educa??o, evidenciando irrevers?vel e plena incapacidade de assumirem e cumprirem os seus poderes\/deveres parentais, e n?o existindo outro familiar que deseje e tenha capacidades para exercer tais fun??es paternais de forma duradoura, segura e est?vel, encontram-se definitivamente comprometidos os v?nculos afetivos pr?prios da filia??o e definitivamente comprometida a guarda da menor pelos progenitores. II &#8212; Imp?e o princ?pio do superior interesse da crian?a que no caso de a crian?a se encontrar colocada em perigo pela sua pr?pria fam?lia biol?gica, nomeadamente pelos seus progenitores, sejam decretadas medidas de prote??o que visem a sua seguran?a e sa?de junto de uma terceira pessoa, seja junto de outro familiar ou de confian?a a pessoa id?nea, tendo em vista, quando a fam?lia se revelar impotente para cuidar da crian?a com car?cter duradouro, afastando-a da situa??o de perigo, que a crian?a venha a ser confiada tendo em vista futura adop??o, por esta via tamb?m se privilegiando o princ?pio da preval?ncia da fam?lia, agora adoptiva. III &#8212; Verificando-se o condicionalismo ?nsito no n.? 1, als. d) e e), do art. 1978.? do CC (por exig?ncia do art. 35.?, n.? 1, al. g), da LPCJP, e do art. 38.?-A, al. b), do mesmo diploma), assim patente a fal?ncia da fam?lia, de origem ou alargada, a medida que mais se revela adequada ? satisfa??o do superior interesse da crian?a e da preval?ncia da fam?lia, por ser a que mais se aproxima da fam?lia natural, ? a do seu encaminhamento para a adop??o, concedendo-se ? crian?a a possibilidade de integrar um agregado familiar que a respeite enquanto ser humano em forma??o e lhe garanta uma viv?ncia familiar pautada pelo equil?brio aos mais diversos n?veis, assim se observando a plena adequa??o e proporcionalidade da medida decretada ? situa??o de perigo existente (art. 4.? da LPCJP).<\/p>\n","protected":false},"featured_media":0,"template":"","meta":{"_crdt_document":""},"kji_country":[7762],"kji_court":[7763],"kji_chamber":[8713],"kji_year":[32183],"kji_subject":[7724],"kji_keyword":[7772,7774,7771,7773,7636],"kji_language":[7770],"class_list":["post-653396","kji_decision","type-kji_decision","status-publish","hentry","kji_country-portugal","kji_court-supremo-tribunal-de-justica","kji_chamber-7-seco","kji_year-32183","kji_subject-civil","kji_keyword-acordao","kji_keyword-justica","kji_keyword-processo","kji_keyword-supremo","kji_keyword-tribunal","kji_language-pt"],"yoast_head":"<!-- This site is optimized with the Yoast SEO Premium plugin v27.5 (Yoast SEO v27.5) - https:\/\/yoast.com\/product\/yoast-seo-premium-wordpress\/ -->\n<title>Ac\u00f3rd\u00e3o Supremo Tribunal de Justi\u00e7a \u2013 Processo 1455\/20.2T8GDM.P1.S1 \u2013 2022-11-10 - Ma\u00eetre Hassan Kohen, avocat en droit p\u00e9nal \u00e0 Paris<\/title>\n<meta name=\"robots\" content=\"index, follow, max-snippet:-1, max-image-preview:large, max-video-preview:-1\" \/>\n<link rel=\"canonical\" href=\"https:\/\/kohenavocats.com\/ru\/jurisprudences\/acordao-supremo-tribunal-de-justica-processo-1455-20-2t8gdm-p1-s1-2022-11-10-2\/\" \/>\n<meta property=\"og:locale\" content=\"ru_RU\" \/>\n<meta property=\"og:type\" content=\"article\" \/>\n<meta property=\"og:title\" content=\"Ac\u00f3rd\u00e3o Supremo Tribunal de Justi\u00e7a \u2013 Processo 1455\/20.2T8GDM.P1.S1 \u2013 2022-11-10\" \/>\n<meta property=\"og:description\" content=\"Relator: NUNO ATA?DE DAS NEVES. I - N?o tendo os progenitores cuidado de estabelecer e manter com a menor sua filha uma rela??o afetiva est?vel, tamb?m n?o lhe conferindo condi??es m?nimas de seguran?a em termos de habita??o, sa?de, forma??o e educa??o, evidenciando irrevers?vel e plena incapacidade de assumirem e cumprirem os seus poderes\/deveres parentais, e n?o existindo outro familiar que deseje e tenha capacidades para exercer tais fun??es paternais de forma duradoura, segura e est?vel, encontram-se definitivamente comprometidos os v?nculos afetivos pr?prios da filia??o e definitivamente comprometida a guarda da menor pelos progenitores. II - Imp?e o princ?pio do superior interesse da crian?a que no caso de a crian?a se encontrar colocada em perigo pela sua pr?pria fam?lia biol?gica, nomeadamente pelos seus progenitores, sejam decretadas medidas de prote??o que visem a sua seguran?a e sa?de junto de uma terceira pessoa, seja junto de outro familiar ou de confian?a a pessoa id?nea, tendo em vista, quando a fam?lia se revelar impotente para cuidar da crian?a com car?cter duradouro, afastando-a da situa??o de perigo, que a crian?a venha a ser confiada tendo em vista futura adop??o, por esta via tamb?m se privilegiando o princ?pio da preval?ncia da fam?lia, agora adoptiva. III - Verificando-se o condicionalismo ?nsito no n.? 1, als. d) e e), do art. 1978.? do CC (por exig?ncia do art. 35.?, n.? 1, al. g), da LPCJP, e do art. 38.?-A, al. b), do mesmo diploma), assim patente a fal?ncia da fam?lia, de origem ou alargada, a medida que mais se revela adequada ? satisfa??o do superior interesse da crian?a e da preval?ncia da fam?lia, por ser a que mais se aproxima da fam?lia natural, ? a do seu encaminhamento para a adop??o, concedendo-se ? crian?a a possibilidade de integrar um agregado familiar que a respeite enquanto ser humano em forma??o e lhe garanta uma viv?ncia familiar pautada pelo equil?brio aos mais diversos n?veis, assim se observando a plena adequa??o e proporcionalidade da medida decretada ? situa??o de perigo existente (art. 4.? da LPCJP).\" \/>\n<meta property=\"og:url\" content=\"https:\/\/kohenavocats.com\/ru\/jurisprudences\/acordao-supremo-tribunal-de-justica-processo-1455-20-2t8gdm-p1-s1-2022-11-10-2\/\" \/>\n<meta property=\"og:site_name\" content=\"Ma\u00eetre Hassan Kohen, avocat en droit p\u00e9nal \u00e0 Paris\" \/>\n<meta name=\"twitter:card\" content=\"summary_large_image\" \/>\n<meta name=\"twitter:label1\" content=\"\u041f\u0440\u0438\u043c\u0435\u0440\u043d\u043e\u0435 \u0432\u0440\u0435\u043c\u044f \u0434\u043b\u044f \u0447\u0442\u0435\u043d\u0438\u044f\" \/>\n\t<meta name=\"twitter:data1\" content=\"2 \u043c\u0438\u043d\u0443\u0442\u044b\" \/>\n<script type=\"application\/ld+json\" class=\"yoast-schema-graph\">{\"@context\":\"https:\\\/\\\/schema.org\",\"@graph\":[{\"@type\":\"WebPage\",\"@id\":\"https:\\\/\\\/kohenavocats.com\\\/ru\\\/jurisprudences\\\/acordao-supremo-tribunal-de-justica-processo-1455-20-2t8gdm-p1-s1-2022-11-10-2\\\/\",\"url\":\"https:\\\/\\\/kohenavocats.com\\\/ru\\\/jurisprudences\\\/acordao-supremo-tribunal-de-justica-processo-1455-20-2t8gdm-p1-s1-2022-11-10-2\\\/\",\"name\":\"Ac\u00f3rd\u00e3o Supremo Tribunal de Justi\u00e7a \u2013 Processo 1455\\\/20.2T8GDM.P1.S1 \u2013 2022-11-10 - Ma\u00eetre Hassan Kohen, avocat en droit p\u00e9nal \u00e0 Paris\",\"isPartOf\":{\"@id\":\"https:\\\/\\\/kohenavocats.com\\\/ru\\\/#website\"},\"datePublished\":\"2026-04-22T22:47:01+00:00\",\"breadcrumb\":{\"@id\":\"https:\\\/\\\/kohenavocats.com\\\/ru\\\/jurisprudences\\\/acordao-supremo-tribunal-de-justica-processo-1455-20-2t8gdm-p1-s1-2022-11-10-2\\\/#breadcrumb\"},\"inLanguage\":\"ru-RU\",\"potentialAction\":[{\"@type\":\"ReadAction\",\"target\":[\"https:\\\/\\\/kohenavocats.com\\\/ru\\\/jurisprudences\\\/acordao-supremo-tribunal-de-justica-processo-1455-20-2t8gdm-p1-s1-2022-11-10-2\\\/\"]}]},{\"@type\":\"BreadcrumbList\",\"@id\":\"https:\\\/\\\/kohenavocats.com\\\/ru\\\/jurisprudences\\\/acordao-supremo-tribunal-de-justica-processo-1455-20-2t8gdm-p1-s1-2022-11-10-2\\\/#breadcrumb\",\"itemListElement\":[{\"@type\":\"ListItem\",\"position\":1,\"name\":\"Home\",\"item\":\"https:\\\/\\\/kohenavocats.com\\\/ru\\\/avocats-en-droit-penal-a-paris-conseil-et-defense-strategique\\\/\"},{\"@type\":\"ListItem\",\"position\":2,\"name\":\"Jurisprudences\",\"item\":\"https:\\\/\\\/kohenavocats.com\\\/ru\\\/jurisprudences\\\/\"},{\"@type\":\"ListItem\",\"position\":3,\"name\":\"Ac\u00f3rd\u00e3o Supremo Tribunal de Justi\u00e7a \u2013 Processo 1455\\\/20.2T8GDM.P1.S1 \u2013 2022-11-10\"}]},{\"@type\":\"WebSite\",\"@id\":\"https:\\\/\\\/kohenavocats.com\\\/ru\\\/#website\",\"url\":\"https:\\\/\\\/kohenavocats.com\\\/ru\\\/\",\"name\":\"Kohen Avocats\",\"description\":\"Ma\u00eetre Hassan Kohen, avocat p\u00e9naliste \u00e0 Paris, intervient exclusivement en droit p\u00e9nal pour la d\u00e9fense des particuliers, notamment en mati\u00e8re d\u2019accusations de viol. Il assure un accompagnement rigoureux d\u00e8s la garde \u00e0 vue jusqu\u2019\u00e0 la Cour d\u2019assises, veillant au strict respect des garanties proc\u00e9durales.\",\"publisher\":{\"@id\":\"https:\\\/\\\/kohenavocats.com\\\/ru\\\/#organization\"},\"potentialAction\":[{\"@type\":\"SearchAction\",\"target\":{\"@type\":\"EntryPoint\",\"urlTemplate\":\"https:\\\/\\\/kohenavocats.com\\\/ru\\\/?s={search_term_string}\"},\"query-input\":{\"@type\":\"PropertyValueSpecification\",\"valueRequired\":true,\"valueName\":\"search_term_string\"}}],\"inLanguage\":\"ru-RU\"},{\"@type\":\"Organization\",\"@id\":\"https:\\\/\\\/kohenavocats.com\\\/ru\\\/#organization\",\"name\":\"Kohen Avocats\",\"url\":\"https:\\\/\\\/kohenavocats.com\\\/ru\\\/\",\"logo\":{\"@type\":\"ImageObject\",\"inLanguage\":\"ru-RU\",\"@id\":\"https:\\\/\\\/kohenavocats.com\\\/ru\\\/#\\\/schema\\\/logo\\\/image\\\/\",\"url\":\"https:\\\/\\\/kohenavocats.com\\\/wp-content\\\/uploads\\\/2026\\\/01\\\/Logo-2-1.webp\",\"contentUrl\":\"https:\\\/\\\/kohenavocats.com\\\/wp-content\\\/uploads\\\/2026\\\/01\\\/Logo-2-1.webp\",\"width\":2114,\"height\":1253,\"caption\":\"Kohen Avocats\"},\"image\":{\"@id\":\"https:\\\/\\\/kohenavocats.com\\\/ru\\\/#\\\/schema\\\/logo\\\/image\\\/\"}}]}<\/script>\n<!-- \/ Yoast SEO Premium plugin. -->","yoast_head_json":{"title":"Ac\u00f3rd\u00e3o Supremo Tribunal de Justi\u00e7a \u2013 Processo 1455\/20.2T8GDM.P1.S1 \u2013 2022-11-10 - Ma\u00eetre Hassan Kohen, avocat en droit p\u00e9nal \u00e0 Paris","robots":{"index":"index","follow":"follow","max-snippet":"max-snippet:-1","max-image-preview":"max-image-preview:large","max-video-preview":"max-video-preview:-1"},"canonical":"https:\/\/kohenavocats.com\/ru\/jurisprudences\/acordao-supremo-tribunal-de-justica-processo-1455-20-2t8gdm-p1-s1-2022-11-10-2\/","og_locale":"ru_RU","og_type":"article","og_title":"Ac\u00f3rd\u00e3o Supremo Tribunal de Justi\u00e7a \u2013 Processo 1455\/20.2T8GDM.P1.S1 \u2013 2022-11-10","og_description":"Relator: NUNO ATA?DE DAS NEVES. I - N?o tendo os progenitores cuidado de estabelecer e manter com a menor sua filha uma rela??o afetiva est?vel, tamb?m n?o lhe conferindo condi??es m?nimas de seguran?a em termos de habita??o, sa?de, forma??o e educa??o, evidenciando irrevers?vel e plena incapacidade de assumirem e cumprirem os seus poderes\/deveres parentais, e n?o existindo outro familiar que deseje e tenha capacidades para exercer tais fun??es paternais de forma duradoura, segura e est?vel, encontram-se definitivamente comprometidos os v?nculos afetivos pr?prios da filia??o e definitivamente comprometida a guarda da menor pelos progenitores. II - Imp?e o princ?pio do superior interesse da crian?a que no caso de a crian?a se encontrar colocada em perigo pela sua pr?pria fam?lia biol?gica, nomeadamente pelos seus progenitores, sejam decretadas medidas de prote??o que visem a sua seguran?a e sa?de junto de uma terceira pessoa, seja junto de outro familiar ou de confian?a a pessoa id?nea, tendo em vista, quando a fam?lia se revelar impotente para cuidar da crian?a com car?cter duradouro, afastando-a da situa??o de perigo, que a crian?a venha a ser confiada tendo em vista futura adop??o, por esta via tamb?m se privilegiando o princ?pio da preval?ncia da fam?lia, agora adoptiva. III - Verificando-se o condicionalismo ?nsito no n.? 1, als. d) e e), do art. 1978.? do CC (por exig?ncia do art. 35.?, n.? 1, al. g), da LPCJP, e do art. 38.?-A, al. b), do mesmo diploma), assim patente a fal?ncia da fam?lia, de origem ou alargada, a medida que mais se revela adequada ? satisfa??o do superior interesse da crian?a e da preval?ncia da fam?lia, por ser a que mais se aproxima da fam?lia natural, ? a do seu encaminhamento para a adop??o, concedendo-se ? crian?a a possibilidade de integrar um agregado familiar que a respeite enquanto ser humano em forma??o e lhe garanta uma viv?ncia familiar pautada pelo equil?brio aos mais diversos n?veis, assim se observando a plena adequa??o e proporcionalidade da medida decretada ? situa??o de perigo existente (art. 4.? da LPCJP).","og_url":"https:\/\/kohenavocats.com\/ru\/jurisprudences\/acordao-supremo-tribunal-de-justica-processo-1455-20-2t8gdm-p1-s1-2022-11-10-2\/","og_site_name":"Ma\u00eetre Hassan Kohen, avocat en droit p\u00e9nal \u00e0 Paris","twitter_card":"summary_large_image","twitter_misc":{"\u041f\u0440\u0438\u043c\u0435\u0440\u043d\u043e\u0435 \u0432\u0440\u0435\u043c\u044f \u0434\u043b\u044f \u0447\u0442\u0435\u043d\u0438\u044f":"2 \u043c\u0438\u043d\u0443\u0442\u044b"},"schema":{"@context":"https:\/\/schema.org","@graph":[{"@type":"WebPage","@id":"https:\/\/kohenavocats.com\/ru\/jurisprudences\/acordao-supremo-tribunal-de-justica-processo-1455-20-2t8gdm-p1-s1-2022-11-10-2\/","url":"https:\/\/kohenavocats.com\/ru\/jurisprudences\/acordao-supremo-tribunal-de-justica-processo-1455-20-2t8gdm-p1-s1-2022-11-10-2\/","name":"Ac\u00f3rd\u00e3o Supremo Tribunal de Justi\u00e7a \u2013 Processo 1455\/20.2T8GDM.P1.S1 \u2013 2022-11-10 - Ma\u00eetre Hassan Kohen, avocat en droit p\u00e9nal \u00e0 Paris","isPartOf":{"@id":"https:\/\/kohenavocats.com\/ru\/#website"},"datePublished":"2026-04-22T22:47:01+00:00","breadcrumb":{"@id":"https:\/\/kohenavocats.com\/ru\/jurisprudences\/acordao-supremo-tribunal-de-justica-processo-1455-20-2t8gdm-p1-s1-2022-11-10-2\/#breadcrumb"},"inLanguage":"ru-RU","potentialAction":[{"@type":"ReadAction","target":["https:\/\/kohenavocats.com\/ru\/jurisprudences\/acordao-supremo-tribunal-de-justica-processo-1455-20-2t8gdm-p1-s1-2022-11-10-2\/"]}]},{"@type":"BreadcrumbList","@id":"https:\/\/kohenavocats.com\/ru\/jurisprudences\/acordao-supremo-tribunal-de-justica-processo-1455-20-2t8gdm-p1-s1-2022-11-10-2\/#breadcrumb","itemListElement":[{"@type":"ListItem","position":1,"name":"Home","item":"https:\/\/kohenavocats.com\/ru\/avocats-en-droit-penal-a-paris-conseil-et-defense-strategique\/"},{"@type":"ListItem","position":2,"name":"Jurisprudences","item":"https:\/\/kohenavocats.com\/ru\/jurisprudences\/"},{"@type":"ListItem","position":3,"name":"Ac\u00f3rd\u00e3o Supremo Tribunal de Justi\u00e7a \u2013 Processo 1455\/20.2T8GDM.P1.S1 \u2013 2022-11-10"}]},{"@type":"WebSite","@id":"https:\/\/kohenavocats.com\/ru\/#website","url":"https:\/\/kohenavocats.com\/ru\/","name":"Kohen Avocats","description":"Ma\u00eetre Hassan Kohen, avocat p\u00e9naliste \u00e0 Paris, intervient exclusivement en droit p\u00e9nal pour la d\u00e9fense des particuliers, notamment en mati\u00e8re d\u2019accusations de viol. Il assure un accompagnement rigoureux d\u00e8s la garde \u00e0 vue jusqu\u2019\u00e0 la Cour d\u2019assises, veillant au strict respect des garanties proc\u00e9durales.","publisher":{"@id":"https:\/\/kohenavocats.com\/ru\/#organization"},"potentialAction":[{"@type":"SearchAction","target":{"@type":"EntryPoint","urlTemplate":"https:\/\/kohenavocats.com\/ru\/?s={search_term_string}"},"query-input":{"@type":"PropertyValueSpecification","valueRequired":true,"valueName":"search_term_string"}}],"inLanguage":"ru-RU"},{"@type":"Organization","@id":"https:\/\/kohenavocats.com\/ru\/#organization","name":"Kohen Avocats","url":"https:\/\/kohenavocats.com\/ru\/","logo":{"@type":"ImageObject","inLanguage":"ru-RU","@id":"https:\/\/kohenavocats.com\/ru\/#\/schema\/logo\/image\/","url":"https:\/\/kohenavocats.com\/wp-content\/uploads\/2026\/01\/Logo-2-1.webp","contentUrl":"https:\/\/kohenavocats.com\/wp-content\/uploads\/2026\/01\/Logo-2-1.webp","width":2114,"height":1253,"caption":"Kohen Avocats"},"image":{"@id":"https:\/\/kohenavocats.com\/ru\/#\/schema\/logo\/image\/"}}]}},"jetpack_likes_enabled":false,"jetpack_sharing_enabled":true,"_links":{"self":[{"href":"https:\/\/kohenavocats.com\/ru\/wp-json\/wp\/v2\/kji_decision\/653396","targetHints":{"allow":["GET"]}}],"collection":[{"href":"https:\/\/kohenavocats.com\/ru\/wp-json\/wp\/v2\/kji_decision"}],"about":[{"href":"https:\/\/kohenavocats.com\/ru\/wp-json\/wp\/v2\/types\/kji_decision"}],"wp:attachment":[{"href":"https:\/\/kohenavocats.com\/ru\/wp-json\/wp\/v2\/media?parent=653396"}],"wp:term":[{"taxonomy":"kji_country","embeddable":true,"href":"https:\/\/kohenavocats.com\/ru\/wp-json\/wp\/v2\/kji_country?post=653396"},{"taxonomy":"kji_court","embeddable":true,"href":"https:\/\/kohenavocats.com\/ru\/wp-json\/wp\/v2\/kji_court?post=653396"},{"taxonomy":"kji_chamber","embeddable":true,"href":"https:\/\/kohenavocats.com\/ru\/wp-json\/wp\/v2\/kji_chamber?post=653396"},{"taxonomy":"kji_year","embeddable":true,"href":"https:\/\/kohenavocats.com\/ru\/wp-json\/wp\/v2\/kji_year?post=653396"},{"taxonomy":"kji_subject","embeddable":true,"href":"https:\/\/kohenavocats.com\/ru\/wp-json\/wp\/v2\/kji_subject?post=653396"},{"taxonomy":"kji_keyword","embeddable":true,"href":"https:\/\/kohenavocats.com\/ru\/wp-json\/wp\/v2\/kji_keyword?post=653396"},{"taxonomy":"kji_language","embeddable":true,"href":"https:\/\/kohenavocats.com\/ru\/wp-json\/wp\/v2\/kji_language?post=653396"}],"curies":[{"name":"wp","href":"https:\/\/api.w.org\/{rel}","templated":true}]}}