{"id":653936,"date":"2026-04-23T02:17:00","date_gmt":"2026-04-23T00:17:00","guid":{"rendered":"https:\/\/kohenavocats.com\/jurisprudences\/eclinlorbaacm202530-raad-van-beroep-in-ambtenarenzaken-van-aruba-curacao-sint-maarten-en-van-bonaire-sint-eustatius-en-saba-12-11-2025-cur2023h00263\/"},"modified":"2026-04-23T02:17:00","modified_gmt":"2026-04-23T00:17:00","slug":"eclinlorbaacm202530-raad-van-beroep-in-ambtenarenzaken-van-aruba-curacao-sint-maarten-en-van-bonaire-sint-eustatius-en-saba-12-11-2025-cur2023h00263","status":"publish","type":"kji_decision","link":"https:\/\/kohenavocats.com\/ru\/jurisprudences\/eclinlorbaacm202530-raad-van-beroep-in-ambtenarenzaken-van-aruba-curacao-sint-maarten-en-van-bonaire-sint-eustatius-en-saba-12-11-2025-cur2023h00263\/","title":{"rendered":"ECLI:NL:ORBAACM:2025:30 Raad van Beroep in Ambtenarenzaken van Aruba, Cura\u00e7ao, Sint Maarten en van Bonaire, Sint Eustatius en Saba , 12-11-2025 \/ CUR2023H00263"},"content":{"rendered":"<div class=\"kji-decision\">\n<div class=\"kji-full-text\">\n<p><strong>Inhoudsindicatie.<\/strong> De Raad wijst verzoek om vervallenverklaring van een eerdere uitspraak van de Raad af. Het buitenwettelijk middel van vervallenverklaring wordt slechts in zeer bijzondere gevallen toegepast. Het dient uitsluitend tot herstel van evidente, niet voor rectificatie vatbare fouten van de rechter, die niet door het instellen van enig rechtsmiddel kunnen worden ondervangen. Hier is geen sprake van een bijzonder geval.<\/p>\n<h3>RAAD VAN BEROEP<\/h3>\n<p>IN AMBTENARENZAKEN<\/p>\n<p>VAN CURA\u04aaAO<\/p>\n<h3>Uitspraak<\/h3>\n<p>op het verzoek tot vervallenverklaring van de uitspraak<\/p>\n<p>van de Raad van 28 april 2022, CUR2020H00140,<br \/>\nin de zaak van:<\/p>\n<h3>[Verzoeker],wonende in Cura\u00e7ao,verzoeker (hierna: Verzoeker),<\/h3>\n<p>gemachtigde: mr. B. Lie Atjam,<\/p>\n<p>en<\/p>\n<h3>de Regering van Cura\u00e7ao,<\/h3>\n<p>verweerder (hierna: de regering),<br \/>\ngemachtigde: mr. C.A. Peterson, advocaat.<\/p>\n<h3>Procesverloop<\/h3>\n<p>Verzoeker was Afdelingshoofd preventie bij de dienst Brandweer. In zijn benoemingsbesluit van 29 januari 2003 is vermeld dat zijn functie is ingedeeld in salarisschaal 13. Verzoeker is het daarmee niet eens. Hij meent dat zijn functie gewaardeerd had moeten worden in schaal 15. Hierover heeft verzoeker diverse gerechtelijke procedures gevoerd.<\/p>\n<p>Voor zover hier van belang, heeft het Gerecht met de uitspraak van 9 april 2020, CUR201601309, het bezwaar van verzoeker tegen zijn benoemingsbesluit ongegrond verklaard. Tegen deze uitspraak heeft verzoeker hoger beroep ingesteld.<\/p>\n<p>De Raad heeft met de uitspraak van 28 april 2022, CUR2020H00140, de uitspraak van het Gerecht bevestigd. De Raad heeft daarbij het verzoek van verzoeker om vergoeding van immateri\u00eble schadevergoeding in verband met de overschrijding van de redelijke (behandel)termijn afgewezen.<\/p>\n<p>Verzoeker heeft de Raad op 26 juli 2022 verzocht om herziening van de uitspraak van de Raad van 28 april 2022. Met de uitspraak van 28 juni 2023, CUR2022H00200, heeft de Raad het verzoek om herziening afgewezen.<\/p>\n<p>Verzoeker heeft 25 september 2023 de Raad verzocht om de uitspraak van de Raad van 28 april 2022 ambtshalve vervallen te verklaren.<\/p>\n<p>De Raad heeft het verzoek om vervallenverklaring behandeld op de zitting van<br \/>\n24 oktober 2025. Verzoeker is verschenen, bijgestaan door zijn gemachtigde. De regering heeft zich laten vertegenwoordigen door zijn gemachtigde.<\/p>\n<h3>Beoordeling<\/h3>\n<p>De Raad stelt voorop dat tegen de uitspraak van 28 april 2022 geen gewoon rechtsmiddel openstaat of openstond. Het betreft een einduitspraak van de hoogste ambtenarenrechter.<\/p>\n<p>De Regeling ambtenarenrechtspraak (RAr) kent het bijzondere rechtsmiddel van de herziening. Verzoeker heeft een verzoek gedaan om herziening. Dit heeft geleid tot de uitspraak van 28 juni 2023, waarbij het verzoek om herziening is afgewezen.<\/p>\n<p>Nu ligt een verzoek om vervallenverklaring voor. Dat verzoek ziet uitdrukkelijk, zo is ter zitting bevestigd door verzoeker en zijn gemachtigde, op de uitspraak van de Raad van 28 april 2022 en niet (ook) op de herzieningsuitspraak van 28 juni 2023. Verzoeker wil dat de Raad het verzoek toewijst, dat de uitspraak van 28 april 2022 komt te vervallen en dat zijn hoger beroep tegen de uitspraak van 9 april 2020 opnieuw wordt behandeld. Hij wil de kans krijgen te betogen dat met toepassing van het functiewaarderingssysteem FUWASYS zijn functie gewaardeerd had moeten worden in schaal 15.<\/p>\n<p>Daarmee ziet de Raad zich gesteld voor de vraag of er aanleiding is zijn eerdere uitspraak van 28 april 2022 vervallen te verklaren.<\/p>\n<p>Het buitenwettelijk middel van vervallenverklaring wordt slechts in zeer bijzondere gevallen toegepast. Het dient uitsluitend tot herstel van evidente, niet voor rectificatie vatbare fouten van de rechter, die niet door het instellen van enig rechtsmiddel kunnen worden ondervangen.<\/p>\n<p>In zijn uitspraak van 28 april 2022 heeft de Raad in rechtsoverweging 4.2. een stelling van Verzoeker als volgt verwoord: \u201cAppellant heeft aangevoerd dat FUWASYS geen toereikende grondslag vormt voor zijn benoemingsbesluit met inschaling in schaal 13.\u201d. In de uitspraak van 28 juni 2023 heeft de Raad hierover geoordeeld, dat de hiervoor genoemde passage als een \u2018misslag\u2019 kan worden aangemerkt. Verzoeker heeft willen betogen dat niet het functiewaarderingssysteem FUWASYS wordt bestreden, maar de toepassing en uitkomst daarvan voor zijn functie.<\/p>\n<p>De Raad stelt vast dat de \u2018misslag\u2019 uitsluitend betrekking heeft op de weergave van een stelling van verzoeker. Er is geen reden om te oordelen dat een juiste weergave van de stelling van verzoeker zou hebben geleid tot een andere beslissing. Daarbij betrekt de Raad dat in de uitspraak van 28 april 2022 onder 4.3 tot en met 4.5 inhoudelijk is ingegaan op het gebruik van FUWASYS als functiewaarderingssysteem, maar ook op de toepassing van dat systeem voor de functie van Hoofd Afdeling Preventie, de functie die door verzoeker is bekleed. De hoger beroepsgronden van verzoeker tegen de toepassing van FUWASYS op zijn functie heeft de Raad dus inhoudelijk beoordeeld in de uitspraak van 28 april 2022. Dat de Raad bij die beoordeling een evidente fout heeft gemaakt, is niet gebleken. Er is geen \u2018zeer bijzonder geval\u2019 als hiervoor bedoeld.<\/p>\n<p>Slotsom<\/p>\n<p>2. Het verzoek moet worden afgewezen.<\/p>\n<p>3. Voor vergoeding van proceskosten is geen aanleiding.<\/p>\n<h3>Beslissing<\/h3>\n<p>De Raad van Beroep wijst het verzoek om vervallenverklaring af.<\/p>\n<p>Deze uitspraak is gewezen door mr. M.E.B. de Haseth, voorzitter, en mr. B.J. van Ettekoven en mr. M.G.M. Schwengle, leden, en uitgesproken in het openbaar op 12 november 2025 in tegenwoordigheid van de griffier.<\/p>\n<\/div>\n<hr class=\"kji-sep\" \/>\n<p class=\"kji-source-links\"><strong>Sources officielles :<\/strong> <a class=\"kji-source-link\" href=\"http:\/\/deeplink.rechtspraak.nl\/uitspraak?id=ECLI:NL:ORBAACM:2025:30\" target=\"_blank\" rel=\"noopener noreferrer\">consulter la page source<\/a><\/p>\n<p class=\"kji-license-note\"><em>Rechtspraak.nl open data, Creative Commons Zero. Volume cible 1.8M decisions.<\/em><\/p>\n<\/div>\n","protected":false},"excerpt":{"rendered":"<p>De Raad wijst verzoek om vervallenverklaring van een eerdere uitspraak van de Raad af. Het buitenwettelijk middel van vervallenverklaring wordt slechts in zeer bijzondere gevallen toegepast. Het dient uitsluitend tot herstel van evidente, niet voor rectificatie vatbare fouten van de rechter, die niet door het instellen van enig rechtsmiddel kunnen worden ondervangen. Hier is geen sprake van een&#8230;<\/p>\n","protected":false},"featured_media":0,"template":"","meta":{"_crdt_document":""},"kji_country":[7669],"kji_court":[12846],"kji_chamber":[],"kji_year":[8463],"kji_subject":[7612],"kji_keyword":[12848,8300,7992,12847,19831],"kji_language":[7671],"class_list":["post-653936","kji_decision","type-kji_decision","status-publish","hentry","kji_country-pays-bas","kji_court-raad-van-beroep-in-ambtenarenzaken-van-aruba-curacao-sint-maarten-en-van-bonaire-sint-eustatius-en-saba","kji_year-8463","kji_subject-fiscal","kji_keyword-ambtenarenzaken","kji_keyword-aruba","kji_keyword-beroep","kji_keyword-orbaacm","kji_keyword-vervallenverklaring","kji_language-nl"],"yoast_head":"<!-- This site is optimized with the Yoast SEO Premium plugin v27.5 (Yoast SEO v27.5) - https:\/\/yoast.com\/product\/yoast-seo-premium-wordpress\/ -->\n<title>ECLI:NL:ORBAACM:2025:30 Raad van Beroep in Ambtenarenzaken van Aruba, Cura\u00e7ao, Sint Maarten en van Bonaire, Sint Eustatius en Saba , 12-11-2025 \/ CUR2023H00263 - Ma\u00eetre Hassan Kohen, avocat en droit p\u00e9nal \u00e0 Paris<\/title>\n<meta name=\"robots\" content=\"index, follow, max-snippet:-1, max-image-preview:large, max-video-preview:-1\" \/>\n<link rel=\"canonical\" href=\"https:\/\/kohenavocats.com\/ru\/jurisprudences\/eclinlorbaacm202530-raad-van-beroep-in-ambtenarenzaken-van-aruba-curacao-sint-maarten-en-van-bonaire-sint-eustatius-en-saba-12-11-2025-cur2023h00263\/\" \/>\n<meta property=\"og:locale\" content=\"ru_RU\" \/>\n<meta property=\"og:type\" content=\"article\" \/>\n<meta property=\"og:title\" content=\"ECLI:NL:ORBAACM:2025:30 Raad van Beroep in Ambtenarenzaken van Aruba, Cura\u00e7ao, Sint Maarten en van Bonaire, Sint Eustatius en Saba , 12-11-2025 \/ CUR2023H00263\" \/>\n<meta property=\"og:description\" content=\"De Raad wijst verzoek om vervallenverklaring van een eerdere uitspraak van de Raad af. Het buitenwettelijk middel van vervallenverklaring wordt slechts in zeer bijzondere gevallen toegepast. Het dient uitsluitend tot herstel van evidente, niet voor rectificatie vatbare fouten van de rechter, die niet door het instellen van enig rechtsmiddel kunnen worden ondervangen. Hier is geen sprake van een...\" \/>\n<meta property=\"og:url\" content=\"https:\/\/kohenavocats.com\/ru\/jurisprudences\/eclinlorbaacm202530-raad-van-beroep-in-ambtenarenzaken-van-aruba-curacao-sint-maarten-en-van-bonaire-sint-eustatius-en-saba-12-11-2025-cur2023h00263\/\" \/>\n<meta property=\"og:site_name\" content=\"Ma\u00eetre Hassan Kohen, avocat en droit p\u00e9nal \u00e0 Paris\" \/>\n<meta name=\"twitter:card\" content=\"summary_large_image\" \/>\n<meta name=\"twitter:label1\" content=\"\u041f\u0440\u0438\u043c\u0435\u0440\u043d\u043e\u0435 \u0432\u0440\u0435\u043c\u044f \u0434\u043b\u044f \u0447\u0442\u0435\u043d\u0438\u044f\" \/>\n\t<meta name=\"twitter:data1\" content=\"4 \u043c\u0438\u043d\u0443\u0442\u044b\" \/>\n<script type=\"application\/ld+json\" class=\"yoast-schema-graph\">{\"@context\":\"https:\\\/\\\/schema.org\",\"@graph\":[{\"@type\":\"WebPage\",\"@id\":\"https:\\\/\\\/kohenavocats.com\\\/ru\\\/jurisprudences\\\/eclinlorbaacm202530-raad-van-beroep-in-ambtenarenzaken-van-aruba-curacao-sint-maarten-en-van-bonaire-sint-eustatius-en-saba-12-11-2025-cur2023h00263\\\/\",\"url\":\"https:\\\/\\\/kohenavocats.com\\\/ru\\\/jurisprudences\\\/eclinlorbaacm202530-raad-van-beroep-in-ambtenarenzaken-van-aruba-curacao-sint-maarten-en-van-bonaire-sint-eustatius-en-saba-12-11-2025-cur2023h00263\\\/\",\"name\":\"ECLI:NL:ORBAACM:2025:30 Raad van Beroep in Ambtenarenzaken van Aruba, Cura\u00e7ao, Sint Maarten en van Bonaire, Sint Eustatius en Saba , 12-11-2025 \\\/ CUR2023H00263 - Ma\u00eetre Hassan Kohen, avocat en droit p\u00e9nal \u00e0 Paris\",\"isPartOf\":{\"@id\":\"https:\\\/\\\/kohenavocats.com\\\/ru\\\/#website\"},\"datePublished\":\"2026-04-23T00:17:00+00:00\",\"breadcrumb\":{\"@id\":\"https:\\\/\\\/kohenavocats.com\\\/ru\\\/jurisprudences\\\/eclinlorbaacm202530-raad-van-beroep-in-ambtenarenzaken-van-aruba-curacao-sint-maarten-en-van-bonaire-sint-eustatius-en-saba-12-11-2025-cur2023h00263\\\/#breadcrumb\"},\"inLanguage\":\"ru-RU\",\"potentialAction\":[{\"@type\":\"ReadAction\",\"target\":[\"https:\\\/\\\/kohenavocats.com\\\/ru\\\/jurisprudences\\\/eclinlorbaacm202530-raad-van-beroep-in-ambtenarenzaken-van-aruba-curacao-sint-maarten-en-van-bonaire-sint-eustatius-en-saba-12-11-2025-cur2023h00263\\\/\"]}]},{\"@type\":\"BreadcrumbList\",\"@id\":\"https:\\\/\\\/kohenavocats.com\\\/ru\\\/jurisprudences\\\/eclinlorbaacm202530-raad-van-beroep-in-ambtenarenzaken-van-aruba-curacao-sint-maarten-en-van-bonaire-sint-eustatius-en-saba-12-11-2025-cur2023h00263\\\/#breadcrumb\",\"itemListElement\":[{\"@type\":\"ListItem\",\"position\":1,\"name\":\"Home\",\"item\":\"https:\\\/\\\/kohenavocats.com\\\/ru\\\/avocats-en-droit-penal-a-paris-conseil-et-defense-strategique\\\/\"},{\"@type\":\"ListItem\",\"position\":2,\"name\":\"Jurisprudences\",\"item\":\"https:\\\/\\\/kohenavocats.com\\\/ru\\\/jurisprudences\\\/\"},{\"@type\":\"ListItem\",\"position\":3,\"name\":\"ECLI:NL:ORBAACM:2025:30 Raad van Beroep in Ambtenarenzaken van Aruba, Cura\u00e7ao, Sint Maarten en van Bonaire, Sint Eustatius en Saba , 12-11-2025 \\\/ CUR2023H00263\"}]},{\"@type\":\"WebSite\",\"@id\":\"https:\\\/\\\/kohenavocats.com\\\/ru\\\/#website\",\"url\":\"https:\\\/\\\/kohenavocats.com\\\/ru\\\/\",\"name\":\"Kohen Avocats\",\"description\":\"Ma\u00eetre Hassan Kohen, avocat p\u00e9naliste \u00e0 Paris, intervient exclusivement en droit p\u00e9nal pour la d\u00e9fense des particuliers, notamment en mati\u00e8re d\u2019accusations de viol. Il assure un accompagnement rigoureux d\u00e8s la garde \u00e0 vue jusqu\u2019\u00e0 la Cour d\u2019assises, veillant au strict respect des garanties proc\u00e9durales.\",\"publisher\":{\"@id\":\"https:\\\/\\\/kohenavocats.com\\\/ru\\\/#organization\"},\"potentialAction\":[{\"@type\":\"SearchAction\",\"target\":{\"@type\":\"EntryPoint\",\"urlTemplate\":\"https:\\\/\\\/kohenavocats.com\\\/ru\\\/?s={search_term_string}\"},\"query-input\":{\"@type\":\"PropertyValueSpecification\",\"valueRequired\":true,\"valueName\":\"search_term_string\"}}],\"inLanguage\":\"ru-RU\"},{\"@type\":\"Organization\",\"@id\":\"https:\\\/\\\/kohenavocats.com\\\/ru\\\/#organization\",\"name\":\"Kohen Avocats\",\"url\":\"https:\\\/\\\/kohenavocats.com\\\/ru\\\/\",\"logo\":{\"@type\":\"ImageObject\",\"inLanguage\":\"ru-RU\",\"@id\":\"https:\\\/\\\/kohenavocats.com\\\/ru\\\/#\\\/schema\\\/logo\\\/image\\\/\",\"url\":\"https:\\\/\\\/kohenavocats.com\\\/wp-content\\\/uploads\\\/2026\\\/01\\\/Logo-2-1.webp\",\"contentUrl\":\"https:\\\/\\\/kohenavocats.com\\\/wp-content\\\/uploads\\\/2026\\\/01\\\/Logo-2-1.webp\",\"width\":2114,\"height\":1253,\"caption\":\"Kohen Avocats\"},\"image\":{\"@id\":\"https:\\\/\\\/kohenavocats.com\\\/ru\\\/#\\\/schema\\\/logo\\\/image\\\/\"}}]}<\/script>\n<!-- \/ Yoast SEO Premium plugin. -->","yoast_head_json":{"title":"ECLI:NL:ORBAACM:2025:30 Raad van Beroep in Ambtenarenzaken van Aruba, Cura\u00e7ao, Sint Maarten en van Bonaire, Sint Eustatius en Saba , 12-11-2025 \/ CUR2023H00263 - Ma\u00eetre Hassan Kohen, avocat en droit p\u00e9nal \u00e0 Paris","robots":{"index":"index","follow":"follow","max-snippet":"max-snippet:-1","max-image-preview":"max-image-preview:large","max-video-preview":"max-video-preview:-1"},"canonical":"https:\/\/kohenavocats.com\/ru\/jurisprudences\/eclinlorbaacm202530-raad-van-beroep-in-ambtenarenzaken-van-aruba-curacao-sint-maarten-en-van-bonaire-sint-eustatius-en-saba-12-11-2025-cur2023h00263\/","og_locale":"ru_RU","og_type":"article","og_title":"ECLI:NL:ORBAACM:2025:30 Raad van Beroep in Ambtenarenzaken van Aruba, Cura\u00e7ao, Sint Maarten en van Bonaire, Sint Eustatius en Saba , 12-11-2025 \/ CUR2023H00263","og_description":"De Raad wijst verzoek om vervallenverklaring van een eerdere uitspraak van de Raad af. Het buitenwettelijk middel van vervallenverklaring wordt slechts in zeer bijzondere gevallen toegepast. Het dient uitsluitend tot herstel van evidente, niet voor rectificatie vatbare fouten van de rechter, die niet door het instellen van enig rechtsmiddel kunnen worden ondervangen. Hier is geen sprake van een...","og_url":"https:\/\/kohenavocats.com\/ru\/jurisprudences\/eclinlorbaacm202530-raad-van-beroep-in-ambtenarenzaken-van-aruba-curacao-sint-maarten-en-van-bonaire-sint-eustatius-en-saba-12-11-2025-cur2023h00263\/","og_site_name":"Ma\u00eetre Hassan Kohen, avocat en droit p\u00e9nal \u00e0 Paris","twitter_card":"summary_large_image","twitter_misc":{"\u041f\u0440\u0438\u043c\u0435\u0440\u043d\u043e\u0435 \u0432\u0440\u0435\u043c\u044f \u0434\u043b\u044f \u0447\u0442\u0435\u043d\u0438\u044f":"4 \u043c\u0438\u043d\u0443\u0442\u044b"},"schema":{"@context":"https:\/\/schema.org","@graph":[{"@type":"WebPage","@id":"https:\/\/kohenavocats.com\/ru\/jurisprudences\/eclinlorbaacm202530-raad-van-beroep-in-ambtenarenzaken-van-aruba-curacao-sint-maarten-en-van-bonaire-sint-eustatius-en-saba-12-11-2025-cur2023h00263\/","url":"https:\/\/kohenavocats.com\/ru\/jurisprudences\/eclinlorbaacm202530-raad-van-beroep-in-ambtenarenzaken-van-aruba-curacao-sint-maarten-en-van-bonaire-sint-eustatius-en-saba-12-11-2025-cur2023h00263\/","name":"ECLI:NL:ORBAACM:2025:30 Raad van Beroep in Ambtenarenzaken van Aruba, Cura\u00e7ao, Sint Maarten en van Bonaire, Sint Eustatius en Saba , 12-11-2025 \/ CUR2023H00263 - Ma\u00eetre Hassan Kohen, avocat en droit p\u00e9nal \u00e0 Paris","isPartOf":{"@id":"https:\/\/kohenavocats.com\/ru\/#website"},"datePublished":"2026-04-23T00:17:00+00:00","breadcrumb":{"@id":"https:\/\/kohenavocats.com\/ru\/jurisprudences\/eclinlorbaacm202530-raad-van-beroep-in-ambtenarenzaken-van-aruba-curacao-sint-maarten-en-van-bonaire-sint-eustatius-en-saba-12-11-2025-cur2023h00263\/#breadcrumb"},"inLanguage":"ru-RU","potentialAction":[{"@type":"ReadAction","target":["https:\/\/kohenavocats.com\/ru\/jurisprudences\/eclinlorbaacm202530-raad-van-beroep-in-ambtenarenzaken-van-aruba-curacao-sint-maarten-en-van-bonaire-sint-eustatius-en-saba-12-11-2025-cur2023h00263\/"]}]},{"@type":"BreadcrumbList","@id":"https:\/\/kohenavocats.com\/ru\/jurisprudences\/eclinlorbaacm202530-raad-van-beroep-in-ambtenarenzaken-van-aruba-curacao-sint-maarten-en-van-bonaire-sint-eustatius-en-saba-12-11-2025-cur2023h00263\/#breadcrumb","itemListElement":[{"@type":"ListItem","position":1,"name":"Home","item":"https:\/\/kohenavocats.com\/ru\/avocats-en-droit-penal-a-paris-conseil-et-defense-strategique\/"},{"@type":"ListItem","position":2,"name":"Jurisprudences","item":"https:\/\/kohenavocats.com\/ru\/jurisprudences\/"},{"@type":"ListItem","position":3,"name":"ECLI:NL:ORBAACM:2025:30 Raad van Beroep in Ambtenarenzaken van Aruba, Cura\u00e7ao, Sint Maarten en van Bonaire, Sint Eustatius en Saba , 12-11-2025 \/ CUR2023H00263"}]},{"@type":"WebSite","@id":"https:\/\/kohenavocats.com\/ru\/#website","url":"https:\/\/kohenavocats.com\/ru\/","name":"Kohen Avocats","description":"Ma\u00eetre Hassan Kohen, avocat p\u00e9naliste \u00e0 Paris, intervient exclusivement en droit p\u00e9nal pour la d\u00e9fense des particuliers, notamment en mati\u00e8re d\u2019accusations de viol. Il assure un accompagnement rigoureux d\u00e8s la garde \u00e0 vue jusqu\u2019\u00e0 la Cour d\u2019assises, veillant au strict respect des garanties proc\u00e9durales.","publisher":{"@id":"https:\/\/kohenavocats.com\/ru\/#organization"},"potentialAction":[{"@type":"SearchAction","target":{"@type":"EntryPoint","urlTemplate":"https:\/\/kohenavocats.com\/ru\/?s={search_term_string}"},"query-input":{"@type":"PropertyValueSpecification","valueRequired":true,"valueName":"search_term_string"}}],"inLanguage":"ru-RU"},{"@type":"Organization","@id":"https:\/\/kohenavocats.com\/ru\/#organization","name":"Kohen Avocats","url":"https:\/\/kohenavocats.com\/ru\/","logo":{"@type":"ImageObject","inLanguage":"ru-RU","@id":"https:\/\/kohenavocats.com\/ru\/#\/schema\/logo\/image\/","url":"https:\/\/kohenavocats.com\/wp-content\/uploads\/2026\/01\/Logo-2-1.webp","contentUrl":"https:\/\/kohenavocats.com\/wp-content\/uploads\/2026\/01\/Logo-2-1.webp","width":2114,"height":1253,"caption":"Kohen Avocats"},"image":{"@id":"https:\/\/kohenavocats.com\/ru\/#\/schema\/logo\/image\/"}}]}},"jetpack_likes_enabled":false,"jetpack_sharing_enabled":true,"_links":{"self":[{"href":"https:\/\/kohenavocats.com\/ru\/wp-json\/wp\/v2\/kji_decision\/653936","targetHints":{"allow":["GET"]}}],"collection":[{"href":"https:\/\/kohenavocats.com\/ru\/wp-json\/wp\/v2\/kji_decision"}],"about":[{"href":"https:\/\/kohenavocats.com\/ru\/wp-json\/wp\/v2\/types\/kji_decision"}],"wp:attachment":[{"href":"https:\/\/kohenavocats.com\/ru\/wp-json\/wp\/v2\/media?parent=653936"}],"wp:term":[{"taxonomy":"kji_country","embeddable":true,"href":"https:\/\/kohenavocats.com\/ru\/wp-json\/wp\/v2\/kji_country?post=653936"},{"taxonomy":"kji_court","embeddable":true,"href":"https:\/\/kohenavocats.com\/ru\/wp-json\/wp\/v2\/kji_court?post=653936"},{"taxonomy":"kji_chamber","embeddable":true,"href":"https:\/\/kohenavocats.com\/ru\/wp-json\/wp\/v2\/kji_chamber?post=653936"},{"taxonomy":"kji_year","embeddable":true,"href":"https:\/\/kohenavocats.com\/ru\/wp-json\/wp\/v2\/kji_year?post=653936"},{"taxonomy":"kji_subject","embeddable":true,"href":"https:\/\/kohenavocats.com\/ru\/wp-json\/wp\/v2\/kji_subject?post=653936"},{"taxonomy":"kji_keyword","embeddable":true,"href":"https:\/\/kohenavocats.com\/ru\/wp-json\/wp\/v2\/kji_keyword?post=653936"},{"taxonomy":"kji_language","embeddable":true,"href":"https:\/\/kohenavocats.com\/ru\/wp-json\/wp\/v2\/kji_language?post=653936"}],"curies":[{"name":"wp","href":"https:\/\/api.w.org\/{rel}","templated":true}]}}