{"id":654053,"date":"2026-04-23T02:35:44","date_gmt":"2026-04-23T00:35:44","guid":{"rendered":"https:\/\/kohenavocats.com\/jurisprudences\/eclinlrvs20253081-raad-van-state-09-07-2025-202408052-1-v3\/"},"modified":"2026-04-23T02:35:44","modified_gmt":"2026-04-23T00:35:44","slug":"eclinlrvs20253081-raad-van-state-09-07-2025-202408052-1-v3","status":"publish","type":"kji_decision","link":"https:\/\/kohenavocats.com\/ru\/jurisprudences\/eclinlrvs20253081-raad-van-state-09-07-2025-202408052-1-v3\/","title":{"rendered":"ECLI:NL:RVS:2025:3081 Raad van State , 09-07-2025 \/ 202408052\/1\/V3"},"content":{"rendered":"<div class=\"kji-decision\">\n<div class=\"kji-full-text\">\n<p><strong>Inhoudsindicatie.<\/strong> Bij besluit van 18 november 2024 heeft de minister van Asiel en Migratie appellant een vrijheidsontnemende maatregel opgelegd.<\/p>\n<p>202408052\/1\/V3.<\/p>\n<p>Datum uitspraak: 9 juli 2025<\/p>\n<p>AFDELING<\/p>\n<p>BESTUURSRECHTSPRAAK<\/p>\n<p>Uitspraak met toepassing van artikel 8:54, eerste lid, van de Algemene wet bestuursrecht op het hoger beroep van:<\/p>\n<p>[appellant],<\/p>\n<p>appellant,<\/p>\n<p>tegen de uitspraak van de rechtbank Den Haag, zittingsplaats Haarlem, van 30 december 2024 in zaak nr. NL24.50159 in het geding tussen:<\/p>\n<p>appellant<\/p>\n<p>en<\/p>\n<p>de minister van Asiel en Migratie.<\/p>\n<p>Procesverloop<\/p>\n<p>Bij besluit van 18 november 2024 heeft de minister appellant een vrijheidsontnemende maatregel opgelegd.<\/p>\n<p>Bij uitspraak van 30 december 2024 heeft de rechtbank het daartegen door appellant ingestelde beroep ongegrond verklaard en het verzoek om schadevergoeding afgewezen.<\/p>\n<p>Tegen deze uitspraak heeft appellant, vertegenwoordigd door mr. A. Jhingoer, advocaat in Rotterdam, hoger beroep ingesteld.<\/p>\n<p>De minister heeft op verzoek van de Afdeling een nader stuk ingediend.<\/p>\n<p>Overwegingen<\/p>\n<p>1. Grief 2 is onder meer gericht tegen het oordeel van de rechtbank dat de grensdetentie niet te lang zou voortduren. De Afdeling heeft in haar uitspraak van 1 juli 2025, ECLI:NL:RVS:2025:2925, onder 3.8, geoordeeld dat grensdetentie op grond van artikel 6, derde lid, van de Vw 2000 niet langer mag voortduren dan dertien weken, gelet op artikel 9, eerste lid, van de Opvangrichtlijn. De rechtbank heeft in deze grensdetentiezaak terecht overwogen dat er op het moment dat zij uitspraak deed nog geen reden was voor het oordeel dat de grensdetentie te lang zou voortduren, omdat zij het asielberoep van appellant binnen dertien weken op een zitting zou behandelen. Maar de minister heeft de grensdetentie pas op 24 februari 2025 opgeheven, acht dagen nadat appellant dertien weken in grensdetentie was gehouden. De grensdetentie was onrechtmatig vanaf 17 februari 2025, de dag nadat de grensdetentie dertien weken had voortgeduurd.<\/p>\n<p>1.1. De grief slaagt, voor zover deze gaat over de duur van de grensdetentie.<\/p>\n<p>2. Wat appellant verder in het hogerberoepschrift aanvoert, leidt niet tot vernietiging van de uitspraak van de rechtbank. Dit oordeel hoeft niet verder te worden gemotiveerd. De reden daarvoor is dat het hogerberoepschrift in zoverre geen vragen bevat die in het belang van de rechtseenheid, de rechtsontwikkeling of de rechtsbescherming in algemene zin beantwoord moeten worden (artikel 91, tweede lid, van de Vw 2000).<\/p>\n<p>2.1. Het hoger beroep gaat verder namelijk onder meer over een rechtsvraag die eerder door de Afdeling is beantwoord (uitspraken van 29 januari 2025, ECLI:NL:RVS:2025:258, onder 4 tot en met 4.4.2, en 26 februari 2025, ECLI:NL:RVS:2025:789, onder 3 tot en met 3.7.2, over de detentieomstandigheden in het Justitieel Complex Schiphol). Het hoger beroep biedt geen reden hierover in dit geval anders te oordelen.<\/p>\n<p>3. Het hoger beroep is gegrond. De Afdeling vernietigt de uitspraak van de rechtbank. Er zijn geen beroepsgronden waarop na de overwegingen in hoger beroep nog moet worden beslist en de Afdeling ziet ambtshalve geen reden om de grensdetentie vanaf een eerdere datum dan 17 februari 2025 onrechtmatig te achten. Het beroep is gegrond. Omdat de grensdetentie al is opgeheven, is een bevel tot opheffing niet nodig. Appellant heeft wel recht op schadevergoeding (artikel 106, eerste lid, van de Vw 2000). Deze vergoeding wordt daarom aan appellant toegekend. De minister moet de proceskosten vergoeden.<\/p>\n<p>Beslissing<\/p>\n<p>De Afdeling bestuursrechtspraak van de Raad van State:<\/p>\n<p>I. verklaart het hoger beroep gegrond;<\/p>\n<p>II. vernietigt de uitspraak van de rechtbank Den Haag, zittingsplaats Haarlem, van 30 december 2024 in zaak nr. NL24.50159;<\/p>\n<p>III. verklaart het beroep gegrond;<\/p>\n<p>IV. kent aan appellant een vergoeding toe van \u20ac 800,00 over de periode van 17 februari 2025 tot en met 24 februari 2025, ten laste van de Staat der Nederlanden, te betalen door de griffier van de Raad van State;<\/p>\n<p>V. veroordeelt de minister van Asiel en Migratie tot vergoeding van bij appellant in verband met de behandeling van het beroep en het hoger beroep opgekomen proceskosten tot een bedrag van \u20ac 1.814,00, geheel toe te rekenen aan door een derde beroepsmatig verleende rechtsbijstand.<\/p>\n<p>Aldus vastgesteld door mr. J.C.A. de Poorter, voorzitter, en mr. M. Soffers en mr. M.J.M. Ristra-Peeters, leden, in tegenwoordigheid van mr. J.R. Kraak, griffier.<\/p>\n<p>w.g. De Poorter<\/p>\n<p>voorzitter<\/p>\n<p>w.g. Kraak<\/p>\n<p>griffier<\/p>\n<p>Uitgesproken in het openbaar op 9 juli 2025<\/p>\n<p>1020<\/p>\n<\/div>\n<hr class=\"kji-sep\" \/>\n<p class=\"kji-source-links\"><strong>Sources officielles :<\/strong> <a class=\"kji-source-link\" href=\"http:\/\/deeplink.rechtspraak.nl\/uitspraak?id=ECLI:NL:RVS:2025:3081\" target=\"_blank\" rel=\"noopener noreferrer\">consulter la page source<\/a><\/p>\n<p class=\"kji-license-note\"><em>Rechtspraak.nl open data, Creative Commons Zero. Volume cible 1.8M decisions.<\/em><\/p>\n<\/div>\n","protected":false},"excerpt":{"rendered":"<p>Bij besluit van 18 november 2024 heeft de minister van Asiel en Migratie appellant een vrijheidsontnemende maatregel opgelegd.<\/p>\n","protected":false},"featured_media":0,"template":"","meta":{"_crdt_document":""},"kji_country":[7669],"kji_court":[8622],"kji_chamber":[],"kji_year":[8463],"kji_subject":[7646],"kji_keyword":[7680,7673,8102,9102,7976],"kji_language":[7671],"class_list":["post-654053","kji_decision","type-kji_decision","status-publish","hentry","kji_country-pays-bas","kji_court-raad-van-state","kji_year-8463","kji_subject-divers","kji_keyword-besluit","kji_keyword-heeft","kji_keyword-minister","kji_keyword-november","kji_keyword-state","kji_language-nl"],"yoast_head":"<!-- This site is optimized with the Yoast SEO Premium plugin v27.5 (Yoast SEO v27.5) - https:\/\/yoast.com\/product\/yoast-seo-premium-wordpress\/ -->\n<title>ECLI:NL:RVS:2025:3081 Raad van State , 09-07-2025 \/ 202408052\/1\/V3 - Ma\u00eetre Hassan Kohen, avocat en droit p\u00e9nal \u00e0 Paris<\/title>\n<meta name=\"robots\" content=\"index, follow, max-snippet:-1, max-image-preview:large, max-video-preview:-1\" \/>\n<link rel=\"canonical\" href=\"https:\/\/kohenavocats.com\/ru\/jurisprudences\/eclinlrvs20253081-raad-van-state-09-07-2025-202408052-1-v3\/\" \/>\n<meta property=\"og:locale\" content=\"ru_RU\" \/>\n<meta property=\"og:type\" content=\"article\" \/>\n<meta property=\"og:title\" content=\"ECLI:NL:RVS:2025:3081 Raad van State , 09-07-2025 \/ 202408052\/1\/V3\" \/>\n<meta property=\"og:description\" content=\"Bij besluit van 18 november 2024 heeft de minister van Asiel en Migratie appellant een vrijheidsontnemende maatregel opgelegd.\" \/>\n<meta property=\"og:url\" content=\"https:\/\/kohenavocats.com\/ru\/jurisprudences\/eclinlrvs20253081-raad-van-state-09-07-2025-202408052-1-v3\/\" \/>\n<meta property=\"og:site_name\" content=\"Ma\u00eetre Hassan Kohen, avocat en droit p\u00e9nal \u00e0 Paris\" \/>\n<meta name=\"twitter:card\" content=\"summary_large_image\" \/>\n<meta name=\"twitter:label1\" content=\"\u041f\u0440\u0438\u043c\u0435\u0440\u043d\u043e\u0435 \u0432\u0440\u0435\u043c\u044f \u0434\u043b\u044f \u0447\u0442\u0435\u043d\u0438\u044f\" \/>\n\t<meta name=\"twitter:data1\" content=\"3 \u043c\u0438\u043d\u0443\u0442\u044b\" \/>\n<script type=\"application\/ld+json\" class=\"yoast-schema-graph\">{\"@context\":\"https:\\\/\\\/schema.org\",\"@graph\":[{\"@type\":\"WebPage\",\"@id\":\"https:\\\/\\\/kohenavocats.com\\\/ru\\\/jurisprudences\\\/eclinlrvs20253081-raad-van-state-09-07-2025-202408052-1-v3\\\/\",\"url\":\"https:\\\/\\\/kohenavocats.com\\\/ru\\\/jurisprudences\\\/eclinlrvs20253081-raad-van-state-09-07-2025-202408052-1-v3\\\/\",\"name\":\"ECLI:NL:RVS:2025:3081 Raad van State , 09-07-2025 \\\/ 202408052\\\/1\\\/V3 - Ma\u00eetre Hassan Kohen, avocat en droit p\u00e9nal \u00e0 Paris\",\"isPartOf\":{\"@id\":\"https:\\\/\\\/kohenavocats.com\\\/ru\\\/#website\"},\"datePublished\":\"2026-04-23T00:35:44+00:00\",\"breadcrumb\":{\"@id\":\"https:\\\/\\\/kohenavocats.com\\\/ru\\\/jurisprudences\\\/eclinlrvs20253081-raad-van-state-09-07-2025-202408052-1-v3\\\/#breadcrumb\"},\"inLanguage\":\"ru-RU\",\"potentialAction\":[{\"@type\":\"ReadAction\",\"target\":[\"https:\\\/\\\/kohenavocats.com\\\/ru\\\/jurisprudences\\\/eclinlrvs20253081-raad-van-state-09-07-2025-202408052-1-v3\\\/\"]}]},{\"@type\":\"BreadcrumbList\",\"@id\":\"https:\\\/\\\/kohenavocats.com\\\/ru\\\/jurisprudences\\\/eclinlrvs20253081-raad-van-state-09-07-2025-202408052-1-v3\\\/#breadcrumb\",\"itemListElement\":[{\"@type\":\"ListItem\",\"position\":1,\"name\":\"Home\",\"item\":\"https:\\\/\\\/kohenavocats.com\\\/ru\\\/avocats-en-droit-penal-a-paris-conseil-et-defense-strategique\\\/\"},{\"@type\":\"ListItem\",\"position\":2,\"name\":\"Jurisprudences\",\"item\":\"https:\\\/\\\/kohenavocats.com\\\/ru\\\/jurisprudences\\\/\"},{\"@type\":\"ListItem\",\"position\":3,\"name\":\"ECLI:NL:RVS:2025:3081 Raad van State , 09-07-2025 \\\/ 202408052\\\/1\\\/V3\"}]},{\"@type\":\"WebSite\",\"@id\":\"https:\\\/\\\/kohenavocats.com\\\/ru\\\/#website\",\"url\":\"https:\\\/\\\/kohenavocats.com\\\/ru\\\/\",\"name\":\"Kohen Avocats\",\"description\":\"Ma\u00eetre Hassan Kohen, avocat p\u00e9naliste \u00e0 Paris, intervient exclusivement en droit p\u00e9nal pour la d\u00e9fense des particuliers, notamment en mati\u00e8re d\u2019accusations de viol. Il assure un accompagnement rigoureux d\u00e8s la garde \u00e0 vue jusqu\u2019\u00e0 la Cour d\u2019assises, veillant au strict respect des garanties proc\u00e9durales.\",\"publisher\":{\"@id\":\"https:\\\/\\\/kohenavocats.com\\\/ru\\\/#organization\"},\"potentialAction\":[{\"@type\":\"SearchAction\",\"target\":{\"@type\":\"EntryPoint\",\"urlTemplate\":\"https:\\\/\\\/kohenavocats.com\\\/ru\\\/?s={search_term_string}\"},\"query-input\":{\"@type\":\"PropertyValueSpecification\",\"valueRequired\":true,\"valueName\":\"search_term_string\"}}],\"inLanguage\":\"ru-RU\"},{\"@type\":\"Organization\",\"@id\":\"https:\\\/\\\/kohenavocats.com\\\/ru\\\/#organization\",\"name\":\"Kohen Avocats\",\"url\":\"https:\\\/\\\/kohenavocats.com\\\/ru\\\/\",\"logo\":{\"@type\":\"ImageObject\",\"inLanguage\":\"ru-RU\",\"@id\":\"https:\\\/\\\/kohenavocats.com\\\/ru\\\/#\\\/schema\\\/logo\\\/image\\\/\",\"url\":\"https:\\\/\\\/kohenavocats.com\\\/wp-content\\\/uploads\\\/2026\\\/01\\\/Logo-2-1.webp\",\"contentUrl\":\"https:\\\/\\\/kohenavocats.com\\\/wp-content\\\/uploads\\\/2026\\\/01\\\/Logo-2-1.webp\",\"width\":2114,\"height\":1253,\"caption\":\"Kohen Avocats\"},\"image\":{\"@id\":\"https:\\\/\\\/kohenavocats.com\\\/ru\\\/#\\\/schema\\\/logo\\\/image\\\/\"}}]}<\/script>\n<!-- \/ Yoast SEO Premium plugin. -->","yoast_head_json":{"title":"ECLI:NL:RVS:2025:3081 Raad van State , 09-07-2025 \/ 202408052\/1\/V3 - Ma\u00eetre Hassan Kohen, avocat en droit p\u00e9nal \u00e0 Paris","robots":{"index":"index","follow":"follow","max-snippet":"max-snippet:-1","max-image-preview":"max-image-preview:large","max-video-preview":"max-video-preview:-1"},"canonical":"https:\/\/kohenavocats.com\/ru\/jurisprudences\/eclinlrvs20253081-raad-van-state-09-07-2025-202408052-1-v3\/","og_locale":"ru_RU","og_type":"article","og_title":"ECLI:NL:RVS:2025:3081 Raad van State , 09-07-2025 \/ 202408052\/1\/V3","og_description":"Bij besluit van 18 november 2024 heeft de minister van Asiel en Migratie appellant een vrijheidsontnemende maatregel opgelegd.","og_url":"https:\/\/kohenavocats.com\/ru\/jurisprudences\/eclinlrvs20253081-raad-van-state-09-07-2025-202408052-1-v3\/","og_site_name":"Ma\u00eetre Hassan Kohen, avocat en droit p\u00e9nal \u00e0 Paris","twitter_card":"summary_large_image","twitter_misc":{"\u041f\u0440\u0438\u043c\u0435\u0440\u043d\u043e\u0435 \u0432\u0440\u0435\u043c\u044f \u0434\u043b\u044f \u0447\u0442\u0435\u043d\u0438\u044f":"3 \u043c\u0438\u043d\u0443\u0442\u044b"},"schema":{"@context":"https:\/\/schema.org","@graph":[{"@type":"WebPage","@id":"https:\/\/kohenavocats.com\/ru\/jurisprudences\/eclinlrvs20253081-raad-van-state-09-07-2025-202408052-1-v3\/","url":"https:\/\/kohenavocats.com\/ru\/jurisprudences\/eclinlrvs20253081-raad-van-state-09-07-2025-202408052-1-v3\/","name":"ECLI:NL:RVS:2025:3081 Raad van State , 09-07-2025 \/ 202408052\/1\/V3 - Ma\u00eetre Hassan Kohen, avocat en droit p\u00e9nal \u00e0 Paris","isPartOf":{"@id":"https:\/\/kohenavocats.com\/ru\/#website"},"datePublished":"2026-04-23T00:35:44+00:00","breadcrumb":{"@id":"https:\/\/kohenavocats.com\/ru\/jurisprudences\/eclinlrvs20253081-raad-van-state-09-07-2025-202408052-1-v3\/#breadcrumb"},"inLanguage":"ru-RU","potentialAction":[{"@type":"ReadAction","target":["https:\/\/kohenavocats.com\/ru\/jurisprudences\/eclinlrvs20253081-raad-van-state-09-07-2025-202408052-1-v3\/"]}]},{"@type":"BreadcrumbList","@id":"https:\/\/kohenavocats.com\/ru\/jurisprudences\/eclinlrvs20253081-raad-van-state-09-07-2025-202408052-1-v3\/#breadcrumb","itemListElement":[{"@type":"ListItem","position":1,"name":"Home","item":"https:\/\/kohenavocats.com\/ru\/avocats-en-droit-penal-a-paris-conseil-et-defense-strategique\/"},{"@type":"ListItem","position":2,"name":"Jurisprudences","item":"https:\/\/kohenavocats.com\/ru\/jurisprudences\/"},{"@type":"ListItem","position":3,"name":"ECLI:NL:RVS:2025:3081 Raad van State , 09-07-2025 \/ 202408052\/1\/V3"}]},{"@type":"WebSite","@id":"https:\/\/kohenavocats.com\/ru\/#website","url":"https:\/\/kohenavocats.com\/ru\/","name":"Kohen Avocats","description":"Ma\u00eetre Hassan Kohen, avocat p\u00e9naliste \u00e0 Paris, intervient exclusivement en droit p\u00e9nal pour la d\u00e9fense des particuliers, notamment en mati\u00e8re d\u2019accusations de viol. Il assure un accompagnement rigoureux d\u00e8s la garde \u00e0 vue jusqu\u2019\u00e0 la Cour d\u2019assises, veillant au strict respect des garanties proc\u00e9durales.","publisher":{"@id":"https:\/\/kohenavocats.com\/ru\/#organization"},"potentialAction":[{"@type":"SearchAction","target":{"@type":"EntryPoint","urlTemplate":"https:\/\/kohenavocats.com\/ru\/?s={search_term_string}"},"query-input":{"@type":"PropertyValueSpecification","valueRequired":true,"valueName":"search_term_string"}}],"inLanguage":"ru-RU"},{"@type":"Organization","@id":"https:\/\/kohenavocats.com\/ru\/#organization","name":"Kohen Avocats","url":"https:\/\/kohenavocats.com\/ru\/","logo":{"@type":"ImageObject","inLanguage":"ru-RU","@id":"https:\/\/kohenavocats.com\/ru\/#\/schema\/logo\/image\/","url":"https:\/\/kohenavocats.com\/wp-content\/uploads\/2026\/01\/Logo-2-1.webp","contentUrl":"https:\/\/kohenavocats.com\/wp-content\/uploads\/2026\/01\/Logo-2-1.webp","width":2114,"height":1253,"caption":"Kohen Avocats"},"image":{"@id":"https:\/\/kohenavocats.com\/ru\/#\/schema\/logo\/image\/"}}]}},"jetpack_likes_enabled":false,"jetpack_sharing_enabled":true,"_links":{"self":[{"href":"https:\/\/kohenavocats.com\/ru\/wp-json\/wp\/v2\/kji_decision\/654053","targetHints":{"allow":["GET"]}}],"collection":[{"href":"https:\/\/kohenavocats.com\/ru\/wp-json\/wp\/v2\/kji_decision"}],"about":[{"href":"https:\/\/kohenavocats.com\/ru\/wp-json\/wp\/v2\/types\/kji_decision"}],"wp:attachment":[{"href":"https:\/\/kohenavocats.com\/ru\/wp-json\/wp\/v2\/media?parent=654053"}],"wp:term":[{"taxonomy":"kji_country","embeddable":true,"href":"https:\/\/kohenavocats.com\/ru\/wp-json\/wp\/v2\/kji_country?post=654053"},{"taxonomy":"kji_court","embeddable":true,"href":"https:\/\/kohenavocats.com\/ru\/wp-json\/wp\/v2\/kji_court?post=654053"},{"taxonomy":"kji_chamber","embeddable":true,"href":"https:\/\/kohenavocats.com\/ru\/wp-json\/wp\/v2\/kji_chamber?post=654053"},{"taxonomy":"kji_year","embeddable":true,"href":"https:\/\/kohenavocats.com\/ru\/wp-json\/wp\/v2\/kji_year?post=654053"},{"taxonomy":"kji_subject","embeddable":true,"href":"https:\/\/kohenavocats.com\/ru\/wp-json\/wp\/v2\/kji_subject?post=654053"},{"taxonomy":"kji_keyword","embeddable":true,"href":"https:\/\/kohenavocats.com\/ru\/wp-json\/wp\/v2\/kji_keyword?post=654053"},{"taxonomy":"kji_language","embeddable":true,"href":"https:\/\/kohenavocats.com\/ru\/wp-json\/wp\/v2\/kji_language?post=654053"}],"curies":[{"name":"wp","href":"https:\/\/api.w.org\/{rel}","templated":true}]}}