{"id":654055,"date":"2026-04-23T02:35:51","date_gmt":"2026-04-23T00:35:51","guid":{"rendered":"https:\/\/kohenavocats.com\/jurisprudences\/eclinlrvs20253070-raad-van-state-09-07-2025-202500890-1-v3\/"},"modified":"2026-04-23T02:35:51","modified_gmt":"2026-04-23T00:35:51","slug":"eclinlrvs20253070-raad-van-state-09-07-2025-202500890-1-v3","status":"publish","type":"kji_decision","link":"https:\/\/kohenavocats.com\/ru\/jurisprudences\/eclinlrvs20253070-raad-van-state-09-07-2025-202500890-1-v3\/","title":{"rendered":"ECLI:NL:RVS:2025:3070 Raad van State , 09-07-2025 \/ 202500890\/1\/V3"},"content":{"rendered":"<div class=\"kji-decision\">\n<div class=\"kji-full-text\">\n<p><strong>Inhoudsindicatie.<\/strong> Bij besluit van 15 januari 2025 heeft de minister van Asiel en Migratie appellant in bewaring gesteld.<\/p>\n<p>202500890\/1\/V3.<\/p>\n<p>Datum uitspraak: 9 juli 2025<\/p>\n<p>AFDELING<\/p>\n<p>BESTUURSRECHTSPRAAK<\/p>\n<p>Uitspraak met toepassing van artikel 8:54, eerste lid, van de Algemene wet bestuursrecht op het hoger beroep van:<\/p>\n<p>[appellant],<\/p>\n<p>appellant,<\/p>\n<p>tegen de uitspraak van de rechtbank Den Haag, zittingsplaats Arnhem, van 6 februari 2025 in zaak nr. NL25.2657 in het geding tussen:<\/p>\n<p>appellant<\/p>\n<p>en<\/p>\n<p>de minister van Asiel en Migratie.<\/p>\n<p>Procesverloop<\/p>\n<p>Bij besluit van 15 januari 2025 heeft de minister appellant in bewaring gesteld.<\/p>\n<p>Bij uitspraak van 6 februari 2025 heeft de rechtbank het daartegen door appellant ingestelde beroep ongegrond verklaard en het verzoek om schadevergoeding afgewezen.<\/p>\n<p>Tegen deze uitspraak heeft appellant, vertegenwoordigd door mr. M.I. Vennik, advocaat in Haarlem, hoger beroep ingesteld.<\/p>\n<p>De minister heeft op verzoek van de Afdeling nadere schriftelijke inlichtingen gegeven. Appellant heeft daarop gereageerd.<\/p>\n<p>Overwegingen<\/p>\n<p>Inleiding<\/p>\n<p>1. De minister heeft appellant in bewaring gesteld met het doel hem uit te zetten naar Libi\u00eb. Appellant heeft in deze procedure niet betwist dat hij de Libische nationaliteit heeft. Wel betwist hij dat het zicht op uitzetting naar Libi\u00eb niet ontbreekt. De minister heeft in zijn schriftelijke inlichtingen vermeld dat appellant op 6 februari 2025 bij de Libische autoriteiten is gepresenteerd en dat zijn Libische nationaliteit toen niet is vastgesteld. Dit betekent dat de minister er in ieder geval tot 6 februari 2025 van mocht uitgaan dat appellant de Libische nationaliteit had. In deze uitspraak gaat de Afdeling daar ook van uit en zal zij de vraag beantwoorden of zicht op uitzetting naar Libi\u00eb ontbreekt.<\/p>\n<p>Oordeel van de rechtbank<\/p>\n<p>2. De rechtbank heeft geoordeeld dat het zicht op uitzetting naar Libi\u00eb binnen een redelijke termijn niet ontbreekt. In dat kader heeft de rechtbank overwogen dat het zicht op uitzetting naar Libi\u00eb eerder ontbrak, omdat het voor de Koninklijke Marechaussee (hierna: de KMar) niet mogelijk was om een vreemdeling te escorteren bij een uitzetting naar Libi\u00eb. De minister heeft toegelicht dat escorteren door de KMar weer mogelijk is en er in 2024 inmiddels een ongedocumenteerde vreemdeling is uitgezet onder begeleiding van de KMar. Verder stond er een uitzetting op 5 februari 2025 gepland, die geen doorgang kon vinden doordat de desbetreffende vreemdeling een asielaanvraag had ingediend. Gelet hierop heeft de minister naar het oordeel van de rechtbank voldoende aannemelijk gemaakt dat de eerdere praktische belemmeringen inmiddels zijn opgeheven. Verder acht de rechtbank van belang dat de door de minister verstrekte cijfers het standpunt van de minister onderbouwen dat de Libische autoriteiten hun medewerking verlenen. Zo is er een groei te zien in het aantal nationaliteitsbevestigingen en verstrekkingen van laissez-passers (hierna: lp) ten opzichte van eerdere jaren. Ook worden er aan ongedocumenteerde vreemdelingen lp\u2019s verstrekt. De in de uitspraak van de rechtbank genoemde cijfers over de jaren 2022, 2023 en 2024 zijn hieronder weergegeven.<\/p>\n<p>Hoger beroep van appellant<\/p>\n<p>3. Appellant klaagt in zijn enige grief dat de rechtbank ten onrechte heeft geoordeeld dat het zicht op uitzetting binnen een redelijke termijn naar Libi\u00eb niet ontbreekt. De minister heeft volgens hem onvoldoende toegelicht dat er daadwerkelijk een uitzetting heeft plaatsgevonden halverwege 2024, en heeft alleen al daarom niet aannemelijk gemaakt dat de praktische belemmeringen om tot uitzetting naar Libi\u00eb te komen niet meer bestaan. Onder verwijzing naar de uitspraak van de Afdeling van 6 mei 2024, ECLI:NL:RVS:2024:1892, betoogt appellant verder dat de minister te weinig achtergrondinformatie heeft gegeven over de negen lp-verstrekkingen in 2024. De minister moet volgens hem nader toelichten wat de reden is dat er in deze negen zaken geen uitzetting heeft plaatsgevonden.<\/p>\n<p>Standpunt van de minister<\/p>\n<p>3.1. De minister heeft op verzoek van de Afdeling schriftelijke inlichtingen verstrekt over de veiligheidssituatie in Libi\u00eb. Hierin licht de minister toe dat er in juli 2024 sprake was van een zodanige situatie dat aan alle vereisten voor verantwoord escorteren van de betrokken vreemdeling kon worden voldaan, waardoor er op 22 juli 2024 een gedwongen uitzetting heeft plaatsgevonden naar Libi\u00eb. Ter ondersteuning van haar standpunt dat het zicht op uitzetting naar Libi\u00eb niet ontbreekt, heeft de minister verder vermeld dat er ook op 5 februari 2025 een gedwongen uitzetting heeft plaatsgevonden. Verder heeft zij de negen lp-verstrekkingen uit 2024 nader toegelicht. Tot slot heeft zij gemeld dat er in 2025 veertien lp-aanvragen zijn ingediend.<\/p>\n<p>Beoordeling van het hoger beroep<\/p>\n<p>3.2. De rechtbank heeft terecht geoordeeld dat de door de minister genoemde ontwikkelingen voldoende zijn om aan te nemen dat het zicht op uitzetting naar Libi\u00eb binnen een redelijke termijn niet ontbreekt. Zoals de rechtbank terecht heeft overwogen, heeft de minister voldoende aannemelijk gemaakt dat de eerdere praktische belemmeringen om vreemdelingen gedwongen te kunnen uitzetten naar Libi\u00eb niet meer bestaan. Uit de door de minister verstrekte informatie volgt immers dat er naast een gedwongen uitzetting in 2024, ook in 2025 een gedwongen uitzetting naar Libi\u00eb heeft plaatsgevonden. Gegeven de groei van het aantal verstrekte nationaliteitsbevestigingen en lp\u2019s in 2022, 2023 en 2024 is het oordeel gerechtvaardigd dat er voldoende aanknopingspunten zijn dat vreemdelingen met een Libische nationaliteit binnen een redelijke termijn met een door de Libische autoriteiten afgegeven lp kunnen worden uitgezet naar Libi\u00eb. In dat kader is ook van belang dat, zoals de minister in haar schriftelijke inlichtingen naar voren heeft gebracht, de Libische autoriteiten pas een lp verstrekken wanneer de Libische nationaliteit van de vreemdeling is bevestigd en de Dienst Terugkeer en Vertrek een vluchtdatum bekend heeft gemaakt. Daaruit blijkt dat de Libische autoriteiten meewerken aan het terugkeerproces van de vreemdelingen. De minister heeft daarom ten tijde van het opleggen van de maatregel terecht aangenomen dat het zicht op uitzetting naar Libi\u00eb voor appellant niet ontbrak. Daarbij neemt de Afdeling in aanmerking dat, zoals de minister heeft toegelicht in haar schriftelijke inlichtingen, van de in totaal negen verstrekte lp\u2019s in 2024 er acht zijn ingezet voor een zelfstandig vertrek door de vreemdeling. Hoewel met deze lp-verstrekkingen dus wel een vertrek naar Libi\u00eb is gerealiseerd, kan dit niet worden aangemerkt als een uitzetting. Daarmee staat vast dat er geen onduidelijkheid bestaat over de vraag of de verstrekte lp\u2019s tot het beoogde resultaat hebben geleid. De Afdeling is op grond van het bovenstaande dan ook van oordeel dat in het algemeen het zicht op uitzetting naar Libi\u00eb binnen een redelijke termijn niet ontbreekt.<\/p>\n<p>De grief faalt.<\/p>\n<p>Conclusie hoger beroep<\/p>\n<p>4. De Afdeling ziet ook ambtshalve geen reden om de bewaring onrechtmatig te achten. Het hoger beroep is ongegrond. De Afdeling bevestigt de uitspraak van de rechtbank. De minister hoeft geen proceskosten te vergoeden.<\/p>\n<p>Beslissing<\/p>\n<p>De Afdeling bestuursrechtspraak van de Raad van State:<\/p>\n<p>bevestigt de aangevallen uitspraak.<\/p>\n<p>Aldus vastgesteld door mr. J.C.A. de Poorter, voorzitter, en mr. N. Verheij en mr. J. Schipper-Spanninga, leden, in tegenwoordigheid van mr. A.M. van Meurs-Heuvel, griffier.<\/p>\n<p>w.g. De Poorter<\/p>\n<p>voorzitter<\/p>\n<p>w.g. Van Meurs-Heuvel<\/p>\n<p>griffier<\/p>\n<p>Uitgesproken in het openbaar op 9 juli 2025<\/p>\n<p>47-1085<\/p>\n<\/div>\n<hr class=\"kji-sep\" \/>\n<p class=\"kji-source-links\"><strong>Sources officielles :<\/strong> <a class=\"kji-source-link\" href=\"http:\/\/deeplink.rechtspraak.nl\/uitspraak?id=ECLI:NL:RVS:2025:3070\" target=\"_blank\" rel=\"noopener noreferrer\">consulter la page source<\/a><\/p>\n<p class=\"kji-license-note\"><em>Rechtspraak.nl open data, Creative Commons Zero. Volume cible 1.8M decisions.<\/em><\/p>\n<\/div>\n","protected":false},"excerpt":{"rendered":"<p>Bij besluit van 15 januari 2025 heeft de minister van Asiel en Migratie appellant in bewaring gesteld.<\/p>\n","protected":false},"featured_media":0,"template":"","meta":{"_crdt_document":""},"kji_country":[7669],"kji_court":[8622],"kji_chamber":[],"kji_year":[8463],"kji_subject":[7646],"kji_keyword":[7680,7673,12528,8102,7976],"kji_language":[7671],"class_list":["post-654055","kji_decision","type-kji_decision","status-publish","hentry","kji_country-pays-bas","kji_court-raad-van-state","kji_year-8463","kji_subject-divers","kji_keyword-besluit","kji_keyword-heeft","kji_keyword-januari","kji_keyword-minister","kji_keyword-state","kji_language-nl"],"yoast_head":"<!-- This site is optimized with the Yoast SEO Premium plugin v27.5 (Yoast SEO v27.5) - https:\/\/yoast.com\/product\/yoast-seo-premium-wordpress\/ -->\n<title>ECLI:NL:RVS:2025:3070 Raad van State , 09-07-2025 \/ 202500890\/1\/V3 - Ma\u00eetre Hassan Kohen, avocat en droit p\u00e9nal \u00e0 Paris<\/title>\n<meta name=\"robots\" content=\"index, follow, max-snippet:-1, max-image-preview:large, max-video-preview:-1\" \/>\n<link rel=\"canonical\" href=\"https:\/\/kohenavocats.com\/ru\/jurisprudences\/eclinlrvs20253070-raad-van-state-09-07-2025-202500890-1-v3\/\" \/>\n<meta property=\"og:locale\" content=\"ru_RU\" \/>\n<meta property=\"og:type\" content=\"article\" \/>\n<meta property=\"og:title\" content=\"ECLI:NL:RVS:2025:3070 Raad van State , 09-07-2025 \/ 202500890\/1\/V3\" \/>\n<meta property=\"og:description\" content=\"Bij besluit van 15 januari 2025 heeft de minister van Asiel en Migratie appellant in bewaring gesteld.\" \/>\n<meta property=\"og:url\" content=\"https:\/\/kohenavocats.com\/ru\/jurisprudences\/eclinlrvs20253070-raad-van-state-09-07-2025-202500890-1-v3\/\" \/>\n<meta property=\"og:site_name\" content=\"Ma\u00eetre Hassan Kohen, avocat en droit p\u00e9nal \u00e0 Paris\" \/>\n<meta name=\"twitter:card\" content=\"summary_large_image\" \/>\n<meta name=\"twitter:label1\" content=\"\u041f\u0440\u0438\u043c\u0435\u0440\u043d\u043e\u0435 \u0432\u0440\u0435\u043c\u044f \u0434\u043b\u044f \u0447\u0442\u0435\u043d\u0438\u044f\" \/>\n\t<meta name=\"twitter:data1\" content=\"6 \u043c\u0438\u043d\u0443\u0442\" \/>\n<script type=\"application\/ld+json\" class=\"yoast-schema-graph\">{\"@context\":\"https:\\\/\\\/schema.org\",\"@graph\":[{\"@type\":\"WebPage\",\"@id\":\"https:\\\/\\\/kohenavocats.com\\\/ru\\\/jurisprudences\\\/eclinlrvs20253070-raad-van-state-09-07-2025-202500890-1-v3\\\/\",\"url\":\"https:\\\/\\\/kohenavocats.com\\\/ru\\\/jurisprudences\\\/eclinlrvs20253070-raad-van-state-09-07-2025-202500890-1-v3\\\/\",\"name\":\"ECLI:NL:RVS:2025:3070 Raad van State , 09-07-2025 \\\/ 202500890\\\/1\\\/V3 - Ma\u00eetre Hassan Kohen, avocat en droit p\u00e9nal \u00e0 Paris\",\"isPartOf\":{\"@id\":\"https:\\\/\\\/kohenavocats.com\\\/ru\\\/#website\"},\"datePublished\":\"2026-04-23T00:35:51+00:00\",\"breadcrumb\":{\"@id\":\"https:\\\/\\\/kohenavocats.com\\\/ru\\\/jurisprudences\\\/eclinlrvs20253070-raad-van-state-09-07-2025-202500890-1-v3\\\/#breadcrumb\"},\"inLanguage\":\"ru-RU\",\"potentialAction\":[{\"@type\":\"ReadAction\",\"target\":[\"https:\\\/\\\/kohenavocats.com\\\/ru\\\/jurisprudences\\\/eclinlrvs20253070-raad-van-state-09-07-2025-202500890-1-v3\\\/\"]}]},{\"@type\":\"BreadcrumbList\",\"@id\":\"https:\\\/\\\/kohenavocats.com\\\/ru\\\/jurisprudences\\\/eclinlrvs20253070-raad-van-state-09-07-2025-202500890-1-v3\\\/#breadcrumb\",\"itemListElement\":[{\"@type\":\"ListItem\",\"position\":1,\"name\":\"Home\",\"item\":\"https:\\\/\\\/kohenavocats.com\\\/ru\\\/avocats-en-droit-penal-a-paris-conseil-et-defense-strategique\\\/\"},{\"@type\":\"ListItem\",\"position\":2,\"name\":\"Jurisprudences\",\"item\":\"https:\\\/\\\/kohenavocats.com\\\/ru\\\/jurisprudences\\\/\"},{\"@type\":\"ListItem\",\"position\":3,\"name\":\"ECLI:NL:RVS:2025:3070 Raad van State , 09-07-2025 \\\/ 202500890\\\/1\\\/V3\"}]},{\"@type\":\"WebSite\",\"@id\":\"https:\\\/\\\/kohenavocats.com\\\/ru\\\/#website\",\"url\":\"https:\\\/\\\/kohenavocats.com\\\/ru\\\/\",\"name\":\"Kohen Avocats\",\"description\":\"Ma\u00eetre Hassan Kohen, avocat p\u00e9naliste \u00e0 Paris, intervient exclusivement en droit p\u00e9nal pour la d\u00e9fense des particuliers, notamment en mati\u00e8re d\u2019accusations de viol. Il assure un accompagnement rigoureux d\u00e8s la garde \u00e0 vue jusqu\u2019\u00e0 la Cour d\u2019assises, veillant au strict respect des garanties proc\u00e9durales.\",\"publisher\":{\"@id\":\"https:\\\/\\\/kohenavocats.com\\\/ru\\\/#organization\"},\"potentialAction\":[{\"@type\":\"SearchAction\",\"target\":{\"@type\":\"EntryPoint\",\"urlTemplate\":\"https:\\\/\\\/kohenavocats.com\\\/ru\\\/?s={search_term_string}\"},\"query-input\":{\"@type\":\"PropertyValueSpecification\",\"valueRequired\":true,\"valueName\":\"search_term_string\"}}],\"inLanguage\":\"ru-RU\"},{\"@type\":\"Organization\",\"@id\":\"https:\\\/\\\/kohenavocats.com\\\/ru\\\/#organization\",\"name\":\"Kohen Avocats\",\"url\":\"https:\\\/\\\/kohenavocats.com\\\/ru\\\/\",\"logo\":{\"@type\":\"ImageObject\",\"inLanguage\":\"ru-RU\",\"@id\":\"https:\\\/\\\/kohenavocats.com\\\/ru\\\/#\\\/schema\\\/logo\\\/image\\\/\",\"url\":\"https:\\\/\\\/kohenavocats.com\\\/wp-content\\\/uploads\\\/2026\\\/01\\\/Logo-2-1.webp\",\"contentUrl\":\"https:\\\/\\\/kohenavocats.com\\\/wp-content\\\/uploads\\\/2026\\\/01\\\/Logo-2-1.webp\",\"width\":2114,\"height\":1253,\"caption\":\"Kohen Avocats\"},\"image\":{\"@id\":\"https:\\\/\\\/kohenavocats.com\\\/ru\\\/#\\\/schema\\\/logo\\\/image\\\/\"}}]}<\/script>\n<!-- \/ Yoast SEO Premium plugin. -->","yoast_head_json":{"title":"ECLI:NL:RVS:2025:3070 Raad van State , 09-07-2025 \/ 202500890\/1\/V3 - Ma\u00eetre Hassan Kohen, avocat en droit p\u00e9nal \u00e0 Paris","robots":{"index":"index","follow":"follow","max-snippet":"max-snippet:-1","max-image-preview":"max-image-preview:large","max-video-preview":"max-video-preview:-1"},"canonical":"https:\/\/kohenavocats.com\/ru\/jurisprudences\/eclinlrvs20253070-raad-van-state-09-07-2025-202500890-1-v3\/","og_locale":"ru_RU","og_type":"article","og_title":"ECLI:NL:RVS:2025:3070 Raad van State , 09-07-2025 \/ 202500890\/1\/V3","og_description":"Bij besluit van 15 januari 2025 heeft de minister van Asiel en Migratie appellant in bewaring gesteld.","og_url":"https:\/\/kohenavocats.com\/ru\/jurisprudences\/eclinlrvs20253070-raad-van-state-09-07-2025-202500890-1-v3\/","og_site_name":"Ma\u00eetre Hassan Kohen, avocat en droit p\u00e9nal \u00e0 Paris","twitter_card":"summary_large_image","twitter_misc":{"\u041f\u0440\u0438\u043c\u0435\u0440\u043d\u043e\u0435 \u0432\u0440\u0435\u043c\u044f \u0434\u043b\u044f \u0447\u0442\u0435\u043d\u0438\u044f":"6 \u043c\u0438\u043d\u0443\u0442"},"schema":{"@context":"https:\/\/schema.org","@graph":[{"@type":"WebPage","@id":"https:\/\/kohenavocats.com\/ru\/jurisprudences\/eclinlrvs20253070-raad-van-state-09-07-2025-202500890-1-v3\/","url":"https:\/\/kohenavocats.com\/ru\/jurisprudences\/eclinlrvs20253070-raad-van-state-09-07-2025-202500890-1-v3\/","name":"ECLI:NL:RVS:2025:3070 Raad van State , 09-07-2025 \/ 202500890\/1\/V3 - Ma\u00eetre Hassan Kohen, avocat en droit p\u00e9nal \u00e0 Paris","isPartOf":{"@id":"https:\/\/kohenavocats.com\/ru\/#website"},"datePublished":"2026-04-23T00:35:51+00:00","breadcrumb":{"@id":"https:\/\/kohenavocats.com\/ru\/jurisprudences\/eclinlrvs20253070-raad-van-state-09-07-2025-202500890-1-v3\/#breadcrumb"},"inLanguage":"ru-RU","potentialAction":[{"@type":"ReadAction","target":["https:\/\/kohenavocats.com\/ru\/jurisprudences\/eclinlrvs20253070-raad-van-state-09-07-2025-202500890-1-v3\/"]}]},{"@type":"BreadcrumbList","@id":"https:\/\/kohenavocats.com\/ru\/jurisprudences\/eclinlrvs20253070-raad-van-state-09-07-2025-202500890-1-v3\/#breadcrumb","itemListElement":[{"@type":"ListItem","position":1,"name":"Home","item":"https:\/\/kohenavocats.com\/ru\/avocats-en-droit-penal-a-paris-conseil-et-defense-strategique\/"},{"@type":"ListItem","position":2,"name":"Jurisprudences","item":"https:\/\/kohenavocats.com\/ru\/jurisprudences\/"},{"@type":"ListItem","position":3,"name":"ECLI:NL:RVS:2025:3070 Raad van State , 09-07-2025 \/ 202500890\/1\/V3"}]},{"@type":"WebSite","@id":"https:\/\/kohenavocats.com\/ru\/#website","url":"https:\/\/kohenavocats.com\/ru\/","name":"Kohen Avocats","description":"Ma\u00eetre Hassan Kohen, avocat p\u00e9naliste \u00e0 Paris, intervient exclusivement en droit p\u00e9nal pour la d\u00e9fense des particuliers, notamment en mati\u00e8re d\u2019accusations de viol. Il assure un accompagnement rigoureux d\u00e8s la garde \u00e0 vue jusqu\u2019\u00e0 la Cour d\u2019assises, veillant au strict respect des garanties proc\u00e9durales.","publisher":{"@id":"https:\/\/kohenavocats.com\/ru\/#organization"},"potentialAction":[{"@type":"SearchAction","target":{"@type":"EntryPoint","urlTemplate":"https:\/\/kohenavocats.com\/ru\/?s={search_term_string}"},"query-input":{"@type":"PropertyValueSpecification","valueRequired":true,"valueName":"search_term_string"}}],"inLanguage":"ru-RU"},{"@type":"Organization","@id":"https:\/\/kohenavocats.com\/ru\/#organization","name":"Kohen Avocats","url":"https:\/\/kohenavocats.com\/ru\/","logo":{"@type":"ImageObject","inLanguage":"ru-RU","@id":"https:\/\/kohenavocats.com\/ru\/#\/schema\/logo\/image\/","url":"https:\/\/kohenavocats.com\/wp-content\/uploads\/2026\/01\/Logo-2-1.webp","contentUrl":"https:\/\/kohenavocats.com\/wp-content\/uploads\/2026\/01\/Logo-2-1.webp","width":2114,"height":1253,"caption":"Kohen Avocats"},"image":{"@id":"https:\/\/kohenavocats.com\/ru\/#\/schema\/logo\/image\/"}}]}},"jetpack_likes_enabled":false,"jetpack_sharing_enabled":true,"_links":{"self":[{"href":"https:\/\/kohenavocats.com\/ru\/wp-json\/wp\/v2\/kji_decision\/654055","targetHints":{"allow":["GET"]}}],"collection":[{"href":"https:\/\/kohenavocats.com\/ru\/wp-json\/wp\/v2\/kji_decision"}],"about":[{"href":"https:\/\/kohenavocats.com\/ru\/wp-json\/wp\/v2\/types\/kji_decision"}],"wp:attachment":[{"href":"https:\/\/kohenavocats.com\/ru\/wp-json\/wp\/v2\/media?parent=654055"}],"wp:term":[{"taxonomy":"kji_country","embeddable":true,"href":"https:\/\/kohenavocats.com\/ru\/wp-json\/wp\/v2\/kji_country?post=654055"},{"taxonomy":"kji_court","embeddable":true,"href":"https:\/\/kohenavocats.com\/ru\/wp-json\/wp\/v2\/kji_court?post=654055"},{"taxonomy":"kji_chamber","embeddable":true,"href":"https:\/\/kohenavocats.com\/ru\/wp-json\/wp\/v2\/kji_chamber?post=654055"},{"taxonomy":"kji_year","embeddable":true,"href":"https:\/\/kohenavocats.com\/ru\/wp-json\/wp\/v2\/kji_year?post=654055"},{"taxonomy":"kji_subject","embeddable":true,"href":"https:\/\/kohenavocats.com\/ru\/wp-json\/wp\/v2\/kji_subject?post=654055"},{"taxonomy":"kji_keyword","embeddable":true,"href":"https:\/\/kohenavocats.com\/ru\/wp-json\/wp\/v2\/kji_keyword?post=654055"},{"taxonomy":"kji_language","embeddable":true,"href":"https:\/\/kohenavocats.com\/ru\/wp-json\/wp\/v2\/kji_language?post=654055"}],"curies":[{"name":"wp","href":"https:\/\/api.w.org\/{rel}","templated":true}]}}