{"id":654120,"date":"2026-04-23T02:46:36","date_gmt":"2026-04-23T00:46:36","guid":{"rendered":"https:\/\/kohenavocats.com\/jurisprudences\/eclinlrbdha20251493-rechtbank-den-haag-06-02-2025-nl25-2657-2\/"},"modified":"2026-04-23T02:46:36","modified_gmt":"2026-04-23T00:46:36","slug":"eclinlrbdha20251493-rechtbank-den-haag-06-02-2025-nl25-2657-2","status":"publish","type":"kji_decision","link":"https:\/\/kohenavocats.com\/ru\/jurisprudences\/eclinlrbdha20251493-rechtbank-den-haag-06-02-2025-nl25-2657-2\/","title":{"rendered":"ECLI:NL:RBDHA:2025:1493 Rechtbank Den Haag , 06-02-2025 \/ NL25.2657"},"content":{"rendered":"<div class=\"kji-decision\">\n<div class=\"kji-full-text\">\n<p><strong>Inhoudsindicatie.<\/strong> bewaring, beroep, lichter middel, voortduring maatregel niet onredelijk bezwarend, zicht op uitzetting naar Libi\u00eb, ongegrond.<\/p>\n<h3>RECHTBANK DEN HAAG<\/h3>\n<p>Zittingsplaats Arnhem<\/p>\n<p>Bestuursrecht<\/p>\n<p>zaaknummer: NL25.2657<\/p>\n<h3>uitspraak van de enkelvoudige kamer van 6 februari 2025 in de zaak tussen<\/h3>\n<h3>[eiser], v-nummer: [nummer], eiser<\/h3>\n<p>(gemachtigde: mr. M.I. Vennik),<\/p>\n<p>en<\/p>\n<h3>de minister van Asiel en Migratie<\/h3>\n<p>(gemachtigde: mr. E. \u00d6zel).<\/p>\n<h3>Procesverloop<\/h3>\n<p>Bij besluit van 15 januari 2025 (het bestreden besluit) heeft de minister aan eiser de maatregel van bewaring op grond van artikel 59, eerste lid, aanhef en onder a, van de Vreemdelingenwet 2000 (Vw 2000) opgelegd.<\/p>\n<p>Eiser heeft tegen het bestreden besluit beroep ingesteld. Dit beroep moet tevens worden aangemerkt als een verzoek om toekenning van schadevergoeding.<\/p>\n<p>De rechtbank heeft het beroep op 28 januari 2025 op zitting behandeld. Eiser is verschenen (via een beeldverbinding), bijgestaan door zijn gemachtigde. De minister is vertegenwoordigd door zijn gemachtigde. Na behandeling van de zaak heeft de rechtbank het onderzoek gesloten.<\/p>\n<p>De rechtbank heeft op 29 januari 2025 het onderzoek heropend en de minister om nadere informatie verzocht. De minister heeft die informatie verstrekt en eiser heeft hierop gereageerd. De rechtbank heeft op 4 februari 2025 het onderzoek gesloten en, met goedkeuring van partijen, besloten dat een nadere zitting achterwege blijft.<\/p>\n<h3>Overwegingen<\/h3>\n<p>Heeft de minister voldoende gemotiveerd waarom niet is volstaan met een lichter middel?<\/p>\n<p>1. Eiser voert aan dat de minister onvoldoende heeft gemotiveerd waarom niet met een lichter middel kon worden volstaan. Daartoe voert eiser aan dat de minister in zijn motivering onvoldoende rekening heeft gehouden met de medische en psychische problemen van eiser. Hoewel uit het Formulier externe bijzonderheden zaak blijkt dat de Vreemdelingenpolitie heeft aangegeven dat eiser \u2018zwaar verslaafd\u2019 is aan crack en coca\u00efne, motiveert de minister in de maatregel dat eiser verslaafd is geweest. Volgens eiser geeft de minister hiermee aan dat de verslaving van eiser geen rol speelt in de afweging om al dan niet tot een lichter middel over te gaan. Verder voert eiser aan dat in de maatregel van bewaring onjuist is vermeld dat hij reeds door een arts is onderzocht en medicatie zou ontvangen. Uit het verslag van het gehoor voorafgaand aan de inbewaringstelling blijkt namelijk dat eiser geen medicatie krijgt terwijl hij daar wel om heeft verzocht. Tot slot voert eiser aan dat zijn strafbare gedragingen en het recidiverisico daarbij, niet van belang zijn voor de motivering waarom de minister niet heeft volstaan met een lichter middel.<\/p>\n<p>De beroepsgrond slaagt niet. Naar het oordeel van de rechtbank stelt de minister zich voldoende gemotiveerd op het standpunt dat niet met een lichter middel dan de inbewaringstelling kon worden volstaan. De minister heeft op zitting aangegeven dat het strafrechtelijk verleden van eiser ten onrechte in de motivering is opgenomen. Dit maakt echter niet dat de motivering voor het overige gebrekkig is. Zo verwijst de minister in eerste instantie terecht naar de door eiser niet bestreden gronden die aan de maatregel van bewaring ten grondslag zijn gelegd en het onttrekkingsrisico dat daaruit volgt. De minister benadrukt daarbij terecht dat eiser zich eerder aan het toezicht heeft onttrokken en dat hij te kennen heeft gegeven niet terug te willen keren naar Libi\u00eb. Verder volgt de rechtbank eiser niet in zijn betoog dat de minister de huidige verslaving van eiser niet heeft meegewogen in de afweging om geen lichter middel toe te passen. In de maatregel staat namelijk ook expliciet aangegeven dat eiser heeft aangegeven drugsverslaafd \u2018te zijn\u2019. Bovendien blijkt uit het medisch dossier van eiser dat hij ten tijde van het opleggen van de maatregel behandeld werd door een arts en eerder medicatie heeft gekregen. Dat eiser het niet eens is met de beslissing van de arts omtrent het al dan niet verstrekken van medicatie maakt deze mededeling in de maatregel niet onjuist. Ook heeft de minister in de maatregel gewezen op eisers psychische klachten. De minister heeft in deze omstandigheden terecht geen aanleiding gezien om aan eiser een lichter middel op te leggen. Daarbij wijst de minister er terecht op dat voor eiser medische zorg aanwezig is in het detentiecentrum mocht hij dat nodig hebben. Deze medische voorzieningen moeten vergelijkbaar worden verondersteld met de medische zorg in de vrije maatschappij.<\/p>\n<p>Is de voortduring van de maatregel van bewaring onredelijk bezwarend voor eiser?<\/p>\n<p>2. Eiser betoogt dat de maatregel van bewaring onredelijk bezwarend voor hem is. Eiser heeft namelijk psychische en medische problemen. Dit blijkt uit het medisch dossier en uit het verslag van het vertrekgesprek van 20 januari 2025, waarin staat aangegeven dat de regievoerder opmerkt dat eiser er slecht uitziet.<\/p>\n<p>De rechtbank ziet het betoog van eiser als een grond tegen de voortduring van de maatregel van bewaring. Deze beroepsgrond slaagt echter niet. De rechtbank verwijst daartoe naar rechtsoverweging 1.1 van deze uitspraak. Dat in het verslag van het vertrekgesprek van 20 januari 2025 staat aangegeven dat eiser er slecht uitziet, maakt hetgeen in rechtsoverweging 1.1 is overwogen niet anders. Verder blijkt uit het medisch dossier van eiser dat hij onder behandeling staat van de medische dienst in het detentiecentrum Rotterdam. Indien eiser meent dat hij niet de benodigde zorg krijgt, dan kan hij daarover een klacht indienen bij de directeur van het detentiecentrum.<\/p>\n<p>Ontbreekt het zicht op uitzetting?<\/p>\n<p>3. Eiser betoogt, onder verwijzing naar een tweetal uitspraken van verschillende zittingsplaatsen, dat zicht op uitzetting naar Libi\u00eb in zijn algemeenheid ontbreekt. Daartoe voert eiser aan dat in heel 2024 slechts \u00e9\u00e9n Libische onderdaan gedwongen is uitgezet naar Libi\u00eb en in de afgelopen drie jaar niemand anders. Bovendien is niet duidelijk of deze uitzetting heeft plaatsgevonden nadat halverwege 2024 de veiligheidssituatie in Libi\u00eb is verbeterd. Niet is dus gebleken dat de praktische bezwaren zijn opgelost. Aangezien dit niet duidelijk is, kan niet zonder meer worden gesteld dat de Libische autoriteiten voldoende meewerken aan de gedwongen terugkeer van Libische onderdanen. Dat het aantal lp-verstrekkingen wel is gestegen, maakt niet dat de Libische autoriteiten meewerken aan gedwongen terugkeer. Er is namelijk geen stijging te zien in het aantal daadwerkelijke uitzettingen naar Libi\u00eb. Tot slot voert eiser aan dat speculaties van de minister over waarom uitzettingen, ondanks de lp-verstrekkingen, geen doorgang hebben kunnen vinden niet mogen leiden tot de conclusie dat zicht op uitzetting naar Libi\u00eb bestaat.<\/p>\n<p>De minister stelt zich op het standpunt dat wel sprake is van zicht op uitzetting naar Libi\u00eb. In de maatregel van bewaring heeft de minister volstaan met een algemene motivering die er kort gezegd op neerkomt dat de Libische autoriteiten meewerken aan gedwongen vertrek en dat niet is gebleken dat Libi\u00eb geen vervangend reisdocument zal verstrekken voor gedwongen terugkeer. Op zitting heeft de minister hieraan toegevoegd dat sinds medio 2024 gedwongen uitzettingen weer door de Koninklijke Marechaussee (KMar) kunnen worden begeleid en dat de eerdere belemmering is komen te vervallen vanwege de verbeterde veiligheidssituatie in Libi\u00eb.<\/p>\n<p>Op verzoek van de rechtbank heeft de minister vervolgens na de heropening van het onderzoek de meest recente gegevens verstrekt over het aantal lp-aanvragen, verstrekkingen, nationaliteitsverklaringen en gedwongen uitzettingen. De cijfers zijn als volgt.<\/p>\n<p>Libi\u00eb<\/p>\n<p>2022<\/p>\n<p>2023<\/p>\n<p>2024<\/p>\n<p>Lp-aanvragen gedocumenteerd<\/p>\n<p>6<\/p>\n<p>2<\/p>\n<p>15<\/p>\n<p>Lp-aanvragen ongedocumenteerd<\/p>\n<p>8<\/p>\n<p>12<\/p>\n<p>20<\/p>\n<p>Nationaliteitsbevestigingen<\/p>\n<p>4<\/p>\n<p>7<\/p>\n<p>Lp-verstrekkingen gedocumenteerd<\/p>\n<p>0<\/p>\n<p>1<\/p>\n<p>8<\/p>\n<p>Lp-verstrekkingen ongedocumenteerd<\/p>\n<p>0<\/p>\n<p>2<\/p>\n<p>1<\/p>\n<p>Gedwongen uitzettingen gedocumenteerd<\/p>\n<p>0<\/p>\n<p>Gedwongen uitzettingen ongedocumenteerd<\/p>\n<p>0<\/p>\n<p>1<\/p>\n<p>Verder heeft de minister toegelicht dat de relatie met de Libische autoriteiten en hun bereidheid om lp\u2019s te verstrekken ten behoeve van gedwongen uitzetting altijd goed is geweest. In antwoord op de vraag waarom er tot op heden nog maar \u00e9\u00e9n gedwongen uitzetting heeft plaatsgevonden merkt de minister op dat er verschillende redenen kunnen zijn waarom er geen uitzetting plaatsvindt ondanks een lp-verstrekking. Dit kan liggen in het voeren van procedures of als gevolg van een opgeheven bewaring. Verder wijst de minister op de uitspraak van 4 juni 2018 van de Afdeling bestuursrechtspraak van de Raad van State (Afdeling), waaruit volgt dat de gevolgde methode van uitzetting via Istanbul naar Libi\u00eb als mogelijkheid wordt erkend. De minister heeft nadien zelf heeft geoordeeld dat de risico\u2019s bij escortering vanaf Istanbul naar Libi\u00eb te groot zijn en dat hij dit heeft opgevat als het ontbreken van zicht op uitzetting naar Libi\u00eb. Inmiddels heeft de Kmar weer succesvol een uitzetting naar Libi\u00eb begeleid, waardoor er geen reden is om aan te nemen dat dit niet nog een keer kan. Verder wijst de minister erop dat er een vreemdeling met de Libische nationaliteit op 5 februari 2025 zou worden uitgezet onder begeleiding van vier medewerkers van de Kmar maar dat dit geen doorgang kan vinden door een ingediend asielverzoek van de vreemdeling.<\/p>\n<p>De rechtbank overweegt het volgende. De rechtbank stelt voorop dat tussen partijen niet in geschil is dat de uitzetting van eiser zich richt op Libi\u00eb. De minister heeft voor eiser op 22 januari 2025 een lp-aanvraag ingediend bij de Libische autoriteiten. Eiser heeft geen documenten.<\/p>\n<p>De vraag die de rechtbank moet beantwoorden is of het zicht op uitzetting binnen redelijke termijn naar Libi\u00eb ontbreekt. De inbewaringstelling van eiser moet namelijk kunnen leiden tot (gedwongen) uitzetting van eiser naar Libi\u00eb. Hiertoe overweegt de rechtbank het volgende. Uit de toelichting van de minister begrijpt de rechtbank dat het zicht op uitzetting eerder ontbrak, omdat het voor de Kmar niet mogelijk was om een vreemdeling te escorteren bij een gedwongen uitzetting naar Libi\u00eb. Hierdoor was het niet mogelijk om een vreemdeling gedwongen uit te zetten. De Afdeling heeft in haar uitspraak van 22 april 2021 hierin reden gezien om te oordelen dat het zicht op uitzetting naar Libi\u00eb ontbreekt. De minister heeft toegelicht dat escortering door de Kmar weer mogelijk is en dat er in 2024 inmiddels \u00e9\u00e9n ongedocumenteerde vreemdeling gedwongen is uitgezet onder begeleiding van de Kmar. Bovendien stond er een gedwongen uitzetting op 5 februari 2025 gepland, waarbij de vreemdeling zou worden uitgezet onder begeleiding van vier medewerkers van de Kmar. Hiermee heeft de minister voldoende aannemelijk gemaakt dat de eerdere praktische belemmeringen inmiddels zijn opgeheven. Dat niet bekend is wanneer de gedwongen uitzetting in 2024 heeft plaatsgevonden maakt dit niet anders, nu niet in geschil is dat deze heeft plaatsgevonden. De rechtbank volgt evenmin het betoog van eiser dat aan de geplande uitzetting van 5 februari 2025 geen waarde mag worden gehecht omdat deze niet is doorgegaan. De rechtbank heeft geen aanleiding om aan te nemen dat, indien de desbetreffende vreemdeling geen asielaanvraag had ingediend, de uitzetting doorgang had gevonden. In de omstandigheid dat er, ondanks meerdere lp-vertrekkingen, niet meer gedwongen uitzettingen hebben plaatsgevonden ziet de rechtbank geen reden om tot een andersluidend oordeel te komen. Uit de toelichting van de minister blijkt immers dat dit een veelvoud van redenen kan hebben die niet te maken hebben met de mogelijkheid van gedwongen uitzetting, zo blijkt ook uit de voorgenomen uitzetting van 5 februari 2025. De rechtbank wijst er in dit kader op dat uit vaste rechtspraak volgt dat de rechtbank bij de beoordeling van de maatregel van bewaring dient te toetsen of het zicht op uitzetting ontbreekt en niet, zoals eiser lijkt te betogen, dat het zicht op uitzetting aanwezig is of bestaat.<\/p>\n<p>Verder acht de rechtbank van belang dat, anders dan eiser betoogt, de door de minister verstrekte cijfers de stelling van de minister onderbouwen dat de Libische autoriteiten hun medewerking verlenen. In de voorgaande jaren zijn er immers lp\u2019s afgeven en in het jaar 2024 is een groei te zien in het aantal nationaliteitsbevestigingen en lp-verstrekkingen ten opzichte van de voorgaande jaren. Ook aan ongedocumenteerde vreemdelingen zoals eiser zijn lp\u2019s verstrekt.<\/p>\n<p>De rechtbank is van oordeel dat gelet op het onder 3.4 en 3.5 overwogene er voldoende concrete aanknopingspunten zijn om te verwachten dat vreemdelingen met de Libische nationaliteit, zoals eiser, binnen redelijke termijn met een door de Libische autoriteiten afgegeven lp kunnen worden uitgezet naar Libi\u00eb. Dit betekent dat in deze zaak het zicht op uitzetting binnen een redelijke termijn niet ontbreekt. De beroepsgrond slaagt niet.<\/p>\n<p>Leidt ambtshalve toetsing tot een ander oordeel?<\/p>\n<p>4. Los van de door eiser aangevoerde beroepsgronden, ziet de rechtbank in de door de minister en eiser verstrekte gegevens geen grond om te komen tot het oordeel dat aan de rechtmatigheidsvoorwaarden voor deze maatregel niet is voldaan.<\/p>\n<h3>Conclusie en gevolgen<\/h3>\n<p>5. Het beroep is ongegrond. Daarom wordt ook het verzoek om schadevergoeding afgewezen. Voor een proceskostenveroordeling bestaat geen aanleiding.<\/p>\n<h3>Beslissing<\/h3>\n<p>De rechtbank:<\/p>\n<p>&#8212; verklaart het beroep ongegrond;<\/p>\n<p>&#8212; wijst het verzoek om schadevergoeding af.<\/p>\n<p>Deze uitspraak is gedaan door mr. A.S. Gaastra, rechter, in aanwezigheid van mr. D.M. Abrahams, griffier.<\/p>\n<p>De uitspraak is uitgesproken in het openbaar en bekendgemaakt op:<\/p>\n<p>Rechtsmiddel<\/p>\n<p>Tegen deze uitspraak kan hoger beroep worden ingesteld bij de Afdeling bestuursrechtspraak van de Raad van State binnen \u00e9\u00e9n week na de dag van bekendmaking.<\/p>\n<h3>Voetnoten<\/h3>\n<ol>\n<li>Artikel 94, eerste lid van de Vreemdelingenwet 2000 en artikel 8:57 van de Algemene wet bestuursrecht maken dit mogelijk.<\/li>\n<li>ABRvS 5 januari 2018, ECLI:NL:RVS:2018:16.<\/li>\n<li>Onder verwijzing naar Rb. Den Haag (zp Groningen) 5 december 2024, ECLI:NL:RBDHA:2024:20310 en Rb. Den Haag (zp Utrecht) 13 januari 2025, ECLI:NL:RBDHA:2025:398, r.o. 6.<\/li>\n<li>ABRvS 4 juni 2018, ECLI:NL:RVS:2018:1813.<\/li>\n<li>ABRvS 22 april 2021, ECLI:NL:RVS:2021:873.<\/li>\n<li>ABRvS 13 mei 2011, ECLI:NL:RVS:2011:BQ5557.<\/li>\n<li>Vergelijk HvJEU 8 november 2022, ECLI:EU:C:2022:858.<\/li>\n<\/ol>\n<\/div>\n<hr class=\"kji-sep\" \/>\n<p class=\"kji-source-links\"><strong>Sources officielles :<\/strong> <a class=\"kji-source-link\" href=\"http:\/\/deeplink.rechtspraak.nl\/uitspraak?id=ECLI:NL:RBDHA:2025:1493\" target=\"_blank\" rel=\"noopener noreferrer\">consulter la page source<\/a><\/p>\n<p class=\"kji-license-note\"><em>Rechtspraak.nl open data, Creative Commons Zero. Volume cible 1.8M decisions.<\/em><\/p>\n<\/div>\n","protected":false},"excerpt":{"rendered":"<p>bewaring, beroep, lichter middel, voortduring maatregel niet onredelijk bezwarend, zicht op uitzetting naar Libi\u00eb, ongegrond.<\/p>\n","protected":false},"featured_media":0,"template":"","meta":{"_crdt_document":""},"kji_country":[7669],"kji_court":[7670],"kji_chamber":[],"kji_year":[8463],"kji_subject":[7646],"kji_keyword":[7992,7824,16808,7674,7675],"kji_language":[7671],"class_list":["post-654120","kji_decision","type-kji_decision","status-publish","hentry","kji_country-pays-bas","kji_court-rechtbank-den-haag","kji_year-8463","kji_subject-divers","kji_keyword-beroep","kji_keyword-bewaring","kji_keyword-lichter","kji_keyword-rbdha","kji_keyword-rechtbank","kji_language-nl"],"yoast_head":"<!-- This site is optimized with the Yoast SEO Premium plugin v27.4 (Yoast SEO v27.4) - https:\/\/yoast.com\/product\/yoast-seo-premium-wordpress\/ -->\n<title>ECLI:NL:RBDHA:2025:1493 Rechtbank Den Haag , 06-02-2025 \/ NL25.2657 - Ma\u00eetre Hassan Kohen, avocat en droit p\u00e9nal \u00e0 Paris<\/title>\n<meta name=\"robots\" content=\"index, follow, max-snippet:-1, max-image-preview:large, max-video-preview:-1\" \/>\n<link rel=\"canonical\" href=\"https:\/\/kohenavocats.com\/ru\/jurisprudences\/eclinlrbdha20251493-rechtbank-den-haag-06-02-2025-nl25-2657-2\/\" \/>\n<meta property=\"og:locale\" content=\"ru_RU\" \/>\n<meta property=\"og:type\" content=\"article\" \/>\n<meta property=\"og:title\" content=\"ECLI:NL:RBDHA:2025:1493 Rechtbank Den Haag , 06-02-2025 \/ NL25.2657\" \/>\n<meta property=\"og:description\" content=\"bewaring, beroep, lichter middel, voortduring maatregel niet onredelijk bezwarend, zicht op uitzetting naar Libi\u00eb, ongegrond.\" \/>\n<meta property=\"og:url\" content=\"https:\/\/kohenavocats.com\/ru\/jurisprudences\/eclinlrbdha20251493-rechtbank-den-haag-06-02-2025-nl25-2657-2\/\" \/>\n<meta property=\"og:site_name\" content=\"Ma\u00eetre Hassan Kohen, avocat en droit p\u00e9nal \u00e0 Paris\" \/>\n<meta name=\"twitter:card\" content=\"summary_large_image\" \/>\n<meta name=\"twitter:label1\" content=\"\u041f\u0440\u0438\u043c\u0435\u0440\u043d\u043e\u0435 \u0432\u0440\u0435\u043c\u044f \u0434\u043b\u044f \u0447\u0442\u0435\u043d\u0438\u044f\" \/>\n\t<meta name=\"twitter:data1\" content=\"11 \u043c\u0438\u043d\u0443\u0442\" \/>\n<script type=\"application\/ld+json\" class=\"yoast-schema-graph\">{\"@context\":\"https:\\\/\\\/schema.org\",\"@graph\":[{\"@type\":\"WebPage\",\"@id\":\"https:\\\/\\\/kohenavocats.com\\\/ru\\\/jurisprudences\\\/eclinlrbdha20251493-rechtbank-den-haag-06-02-2025-nl25-2657-2\\\/\",\"url\":\"https:\\\/\\\/kohenavocats.com\\\/ru\\\/jurisprudences\\\/eclinlrbdha20251493-rechtbank-den-haag-06-02-2025-nl25-2657-2\\\/\",\"name\":\"ECLI:NL:RBDHA:2025:1493 Rechtbank Den Haag , 06-02-2025 \\\/ NL25.2657 - Ma\u00eetre Hassan Kohen, avocat en droit p\u00e9nal \u00e0 Paris\",\"isPartOf\":{\"@id\":\"https:\\\/\\\/kohenavocats.com\\\/ru\\\/#website\"},\"datePublished\":\"2026-04-23T00:46:36+00:00\",\"breadcrumb\":{\"@id\":\"https:\\\/\\\/kohenavocats.com\\\/ru\\\/jurisprudences\\\/eclinlrbdha20251493-rechtbank-den-haag-06-02-2025-nl25-2657-2\\\/#breadcrumb\"},\"inLanguage\":\"ru-RU\",\"potentialAction\":[{\"@type\":\"ReadAction\",\"target\":[\"https:\\\/\\\/kohenavocats.com\\\/ru\\\/jurisprudences\\\/eclinlrbdha20251493-rechtbank-den-haag-06-02-2025-nl25-2657-2\\\/\"]}]},{\"@type\":\"BreadcrumbList\",\"@id\":\"https:\\\/\\\/kohenavocats.com\\\/ru\\\/jurisprudences\\\/eclinlrbdha20251493-rechtbank-den-haag-06-02-2025-nl25-2657-2\\\/#breadcrumb\",\"itemListElement\":[{\"@type\":\"ListItem\",\"position\":1,\"name\":\"Home\",\"item\":\"https:\\\/\\\/kohenavocats.com\\\/ru\\\/avocats-en-droit-penal-a-paris-conseil-et-defense-strategique\\\/\"},{\"@type\":\"ListItem\",\"position\":2,\"name\":\"Jurisprudences\",\"item\":\"https:\\\/\\\/kohenavocats.com\\\/ru\\\/jurisprudences\\\/\"},{\"@type\":\"ListItem\",\"position\":3,\"name\":\"ECLI:NL:RBDHA:2025:1493 Rechtbank Den Haag , 06-02-2025 \\\/ NL25.2657\"}]},{\"@type\":\"WebSite\",\"@id\":\"https:\\\/\\\/kohenavocats.com\\\/ru\\\/#website\",\"url\":\"https:\\\/\\\/kohenavocats.com\\\/ru\\\/\",\"name\":\"Kohen Avocats\",\"description\":\"Ma\u00eetre Hassan Kohen, avocat p\u00e9naliste \u00e0 Paris, intervient exclusivement en droit p\u00e9nal pour la d\u00e9fense des particuliers, notamment en mati\u00e8re d\u2019accusations de viol. Il assure un accompagnement rigoureux d\u00e8s la garde \u00e0 vue jusqu\u2019\u00e0 la Cour d\u2019assises, veillant au strict respect des garanties proc\u00e9durales.\",\"publisher\":{\"@id\":\"https:\\\/\\\/kohenavocats.com\\\/ru\\\/#organization\"},\"potentialAction\":[{\"@type\":\"SearchAction\",\"target\":{\"@type\":\"EntryPoint\",\"urlTemplate\":\"https:\\\/\\\/kohenavocats.com\\\/ru\\\/?s={search_term_string}\"},\"query-input\":{\"@type\":\"PropertyValueSpecification\",\"valueRequired\":true,\"valueName\":\"search_term_string\"}}],\"inLanguage\":\"ru-RU\"},{\"@type\":\"Organization\",\"@id\":\"https:\\\/\\\/kohenavocats.com\\\/ru\\\/#organization\",\"name\":\"Kohen Avocats\",\"url\":\"https:\\\/\\\/kohenavocats.com\\\/ru\\\/\",\"logo\":{\"@type\":\"ImageObject\",\"inLanguage\":\"ru-RU\",\"@id\":\"https:\\\/\\\/kohenavocats.com\\\/ru\\\/#\\\/schema\\\/logo\\\/image\\\/\",\"url\":\"https:\\\/\\\/kohenavocats.com\\\/wp-content\\\/uploads\\\/2026\\\/01\\\/Logo-2-1.webp\",\"contentUrl\":\"https:\\\/\\\/kohenavocats.com\\\/wp-content\\\/uploads\\\/2026\\\/01\\\/Logo-2-1.webp\",\"width\":2114,\"height\":1253,\"caption\":\"Kohen Avocats\"},\"image\":{\"@id\":\"https:\\\/\\\/kohenavocats.com\\\/ru\\\/#\\\/schema\\\/logo\\\/image\\\/\"}}]}<\/script>\n<!-- \/ Yoast SEO Premium plugin. -->","yoast_head_json":{"title":"ECLI:NL:RBDHA:2025:1493 Rechtbank Den Haag , 06-02-2025 \/ NL25.2657 - Ma\u00eetre Hassan Kohen, avocat en droit p\u00e9nal \u00e0 Paris","robots":{"index":"index","follow":"follow","max-snippet":"max-snippet:-1","max-image-preview":"max-image-preview:large","max-video-preview":"max-video-preview:-1"},"canonical":"https:\/\/kohenavocats.com\/ru\/jurisprudences\/eclinlrbdha20251493-rechtbank-den-haag-06-02-2025-nl25-2657-2\/","og_locale":"ru_RU","og_type":"article","og_title":"ECLI:NL:RBDHA:2025:1493 Rechtbank Den Haag , 06-02-2025 \/ NL25.2657","og_description":"bewaring, beroep, lichter middel, voortduring maatregel niet onredelijk bezwarend, zicht op uitzetting naar Libi\u00eb, ongegrond.","og_url":"https:\/\/kohenavocats.com\/ru\/jurisprudences\/eclinlrbdha20251493-rechtbank-den-haag-06-02-2025-nl25-2657-2\/","og_site_name":"Ma\u00eetre Hassan Kohen, avocat en droit p\u00e9nal \u00e0 Paris","twitter_card":"summary_large_image","twitter_misc":{"\u041f\u0440\u0438\u043c\u0435\u0440\u043d\u043e\u0435 \u0432\u0440\u0435\u043c\u044f \u0434\u043b\u044f \u0447\u0442\u0435\u043d\u0438\u044f":"11 \u043c\u0438\u043d\u0443\u0442"},"schema":{"@context":"https:\/\/schema.org","@graph":[{"@type":"WebPage","@id":"https:\/\/kohenavocats.com\/ru\/jurisprudences\/eclinlrbdha20251493-rechtbank-den-haag-06-02-2025-nl25-2657-2\/","url":"https:\/\/kohenavocats.com\/ru\/jurisprudences\/eclinlrbdha20251493-rechtbank-den-haag-06-02-2025-nl25-2657-2\/","name":"ECLI:NL:RBDHA:2025:1493 Rechtbank Den Haag , 06-02-2025 \/ NL25.2657 - Ma\u00eetre Hassan Kohen, avocat en droit p\u00e9nal \u00e0 Paris","isPartOf":{"@id":"https:\/\/kohenavocats.com\/ru\/#website"},"datePublished":"2026-04-23T00:46:36+00:00","breadcrumb":{"@id":"https:\/\/kohenavocats.com\/ru\/jurisprudences\/eclinlrbdha20251493-rechtbank-den-haag-06-02-2025-nl25-2657-2\/#breadcrumb"},"inLanguage":"ru-RU","potentialAction":[{"@type":"ReadAction","target":["https:\/\/kohenavocats.com\/ru\/jurisprudences\/eclinlrbdha20251493-rechtbank-den-haag-06-02-2025-nl25-2657-2\/"]}]},{"@type":"BreadcrumbList","@id":"https:\/\/kohenavocats.com\/ru\/jurisprudences\/eclinlrbdha20251493-rechtbank-den-haag-06-02-2025-nl25-2657-2\/#breadcrumb","itemListElement":[{"@type":"ListItem","position":1,"name":"Home","item":"https:\/\/kohenavocats.com\/ru\/avocats-en-droit-penal-a-paris-conseil-et-defense-strategique\/"},{"@type":"ListItem","position":2,"name":"Jurisprudences","item":"https:\/\/kohenavocats.com\/ru\/jurisprudences\/"},{"@type":"ListItem","position":3,"name":"ECLI:NL:RBDHA:2025:1493 Rechtbank Den Haag , 06-02-2025 \/ NL25.2657"}]},{"@type":"WebSite","@id":"https:\/\/kohenavocats.com\/ru\/#website","url":"https:\/\/kohenavocats.com\/ru\/","name":"Kohen Avocats","description":"Ma\u00eetre Hassan Kohen, avocat p\u00e9naliste \u00e0 Paris, intervient exclusivement en droit p\u00e9nal pour la d\u00e9fense des particuliers, notamment en mati\u00e8re d\u2019accusations de viol. Il assure un accompagnement rigoureux d\u00e8s la garde \u00e0 vue jusqu\u2019\u00e0 la Cour d\u2019assises, veillant au strict respect des garanties proc\u00e9durales.","publisher":{"@id":"https:\/\/kohenavocats.com\/ru\/#organization"},"potentialAction":[{"@type":"SearchAction","target":{"@type":"EntryPoint","urlTemplate":"https:\/\/kohenavocats.com\/ru\/?s={search_term_string}"},"query-input":{"@type":"PropertyValueSpecification","valueRequired":true,"valueName":"search_term_string"}}],"inLanguage":"ru-RU"},{"@type":"Organization","@id":"https:\/\/kohenavocats.com\/ru\/#organization","name":"Kohen Avocats","url":"https:\/\/kohenavocats.com\/ru\/","logo":{"@type":"ImageObject","inLanguage":"ru-RU","@id":"https:\/\/kohenavocats.com\/ru\/#\/schema\/logo\/image\/","url":"https:\/\/kohenavocats.com\/wp-content\/uploads\/2026\/01\/Logo-2-1.webp","contentUrl":"https:\/\/kohenavocats.com\/wp-content\/uploads\/2026\/01\/Logo-2-1.webp","width":2114,"height":1253,"caption":"Kohen Avocats"},"image":{"@id":"https:\/\/kohenavocats.com\/ru\/#\/schema\/logo\/image\/"}}]}},"jetpack_likes_enabled":false,"jetpack_sharing_enabled":true,"_links":{"self":[{"href":"https:\/\/kohenavocats.com\/ru\/wp-json\/wp\/v2\/kji_decision\/654120","targetHints":{"allow":["GET"]}}],"collection":[{"href":"https:\/\/kohenavocats.com\/ru\/wp-json\/wp\/v2\/kji_decision"}],"about":[{"href":"https:\/\/kohenavocats.com\/ru\/wp-json\/wp\/v2\/types\/kji_decision"}],"wp:attachment":[{"href":"https:\/\/kohenavocats.com\/ru\/wp-json\/wp\/v2\/media?parent=654120"}],"wp:term":[{"taxonomy":"kji_country","embeddable":true,"href":"https:\/\/kohenavocats.com\/ru\/wp-json\/wp\/v2\/kji_country?post=654120"},{"taxonomy":"kji_court","embeddable":true,"href":"https:\/\/kohenavocats.com\/ru\/wp-json\/wp\/v2\/kji_court?post=654120"},{"taxonomy":"kji_chamber","embeddable":true,"href":"https:\/\/kohenavocats.com\/ru\/wp-json\/wp\/v2\/kji_chamber?post=654120"},{"taxonomy":"kji_year","embeddable":true,"href":"https:\/\/kohenavocats.com\/ru\/wp-json\/wp\/v2\/kji_year?post=654120"},{"taxonomy":"kji_subject","embeddable":true,"href":"https:\/\/kohenavocats.com\/ru\/wp-json\/wp\/v2\/kji_subject?post=654120"},{"taxonomy":"kji_keyword","embeddable":true,"href":"https:\/\/kohenavocats.com\/ru\/wp-json\/wp\/v2\/kji_keyword?post=654120"},{"taxonomy":"kji_language","embeddable":true,"href":"https:\/\/kohenavocats.com\/ru\/wp-json\/wp\/v2\/kji_language?post=654120"}],"curies":[{"name":"wp","href":"https:\/\/api.w.org\/{rel}","templated":true}]}}