{"id":654434,"date":"2026-04-23T03:31:19","date_gmt":"2026-04-23T01:31:19","guid":{"rendered":"https:\/\/kohenavocats.com\/jurisprudences\/acordao-supremo-tribunal-de-justica-processo-1102-09-3tvlsb-l1-s1-2022-10-26\/"},"modified":"2026-04-23T03:31:19","modified_gmt":"2026-04-23T01:31:19","slug":"acordao-supremo-tribunal-de-justica-processo-1102-09-3tvlsb-l1-s1-2022-10-26","status":"publish","type":"kji_decision","link":"https:\/\/kohenavocats.com\/ru\/jurisprudences\/acordao-supremo-tribunal-de-justica-processo-1102-09-3tvlsb-l1-s1-2022-10-26\/","title":{"rendered":"Ac\u00f3rd\u00e3o Supremo Tribunal de Justi\u00e7a \u2013 Processo 1102\/09.3TVLSB.L1.S1 \u2013 2022-10-26"},"content":{"rendered":"<div class=\"kji-decision\">\n<p class=\"kji-summary\">Relator: MARIA OLINDA GARCIA. I- Os factos da vida privada, quando tornados p?blicos, n?o perdem a natureza de factos da vida privada; n?o se confundem com factos de natureza p?blica. A tutela da reserva sobre a intimidade da vida privada n?o existe apenas quando o seu titular mant?m absoluto sil?ncio sobre factos da sua vida pessoal e familiar. Nessa tutela compreende-se ainda a liberdade de decidir sobre o grau de revela??o ou exposi??o a terceiros de factos da vida privada. II- N?o cabe no conceito de liberdade de informar (porque o extravasa) a escrita e publica??o de um livro, cujo conte?do consiste, essencialmente, no relato de uma doen?a oncol?gica de uma ?figura p?blica?, tendo como objetivo a sua comercializa??o e o recebimento da receita (total ou parcial) dessa venda. III- Uma publica??o com estas carater?sticas, e contra a vontade previamente expressa da pessoa visada, tamb?m n?o se pode considerar coberta pela liberdade de cria??o art?stica ou intelectual dos seus autores, porque n?o se reconduz ao produto de uma elabora??o ficcional ou cient?fica. Reduz-se, na ess?ncia, a um relato ?oportunista? do infort?nio da pessoa visada, sem conex?o com fatores de relevo do interesse p?blico.<\/p>\n<hr class=\"kji-sep\" \/>\n<p class=\"kji-source-links\"><strong>Sources officielles :<\/strong> <a class=\"kji-source-link\" href=\"https:\/\/www.dgsi.pt\/jstj.nsf\/954f0ce6ad9dd8b980256b5f003fa814\/68a6d36f59fb5d35802588e700498b3d?OpenDocument&#038;ExpandSection=1\" target=\"_blank\" rel=\"noopener noreferrer\">consulter la page source<\/a><\/p>\n<p class=\"kji-license-note\"><em>Portails officiels portugais (DGSI \/ Tribunal Constitucional). Republication en metadata_only par prudence licencielle ; consulter la source officielle pour le texte authentique.<\/em><\/p>\n<\/div>\n","protected":false},"excerpt":{"rendered":"<p>Relator: MARIA OLINDA GARCIA. I- Os factos da vida privada, quando tornados p?blicos, n?o perdem a natureza de factos da vida privada; n?o se confundem com factos de natureza p?blica. A tutela da reserva sobre a intimidade da vida privada n?o existe apenas quando o seu titular mant?m absoluto sil?ncio sobre factos da sua vida pessoal e familiar. Nessa tutela compreende-se ainda a liberdade de decidir sobre o grau de revela??o ou exposi??o a terceiros de factos da vida privada. II- N?o cabe no conceito de liberdade de informar (porque o extravasa) a escrita e publica??o de um livro, cujo conte?do consiste, essencialmente, no relato de uma doen?a oncol?gica de uma ?figura p?blica?, tendo como objetivo a sua comercializa??o e o recebimento da receita (total ou parcial) dessa venda. III- Uma publica??o com estas carater?sticas, e contra a vontade previamente expressa da pessoa visada, tamb?m n?o se pode considerar coberta pela liberdade de cria??o art?stica ou intelectual dos seus autores, porque n?o se reconduz ao produto de uma elabora??o ficcional ou cient?fica. Reduz-se, na ess?ncia, a um relato ?oportunista? do infort?nio da pessoa visada, sem conex?o com fatores de relevo do interesse p?blico.<\/p>\n","protected":false},"featured_media":0,"template":"","meta":{"_crdt_document":""},"kji_country":[7762],"kji_court":[7763],"kji_chamber":[8887],"kji_year":[32183],"kji_subject":[7724],"kji_keyword":[7772,7771,7773,7636,10796],"kji_language":[7770],"class_list":["post-654434","kji_decision","type-kji_decision","status-publish","hentry","kji_country-portugal","kji_court-supremo-tribunal-de-justica","kji_chamber-6-seco","kji_year-32183","kji_subject-civil","kji_keyword-acordao","kji_keyword-processo","kji_keyword-supremo","kji_keyword-tribunal","kji_keyword-tvlsb","kji_language-pt"],"yoast_head":"<!-- This site is optimized with the Yoast SEO Premium plugin v27.4 (Yoast SEO v27.4) - https:\/\/yoast.com\/product\/yoast-seo-premium-wordpress\/ -->\n<title>Ac\u00f3rd\u00e3o Supremo Tribunal de Justi\u00e7a \u2013 Processo 1102\/09.3TVLSB.L1.S1 \u2013 2022-10-26 - Ma\u00eetre Hassan Kohen, avocat en droit p\u00e9nal \u00e0 Paris<\/title>\n<meta name=\"robots\" content=\"index, follow, max-snippet:-1, max-image-preview:large, max-video-preview:-1\" \/>\n<link rel=\"canonical\" href=\"https:\/\/kohenavocats.com\/ru\/jurisprudences\/acordao-supremo-tribunal-de-justica-processo-1102-09-3tvlsb-l1-s1-2022-10-26\/\" \/>\n<meta property=\"og:locale\" content=\"ru_RU\" \/>\n<meta property=\"og:type\" content=\"article\" \/>\n<meta property=\"og:title\" content=\"Ac\u00f3rd\u00e3o Supremo Tribunal de Justi\u00e7a \u2013 Processo 1102\/09.3TVLSB.L1.S1 \u2013 2022-10-26\" \/>\n<meta property=\"og:description\" content=\"Relator: MARIA OLINDA GARCIA. I- Os factos da vida privada, quando tornados p?blicos, n?o perdem a natureza de factos da vida privada; n?o se confundem com factos de natureza p?blica. A tutela da reserva sobre a intimidade da vida privada n?o existe apenas quando o seu titular mant?m absoluto sil?ncio sobre factos da sua vida pessoal e familiar. Nessa tutela compreende-se ainda a liberdade de decidir sobre o grau de revela??o ou exposi??o a terceiros de factos da vida privada. II- N?o cabe no conceito de liberdade de informar (porque o extravasa) a escrita e publica??o de um livro, cujo conte?do consiste, essencialmente, no relato de uma doen?a oncol?gica de uma ?figura p?blica?, tendo como objetivo a sua comercializa??o e o recebimento da receita (total ou parcial) dessa venda. III- Uma publica??o com estas carater?sticas, e contra a vontade previamente expressa da pessoa visada, tamb?m n?o se pode considerar coberta pela liberdade de cria??o art?stica ou intelectual dos seus autores, porque n?o se reconduz ao produto de uma elabora??o ficcional ou cient?fica. Reduz-se, na ess?ncia, a um relato ?oportunista? do infort?nio da pessoa visada, sem conex?o com fatores de relevo do interesse p?blico.\" \/>\n<meta property=\"og:url\" content=\"https:\/\/kohenavocats.com\/ru\/jurisprudences\/acordao-supremo-tribunal-de-justica-processo-1102-09-3tvlsb-l1-s1-2022-10-26\/\" \/>\n<meta property=\"og:site_name\" content=\"Ma\u00eetre Hassan Kohen, avocat en droit p\u00e9nal \u00e0 Paris\" \/>\n<meta name=\"twitter:card\" content=\"summary_large_image\" \/>\n<meta name=\"twitter:label1\" content=\"\u041f\u0440\u0438\u043c\u0435\u0440\u043d\u043e\u0435 \u0432\u0440\u0435\u043c\u044f \u0434\u043b\u044f \u0447\u0442\u0435\u043d\u0438\u044f\" \/>\n\t<meta name=\"twitter:data1\" content=\"1 \u043c\u0438\u043d\u0443\u0442\u0430\" \/>\n<script type=\"application\/ld+json\" class=\"yoast-schema-graph\">{\"@context\":\"https:\\\/\\\/schema.org\",\"@graph\":[{\"@type\":\"WebPage\",\"@id\":\"https:\\\/\\\/kohenavocats.com\\\/ru\\\/jurisprudences\\\/acordao-supremo-tribunal-de-justica-processo-1102-09-3tvlsb-l1-s1-2022-10-26\\\/\",\"url\":\"https:\\\/\\\/kohenavocats.com\\\/ru\\\/jurisprudences\\\/acordao-supremo-tribunal-de-justica-processo-1102-09-3tvlsb-l1-s1-2022-10-26\\\/\",\"name\":\"Ac\u00f3rd\u00e3o Supremo Tribunal de Justi\u00e7a \u2013 Processo 1102\\\/09.3TVLSB.L1.S1 \u2013 2022-10-26 - Ma\u00eetre Hassan Kohen, avocat en droit p\u00e9nal \u00e0 Paris\",\"isPartOf\":{\"@id\":\"https:\\\/\\\/kohenavocats.com\\\/ru\\\/#website\"},\"datePublished\":\"2026-04-23T01:31:19+00:00\",\"breadcrumb\":{\"@id\":\"https:\\\/\\\/kohenavocats.com\\\/ru\\\/jurisprudences\\\/acordao-supremo-tribunal-de-justica-processo-1102-09-3tvlsb-l1-s1-2022-10-26\\\/#breadcrumb\"},\"inLanguage\":\"ru-RU\",\"potentialAction\":[{\"@type\":\"ReadAction\",\"target\":[\"https:\\\/\\\/kohenavocats.com\\\/ru\\\/jurisprudences\\\/acordao-supremo-tribunal-de-justica-processo-1102-09-3tvlsb-l1-s1-2022-10-26\\\/\"]}]},{\"@type\":\"BreadcrumbList\",\"@id\":\"https:\\\/\\\/kohenavocats.com\\\/ru\\\/jurisprudences\\\/acordao-supremo-tribunal-de-justica-processo-1102-09-3tvlsb-l1-s1-2022-10-26\\\/#breadcrumb\",\"itemListElement\":[{\"@type\":\"ListItem\",\"position\":1,\"name\":\"Home\",\"item\":\"https:\\\/\\\/kohenavocats.com\\\/ru\\\/avocats-en-droit-penal-a-paris-conseil-et-defense-strategique\\\/\"},{\"@type\":\"ListItem\",\"position\":2,\"name\":\"Jurisprudences\",\"item\":\"https:\\\/\\\/kohenavocats.com\\\/ru\\\/jurisprudences\\\/\"},{\"@type\":\"ListItem\",\"position\":3,\"name\":\"Ac\u00f3rd\u00e3o Supremo Tribunal de Justi\u00e7a \u2013 Processo 1102\\\/09.3TVLSB.L1.S1 \u2013 2022-10-26\"}]},{\"@type\":\"WebSite\",\"@id\":\"https:\\\/\\\/kohenavocats.com\\\/ru\\\/#website\",\"url\":\"https:\\\/\\\/kohenavocats.com\\\/ru\\\/\",\"name\":\"Kohen Avocats\",\"description\":\"Ma\u00eetre Hassan Kohen, avocat p\u00e9naliste \u00e0 Paris, intervient exclusivement en droit p\u00e9nal pour la d\u00e9fense des particuliers, notamment en mati\u00e8re d\u2019accusations de viol. Il assure un accompagnement rigoureux d\u00e8s la garde \u00e0 vue jusqu\u2019\u00e0 la Cour d\u2019assises, veillant au strict respect des garanties proc\u00e9durales.\",\"publisher\":{\"@id\":\"https:\\\/\\\/kohenavocats.com\\\/ru\\\/#organization\"},\"potentialAction\":[{\"@type\":\"SearchAction\",\"target\":{\"@type\":\"EntryPoint\",\"urlTemplate\":\"https:\\\/\\\/kohenavocats.com\\\/ru\\\/?s={search_term_string}\"},\"query-input\":{\"@type\":\"PropertyValueSpecification\",\"valueRequired\":true,\"valueName\":\"search_term_string\"}}],\"inLanguage\":\"ru-RU\"},{\"@type\":\"Organization\",\"@id\":\"https:\\\/\\\/kohenavocats.com\\\/ru\\\/#organization\",\"name\":\"Kohen Avocats\",\"url\":\"https:\\\/\\\/kohenavocats.com\\\/ru\\\/\",\"logo\":{\"@type\":\"ImageObject\",\"inLanguage\":\"ru-RU\",\"@id\":\"https:\\\/\\\/kohenavocats.com\\\/ru\\\/#\\\/schema\\\/logo\\\/image\\\/\",\"url\":\"https:\\\/\\\/kohenavocats.com\\\/wp-content\\\/uploads\\\/2026\\\/01\\\/Logo-2-1.webp\",\"contentUrl\":\"https:\\\/\\\/kohenavocats.com\\\/wp-content\\\/uploads\\\/2026\\\/01\\\/Logo-2-1.webp\",\"width\":2114,\"height\":1253,\"caption\":\"Kohen Avocats\"},\"image\":{\"@id\":\"https:\\\/\\\/kohenavocats.com\\\/ru\\\/#\\\/schema\\\/logo\\\/image\\\/\"}}]}<\/script>\n<!-- \/ Yoast SEO Premium plugin. -->","yoast_head_json":{"title":"Ac\u00f3rd\u00e3o Supremo Tribunal de Justi\u00e7a \u2013 Processo 1102\/09.3TVLSB.L1.S1 \u2013 2022-10-26 - Ma\u00eetre Hassan Kohen, avocat en droit p\u00e9nal \u00e0 Paris","robots":{"index":"index","follow":"follow","max-snippet":"max-snippet:-1","max-image-preview":"max-image-preview:large","max-video-preview":"max-video-preview:-1"},"canonical":"https:\/\/kohenavocats.com\/ru\/jurisprudences\/acordao-supremo-tribunal-de-justica-processo-1102-09-3tvlsb-l1-s1-2022-10-26\/","og_locale":"ru_RU","og_type":"article","og_title":"Ac\u00f3rd\u00e3o Supremo Tribunal de Justi\u00e7a \u2013 Processo 1102\/09.3TVLSB.L1.S1 \u2013 2022-10-26","og_description":"Relator: MARIA OLINDA GARCIA. I- Os factos da vida privada, quando tornados p?blicos, n?o perdem a natureza de factos da vida privada; n?o se confundem com factos de natureza p?blica. A tutela da reserva sobre a intimidade da vida privada n?o existe apenas quando o seu titular mant?m absoluto sil?ncio sobre factos da sua vida pessoal e familiar. Nessa tutela compreende-se ainda a liberdade de decidir sobre o grau de revela??o ou exposi??o a terceiros de factos da vida privada. II- N?o cabe no conceito de liberdade de informar (porque o extravasa) a escrita e publica??o de um livro, cujo conte?do consiste, essencialmente, no relato de uma doen?a oncol?gica de uma ?figura p?blica?, tendo como objetivo a sua comercializa??o e o recebimento da receita (total ou parcial) dessa venda. III- Uma publica??o com estas carater?sticas, e contra a vontade previamente expressa da pessoa visada, tamb?m n?o se pode considerar coberta pela liberdade de cria??o art?stica ou intelectual dos seus autores, porque n?o se reconduz ao produto de uma elabora??o ficcional ou cient?fica. Reduz-se, na ess?ncia, a um relato ?oportunista? do infort?nio da pessoa visada, sem conex?o com fatores de relevo do interesse p?blico.","og_url":"https:\/\/kohenavocats.com\/ru\/jurisprudences\/acordao-supremo-tribunal-de-justica-processo-1102-09-3tvlsb-l1-s1-2022-10-26\/","og_site_name":"Ma\u00eetre Hassan Kohen, avocat en droit p\u00e9nal \u00e0 Paris","twitter_card":"summary_large_image","twitter_misc":{"\u041f\u0440\u0438\u043c\u0435\u0440\u043d\u043e\u0435 \u0432\u0440\u0435\u043c\u044f \u0434\u043b\u044f \u0447\u0442\u0435\u043d\u0438\u044f":"1 \u043c\u0438\u043d\u0443\u0442\u0430"},"schema":{"@context":"https:\/\/schema.org","@graph":[{"@type":"WebPage","@id":"https:\/\/kohenavocats.com\/ru\/jurisprudences\/acordao-supremo-tribunal-de-justica-processo-1102-09-3tvlsb-l1-s1-2022-10-26\/","url":"https:\/\/kohenavocats.com\/ru\/jurisprudences\/acordao-supremo-tribunal-de-justica-processo-1102-09-3tvlsb-l1-s1-2022-10-26\/","name":"Ac\u00f3rd\u00e3o Supremo Tribunal de Justi\u00e7a \u2013 Processo 1102\/09.3TVLSB.L1.S1 \u2013 2022-10-26 - Ma\u00eetre Hassan Kohen, avocat en droit p\u00e9nal \u00e0 Paris","isPartOf":{"@id":"https:\/\/kohenavocats.com\/ru\/#website"},"datePublished":"2026-04-23T01:31:19+00:00","breadcrumb":{"@id":"https:\/\/kohenavocats.com\/ru\/jurisprudences\/acordao-supremo-tribunal-de-justica-processo-1102-09-3tvlsb-l1-s1-2022-10-26\/#breadcrumb"},"inLanguage":"ru-RU","potentialAction":[{"@type":"ReadAction","target":["https:\/\/kohenavocats.com\/ru\/jurisprudences\/acordao-supremo-tribunal-de-justica-processo-1102-09-3tvlsb-l1-s1-2022-10-26\/"]}]},{"@type":"BreadcrumbList","@id":"https:\/\/kohenavocats.com\/ru\/jurisprudences\/acordao-supremo-tribunal-de-justica-processo-1102-09-3tvlsb-l1-s1-2022-10-26\/#breadcrumb","itemListElement":[{"@type":"ListItem","position":1,"name":"Home","item":"https:\/\/kohenavocats.com\/ru\/avocats-en-droit-penal-a-paris-conseil-et-defense-strategique\/"},{"@type":"ListItem","position":2,"name":"Jurisprudences","item":"https:\/\/kohenavocats.com\/ru\/jurisprudences\/"},{"@type":"ListItem","position":3,"name":"Ac\u00f3rd\u00e3o Supremo Tribunal de Justi\u00e7a \u2013 Processo 1102\/09.3TVLSB.L1.S1 \u2013 2022-10-26"}]},{"@type":"WebSite","@id":"https:\/\/kohenavocats.com\/ru\/#website","url":"https:\/\/kohenavocats.com\/ru\/","name":"Kohen Avocats","description":"Ma\u00eetre Hassan Kohen, avocat p\u00e9naliste \u00e0 Paris, intervient exclusivement en droit p\u00e9nal pour la d\u00e9fense des particuliers, notamment en mati\u00e8re d\u2019accusations de viol. Il assure un accompagnement rigoureux d\u00e8s la garde \u00e0 vue jusqu\u2019\u00e0 la Cour d\u2019assises, veillant au strict respect des garanties proc\u00e9durales.","publisher":{"@id":"https:\/\/kohenavocats.com\/ru\/#organization"},"potentialAction":[{"@type":"SearchAction","target":{"@type":"EntryPoint","urlTemplate":"https:\/\/kohenavocats.com\/ru\/?s={search_term_string}"},"query-input":{"@type":"PropertyValueSpecification","valueRequired":true,"valueName":"search_term_string"}}],"inLanguage":"ru-RU"},{"@type":"Organization","@id":"https:\/\/kohenavocats.com\/ru\/#organization","name":"Kohen Avocats","url":"https:\/\/kohenavocats.com\/ru\/","logo":{"@type":"ImageObject","inLanguage":"ru-RU","@id":"https:\/\/kohenavocats.com\/ru\/#\/schema\/logo\/image\/","url":"https:\/\/kohenavocats.com\/wp-content\/uploads\/2026\/01\/Logo-2-1.webp","contentUrl":"https:\/\/kohenavocats.com\/wp-content\/uploads\/2026\/01\/Logo-2-1.webp","width":2114,"height":1253,"caption":"Kohen Avocats"},"image":{"@id":"https:\/\/kohenavocats.com\/ru\/#\/schema\/logo\/image\/"}}]}},"jetpack_likes_enabled":false,"jetpack_sharing_enabled":true,"_links":{"self":[{"href":"https:\/\/kohenavocats.com\/ru\/wp-json\/wp\/v2\/kji_decision\/654434","targetHints":{"allow":["GET"]}}],"collection":[{"href":"https:\/\/kohenavocats.com\/ru\/wp-json\/wp\/v2\/kji_decision"}],"about":[{"href":"https:\/\/kohenavocats.com\/ru\/wp-json\/wp\/v2\/types\/kji_decision"}],"wp:attachment":[{"href":"https:\/\/kohenavocats.com\/ru\/wp-json\/wp\/v2\/media?parent=654434"}],"wp:term":[{"taxonomy":"kji_country","embeddable":true,"href":"https:\/\/kohenavocats.com\/ru\/wp-json\/wp\/v2\/kji_country?post=654434"},{"taxonomy":"kji_court","embeddable":true,"href":"https:\/\/kohenavocats.com\/ru\/wp-json\/wp\/v2\/kji_court?post=654434"},{"taxonomy":"kji_chamber","embeddable":true,"href":"https:\/\/kohenavocats.com\/ru\/wp-json\/wp\/v2\/kji_chamber?post=654434"},{"taxonomy":"kji_year","embeddable":true,"href":"https:\/\/kohenavocats.com\/ru\/wp-json\/wp\/v2\/kji_year?post=654434"},{"taxonomy":"kji_subject","embeddable":true,"href":"https:\/\/kohenavocats.com\/ru\/wp-json\/wp\/v2\/kji_subject?post=654434"},{"taxonomy":"kji_keyword","embeddable":true,"href":"https:\/\/kohenavocats.com\/ru\/wp-json\/wp\/v2\/kji_keyword?post=654434"},{"taxonomy":"kji_language","embeddable":true,"href":"https:\/\/kohenavocats.com\/ru\/wp-json\/wp\/v2\/kji_language?post=654434"}],"curies":[{"name":"wp","href":"https:\/\/api.w.org\/{rel}","templated":true}]}}